{"id":16716,"date":"2023-06-13T13:20:14","date_gmt":"2023-06-13T11:20:14","guid":{"rendered":"https:\/\/zsp12.gliwice.pl\/sp15\/?page_id=16716"},"modified":"2023-06-13T13:20:14","modified_gmt":"2023-06-13T11:20:14","slug":"archiwum","status":"publish","type":"page","link":"https:\/\/zsp12.gliwice.pl\/sp15\/archiwum\/","title":{"rendered":"Archiwum"},"content":{"rendered":"<div id=\"pl-16716\"  class=\"panel-layout\" ><div id=\"pg-16716-0\"  class=\"panel-grid panel-no-style\" ><div id=\"pgc-16716-0-0\"  class=\"panel-grid-cell\" >\t\t<div class=\"thim-heading heading-left\">\n\t\t\t<h3 class=\"title\">Archiwum<\/h3>\n\t\t\t<p class=\"subtitle\"><\/p>\n\t\t<\/div>\n\t\t<div id=\"panel-16716-0-0-1\" class=\"so-panel widget widget_list-post panel-last-child\" data-index=\"1\" ><div\n\t\t\t\n\t\t\tclass=\"so-widget-list-post so-widget-list-post-default-d75171398898-16716\"\n\t\t\t\n\t\t><div class=\"thim-list-posts style-2\"><div class=\"row\">\t\t<div class=\"col-md-4 col-sm-4\">\n\t\t\t<div class=\"item-post post-11901 post type-post status-publish format-standard has-post-thumbnail hentry category-aktualnosci category-archiwum\">\n\t\t\t\t<div class=\"article-image\"><a class=\"img-post-mobile\" href=\"https:\/\/zsp12.gliwice.pl\/sp15\/blog\/2022\/05\/04\/wielkanocny-konkurs-jezykowo-plastyczny\/\"><img decoding=\"async\" src=\"https:\/\/zsp12.gliwice.pl\/sp15\/wp-content\/uploads\/sites\/11\/2022\/05\/1-Konkurs-komiksy-1024x768.jpg\" alt= \"WIELKANOCNY KONKURS J\u0118ZYKOWO &#8211; PLASTYCZNY\" title = \"WIELKANOCNY KONKURS J\u0118ZYKOWO &#8211; PLASTYCZNY\" \/><\/a><a class=\"img-post\" href=\"https:\/\/zsp12.gliwice.pl\/sp15\/blog\/2022\/05\/04\/wielkanocny-konkurs-jezykowo-plastyczny\/\"><img decoding=\"async\" src=\"https:\/\/zsp12.gliwice.pl\/sp15\/wp-content\/uploads\/sites\/11\/2022\/05\/1-Konkurs-komiksy-1024x768.jpg\" alt= \"WIELKANOCNY KONKURS J\u0118ZYKOWO &#8211; PLASTYCZNY\" title = \"WIELKANOCNY KONKURS J\u0118ZYKOWO &#8211; PLASTYCZNY\" \/><\/a><\/div><div class=\"article-title-wrapper\"><h5><a href=\"https:\/\/zsp12.gliwice.pl\/sp15\/blog\/2022\/05\/04\/wielkanocny-konkurs-jezykowo-plastyczny\/\" class=\"article-title\">WIELKANOCNY KONKURS J\u0118ZYKOWO &#8211; PLASTYCZNY<\/a><\/h5><\/div>\t\t\t<\/div>\n\t\t<\/div>\n\t\t\t\t<div class=\"col-md-4 col-sm-4\">\n\t\t\t<div class=\"item-post post-13098 post type-post status-publish format-standard has-post-thumbnail hentry category-aktualnosci category-archiwum\">\n\t\t\t\t<div class=\"article-image\"><a class=\"img-post-mobile\" href=\"https:\/\/zsp12.gliwice.pl\/sp15\/blog\/2022\/07\/04\/polkolonie-letnie-2022-dzien-vi-4-07-2022-r\/\"><img decoding=\"async\" src=\"https:\/\/zsp12.gliwice.pl\/sp15\/wp-content\/uploads\/sites\/11\/2022\/07\/93c336ae-9202-4f8d-8aa8-2888e1742555-Copy-768x1024.jpg\" alt= \"P\u00d3\u0141KOLONIE LETNIE 2022 \u2013 DZIE\u0143 VI 4.07.2022 r.\" title = \"P\u00d3\u0141KOLONIE LETNIE 2022 \u2013 DZIE\u0143 VI 4.07.2022 r.\" \/><\/a><a class=\"img-post\" href=\"https:\/\/zsp12.gliwice.pl\/sp15\/blog\/2022\/07\/04\/polkolonie-letnie-2022-dzien-vi-4-07-2022-r\/\"><img decoding=\"async\" src=\"https:\/\/zsp12.gliwice.pl\/sp15\/wp-content\/uploads\/sites\/11\/2022\/07\/93c336ae-9202-4f8d-8aa8-2888e1742555-Copy-768x1024.jpg\" alt= \"P\u00d3\u0141KOLONIE LETNIE 2022 \u2013 DZIE\u0143 VI 4.07.2022 r.\" title = \"P\u00d3\u0141KOLONIE LETNIE 2022 \u2013 DZIE\u0143 VI 4.07.2022 r.\" \/><\/a><\/div><div class=\"article-title-wrapper\"><h5><a href=\"https:\/\/zsp12.gliwice.pl\/sp15\/blog\/2022\/07\/04\/polkolonie-letnie-2022-dzien-vi-4-07-2022-r\/\" class=\"article-title\">P\u00d3\u0141KOLONIE LETNIE 2022 \u2013 DZIE\u0143 VI 4.07.2022 r.<\/a><\/h5><\/div>\t\t\t<\/div>\n\t\t<\/div>\n\t\t\t\t<div class=\"col-md-4 col-sm-4\">\n\t\t\t<div class=\"item-post post-14403 post type-post status-publish format-standard has-post-thumbnail hentry category-aktualnosci category-archiwum\">\n\t\t\t\t<div class=\"article-image\"><a class=\"img-post-mobile\" href=\"https:\/\/zsp12.gliwice.pl\/sp15\/blog\/2022\/11\/07\/samorzad-uczniowski-2022-2023\/\"><img decoding=\"async\" src=\"https:\/\/zsp12.gliwice.pl\/sp15\/wp-content\/uploads\/sites\/11\/2022\/11\/samorzad-wyniki22222222222222-1024x724.jpg\" alt= \"Samorz\u0105d Uczniowski 2022\/2023\" title = \"Samorz\u0105d Uczniowski 2022\/2023\" \/><\/a><a class=\"img-post\" href=\"https:\/\/zsp12.gliwice.pl\/sp15\/blog\/2022\/11\/07\/samorzad-uczniowski-2022-2023\/\"><img decoding=\"async\" src=\"https:\/\/zsp12.gliwice.pl\/sp15\/wp-content\/uploads\/sites\/11\/2022\/11\/samorzad-wyniki22222222222222-1024x724.jpg\" alt= \"Samorz\u0105d Uczniowski 2022\/2023\" title = \"Samorz\u0105d Uczniowski 2022\/2023\" \/><\/a><\/div><div class=\"article-title-wrapper\"><h5><a href=\"https:\/\/zsp12.gliwice.pl\/sp15\/blog\/2022\/11\/07\/samorzad-uczniowski-2022-2023\/\" class=\"article-title\">Samorz\u0105d Uczniowski 2022\/2023<\/a><\/h5><\/div>\t\t\t<\/div>\n\t\t<\/div>\n\t\t\t\t<div class=\"col-md-4 col-sm-4\">\n\t\t\t<div class=\"item-post post-15411 post type-post status-publish format-standard has-post-thumbnail hentry category-aktualnosci category-archiwum\">\n\t\t\t\t<div class=\"article-image\"><a class=\"img-post-mobile\" href=\"https:\/\/zsp12.gliwice.pl\/sp15\/blog\/2023\/03\/15\/realizacja-projektu-erasmus-nowoczesna-szkola-w-nowoczesnej-europie\/\"><img decoding=\"async\" src=\"https:\/\/zsp12.gliwice.pl\/sp15\/wp-content\/uploads\/sites\/11\/2023\/03\/333064661_1891376994555872_8788283534576370040_n-Copy-1024x819.jpg\" alt= \"Realizacja projektu Erasmus+ \u201eNowoczesna szko\u0142a w nowoczesnej Europie\u201d &#8211; &#8220;Uczenie si\u0119 mi\u0119dzykulturowe oraz r\u00f3\u017cnorodno\u015b\u0107 kulturowa w edukacji\u201d\u00a0\" title = \"Realizacja projektu Erasmus+ \u201eNowoczesna szko\u0142a w nowoczesnej Europie\u201d &#8211; &#8220;Uczenie si\u0119 mi\u0119dzykulturowe oraz r\u00f3\u017cnorodno\u015b\u0107 kulturowa w edukacji\u201d\u00a0\" \/><\/a><a class=\"img-post\" href=\"https:\/\/zsp12.gliwice.pl\/sp15\/blog\/2023\/03\/15\/realizacja-projektu-erasmus-nowoczesna-szkola-w-nowoczesnej-europie\/\"><img decoding=\"async\" src=\"https:\/\/zsp12.gliwice.pl\/sp15\/wp-content\/uploads\/sites\/11\/2023\/03\/333064661_1891376994555872_8788283534576370040_n-Copy-1024x819.jpg\" alt= \"Realizacja projektu Erasmus+ \u201eNowoczesna szko\u0142a w nowoczesnej Europie\u201d &#8211; &#8220;Uczenie si\u0119 mi\u0119dzykulturowe oraz r\u00f3\u017cnorodno\u015b\u0107 kulturowa w edukacji\u201d\u00a0\" title = \"Realizacja projektu Erasmus+ \u201eNowoczesna szko\u0142a w nowoczesnej Europie\u201d &#8211; &#8220;Uczenie si\u0119 mi\u0119dzykulturowe oraz r\u00f3\u017cnorodno\u015b\u0107 kulturowa w edukacji\u201d\u00a0\" \/><\/a><\/div><div class=\"article-title-wrapper\"><h5><a href=\"https:\/\/zsp12.gliwice.pl\/sp15\/blog\/2023\/03\/15\/realizacja-projektu-erasmus-nowoczesna-szkola-w-nowoczesnej-europie\/\" class=\"article-title\">Realizacja projektu Erasmus+ \u201eNowoczesna szko\u0142a w nowoczesnej Europie\u201d &#8211; &#8220;Uczenie si\u0119 mi\u0119dzykulturowe oraz r\u00f3\u017cnorodno\u015b\u0107 kulturowa w edukacji\u201d\u00a0<\/a><\/h5><\/div>\t\t\t<\/div>\n\t\t<\/div>\n\t\t\t\t<div class=\"col-md-4 col-sm-4\">\n\t\t\t<div class=\"item-post post-11022 post type-post status-publish format-standard has-post-thumbnail hentry category-aktualnosci category-archiwum\">\n\t\t\t\t<div class=\"article-image\"><a class=\"img-post-mobile\" href=\"https:\/\/zsp12.gliwice.pl\/sp15\/blog\/2022\/02\/17\/polkolonie-zimowe-16-02-2022\/\"><img decoding=\"async\" src=\"https:\/\/zsp12.gliwice.pl\/sp15\/wp-content\/uploads\/sites\/11\/2022\/02\/IMG_20220216_152230800_MP-1024x768.jpg\" alt= \"P\u00d3\u0141KOLONIE ZIMOWE 16.02.2022\" title = \"P\u00d3\u0141KOLONIE ZIMOWE 16.02.2022\" \/><\/a><a class=\"img-post\" href=\"https:\/\/zsp12.gliwice.pl\/sp15\/blog\/2022\/02\/17\/polkolonie-zimowe-16-02-2022\/\"><img decoding=\"async\" src=\"https:\/\/zsp12.gliwice.pl\/sp15\/wp-content\/uploads\/sites\/11\/2022\/02\/IMG_20220216_152230800_MP-1024x768.jpg\" alt= \"P\u00d3\u0141KOLONIE ZIMOWE 16.02.2022\" title = \"P\u00d3\u0141KOLONIE ZIMOWE 16.02.2022\" \/><\/a><\/div><div class=\"article-title-wrapper\"><h5><a href=\"https:\/\/zsp12.gliwice.pl\/sp15\/blog\/2022\/02\/17\/polkolonie-zimowe-16-02-2022\/\" class=\"article-title\">P\u00d3\u0141KOLONIE ZIMOWE 16.02.2022<\/a><\/h5><\/div>\t\t\t<\/div>\n\t\t<\/div>\n\t\t\t\t<div class=\"col-md-4 col-sm-4\">\n\t\t\t<div class=\"item-post post-12073 post type-post status-publish format-standard has-post-thumbnail hentry category-aktualnosci category-archiwum category-informacje\">\n\t\t\t\t<div class=\"article-image\"><a class=\"img-post-mobile\" href=\"https:\/\/zsp12.gliwice.pl\/sp15\/blog\/2022\/05\/18\/zmiana-harmonogramu-zajec-tanecznych-swietlica-integracyjna-pod-lipami-dla-dzieci-romskich-i-nieromskich\/\"><img decoding=\"async\" src=\"https:\/\/zsp12.gliwice.pl\/sp15\/wp-content\/uploads\/sites\/11\/2023\/06\/admin-ajax.jpg\" alt= \"Zmiana harmonogramu zaj\u0119\u0107 tanecznych \u2013 \u015bwietlica integracyjna \u201ePod lipami\u201d dla dzieci romskich i nieromskich\" title = \"Zmiana harmonogramu zaj\u0119\u0107 tanecznych \u2013 \u015bwietlica integracyjna \u201ePod lipami\u201d dla dzieci romskich i nieromskich\" \/><\/a><a class=\"img-post\" href=\"https:\/\/zsp12.gliwice.pl\/sp15\/blog\/2022\/05\/18\/zmiana-harmonogramu-zajec-tanecznych-swietlica-integracyjna-pod-lipami-dla-dzieci-romskich-i-nieromskich\/\"><img decoding=\"async\" src=\"https:\/\/zsp12.gliwice.pl\/sp15\/wp-content\/uploads\/sites\/11\/2023\/06\/admin-ajax.jpg\" alt= \"Zmiana harmonogramu zaj\u0119\u0107 tanecznych \u2013 \u015bwietlica integracyjna \u201ePod lipami\u201d dla dzieci romskich i nieromskich\" title = \"Zmiana harmonogramu zaj\u0119\u0107 tanecznych \u2013 \u015bwietlica integracyjna \u201ePod lipami\u201d dla dzieci romskich i nieromskich\" \/><\/a><\/div><div class=\"article-title-wrapper\"><h5><a href=\"https:\/\/zsp12.gliwice.pl\/sp15\/blog\/2022\/05\/18\/zmiana-harmonogramu-zajec-tanecznych-swietlica-integracyjna-pod-lipami-dla-dzieci-romskich-i-nieromskich\/\" class=\"article-title\">Zmiana harmonogramu zaj\u0119\u0107 tanecznych \u2013 \u015bwietlica integracyjna \u201ePod lipami\u201d dla dzieci romskich i nieromskich<\/a><\/h5><\/div>\t\t\t<\/div>\n\t\t<\/div>\n\t\t\t\t<div class=\"col-md-4 col-sm-4\">\n\t\t\t<div class=\"item-post post-13567 post type-post status-publish format-standard has-post-thumbnail hentry category-aktualnosci category-archiwum\">\n\t\t\t\t<div class=\"article-image\"><a class=\"img-post-mobile\" href=\"https:\/\/zsp12.gliwice.pl\/sp15\/blog\/2022\/09\/23\/osobliwosci-swiata-fizyki-2022\/\"><img decoding=\"async\" src=\"https:\/\/zsp12.gliwice.pl\/sp15\/wp-content\/uploads\/sites\/11\/2022\/09\/IMG-20220922-WA0008-Copy-1024x766.jpg\" alt= \"Osobliwo\u015bci \u015awiata Fizyki 2022\" title = \"Osobliwo\u015bci \u015awiata Fizyki 2022\" \/><\/a><a class=\"img-post\" href=\"https:\/\/zsp12.gliwice.pl\/sp15\/blog\/2022\/09\/23\/osobliwosci-swiata-fizyki-2022\/\"><img decoding=\"async\" src=\"https:\/\/zsp12.gliwice.pl\/sp15\/wp-content\/uploads\/sites\/11\/2022\/09\/IMG-20220922-WA0008-Copy-1024x766.jpg\" alt= \"Osobliwo\u015bci \u015awiata Fizyki 2022\" title = \"Osobliwo\u015bci \u015awiata Fizyki 2022\" \/><\/a><\/div><div class=\"article-title-wrapper\"><h5><a href=\"https:\/\/zsp12.gliwice.pl\/sp15\/blog\/2022\/09\/23\/osobliwosci-swiata-fizyki-2022\/\" class=\"article-title\">Osobliwo\u015bci \u015awiata Fizyki 2022<\/a><\/h5><\/div>\t\t\t<\/div>\n\t\t<\/div>\n\t\t\t\t<div class=\"col-md-4 col-sm-4\">\n\t\t\t<div class=\"item-post post-14653 post type-post status-publish format-standard has-post-thumbnail hentry category-aktualnosci category-archiwum\">\n\t\t\t\t<div class=\"article-image\"><a class=\"img-post-mobile\" href=\"https:\/\/zsp12.gliwice.pl\/sp15\/blog\/2022\/12\/15\/koncert-adwentowy-wykonany-przez-muzykow-filharmonii-zabrzanskiej\/\"><img decoding=\"async\" src=\"https:\/\/zsp12.gliwice.pl\/sp15\/wp-content\/uploads\/sites\/11\/2022\/12\/image_50430977-Copy-1024x768.jpg\" alt= \"Koncert Adwentowy wykonany przez muzyk\u00f3w Filharmonii Zabrza\u0144skiej\" title = \"Koncert Adwentowy wykonany przez muzyk\u00f3w Filharmonii Zabrza\u0144skiej\" \/><\/a><a class=\"img-post\" href=\"https:\/\/zsp12.gliwice.pl\/sp15\/blog\/2022\/12\/15\/koncert-adwentowy-wykonany-przez-muzykow-filharmonii-zabrzanskiej\/\"><img decoding=\"async\" src=\"https:\/\/zsp12.gliwice.pl\/sp15\/wp-content\/uploads\/sites\/11\/2022\/12\/image_50430977-Copy-1024x768.jpg\" alt= \"Koncert Adwentowy wykonany przez muzyk\u00f3w Filharmonii Zabrza\u0144skiej\" title = \"Koncert Adwentowy wykonany przez muzyk\u00f3w Filharmonii Zabrza\u0144skiej\" \/><\/a><\/div><div class=\"article-title-wrapper\"><h5><a href=\"https:\/\/zsp12.gliwice.pl\/sp15\/blog\/2022\/12\/15\/koncert-adwentowy-wykonany-przez-muzykow-filharmonii-zabrzanskiej\/\" class=\"article-title\">Koncert Adwentowy wykonany przez muzyk\u00f3w Filharmonii Zabrza\u0144skiej<\/a><\/h5><\/div>\t\t\t<\/div>\n\t\t<\/div>\n\t\t\t\t<div class=\"col-md-4 col-sm-4\">\n\t\t\t<div class=\"item-post post-15565 post type-post status-publish format-standard has-post-thumbnail hentry category-archiwum\">\n\t\t\t\t<div class=\"article-image\"><a class=\"img-post-mobile\" href=\"https:\/\/zsp12.gliwice.pl\/sp15\/blog\/2023\/03\/27\/gimel-bierz-wszystko\/\"><img decoding=\"async\" src=\"https:\/\/zsp12.gliwice.pl\/sp15\/wp-content\/uploads\/sites\/11\/2023\/03\/1679823114311-Copy-1024x647.jpg\" alt= \"Gimel \u2013 bierz wszystko!\" title = \"Gimel \u2013 bierz wszystko!\" \/><\/a><a class=\"img-post\" href=\"https:\/\/zsp12.gliwice.pl\/sp15\/blog\/2023\/03\/27\/gimel-bierz-wszystko\/\"><img decoding=\"async\" src=\"https:\/\/zsp12.gliwice.pl\/sp15\/wp-content\/uploads\/sites\/11\/2023\/03\/1679823114311-Copy-1024x647.jpg\" alt= \"Gimel \u2013 bierz wszystko!\" title = \"Gimel \u2013 bierz wszystko!\" \/><\/a><\/div><div class=\"article-title-wrapper\"><h5><a href=\"https:\/\/zsp12.gliwice.pl\/sp15\/blog\/2023\/03\/27\/gimel-bierz-wszystko\/\" class=\"article-title\">Gimel \u2013 bierz wszystko!<\/a><\/h5><\/div>\t\t\t<\/div>\n\t\t<\/div>\n\t\t\t\t<div class=\"col-md-4 col-sm-4\">\n\t\t\t<div class=\"item-post post-11435 post type-post status-publish format-standard has-post-thumbnail hentry category-aktualnosci category-archiwum\">\n\t\t\t\t<div class=\"article-image\"><a class=\"img-post-mobile\" href=\"https:\/\/zsp12.gliwice.pl\/sp15\/blog\/2022\/04\/02\/swiatowy-dzien-swiadomosci-autyzmu-2\/\"><img decoding=\"async\" src=\"https:\/\/zsp12.gliwice.pl\/sp15\/wp-content\/uploads\/sites\/11\/2022\/03\/csm_167140440_176837534270337_2976381451114638681_n_3a9c4885f8.jpg\" alt= \"\u015awiatowy Dzie\u0144 \u015awiadomo\u015bci Autyzmu\" title = \"\u015awiatowy Dzie\u0144 \u015awiadomo\u015bci Autyzmu\" \/><\/a><a class=\"img-post\" href=\"https:\/\/zsp12.gliwice.pl\/sp15\/blog\/2022\/04\/02\/swiatowy-dzien-swiadomosci-autyzmu-2\/\"><img decoding=\"async\" src=\"https:\/\/zsp12.gliwice.pl\/sp15\/wp-content\/uploads\/sites\/11\/2022\/03\/csm_167140440_176837534270337_2976381451114638681_n_3a9c4885f8.jpg\" alt= \"\u015awiatowy Dzie\u0144 \u015awiadomo\u015bci Autyzmu\" title = \"\u015awiatowy Dzie\u0144 \u015awiadomo\u015bci Autyzmu\" \/><\/a><\/div><div class=\"article-title-wrapper\"><h5><a href=\"https:\/\/zsp12.gliwice.pl\/sp15\/blog\/2022\/04\/02\/swiatowy-dzien-swiadomosci-autyzmu-2\/\" class=\"article-title\">\u015awiatowy Dzie\u0144 \u015awiadomo\u015bci Autyzmu<\/a><\/h5><\/div>\t\t\t<\/div>\n\t\t<\/div>\n\t\t\t\t<div class=\"col-md-4 col-sm-4\">\n\t\t\t<div class=\"item-post post-12354 post type-post status-publish format-standard has-post-thumbnail hentry category-aktualnosci category-archiwum\">\n\t\t\t\t<div class=\"article-image\"><a class=\"img-post-mobile\" href=\"https:\/\/zsp12.gliwice.pl\/sp15\/blog\/2022\/06\/08\/kolorowy-dzien-dziecka\/\"><img decoding=\"async\" src=\"https:\/\/zsp12.gliwice.pl\/sp15\/wp-content\/uploads\/sites\/11\/2022\/06\/IMG-20220601-WA0005-1024x768.jpg\" alt= \"Kolorowy Dzie\u0144 Dziecka\" title = \"Kolorowy Dzie\u0144 Dziecka\" \/><\/a><a class=\"img-post\" href=\"https:\/\/zsp12.gliwice.pl\/sp15\/blog\/2022\/06\/08\/kolorowy-dzien-dziecka\/\"><img decoding=\"async\" src=\"https:\/\/zsp12.gliwice.pl\/sp15\/wp-content\/uploads\/sites\/11\/2022\/06\/IMG-20220601-WA0005-1024x768.jpg\" alt= \"Kolorowy Dzie\u0144 Dziecka\" title = \"Kolorowy Dzie\u0144 Dziecka\" \/><\/a><\/div><div class=\"article-title-wrapper\"><h5><a href=\"https:\/\/zsp12.gliwice.pl\/sp15\/blog\/2022\/06\/08\/kolorowy-dzien-dziecka\/\" class=\"article-title\">Kolorowy Dzie\u0144 Dziecka<\/a><\/h5><\/div>\t\t\t<\/div>\n\t\t<\/div>\n\t\t\t\t<div class=\"col-md-4 col-sm-4\">\n\t\t\t<div class=\"item-post post-13928 post type-post status-publish format-standard has-post-thumbnail hentry category-aktualnosci category-archiwum\">\n\t\t\t\t<div class=\"article-image\"><a class=\"img-post-mobile\" href=\"https:\/\/zsp12.gliwice.pl\/sp15\/blog\/2022\/10\/12\/zyczenia-z-okazji-den\/\"><img decoding=\"async\" src=\"https:\/\/zsp12.gliwice.pl\/sp15\/wp-content\/uploads\/sites\/11\/2022\/10\/Drodzy-nauczyciele-i-Pracownicy-szkoly-poprawione-1024x726.png\" alt= \"\u017byczenia z okazji DEN\" title = \"\u017byczenia z okazji DEN\" \/><\/a><a class=\"img-post\" href=\"https:\/\/zsp12.gliwice.pl\/sp15\/blog\/2022\/10\/12\/zyczenia-z-okazji-den\/\"><img decoding=\"async\" src=\"https:\/\/zsp12.gliwice.pl\/sp15\/wp-content\/uploads\/sites\/11\/2022\/10\/Drodzy-nauczyciele-i-Pracownicy-szkoly-poprawione-1024x726.png\" alt= \"\u017byczenia z okazji DEN\" title = \"\u017byczenia z okazji DEN\" \/><\/a><\/div><div class=\"article-title-wrapper\"><h5><a href=\"https:\/\/zsp12.gliwice.pl\/sp15\/blog\/2022\/10\/12\/zyczenia-z-okazji-den\/\" class=\"article-title\">\u017byczenia z okazji DEN<\/a><\/h5><\/div>\t\t\t<\/div>\n\t\t<\/div>\n\t\t\t\t<div class=\"col-md-4 col-sm-4\">\n\t\t\t<div class=\"item-post post-14906 post type-post status-publish format-standard has-post-thumbnail hentry category-aktualnosci category-archiwum\">\n\t\t\t\t<div class=\"article-image\"><a class=\"img-post-mobile\" href=\"https:\/\/zsp12.gliwice.pl\/sp15\/blog\/2023\/01\/19\/polkolonie-zimowe-16-01-2023-20-01-2023-dzien-iii-sroda-18-01-2023\/\"><img decoding=\"async\" src=\"https:\/\/zsp12.gliwice.pl\/sp15\/wp-content\/uploads\/sites\/11\/2023\/01\/70631014-eb05-45ce-907b-e1916a2cfe71-Copy-768x1024.jpg\" alt= \"P\u00d3\u0141KOLONIE ZIMOWE 16.01.2023 \u2013 20.01.2023 &#8211; DZIE\u0143 III \u015aRODA 18.01.2023\" title = \"P\u00d3\u0141KOLONIE ZIMOWE 16.01.2023 \u2013 20.01.2023 &#8211; DZIE\u0143 III \u015aRODA 18.01.2023\" \/><\/a><a class=\"img-post\" href=\"https:\/\/zsp12.gliwice.pl\/sp15\/blog\/2023\/01\/19\/polkolonie-zimowe-16-01-2023-20-01-2023-dzien-iii-sroda-18-01-2023\/\"><img decoding=\"async\" src=\"https:\/\/zsp12.gliwice.pl\/sp15\/wp-content\/uploads\/sites\/11\/2023\/01\/70631014-eb05-45ce-907b-e1916a2cfe71-Copy-768x1024.jpg\" alt= \"P\u00d3\u0141KOLONIE ZIMOWE 16.01.2023 \u2013 20.01.2023 &#8211; DZIE\u0143 III \u015aRODA 18.01.2023\" title = \"P\u00d3\u0141KOLONIE ZIMOWE 16.01.2023 \u2013 20.01.2023 &#8211; DZIE\u0143 III \u015aRODA 18.01.2023\" \/><\/a><\/div><div class=\"article-title-wrapper\"><h5><a href=\"https:\/\/zsp12.gliwice.pl\/sp15\/blog\/2023\/01\/19\/polkolonie-zimowe-16-01-2023-20-01-2023-dzien-iii-sroda-18-01-2023\/\" class=\"article-title\">P\u00d3\u0141KOLONIE ZIMOWE 16.01.2023 \u2013 20.01.2023 &#8211; DZIE\u0143 III \u015aRODA 18.01.2023<\/a><\/h5><\/div>\t\t\t<\/div>\n\t\t<\/div>\n\t\t\t\t<div class=\"col-md-4 col-sm-4\">\n\t\t\t<div class=\"item-post post-15728 post type-post status-publish format-standard has-post-thumbnail hentry category-archiwum\">\n\t\t\t\t<div class=\"article-image\"><a class=\"img-post-mobile\" href=\"https:\/\/zsp12.gliwice.pl\/sp15\/blog\/2023\/04\/17\/zajecia-z-plastyki-w-plenerze\/\"><img decoding=\"async\" src=\"https:\/\/zsp12.gliwice.pl\/sp15\/wp-content\/uploads\/sites\/11\/2023\/04\/image_67513857-Copy-768x1024.jpg\" alt= \"Zaj\u0119cia z plastyki w plenerze!\" title = \"Zaj\u0119cia z plastyki w plenerze!\" \/><\/a><a class=\"img-post\" href=\"https:\/\/zsp12.gliwice.pl\/sp15\/blog\/2023\/04\/17\/zajecia-z-plastyki-w-plenerze\/\"><img decoding=\"async\" src=\"https:\/\/zsp12.gliwice.pl\/sp15\/wp-content\/uploads\/sites\/11\/2023\/04\/image_67513857-Copy-768x1024.jpg\" alt= \"Zaj\u0119cia z plastyki w plenerze!\" title = \"Zaj\u0119cia z plastyki w plenerze!\" \/><\/a><\/div><div class=\"article-title-wrapper\"><h5><a href=\"https:\/\/zsp12.gliwice.pl\/sp15\/blog\/2023\/04\/17\/zajecia-z-plastyki-w-plenerze\/\" class=\"article-title\">Zaj\u0119cia z plastyki w plenerze!<\/a><\/h5><\/div>\t\t\t<\/div>\n\t\t<\/div>\n\t\t\t\t<div class=\"col-md-4 col-sm-4\">\n\t\t\t<div class=\"item-post post-10713 post type-post status-publish format-standard has-post-thumbnail hentry category-aktualnosci category-archiwum\">\n\t\t\t\t<div class=\"article-image\"><a class=\"img-post-mobile\" href=\"https:\/\/zsp12.gliwice.pl\/sp15\/blog\/2022\/01\/28\/noc-biologow-2\/\"><img decoding=\"async\" src=\"https:\/\/zsp12.gliwice.pl\/sp15\/wp-content\/uploads\/sites\/11\/2022\/01\/20220126_104057-1024x768.jpg\" alt= \"Noc Biolog\u00f3w\" title = \"Noc Biolog\u00f3w\" \/><\/a><a class=\"img-post\" href=\"https:\/\/zsp12.gliwice.pl\/sp15\/blog\/2022\/01\/28\/noc-biologow-2\/\"><img decoding=\"async\" src=\"https:\/\/zsp12.gliwice.pl\/sp15\/wp-content\/uploads\/sites\/11\/2022\/01\/20220126_104057-1024x768.jpg\" alt= \"Noc Biolog\u00f3w\" title = \"Noc Biolog\u00f3w\" \/><\/a><\/div><div class=\"article-title-wrapper\"><h5><a href=\"https:\/\/zsp12.gliwice.pl\/sp15\/blog\/2022\/01\/28\/noc-biologow-2\/\" class=\"article-title\">Noc Biolog\u00f3w<\/a><\/h5><\/div>\t\t\t<\/div>\n\t\t<\/div>\n\t\t\t\t<div class=\"col-md-4 col-sm-4\">\n\t\t\t<div class=\"item-post post-11688 post type-post status-publish format-standard has-post-thumbnail hentry category-aktualnosci category-archiwum\">\n\t\t\t\t<div class=\"article-image\"><a class=\"img-post-mobile\" href=\"https:\/\/zsp12.gliwice.pl\/sp15\/blog\/2022\/04\/14\/zyczenia-wielkanocne-5\/\"><img decoding=\"async\" src=\"https:\/\/zsp12.gliwice.pl\/sp15\/wp-content\/uploads\/sites\/11\/2022\/04\/Wielkanoc-\u017cyczenia-1024x724.jpg\" alt= \"\u017byczenia Wielkanocne\" title = \"\u017byczenia Wielkanocne\" \/><\/a><a class=\"img-post\" href=\"https:\/\/zsp12.gliwice.pl\/sp15\/blog\/2022\/04\/14\/zyczenia-wielkanocne-5\/\"><img decoding=\"async\" src=\"https:\/\/zsp12.gliwice.pl\/sp15\/wp-content\/uploads\/sites\/11\/2022\/04\/Wielkanoc-\u017cyczenia-1024x724.jpg\" alt= \"\u017byczenia Wielkanocne\" title = \"\u017byczenia Wielkanocne\" \/><\/a><\/div><div class=\"article-title-wrapper\"><h5><a href=\"https:\/\/zsp12.gliwice.pl\/sp15\/blog\/2022\/04\/14\/zyczenia-wielkanocne-5\/\" class=\"article-title\">\u017byczenia Wielkanocne<\/a><\/h5><\/div>\t\t\t<\/div>\n\t\t<\/div>\n\t\t\t\t<div class=\"col-md-4 col-sm-4\">\n\t\t\t<div class=\"item-post post-11917 post type-post status-publish format-standard has-post-thumbnail hentry category-aktualnosci category-archiwum category-wydarzenia\">\n\t\t\t\t<div class=\"article-image\"><a class=\"img-post-mobile\" href=\"https:\/\/zsp12.gliwice.pl\/sp15\/blog\/2022\/05\/04\/miedzynarodowy-dzien-tanca-w-zsp-nr-12-w-gliwicach\/\"><img decoding=\"async\" src=\"https:\/\/zsp12.gliwice.pl\/sp15\/wp-content\/uploads\/sites\/11\/2022\/05\/IMG-20220429-WA0019-1024x461.jpg\" alt= \"Mi\u0119dzynarodowy Dzie\u0144 Ta\u0144ca w ZSP nr 12 w Gliwicach\" title = \"Mi\u0119dzynarodowy Dzie\u0144 Ta\u0144ca w ZSP nr 12 w Gliwicach\" \/><\/a><a class=\"img-post\" href=\"https:\/\/zsp12.gliwice.pl\/sp15\/blog\/2022\/05\/04\/miedzynarodowy-dzien-tanca-w-zsp-nr-12-w-gliwicach\/\"><img decoding=\"async\" src=\"https:\/\/zsp12.gliwice.pl\/sp15\/wp-content\/uploads\/sites\/11\/2022\/05\/IMG-20220429-WA0019-1024x461.jpg\" alt= \"Mi\u0119dzynarodowy Dzie\u0144 Ta\u0144ca w ZSP nr 12 w Gliwicach\" title = \"Mi\u0119dzynarodowy Dzie\u0144 Ta\u0144ca w ZSP nr 12 w Gliwicach\" \/><\/a><\/div><div class=\"article-title-wrapper\"><h5><a href=\"https:\/\/zsp12.gliwice.pl\/sp15\/blog\/2022\/05\/04\/miedzynarodowy-dzien-tanca-w-zsp-nr-12-w-gliwicach\/\" class=\"article-title\">Mi\u0119dzynarodowy Dzie\u0144 Ta\u0144ca w ZSP nr 12 w Gliwicach<\/a><\/h5><\/div>\t\t\t<\/div>\n\t\t<\/div>\n\t\t\t\t<div class=\"col-md-4 col-sm-4\">\n\t\t\t<div class=\"item-post post-13192 post type-post status-publish format-standard has-post-thumbnail hentry category-aktualnosci category-archiwum\">\n\t\t\t\t<div class=\"article-image\"><a class=\"img-post-mobile\" href=\"https:\/\/zsp12.gliwice.pl\/sp15\/blog\/2022\/07\/05\/polkolonie-letnie-2022-dzien-vii-5-07-2022-r\/\"><img decoding=\"async\" src=\"https:\/\/zsp12.gliwice.pl\/sp15\/wp-content\/uploads\/sites\/11\/2022\/07\/c4f8f13c-67af-411a-bba8-1f55dfc8ba61-Copy-768x1024.jpg\" alt= \"P\u00d3\u0141KOLONIE LETNIE 2022 \u2013 DZIE\u0143 VII 5.07.2022 r.\" title = \"P\u00d3\u0141KOLONIE LETNIE 2022 \u2013 DZIE\u0143 VII 5.07.2022 r.\" \/><\/a><a class=\"img-post\" href=\"https:\/\/zsp12.gliwice.pl\/sp15\/blog\/2022\/07\/05\/polkolonie-letnie-2022-dzien-vii-5-07-2022-r\/\"><img decoding=\"async\" src=\"https:\/\/zsp12.gliwice.pl\/sp15\/wp-content\/uploads\/sites\/11\/2022\/07\/c4f8f13c-67af-411a-bba8-1f55dfc8ba61-Copy-768x1024.jpg\" alt= \"P\u00d3\u0141KOLONIE LETNIE 2022 \u2013 DZIE\u0143 VII 5.07.2022 r.\" title = \"P\u00d3\u0141KOLONIE LETNIE 2022 \u2013 DZIE\u0143 VII 5.07.2022 r.\" \/><\/a><\/div><div class=\"article-title-wrapper\"><h5><a href=\"https:\/\/zsp12.gliwice.pl\/sp15\/blog\/2022\/07\/05\/polkolonie-letnie-2022-dzien-vii-5-07-2022-r\/\" class=\"article-title\">P\u00d3\u0141KOLONIE LETNIE 2022 \u2013 DZIE\u0143 VII 5.07.2022 r.<\/a><\/h5><\/div>\t\t\t<\/div>\n\t\t<\/div>\n\t\t\t\t<div class=\"col-md-4 col-sm-4\">\n\t\t\t<div class=\"item-post post-14410 post type-post status-publish format-standard has-post-thumbnail hentry category-aktualnosci category-archiwum\">\n\t\t\t\t<div class=\"article-image\"><a class=\"img-post-mobile\" href=\"https:\/\/zsp12.gliwice.pl\/sp15\/blog\/2022\/11\/15\/podaj-lape-zbiorka-darow-dla-gliwickiego-schroniska-dla-zwierzat\/\"><img decoding=\"async\" src=\"https:\/\/zsp12.gliwice.pl\/sp15\/wp-content\/uploads\/sites\/11\/2022\/11\/Podaj-lape-4-1-724x1024.jpg\" alt= \"Podaj \u0142ap\u0119 \u2013 zbi\u00f3rka dar\u00f3w dla Gliwickiego Schroniska dla Zwierz\u0105t\" title = \"Podaj \u0142ap\u0119 \u2013 zbi\u00f3rka dar\u00f3w dla Gliwickiego Schroniska dla Zwierz\u0105t\" \/><\/a><a class=\"img-post\" href=\"https:\/\/zsp12.gliwice.pl\/sp15\/blog\/2022\/11\/15\/podaj-lape-zbiorka-darow-dla-gliwickiego-schroniska-dla-zwierzat\/\"><img decoding=\"async\" src=\"https:\/\/zsp12.gliwice.pl\/sp15\/wp-content\/uploads\/sites\/11\/2022\/11\/Podaj-lape-4-1-724x1024.jpg\" alt= \"Podaj \u0142ap\u0119 \u2013 zbi\u00f3rka dar\u00f3w dla Gliwickiego Schroniska dla Zwierz\u0105t\" title = \"Podaj \u0142ap\u0119 \u2013 zbi\u00f3rka dar\u00f3w dla Gliwickiego Schroniska dla Zwierz\u0105t\" \/><\/a><\/div><div class=\"article-title-wrapper\"><h5><a href=\"https:\/\/zsp12.gliwice.pl\/sp15\/blog\/2022\/11\/15\/podaj-lape-zbiorka-darow-dla-gliwickiego-schroniska-dla-zwierzat\/\" class=\"article-title\">Podaj \u0142ap\u0119 \u2013 zbi\u00f3rka dar\u00f3w dla Gliwickiego Schroniska dla Zwierz\u0105t<\/a><\/h5><\/div>\t\t\t<\/div>\n\t\t<\/div>\n\t\t\t\t<div class=\"col-md-4 col-sm-4\">\n\t\t\t<div class=\"item-post post-15420 post type-post status-publish format-standard has-post-thumbnail hentry category-aktualnosci category-archiwum\">\n\t\t\t\t<div class=\"article-image\"><a class=\"img-post-mobile\" href=\"https:\/\/zsp12.gliwice.pl\/sp15\/blog\/2023\/03\/15\/lekcje-muzyki-w-klasach-piatych\/\"><img decoding=\"async\" src=\"https:\/\/zsp12.gliwice.pl\/sp15\/wp-content\/uploads\/sites\/11\/2023\/03\/image_67206913-Copy-768x1024.jpg\" alt= \"Lekcje muzyki w klasach pi\u0105tych\" title = \"Lekcje muzyki w klasach pi\u0105tych\" \/><\/a><a class=\"img-post\" href=\"https:\/\/zsp12.gliwice.pl\/sp15\/blog\/2023\/03\/15\/lekcje-muzyki-w-klasach-piatych\/\"><img decoding=\"async\" src=\"https:\/\/zsp12.gliwice.pl\/sp15\/wp-content\/uploads\/sites\/11\/2023\/03\/image_67206913-Copy-768x1024.jpg\" alt= \"Lekcje muzyki w klasach pi\u0105tych\" title = \"Lekcje muzyki w klasach pi\u0105tych\" \/><\/a><\/div><div class=\"article-title-wrapper\"><h5><a href=\"https:\/\/zsp12.gliwice.pl\/sp15\/blog\/2023\/03\/15\/lekcje-muzyki-w-klasach-piatych\/\" class=\"article-title\">Lekcje muzyki w klasach pi\u0105tych<\/a><\/h5><\/div>\t\t\t<\/div>\n\t\t<\/div>\n\t\t\t\t<div class=\"col-md-4 col-sm-4\">\n\t\t\t<div class=\"item-post post-11070 post type-post status-publish format-standard has-post-thumbnail hentry category-aktualnosci category-archiwum\">\n\t\t\t\t<div class=\"article-image\"><a class=\"img-post-mobile\" href=\"https:\/\/zsp12.gliwice.pl\/sp15\/blog\/2022\/02\/18\/polkolonie-zimowe-17-02-2022\/\"><img decoding=\"async\" src=\"https:\/\/zsp12.gliwice.pl\/sp15\/wp-content\/uploads\/sites\/11\/2022\/02\/20220217_131714-1024x768.jpg\" alt= \"P\u00d3\u0141KOLONIE ZIMOWE 17.02.2022\" title = \"P\u00d3\u0141KOLONIE ZIMOWE 17.02.2022\" \/><\/a><a class=\"img-post\" href=\"https:\/\/zsp12.gliwice.pl\/sp15\/blog\/2022\/02\/18\/polkolonie-zimowe-17-02-2022\/\"><img decoding=\"async\" src=\"https:\/\/zsp12.gliwice.pl\/sp15\/wp-content\/uploads\/sites\/11\/2022\/02\/20220217_131714-1024x768.jpg\" alt= \"P\u00d3\u0141KOLONIE ZIMOWE 17.02.2022\" title = \"P\u00d3\u0141KOLONIE ZIMOWE 17.02.2022\" \/><\/a><\/div><div class=\"article-title-wrapper\"><h5><a href=\"https:\/\/zsp12.gliwice.pl\/sp15\/blog\/2022\/02\/18\/polkolonie-zimowe-17-02-2022\/\" class=\"article-title\">P\u00d3\u0141KOLONIE ZIMOWE 17.02.2022<\/a><\/h5><\/div>\t\t\t<\/div>\n\t\t<\/div>\n\t\t\t\t<div class=\"col-md-4 col-sm-4\">\n\t\t\t<div class=\"item-post post-12086 post type-post status-publish format-standard has-post-thumbnail hentry category-aktualnosci category-archiwum\">\n\t\t\t\t<div class=\"article-image\"><a class=\"img-post-mobile\" href=\"https:\/\/zsp12.gliwice.pl\/sp15\/blog\/2022\/05\/23\/wycieczka-do-warszawy\/\"><img decoding=\"async\" src=\"https:\/\/zsp12.gliwice.pl\/sp15\/wp-content\/uploads\/sites\/11\/2022\/05\/IMG_20220511_141842924_HDR-1024x461.jpg\" alt= \"Wycieczka do Warszawy\" title = \"Wycieczka do Warszawy\" \/><\/a><a class=\"img-post\" href=\"https:\/\/zsp12.gliwice.pl\/sp15\/blog\/2022\/05\/23\/wycieczka-do-warszawy\/\"><img decoding=\"async\" src=\"https:\/\/zsp12.gliwice.pl\/sp15\/wp-content\/uploads\/sites\/11\/2022\/05\/IMG_20220511_141842924_HDR-1024x461.jpg\" alt= \"Wycieczka do Warszawy\" title = \"Wycieczka do Warszawy\" \/><\/a><\/div><div class=\"article-title-wrapper\"><h5><a href=\"https:\/\/zsp12.gliwice.pl\/sp15\/blog\/2022\/05\/23\/wycieczka-do-warszawy\/\" class=\"article-title\">Wycieczka do Warszawy<\/a><\/h5><\/div>\t\t\t<\/div>\n\t\t<\/div>\n\t\t\t\t<div class=\"col-md-4 col-sm-4\">\n\t\t\t<div class=\"item-post post-13588 post type-post status-publish format-standard has-post-thumbnail hentry category-aktualnosci category-archiwum\">\n\t\t\t\t<div class=\"article-image\"><a class=\"img-post-mobile\" href=\"https:\/\/zsp12.gliwice.pl\/sp15\/blog\/2022\/09\/26\/powitanie-uczniow-klas-pierwszych-na-zajeciach-z-jezyka-mniejszosci-niemieckiej\/\"><img decoding=\"async\" src=\"https:\/\/zsp12.gliwice.pl\/sp15\/wp-content\/uploads\/sites\/11\/2022\/09\/tyta-5-1024x1024.jpeg\" alt= \"POWITANIE UCZNI\u00d3W KLAS PIERWSZYCH NA ZAJ\u0118CIACH Z J\u0118ZYKA MNIEJSZO\u015aCI NIEMIECKIEJ\" title = \"POWITANIE UCZNI\u00d3W KLAS PIERWSZYCH NA ZAJ\u0118CIACH Z J\u0118ZYKA MNIEJSZO\u015aCI NIEMIECKIEJ\" \/><\/a><a class=\"img-post\" href=\"https:\/\/zsp12.gliwice.pl\/sp15\/blog\/2022\/09\/26\/powitanie-uczniow-klas-pierwszych-na-zajeciach-z-jezyka-mniejszosci-niemieckiej\/\"><img decoding=\"async\" src=\"https:\/\/zsp12.gliwice.pl\/sp15\/wp-content\/uploads\/sites\/11\/2022\/09\/tyta-5-1024x1024.jpeg\" alt= \"POWITANIE UCZNI\u00d3W KLAS PIERWSZYCH NA ZAJ\u0118CIACH Z J\u0118ZYKA MNIEJSZO\u015aCI NIEMIECKIEJ\" title = \"POWITANIE UCZNI\u00d3W KLAS PIERWSZYCH NA ZAJ\u0118CIACH Z J\u0118ZYKA MNIEJSZO\u015aCI NIEMIECKIEJ\" \/><\/a><\/div><div class=\"article-title-wrapper\"><h5><a href=\"https:\/\/zsp12.gliwice.pl\/sp15\/blog\/2022\/09\/26\/powitanie-uczniow-klas-pierwszych-na-zajeciach-z-jezyka-mniejszosci-niemieckiej\/\" class=\"article-title\">POWITANIE UCZNI\u00d3W KLAS PIERWSZYCH NA ZAJ\u0118CIACH Z J\u0118ZYKA MNIEJSZO\u015aCI NIEMIECKIEJ<\/a><\/h5><\/div>\t\t\t<\/div>\n\t\t<\/div>\n\t\t\t\t<div class=\"col-md-4 col-sm-4\">\n\t\t\t<div class=\"item-post post-14668 post type-post status-publish format-standard has-post-thumbnail hentry category-aktualnosci category-archiwum\">\n\t\t\t\t<div class=\"article-image\"><a class=\"img-post-mobile\" href=\"https:\/\/zsp12.gliwice.pl\/sp15\/blog\/2022\/12\/19\/informacja-polkolonie-zimowe\/\"><img decoding=\"async\" src=\"https:\/\/zsp12.gliwice.pl\/sp15\/wp-content\/uploads\/sites\/11\/2023\/06\/admin-ajax.jpg\" alt= \"Informacja &#8211; p\u00f3\u0142kolonie zimowe\" title = \"Informacja &#8211; p\u00f3\u0142kolonie zimowe\" \/><\/a><a class=\"img-post\" href=\"https:\/\/zsp12.gliwice.pl\/sp15\/blog\/2022\/12\/19\/informacja-polkolonie-zimowe\/\"><img decoding=\"async\" src=\"https:\/\/zsp12.gliwice.pl\/sp15\/wp-content\/uploads\/sites\/11\/2023\/06\/admin-ajax.jpg\" alt= \"Informacja &#8211; p\u00f3\u0142kolonie zimowe\" title = \"Informacja &#8211; p\u00f3\u0142kolonie zimowe\" \/><\/a><\/div><div class=\"article-title-wrapper\"><h5><a href=\"https:\/\/zsp12.gliwice.pl\/sp15\/blog\/2022\/12\/19\/informacja-polkolonie-zimowe\/\" class=\"article-title\">Informacja &#8211; p\u00f3\u0142kolonie zimowe<\/a><\/h5><\/div>\t\t\t<\/div>\n\t\t<\/div>\n\t\t\t\t<div class=\"col-md-4 col-sm-4\">\n\t\t\t<div class=\"item-post post-15588 post type-post status-publish format-standard has-post-thumbnail hentry category-archiwum\">\n\t\t\t\t<div class=\"article-image\"><a class=\"img-post-mobile\" href=\"https:\/\/zsp12.gliwice.pl\/sp15\/blog\/2023\/03\/30\/zajecia-muzyczne-2\/\"><img decoding=\"async\" src=\"https:\/\/zsp12.gliwice.pl\/sp15\/wp-content\/uploads\/sites\/11\/2023\/03\/image_50726657-Copy-768x1024.jpg\" alt= \"Zaj\u0119cia muzyczne\" title = \"Zaj\u0119cia muzyczne\" \/><\/a><a class=\"img-post\" href=\"https:\/\/zsp12.gliwice.pl\/sp15\/blog\/2023\/03\/30\/zajecia-muzyczne-2\/\"><img decoding=\"async\" src=\"https:\/\/zsp12.gliwice.pl\/sp15\/wp-content\/uploads\/sites\/11\/2023\/03\/image_50726657-Copy-768x1024.jpg\" alt= \"Zaj\u0119cia muzyczne\" title = \"Zaj\u0119cia muzyczne\" \/><\/a><\/div><div class=\"article-title-wrapper\"><h5><a href=\"https:\/\/zsp12.gliwice.pl\/sp15\/blog\/2023\/03\/30\/zajecia-muzyczne-2\/\" class=\"article-title\">Zaj\u0119cia muzyczne<\/a><\/h5><\/div>\t\t\t<\/div>\n\t\t<\/div>\n\t\t\t\t<div class=\"col-md-4 col-sm-4\">\n\t\t\t<div class=\"item-post post-11448 post type-post status-publish format-standard has-post-thumbnail hentry category-aktualnosci category-archiwum\">\n\t\t\t\t<div class=\"article-image\"><a class=\"img-post-mobile\" href=\"https:\/\/zsp12.gliwice.pl\/sp15\/blog\/2022\/03\/18\/dzien-irlandzki-czyli-zielono-mi\/\"><img decoding=\"async\" src=\"https:\/\/zsp12.gliwice.pl\/sp15\/wp-content\/uploads\/sites\/11\/2022\/03\/IMG_20220317_123640063-1024x768.jpg\" alt= \"\u201eDzie\u0144 irlandzki czyli zielono mi\u201d\" title = \"\u201eDzie\u0144 irlandzki czyli zielono mi\u201d\" \/><\/a><a class=\"img-post\" href=\"https:\/\/zsp12.gliwice.pl\/sp15\/blog\/2022\/03\/18\/dzien-irlandzki-czyli-zielono-mi\/\"><img decoding=\"async\" src=\"https:\/\/zsp12.gliwice.pl\/sp15\/wp-content\/uploads\/sites\/11\/2022\/03\/IMG_20220317_123640063-1024x768.jpg\" alt= \"\u201eDzie\u0144 irlandzki czyli zielono mi\u201d\" title = \"\u201eDzie\u0144 irlandzki czyli zielono mi\u201d\" \/><\/a><\/div><div class=\"article-title-wrapper\"><h5><a href=\"https:\/\/zsp12.gliwice.pl\/sp15\/blog\/2022\/03\/18\/dzien-irlandzki-czyli-zielono-mi\/\" class=\"article-title\">\u201eDzie\u0144 irlandzki czyli zielono mi\u201d<\/a><\/h5><\/div>\t\t\t<\/div>\n\t\t<\/div>\n\t\t\t\t<div class=\"col-md-4 col-sm-4\">\n\t\t\t<div class=\"item-post post-12368 post type-post status-publish format-standard has-post-thumbnail hentry category-aktualnosci category-archiwum\">\n\t\t\t\t<div class=\"article-image\"><a class=\"img-post-mobile\" href=\"https:\/\/zsp12.gliwice.pl\/sp15\/blog\/2022\/05\/06\/mlody-polak\/\"><img decoding=\"async\" src=\"https:\/\/zsp12.gliwice.pl\/sp15\/wp-content\/uploads\/sites\/11\/2022\/06\/278770838_405924464709598_5141956408659699247_n-764x1024.jpeg\" alt= \"M\u0142ody Polak\" title = \"M\u0142ody Polak\" \/><\/a><a class=\"img-post\" href=\"https:\/\/zsp12.gliwice.pl\/sp15\/blog\/2022\/05\/06\/mlody-polak\/\"><img decoding=\"async\" src=\"https:\/\/zsp12.gliwice.pl\/sp15\/wp-content\/uploads\/sites\/11\/2022\/06\/278770838_405924464709598_5141956408659699247_n-764x1024.jpeg\" alt= \"M\u0142ody Polak\" title = \"M\u0142ody Polak\" \/><\/a><\/div><div class=\"article-title-wrapper\"><h5><a href=\"https:\/\/zsp12.gliwice.pl\/sp15\/blog\/2022\/05\/06\/mlody-polak\/\" class=\"article-title\">M\u0142ody Polak<\/a><\/h5><\/div>\t\t\t<\/div>\n\t\t<\/div>\n\t\t\t\t<div class=\"col-md-4 col-sm-4\">\n\t\t\t<div class=\"item-post post-13934 post type-post status-publish format-standard has-post-thumbnail hentry category-aktualnosci category-archiwum\">\n\t\t\t\t<div class=\"article-image\"><a class=\"img-post-mobile\" href=\"https:\/\/zsp12.gliwice.pl\/sp15\/blog\/2022\/10\/18\/zajecia-dodatkowe-dla-uczniow-pochodzenia-romskiego-realizujacych-obowiazek-szkolny-na-terenie-gliwic-w-2022\/\"><img decoding=\"async\" src=\"https:\/\/zsp12.gliwice.pl\/sp15\/wp-content\/uploads\/sites\/11\/2022\/10\/311118123_472782461535207_8016981888972034520_n-Copy-766x1024.jpg\" alt= \"ZAJ\u0118CIA DODATKOWE DLA UCZNI\u00d3W POCHODZENIA ROMSKIEGO, REALIZUJ\u0104CYCH OBOWI\u0104ZEK SZKOLNY NA TERENIE GLIWIC W 2022\" title = \"ZAJ\u0118CIA DODATKOWE DLA UCZNI\u00d3W POCHODZENIA ROMSKIEGO, REALIZUJ\u0104CYCH OBOWI\u0104ZEK SZKOLNY NA TERENIE GLIWIC W 2022\" \/><\/a><a class=\"img-post\" href=\"https:\/\/zsp12.gliwice.pl\/sp15\/blog\/2022\/10\/18\/zajecia-dodatkowe-dla-uczniow-pochodzenia-romskiego-realizujacych-obowiazek-szkolny-na-terenie-gliwic-w-2022\/\"><img decoding=\"async\" src=\"https:\/\/zsp12.gliwice.pl\/sp15\/wp-content\/uploads\/sites\/11\/2022\/10\/311118123_472782461535207_8016981888972034520_n-Copy-766x1024.jpg\" alt= \"ZAJ\u0118CIA DODATKOWE DLA UCZNI\u00d3W POCHODZENIA ROMSKIEGO, REALIZUJ\u0104CYCH OBOWI\u0104ZEK SZKOLNY NA TERENIE GLIWIC W 2022\" title = \"ZAJ\u0118CIA DODATKOWE DLA UCZNI\u00d3W POCHODZENIA ROMSKIEGO, REALIZUJ\u0104CYCH OBOWI\u0104ZEK SZKOLNY NA TERENIE GLIWIC W 2022\" \/><\/a><\/div><div class=\"article-title-wrapper\"><h5><a href=\"https:\/\/zsp12.gliwice.pl\/sp15\/blog\/2022\/10\/18\/zajecia-dodatkowe-dla-uczniow-pochodzenia-romskiego-realizujacych-obowiazek-szkolny-na-terenie-gliwic-w-2022\/\" class=\"article-title\">ZAJ\u0118CIA DODATKOWE DLA UCZNI\u00d3W POCHODZENIA ROMSKIEGO, REALIZUJ\u0104CYCH OBOWI\u0104ZEK SZKOLNY NA TERENIE GLIWIC W 2022<\/a><\/h5><\/div>\t\t\t<\/div>\n\t\t<\/div>\n\t\t\t\t<div class=\"col-md-4 col-sm-4\">\n\t\t\t<div class=\"item-post post-14975 post type-post status-publish format-standard has-post-thumbnail hentry category-aktualnosci category-archiwum\">\n\t\t\t\t<div class=\"article-image\"><a class=\"img-post-mobile\" href=\"https:\/\/zsp12.gliwice.pl\/sp15\/blog\/2023\/01\/18\/polkolonie-zimowe-16-01-2023-20-01-2023-dzien-ii-wtorek-17-01-2023\/\"><img decoding=\"async\" src=\"https:\/\/zsp12.gliwice.pl\/sp15\/wp-content\/uploads\/sites\/11\/2023\/01\/06b0a85b-4337-4c0d-a149-fc3872b7fb4b-Copy-768x1024.jpg\" alt= \"P\u00d3\u0141KOLONIE ZIMOWE 16.01.2023 \u2013 20.01.2023 &#8211; DZIE\u0143 II WTOREK 17.01.2023\" title = \"P\u00d3\u0141KOLONIE ZIMOWE 16.01.2023 \u2013 20.01.2023 &#8211; DZIE\u0143 II WTOREK 17.01.2023\" \/><\/a><a class=\"img-post\" href=\"https:\/\/zsp12.gliwice.pl\/sp15\/blog\/2023\/01\/18\/polkolonie-zimowe-16-01-2023-20-01-2023-dzien-ii-wtorek-17-01-2023\/\"><img decoding=\"async\" src=\"https:\/\/zsp12.gliwice.pl\/sp15\/wp-content\/uploads\/sites\/11\/2023\/01\/06b0a85b-4337-4c0d-a149-fc3872b7fb4b-Copy-768x1024.jpg\" alt= \"P\u00d3\u0141KOLONIE ZIMOWE 16.01.2023 \u2013 20.01.2023 &#8211; DZIE\u0143 II WTOREK 17.01.2023\" title = \"P\u00d3\u0141KOLONIE ZIMOWE 16.01.2023 \u2013 20.01.2023 &#8211; DZIE\u0143 II WTOREK 17.01.2023\" \/><\/a><\/div><div class=\"article-title-wrapper\"><h5><a href=\"https:\/\/zsp12.gliwice.pl\/sp15\/blog\/2023\/01\/18\/polkolonie-zimowe-16-01-2023-20-01-2023-dzien-ii-wtorek-17-01-2023\/\" class=\"article-title\">P\u00d3\u0141KOLONIE ZIMOWE 16.01.2023 \u2013 20.01.2023 &#8211; DZIE\u0143 II WTOREK 17.01.2023<\/a><\/h5><\/div>\t\t\t<\/div>\n\t\t<\/div>\n\t\t\t\t<div class=\"col-md-4 col-sm-4\">\n\t\t\t<div class=\"item-post post-15745 post type-post status-publish format-standard has-post-thumbnail hentry category-archiwum\">\n\t\t\t\t<div class=\"article-image\"><a class=\"img-post-mobile\" href=\"https:\/\/zsp12.gliwice.pl\/sp15\/blog\/2023\/04\/17\/wielkanocne-inspiracje-w-swietlicy-szkolnej\/\"><img decoding=\"async\" src=\"https:\/\/zsp12.gliwice.pl\/sp15\/wp-content\/uploads\/sites\/11\/2023\/04\/IMG_20230414_123511-Copy-761x1024.jpg\" alt= \"Wielkanocne inspiracje w \u015bwietlicy szkolnej\" title = \"Wielkanocne inspiracje w \u015bwietlicy szkolnej\" \/><\/a><a class=\"img-post\" href=\"https:\/\/zsp12.gliwice.pl\/sp15\/blog\/2023\/04\/17\/wielkanocne-inspiracje-w-swietlicy-szkolnej\/\"><img decoding=\"async\" src=\"https:\/\/zsp12.gliwice.pl\/sp15\/wp-content\/uploads\/sites\/11\/2023\/04\/IMG_20230414_123511-Copy-761x1024.jpg\" alt= \"Wielkanocne inspiracje w \u015bwietlicy szkolnej\" title = \"Wielkanocne inspiracje w \u015bwietlicy szkolnej\" \/><\/a><\/div><div class=\"article-title-wrapper\"><h5><a href=\"https:\/\/zsp12.gliwice.pl\/sp15\/blog\/2023\/04\/17\/wielkanocne-inspiracje-w-swietlicy-szkolnej\/\" class=\"article-title\">Wielkanocne inspiracje w \u015bwietlicy szkolnej<\/a><\/h5><\/div>\t\t\t<\/div>\n\t\t<\/div>\n\t\t\t\t<div class=\"col-md-4 col-sm-4\">\n\t\t\t<div class=\"item-post post-10754 post type-post status-publish format-standard has-post-thumbnail hentry category-aktualnosci category-archiwum\">\n\t\t\t\t<div class=\"article-image\"><a class=\"img-post-mobile\" href=\"https:\/\/zsp12.gliwice.pl\/sp15\/blog\/2022\/02\/03\/valentines-day-poczta-walentynkowa-po-angielsku\/\"><img decoding=\"async\" src=\"https:\/\/zsp12.gliwice.pl\/sp15\/wp-content\/uploads\/sites\/11\/2022\/02\/1-724x1024.jpg\" alt= \"Valentine&#8217;s Day &#8211; Poczta Walentynkowa po angielsku\" title = \"Valentine&#8217;s Day &#8211; Poczta Walentynkowa po angielsku\" \/><\/a><a class=\"img-post\" href=\"https:\/\/zsp12.gliwice.pl\/sp15\/blog\/2022\/02\/03\/valentines-day-poczta-walentynkowa-po-angielsku\/\"><img decoding=\"async\" src=\"https:\/\/zsp12.gliwice.pl\/sp15\/wp-content\/uploads\/sites\/11\/2022\/02\/1-724x1024.jpg\" alt= \"Valentine&#8217;s Day &#8211; Poczta Walentynkowa po angielsku\" title = \"Valentine&#8217;s Day &#8211; Poczta Walentynkowa po angielsku\" \/><\/a><\/div><div class=\"article-title-wrapper\"><h5><a href=\"https:\/\/zsp12.gliwice.pl\/sp15\/blog\/2022\/02\/03\/valentines-day-poczta-walentynkowa-po-angielsku\/\" class=\"article-title\">Valentine&#8217;s Day &#8211; Poczta Walentynkowa po angielsku<\/a><\/h5><\/div>\t\t\t<\/div>\n\t\t<\/div>\n\t\t\t\t<div class=\"col-md-4 col-sm-4\">\n\t\t\t<div class=\"item-post post-11692 post type-post status-publish format-standard has-post-thumbnail hentry category-aktualnosci category-archiwum category-informacje\">\n\t\t\t\t<div class=\"article-image\"><a class=\"img-post-mobile\" href=\"https:\/\/zsp12.gliwice.pl\/sp15\/blog\/2022\/04\/15\/wycieczka-klas-drugich-do-sztolni-luiza-w-zabrzu\/\"><img decoding=\"async\" src=\"https:\/\/zsp12.gliwice.pl\/sp15\/wp-content\/uploads\/sites\/11\/2022\/04\/IMG-20220416-WA0012-1024x768.jpg\" alt= \"Wycieczka klas drugich do Sztolni Luiza w Zabrzu\" title = \"Wycieczka klas drugich do Sztolni Luiza w Zabrzu\" \/><\/a><a class=\"img-post\" href=\"https:\/\/zsp12.gliwice.pl\/sp15\/blog\/2022\/04\/15\/wycieczka-klas-drugich-do-sztolni-luiza-w-zabrzu\/\"><img decoding=\"async\" src=\"https:\/\/zsp12.gliwice.pl\/sp15\/wp-content\/uploads\/sites\/11\/2022\/04\/IMG-20220416-WA0012-1024x768.jpg\" alt= \"Wycieczka klas drugich do Sztolni Luiza w Zabrzu\" title = \"Wycieczka klas drugich do Sztolni Luiza w Zabrzu\" \/><\/a><\/div><div class=\"article-title-wrapper\"><h5><a href=\"https:\/\/zsp12.gliwice.pl\/sp15\/blog\/2022\/04\/15\/wycieczka-klas-drugich-do-sztolni-luiza-w-zabrzu\/\" class=\"article-title\">Wycieczka klas drugich do Sztolni Luiza w Zabrzu<\/a><\/h5><\/div>\t\t\t<\/div>\n\t\t<\/div>\n\t\t\t\t<div class=\"col-md-4 col-sm-4\">\n\t\t\t<div class=\"item-post post-11937 post type-post status-publish format-standard has-post-thumbnail hentry category-aktualnosci category-archiwum\">\n\t\t\t\t<div class=\"article-image\"><a class=\"img-post-mobile\" href=\"https:\/\/zsp12.gliwice.pl\/sp15\/blog\/2022\/05\/05\/swiatowy-dzien-higieny-rak-w-sp15\/\"><img decoding=\"async\" src=\"https:\/\/zsp12.gliwice.pl\/sp15\/wp-content\/uploads\/sites\/11\/2022\/05\/IMG-20220505-WA0010-1024x498.jpg\" alt= \"\u015awiatowy Dzie\u0144 Higieny R\u0105k w SP15\" title = \"\u015awiatowy Dzie\u0144 Higieny R\u0105k w SP15\" \/><\/a><a class=\"img-post\" href=\"https:\/\/zsp12.gliwice.pl\/sp15\/blog\/2022\/05\/05\/swiatowy-dzien-higieny-rak-w-sp15\/\"><img decoding=\"async\" src=\"https:\/\/zsp12.gliwice.pl\/sp15\/wp-content\/uploads\/sites\/11\/2022\/05\/IMG-20220505-WA0010-1024x498.jpg\" alt= \"\u015awiatowy Dzie\u0144 Higieny R\u0105k w SP15\" title = \"\u015awiatowy Dzie\u0144 Higieny R\u0105k w SP15\" \/><\/a><\/div><div class=\"article-title-wrapper\"><h5><a href=\"https:\/\/zsp12.gliwice.pl\/sp15\/blog\/2022\/05\/05\/swiatowy-dzien-higieny-rak-w-sp15\/\" class=\"article-title\">\u015awiatowy Dzie\u0144 Higieny R\u0105k w SP15<\/a><\/h5><\/div>\t\t\t<\/div>\n\t\t<\/div>\n\t\t\t\t<div class=\"col-md-4 col-sm-4\">\n\t\t\t<div class=\"item-post post-13243 post type-post status-publish format-standard has-post-thumbnail hentry category-aktualnosci category-archiwum\">\n\t\t\t\t<div class=\"article-image\"><a class=\"img-post-mobile\" href=\"https:\/\/zsp12.gliwice.pl\/sp15\/blog\/2022\/07\/06\/polkolonie-letnie-2022-dzien-viii-6-07-2022-r\/\"><img decoding=\"async\" src=\"https:\/\/zsp12.gliwice.pl\/sp15\/wp-content\/uploads\/sites\/11\/2022\/07\/d39aedb4-ddee-41d6-8342-2f782a0fd6e6-Copy-768x1024.jpg\" alt= \"P\u00d3\u0141KOLONIE LETNIE 2022 \u2013 DZIE\u0143 VIII 6.07.2022 r.\" title = \"P\u00d3\u0141KOLONIE LETNIE 2022 \u2013 DZIE\u0143 VIII 6.07.2022 r.\" \/><\/a><a class=\"img-post\" href=\"https:\/\/zsp12.gliwice.pl\/sp15\/blog\/2022\/07\/06\/polkolonie-letnie-2022-dzien-viii-6-07-2022-r\/\"><img decoding=\"async\" src=\"https:\/\/zsp12.gliwice.pl\/sp15\/wp-content\/uploads\/sites\/11\/2022\/07\/d39aedb4-ddee-41d6-8342-2f782a0fd6e6-Copy-768x1024.jpg\" alt= \"P\u00d3\u0141KOLONIE LETNIE 2022 \u2013 DZIE\u0143 VIII 6.07.2022 r.\" title = \"P\u00d3\u0141KOLONIE LETNIE 2022 \u2013 DZIE\u0143 VIII 6.07.2022 r.\" \/><\/a><\/div><div class=\"article-title-wrapper\"><h5><a href=\"https:\/\/zsp12.gliwice.pl\/sp15\/blog\/2022\/07\/06\/polkolonie-letnie-2022-dzien-viii-6-07-2022-r\/\" class=\"article-title\">P\u00d3\u0141KOLONIE LETNIE 2022 \u2013 DZIE\u0143 VIII 6.07.2022 r.<\/a><\/h5><\/div>\t\t\t<\/div>\n\t\t<\/div>\n\t\t\t\t<div class=\"col-md-4 col-sm-4\">\n\t\t\t<div class=\"item-post post-14414 post type-post status-publish format-standard has-post-thumbnail hentry category-aktualnosci category-archiwum\">\n\t\t\t\t<div class=\"article-image\"><a class=\"img-post-mobile\" href=\"https:\/\/zsp12.gliwice.pl\/sp15\/blog\/2022\/11\/18\/festiwal-kultury-romskiej-kedzierzyn-kozle-4-listopada-2022-r\/\"><img decoding=\"async\" src=\"https:\/\/zsp12.gliwice.pl\/sp15\/wp-content\/uploads\/sites\/11\/2022\/11\/b3510b89-f485-43c5-8295-6b5207851595_Easy-Resize.com_-1024x769.jpg\" alt= \"Festiwal Kultury Romskiej K\u0119dzierzyn \u2013 Ko\u017ale 4 listopada 2022 r.\" title = \"Festiwal Kultury Romskiej K\u0119dzierzyn \u2013 Ko\u017ale 4 listopada 2022 r.\" \/><\/a><a class=\"img-post\" href=\"https:\/\/zsp12.gliwice.pl\/sp15\/blog\/2022\/11\/18\/festiwal-kultury-romskiej-kedzierzyn-kozle-4-listopada-2022-r\/\"><img decoding=\"async\" src=\"https:\/\/zsp12.gliwice.pl\/sp15\/wp-content\/uploads\/sites\/11\/2022\/11\/b3510b89-f485-43c5-8295-6b5207851595_Easy-Resize.com_-1024x769.jpg\" alt= \"Festiwal Kultury Romskiej K\u0119dzierzyn \u2013 Ko\u017ale 4 listopada 2022 r.\" title = \"Festiwal Kultury Romskiej K\u0119dzierzyn \u2013 Ko\u017ale 4 listopada 2022 r.\" \/><\/a><\/div><div class=\"article-title-wrapper\"><h5><a href=\"https:\/\/zsp12.gliwice.pl\/sp15\/blog\/2022\/11\/18\/festiwal-kultury-romskiej-kedzierzyn-kozle-4-listopada-2022-r\/\" class=\"article-title\">Festiwal Kultury Romskiej K\u0119dzierzyn \u2013 Ko\u017ale 4 listopada 2022 r.<\/a><\/h5><\/div>\t\t\t<\/div>\n\t\t<\/div>\n\t\t\t\t<div class=\"col-md-4 col-sm-4\">\n\t\t\t<div class=\"item-post post-15430 post type-post status-publish format-standard has-post-thumbnail hentry category-archiwum category-informacje\">\n\t\t\t\t<div class=\"article-image\"><a class=\"img-post-mobile\" href=\"https:\/\/zsp12.gliwice.pl\/sp15\/blog\/2023\/03\/15\/lekcje-plastyki-w-klasach-szostych\/\"><img decoding=\"async\" src=\"https:\/\/zsp12.gliwice.pl\/sp15\/wp-content\/uploads\/sites\/11\/2023\/03\/image_50444033-1-Copy-e1678912140315-1024x530.jpg\" alt= \"Lekcje plastyki w klasach sz\u00f3stych\" title = \"Lekcje plastyki w klasach sz\u00f3stych\" \/><\/a><a class=\"img-post\" href=\"https:\/\/zsp12.gliwice.pl\/sp15\/blog\/2023\/03\/15\/lekcje-plastyki-w-klasach-szostych\/\"><img decoding=\"async\" src=\"https:\/\/zsp12.gliwice.pl\/sp15\/wp-content\/uploads\/sites\/11\/2023\/03\/image_50444033-1-Copy-e1678912140315-1024x530.jpg\" alt= \"Lekcje plastyki w klasach sz\u00f3stych\" title = \"Lekcje plastyki w klasach sz\u00f3stych\" \/><\/a><\/div><div class=\"article-title-wrapper\"><h5><a href=\"https:\/\/zsp12.gliwice.pl\/sp15\/blog\/2023\/03\/15\/lekcje-plastyki-w-klasach-szostych\/\" class=\"article-title\">Lekcje plastyki w klasach sz\u00f3stych<\/a><\/h5><\/div>\t\t\t<\/div>\n\t\t<\/div>\n\t\t\t\t<div class=\"col-md-4 col-sm-4\">\n\t\t\t<div class=\"item-post post-11236 post type-post status-publish format-standard has-post-thumbnail hentry category-aktualnosci category-archiwum\">\n\t\t\t\t<div class=\"article-image\"><a class=\"img-post-mobile\" href=\"https:\/\/zsp12.gliwice.pl\/sp15\/blog\/2022\/02\/21\/polkolonie-zimowe-18-02-2022\/\"><img decoding=\"async\" src=\"https:\/\/zsp12.gliwice.pl\/sp15\/wp-content\/uploads\/sites\/11\/2022\/02\/IMG_20220218_114058572_MP-1024x768.jpg\" alt= \"P\u00d3\u0141KOLONIE ZIMOWE 18.02.2022\" title = \"P\u00d3\u0141KOLONIE ZIMOWE 18.02.2022\" \/><\/a><a class=\"img-post\" href=\"https:\/\/zsp12.gliwice.pl\/sp15\/blog\/2022\/02\/21\/polkolonie-zimowe-18-02-2022\/\"><img decoding=\"async\" src=\"https:\/\/zsp12.gliwice.pl\/sp15\/wp-content\/uploads\/sites\/11\/2022\/02\/IMG_20220218_114058572_MP-1024x768.jpg\" alt= \"P\u00d3\u0141KOLONIE ZIMOWE 18.02.2022\" title = \"P\u00d3\u0141KOLONIE ZIMOWE 18.02.2022\" \/><\/a><\/div><div class=\"article-title-wrapper\"><h5><a href=\"https:\/\/zsp12.gliwice.pl\/sp15\/blog\/2022\/02\/21\/polkolonie-zimowe-18-02-2022\/\" class=\"article-title\">P\u00d3\u0141KOLONIE ZIMOWE 18.02.2022<\/a><\/h5><\/div>\t\t\t<\/div>\n\t\t<\/div>\n\t\t\t\t<div class=\"col-md-4 col-sm-4\">\n\t\t\t<div class=\"item-post post-12111 post type-post status-publish format-standard has-post-thumbnail hentry category-aktualnosci category-archiwum category-informacje\">\n\t\t\t\t<div class=\"article-image\"><a class=\"img-post-mobile\" href=\"https:\/\/zsp12.gliwice.pl\/sp15\/blog\/2022\/06\/03\/egzamin-osmoklasisty\/\"><img decoding=\"async\" src=\"https:\/\/zsp12.gliwice.pl\/sp15\/wp-content\/uploads\/sites\/11\/2022\/06\/1654199168818-1024x575.jpg\" alt= \"Egzamin \u00f3smoklasisty\" title = \"Egzamin \u00f3smoklasisty\" \/><\/a><a class=\"img-post\" href=\"https:\/\/zsp12.gliwice.pl\/sp15\/blog\/2022\/06\/03\/egzamin-osmoklasisty\/\"><img decoding=\"async\" src=\"https:\/\/zsp12.gliwice.pl\/sp15\/wp-content\/uploads\/sites\/11\/2022\/06\/1654199168818-1024x575.jpg\" alt= \"Egzamin \u00f3smoklasisty\" title = \"Egzamin \u00f3smoklasisty\" \/><\/a><\/div><div class=\"article-title-wrapper\"><h5><a href=\"https:\/\/zsp12.gliwice.pl\/sp15\/blog\/2022\/06\/03\/egzamin-osmoklasisty\/\" class=\"article-title\">Egzamin \u00f3smoklasisty<\/a><\/h5><\/div>\t\t\t<\/div>\n\t\t<\/div>\n\t\t\t\t<div class=\"col-md-4 col-sm-4\">\n\t\t\t<div class=\"item-post post-13598 post type-post status-publish format-standard has-post-thumbnail hentry category-aktualnosci category-archiwum\">\n\t\t\t\t<div class=\"article-image\"><a class=\"img-post-mobile\" href=\"https:\/\/zsp12.gliwice.pl\/sp15\/blog\/2022\/09\/28\/europejski-dzien-jezykow-obcych-2022\/\"><img decoding=\"async\" src=\"https:\/\/zsp12.gliwice.pl\/sp15\/wp-content\/uploads\/sites\/11\/2022\/09\/1-1024x843.jpg\" alt= \"EUROPEJSKI DZIE\u0143 J\u0118ZYK\u00d3W OBCYCH 2022\" title = \"EUROPEJSKI DZIE\u0143 J\u0118ZYK\u00d3W OBCYCH 2022\" \/><\/a><a class=\"img-post\" href=\"https:\/\/zsp12.gliwice.pl\/sp15\/blog\/2022\/09\/28\/europejski-dzien-jezykow-obcych-2022\/\"><img decoding=\"async\" src=\"https:\/\/zsp12.gliwice.pl\/sp15\/wp-content\/uploads\/sites\/11\/2022\/09\/1-1024x843.jpg\" alt= \"EUROPEJSKI DZIE\u0143 J\u0118ZYK\u00d3W OBCYCH 2022\" title = \"EUROPEJSKI DZIE\u0143 J\u0118ZYK\u00d3W OBCYCH 2022\" \/><\/a><\/div><div class=\"article-title-wrapper\"><h5><a href=\"https:\/\/zsp12.gliwice.pl\/sp15\/blog\/2022\/09\/28\/europejski-dzien-jezykow-obcych-2022\/\" class=\"article-title\">EUROPEJSKI DZIE\u0143 J\u0118ZYK\u00d3W OBCYCH 2022<\/a><\/h5><\/div>\t\t\t<\/div>\n\t\t<\/div>\n\t\t\t\t<div class=\"col-md-4 col-sm-4\">\n\t\t\t<div class=\"item-post post-14670 post type-post status-publish format-standard has-post-thumbnail hentry category-aktualnosci category-archiwum category-informacje\">\n\t\t\t\t<div class=\"article-image\"><a class=\"img-post-mobile\" href=\"https:\/\/zsp12.gliwice.pl\/sp15\/blog\/2022\/12\/21\/wesolych-swiat\/\"><img decoding=\"async\" src=\"https:\/\/zsp12.gliwice.pl\/sp15\/wp-content\/uploads\/sites\/11\/2022\/12\/zyczenia-BN1-1-724x1024.jpg\" alt= \"Weso\u0142ych \u015awi\u0105t!\" title = \"Weso\u0142ych \u015awi\u0105t!\" \/><\/a><a class=\"img-post\" href=\"https:\/\/zsp12.gliwice.pl\/sp15\/blog\/2022\/12\/21\/wesolych-swiat\/\"><img decoding=\"async\" src=\"https:\/\/zsp12.gliwice.pl\/sp15\/wp-content\/uploads\/sites\/11\/2022\/12\/zyczenia-BN1-1-724x1024.jpg\" alt= \"Weso\u0142ych \u015awi\u0105t!\" title = \"Weso\u0142ych \u015awi\u0105t!\" \/><\/a><\/div><div class=\"article-title-wrapper\"><h5><a href=\"https:\/\/zsp12.gliwice.pl\/sp15\/blog\/2022\/12\/21\/wesolych-swiat\/\" class=\"article-title\">Weso\u0142ych \u015awi\u0105t!<\/a><\/h5><\/div>\t\t\t<\/div>\n\t\t<\/div>\n\t\t\t\t<div class=\"col-md-4 col-sm-4\">\n\t\t\t<div class=\"item-post post-15598 post type-post status-publish format-standard has-post-thumbnail hentry category-archiwum\">\n\t\t\t\t<div class=\"article-image\"><a class=\"img-post-mobile\" href=\"https:\/\/zsp12.gliwice.pl\/sp15\/blog\/2023\/03\/30\/aktywne-zatorze-budzet-obywatelski-2023\/\"><img decoding=\"async\" src=\"https:\/\/zsp12.gliwice.pl\/sp15\/wp-content\/uploads\/sites\/11\/2023\/03\/Aktywne-zatorze-3-Copy-724x1024.jpg\" alt= \"Aktywne Zatorze &#8211; bud\u017cet obywatelski 2023\" title = \"Aktywne Zatorze &#8211; bud\u017cet obywatelski 2023\" \/><\/a><a class=\"img-post\" href=\"https:\/\/zsp12.gliwice.pl\/sp15\/blog\/2023\/03\/30\/aktywne-zatorze-budzet-obywatelski-2023\/\"><img decoding=\"async\" src=\"https:\/\/zsp12.gliwice.pl\/sp15\/wp-content\/uploads\/sites\/11\/2023\/03\/Aktywne-zatorze-3-Copy-724x1024.jpg\" alt= \"Aktywne Zatorze &#8211; bud\u017cet obywatelski 2023\" title = \"Aktywne Zatorze &#8211; bud\u017cet obywatelski 2023\" \/><\/a><\/div><div class=\"article-title-wrapper\"><h5><a href=\"https:\/\/zsp12.gliwice.pl\/sp15\/blog\/2023\/03\/30\/aktywne-zatorze-budzet-obywatelski-2023\/\" class=\"article-title\">Aktywne Zatorze &#8211; bud\u017cet obywatelski 2023<\/a><\/h5><\/div>\t\t\t<\/div>\n\t\t<\/div>\n\t\t\t\t<div class=\"col-md-4 col-sm-4\">\n\t\t\t<div class=\"item-post post-11457 post type-post status-publish format-standard has-post-thumbnail hentry category-aktualnosci category-archiwum\">\n\t\t\t\t<div class=\"article-image\"><a class=\"img-post-mobile\" href=\"https:\/\/zsp12.gliwice.pl\/sp15\/blog\/2022\/03\/22\/radosne-powitanie-wiosny-w-sp-15\/\"><img decoding=\"async\" src=\"https:\/\/zsp12.gliwice.pl\/sp15\/wp-content\/uploads\/sites\/11\/2022\/03\/IMG-20220322-WA0044-1024x768.jpg\" alt= \"Radosne powitanie wiosny w SP 15\" title = \"Radosne powitanie wiosny w SP 15\" \/><\/a><a class=\"img-post\" href=\"https:\/\/zsp12.gliwice.pl\/sp15\/blog\/2022\/03\/22\/radosne-powitanie-wiosny-w-sp-15\/\"><img decoding=\"async\" src=\"https:\/\/zsp12.gliwice.pl\/sp15\/wp-content\/uploads\/sites\/11\/2022\/03\/IMG-20220322-WA0044-1024x768.jpg\" alt= \"Radosne powitanie wiosny w SP 15\" title = \"Radosne powitanie wiosny w SP 15\" \/><\/a><\/div><div class=\"article-title-wrapper\"><h5><a href=\"https:\/\/zsp12.gliwice.pl\/sp15\/blog\/2022\/03\/22\/radosne-powitanie-wiosny-w-sp-15\/\" class=\"article-title\">Radosne powitanie wiosny w SP 15<\/a><\/h5><\/div>\t\t\t<\/div>\n\t\t<\/div>\n\t\t\t\t<div class=\"col-md-4 col-sm-4\">\n\t\t\t<div class=\"item-post post-12378 post type-post status-publish format-standard has-post-thumbnail hentry category-aktualnosci category-archiwum\">\n\t\t\t\t<div class=\"article-image\"><a class=\"img-post-mobile\" href=\"https:\/\/zsp12.gliwice.pl\/sp15\/blog\/2022\/06\/27\/wycieczka-do-oswiecimia\/\"><img decoding=\"async\" src=\"https:\/\/zsp12.gliwice.pl\/sp15\/wp-content\/uploads\/sites\/11\/2022\/06\/received_1381783898995226-1024x575.jpeg\" alt= \"Wycieczka do O\u015bwi\u0119cimia\" title = \"Wycieczka do O\u015bwi\u0119cimia\" \/><\/a><a class=\"img-post\" href=\"https:\/\/zsp12.gliwice.pl\/sp15\/blog\/2022\/06\/27\/wycieczka-do-oswiecimia\/\"><img decoding=\"async\" src=\"https:\/\/zsp12.gliwice.pl\/sp15\/wp-content\/uploads\/sites\/11\/2022\/06\/received_1381783898995226-1024x575.jpeg\" alt= \"Wycieczka do O\u015bwi\u0119cimia\" title = \"Wycieczka do O\u015bwi\u0119cimia\" \/><\/a><\/div><div class=\"article-title-wrapper\"><h5><a href=\"https:\/\/zsp12.gliwice.pl\/sp15\/blog\/2022\/06\/27\/wycieczka-do-oswiecimia\/\" class=\"article-title\">Wycieczka do O\u015bwi\u0119cimia<\/a><\/h5><\/div>\t\t\t<\/div>\n\t\t<\/div>\n\t\t\t\t<div class=\"col-md-4 col-sm-4\">\n\t\t\t<div class=\"item-post post-13966 post type-post status-publish format-standard has-post-thumbnail hentry category-aktualnosci category-archiwum\">\n\t\t\t\t<div class=\"article-image\"><a class=\"img-post-mobile\" href=\"https:\/\/zsp12.gliwice.pl\/sp15\/blog\/2022\/10\/18\/romskie-zaduszki\/\"><img decoding=\"async\" src=\"https:\/\/zsp12.gliwice.pl\/sp15\/wp-content\/uploads\/sites\/11\/2022\/10\/ZADUSZKI-2022-1024x728.jpg\" alt= \"Romskie Zaduszki\" title = \"Romskie Zaduszki\" \/><\/a><a class=\"img-post\" href=\"https:\/\/zsp12.gliwice.pl\/sp15\/blog\/2022\/10\/18\/romskie-zaduszki\/\"><img decoding=\"async\" src=\"https:\/\/zsp12.gliwice.pl\/sp15\/wp-content\/uploads\/sites\/11\/2022\/10\/ZADUSZKI-2022-1024x728.jpg\" alt= \"Romskie Zaduszki\" title = \"Romskie Zaduszki\" \/><\/a><\/div><div class=\"article-title-wrapper\"><h5><a href=\"https:\/\/zsp12.gliwice.pl\/sp15\/blog\/2022\/10\/18\/romskie-zaduszki\/\" class=\"article-title\">Romskie Zaduszki<\/a><\/h5><\/div>\t\t\t<\/div>\n\t\t<\/div>\n\t\t\t\t<div class=\"col-md-4 col-sm-4\">\n\t\t\t<div class=\"item-post post-15072 post type-post status-publish format-standard has-post-thumbnail hentry category-aktualnosci category-archiwum\">\n\t\t\t\t<div class=\"article-image\"><a class=\"img-post-mobile\" href=\"https:\/\/zsp12.gliwice.pl\/sp15\/blog\/2023\/01\/20\/polkolonie-zimowe-16-01-2023-20-01-2023-dzien-iv-czwartek-19-01-2023\/\"><img decoding=\"async\" src=\"https:\/\/zsp12.gliwice.pl\/sp15\/wp-content\/uploads\/sites\/11\/2023\/01\/6f8e6eab-e6ee-41ce-917c-66d0cfd65750-Copy-768x1024.jpg\" alt= \"P\u00d3\u0141KOLONIE ZIMOWE 16.01.2023 \u2013 20.01.2023 DZIE\u0143 &#8211; IV CZWARTEK 19.01.2023\" title = \"P\u00d3\u0141KOLONIE ZIMOWE 16.01.2023 \u2013 20.01.2023 DZIE\u0143 &#8211; IV CZWARTEK 19.01.2023\" \/><\/a><a class=\"img-post\" href=\"https:\/\/zsp12.gliwice.pl\/sp15\/blog\/2023\/01\/20\/polkolonie-zimowe-16-01-2023-20-01-2023-dzien-iv-czwartek-19-01-2023\/\"><img decoding=\"async\" src=\"https:\/\/zsp12.gliwice.pl\/sp15\/wp-content\/uploads\/sites\/11\/2023\/01\/6f8e6eab-e6ee-41ce-917c-66d0cfd65750-Copy-768x1024.jpg\" alt= \"P\u00d3\u0141KOLONIE ZIMOWE 16.01.2023 \u2013 20.01.2023 DZIE\u0143 &#8211; IV CZWARTEK 19.01.2023\" title = \"P\u00d3\u0141KOLONIE ZIMOWE 16.01.2023 \u2013 20.01.2023 DZIE\u0143 &#8211; IV CZWARTEK 19.01.2023\" \/><\/a><\/div><div class=\"article-title-wrapper\"><h5><a href=\"https:\/\/zsp12.gliwice.pl\/sp15\/blog\/2023\/01\/20\/polkolonie-zimowe-16-01-2023-20-01-2023-dzien-iv-czwartek-19-01-2023\/\" class=\"article-title\">P\u00d3\u0141KOLONIE ZIMOWE 16.01.2023 \u2013 20.01.2023 DZIE\u0143 &#8211; IV CZWARTEK 19.01.2023<\/a><\/h5><\/div>\t\t\t<\/div>\n\t\t<\/div>\n\t\t\t\t<div class=\"col-md-4 col-sm-4\">\n\t\t\t<div class=\"item-post post-15778 post type-post status-publish format-standard has-post-thumbnail hentry category-archiwum\">\n\t\t\t\t<div class=\"article-image\"><a class=\"img-post-mobile\" href=\"https:\/\/zsp12.gliwice.pl\/sp15\/blog\/2023\/04\/17\/rozstrzygniecie-konkursu-na-pomyslowe-nakrycie-glowy-pt-owocowy-zawrot-glowy\/\"><img decoding=\"async\" src=\"https:\/\/zsp12.gliwice.pl\/sp15\/wp-content\/uploads\/sites\/11\/2023\/04\/20230415_152501-Copy-1-768x1024.jpg\" alt= \"Rozstrzygni\u0119cie konkursu na pomys\u0142owe nakrycie g\u0142owy pt. \u201cOwocowy zawr\u00f3t g\u0142owy\u201d\" title = \"Rozstrzygni\u0119cie konkursu na pomys\u0142owe nakrycie g\u0142owy pt. \u201cOwocowy zawr\u00f3t g\u0142owy\u201d\" \/><\/a><a class=\"img-post\" href=\"https:\/\/zsp12.gliwice.pl\/sp15\/blog\/2023\/04\/17\/rozstrzygniecie-konkursu-na-pomyslowe-nakrycie-glowy-pt-owocowy-zawrot-glowy\/\"><img decoding=\"async\" src=\"https:\/\/zsp12.gliwice.pl\/sp15\/wp-content\/uploads\/sites\/11\/2023\/04\/20230415_152501-Copy-1-768x1024.jpg\" alt= \"Rozstrzygni\u0119cie konkursu na pomys\u0142owe nakrycie g\u0142owy pt. \u201cOwocowy zawr\u00f3t g\u0142owy\u201d\" title = \"Rozstrzygni\u0119cie konkursu na pomys\u0142owe nakrycie g\u0142owy pt. \u201cOwocowy zawr\u00f3t g\u0142owy\u201d\" \/><\/a><\/div><div class=\"article-title-wrapper\"><h5><a href=\"https:\/\/zsp12.gliwice.pl\/sp15\/blog\/2023\/04\/17\/rozstrzygniecie-konkursu-na-pomyslowe-nakrycie-glowy-pt-owocowy-zawrot-glowy\/\" class=\"article-title\">Rozstrzygni\u0119cie konkursu na pomys\u0142owe nakrycie g\u0142owy pt. \u201cOwocowy zawr\u00f3t g\u0142owy\u201d<\/a><\/h5><\/div>\t\t\t<\/div>\n\t\t<\/div>\n\t\t\t\t<div class=\"col-md-4 col-sm-4\">\n\t\t\t<div class=\"item-post post-10762 post type-post status-publish format-standard has-post-thumbnail hentry category-aktualnosci category-archiwum\">\n\t\t\t\t<div class=\"article-image\"><a class=\"img-post-mobile\" href=\"https:\/\/zsp12.gliwice.pl\/sp15\/blog\/2022\/02\/09\/podziekowania-od-klubu-gaja\/\"><img decoding=\"async\" src=\"https:\/\/zsp12.gliwice.pl\/sp15\/wp-content\/uploads\/sites\/11\/2022\/02\/podziekowanie-1-724x1024.jpg\" alt= \"Podzi\u0119kowania od Klubu Gaja\" title = \"Podzi\u0119kowania od Klubu Gaja\" \/><\/a><a class=\"img-post\" href=\"https:\/\/zsp12.gliwice.pl\/sp15\/blog\/2022\/02\/09\/podziekowania-od-klubu-gaja\/\"><img decoding=\"async\" src=\"https:\/\/zsp12.gliwice.pl\/sp15\/wp-content\/uploads\/sites\/11\/2022\/02\/podziekowanie-1-724x1024.jpg\" alt= \"Podzi\u0119kowania od Klubu Gaja\" title = \"Podzi\u0119kowania od Klubu Gaja\" \/><\/a><\/div><div class=\"article-title-wrapper\"><h5><a href=\"https:\/\/zsp12.gliwice.pl\/sp15\/blog\/2022\/02\/09\/podziekowania-od-klubu-gaja\/\" class=\"article-title\">Podzi\u0119kowania od Klubu Gaja<\/a><\/h5><\/div>\t\t\t<\/div>\n\t\t<\/div>\n\t\t\t\t<div class=\"col-md-4 col-sm-4\">\n\t\t\t<div class=\"item-post post-11710 post type-post status-publish format-standard has-post-thumbnail hentry category-aktualnosci category-archiwum\">\n\t\t\t\t<div class=\"article-image\"><a class=\"img-post-mobile\" href=\"https:\/\/zsp12.gliwice.pl\/sp15\/blog\/2022\/04\/14\/miedzynarodowy-dzien-tanca-29-kwietnia\/\"><img decoding=\"async\" src=\"https:\/\/zsp12.gliwice.pl\/sp15\/wp-content\/uploads\/sites\/11\/2022\/04\/CANVA_plakat-dzie\u0144-ta\u0144ca-1-733x1024.jpg\" alt= \"Mi\u0119dzynarodowy Dzie\u0144 Ta\u0144ca &#8211; 29 kwietnia\" title = \"Mi\u0119dzynarodowy Dzie\u0144 Ta\u0144ca &#8211; 29 kwietnia\" \/><\/a><a class=\"img-post\" href=\"https:\/\/zsp12.gliwice.pl\/sp15\/blog\/2022\/04\/14\/miedzynarodowy-dzien-tanca-29-kwietnia\/\"><img decoding=\"async\" src=\"https:\/\/zsp12.gliwice.pl\/sp15\/wp-content\/uploads\/sites\/11\/2022\/04\/CANVA_plakat-dzie\u0144-ta\u0144ca-1-733x1024.jpg\" alt= \"Mi\u0119dzynarodowy Dzie\u0144 Ta\u0144ca &#8211; 29 kwietnia\" title = \"Mi\u0119dzynarodowy Dzie\u0144 Ta\u0144ca &#8211; 29 kwietnia\" \/><\/a><\/div><div class=\"article-title-wrapper\"><h5><a href=\"https:\/\/zsp12.gliwice.pl\/sp15\/blog\/2022\/04\/14\/miedzynarodowy-dzien-tanca-29-kwietnia\/\" class=\"article-title\">Mi\u0119dzynarodowy Dzie\u0144 Ta\u0144ca &#8211; 29 kwietnia<\/a><\/h5><\/div>\t\t\t<\/div>\n\t\t<\/div>\n\t\t\t\t<div class=\"col-md-4 col-sm-4\">\n\t\t\t<div class=\"item-post post-11947 post type-post status-publish format-standard has-post-thumbnail hentry category-aktualnosci category-archiwum\">\n\t\t\t\t<div class=\"article-image\"><a class=\"img-post-mobile\" href=\"https:\/\/zsp12.gliwice.pl\/sp15\/blog\/2022\/05\/09\/rekrutacja-do-sp15-na-rok-szkolny-2022-2022\/\"><img decoding=\"async\" src=\"https:\/\/zsp12.gliwice.pl\/sp15\/wp-content\/uploads\/sites\/11\/2022\/05\/Rekrutacja_na_rok_szkolny_2022_2023-1-1024x724.jpg\" alt= \"Rekrutacja do SP15 na rok szkolny 2022\/2023\" title = \"Rekrutacja do SP15 na rok szkolny 2022\/2023\" \/><\/a><a class=\"img-post\" href=\"https:\/\/zsp12.gliwice.pl\/sp15\/blog\/2022\/05\/09\/rekrutacja-do-sp15-na-rok-szkolny-2022-2022\/\"><img decoding=\"async\" src=\"https:\/\/zsp12.gliwice.pl\/sp15\/wp-content\/uploads\/sites\/11\/2022\/05\/Rekrutacja_na_rok_szkolny_2022_2023-1-1024x724.jpg\" alt= \"Rekrutacja do SP15 na rok szkolny 2022\/2023\" title = \"Rekrutacja do SP15 na rok szkolny 2022\/2023\" \/><\/a><\/div><div class=\"article-title-wrapper\"><h5><a href=\"https:\/\/zsp12.gliwice.pl\/sp15\/blog\/2022\/05\/09\/rekrutacja-do-sp15-na-rok-szkolny-2022-2022\/\" class=\"article-title\">Rekrutacja do SP15 na rok szkolny 2022\/2023<\/a><\/h5><\/div>\t\t\t<\/div>\n\t\t<\/div>\n\t\t\t\t<div class=\"col-md-4 col-sm-4\">\n\t\t\t<div class=\"item-post post-13287 post type-post status-publish format-standard has-post-thumbnail hentry category-aktualnosci category-archiwum\">\n\t\t\t\t<div class=\"article-image\"><a class=\"img-post-mobile\" href=\"https:\/\/zsp12.gliwice.pl\/sp15\/blog\/2022\/07\/07\/polkolonie-letnie-2022-dzien-ix-7-07-2022-r\/\"><img decoding=\"async\" src=\"https:\/\/zsp12.gliwice.pl\/sp15\/wp-content\/uploads\/sites\/11\/2022\/07\/2da018c5-de76-4ce8-9521-e6350c846d64-Copy-768x1024.jpg\" alt= \"P\u00d3\u0141KOLONIE LETNIE 2022 \u2013 DZIE\u0143 IX 7.07.2022 r.\" title = \"P\u00d3\u0141KOLONIE LETNIE 2022 \u2013 DZIE\u0143 IX 7.07.2022 r.\" \/><\/a><a class=\"img-post\" href=\"https:\/\/zsp12.gliwice.pl\/sp15\/blog\/2022\/07\/07\/polkolonie-letnie-2022-dzien-ix-7-07-2022-r\/\"><img decoding=\"async\" src=\"https:\/\/zsp12.gliwice.pl\/sp15\/wp-content\/uploads\/sites\/11\/2022\/07\/2da018c5-de76-4ce8-9521-e6350c846d64-Copy-768x1024.jpg\" alt= \"P\u00d3\u0141KOLONIE LETNIE 2022 \u2013 DZIE\u0143 IX 7.07.2022 r.\" title = \"P\u00d3\u0141KOLONIE LETNIE 2022 \u2013 DZIE\u0143 IX 7.07.2022 r.\" \/><\/a><\/div><div class=\"article-title-wrapper\"><h5><a href=\"https:\/\/zsp12.gliwice.pl\/sp15\/blog\/2022\/07\/07\/polkolonie-letnie-2022-dzien-ix-7-07-2022-r\/\" class=\"article-title\">P\u00d3\u0141KOLONIE LETNIE 2022 \u2013 DZIE\u0143 IX 7.07.2022 r.<\/a><\/h5><\/div>\t\t\t<\/div>\n\t\t<\/div>\n\t\t\t\t<div class=\"col-md-4 col-sm-4\">\n\t\t\t<div class=\"item-post post-14434 post type-post status-publish format-standard has-post-thumbnail hentry category-aktualnosci category-archiwum\">\n\t\t\t\t<div class=\"article-image\"><a class=\"img-post-mobile\" href=\"https:\/\/zsp12.gliwice.pl\/sp15\/blog\/2022\/11\/18\/mikolajki-z-robotami-kiermasz-swiateczny\/\"><img decoding=\"async\" src=\"https:\/\/zsp12.gliwice.pl\/sp15\/wp-content\/uploads\/sites\/11\/2022\/11\/mikolajki_plakat_2022_Easy-Resize.com_-723x1024.jpg\" alt= \"Miko\u0142ajki z robotami \u2013 Kiermasz \u015awi\u0105teczny\" title = \"Miko\u0142ajki z robotami \u2013 Kiermasz \u015awi\u0105teczny\" \/><\/a><a class=\"img-post\" href=\"https:\/\/zsp12.gliwice.pl\/sp15\/blog\/2022\/11\/18\/mikolajki-z-robotami-kiermasz-swiateczny\/\"><img decoding=\"async\" src=\"https:\/\/zsp12.gliwice.pl\/sp15\/wp-content\/uploads\/sites\/11\/2022\/11\/mikolajki_plakat_2022_Easy-Resize.com_-723x1024.jpg\" alt= \"Miko\u0142ajki z robotami \u2013 Kiermasz \u015awi\u0105teczny\" title = \"Miko\u0142ajki z robotami \u2013 Kiermasz \u015awi\u0105teczny\" \/><\/a><\/div><div class=\"article-title-wrapper\"><h5><a href=\"https:\/\/zsp12.gliwice.pl\/sp15\/blog\/2022\/11\/18\/mikolajki-z-robotami-kiermasz-swiateczny\/\" class=\"article-title\">Miko\u0142ajki z robotami \u2013 Kiermasz \u015awi\u0105teczny<\/a><\/h5><\/div>\t\t\t<\/div>\n\t\t<\/div>\n\t\t\t\t<div class=\"col-md-4 col-sm-4\">\n\t\t\t<div class=\"item-post post-15445 post type-post status-publish format-standard has-post-thumbnail hentry category-archiwum\">\n\t\t\t\t<div class=\"article-image\"><a class=\"img-post-mobile\" href=\"https:\/\/zsp12.gliwice.pl\/sp15\/blog\/2023\/03\/16\/konkurs-z-okazji-dnia-swietego-patryka\/\"><img decoding=\"async\" src=\"https:\/\/zsp12.gliwice.pl\/sp15\/wp-content\/uploads\/sites\/11\/2023\/03\/Beige-and-Green-Feminine-St.-Patrick-Day-Instagram-Post-Copy-1024x1024.jpg\" alt= \"Konkurs z okazji Dnia \u015awi\u0119tego Patryka\" title = \"Konkurs z okazji Dnia \u015awi\u0119tego Patryka\" \/><\/a><a class=\"img-post\" href=\"https:\/\/zsp12.gliwice.pl\/sp15\/blog\/2023\/03\/16\/konkurs-z-okazji-dnia-swietego-patryka\/\"><img decoding=\"async\" src=\"https:\/\/zsp12.gliwice.pl\/sp15\/wp-content\/uploads\/sites\/11\/2023\/03\/Beige-and-Green-Feminine-St.-Patrick-Day-Instagram-Post-Copy-1024x1024.jpg\" alt= \"Konkurs z okazji Dnia \u015awi\u0119tego Patryka\" title = \"Konkurs z okazji Dnia \u015awi\u0119tego Patryka\" \/><\/a><\/div><div class=\"article-title-wrapper\"><h5><a href=\"https:\/\/zsp12.gliwice.pl\/sp15\/blog\/2023\/03\/16\/konkurs-z-okazji-dnia-swietego-patryka\/\" class=\"article-title\">Konkurs z okazji Dnia \u015awi\u0119tego Patryka<\/a><\/h5><\/div>\t\t\t<\/div>\n\t\t<\/div>\n\t\t\t\t<div class=\"col-md-4 col-sm-4\">\n\t\t\t<div class=\"item-post post-11261 post type-post status-publish format-standard has-post-thumbnail hentry category-aktualnosci category-archiwum\">\n\t\t\t\t<div class=\"article-image\"><a class=\"img-post-mobile\" href=\"https:\/\/zsp12.gliwice.pl\/sp15\/blog\/2022\/02\/23\/opinia-rodzicow-o-szkole-wyniki-ankiety\/\"><img decoding=\"async\" src=\"https:\/\/zsp12.gliwice.pl\/sp15\/wp-content\/uploads\/sites\/11\/2023\/06\/admin-ajax.jpg\" alt= \"OPINIA RODZIC\u00d3W O SZKOLE &#8211; Wyniki ankiety\" title = \"OPINIA RODZIC\u00d3W O SZKOLE &#8211; Wyniki ankiety\" \/><\/a><a class=\"img-post\" href=\"https:\/\/zsp12.gliwice.pl\/sp15\/blog\/2022\/02\/23\/opinia-rodzicow-o-szkole-wyniki-ankiety\/\"><img decoding=\"async\" src=\"https:\/\/zsp12.gliwice.pl\/sp15\/wp-content\/uploads\/sites\/11\/2023\/06\/admin-ajax.jpg\" alt= \"OPINIA RODZIC\u00d3W O SZKOLE &#8211; Wyniki ankiety\" title = \"OPINIA RODZIC\u00d3W O SZKOLE &#8211; Wyniki ankiety\" \/><\/a><\/div><div class=\"article-title-wrapper\"><h5><a href=\"https:\/\/zsp12.gliwice.pl\/sp15\/blog\/2022\/02\/23\/opinia-rodzicow-o-szkole-wyniki-ankiety\/\" class=\"article-title\">OPINIA RODZIC\u00d3W O SZKOLE &#8211; Wyniki ankiety<\/a><\/h5><\/div>\t\t\t<\/div>\n\t\t<\/div>\n\t\t\t\t<div class=\"col-md-4 col-sm-4\">\n\t\t\t<div class=\"item-post post-12121 post type-post status-publish format-standard has-post-thumbnail hentry category-aktualnosci category-archiwum\">\n\t\t\t\t<div class=\"article-image\"><a class=\"img-post-mobile\" href=\"https:\/\/zsp12.gliwice.pl\/sp15\/blog\/2022\/06\/07\/laureaci-konkursu-wojewodzkiego-bunte-malgedichte\/\"><img decoding=\"async\" src=\"https:\/\/zsp12.gliwice.pl\/sp15\/wp-content\/uploads\/sites\/11\/2022\/06\/7-1024x895.jpg\" alt= \"LAUREACI KONKURSU WOJEW\u00d3DZKIEGO &#8220;Bunte Malgedichte&#8221;\" title = \"LAUREACI KONKURSU WOJEW\u00d3DZKIEGO &#8220;Bunte Malgedichte&#8221;\" \/><\/a><a class=\"img-post\" href=\"https:\/\/zsp12.gliwice.pl\/sp15\/blog\/2022\/06\/07\/laureaci-konkursu-wojewodzkiego-bunte-malgedichte\/\"><img decoding=\"async\" src=\"https:\/\/zsp12.gliwice.pl\/sp15\/wp-content\/uploads\/sites\/11\/2022\/06\/7-1024x895.jpg\" alt= \"LAUREACI KONKURSU WOJEW\u00d3DZKIEGO &#8220;Bunte Malgedichte&#8221;\" title = \"LAUREACI KONKURSU WOJEW\u00d3DZKIEGO &#8220;Bunte Malgedichte&#8221;\" \/><\/a><\/div><div class=\"article-title-wrapper\"><h5><a href=\"https:\/\/zsp12.gliwice.pl\/sp15\/blog\/2022\/06\/07\/laureaci-konkursu-wojewodzkiego-bunte-malgedichte\/\" class=\"article-title\">LAUREACI KONKURSU WOJEW\u00d3DZKIEGO &#8220;Bunte Malgedichte&#8221;<\/a><\/h5><\/div>\t\t\t<\/div>\n\t\t<\/div>\n\t\t\t\t<div class=\"col-md-4 col-sm-4\">\n\t\t\t<div class=\"item-post post-13622 post type-post status-publish format-standard has-post-thumbnail hentry category-aktualnosci category-archiwum\">\n\t\t\t\t<div class=\"article-image\"><a class=\"img-post-mobile\" href=\"https:\/\/zsp12.gliwice.pl\/sp15\/blog\/2022\/10\/04\/sprawozdanie-z-wykorzystania-sprzetu-zakupionego-w-ramach-laboratorium-przyszlosci-wrzesien-2022\/\"><img decoding=\"async\" src=\"https:\/\/zsp12.gliwice.pl\/sp15\/wp-content\/uploads\/sites\/11\/2022\/10\/20220902_110934.jpg\" alt= \"Sprawozdanie z wykorzystania sprz\u0119tu zakupionego w ramach Laboratorium Przysz\u0142o\u015bci \u2013 wrzesie\u0144 2022\" title = \"Sprawozdanie z wykorzystania sprz\u0119tu zakupionego w ramach Laboratorium Przysz\u0142o\u015bci \u2013 wrzesie\u0144 2022\" \/><\/a><a class=\"img-post\" href=\"https:\/\/zsp12.gliwice.pl\/sp15\/blog\/2022\/10\/04\/sprawozdanie-z-wykorzystania-sprzetu-zakupionego-w-ramach-laboratorium-przyszlosci-wrzesien-2022\/\"><img decoding=\"async\" src=\"https:\/\/zsp12.gliwice.pl\/sp15\/wp-content\/uploads\/sites\/11\/2022\/10\/20220902_110934.jpg\" alt= \"Sprawozdanie z wykorzystania sprz\u0119tu zakupionego w ramach Laboratorium Przysz\u0142o\u015bci \u2013 wrzesie\u0144 2022\" title = \"Sprawozdanie z wykorzystania sprz\u0119tu zakupionego w ramach Laboratorium Przysz\u0142o\u015bci \u2013 wrzesie\u0144 2022\" \/><\/a><\/div><div class=\"article-title-wrapper\"><h5><a href=\"https:\/\/zsp12.gliwice.pl\/sp15\/blog\/2022\/10\/04\/sprawozdanie-z-wykorzystania-sprzetu-zakupionego-w-ramach-laboratorium-przyszlosci-wrzesien-2022\/\" class=\"article-title\">Sprawozdanie z wykorzystania sprz\u0119tu zakupionego w ramach Laboratorium Przysz\u0142o\u015bci \u2013 wrzesie\u0144 2022<\/a><\/h5><\/div>\t\t\t<\/div>\n\t\t<\/div>\n\t\t\t\t<div class=\"col-md-4 col-sm-4\">\n\t\t\t<div class=\"item-post post-14673 post type-post status-publish format-standard has-post-thumbnail hentry category-aktualnosci category-archiwum\">\n\t\t\t\t<div class=\"article-image\"><a class=\"img-post-mobile\" href=\"https:\/\/zsp12.gliwice.pl\/sp15\/blog\/2022\/12\/22\/final-ii-wojewodzkiego-konkursu-historycznego-pt-moja-ojczyzna-moj-region-w-okresie-stanu-wojennego\/\"><img decoding=\"async\" src=\"https:\/\/zsp12.gliwice.pl\/sp15\/wp-content\/uploads\/sites\/11\/2022\/12\/img_20221221_145410-Copy-1024x768.jpg\" alt= \"Fina\u0142 II Wojew\u00f3dzkiego Konkursu Historycznego pt.: \u201eMoja ojczyzna, m\u00f3j region w okresie stanu wojennego\u201d\" title = \"Fina\u0142 II Wojew\u00f3dzkiego Konkursu Historycznego pt.: \u201eMoja ojczyzna, m\u00f3j region w okresie stanu wojennego\u201d\" \/><\/a><a class=\"img-post\" href=\"https:\/\/zsp12.gliwice.pl\/sp15\/blog\/2022\/12\/22\/final-ii-wojewodzkiego-konkursu-historycznego-pt-moja-ojczyzna-moj-region-w-okresie-stanu-wojennego\/\"><img decoding=\"async\" src=\"https:\/\/zsp12.gliwice.pl\/sp15\/wp-content\/uploads\/sites\/11\/2022\/12\/img_20221221_145410-Copy-1024x768.jpg\" alt= \"Fina\u0142 II Wojew\u00f3dzkiego Konkursu Historycznego pt.: \u201eMoja ojczyzna, m\u00f3j region w okresie stanu wojennego\u201d\" title = \"Fina\u0142 II Wojew\u00f3dzkiego Konkursu Historycznego pt.: \u201eMoja ojczyzna, m\u00f3j region w okresie stanu wojennego\u201d\" \/><\/a><\/div><div class=\"article-title-wrapper\"><h5><a href=\"https:\/\/zsp12.gliwice.pl\/sp15\/blog\/2022\/12\/22\/final-ii-wojewodzkiego-konkursu-historycznego-pt-moja-ojczyzna-moj-region-w-okresie-stanu-wojennego\/\" class=\"article-title\">Fina\u0142 II Wojew\u00f3dzkiego Konkursu Historycznego pt.: \u201eMoja ojczyzna, m\u00f3j region w okresie stanu wojennego\u201d<\/a><\/h5><\/div>\t\t\t<\/div>\n\t\t<\/div>\n\t\t\t\t<div class=\"col-md-4 col-sm-4\">\n\t\t\t<div class=\"item-post post-15604 post type-post status-publish format-standard has-post-thumbnail hentry category-aktualnosci category-archiwum\">\n\t\t\t\t<div class=\"article-image\"><a class=\"img-post-mobile\" href=\"https:\/\/zsp12.gliwice.pl\/sp15\/blog\/2022\/12\/22\/grudzien-na-swietlicy\/\"><img decoding=\"async\" src=\"https:\/\/zsp12.gliwice.pl\/sp15\/wp-content\/uploads\/sites\/11\/2023\/03\/IMG-20230112-WA0011-Copy-768x1024.jpg\" alt= \"Grudzie\u0144 na \u015bwietlicy\" title = \"Grudzie\u0144 na \u015bwietlicy\" \/><\/a><a class=\"img-post\" href=\"https:\/\/zsp12.gliwice.pl\/sp15\/blog\/2022\/12\/22\/grudzien-na-swietlicy\/\"><img decoding=\"async\" src=\"https:\/\/zsp12.gliwice.pl\/sp15\/wp-content\/uploads\/sites\/11\/2023\/03\/IMG-20230112-WA0011-Copy-768x1024.jpg\" alt= \"Grudzie\u0144 na \u015bwietlicy\" title = \"Grudzie\u0144 na \u015bwietlicy\" \/><\/a><\/div><div class=\"article-title-wrapper\"><h5><a href=\"https:\/\/zsp12.gliwice.pl\/sp15\/blog\/2022\/12\/22\/grudzien-na-swietlicy\/\" class=\"article-title\">Grudzie\u0144 na \u015bwietlicy<\/a><\/h5><\/div>\t\t\t<\/div>\n\t\t<\/div>\n\t\t\t\t<div class=\"col-md-4 col-sm-4\">\n\t\t\t<div class=\"item-post post-11489 post type-post status-publish format-standard has-post-thumbnail hentry category-aktualnosci category-archiwum category-informacje\">\n\t\t\t\t<div class=\"article-image\"><a class=\"img-post-mobile\" href=\"https:\/\/zsp12.gliwice.pl\/sp15\/blog\/2022\/03\/24\/swiatowy-dzien-liczby-%cf%80\/\"><img decoding=\"async\" src=\"https:\/\/zsp12.gliwice.pl\/sp15\/wp-content\/uploads\/sites\/11\/2022\/03\/IMG_20220314_100404-1024x768.jpg\" alt= \"\u015awiatowy Dzie\u0144 Liczby \u03c0\" title = \"\u015awiatowy Dzie\u0144 Liczby \u03c0\" \/><\/a><a class=\"img-post\" href=\"https:\/\/zsp12.gliwice.pl\/sp15\/blog\/2022\/03\/24\/swiatowy-dzien-liczby-%cf%80\/\"><img decoding=\"async\" src=\"https:\/\/zsp12.gliwice.pl\/sp15\/wp-content\/uploads\/sites\/11\/2022\/03\/IMG_20220314_100404-1024x768.jpg\" alt= \"\u015awiatowy Dzie\u0144 Liczby \u03c0\" title = \"\u015awiatowy Dzie\u0144 Liczby \u03c0\" \/><\/a><\/div><div class=\"article-title-wrapper\"><h5><a href=\"https:\/\/zsp12.gliwice.pl\/sp15\/blog\/2022\/03\/24\/swiatowy-dzien-liczby-%cf%80\/\" class=\"article-title\">\u015awiatowy Dzie\u0144 Liczby \u03c0<\/a><\/h5><\/div>\t\t\t<\/div>\n\t\t<\/div>\n\t\t\t\t<div class=\"col-md-4 col-sm-4\">\n\t\t\t<div class=\"item-post post-12396 post type-post status-publish format-standard has-post-thumbnail hentry category-aktualnosci category-archiwum category-informacje\">\n\t\t\t\t<div class=\"article-image\"><a class=\"img-post-mobile\" href=\"https:\/\/zsp12.gliwice.pl\/sp15\/blog\/2022\/06\/27\/pozegnanie-osmoklasistow\/\"><img decoding=\"async\" src=\"https:\/\/zsp12.gliwice.pl\/sp15\/wp-content\/uploads\/sites\/11\/2022\/06\/8-1024x680.jpg\" alt= \"PO\u017bEGNANIE \u00d3SMOKLASIST\u00d3W\" title = \"PO\u017bEGNANIE \u00d3SMOKLASIST\u00d3W\" \/><\/a><a class=\"img-post\" href=\"https:\/\/zsp12.gliwice.pl\/sp15\/blog\/2022\/06\/27\/pozegnanie-osmoklasistow\/\"><img decoding=\"async\" src=\"https:\/\/zsp12.gliwice.pl\/sp15\/wp-content\/uploads\/sites\/11\/2022\/06\/8-1024x680.jpg\" alt= \"PO\u017bEGNANIE \u00d3SMOKLASIST\u00d3W\" title = \"PO\u017bEGNANIE \u00d3SMOKLASIST\u00d3W\" \/><\/a><\/div><div class=\"article-title-wrapper\"><h5><a href=\"https:\/\/zsp12.gliwice.pl\/sp15\/blog\/2022\/06\/27\/pozegnanie-osmoklasistow\/\" class=\"article-title\">PO\u017bEGNANIE \u00d3SMOKLASIST\u00d3W<\/a><\/h5><\/div>\t\t\t<\/div>\n\t\t<\/div>\n\t\t\t\t<div class=\"col-md-4 col-sm-4\">\n\t\t\t<div class=\"item-post post-14001 post type-post status-publish format-standard has-post-thumbnail hentry category-aktualnosci category-archiwum category-informacje\">\n\t\t\t\t<div class=\"article-image\"><a class=\"img-post-mobile\" href=\"https:\/\/zsp12.gliwice.pl\/sp15\/blog\/2022\/10\/13\/wybory-do-samorzadu-uczniowskiego-sp-15\/\"><img decoding=\"async\" src=\"https:\/\/zsp12.gliwice.pl\/sp15\/wp-content\/uploads\/sites\/11\/2022\/10\/K10-Copy-1024x723.jpg\" alt= \"Wybory do Samorz\u0105du Uczniowskiego SP 15\" title = \"Wybory do Samorz\u0105du Uczniowskiego SP 15\" \/><\/a><a class=\"img-post\" href=\"https:\/\/zsp12.gliwice.pl\/sp15\/blog\/2022\/10\/13\/wybory-do-samorzadu-uczniowskiego-sp-15\/\"><img decoding=\"async\" src=\"https:\/\/zsp12.gliwice.pl\/sp15\/wp-content\/uploads\/sites\/11\/2022\/10\/K10-Copy-1024x723.jpg\" alt= \"Wybory do Samorz\u0105du Uczniowskiego SP 15\" title = \"Wybory do Samorz\u0105du Uczniowskiego SP 15\" \/><\/a><\/div><div class=\"article-title-wrapper\"><h5><a href=\"https:\/\/zsp12.gliwice.pl\/sp15\/blog\/2022\/10\/13\/wybory-do-samorzadu-uczniowskiego-sp-15\/\" class=\"article-title\">Wybory do Samorz\u0105du Uczniowskiego SP 15<\/a><\/h5><\/div>\t\t\t<\/div>\n\t\t<\/div>\n\t\t\t\t<div class=\"col-md-4 col-sm-4\">\n\t\t\t<div class=\"item-post post-15105 post type-post status-publish format-standard has-post-thumbnail hentry category-aktualnosci category-archiwum\">\n\t\t\t\t<div class=\"article-image\"><a class=\"img-post-mobile\" href=\"https:\/\/zsp12.gliwice.pl\/sp15\/blog\/2023\/01\/24\/polkolonie-zimowe-16-01-2023-20-01-2023-dzien-v-piatek-20-01-2023\/\"><img decoding=\"async\" src=\"https:\/\/zsp12.gliwice.pl\/sp15\/wp-content\/uploads\/sites\/11\/2023\/01\/cd96d2b9-d3a8-42de-8fa3-df48f8a6be35-Copy-576x1024.jpg\" alt= \"P\u00d3\u0141KOLONIE ZIMOWE 16.01.2023 \u2013 20.01.2023 &#8211; DZIE\u0143 V PI\u0104TEK 20.01.2023\" title = \"P\u00d3\u0141KOLONIE ZIMOWE 16.01.2023 \u2013 20.01.2023 &#8211; DZIE\u0143 V PI\u0104TEK 20.01.2023\" \/><\/a><a class=\"img-post\" href=\"https:\/\/zsp12.gliwice.pl\/sp15\/blog\/2023\/01\/24\/polkolonie-zimowe-16-01-2023-20-01-2023-dzien-v-piatek-20-01-2023\/\"><img decoding=\"async\" src=\"https:\/\/zsp12.gliwice.pl\/sp15\/wp-content\/uploads\/sites\/11\/2023\/01\/cd96d2b9-d3a8-42de-8fa3-df48f8a6be35-Copy-576x1024.jpg\" alt= \"P\u00d3\u0141KOLONIE ZIMOWE 16.01.2023 \u2013 20.01.2023 &#8211; DZIE\u0143 V PI\u0104TEK 20.01.2023\" title = \"P\u00d3\u0141KOLONIE ZIMOWE 16.01.2023 \u2013 20.01.2023 &#8211; DZIE\u0143 V PI\u0104TEK 20.01.2023\" \/><\/a><\/div><div class=\"article-title-wrapper\"><h5><a href=\"https:\/\/zsp12.gliwice.pl\/sp15\/blog\/2023\/01\/24\/polkolonie-zimowe-16-01-2023-20-01-2023-dzien-v-piatek-20-01-2023\/\" class=\"article-title\">P\u00d3\u0141KOLONIE ZIMOWE 16.01.2023 \u2013 20.01.2023 &#8211; DZIE\u0143 V PI\u0104TEK 20.01.2023<\/a><\/h5><\/div>\t\t\t<\/div>\n\t\t<\/div>\n\t\t\t\t<div class=\"col-md-4 col-sm-4\">\n\t\t\t<div class=\"item-post post-15784 post type-post status-publish format-standard has-post-thumbnail hentry category-archiwum\">\n\t\t\t\t<div class=\"article-image\"><a class=\"img-post-mobile\" href=\"https:\/\/zsp12.gliwice.pl\/sp15\/blog\/2023\/04\/20\/warsztaty-pt-cheder-dzien-w-zydowskiej-szkole\/\"><img decoding=\"async\" src=\"https:\/\/zsp12.gliwice.pl\/sp15\/wp-content\/uploads\/sites\/11\/2023\/04\/19.4-Copy-1024x576.jpg\" alt= \"Warsztaty pt. \u201eCheder \u2013 dzie\u0144 w \u017cydowskiej szkole\u201d\" title = \"Warsztaty pt. \u201eCheder \u2013 dzie\u0144 w \u017cydowskiej szkole\u201d\" \/><\/a><a class=\"img-post\" href=\"https:\/\/zsp12.gliwice.pl\/sp15\/blog\/2023\/04\/20\/warsztaty-pt-cheder-dzien-w-zydowskiej-szkole\/\"><img decoding=\"async\" src=\"https:\/\/zsp12.gliwice.pl\/sp15\/wp-content\/uploads\/sites\/11\/2023\/04\/19.4-Copy-1024x576.jpg\" alt= \"Warsztaty pt. \u201eCheder \u2013 dzie\u0144 w \u017cydowskiej szkole\u201d\" title = \"Warsztaty pt. \u201eCheder \u2013 dzie\u0144 w \u017cydowskiej szkole\u201d\" \/><\/a><\/div><div class=\"article-title-wrapper\"><h5><a href=\"https:\/\/zsp12.gliwice.pl\/sp15\/blog\/2023\/04\/20\/warsztaty-pt-cheder-dzien-w-zydowskiej-szkole\/\" class=\"article-title\">Warsztaty pt. \u201eCheder \u2013 dzie\u0144 w \u017cydowskiej szkole\u201d<\/a><\/h5><\/div>\t\t\t<\/div>\n\t\t<\/div>\n\t\t\t\t<div class=\"col-md-4 col-sm-4\">\n\t\t\t<div class=\"item-post post-10766 post type-post status-publish format-standard has-post-thumbnail hentry category-aktualnosci category-archiwum\">\n\t\t\t\t<div class=\"article-image\"><a class=\"img-post-mobile\" href=\"https:\/\/zsp12.gliwice.pl\/sp15\/blog\/2022\/02\/09\/projekt-pt-radiostacja-gliwicka\/\"><img decoding=\"async\" src=\"https:\/\/zsp12.gliwice.pl\/sp15\/wp-content\/uploads\/sites\/11\/2022\/02\/image_67213057-1024x768.jpg\" alt= \"Projekt pt. ,,Radiostacja Gliwicka\u201d\" title = \"Projekt pt. ,,Radiostacja Gliwicka\u201d\" \/><\/a><a class=\"img-post\" href=\"https:\/\/zsp12.gliwice.pl\/sp15\/blog\/2022\/02\/09\/projekt-pt-radiostacja-gliwicka\/\"><img decoding=\"async\" src=\"https:\/\/zsp12.gliwice.pl\/sp15\/wp-content\/uploads\/sites\/11\/2022\/02\/image_67213057-1024x768.jpg\" alt= \"Projekt pt. ,,Radiostacja Gliwicka\u201d\" title = \"Projekt pt. ,,Radiostacja Gliwicka\u201d\" \/><\/a><\/div><div class=\"article-title-wrapper\"><h5><a href=\"https:\/\/zsp12.gliwice.pl\/sp15\/blog\/2022\/02\/09\/projekt-pt-radiostacja-gliwicka\/\" class=\"article-title\">Projekt pt. ,,Radiostacja Gliwicka\u201d<\/a><\/h5><\/div>\t\t\t<\/div>\n\t\t<\/div>\n\t\t\t\t<div class=\"col-md-4 col-sm-4\">\n\t\t\t<div class=\"item-post post-11714 post type-post status-publish format-standard has-post-thumbnail hentry category-aktualnosci category-archiwum\">\n\t\t\t\t<div class=\"article-image\"><a class=\"img-post-mobile\" href=\"https:\/\/zsp12.gliwice.pl\/sp15\/blog\/2022\/04\/15\/swiateczne-zyczenia-od-uczniow-jezyka-mniejszosci-niemieckiej\/\"><img decoding=\"async\" src=\"https:\/\/zsp12.gliwice.pl\/sp15\/wp-content\/uploads\/sites\/11\/2022\/04\/5-O-1024x768.jpg\" alt= \"\u015aWI\u0104TECZNE \u017bYCZENIA OD UCZNI\u00d3W J\u0118ZYKA MNIEJSZO\u015aCI NIEMIECKIEJ\" title = \"\u015aWI\u0104TECZNE \u017bYCZENIA OD UCZNI\u00d3W J\u0118ZYKA MNIEJSZO\u015aCI NIEMIECKIEJ\" \/><\/a><a class=\"img-post\" href=\"https:\/\/zsp12.gliwice.pl\/sp15\/blog\/2022\/04\/15\/swiateczne-zyczenia-od-uczniow-jezyka-mniejszosci-niemieckiej\/\"><img decoding=\"async\" src=\"https:\/\/zsp12.gliwice.pl\/sp15\/wp-content\/uploads\/sites\/11\/2022\/04\/5-O-1024x768.jpg\" alt= \"\u015aWI\u0104TECZNE \u017bYCZENIA OD UCZNI\u00d3W J\u0118ZYKA MNIEJSZO\u015aCI NIEMIECKIEJ\" title = \"\u015aWI\u0104TECZNE \u017bYCZENIA OD UCZNI\u00d3W J\u0118ZYKA MNIEJSZO\u015aCI NIEMIECKIEJ\" \/><\/a><\/div><div class=\"article-title-wrapper\"><h5><a href=\"https:\/\/zsp12.gliwice.pl\/sp15\/blog\/2022\/04\/15\/swiateczne-zyczenia-od-uczniow-jezyka-mniejszosci-niemieckiej\/\" class=\"article-title\">\u015aWI\u0104TECZNE \u017bYCZENIA OD UCZNI\u00d3W J\u0118ZYKA MNIEJSZO\u015aCI NIEMIECKIEJ<\/a><\/h5><\/div>\t\t\t<\/div>\n\t\t<\/div>\n\t\t\t\t<div class=\"col-md-4 col-sm-4\">\n\t\t\t<div class=\"item-post post-11952 post type-post status-publish format-standard has-post-thumbnail hentry category-aktualnosci category-archiwum\">\n\t\t\t\t<div class=\"article-image\"><a class=\"img-post-mobile\" href=\"https:\/\/zsp12.gliwice.pl\/sp15\/blog\/2022\/05\/10\/klasa-1-c-przygotowala-czesc-artystyczna-z-okazji-swieta-konstytucji-3-maja\/\"><img decoding=\"async\" src=\"https:\/\/zsp12.gliwice.pl\/sp15\/wp-content\/uploads\/sites\/11\/2023\/06\/admin-ajax.jpg\" alt= \"Klasa 1 c przygotowa\u0142a cz\u0119\u015b\u0107 artystyczn\u0105 z okazji \u015awi\u0119ta Konstytucji 3 Maja\" title = \"Klasa 1 c przygotowa\u0142a cz\u0119\u015b\u0107 artystyczn\u0105 z okazji \u015awi\u0119ta Konstytucji 3 Maja\" \/><\/a><a class=\"img-post\" href=\"https:\/\/zsp12.gliwice.pl\/sp15\/blog\/2022\/05\/10\/klasa-1-c-przygotowala-czesc-artystyczna-z-okazji-swieta-konstytucji-3-maja\/\"><img decoding=\"async\" src=\"https:\/\/zsp12.gliwice.pl\/sp15\/wp-content\/uploads\/sites\/11\/2023\/06\/admin-ajax.jpg\" alt= \"Klasa 1 c przygotowa\u0142a cz\u0119\u015b\u0107 artystyczn\u0105 z okazji \u015awi\u0119ta Konstytucji 3 Maja\" title = \"Klasa 1 c przygotowa\u0142a cz\u0119\u015b\u0107 artystyczn\u0105 z okazji \u015awi\u0119ta Konstytucji 3 Maja\" \/><\/a><\/div><div class=\"article-title-wrapper\"><h5><a href=\"https:\/\/zsp12.gliwice.pl\/sp15\/blog\/2022\/05\/10\/klasa-1-c-przygotowala-czesc-artystyczna-z-okazji-swieta-konstytucji-3-maja\/\" class=\"article-title\">Klasa 1 c przygotowa\u0142a cz\u0119\u015b\u0107 artystyczn\u0105 z okazji \u015awi\u0119ta Konstytucji 3 Maja<\/a><\/h5><\/div>\t\t\t<\/div>\n\t\t<\/div>\n\t\t\t\t<div class=\"col-md-4 col-sm-4\">\n\t\t\t<div class=\"item-post post-13393 post type-post status-publish format-standard has-post-thumbnail hentry category-aktualnosci category-archiwum\">\n\t\t\t\t<div class=\"article-image\"><a class=\"img-post-mobile\" href=\"https:\/\/zsp12.gliwice.pl\/sp15\/blog\/2022\/07\/08\/polkolonie-letnie-2022-dzien-x-8-07-2022-r\/\"><img decoding=\"async\" src=\"https:\/\/zsp12.gliwice.pl\/sp15\/wp-content\/uploads\/sites\/11\/2022\/07\/AnyConv.com__4dcd0951-b776-45a4-b301-5832e98e4529-768x1024.jpg\" alt= \"P\u00d3\u0141KOLONIE LETNIE 2022 \u2013 DZIE\u0143 X 8.07.2022 r.\" title = \"P\u00d3\u0141KOLONIE LETNIE 2022 \u2013 DZIE\u0143 X 8.07.2022 r.\" \/><\/a><a class=\"img-post\" href=\"https:\/\/zsp12.gliwice.pl\/sp15\/blog\/2022\/07\/08\/polkolonie-letnie-2022-dzien-x-8-07-2022-r\/\"><img decoding=\"async\" src=\"https:\/\/zsp12.gliwice.pl\/sp15\/wp-content\/uploads\/sites\/11\/2022\/07\/AnyConv.com__4dcd0951-b776-45a4-b301-5832e98e4529-768x1024.jpg\" alt= \"P\u00d3\u0141KOLONIE LETNIE 2022 \u2013 DZIE\u0143 X 8.07.2022 r.\" title = \"P\u00d3\u0141KOLONIE LETNIE 2022 \u2013 DZIE\u0143 X 8.07.2022 r.\" \/><\/a><\/div><div class=\"article-title-wrapper\"><h5><a href=\"https:\/\/zsp12.gliwice.pl\/sp15\/blog\/2022\/07\/08\/polkolonie-letnie-2022-dzien-x-8-07-2022-r\/\" class=\"article-title\">P\u00d3\u0141KOLONIE LETNIE 2022 \u2013 DZIE\u0143 X 8.07.2022 r.<\/a><\/h5><\/div>\t\t\t<\/div>\n\t\t<\/div>\n\t\t\t\t<div class=\"col-md-4 col-sm-4\">\n\t\t\t<div class=\"item-post post-14437 post type-post status-publish format-standard has-post-thumbnail hentry category-aktualnosci category-archiwum\">\n\t\t\t\t<div class=\"article-image\"><a class=\"img-post-mobile\" href=\"https:\/\/zsp12.gliwice.pl\/sp15\/blog\/2022\/11\/22\/swiatowy-dzien-zyczliwosci-i-pozdrowien\/\"><img decoding=\"async\" src=\"https:\/\/zsp12.gliwice.pl\/sp15\/wp-content\/uploads\/sites\/11\/2022\/11\/IMG-20221121-WA0001-Copy-1024x498.jpg\" alt= \"\u015awiatowy Dzie\u0144 \u017byczliwo\u015bci i Pozdrowie\u0144\" title = \"\u015awiatowy Dzie\u0144 \u017byczliwo\u015bci i Pozdrowie\u0144\" \/><\/a><a class=\"img-post\" href=\"https:\/\/zsp12.gliwice.pl\/sp15\/blog\/2022\/11\/22\/swiatowy-dzien-zyczliwosci-i-pozdrowien\/\"><img decoding=\"async\" src=\"https:\/\/zsp12.gliwice.pl\/sp15\/wp-content\/uploads\/sites\/11\/2022\/11\/IMG-20221121-WA0001-Copy-1024x498.jpg\" alt= \"\u015awiatowy Dzie\u0144 \u017byczliwo\u015bci i Pozdrowie\u0144\" title = \"\u015awiatowy Dzie\u0144 \u017byczliwo\u015bci i Pozdrowie\u0144\" \/><\/a><\/div><div class=\"article-title-wrapper\"><h5><a href=\"https:\/\/zsp12.gliwice.pl\/sp15\/blog\/2022\/11\/22\/swiatowy-dzien-zyczliwosci-i-pozdrowien\/\" class=\"article-title\">\u015awiatowy Dzie\u0144 \u017byczliwo\u015bci i Pozdrowie\u0144<\/a><\/h5><\/div>\t\t\t<\/div>\n\t\t<\/div>\n\t\t\t\t<div class=\"col-md-4 col-sm-4\">\n\t\t\t<div class=\"item-post post-15448 post type-post status-publish format-standard has-post-thumbnail hentry category-archiwum\">\n\t\t\t\t<div class=\"article-image\"><a class=\"img-post-mobile\" href=\"https:\/\/zsp12.gliwice.pl\/sp15\/blog\/2023\/03\/19\/dni-otwarte-25-03\/\"><img decoding=\"async\" src=\"https:\/\/zsp12.gliwice.pl\/sp15\/wp-content\/uploads\/sites\/11\/2023\/03\/Zespol-Szkolno-\u2013-Przedszkolny-nr-12-44-102-Gliwice-ul.-Lipowa-29-NIP-631-\u2013-26-\u2013-72-\u2013-422-REGON-367338230-tel.-32-279-98-55_-fax-32-231-17-45-sekretariat@zsp12.gliwice.eu-1-Copy-724x1024.jpg\" alt= \"DNI OTWARTE &#8211; 25.03\" title = \"DNI OTWARTE &#8211; 25.03\" \/><\/a><a class=\"img-post\" href=\"https:\/\/zsp12.gliwice.pl\/sp15\/blog\/2023\/03\/19\/dni-otwarte-25-03\/\"><img decoding=\"async\" src=\"https:\/\/zsp12.gliwice.pl\/sp15\/wp-content\/uploads\/sites\/11\/2023\/03\/Zespol-Szkolno-\u2013-Przedszkolny-nr-12-44-102-Gliwice-ul.-Lipowa-29-NIP-631-\u2013-26-\u2013-72-\u2013-422-REGON-367338230-tel.-32-279-98-55_-fax-32-231-17-45-sekretariat@zsp12.gliwice.eu-1-Copy-724x1024.jpg\" alt= \"DNI OTWARTE &#8211; 25.03\" title = \"DNI OTWARTE &#8211; 25.03\" \/><\/a><\/div><div class=\"article-title-wrapper\"><h5><a href=\"https:\/\/zsp12.gliwice.pl\/sp15\/blog\/2023\/03\/19\/dni-otwarte-25-03\/\" class=\"article-title\">DNI OTWARTE &#8211; 25.03<\/a><\/h5><\/div>\t\t\t<\/div>\n\t\t<\/div>\n\t\t\t\t<div class=\"col-md-4 col-sm-4\">\n\t\t\t<div class=\"item-post post-11281 post type-post status-publish format-standard has-post-thumbnail hentry category-aktualnosci category-archiwum\">\n\t\t\t\t<div class=\"article-image\"><a class=\"img-post-mobile\" href=\"https:\/\/zsp12.gliwice.pl\/sp15\/blog\/2022\/03\/03\/konkurs-w-akumulatorku-jest-moc-%f0%9f%94%8b%f0%9f%94%8b\/\"><img decoding=\"async\" src=\"https:\/\/zsp12.gliwice.pl\/sp15\/wp-content\/uploads\/sites\/11\/2022\/03\/IMG-20220301-WA0018-1-1024x757.jpg\" alt= \"Konkurs ,,W akumulatorku jest moc&#8221; ??\" title = \"Konkurs ,,W akumulatorku jest moc&#8221; ??\" \/><\/a><a class=\"img-post\" href=\"https:\/\/zsp12.gliwice.pl\/sp15\/blog\/2022\/03\/03\/konkurs-w-akumulatorku-jest-moc-%f0%9f%94%8b%f0%9f%94%8b\/\"><img decoding=\"async\" src=\"https:\/\/zsp12.gliwice.pl\/sp15\/wp-content\/uploads\/sites\/11\/2022\/03\/IMG-20220301-WA0018-1-1024x757.jpg\" alt= \"Konkurs ,,W akumulatorku jest moc&#8221; ??\" title = \"Konkurs ,,W akumulatorku jest moc&#8221; ??\" \/><\/a><\/div><div class=\"article-title-wrapper\"><h5><a href=\"https:\/\/zsp12.gliwice.pl\/sp15\/blog\/2022\/03\/03\/konkurs-w-akumulatorku-jest-moc-%f0%9f%94%8b%f0%9f%94%8b\/\" class=\"article-title\">Konkurs ,,W akumulatorku jest moc&#8221; ??<\/a><\/h5><\/div>\t\t\t<\/div>\n\t\t<\/div>\n\t\t\t\t<div class=\"col-md-4 col-sm-4\">\n\t\t\t<div class=\"item-post post-12135 post type-post status-publish format-standard has-post-thumbnail hentry category-aktualnosci category-archiwum\">\n\t\t\t\t<div class=\"article-image\"><a class=\"img-post-mobile\" href=\"https:\/\/zsp12.gliwice.pl\/sp15\/blog\/2022\/06\/09\/wycieczka-do-do-gornoslaskiego-parku-etnograficznego-w-chorzowie\/\"><img decoding=\"async\" src=\"https:\/\/zsp12.gliwice.pl\/sp15\/wp-content\/uploads\/sites\/11\/2022\/06\/image_50422017-1024x768.jpg\" alt= \"Wycieczka do do G\u00f3rno\u015bl\u0105skiego Parku Etnograficznego w Chorzowie\" title = \"Wycieczka do do G\u00f3rno\u015bl\u0105skiego Parku Etnograficznego w Chorzowie\" \/><\/a><a class=\"img-post\" href=\"https:\/\/zsp12.gliwice.pl\/sp15\/blog\/2022\/06\/09\/wycieczka-do-do-gornoslaskiego-parku-etnograficznego-w-chorzowie\/\"><img decoding=\"async\" src=\"https:\/\/zsp12.gliwice.pl\/sp15\/wp-content\/uploads\/sites\/11\/2022\/06\/image_50422017-1024x768.jpg\" alt= \"Wycieczka do do G\u00f3rno\u015bl\u0105skiego Parku Etnograficznego w Chorzowie\" title = \"Wycieczka do do G\u00f3rno\u015bl\u0105skiego Parku Etnograficznego w Chorzowie\" \/><\/a><\/div><div class=\"article-title-wrapper\"><h5><a href=\"https:\/\/zsp12.gliwice.pl\/sp15\/blog\/2022\/06\/09\/wycieczka-do-do-gornoslaskiego-parku-etnograficznego-w-chorzowie\/\" class=\"article-title\">Wycieczka do do G\u00f3rno\u015bl\u0105skiego Parku Etnograficznego w Chorzowie<\/a><\/h5><\/div>\t\t\t<\/div>\n\t\t<\/div>\n\t\t\t\t<div class=\"col-md-4 col-sm-4\">\n\t\t\t<div class=\"item-post post-13665 post type-post status-publish format-standard has-post-thumbnail hentry category-aktualnosci category-archiwum\">\n\t\t\t\t<div class=\"article-image\"><a class=\"img-post-mobile\" href=\"https:\/\/zsp12.gliwice.pl\/sp15\/blog\/2022\/10\/10\/akcja-moj-pupil\/\"><img decoding=\"async\" src=\"https:\/\/zsp12.gliwice.pl\/sp15\/wp-content\/uploads\/sites\/11\/2022\/10\/Moj-pupil-Copy-1024x819.jpg\" alt= \"Akcja &#8220;M\u00f3j pupil&#8221;\" title = \"Akcja &#8220;M\u00f3j pupil&#8221;\" \/><\/a><a class=\"img-post\" href=\"https:\/\/zsp12.gliwice.pl\/sp15\/blog\/2022\/10\/10\/akcja-moj-pupil\/\"><img decoding=\"async\" src=\"https:\/\/zsp12.gliwice.pl\/sp15\/wp-content\/uploads\/sites\/11\/2022\/10\/Moj-pupil-Copy-1024x819.jpg\" alt= \"Akcja &#8220;M\u00f3j pupil&#8221;\" title = \"Akcja &#8220;M\u00f3j pupil&#8221;\" \/><\/a><\/div><div class=\"article-title-wrapper\"><h5><a href=\"https:\/\/zsp12.gliwice.pl\/sp15\/blog\/2022\/10\/10\/akcja-moj-pupil\/\" class=\"article-title\">Akcja &#8220;M\u00f3j pupil&#8221;<\/a><\/h5><\/div>\t\t\t<\/div>\n\t\t<\/div>\n\t\t\t\t<div class=\"col-md-4 col-sm-4\">\n\t\t\t<div class=\"item-post post-14682 post type-post status-publish format-standard has-post-thumbnail hentry category-aktualnosci category-archiwum category-informacje\">\n\t\t\t\t<div class=\"article-image\"><a class=\"img-post-mobile\" href=\"https:\/\/zsp12.gliwice.pl\/sp15\/blog\/2023\/01\/02\/sprawozdanie-z-wykorzystania-sprzetu-zakupionego-w-ramach-laboratorium-przyszlosci-grudzien-2022\/\"><img decoding=\"async\" src=\"https:\/\/zsp12.gliwice.pl\/sp15\/wp-content\/uploads\/sites\/11\/2023\/01\/FB_IMG_1671050324822-Copy-769x1024.jpg\" alt= \"Sprawozdanie z wykorzystania sprz\u0119tu zakupionego w ramach Laboratorium Przysz\u0142o\u015bci \u2013 grudzie\u0144 2022\" title = \"Sprawozdanie z wykorzystania sprz\u0119tu zakupionego w ramach Laboratorium Przysz\u0142o\u015bci \u2013 grudzie\u0144 2022\" \/><\/a><a class=\"img-post\" href=\"https:\/\/zsp12.gliwice.pl\/sp15\/blog\/2023\/01\/02\/sprawozdanie-z-wykorzystania-sprzetu-zakupionego-w-ramach-laboratorium-przyszlosci-grudzien-2022\/\"><img decoding=\"async\" src=\"https:\/\/zsp12.gliwice.pl\/sp15\/wp-content\/uploads\/sites\/11\/2023\/01\/FB_IMG_1671050324822-Copy-769x1024.jpg\" alt= \"Sprawozdanie z wykorzystania sprz\u0119tu zakupionego w ramach Laboratorium Przysz\u0142o\u015bci \u2013 grudzie\u0144 2022\" title = \"Sprawozdanie z wykorzystania sprz\u0119tu zakupionego w ramach Laboratorium Przysz\u0142o\u015bci \u2013 grudzie\u0144 2022\" \/><\/a><\/div><div class=\"article-title-wrapper\"><h5><a href=\"https:\/\/zsp12.gliwice.pl\/sp15\/blog\/2023\/01\/02\/sprawozdanie-z-wykorzystania-sprzetu-zakupionego-w-ramach-laboratorium-przyszlosci-grudzien-2022\/\" class=\"article-title\">Sprawozdanie z wykorzystania sprz\u0119tu zakupionego w ramach Laboratorium Przysz\u0142o\u015bci \u2013 grudzie\u0144 2022<\/a><\/h5><\/div>\t\t\t<\/div>\n\t\t<\/div>\n\t\t\t\t<div class=\"col-md-4 col-sm-4\">\n\t\t\t<div class=\"item-post post-15618 post type-post status-publish format-standard has-post-thumbnail hentry category-aktualnosci category-archiwum\">\n\t\t\t\t<div class=\"article-image\"><a class=\"img-post-mobile\" href=\"https:\/\/zsp12.gliwice.pl\/sp15\/blog\/2023\/02\/27\/luty-na-swietlicy\/\"><img decoding=\"async\" src=\"https:\/\/zsp12.gliwice.pl\/sp15\/wp-content\/uploads\/sites\/11\/2023\/03\/IMG-20230303-WA0006-Copy-458x1024.jpg\" alt= \"Luty na \u015bwietlicy\" title = \"Luty na \u015bwietlicy\" \/><\/a><a class=\"img-post\" href=\"https:\/\/zsp12.gliwice.pl\/sp15\/blog\/2023\/02\/27\/luty-na-swietlicy\/\"><img decoding=\"async\" src=\"https:\/\/zsp12.gliwice.pl\/sp15\/wp-content\/uploads\/sites\/11\/2023\/03\/IMG-20230303-WA0006-Copy-458x1024.jpg\" alt= \"Luty na \u015bwietlicy\" title = \"Luty na \u015bwietlicy\" \/><\/a><\/div><div class=\"article-title-wrapper\"><h5><a href=\"https:\/\/zsp12.gliwice.pl\/sp15\/blog\/2023\/02\/27\/luty-na-swietlicy\/\" class=\"article-title\">Luty na \u015bwietlicy<\/a><\/h5><\/div>\t\t\t<\/div>\n\t\t<\/div>\n\t\t\t\t<div class=\"col-md-4 col-sm-4\">\n\t\t\t<div class=\"item-post post-11520 post type-post status-publish format-standard has-post-thumbnail hentry category-aktualnosci category-archiwum\">\n\t\t\t\t<div class=\"article-image\"><a class=\"img-post-mobile\" href=\"https:\/\/zsp12.gliwice.pl\/sp15\/blog\/2022\/03\/24\/wygrana-w-wojewodzkim-konkursie-z-jezyka-niemieckiego-najpiekniejsze-basnie-braci-grimm\/\"><img decoding=\"async\" src=\"https:\/\/zsp12.gliwice.pl\/sp15\/wp-content\/uploads\/sites\/11\/2022\/03\/konkurs-1-768x1024.jpeg\" alt= \"WYGRANA W WOJEW\u00d3DZKIM KONKURSIE Z J\u0118ZYKA NIEMIECKIEGO \u201eNAJPI\u0118KNIEJSZE BA\u015aNIE BRACI GRIMM\u201d\" title = \"WYGRANA W WOJEW\u00d3DZKIM KONKURSIE Z J\u0118ZYKA NIEMIECKIEGO \u201eNAJPI\u0118KNIEJSZE BA\u015aNIE BRACI GRIMM\u201d\" \/><\/a><a class=\"img-post\" href=\"https:\/\/zsp12.gliwice.pl\/sp15\/blog\/2022\/03\/24\/wygrana-w-wojewodzkim-konkursie-z-jezyka-niemieckiego-najpiekniejsze-basnie-braci-grimm\/\"><img decoding=\"async\" src=\"https:\/\/zsp12.gliwice.pl\/sp15\/wp-content\/uploads\/sites\/11\/2022\/03\/konkurs-1-768x1024.jpeg\" alt= \"WYGRANA W WOJEW\u00d3DZKIM KONKURSIE Z J\u0118ZYKA NIEMIECKIEGO \u201eNAJPI\u0118KNIEJSZE BA\u015aNIE BRACI GRIMM\u201d\" title = \"WYGRANA W WOJEW\u00d3DZKIM KONKURSIE Z J\u0118ZYKA NIEMIECKIEGO \u201eNAJPI\u0118KNIEJSZE BA\u015aNIE BRACI GRIMM\u201d\" \/><\/a><\/div><div class=\"article-title-wrapper\"><h5><a href=\"https:\/\/zsp12.gliwice.pl\/sp15\/blog\/2022\/03\/24\/wygrana-w-wojewodzkim-konkursie-z-jezyka-niemieckiego-najpiekniejsze-basnie-braci-grimm\/\" class=\"article-title\">WYGRANA W WOJEW\u00d3DZKIM KONKURSIE Z J\u0118ZYKA NIEMIECKIEGO \u201eNAJPI\u0118KNIEJSZE BA\u015aNIE BRACI GRIMM\u201d<\/a><\/h5><\/div>\t\t\t<\/div>\n\t\t<\/div>\n\t\t\t\t<div class=\"col-md-4 col-sm-4\">\n\t\t\t<div class=\"item-post post-12474 post type-post status-publish format-standard has-post-thumbnail hentry category-aktualnosci category-archiwum\">\n\t\t\t\t<div class=\"article-image\"><a class=\"img-post-mobile\" href=\"https:\/\/zsp12.gliwice.pl\/sp15\/blog\/2022\/06\/27\/polkolonie-letnie-2022-dzien-i-27-06-2022-r\/\"><img decoding=\"async\" src=\"https:\/\/zsp12.gliwice.pl\/sp15\/wp-content\/uploads\/sites\/11\/2022\/06\/IMG_20220627_134757255_HDR-768x1024.jpg\" alt= \"P\u00d3\u0141KOLONIE LETNIE 2022 &#8211; DZIE\u0143 I 27.06.2022 r.\" title = \"P\u00d3\u0141KOLONIE LETNIE 2022 &#8211; DZIE\u0143 I 27.06.2022 r.\" \/><\/a><a class=\"img-post\" href=\"https:\/\/zsp12.gliwice.pl\/sp15\/blog\/2022\/06\/27\/polkolonie-letnie-2022-dzien-i-27-06-2022-r\/\"><img decoding=\"async\" src=\"https:\/\/zsp12.gliwice.pl\/sp15\/wp-content\/uploads\/sites\/11\/2022\/06\/IMG_20220627_134757255_HDR-768x1024.jpg\" alt= \"P\u00d3\u0141KOLONIE LETNIE 2022 &#8211; DZIE\u0143 I 27.06.2022 r.\" title = \"P\u00d3\u0141KOLONIE LETNIE 2022 &#8211; DZIE\u0143 I 27.06.2022 r.\" \/><\/a><\/div><div class=\"article-title-wrapper\"><h5><a href=\"https:\/\/zsp12.gliwice.pl\/sp15\/blog\/2022\/06\/27\/polkolonie-letnie-2022-dzien-i-27-06-2022-r\/\" class=\"article-title\">P\u00d3\u0141KOLONIE LETNIE 2022 &#8211; DZIE\u0143 I 27.06.2022 r.<\/a><\/h5><\/div>\t\t\t<\/div>\n\t\t<\/div>\n\t\t\t\t<div class=\"col-md-4 col-sm-4\">\n\t\t\t<div class=\"item-post post-14042 post type-post status-publish format-standard has-post-thumbnail hentry category-aktualnosci category-archiwum\">\n\t\t\t\t<div class=\"article-image\"><a class=\"img-post-mobile\" href=\"https:\/\/zsp12.gliwice.pl\/sp15\/blog\/2022\/10\/25\/rozstrzygniecie-wojewodzkiego-konkursu-plastycznego-romskie-bajanie-ktory-objety-jest-honorowym-patronatem-slaskiego-kuratora-oswiaty-w-katowicach\/\"><img decoding=\"async\" src=\"https:\/\/zsp12.gliwice.pl\/sp15\/wp-content\/uploads\/sites\/11\/2022\/10\/DSCN3938-Copy-1024x768.jpg\" alt= \"Rozstrzygni\u0119cie Wojew\u00f3dzkiego konkursu plastycznego &#8220;Romskie bajanie&#8221;, kt\u00f3ry obj\u0119ty jest honorowym patronatem \u015al\u0105skiego Kuratora O\u015bwiaty w Katowicach\" title = \"Rozstrzygni\u0119cie Wojew\u00f3dzkiego konkursu plastycznego &#8220;Romskie bajanie&#8221;, kt\u00f3ry obj\u0119ty jest honorowym patronatem \u015al\u0105skiego Kuratora O\u015bwiaty w Katowicach\" \/><\/a><a class=\"img-post\" href=\"https:\/\/zsp12.gliwice.pl\/sp15\/blog\/2022\/10\/25\/rozstrzygniecie-wojewodzkiego-konkursu-plastycznego-romskie-bajanie-ktory-objety-jest-honorowym-patronatem-slaskiego-kuratora-oswiaty-w-katowicach\/\"><img decoding=\"async\" src=\"https:\/\/zsp12.gliwice.pl\/sp15\/wp-content\/uploads\/sites\/11\/2022\/10\/DSCN3938-Copy-1024x768.jpg\" alt= \"Rozstrzygni\u0119cie Wojew\u00f3dzkiego konkursu plastycznego &#8220;Romskie bajanie&#8221;, kt\u00f3ry obj\u0119ty jest honorowym patronatem \u015al\u0105skiego Kuratora O\u015bwiaty w Katowicach\" title = \"Rozstrzygni\u0119cie Wojew\u00f3dzkiego konkursu plastycznego &#8220;Romskie bajanie&#8221;, kt\u00f3ry obj\u0119ty jest honorowym patronatem \u015al\u0105skiego Kuratora O\u015bwiaty w Katowicach\" \/><\/a><\/div><div class=\"article-title-wrapper\"><h5><a href=\"https:\/\/zsp12.gliwice.pl\/sp15\/blog\/2022\/10\/25\/rozstrzygniecie-wojewodzkiego-konkursu-plastycznego-romskie-bajanie-ktory-objety-jest-honorowym-patronatem-slaskiego-kuratora-oswiaty-w-katowicach\/\" class=\"article-title\">Rozstrzygni\u0119cie Wojew\u00f3dzkiego konkursu plastycznego &#8220;Romskie bajanie&#8221;, kt\u00f3ry obj\u0119ty jest honorowym patronatem \u015al\u0105skiego Kuratora O\u015bwiaty w Katowicach<\/a><\/h5><\/div>\t\t\t<\/div>\n\t\t<\/div>\n\t\t\t\t<div class=\"col-md-4 col-sm-4\">\n\t\t\t<div class=\"item-post post-15175 post type-post status-publish format-standard has-post-thumbnail hentry category-aktualnosci category-archiwum\">\n\t\t\t\t<div class=\"article-image\"><a class=\"img-post-mobile\" href=\"https:\/\/zsp12.gliwice.pl\/sp15\/blog\/2023\/02\/01\/sprawozdanie-z-wykorzystania-sprzetu-zakupionego-w-ramach-laboratorium-przyszlosci-styczen-2023\/\"><img decoding=\"async\" src=\"https:\/\/zsp12.gliwice.pl\/sp15\/wp-content\/uploads\/sites\/11\/2023\/02\/IMG_20230109_154441-Copy-771x1024.jpg\" alt= \"Sprawozdanie z wykorzystania sprz\u0119tu zakupionego w ramach Laboratorium Przysz\u0142o\u015bci \u2013 stycze\u0144  2023\" title = \"Sprawozdanie z wykorzystania sprz\u0119tu zakupionego w ramach Laboratorium Przysz\u0142o\u015bci \u2013 stycze\u0144  2023\" \/><\/a><a class=\"img-post\" href=\"https:\/\/zsp12.gliwice.pl\/sp15\/blog\/2023\/02\/01\/sprawozdanie-z-wykorzystania-sprzetu-zakupionego-w-ramach-laboratorium-przyszlosci-styczen-2023\/\"><img decoding=\"async\" src=\"https:\/\/zsp12.gliwice.pl\/sp15\/wp-content\/uploads\/sites\/11\/2023\/02\/IMG_20230109_154441-Copy-771x1024.jpg\" alt= \"Sprawozdanie z wykorzystania sprz\u0119tu zakupionego w ramach Laboratorium Przysz\u0142o\u015bci \u2013 stycze\u0144  2023\" title = \"Sprawozdanie z wykorzystania sprz\u0119tu zakupionego w ramach Laboratorium Przysz\u0142o\u015bci \u2013 stycze\u0144  2023\" \/><\/a><\/div><div class=\"article-title-wrapper\"><h5><a href=\"https:\/\/zsp12.gliwice.pl\/sp15\/blog\/2023\/02\/01\/sprawozdanie-z-wykorzystania-sprzetu-zakupionego-w-ramach-laboratorium-przyszlosci-styczen-2023\/\" class=\"article-title\">Sprawozdanie z wykorzystania sprz\u0119tu zakupionego w ramach Laboratorium Przysz\u0142o\u015bci \u2013 stycze\u0144  2023<\/a><\/h5><\/div>\t\t\t<\/div>\n\t\t<\/div>\n\t\t\t\t<div class=\"col-md-4 col-sm-4\">\n\t\t\t<div class=\"item-post post-15794 post type-post status-publish format-standard has-post-thumbnail hentry category-archiwum\">\n\t\t\t\t<div class=\"article-image\"><a class=\"img-post-mobile\" href=\"https:\/\/zsp12.gliwice.pl\/sp15\/blog\/2023\/04\/20\/wycieczka-do-nadwislanskiego-parku-etnograficznego-w-wygielzowie\/\"><img decoding=\"async\" src=\"https:\/\/zsp12.gliwice.pl\/sp15\/wp-content\/uploads\/sites\/11\/2023\/04\/image_50447361-Copy-1024x768.jpg\" alt= \"Wycieczka do Nadwi\u015bla\u0144skiego Parku Etnograficznego w Wygie\u0142zowie\" title = \"Wycieczka do Nadwi\u015bla\u0144skiego Parku Etnograficznego w Wygie\u0142zowie\" \/><\/a><a class=\"img-post\" href=\"https:\/\/zsp12.gliwice.pl\/sp15\/blog\/2023\/04\/20\/wycieczka-do-nadwislanskiego-parku-etnograficznego-w-wygielzowie\/\"><img decoding=\"async\" src=\"https:\/\/zsp12.gliwice.pl\/sp15\/wp-content\/uploads\/sites\/11\/2023\/04\/image_50447361-Copy-1024x768.jpg\" alt= \"Wycieczka do Nadwi\u015bla\u0144skiego Parku Etnograficznego w Wygie\u0142zowie\" title = \"Wycieczka do Nadwi\u015bla\u0144skiego Parku Etnograficznego w Wygie\u0142zowie\" \/><\/a><\/div><div class=\"article-title-wrapper\"><h5><a href=\"https:\/\/zsp12.gliwice.pl\/sp15\/blog\/2023\/04\/20\/wycieczka-do-nadwislanskiego-parku-etnograficznego-w-wygielzowie\/\" class=\"article-title\">Wycieczka do Nadwi\u015bla\u0144skiego Parku Etnograficznego w Wygie\u0142zowie<\/a><\/h5><\/div>\t\t\t<\/div>\n\t\t<\/div>\n\t\t\t\t<div class=\"col-md-4 col-sm-4\">\n\t\t\t<div class=\"item-post post-10773 post type-post status-publish format-standard has-post-thumbnail hentry category-aktualnosci category-archiwum category-informacje\">\n\t\t\t\t<div class=\"article-image\"><a class=\"img-post-mobile\" href=\"https:\/\/zsp12.gliwice.pl\/sp15\/blog\/2022\/02\/09\/zajecia-muzyczne\/\"><img decoding=\"async\" src=\"https:\/\/zsp12.gliwice.pl\/sp15\/wp-content\/uploads\/sites\/11\/2022\/02\/image_50451201-1024x768.jpg\" alt= \"Zaj\u0119cia muzyczne\" title = \"Zaj\u0119cia muzyczne\" \/><\/a><a class=\"img-post\" href=\"https:\/\/zsp12.gliwice.pl\/sp15\/blog\/2022\/02\/09\/zajecia-muzyczne\/\"><img decoding=\"async\" src=\"https:\/\/zsp12.gliwice.pl\/sp15\/wp-content\/uploads\/sites\/11\/2022\/02\/image_50451201-1024x768.jpg\" alt= \"Zaj\u0119cia muzyczne\" title = \"Zaj\u0119cia muzyczne\" \/><\/a><\/div><div class=\"article-title-wrapper\"><h5><a href=\"https:\/\/zsp12.gliwice.pl\/sp15\/blog\/2022\/02\/09\/zajecia-muzyczne\/\" class=\"article-title\">Zaj\u0119cia muzyczne<\/a><\/h5><\/div>\t\t\t<\/div>\n\t\t<\/div>\n\t\t\t\t<div class=\"col-md-4 col-sm-4\">\n\t\t\t<div class=\"item-post post-11764 post type-post status-publish format-standard has-post-thumbnail hentry category-aktualnosci category-archiwum\">\n\t\t\t\t<div class=\"article-image\"><a class=\"img-post-mobile\" href=\"https:\/\/zsp12.gliwice.pl\/sp15\/blog\/2022\/04\/19\/procedury-postepowania-w-zsp-nr-12-w-gliwicach-po-wprowadzeniu-przez-prezesa-rady-ministrow-stopni-alarmowych-i-stopni-alarmowych-crp\/\"><img decoding=\"async\" src=\"https:\/\/zsp12.gliwice.pl\/sp15\/wp-content\/uploads\/sites\/11\/2023\/06\/admin-ajax.jpg\" alt= \"PROCEDURY POST\u0118POWANIA W ZSP NR 12 W GLIWICACH PO WPROWADZENIU PRZEZ PREZESA RADY MINISTR\u00d3W STOPNI ALARMOWYCH I STOPNI ALARMOWYCH CRP\" title = \"PROCEDURY POST\u0118POWANIA W ZSP NR 12 W GLIWICACH PO WPROWADZENIU PRZEZ PREZESA RADY MINISTR\u00d3W STOPNI ALARMOWYCH I STOPNI ALARMOWYCH CRP\" \/><\/a><a class=\"img-post\" href=\"https:\/\/zsp12.gliwice.pl\/sp15\/blog\/2022\/04\/19\/procedury-postepowania-w-zsp-nr-12-w-gliwicach-po-wprowadzeniu-przez-prezesa-rady-ministrow-stopni-alarmowych-i-stopni-alarmowych-crp\/\"><img decoding=\"async\" src=\"https:\/\/zsp12.gliwice.pl\/sp15\/wp-content\/uploads\/sites\/11\/2023\/06\/admin-ajax.jpg\" alt= \"PROCEDURY POST\u0118POWANIA W ZSP NR 12 W GLIWICACH PO WPROWADZENIU PRZEZ PREZESA RADY MINISTR\u00d3W STOPNI ALARMOWYCH I STOPNI ALARMOWYCH CRP\" title = \"PROCEDURY POST\u0118POWANIA W ZSP NR 12 W GLIWICACH PO WPROWADZENIU PRZEZ PREZESA RADY MINISTR\u00d3W STOPNI ALARMOWYCH I STOPNI ALARMOWYCH CRP\" \/><\/a><\/div><div class=\"article-title-wrapper\"><h5><a href=\"https:\/\/zsp12.gliwice.pl\/sp15\/blog\/2022\/04\/19\/procedury-postepowania-w-zsp-nr-12-w-gliwicach-po-wprowadzeniu-przez-prezesa-rady-ministrow-stopni-alarmowych-i-stopni-alarmowych-crp\/\" class=\"article-title\">PROCEDURY POST\u0118POWANIA W ZSP NR 12 W GLIWICACH PO WPROWADZENIU PRZEZ PREZESA RADY MINISTR\u00d3W STOPNI ALARMOWYCH I STOPNI ALARMOWYCH CRP<\/a><\/h5><\/div>\t\t\t<\/div>\n\t\t<\/div>\n\t\t\t\t<div class=\"col-md-4 col-sm-4\">\n\t\t\t<div class=\"item-post post-11960 post type-post status-publish format-standard has-post-thumbnail hentry category-aktualnosci category-archiwum\">\n\t\t\t\t<div class=\"article-image\"><a class=\"img-post-mobile\" href=\"https:\/\/zsp12.gliwice.pl\/sp15\/blog\/2022\/05\/17\/miejski-konkurs-plastyczno-literackim-kosci-opowiesci-odkryj-w-sobie-literata\/\"><img decoding=\"async\" src=\"https:\/\/zsp12.gliwice.pl\/sp15\/wp-content\/uploads\/sites\/11\/2022\/05\/Maja-Brzostek-745x1024.jpg\" alt= \"Miejski konkurs plastyczno-literackim &#8221; Ko\u015bci opowie\u015bci &#8211; odkryj w sobie literata&#8221;\" title = \"Miejski konkurs plastyczno-literackim &#8221; Ko\u015bci opowie\u015bci &#8211; odkryj w sobie literata&#8221;\" \/><\/a><a class=\"img-post\" href=\"https:\/\/zsp12.gliwice.pl\/sp15\/blog\/2022\/05\/17\/miejski-konkurs-plastyczno-literackim-kosci-opowiesci-odkryj-w-sobie-literata\/\"><img decoding=\"async\" src=\"https:\/\/zsp12.gliwice.pl\/sp15\/wp-content\/uploads\/sites\/11\/2022\/05\/Maja-Brzostek-745x1024.jpg\" alt= \"Miejski konkurs plastyczno-literackim &#8221; Ko\u015bci opowie\u015bci &#8211; odkryj w sobie literata&#8221;\" title = \"Miejski konkurs plastyczno-literackim &#8221; Ko\u015bci opowie\u015bci &#8211; odkryj w sobie literata&#8221;\" \/><\/a><\/div><div class=\"article-title-wrapper\"><h5><a href=\"https:\/\/zsp12.gliwice.pl\/sp15\/blog\/2022\/05\/17\/miejski-konkurs-plastyczno-literackim-kosci-opowiesci-odkryj-w-sobie-literata\/\" class=\"article-title\">Miejski konkurs plastyczno-literackim &#8221; Ko\u015bci opowie\u015bci &#8211; odkryj w sobie literata&#8221;<\/a><\/h5><\/div>\t\t\t<\/div>\n\t\t<\/div>\n\t\t\t\t<div class=\"col-md-4 col-sm-4\">\n\t\t\t<div class=\"item-post post-13520 post type-post status-publish format-standard has-post-thumbnail hentry category-aktualnosci category-archiwum\">\n\t\t\t\t<div class=\"article-image\"><a class=\"img-post-mobile\" href=\"https:\/\/zsp12.gliwice.pl\/sp15\/blog\/2022\/08\/09\/zebranie-z-rodzicami-klas-pierwszych\/\"><img decoding=\"async\" src=\"https:\/\/zsp12.gliwice.pl\/sp15\/wp-content\/uploads\/sites\/11\/2022\/08\/Zolta-i-Czarna-Ostrzezenie-Okragla-Bezpieczenstwo-Naklejka-1024x1024.jpg\" alt= \"Zebranie z Rodzicami klas pierwszych\" title = \"Zebranie z Rodzicami klas pierwszych\" \/><\/a><a class=\"img-post\" href=\"https:\/\/zsp12.gliwice.pl\/sp15\/blog\/2022\/08\/09\/zebranie-z-rodzicami-klas-pierwszych\/\"><img decoding=\"async\" src=\"https:\/\/zsp12.gliwice.pl\/sp15\/wp-content\/uploads\/sites\/11\/2022\/08\/Zolta-i-Czarna-Ostrzezenie-Okragla-Bezpieczenstwo-Naklejka-1024x1024.jpg\" alt= \"Zebranie z Rodzicami klas pierwszych\" title = \"Zebranie z Rodzicami klas pierwszych\" \/><\/a><\/div><div class=\"article-title-wrapper\"><h5><a href=\"https:\/\/zsp12.gliwice.pl\/sp15\/blog\/2022\/08\/09\/zebranie-z-rodzicami-klas-pierwszych\/\" class=\"article-title\">Zebranie z Rodzicami klas pierwszych<\/a><\/h5><\/div>\t\t\t<\/div>\n\t\t<\/div>\n\t\t\t\t<div class=\"col-md-4 col-sm-4\">\n\t\t\t<div class=\"item-post post-14449 post type-post status-publish format-standard has-post-thumbnail hentry category-aktualnosci category-archiwum\">\n\t\t\t\t<div class=\"article-image\"><a class=\"img-post-mobile\" href=\"https:\/\/zsp12.gliwice.pl\/sp15\/blog\/2022\/11\/28\/lekcje-plastyki-6b\/\"><img decoding=\"async\" src=\"https:\/\/zsp12.gliwice.pl\/sp15\/wp-content\/uploads\/sites\/11\/2022\/11\/image_67523841-Copy-768x1024.jpg\" alt= \"Lekcje plastyki 6b\" title = \"Lekcje plastyki 6b\" \/><\/a><a class=\"img-post\" href=\"https:\/\/zsp12.gliwice.pl\/sp15\/blog\/2022\/11\/28\/lekcje-plastyki-6b\/\"><img decoding=\"async\" src=\"https:\/\/zsp12.gliwice.pl\/sp15\/wp-content\/uploads\/sites\/11\/2022\/11\/image_67523841-Copy-768x1024.jpg\" alt= \"Lekcje plastyki 6b\" title = \"Lekcje plastyki 6b\" \/><\/a><\/div><div class=\"article-title-wrapper\"><h5><a href=\"https:\/\/zsp12.gliwice.pl\/sp15\/blog\/2022\/11\/28\/lekcje-plastyki-6b\/\" class=\"article-title\">Lekcje plastyki 6b<\/a><\/h5><\/div>\t\t\t<\/div>\n\t\t<\/div>\n\t\t\t\t<div class=\"col-md-4 col-sm-4\">\n\t\t\t<div class=\"item-post post-15451 post type-post status-publish format-standard has-post-thumbnail hentry category-archiwum\">\n\t\t\t\t<div class=\"article-image\"><a class=\"img-post-mobile\" href=\"https:\/\/zsp12.gliwice.pl\/sp15\/blog\/2023\/04\/02\/2-kwietnia-swiatowy-dzien-swiadomosci-autyzmu-dzien-wiedzy-o-autyzmie\/\"><img decoding=\"async\" src=\"https:\/\/zsp12.gliwice.pl\/sp15\/wp-content\/uploads\/sites\/11\/2023\/03\/Projekt-bez-tytulu-24-1024x707.png\" alt= \"2 kwietnia \u2013 \u015aWIATOWY DZIE\u0143 \u015aWIADOMO\u015aCI AUTYZMU \u2013 DZIE\u0143 WIEDZY O AUTYZMIE\" title = \"2 kwietnia \u2013 \u015aWIATOWY DZIE\u0143 \u015aWIADOMO\u015aCI AUTYZMU \u2013 DZIE\u0143 WIEDZY O AUTYZMIE\" \/><\/a><a class=\"img-post\" href=\"https:\/\/zsp12.gliwice.pl\/sp15\/blog\/2023\/04\/02\/2-kwietnia-swiatowy-dzien-swiadomosci-autyzmu-dzien-wiedzy-o-autyzmie\/\"><img decoding=\"async\" src=\"https:\/\/zsp12.gliwice.pl\/sp15\/wp-content\/uploads\/sites\/11\/2023\/03\/Projekt-bez-tytulu-24-1024x707.png\" alt= \"2 kwietnia \u2013 \u015aWIATOWY DZIE\u0143 \u015aWIADOMO\u015aCI AUTYZMU \u2013 DZIE\u0143 WIEDZY O AUTYZMIE\" title = \"2 kwietnia \u2013 \u015aWIATOWY DZIE\u0143 \u015aWIADOMO\u015aCI AUTYZMU \u2013 DZIE\u0143 WIEDZY O AUTYZMIE\" \/><\/a><\/div><div class=\"article-title-wrapper\"><h5><a href=\"https:\/\/zsp12.gliwice.pl\/sp15\/blog\/2023\/04\/02\/2-kwietnia-swiatowy-dzien-swiadomosci-autyzmu-dzien-wiedzy-o-autyzmie\/\" class=\"article-title\">2 kwietnia \u2013 \u015aWIATOWY DZIE\u0143 \u015aWIADOMO\u015aCI AUTYZMU \u2013 DZIE\u0143 WIEDZY O AUTYZMIE<\/a><\/h5><\/div>\t\t\t<\/div>\n\t\t<\/div>\n\t\t\t\t<div class=\"col-md-4 col-sm-4\">\n\t\t\t<div class=\"item-post post-11293 post type-post status-publish format-standard has-post-thumbnail hentry category-aktualnosci category-archiwum\">\n\t\t\t\t<div class=\"article-image\"><a class=\"img-post-mobile\" href=\"https:\/\/zsp12.gliwice.pl\/sp15\/blog\/2022\/03\/07\/tydzien-tolerancji\/\"><img decoding=\"async\" src=\"https:\/\/zsp12.gliwice.pl\/sp15\/wp-content\/uploads\/sites\/11\/2022\/03\/Cream-and-Brown-Organic-Shape-Tolerance-International-Day-Instagram-Post-1024x1024.jpg\" alt= \"TYDZIE\u0143 TOLERANCJI\" title = \"TYDZIE\u0143 TOLERANCJI\" \/><\/a><a class=\"img-post\" href=\"https:\/\/zsp12.gliwice.pl\/sp15\/blog\/2022\/03\/07\/tydzien-tolerancji\/\"><img decoding=\"async\" src=\"https:\/\/zsp12.gliwice.pl\/sp15\/wp-content\/uploads\/sites\/11\/2022\/03\/Cream-and-Brown-Organic-Shape-Tolerance-International-Day-Instagram-Post-1024x1024.jpg\" alt= \"TYDZIE\u0143 TOLERANCJI\" title = \"TYDZIE\u0143 TOLERANCJI\" \/><\/a><\/div><div class=\"article-title-wrapper\"><h5><a href=\"https:\/\/zsp12.gliwice.pl\/sp15\/blog\/2022\/03\/07\/tydzien-tolerancji\/\" class=\"article-title\">TYDZIE\u0143 TOLERANCJI<\/a><\/h5><\/div>\t\t\t<\/div>\n\t\t<\/div>\n\t\t\t\t<div class=\"col-md-4 col-sm-4\">\n\t\t\t<div class=\"item-post post-12175 post type-post status-publish format-standard has-post-thumbnail hentry category-aktualnosci category-archiwum\">\n\t\t\t\t<div class=\"article-image\"><a class=\"img-post-mobile\" href=\"https:\/\/zsp12.gliwice.pl\/sp15\/blog\/2022\/06\/09\/wycieczkadojuraparku\/\"><img decoding=\"async\" src=\"https:\/\/zsp12.gliwice.pl\/sp15\/wp-content\/uploads\/sites\/11\/2022\/06\/IMG_20220530_151211.jpg\" alt= \"Wycieczka do JuraParku w Krasiejowie\" title = \"Wycieczka do JuraParku w Krasiejowie\" \/><\/a><a class=\"img-post\" href=\"https:\/\/zsp12.gliwice.pl\/sp15\/blog\/2022\/06\/09\/wycieczkadojuraparku\/\"><img decoding=\"async\" src=\"https:\/\/zsp12.gliwice.pl\/sp15\/wp-content\/uploads\/sites\/11\/2022\/06\/IMG_20220530_151211.jpg\" alt= \"Wycieczka do JuraParku w Krasiejowie\" title = \"Wycieczka do JuraParku w Krasiejowie\" \/><\/a><\/div><div class=\"article-title-wrapper\"><h5><a href=\"https:\/\/zsp12.gliwice.pl\/sp15\/blog\/2022\/06\/09\/wycieczkadojuraparku\/\" class=\"article-title\">Wycieczka do JuraParku w Krasiejowie<\/a><\/h5><\/div>\t\t\t<\/div>\n\t\t<\/div>\n\t\t\t\t<div class=\"col-md-4 col-sm-4\">\n\t\t\t<div class=\"item-post post-13684 post type-post status-publish format-standard has-post-thumbnail hentry category-aktualnosci category-archiwum\">\n\t\t\t\t<div class=\"article-image\"><a class=\"img-post-mobile\" href=\"https:\/\/zsp12.gliwice.pl\/sp15\/blog\/2022\/10\/10\/dofinansowanie-do-edukacji-przedszkolnej-dla-dzieci-pochodzenia-romskiego-zamieszkujacych-teren-miasta-gliwice-w-2022-r\/\"><img decoding=\"async\" src=\"https:\/\/zsp12.gliwice.pl\/sp15\/wp-content\/uploads\/sites\/11\/2023\/05\/Projekt-bez-nazwy-1-1024x726.png\" alt= \"Dofinansowanie do edukacji przedszkolnej dla dzieci pochodzenia romskiego, zamieszkuj\u0105cych teren miasta Gliwice w 2022 r.\" title = \"Dofinansowanie do edukacji przedszkolnej dla dzieci pochodzenia romskiego, zamieszkuj\u0105cych teren miasta Gliwice w 2022 r.\" \/><\/a><a class=\"img-post\" href=\"https:\/\/zsp12.gliwice.pl\/sp15\/blog\/2022\/10\/10\/dofinansowanie-do-edukacji-przedszkolnej-dla-dzieci-pochodzenia-romskiego-zamieszkujacych-teren-miasta-gliwice-w-2022-r\/\"><img decoding=\"async\" src=\"https:\/\/zsp12.gliwice.pl\/sp15\/wp-content\/uploads\/sites\/11\/2023\/05\/Projekt-bez-nazwy-1-1024x726.png\" alt= \"Dofinansowanie do edukacji przedszkolnej dla dzieci pochodzenia romskiego, zamieszkuj\u0105cych teren miasta Gliwice w 2022 r.\" title = \"Dofinansowanie do edukacji przedszkolnej dla dzieci pochodzenia romskiego, zamieszkuj\u0105cych teren miasta Gliwice w 2022 r.\" \/><\/a><\/div><div class=\"article-title-wrapper\"><h5><a href=\"https:\/\/zsp12.gliwice.pl\/sp15\/blog\/2022\/10\/10\/dofinansowanie-do-edukacji-przedszkolnej-dla-dzieci-pochodzenia-romskiego-zamieszkujacych-teren-miasta-gliwice-w-2022-r\/\" class=\"article-title\">Dofinansowanie do edukacji przedszkolnej dla dzieci pochodzenia romskiego, zamieszkuj\u0105cych teren miasta Gliwice w 2022 r.<\/a><\/h5><\/div>\t\t\t<\/div>\n\t\t<\/div>\n\t\t\t\t<div class=\"col-md-4 col-sm-4\">\n\t\t\t<div class=\"item-post post-14773 post type-post status-publish format-standard has-post-thumbnail hentry category-aktualnosci category-archiwum\">\n\t\t\t\t<div class=\"article-image\"><a class=\"img-post-mobile\" href=\"https:\/\/zsp12.gliwice.pl\/sp15\/blog\/2022\/12\/14\/podsumowanie-konkursu-tradycje-andrzejkowe\/\"><img decoding=\"async\" src=\"https:\/\/zsp12.gliwice.pl\/sp15\/wp-content\/uploads\/sites\/11\/2023\/01\/322552844_1161980501372940_5129951411710410764_n-Copy-1024x768.jpg\" alt= \"Podsumowanie konkursu &#8220;Tradycje Andrzejkowe&#8221;\" title = \"Podsumowanie konkursu &#8220;Tradycje Andrzejkowe&#8221;\" \/><\/a><a class=\"img-post\" href=\"https:\/\/zsp12.gliwice.pl\/sp15\/blog\/2022\/12\/14\/podsumowanie-konkursu-tradycje-andrzejkowe\/\"><img decoding=\"async\" src=\"https:\/\/zsp12.gliwice.pl\/sp15\/wp-content\/uploads\/sites\/11\/2023\/01\/322552844_1161980501372940_5129951411710410764_n-Copy-1024x768.jpg\" alt= \"Podsumowanie konkursu &#8220;Tradycje Andrzejkowe&#8221;\" title = \"Podsumowanie konkursu &#8220;Tradycje Andrzejkowe&#8221;\" \/><\/a><\/div><div class=\"article-title-wrapper\"><h5><a href=\"https:\/\/zsp12.gliwice.pl\/sp15\/blog\/2022\/12\/14\/podsumowanie-konkursu-tradycje-andrzejkowe\/\" class=\"article-title\">Podsumowanie konkursu &#8220;Tradycje Andrzejkowe&#8221;<\/a><\/h5><\/div>\t\t\t<\/div>\n\t\t<\/div>\n\t\t\t\t<div class=\"col-md-4 col-sm-4\">\n\t\t\t<div class=\"item-post post-15631 post type-post status-publish format-standard has-post-thumbnail hentry category-aktualnosci category-archiwum category-informacje\">\n\t\t\t\t<div class=\"article-image\"><a class=\"img-post-mobile\" href=\"https:\/\/zsp12.gliwice.pl\/sp15\/blog\/2023\/01\/13\/kartka-dla-seniora\/\"><img decoding=\"async\" src=\"https:\/\/zsp12.gliwice.pl\/sp15\/wp-content\/uploads\/sites\/11\/2023\/01\/IMG_20230112_132221-Copy-459x1024.jpg\" alt= \"Kartka dla Seniora\" title = \"Kartka dla Seniora\" \/><\/a><a class=\"img-post\" href=\"https:\/\/zsp12.gliwice.pl\/sp15\/blog\/2023\/01\/13\/kartka-dla-seniora\/\"><img decoding=\"async\" src=\"https:\/\/zsp12.gliwice.pl\/sp15\/wp-content\/uploads\/sites\/11\/2023\/01\/IMG_20230112_132221-Copy-459x1024.jpg\" alt= \"Kartka dla Seniora\" title = \"Kartka dla Seniora\" \/><\/a><\/div><div class=\"article-title-wrapper\"><h5><a href=\"https:\/\/zsp12.gliwice.pl\/sp15\/blog\/2023\/01\/13\/kartka-dla-seniora\/\" class=\"article-title\">Kartka dla Seniora<\/a><\/h5><\/div>\t\t\t<\/div>\n\t\t<\/div>\n\t\t\t\t<div class=\"col-md-4 col-sm-4\">\n\t\t\t<div class=\"item-post post-11527 post type-post status-publish format-standard has-post-thumbnail hentry category-aktualnosci category-archiwum\">\n\t\t\t\t<div class=\"article-image\"><a class=\"img-post-mobile\" href=\"https:\/\/zsp12.gliwice.pl\/sp15\/blog\/2022\/03\/28\/dzien-sw-patryka-wyniki-konkursow\/\"><img decoding=\"async\" src=\"https:\/\/zsp12.gliwice.pl\/sp15\/wp-content\/uploads\/sites\/11\/2023\/06\/admin-ajax.jpg\" alt= \"Dzie\u0144 \u015aw. Patryka &#8211; wyniki konkurs\u00f3w\" title = \"Dzie\u0144 \u015aw. Patryka &#8211; wyniki konkurs\u00f3w\" \/><\/a><a class=\"img-post\" href=\"https:\/\/zsp12.gliwice.pl\/sp15\/blog\/2022\/03\/28\/dzien-sw-patryka-wyniki-konkursow\/\"><img decoding=\"async\" src=\"https:\/\/zsp12.gliwice.pl\/sp15\/wp-content\/uploads\/sites\/11\/2023\/06\/admin-ajax.jpg\" alt= \"Dzie\u0144 \u015aw. Patryka &#8211; wyniki konkurs\u00f3w\" title = \"Dzie\u0144 \u015aw. Patryka &#8211; wyniki konkurs\u00f3w\" \/><\/a><\/div><div class=\"article-title-wrapper\"><h5><a href=\"https:\/\/zsp12.gliwice.pl\/sp15\/blog\/2022\/03\/28\/dzien-sw-patryka-wyniki-konkursow\/\" class=\"article-title\">Dzie\u0144 \u015aw. Patryka &#8211; wyniki konkurs\u00f3w<\/a><\/h5><\/div>\t\t\t<\/div>\n\t\t<\/div>\n\t\t\t\t<div class=\"col-md-4 col-sm-4\">\n\t\t\t<div class=\"item-post post-12499 post type-post status-publish format-standard has-post-thumbnail hentry category-aktualnosci category-archiwum\">\n\t\t\t\t<div class=\"article-image\"><a class=\"img-post-mobile\" href=\"https:\/\/zsp12.gliwice.pl\/sp15\/blog\/2022\/06\/28\/polkolonie-letnie-2022-dzien-ii-28-06-2022-r\/\"><img decoding=\"async\" src=\"https:\/\/zsp12.gliwice.pl\/sp15\/wp-content\/uploads\/sites\/11\/2022\/06\/DSCN3541-1024x768.jpg\" alt= \"P\u00d3\u0141KOLONIE LETNIE 2022 \u2013 DZIE\u0143 II 28.06.2022 r.\" title = \"P\u00d3\u0141KOLONIE LETNIE 2022 \u2013 DZIE\u0143 II 28.06.2022 r.\" \/><\/a><a class=\"img-post\" href=\"https:\/\/zsp12.gliwice.pl\/sp15\/blog\/2022\/06\/28\/polkolonie-letnie-2022-dzien-ii-28-06-2022-r\/\"><img decoding=\"async\" src=\"https:\/\/zsp12.gliwice.pl\/sp15\/wp-content\/uploads\/sites\/11\/2022\/06\/DSCN3541-1024x768.jpg\" alt= \"P\u00d3\u0141KOLONIE LETNIE 2022 \u2013 DZIE\u0143 II 28.06.2022 r.\" title = \"P\u00d3\u0141KOLONIE LETNIE 2022 \u2013 DZIE\u0143 II 28.06.2022 r.\" \/><\/a><\/div><div class=\"article-title-wrapper\"><h5><a href=\"https:\/\/zsp12.gliwice.pl\/sp15\/blog\/2022\/06\/28\/polkolonie-letnie-2022-dzien-ii-28-06-2022-r\/\" class=\"article-title\">P\u00d3\u0141KOLONIE LETNIE 2022 \u2013 DZIE\u0143 II 28.06.2022 r.<\/a><\/h5><\/div>\t\t\t<\/div>\n\t\t<\/div>\n\t\t\t\t<div class=\"col-md-4 col-sm-4\">\n\t\t\t<div class=\"item-post post-14078 post type-post status-publish format-standard has-post-thumbnail hentry category-aktualnosci category-archiwum\">\n\t\t\t\t<div class=\"article-image\"><a class=\"img-post-mobile\" href=\"https:\/\/zsp12.gliwice.pl\/sp15\/blog\/2022\/10\/26\/wycieczka-do-muzeum-drukarstwa-w-cieszynie\/\"><img decoding=\"async\" src=\"https:\/\/zsp12.gliwice.pl\/sp15\/wp-content\/uploads\/sites\/11\/2022\/10\/a4a676bc-6a93-4d06-a8f8-3d641d625830-Copy-768x1024.jpg\" alt= \"Wycieczka do\u00a0 Muzeum Drukarstwa w Cieszynie\" title = \"Wycieczka do\u00a0 Muzeum Drukarstwa w Cieszynie\" \/><\/a><a class=\"img-post\" href=\"https:\/\/zsp12.gliwice.pl\/sp15\/blog\/2022\/10\/26\/wycieczka-do-muzeum-drukarstwa-w-cieszynie\/\"><img decoding=\"async\" src=\"https:\/\/zsp12.gliwice.pl\/sp15\/wp-content\/uploads\/sites\/11\/2022\/10\/a4a676bc-6a93-4d06-a8f8-3d641d625830-Copy-768x1024.jpg\" alt= \"Wycieczka do\u00a0 Muzeum Drukarstwa w Cieszynie\" title = \"Wycieczka do\u00a0 Muzeum Drukarstwa w Cieszynie\" \/><\/a><\/div><div class=\"article-title-wrapper\"><h5><a href=\"https:\/\/zsp12.gliwice.pl\/sp15\/blog\/2022\/10\/26\/wycieczka-do-muzeum-drukarstwa-w-cieszynie\/\" class=\"article-title\">Wycieczka do\u00a0 Muzeum Drukarstwa w Cieszynie<\/a><\/h5><\/div>\t\t\t<\/div>\n\t\t<\/div>\n\t\t\t\t<div class=\"col-md-4 col-sm-4\">\n\t\t\t<div class=\"item-post post-15253 post type-post status-publish format-standard has-post-thumbnail hentry category-aktualnosci category-archiwum\">\n\t\t\t\t<div class=\"article-image\"><a class=\"img-post-mobile\" href=\"https:\/\/zsp12.gliwice.pl\/sp15\/blog\/2023\/02\/03\/wspomnienie-z-ferii-zimowych\/\"><img decoding=\"async\" src=\"https:\/\/zsp12.gliwice.pl\/sp15\/wp-content\/uploads\/sites\/11\/2023\/02\/Polkolonie-zimowe-2023-1-1024x819.jpg\" alt= \"WSPOMNIENIE Z FERII ZIMOWYCH&#8230;\" title = \"WSPOMNIENIE Z FERII ZIMOWYCH&#8230;\" \/><\/a><a class=\"img-post\" href=\"https:\/\/zsp12.gliwice.pl\/sp15\/blog\/2023\/02\/03\/wspomnienie-z-ferii-zimowych\/\"><img decoding=\"async\" src=\"https:\/\/zsp12.gliwice.pl\/sp15\/wp-content\/uploads\/sites\/11\/2023\/02\/Polkolonie-zimowe-2023-1-1024x819.jpg\" alt= \"WSPOMNIENIE Z FERII ZIMOWYCH&#8230;\" title = \"WSPOMNIENIE Z FERII ZIMOWYCH&#8230;\" \/><\/a><\/div><div class=\"article-title-wrapper\"><h5><a href=\"https:\/\/zsp12.gliwice.pl\/sp15\/blog\/2023\/02\/03\/wspomnienie-z-ferii-zimowych\/\" class=\"article-title\">WSPOMNIENIE Z FERII ZIMOWYCH&#8230;<\/a><\/h5><\/div>\t\t\t<\/div>\n\t\t<\/div>\n\t\t\t\t<div class=\"col-md-4 col-sm-4\">\n\t\t\t<div class=\"item-post post-15821 post type-post status-publish format-standard has-post-thumbnail hentry category-archiwum\">\n\t\t\t\t<div class=\"article-image\"><a class=\"img-post-mobile\" href=\"https:\/\/zsp12.gliwice.pl\/sp15\/blog\/2023\/04\/21\/lekcja-w-pieciu-jezykach-w-1a\/\"><img decoding=\"async\" src=\"https:\/\/zsp12.gliwice.pl\/sp15\/wp-content\/uploads\/sites\/11\/2023\/04\/20230419_111337-Copy-768x1024.jpg\" alt= \"Lekcja w pi\u0119ciu j\u0119zykach w 1a\" title = \"Lekcja w pi\u0119ciu j\u0119zykach w 1a\" \/><\/a><a class=\"img-post\" href=\"https:\/\/zsp12.gliwice.pl\/sp15\/blog\/2023\/04\/21\/lekcja-w-pieciu-jezykach-w-1a\/\"><img decoding=\"async\" src=\"https:\/\/zsp12.gliwice.pl\/sp15\/wp-content\/uploads\/sites\/11\/2023\/04\/20230419_111337-Copy-768x1024.jpg\" alt= \"Lekcja w pi\u0119ciu j\u0119zykach w 1a\" title = \"Lekcja w pi\u0119ciu j\u0119zykach w 1a\" \/><\/a><\/div><div class=\"article-title-wrapper\"><h5><a href=\"https:\/\/zsp12.gliwice.pl\/sp15\/blog\/2023\/04\/21\/lekcja-w-pieciu-jezykach-w-1a\/\" class=\"article-title\">Lekcja w pi\u0119ciu j\u0119zykach w 1a<\/a><\/h5><\/div>\t\t\t<\/div>\n\t\t<\/div>\n\t\t\t\t<div class=\"col-md-4 col-sm-4\">\n\t\t\t<div class=\"item-post post-10789 post type-post status-publish format-standard has-post-thumbnail hentry category-aktualnosci category-archiwum\">\n\t\t\t\t<div class=\"article-image\"><a class=\"img-post-mobile\" href=\"https:\/\/zsp12.gliwice.pl\/sp15\/blog\/2022\/02\/09\/z-wizyta-on-line-w-centralnym-muzeum-jencow-wojennych-w-lambinowicach\/\"><img decoding=\"async\" src=\"https:\/\/zsp12.gliwice.pl\/sp15\/wp-content\/uploads\/sites\/11\/2022\/02\/1644396194833-1024x551.png\" alt= \"Z wizyt\u0105 on \u2013 line w Centralnym Muzeum Je\u0144c\u00f3w Wojennych w \u0141ambinowicach\" title = \"Z wizyt\u0105 on \u2013 line w Centralnym Muzeum Je\u0144c\u00f3w Wojennych w \u0141ambinowicach\" \/><\/a><a class=\"img-post\" href=\"https:\/\/zsp12.gliwice.pl\/sp15\/blog\/2022\/02\/09\/z-wizyta-on-line-w-centralnym-muzeum-jencow-wojennych-w-lambinowicach\/\"><img decoding=\"async\" src=\"https:\/\/zsp12.gliwice.pl\/sp15\/wp-content\/uploads\/sites\/11\/2022\/02\/1644396194833-1024x551.png\" alt= \"Z wizyt\u0105 on \u2013 line w Centralnym Muzeum Je\u0144c\u00f3w Wojennych w \u0141ambinowicach\" title = \"Z wizyt\u0105 on \u2013 line w Centralnym Muzeum Je\u0144c\u00f3w Wojennych w \u0141ambinowicach\" \/><\/a><\/div><div class=\"article-title-wrapper\"><h5><a href=\"https:\/\/zsp12.gliwice.pl\/sp15\/blog\/2022\/02\/09\/z-wizyta-on-line-w-centralnym-muzeum-jencow-wojennych-w-lambinowicach\/\" class=\"article-title\">Z wizyt\u0105 on \u2013 line w Centralnym Muzeum Je\u0144c\u00f3w Wojennych w \u0141ambinowicach<\/a><\/h5><\/div>\t\t\t<\/div>\n\t\t<\/div>\n\t\t\t\t<div class=\"col-md-4 col-sm-4\">\n\t\t\t<div class=\"item-post post-11766 post type-post status-publish format-standard has-post-thumbnail hentry category-aktualnosci category-archiwum\">\n\t\t\t\t<div class=\"article-image\"><a class=\"img-post-mobile\" href=\"https:\/\/zsp12.gliwice.pl\/sp15\/blog\/2022\/04\/21\/quiz-wiedzy-o-wojciechu-korfantym\/\"><img decoding=\"async\" src=\"https:\/\/zsp12.gliwice.pl\/sp15\/wp-content\/uploads\/sites\/11\/2022\/04\/Konkurs-Korfanty-SP15-20.04.2022-768x1024.jpg\" alt= \"QUIZ WIEDZY O WOJCIECHU KORFANTYM\" title = \"QUIZ WIEDZY O WOJCIECHU KORFANTYM\" \/><\/a><a class=\"img-post\" href=\"https:\/\/zsp12.gliwice.pl\/sp15\/blog\/2022\/04\/21\/quiz-wiedzy-o-wojciechu-korfantym\/\"><img decoding=\"async\" src=\"https:\/\/zsp12.gliwice.pl\/sp15\/wp-content\/uploads\/sites\/11\/2022\/04\/Konkurs-Korfanty-SP15-20.04.2022-768x1024.jpg\" alt= \"QUIZ WIEDZY O WOJCIECHU KORFANTYM\" title = \"QUIZ WIEDZY O WOJCIECHU KORFANTYM\" \/><\/a><\/div><div class=\"article-title-wrapper\"><h5><a href=\"https:\/\/zsp12.gliwice.pl\/sp15\/blog\/2022\/04\/21\/quiz-wiedzy-o-wojciechu-korfantym\/\" class=\"article-title\">QUIZ WIEDZY O WOJCIECHU KORFANTYM<\/a><\/h5><\/div>\t\t\t<\/div>\n\t\t<\/div>\n\t\t\t\t<div class=\"col-md-4 col-sm-4\">\n\t\t\t<div class=\"item-post post-11964 post type-post status-publish format-standard has-post-thumbnail hentry category-aktualnosci category-archiwum\">\n\t\t\t\t<div class=\"article-image\"><a class=\"img-post-mobile\" href=\"https:\/\/zsp12.gliwice.pl\/sp15\/blog\/2022\/05\/18\/akcja-edukacyjna-pod-nazwa-zdroworosna\/\"><img decoding=\"async\" src=\"https:\/\/zsp12.gliwice.pl\/sp15\/wp-content\/uploads\/sites\/11\/2023\/06\/admin-ajax.jpg\" alt= \"Akcja edukacyjna pod nazw\u0105 #ZDROWOROSNA\" title = \"Akcja edukacyjna pod nazw\u0105 #ZDROWOROSNA\" \/><\/a><a class=\"img-post\" href=\"https:\/\/zsp12.gliwice.pl\/sp15\/blog\/2022\/05\/18\/akcja-edukacyjna-pod-nazwa-zdroworosna\/\"><img decoding=\"async\" src=\"https:\/\/zsp12.gliwice.pl\/sp15\/wp-content\/uploads\/sites\/11\/2023\/06\/admin-ajax.jpg\" alt= \"Akcja edukacyjna pod nazw\u0105 #ZDROWOROSNA\" title = \"Akcja edukacyjna pod nazw\u0105 #ZDROWOROSNA\" \/><\/a><\/div><div class=\"article-title-wrapper\"><h5><a href=\"https:\/\/zsp12.gliwice.pl\/sp15\/blog\/2022\/05\/18\/akcja-edukacyjna-pod-nazwa-zdroworosna\/\" class=\"article-title\">Akcja edukacyjna pod nazw\u0105 #ZDROWOROSNA<\/a><\/h5><\/div>\t\t\t<\/div>\n\t\t<\/div>\n\t\t\t\t<div class=\"col-md-4 col-sm-4\">\n\t\t\t<div class=\"item-post post-13524 post type-post status-publish format-standard has-post-thumbnail hentry category-aktualnosci category-archiwum\">\n\t\t\t\t<div class=\"article-image\"><a class=\"img-post-mobile\" href=\"https:\/\/zsp12.gliwice.pl\/sp15\/blog\/2022\/08\/22\/laboratoria-przyszlosci\/\"><img decoding=\"async\" src=\"https:\/\/zsp12.gliwice.pl\/sp15\/wp-content\/uploads\/sites\/11\/2022\/08\/LOgo-LP-1024x575.png\" alt= \"Laboratoria Przysz\u0142o\u015bci\" title = \"Laboratoria Przysz\u0142o\u015bci\" \/><\/a><a class=\"img-post\" href=\"https:\/\/zsp12.gliwice.pl\/sp15\/blog\/2022\/08\/22\/laboratoria-przyszlosci\/\"><img decoding=\"async\" src=\"https:\/\/zsp12.gliwice.pl\/sp15\/wp-content\/uploads\/sites\/11\/2022\/08\/LOgo-LP-1024x575.png\" alt= \"Laboratoria Przysz\u0142o\u015bci\" title = \"Laboratoria Przysz\u0142o\u015bci\" \/><\/a><\/div><div class=\"article-title-wrapper\"><h5><a href=\"https:\/\/zsp12.gliwice.pl\/sp15\/blog\/2022\/08\/22\/laboratoria-przyszlosci\/\" class=\"article-title\">Laboratoria Przysz\u0142o\u015bci<\/a><\/h5><\/div>\t\t\t<\/div>\n\t\t<\/div>\n\t\t\t\t<div class=\"col-md-4 col-sm-4\">\n\t\t\t<div class=\"item-post post-14473 post type-post status-publish format-standard has-post-thumbnail hentry category-aktualnosci category-archiwum\">\n\t\t\t\t<div class=\"article-image\"><a class=\"img-post-mobile\" href=\"https:\/\/zsp12.gliwice.pl\/sp15\/blog\/2022\/11\/28\/spotkanie-z-biegaczem-ekstremalnym-podroznikiem-i-pisarzem-tomkiem-sobania\/\"><img decoding=\"async\" src=\"https:\/\/zsp12.gliwice.pl\/sp15\/wp-content\/uploads\/sites\/11\/2022\/11\/image_50418177-Copy-1024x768.jpg\" alt= \"Spotkanie z biegaczem ekstremalnym, podr\u00f3\u017cnikiem i pisarzem &#8211; Tomkiem Sobani\u0105\" title = \"Spotkanie z biegaczem ekstremalnym, podr\u00f3\u017cnikiem i pisarzem &#8211; Tomkiem Sobani\u0105\" \/><\/a><a class=\"img-post\" href=\"https:\/\/zsp12.gliwice.pl\/sp15\/blog\/2022\/11\/28\/spotkanie-z-biegaczem-ekstremalnym-podroznikiem-i-pisarzem-tomkiem-sobania\/\"><img decoding=\"async\" src=\"https:\/\/zsp12.gliwice.pl\/sp15\/wp-content\/uploads\/sites\/11\/2022\/11\/image_50418177-Copy-1024x768.jpg\" alt= \"Spotkanie z biegaczem ekstremalnym, podr\u00f3\u017cnikiem i pisarzem &#8211; Tomkiem Sobani\u0105\" title = \"Spotkanie z biegaczem ekstremalnym, podr\u00f3\u017cnikiem i pisarzem &#8211; Tomkiem Sobani\u0105\" \/><\/a><\/div><div class=\"article-title-wrapper\"><h5><a href=\"https:\/\/zsp12.gliwice.pl\/sp15\/blog\/2022\/11\/28\/spotkanie-z-biegaczem-ekstremalnym-podroznikiem-i-pisarzem-tomkiem-sobania\/\" class=\"article-title\">Spotkanie z biegaczem ekstremalnym, podr\u00f3\u017cnikiem i pisarzem &#8211; Tomkiem Sobani\u0105<\/a><\/h5><\/div>\t\t\t<\/div>\n\t\t<\/div>\n\t\t\t\t<div class=\"col-md-4 col-sm-4\">\n\t\t\t<div class=\"item-post post-15457 post type-post status-publish format-standard has-post-thumbnail hentry category-archiwum\">\n\t\t\t\t<div class=\"article-image\"><a class=\"img-post-mobile\" href=\"https:\/\/zsp12.gliwice.pl\/sp15\/blog\/2023\/03\/22\/pierwszy-dzien-wiosny-w-klasie-2a\/\"><img decoding=\"async\" src=\"https:\/\/zsp12.gliwice.pl\/sp15\/wp-content\/uploads\/sites\/11\/2023\/03\/unnamed-4-Copy-925x1024.jpg\" alt= \"Pierwszy dzie\u0144 wiosny w klasie 2a\" title = \"Pierwszy dzie\u0144 wiosny w klasie 2a\" \/><\/a><a class=\"img-post\" href=\"https:\/\/zsp12.gliwice.pl\/sp15\/blog\/2023\/03\/22\/pierwszy-dzien-wiosny-w-klasie-2a\/\"><img decoding=\"async\" src=\"https:\/\/zsp12.gliwice.pl\/sp15\/wp-content\/uploads\/sites\/11\/2023\/03\/unnamed-4-Copy-925x1024.jpg\" alt= \"Pierwszy dzie\u0144 wiosny w klasie 2a\" title = \"Pierwszy dzie\u0144 wiosny w klasie 2a\" \/><\/a><\/div><div class=\"article-title-wrapper\"><h5><a href=\"https:\/\/zsp12.gliwice.pl\/sp15\/blog\/2023\/03\/22\/pierwszy-dzien-wiosny-w-klasie-2a\/\" class=\"article-title\">Pierwszy dzie\u0144 wiosny w klasie 2a<\/a><\/h5><\/div>\t\t\t<\/div>\n\t\t<\/div>\n\t\t<\/div><\/div><\/div><\/div><\/div><\/div><\/div>","protected":false},"excerpt":{"rendered":"","protected":false},"author":1,"featured_media":16568,"parent":0,"menu_order":0,"comment_status":"closed","ping_status":"closed","template":"","meta":{"inline_featured_image":false,"ngg_post_thumbnail":0,"footnotes":""},"class_list":["post-16716","page","type-page","status-publish","has-post-thumbnail","hentry"],"_links":{"self":[{"href":"https:\/\/zsp12.gliwice.pl\/sp15\/wp-json\/wp\/v2\/pages\/16716"}],"collection":[{"href":"https:\/\/zsp12.gliwice.pl\/sp15\/wp-json\/wp\/v2\/pages"}],"about":[{"href":"https:\/\/zsp12.gliwice.pl\/sp15\/wp-json\/wp\/v2\/types\/page"}],"author":[{"embeddable":true,"href":"https:\/\/zsp12.gliwice.pl\/sp15\/wp-json\/wp\/v2\/users\/1"}],"replies":[{"embeddable":true,"href":"https:\/\/zsp12.gliwice.pl\/sp15\/wp-json\/wp\/v2\/comments?post=16716"}],"version-history":[{"count":5,"href":"https:\/\/zsp12.gliwice.pl\/sp15\/wp-json\/wp\/v2\/pages\/16716\/revisions"}],"predecessor-version":[{"id":16721,"href":"https:\/\/zsp12.gliwice.pl\/sp15\/wp-json\/wp\/v2\/pages\/16716\/revisions\/16721"}],"wp:featuredmedia":[{"embeddable":true,"href":"https:\/\/zsp12.gliwice.pl\/sp15\/wp-json\/wp\/v2\/media\/16568"}],"wp:attachment":[{"href":"https:\/\/zsp12.gliwice.pl\/sp15\/wp-json\/wp\/v2\/media?parent=16716"}],"curies":[{"name":"wp","href":"https:\/\/api.w.org\/{rel}","templated":true}]}}