{"id":1752,"date":"2018-12-02T01:22:40","date_gmt":"2018-12-02T00:22:40","guid":{"rendered":"http:\/\/zsp12.gliwice.pl\/pm7\/?page_id=1752"},"modified":"2018-12-02T01:22:40","modified_gmt":"2018-12-02T00:22:40","slug":"informacje","status":"publish","type":"page","link":"https:\/\/zsp12.gliwice.pl\/pm7\/informacje\/","title":{"rendered":"Informacje"},"content":{"rendered":"<div id=\"pl-1752\"  class=\"panel-layout\" ><div id=\"pg-1752-0\"  class=\"panel-grid panel-no-style\" ><div id=\"pgc-1752-0-0\"  class=\"panel-grid-cell\" ><div id=\"panel-1752-0-0-0\" class=\"so-panel widget widget_list-post panel-first-child panel-last-child\" data-index=\"0\" ><div\n\t\t\t\n\t\t\tclass=\"so-widget-list-post so-widget-list-post-default-d75171398898-1752\"\n\t\t\t\n\t\t><div class=\"thim-list-posts style-1\"><div class=\"row\">\t\t<div class=\"col-md-3 col-sm-3\">\n\t\t\t<div class=\"item-post post-19924 post type-post status-publish format-standard has-post-thumbnail hentry category-informacje\">\n\t\t\t\t<div class=\"article-image\"><a class=\"img-post-mobile\" href=\"https:\/\/zsp12.gliwice.pl\/pm7\/blog\/2026\/02\/20\/rekrutacja-do-przedszkola-miejskiego-nr-7-w-zespole-szkolno-przedszkolnym-nr-12-w-gliwicach\/\"><img decoding=\"async\" src=\"https:\/\/zsp12.gliwice.pl\/pm7\/wp-content\/uploads\/sites\/7\/2026\/02\/Zapraszamy-1-1024x927.png\" alt= \"Rekrutacja do Przedszkola Miejskiego nr 7 w Zespole Szkolno &#8211; Przedszkolnym nr 12 w Gliwicach\" title = \"Rekrutacja do Przedszkola Miejskiego nr 7 w Zespole Szkolno &#8211; Przedszkolnym nr 12 w Gliwicach\" \/><\/a><a class=\"img-post\" href=\"https:\/\/zsp12.gliwice.pl\/pm7\/blog\/2026\/02\/20\/rekrutacja-do-przedszkola-miejskiego-nr-7-w-zespole-szkolno-przedszkolnym-nr-12-w-gliwicach\/\"><img decoding=\"async\" src=\"https:\/\/zsp12.gliwice.pl\/pm7\/wp-content\/uploads\/sites\/7\/2026\/02\/Zapraszamy-1-150x150.png\" alt= \"Rekrutacja do Przedszkola Miejskiego nr 7 w Zespole Szkolno &#8211; Przedszkolnym nr 12 w Gliwicach\" title = \"Rekrutacja do Przedszkola Miejskiego nr 7 w Zespole Szkolno &#8211; Przedszkolnym nr 12 w Gliwicach\" \/><\/a><\/div><div class=\"article-title-wrapper\"><h5><a href=\"https:\/\/zsp12.gliwice.pl\/pm7\/blog\/2026\/02\/20\/rekrutacja-do-przedszkola-miejskiego-nr-7-w-zespole-szkolno-przedszkolnym-nr-12-w-gliwicach\/\" class=\"article-title\">Rekrutacja do Przedszkola Miejskiego nr 7 w Zespole Szkolno &#8211; Przedszkolnym nr 12 w Gliwicach<\/a><\/h5><div class=\"article-meta\"><span class=\"entry-date\">20 lutego 2026<\/span><span class=\"author vcard\">by <a href=\"https:\/\/zsp12.gliwice.pl\/pm7\/blog\/author\/zmatela\/\" rel=\"author\">zmatela<\/a><\/span><\/div><\/div>\t\t\t<\/div>\n\t\t<\/div>\n\t\t\t\t<div class=\"col-md-3 col-sm-3\">\n\t\t\t<div class=\"item-post post-19692 post type-post status-publish format-standard has-post-thumbnail hentry category-informacje\">\n\t\t\t\t<div class=\"article-image\"><a class=\"img-post-mobile\" href=\"https:\/\/zsp12.gliwice.pl\/pm7\/blog\/2026\/02\/06\/przedszkolna-akademia-filmowa-dzwieki\/\"><img decoding=\"async\" src=\"https:\/\/zsp12.gliwice.pl\/pm7\/wp-content\/uploads\/sites\/7\/2026\/02\/nggallery_import\/20260203_101409-1024x576.jpg\" alt= \"Przedszkolna Akademia Filmowa &#8211; d\u017awi\u0119ki\" title = \"Przedszkolna Akademia Filmowa &#8211; d\u017awi\u0119ki\" \/><\/a><a class=\"img-post\" href=\"https:\/\/zsp12.gliwice.pl\/pm7\/blog\/2026\/02\/06\/przedszkolna-akademia-filmowa-dzwieki\/\"><img decoding=\"async\" src=\"https:\/\/zsp12.gliwice.pl\/pm7\/wp-content\/uploads\/sites\/7\/2026\/02\/nggallery_import\/20260203_101409-150x150.jpg\" alt= \"Przedszkolna Akademia Filmowa &#8211; d\u017awi\u0119ki\" title = \"Przedszkolna Akademia Filmowa &#8211; d\u017awi\u0119ki\" \/><\/a><\/div><div class=\"article-title-wrapper\"><h5><a href=\"https:\/\/zsp12.gliwice.pl\/pm7\/blog\/2026\/02\/06\/przedszkolna-akademia-filmowa-dzwieki\/\" class=\"article-title\">Przedszkolna Akademia Filmowa &#8211; d\u017awi\u0119ki<\/a><\/h5><div class=\"article-meta\"><span class=\"entry-date\">6 lutego 2026<\/span><span class=\"author vcard\">by <a href=\"https:\/\/zsp12.gliwice.pl\/pm7\/blog\/author\/kszymanek\/\" rel=\"author\">kszymanek<\/a><\/span><\/div><\/div>\t\t\t<\/div>\n\t\t<\/div>\n\t\t\t\t<div class=\"col-md-3 col-sm-3\">\n\t\t\t<div class=\"item-post post-19723 post type-post status-publish format-standard has-post-thumbnail hentry category-informacje\">\n\t\t\t\t<div class=\"article-image\"><a class=\"img-post-mobile\" href=\"https:\/\/zsp12.gliwice.pl\/pm7\/blog\/2026\/02\/06\/dzien-babci-i-dziadka-w-pm7-3\/\"><img decoding=\"async\" src=\"https:\/\/zsp12.gliwice.pl\/pm7\/wp-content\/uploads\/sites\/7\/2026\/02\/nggallery_import\/Screenshot_20260208_164030_Messenger-1024x663.jpg\" alt= \"Dzie\u0144 Babci i Dziadka w PM7\" title = \"Dzie\u0144 Babci i Dziadka w PM7\" \/><\/a><a class=\"img-post\" href=\"https:\/\/zsp12.gliwice.pl\/pm7\/blog\/2026\/02\/06\/dzien-babci-i-dziadka-w-pm7-3\/\"><img decoding=\"async\" src=\"https:\/\/zsp12.gliwice.pl\/pm7\/wp-content\/uploads\/sites\/7\/2026\/02\/nggallery_import\/Screenshot_20260208_164030_Messenger-150x150.jpg\" alt= \"Dzie\u0144 Babci i Dziadka w PM7\" title = \"Dzie\u0144 Babci i Dziadka w PM7\" \/><\/a><\/div><div class=\"article-title-wrapper\"><h5><a href=\"https:\/\/zsp12.gliwice.pl\/pm7\/blog\/2026\/02\/06\/dzien-babci-i-dziadka-w-pm7-3\/\" class=\"article-title\">Dzie\u0144 Babci i Dziadka w PM7<\/a><\/h5><div class=\"article-meta\"><span class=\"entry-date\">6 lutego 2026<\/span><span class=\"author vcard\">by <a href=\"https:\/\/zsp12.gliwice.pl\/pm7\/blog\/author\/kszymanek\/\" rel=\"author\">kszymanek<\/a><\/span><\/div><\/div>\t\t\t<\/div>\n\t\t<\/div>\n\t\t\t\t<div class=\"col-md-3 col-sm-3\">\n\t\t\t<div class=\"item-post post-19652 post type-post status-publish format-standard has-post-thumbnail hentry category-informacje\">\n\t\t\t\t<div class=\"article-image\"><a class=\"img-post-mobile\" href=\"https:\/\/zsp12.gliwice.pl\/pm7\/blog\/2026\/01\/22\/przedszkolna-akademia-filmowa-ekraniaki\/\"><img decoding=\"async\" src=\"https:\/\/zsp12.gliwice.pl\/pm7\/wp-content\/uploads\/sites\/7\/2026\/02\/nggallery_import\/20260120_100003-1024x576.jpg\" alt= \"Przedszkolna Akademia Filmowa &#8211; ekraniaki\" title = \"Przedszkolna Akademia Filmowa &#8211; ekraniaki\" \/><\/a><a class=\"img-post\" href=\"https:\/\/zsp12.gliwice.pl\/pm7\/blog\/2026\/01\/22\/przedszkolna-akademia-filmowa-ekraniaki\/\"><img decoding=\"async\" src=\"https:\/\/zsp12.gliwice.pl\/pm7\/wp-content\/uploads\/sites\/7\/2026\/02\/nggallery_import\/20260120_100003-150x150.jpg\" alt= \"Przedszkolna Akademia Filmowa &#8211; ekraniaki\" title = \"Przedszkolna Akademia Filmowa &#8211; ekraniaki\" \/><\/a><\/div><div class=\"article-title-wrapper\"><h5><a href=\"https:\/\/zsp12.gliwice.pl\/pm7\/blog\/2026\/01\/22\/przedszkolna-akademia-filmowa-ekraniaki\/\" class=\"article-title\">Przedszkolna Akademia Filmowa &#8211; ekraniaki<\/a><\/h5><div class=\"article-meta\"><span class=\"entry-date\">22 stycznia 2026<\/span><span class=\"author vcard\">by <a href=\"https:\/\/zsp12.gliwice.pl\/pm7\/blog\/author\/kszymanek\/\" rel=\"author\">kszymanek<\/a><\/span><\/div><\/div>\t\t\t<\/div>\n\t\t<\/div>\n\t\t\t\t<div class=\"col-md-3 col-sm-3\">\n\t\t\t<div class=\"item-post post-19561 post type-post status-publish format-standard has-post-thumbnail hentry category-informacje\">\n\t\t\t\t<div class=\"article-image\"><a class=\"img-post-mobile\" href=\"https:\/\/zsp12.gliwice.pl\/pm7\/blog\/2026\/01\/08\/bal-karnawalowy-w-pm7-5\/\"><img decoding=\"async\" src=\"https:\/\/zsp12.gliwice.pl\/pm7\/wp-content\/uploads\/sites\/7\/2026\/01\/Bal-karnawalowy-PM7-1-724x1024.jpg\" alt= \"Bal karnawa\u0142owy w PM7\" title = \"Bal karnawa\u0142owy w PM7\" \/><\/a><a class=\"img-post\" href=\"https:\/\/zsp12.gliwice.pl\/pm7\/blog\/2026\/01\/08\/bal-karnawalowy-w-pm7-5\/\"><img decoding=\"async\" src=\"https:\/\/zsp12.gliwice.pl\/pm7\/wp-content\/uploads\/sites\/7\/2026\/01\/Bal-karnawalowy-PM7-1-150x150.jpg\" alt= \"Bal karnawa\u0142owy w PM7\" title = \"Bal karnawa\u0142owy w PM7\" \/><\/a><\/div><div class=\"article-title-wrapper\"><h5><a href=\"https:\/\/zsp12.gliwice.pl\/pm7\/blog\/2026\/01\/08\/bal-karnawalowy-w-pm7-5\/\" class=\"article-title\">Bal karnawa\u0142owy w PM7<\/a><\/h5><div class=\"article-meta\"><span class=\"entry-date\">8 stycznia 2026<\/span><span class=\"author vcard\">by <a href=\"https:\/\/zsp12.gliwice.pl\/pm7\/blog\/author\/kszymanek\/\" rel=\"author\">kszymanek<\/a><\/span><\/div><\/div>\t\t\t<\/div>\n\t\t<\/div>\n\t\t\t\t<div class=\"col-md-3 col-sm-3\">\n\t\t\t<div class=\"item-post post-19525 post type-post status-publish format-standard has-post-thumbnail hentry category-informacje\">\n\t\t\t\t<div class=\"article-image\"><a class=\"img-post-mobile\" href=\"https:\/\/zsp12.gliwice.pl\/pm7\/blog\/2025\/12\/01\/mikolajki-z-robotami-2\/\"><img decoding=\"async\" src=\"https:\/\/zsp12.gliwice.pl\/pm7\/wp-content\/uploads\/sites\/7\/2025\/12\/Mikolajki-plakat_page-0001-725x1024.jpg\" alt= \"Miko\u0142ajki z Robotami!\" title = \"Miko\u0142ajki z Robotami!\" \/><\/a><a class=\"img-post\" href=\"https:\/\/zsp12.gliwice.pl\/pm7\/blog\/2025\/12\/01\/mikolajki-z-robotami-2\/\"><img decoding=\"async\" src=\"https:\/\/zsp12.gliwice.pl\/pm7\/wp-content\/uploads\/sites\/7\/2025\/12\/Mikolajki-plakat_page-0001-150x150.jpg\" alt= \"Miko\u0142ajki z Robotami!\" title = \"Miko\u0142ajki z Robotami!\" \/><\/a><\/div><div class=\"article-title-wrapper\"><h5><a href=\"https:\/\/zsp12.gliwice.pl\/pm7\/blog\/2025\/12\/01\/mikolajki-z-robotami-2\/\" class=\"article-title\">Miko\u0142ajki z Robotami!<\/a><\/h5><div class=\"article-meta\"><span class=\"entry-date\">1 grudnia 2025<\/span><span class=\"author vcard\">by <a href=\"https:\/\/zsp12.gliwice.pl\/pm7\/blog\/author\/kszymanek\/\" rel=\"author\">kszymanek<\/a><\/span><\/div><\/div>\t\t\t<\/div>\n\t\t<\/div>\n\t\t\t\t<div class=\"col-md-3 col-sm-3\">\n\t\t\t<div class=\"item-post post-19439 post type-post status-publish format-standard has-post-thumbnail hentry category-informacje\">\n\t\t\t\t<div class=\"article-image\"><a class=\"img-post-mobile\" href=\"https:\/\/zsp12.gliwice.pl\/pm7\/blog\/2025\/11\/06\/dzien-postaci-z-bajek-2\/\"><img decoding=\"async\" src=\"https:\/\/zsp12.gliwice.pl\/pm7\/wp-content\/uploads\/sites\/7\/2025\/11\/nggallery_import\/IMG_2929-768x1024.jpg\" alt= \"Dzie\u0144 postaci z bajek\" title = \"Dzie\u0144 postaci z bajek\" \/><\/a><a class=\"img-post\" href=\"https:\/\/zsp12.gliwice.pl\/pm7\/blog\/2025\/11\/06\/dzien-postaci-z-bajek-2\/\"><img decoding=\"async\" src=\"https:\/\/zsp12.gliwice.pl\/pm7\/wp-content\/uploads\/sites\/7\/2025\/11\/nggallery_import\/IMG_2929-150x150.jpg\" alt= \"Dzie\u0144 postaci z bajek\" title = \"Dzie\u0144 postaci z bajek\" \/><\/a><\/div><div class=\"article-title-wrapper\"><h5><a href=\"https:\/\/zsp12.gliwice.pl\/pm7\/blog\/2025\/11\/06\/dzien-postaci-z-bajek-2\/\" class=\"article-title\">Dzie\u0144 postaci z bajek<\/a><\/h5><div class=\"article-meta\"><span class=\"entry-date\">6 listopada 2025<\/span><span class=\"author vcard\">by <a href=\"https:\/\/zsp12.gliwice.pl\/pm7\/blog\/author\/kszymanek\/\" rel=\"author\">kszymanek<\/a><\/span><\/div><\/div>\t\t\t<\/div>\n\t\t<\/div>\n\t\t\t\t<div class=\"col-md-3 col-sm-3\">\n\t\t\t<div class=\"item-post post-19399 post type-post status-publish format-standard has-post-thumbnail hentry category-informacje\">\n\t\t\t\t<div class=\"article-image\"><a class=\"img-post-mobile\" href=\"https:\/\/zsp12.gliwice.pl\/pm7\/blog\/2025\/11\/03\/przedszkolna-akademia-filmowa-wizyta-w-kinie\/\"><img decoding=\"async\" src=\"https:\/\/zsp12.gliwice.pl\/pm7\/wp-content\/uploads\/sites\/7\/2025\/11\/nggallery_import\/20251031_095742-1024x576.jpg\" alt= \"Przedszkolna Akademia Filmowa &#8211; wizyta w kinie\" title = \"Przedszkolna Akademia Filmowa &#8211; wizyta w kinie\" \/><\/a><a class=\"img-post\" href=\"https:\/\/zsp12.gliwice.pl\/pm7\/blog\/2025\/11\/03\/przedszkolna-akademia-filmowa-wizyta-w-kinie\/\"><img decoding=\"async\" src=\"https:\/\/zsp12.gliwice.pl\/pm7\/wp-content\/uploads\/sites\/7\/2025\/11\/nggallery_import\/20251031_095742-150x150.jpg\" alt= \"Przedszkolna Akademia Filmowa &#8211; wizyta w kinie\" title = \"Przedszkolna Akademia Filmowa &#8211; wizyta w kinie\" \/><\/a><\/div><div class=\"article-title-wrapper\"><h5><a href=\"https:\/\/zsp12.gliwice.pl\/pm7\/blog\/2025\/11\/03\/przedszkolna-akademia-filmowa-wizyta-w-kinie\/\" class=\"article-title\">Przedszkolna Akademia Filmowa &#8211; wizyta w kinie<\/a><\/h5><div class=\"article-meta\"><span class=\"entry-date\">3 listopada 2025<\/span><span class=\"author vcard\">by <a href=\"https:\/\/zsp12.gliwice.pl\/pm7\/blog\/author\/kszymanek\/\" rel=\"author\">kszymanek<\/a><\/span><\/div><\/div>\t\t\t<\/div>\n\t\t<\/div>\n\t\t\t\t<div class=\"col-md-3 col-sm-3\">\n\t\t\t<div class=\"item-post post-19352 post type-post status-publish format-standard has-post-thumbnail hentry category-informacje\">\n\t\t\t\t<div class=\"article-image\"><a class=\"img-post-mobile\" href=\"https:\/\/zsp12.gliwice.pl\/pm7\/blog\/2025\/10\/24\/jesienny-spacer-w-parku\/\"><img decoding=\"async\" src=\"https:\/\/zsp12.gliwice.pl\/pm7\/wp-content\/uploads\/sites\/7\/2025\/10\/nggallery_import\/IMG-20251023-WA0046-1024x768.jpg\" alt= \"Jesienny spacer w parku\" title = \"Jesienny spacer w parku\" \/><\/a><a class=\"img-post\" href=\"https:\/\/zsp12.gliwice.pl\/pm7\/blog\/2025\/10\/24\/jesienny-spacer-w-parku\/\"><img decoding=\"async\" src=\"https:\/\/zsp12.gliwice.pl\/pm7\/wp-content\/uploads\/sites\/7\/2025\/10\/nggallery_import\/IMG-20251023-WA0046-150x150.jpg\" alt= \"Jesienny spacer w parku\" title = \"Jesienny spacer w parku\" \/><\/a><\/div><div class=\"article-title-wrapper\"><h5><a href=\"https:\/\/zsp12.gliwice.pl\/pm7\/blog\/2025\/10\/24\/jesienny-spacer-w-parku\/\" class=\"article-title\">Jesienny spacer w parku<\/a><\/h5><div class=\"article-meta\"><span class=\"entry-date\">24 pa\u017adziernika 2025<\/span><span class=\"author vcard\">by <a href=\"https:\/\/zsp12.gliwice.pl\/pm7\/blog\/author\/kszymanek\/\" rel=\"author\">kszymanek<\/a><\/span><\/div><\/div>\t\t\t<\/div>\n\t\t<\/div>\n\t\t\t\t<div class=\"col-md-3 col-sm-3\">\n\t\t\t<div class=\"item-post post-19024 post type-post status-publish format-standard has-post-thumbnail hentry category-informacje\">\n\t\t\t\t<div class=\"article-image\"><a class=\"img-post-mobile\" href=\"https:\/\/zsp12.gliwice.pl\/pm7\/blog\/2025\/10\/07\/dzien-usmiechu-w-naszym-przedszkolu\/\"><img decoding=\"async\" src=\"https:\/\/zsp12.gliwice.pl\/pm7\/wp-content\/uploads\/sites\/7\/2025\/10\/nggallery_import\/IMG_2182-768x1024.jpg\" alt= \"Dzie\u0144 U\u015bmiechu w naszym przedszkolu!\u00a0\" title = \"Dzie\u0144 U\u015bmiechu w naszym przedszkolu!\u00a0\" \/><\/a><a class=\"img-post\" href=\"https:\/\/zsp12.gliwice.pl\/pm7\/blog\/2025\/10\/07\/dzien-usmiechu-w-naszym-przedszkolu\/\"><img decoding=\"async\" src=\"https:\/\/zsp12.gliwice.pl\/pm7\/wp-content\/uploads\/sites\/7\/2025\/10\/nggallery_import\/IMG_2182-150x150.jpg\" alt= \"Dzie\u0144 U\u015bmiechu w naszym przedszkolu!\u00a0\" title = \"Dzie\u0144 U\u015bmiechu w naszym przedszkolu!\u00a0\" \/><\/a><\/div><div class=\"article-title-wrapper\"><h5><a href=\"https:\/\/zsp12.gliwice.pl\/pm7\/blog\/2025\/10\/07\/dzien-usmiechu-w-naszym-przedszkolu\/\" class=\"article-title\">Dzie\u0144 U\u015bmiechu w naszym przedszkolu!\u00a0<\/a><\/h5><div class=\"article-meta\"><span class=\"entry-date\">7 pa\u017adziernika 2025<\/span><span class=\"author vcard\">by <a href=\"https:\/\/zsp12.gliwice.pl\/pm7\/blog\/author\/kszymanek\/\" rel=\"author\">kszymanek<\/a><\/span><\/div><\/div>\t\t\t<\/div>\n\t\t<\/div>\n\t\t\t\t<div class=\"col-md-3 col-sm-3\">\n\t\t\t<div class=\"item-post post-18953 post type-post status-publish format-standard has-post-thumbnail hentry category-informacje\">\n\t\t\t\t<div class=\"article-image\"><a class=\"img-post-mobile\" href=\"https:\/\/zsp12.gliwice.pl\/pm7\/blog\/2025\/09\/17\/dzien-kropki-w-pm7-5\/\"><img decoding=\"async\" src=\"https:\/\/zsp12.gliwice.pl\/pm7\/wp-content\/uploads\/sites\/7\/2025\/09\/nggallery_import\/IMG_1486-768x1024.jpg\" alt= \"Dzie\u0144 Kropki w PM7\" title = \"Dzie\u0144 Kropki w PM7\" \/><\/a><a class=\"img-post\" href=\"https:\/\/zsp12.gliwice.pl\/pm7\/blog\/2025\/09\/17\/dzien-kropki-w-pm7-5\/\"><img decoding=\"async\" src=\"https:\/\/zsp12.gliwice.pl\/pm7\/wp-content\/uploads\/sites\/7\/2025\/09\/nggallery_import\/IMG_1486-150x150.jpg\" alt= \"Dzie\u0144 Kropki w PM7\" title = \"Dzie\u0144 Kropki w PM7\" \/><\/a><\/div><div class=\"article-title-wrapper\"><h5><a href=\"https:\/\/zsp12.gliwice.pl\/pm7\/blog\/2025\/09\/17\/dzien-kropki-w-pm7-5\/\" class=\"article-title\">Dzie\u0144 Kropki w PM7<\/a><\/h5><div class=\"article-meta\"><span class=\"entry-date\">17 wrze\u015bnia 2025<\/span><span class=\"author vcard\">by <a href=\"https:\/\/zsp12.gliwice.pl\/pm7\/blog\/author\/kszymanek\/\" rel=\"author\">kszymanek<\/a><\/span><\/div><\/div>\t\t\t<\/div>\n\t\t<\/div>\n\t\t\t\t<div class=\"col-md-3 col-sm-3\">\n\t\t\t<div class=\"item-post post-18794 post type-post status-publish format-standard has-post-thumbnail hentry category-informacje\">\n\t\t\t\t<div class=\"article-image\"><a class=\"img-post-mobile\" href=\"https:\/\/zsp12.gliwice.pl\/pm7\/blog\/2025\/06\/30\/tarnogorska-dzis-zegnamy-na-lipowa-zapraszamy\/\"><img decoding=\"async\" src=\"https:\/\/zsp12.gliwice.pl\/pm7\/wp-content\/uploads\/sites\/7\/2025\/07\/nggallery_import\/20250627_091342-576x1024.jpg\" alt= \"Tarnog\u00f3rsk\u0105 dzi\u015b \u017cegnamy &#8211; na Lipow\u0105 zapraszamy!\" title = \"Tarnog\u00f3rsk\u0105 dzi\u015b \u017cegnamy &#8211; na Lipow\u0105 zapraszamy!\" \/><\/a><a class=\"img-post\" href=\"https:\/\/zsp12.gliwice.pl\/pm7\/blog\/2025\/06\/30\/tarnogorska-dzis-zegnamy-na-lipowa-zapraszamy\/\"><img decoding=\"async\" src=\"https:\/\/zsp12.gliwice.pl\/pm7\/wp-content\/uploads\/sites\/7\/2025\/07\/nggallery_import\/20250627_091342-150x150.jpg\" alt= \"Tarnog\u00f3rsk\u0105 dzi\u015b \u017cegnamy &#8211; na Lipow\u0105 zapraszamy!\" title = \"Tarnog\u00f3rsk\u0105 dzi\u015b \u017cegnamy &#8211; na Lipow\u0105 zapraszamy!\" \/><\/a><\/div><div class=\"article-title-wrapper\"><h5><a href=\"https:\/\/zsp12.gliwice.pl\/pm7\/blog\/2025\/06\/30\/tarnogorska-dzis-zegnamy-na-lipowa-zapraszamy\/\" class=\"article-title\">Tarnog\u00f3rsk\u0105 dzi\u015b \u017cegnamy &#8211; na Lipow\u0105 zapraszamy!<\/a><\/h5><div class=\"article-meta\"><span class=\"entry-date\">30 czerwca 2025<\/span><span class=\"author vcard\">by <a href=\"https:\/\/zsp12.gliwice.pl\/pm7\/blog\/author\/kszymanek\/\" rel=\"author\">kszymanek<\/a><\/span><\/div><\/div>\t\t\t<\/div>\n\t\t<\/div>\n\t\t\t\t<div class=\"col-md-3 col-sm-3\">\n\t\t\t<div class=\"item-post post-18776 post type-post status-publish format-standard has-post-thumbnail hentry category-informacje\">\n\t\t\t\t<div class=\"article-image\"><a class=\"img-post-mobile\" href=\"https:\/\/zsp12.gliwice.pl\/pm7\/blog\/2025\/06\/20\/fotorelacja-z-zajec-j-mniejszosci-niemieckiej-w-grupie-przedszkolnej-bystrzaki\/\"><img decoding=\"async\" src=\"https:\/\/zsp12.gliwice.pl\/pm7\/wp-content\/uploads\/sites\/7\/2025\/06\/nggallery_import\/52_20250616_192529_0001-1024x724.png\" alt= \"Fotorelacja z zaj\u0119\u0107 j. mniejszo\u015bci niemieckiej w grupie przedszkolnej &#8220;BYSTRZAKI&#8221;\" title = \"Fotorelacja z zaj\u0119\u0107 j. mniejszo\u015bci niemieckiej w grupie przedszkolnej &#8220;BYSTRZAKI&#8221;\" \/><\/a><a class=\"img-post\" href=\"https:\/\/zsp12.gliwice.pl\/pm7\/blog\/2025\/06\/20\/fotorelacja-z-zajec-j-mniejszosci-niemieckiej-w-grupie-przedszkolnej-bystrzaki\/\"><img decoding=\"async\" src=\"https:\/\/zsp12.gliwice.pl\/pm7\/wp-content\/uploads\/sites\/7\/2025\/06\/nggallery_import\/52_20250616_192529_0001-150x150.png\" alt= \"Fotorelacja z zaj\u0119\u0107 j. mniejszo\u015bci niemieckiej w grupie przedszkolnej &#8220;BYSTRZAKI&#8221;\" title = \"Fotorelacja z zaj\u0119\u0107 j. mniejszo\u015bci niemieckiej w grupie przedszkolnej &#8220;BYSTRZAKI&#8221;\" \/><\/a><\/div><div class=\"article-title-wrapper\"><h5><a href=\"https:\/\/zsp12.gliwice.pl\/pm7\/blog\/2025\/06\/20\/fotorelacja-z-zajec-j-mniejszosci-niemieckiej-w-grupie-przedszkolnej-bystrzaki\/\" class=\"article-title\">Fotorelacja z zaj\u0119\u0107 j. mniejszo\u015bci niemieckiej w grupie przedszkolnej &#8220;BYSTRZAKI&#8221;<\/a><\/h5><div class=\"article-meta\"><span class=\"entry-date\">20 czerwca 2025<\/span><span class=\"author vcard\">by <a href=\"https:\/\/zsp12.gliwice.pl\/pm7\/blog\/author\/kszymanek\/\" rel=\"author\">kszymanek<\/a><\/span><\/div><\/div>\t\t\t<\/div>\n\t\t<\/div>\n\t\t\t\t<div class=\"col-md-3 col-sm-3\">\n\t\t\t<div class=\"item-post post-18581 post type-post status-publish format-standard has-post-thumbnail hentry category-informacje\">\n\t\t\t\t<div class=\"article-image\"><a class=\"img-post-mobile\" href=\"https:\/\/zsp12.gliwice.pl\/pm7\/blog\/2025\/06\/02\/dzien-kolorow-w-przedszkolu\/\"><img decoding=\"async\" src=\"https:\/\/zsp12.gliwice.pl\/pm7\/wp-content\/uploads\/sites\/7\/2025\/06\/5_20250530_191813_00042-1024x704.jpg\" alt= \"Dzie\u0144 Kolor\u00f3w w przedszkolu\" title = \"Dzie\u0144 Kolor\u00f3w w przedszkolu\" \/><\/a><a class=\"img-post\" href=\"https:\/\/zsp12.gliwice.pl\/pm7\/blog\/2025\/06\/02\/dzien-kolorow-w-przedszkolu\/\"><img decoding=\"async\" src=\"https:\/\/zsp12.gliwice.pl\/pm7\/wp-content\/uploads\/sites\/7\/2025\/06\/5_20250530_191813_00042-150x150.jpg\" alt= \"Dzie\u0144 Kolor\u00f3w w przedszkolu\" title = \"Dzie\u0144 Kolor\u00f3w w przedszkolu\" \/><\/a><\/div><div class=\"article-title-wrapper\"><h5><a href=\"https:\/\/zsp12.gliwice.pl\/pm7\/blog\/2025\/06\/02\/dzien-kolorow-w-przedszkolu\/\" class=\"article-title\">Dzie\u0144 Kolor\u00f3w w przedszkolu<\/a><\/h5><div class=\"article-meta\"><span class=\"entry-date\">2 czerwca 2025<\/span><span class=\"author vcard\">by <a href=\"https:\/\/zsp12.gliwice.pl\/pm7\/blog\/author\/kszymanek\/\" rel=\"author\">kszymanek<\/a><\/span><\/div><\/div>\t\t\t<\/div>\n\t\t<\/div>\n\t\t\t\t<div class=\"col-md-3 col-sm-3\">\n\t\t\t<div class=\"item-post post-18435 post type-post status-publish format-standard has-post-thumbnail hentry category-informacje\">\n\t\t\t\t<div class=\"article-image\"><a class=\"img-post-mobile\" href=\"https:\/\/zsp12.gliwice.pl\/pm7\/blog\/2025\/05\/27\/festyn-rodzinny-2\/\"><img decoding=\"async\" src=\"https:\/\/zsp12.gliwice.pl\/pm7\/wp-content\/uploads\/sites\/7\/2025\/05\/FrodzinnyZSP12_2025-93-2048x1365-1-1024x683.jpg\" alt= \"Festyn Rodzinny\" title = \"Festyn Rodzinny\" \/><\/a><a class=\"img-post\" href=\"https:\/\/zsp12.gliwice.pl\/pm7\/blog\/2025\/05\/27\/festyn-rodzinny-2\/\"><img decoding=\"async\" src=\"https:\/\/zsp12.gliwice.pl\/pm7\/wp-content\/uploads\/sites\/7\/2025\/05\/FrodzinnyZSP12_2025-93-2048x1365-1-150x150.jpg\" alt= \"Festyn Rodzinny\" title = \"Festyn Rodzinny\" \/><\/a><\/div><div class=\"article-title-wrapper\"><h5><a href=\"https:\/\/zsp12.gliwice.pl\/pm7\/blog\/2025\/05\/27\/festyn-rodzinny-2\/\" class=\"article-title\">Festyn Rodzinny<\/a><\/h5><div class=\"article-meta\"><span class=\"entry-date\">27 maja 2025<\/span><span class=\"author vcard\">by <a href=\"https:\/\/zsp12.gliwice.pl\/pm7\/blog\/author\/kszymanek\/\" rel=\"author\">kszymanek<\/a><\/span><\/div><\/div>\t\t\t<\/div>\n\t\t<\/div>\n\t\t\t\t<div class=\"col-md-3 col-sm-3\">\n\t\t\t<div class=\"item-post post-18410 post type-post status-publish format-standard has-post-thumbnail hentry category-informacje\">\n\t\t\t\t<div class=\"article-image\"><a class=\"img-post-mobile\" href=\"https:\/\/zsp12.gliwice.pl\/pm7\/blog\/2025\/05\/12\/przedszkole-zbiorcze-2025\/\"><img decoding=\"async\" src=\"https:\/\/zsp12.gliwice.pl\/pm7\/wp-content\/uploads\/sites\/7\/2025\/05\/Tekst-akapitu-2-1024x726.png\" alt= \"Przedszkole zbiorcze 2025\" title = \"Przedszkole zbiorcze 2025\" \/><\/a><a class=\"img-post\" href=\"https:\/\/zsp12.gliwice.pl\/pm7\/blog\/2025\/05\/12\/przedszkole-zbiorcze-2025\/\"><img decoding=\"async\" src=\"https:\/\/zsp12.gliwice.pl\/pm7\/wp-content\/uploads\/sites\/7\/2025\/05\/Tekst-akapitu-2-150x150.png\" alt= \"Przedszkole zbiorcze 2025\" title = \"Przedszkole zbiorcze 2025\" \/><\/a><\/div><div class=\"article-title-wrapper\"><h5><a href=\"https:\/\/zsp12.gliwice.pl\/pm7\/blog\/2025\/05\/12\/przedszkole-zbiorcze-2025\/\" class=\"article-title\">Przedszkole zbiorcze 2025<\/a><\/h5><div class=\"article-meta\"><span class=\"entry-date\">12 maja 2025<\/span><span class=\"author vcard\">by <a href=\"https:\/\/zsp12.gliwice.pl\/pm7\/blog\/author\/zmatela\/\" rel=\"author\">zmatela<\/a><\/span><\/div><\/div>\t\t\t<\/div>\n\t\t<\/div>\n\t\t\t\t<div class=\"col-md-3 col-sm-3\">\n\t\t\t<div class=\"item-post post-18210 post type-post status-publish format-standard has-post-thumbnail hentry category-informacje\">\n\t\t\t\t<div class=\"article-image\"><a class=\"img-post-mobile\" href=\"https:\/\/zsp12.gliwice.pl\/pm7\/blog\/2025\/04\/16\/wielkanoc-w-pm7-2\/\"><img decoding=\"async\" src=\"https:\/\/zsp12.gliwice.pl\/pm7\/wp-content\/uploads\/sites\/7\/2025\/04\/1744826024116-1024x450.jpg\" alt= \"Wielkanoc w PM7\" title = \"Wielkanoc w PM7\" \/><\/a><a class=\"img-post\" href=\"https:\/\/zsp12.gliwice.pl\/pm7\/blog\/2025\/04\/16\/wielkanoc-w-pm7-2\/\"><img decoding=\"async\" src=\"https:\/\/zsp12.gliwice.pl\/pm7\/wp-content\/uploads\/sites\/7\/2025\/04\/1744826024116-150x150.jpg\" alt= \"Wielkanoc w PM7\" title = \"Wielkanoc w PM7\" \/><\/a><\/div><div class=\"article-title-wrapper\"><h5><a href=\"https:\/\/zsp12.gliwice.pl\/pm7\/blog\/2025\/04\/16\/wielkanoc-w-pm7-2\/\" class=\"article-title\">Wielkanoc w PM7<\/a><\/h5><div class=\"article-meta\"><span class=\"entry-date\">16 kwietnia 2025<\/span><span class=\"author vcard\">by <a href=\"https:\/\/zsp12.gliwice.pl\/pm7\/blog\/author\/kszymanek\/\" rel=\"author\">kszymanek<\/a><\/span><\/div><\/div>\t\t\t<\/div>\n\t\t<\/div>\n\t\t\t\t<div class=\"col-md-3 col-sm-3\">\n\t\t\t<div class=\"item-post post-18189 post type-post status-publish format-standard has-post-thumbnail hentry category-informacje\">\n\t\t\t\t<div class=\"article-image\"><a class=\"img-post-mobile\" href=\"https:\/\/zsp12.gliwice.pl\/pm7\/blog\/2025\/04\/02\/konkurs-wielkanocny\/\"><img decoding=\"async\" src=\"https:\/\/zsp12.gliwice.pl\/pm7\/wp-content\/uploads\/sites\/7\/2025\/04\/1-724x1024.png\" alt= \"Konkurs wielkanocny\" title = \"Konkurs wielkanocny\" \/><\/a><a class=\"img-post\" href=\"https:\/\/zsp12.gliwice.pl\/pm7\/blog\/2025\/04\/02\/konkurs-wielkanocny\/\"><img decoding=\"async\" src=\"https:\/\/zsp12.gliwice.pl\/pm7\/wp-content\/uploads\/sites\/7\/2025\/04\/1-150x150.png\" alt= \"Konkurs wielkanocny\" title = \"Konkurs wielkanocny\" \/><\/a><\/div><div class=\"article-title-wrapper\"><h5><a href=\"https:\/\/zsp12.gliwice.pl\/pm7\/blog\/2025\/04\/02\/konkurs-wielkanocny\/\" class=\"article-title\">Konkurs wielkanocny<\/a><\/h5><div class=\"article-meta\"><span class=\"entry-date\">2 kwietnia 2025<\/span><span class=\"author vcard\">by <a href=\"https:\/\/zsp12.gliwice.pl\/pm7\/blog\/author\/kszymanek\/\" rel=\"author\">kszymanek<\/a><\/span><\/div><\/div>\t\t\t<\/div>\n\t\t<\/div>\n\t\t\t\t<div class=\"col-md-3 col-sm-3\">\n\t\t\t<div class=\"item-post post-18196 post type-post status-publish format-standard has-post-thumbnail hentry category-informacje\">\n\t\t\t\t<div class=\"article-image\"><a class=\"img-post-mobile\" href=\"https:\/\/zsp12.gliwice.pl\/pm7\/blog\/2025\/04\/02\/swiatowy-dzien-autyzmu\/\"><img decoding=\"async\" src=\"https:\/\/zsp12.gliwice.pl\/pm7\/wp-content\/uploads\/sites\/7\/2025\/04\/Dzien-Autyzmu_20250401_170052_0000-819x1024.jpg\" alt= \"\u015awiatowy Dzie\u0144 Autyzmu\" title = \"\u015awiatowy Dzie\u0144 Autyzmu\" \/><\/a><a class=\"img-post\" href=\"https:\/\/zsp12.gliwice.pl\/pm7\/blog\/2025\/04\/02\/swiatowy-dzien-autyzmu\/\"><img decoding=\"async\" src=\"https:\/\/zsp12.gliwice.pl\/pm7\/wp-content\/uploads\/sites\/7\/2025\/04\/Dzien-Autyzmu_20250401_170052_0000-150x150.jpg\" alt= \"\u015awiatowy Dzie\u0144 Autyzmu\" title = \"\u015awiatowy Dzie\u0144 Autyzmu\" \/><\/a><\/div><div class=\"article-title-wrapper\"><h5><a href=\"https:\/\/zsp12.gliwice.pl\/pm7\/blog\/2025\/04\/02\/swiatowy-dzien-autyzmu\/\" class=\"article-title\">\u015awiatowy Dzie\u0144 Autyzmu<\/a><\/h5><div class=\"article-meta\"><span class=\"entry-date\">2 kwietnia 2025<\/span><span class=\"author vcard\">by <a href=\"https:\/\/zsp12.gliwice.pl\/pm7\/blog\/author\/kszymanek\/\" rel=\"author\">kszymanek<\/a><\/span><\/div><\/div>\t\t\t<\/div>\n\t\t<\/div>\n\t\t\t\t<div class=\"col-md-3 col-sm-3\">\n\t\t\t<div class=\"item-post post-18042 post type-post status-publish format-standard has-post-thumbnail hentry category-informacje\">\n\t\t\t\t<div class=\"article-image\"><a class=\"img-post-mobile\" href=\"https:\/\/zsp12.gliwice.pl\/pm7\/blog\/2025\/03\/18\/dzien-swietego-patryka-w-pm7-3\/\"><img decoding=\"async\" src=\"https:\/\/zsp12.gliwice.pl\/pm7\/wp-content\/uploads\/sites\/7\/2025\/03\/20250317_122742-1024x577.jpg\" alt= \"Dzie\u0144 \u015awi\u0119tego Patryka w PM7\" title = \"Dzie\u0144 \u015awi\u0119tego Patryka w PM7\" \/><\/a><a class=\"img-post\" href=\"https:\/\/zsp12.gliwice.pl\/pm7\/blog\/2025\/03\/18\/dzien-swietego-patryka-w-pm7-3\/\"><img decoding=\"async\" src=\"https:\/\/zsp12.gliwice.pl\/pm7\/wp-content\/uploads\/sites\/7\/2025\/03\/20250317_122742-150x150.jpg\" alt= \"Dzie\u0144 \u015awi\u0119tego Patryka w PM7\" title = \"Dzie\u0144 \u015awi\u0119tego Patryka w PM7\" \/><\/a><\/div><div class=\"article-title-wrapper\"><h5><a href=\"https:\/\/zsp12.gliwice.pl\/pm7\/blog\/2025\/03\/18\/dzien-swietego-patryka-w-pm7-3\/\" class=\"article-title\">Dzie\u0144 \u015awi\u0119tego Patryka w PM7<\/a><\/h5><div class=\"article-meta\"><span class=\"entry-date\">18 marca 2025<\/span><span class=\"author vcard\">by <a href=\"https:\/\/zsp12.gliwice.pl\/pm7\/blog\/author\/kszymanek\/\" rel=\"author\">kszymanek<\/a><\/span><\/div><\/div>\t\t\t<\/div>\n\t\t<\/div>\n\t\t\t\t<div class=\"col-md-3 col-sm-3\">\n\t\t\t<div class=\"item-post post-18027 post type-post status-publish format-standard has-post-thumbnail hentry category-informacje\">\n\t\t\t\t<div class=\"article-image\"><a class=\"img-post-mobile\" href=\"https:\/\/zsp12.gliwice.pl\/pm7\/blog\/2025\/03\/11\/zasady-rekrutacji-do-publicznych-przedszkoli-i-oddzialow-przedszkolnych-w-szkolach-na-rok-szkolny-2025-2026\/\"><img decoding=\"async\" src=\"https:\/\/zsp12.gliwice.pl\/pm7\/wp-content\/uploads\/sites\/7\/2025\/02\/1-1024x576.png\" alt= \"Zasady rekrutacji do publicznych przedszkoli  i oddzia\u0142\u00f3w przedszkolnych w szko\u0142ach na rok szkolny 2025\/2026\" title = \"Zasady rekrutacji do publicznych przedszkoli  i oddzia\u0142\u00f3w przedszkolnych w szko\u0142ach na rok szkolny 2025\/2026\" \/><\/a><a class=\"img-post\" href=\"https:\/\/zsp12.gliwice.pl\/pm7\/blog\/2025\/03\/11\/zasady-rekrutacji-do-publicznych-przedszkoli-i-oddzialow-przedszkolnych-w-szkolach-na-rok-szkolny-2025-2026\/\"><img decoding=\"async\" src=\"https:\/\/zsp12.gliwice.pl\/pm7\/wp-content\/uploads\/sites\/7\/2025\/02\/1-150x150.png\" alt= \"Zasady rekrutacji do publicznych przedszkoli  i oddzia\u0142\u00f3w przedszkolnych w szko\u0142ach na rok szkolny 2025\/2026\" title = \"Zasady rekrutacji do publicznych przedszkoli  i oddzia\u0142\u00f3w przedszkolnych w szko\u0142ach na rok szkolny 2025\/2026\" \/><\/a><\/div><div class=\"article-title-wrapper\"><h5><a href=\"https:\/\/zsp12.gliwice.pl\/pm7\/blog\/2025\/03\/11\/zasady-rekrutacji-do-publicznych-przedszkoli-i-oddzialow-przedszkolnych-w-szkolach-na-rok-szkolny-2025-2026\/\" class=\"article-title\">Zasady rekrutacji do publicznych przedszkoli  i oddzia\u0142\u00f3w przedszkolnych w szko\u0142ach na rok szkolny 2025\/2026<\/a><\/h5><div class=\"article-meta\"><span class=\"entry-date\">11 marca 2025<\/span><span class=\"author vcard\">by <a href=\"https:\/\/zsp12.gliwice.pl\/pm7\/blog\/author\/kszymanek\/\" rel=\"author\">kszymanek<\/a><\/span><\/div><\/div>\t\t\t<\/div>\n\t\t<\/div>\n\t\t\t\t<div class=\"col-md-3 col-sm-3\">\n\t\t\t<div class=\"item-post post-17713 post type-post status-publish format-standard has-post-thumbnail hentry category-informacje\">\n\t\t\t\t<div class=\"article-image\"><a class=\"img-post-mobile\" href=\"https:\/\/zsp12.gliwice.pl\/pm7\/blog\/2025\/02\/21\/bal-karnawalowy-w-pm7-4\/\"><img decoding=\"async\" src=\"https:\/\/zsp12.gliwice.pl\/pm7\/wp-content\/uploads\/sites\/7\/2025\/02\/20250213_094650-1024x577.jpg\" alt= \"Bal karnawa\u0142owy w PM7\" title = \"Bal karnawa\u0142owy w PM7\" \/><\/a><a class=\"img-post\" href=\"https:\/\/zsp12.gliwice.pl\/pm7\/blog\/2025\/02\/21\/bal-karnawalowy-w-pm7-4\/\"><img decoding=\"async\" src=\"https:\/\/zsp12.gliwice.pl\/pm7\/wp-content\/uploads\/sites\/7\/2025\/02\/20250213_094650-150x150.jpg\" alt= \"Bal karnawa\u0142owy w PM7\" title = \"Bal karnawa\u0142owy w PM7\" \/><\/a><\/div><div class=\"article-title-wrapper\"><h5><a href=\"https:\/\/zsp12.gliwice.pl\/pm7\/blog\/2025\/02\/21\/bal-karnawalowy-w-pm7-4\/\" class=\"article-title\">Bal karnawa\u0142owy w PM7<\/a><\/h5><div class=\"article-meta\"><span class=\"entry-date\">21 lutego 2025<\/span><span class=\"author vcard\">by <a href=\"https:\/\/zsp12.gliwice.pl\/pm7\/blog\/author\/kszymanek\/\" rel=\"author\">kszymanek<\/a><\/span><\/div><\/div>\t\t\t<\/div>\n\t\t<\/div>\n\t\t\t\t<div class=\"col-md-3 col-sm-3\">\n\t\t\t<div class=\"item-post post-17708 post type-post status-publish format-standard has-post-thumbnail hentry category-informacje\">\n\t\t\t\t<div class=\"article-image\"><a class=\"img-post-mobile\" href=\"https:\/\/zsp12.gliwice.pl\/pm7\/blog\/2025\/02\/13\/harmonogram-przedszkoli-pracujacych-w-przerwie-letniej\/\"><img decoding=\"async\" src=\"https:\/\/zsp12.gliwice.pl\/pm7\/wp-content\/uploads\/sites\/7\/2025\/02\/Projekt-bez-nazwy-1024x726.jpg\" alt= \"Harmonogram przedszkoli pracuj\u0105cych w przerwie letniej\" title = \"Harmonogram przedszkoli pracuj\u0105cych w przerwie letniej\" \/><\/a><a class=\"img-post\" href=\"https:\/\/zsp12.gliwice.pl\/pm7\/blog\/2025\/02\/13\/harmonogram-przedszkoli-pracujacych-w-przerwie-letniej\/\"><img decoding=\"async\" src=\"https:\/\/zsp12.gliwice.pl\/pm7\/wp-content\/uploads\/sites\/7\/2025\/02\/Projekt-bez-nazwy-150x150.jpg\" alt= \"Harmonogram przedszkoli pracuj\u0105cych w przerwie letniej\" title = \"Harmonogram przedszkoli pracuj\u0105cych w przerwie letniej\" \/><\/a><\/div><div class=\"article-title-wrapper\"><h5><a href=\"https:\/\/zsp12.gliwice.pl\/pm7\/blog\/2025\/02\/13\/harmonogram-przedszkoli-pracujacych-w-przerwie-letniej\/\" class=\"article-title\">Harmonogram przedszkoli pracuj\u0105cych w przerwie letniej<\/a><\/h5><div class=\"article-meta\"><span class=\"entry-date\">13 lutego 2025<\/span><span class=\"author vcard\">by <a href=\"https:\/\/zsp12.gliwice.pl\/pm7\/blog\/author\/kszymanek\/\" rel=\"author\">kszymanek<\/a><\/span><\/div><\/div>\t\t\t<\/div>\n\t\t<\/div>\n\t\t\t\t<div class=\"col-md-3 col-sm-3\">\n\t\t\t<div class=\"item-post post-17701 post type-post status-publish format-standard has-post-thumbnail hentry category-informacje\">\n\t\t\t\t<div class=\"article-image\"><a class=\"img-post-mobile\" href=\"https:\/\/zsp12.gliwice.pl\/pm7\/blog\/2025\/02\/11\/informacja-w-sprawie-zamiaru-przeksztalcenia-przedszkola-miejskiego-nr-7-w-gliwicach-w-zespole-szkolno-przedszkolnym-nr-12-w-gliwicach-przy-ul-lipowej-29-poprzez-likwidacje-dodatkowej-lokalizacji\/\"><img decoding=\"async\" src=\"https:\/\/zsp12.gliwice.pl\/pm7\/wp-content\/uploads\/sites\/7\/2025\/02\/Projekt-bez-nazwy-1024x726.jpg\" alt= \"Informacja w sprawie zamiaru przekszta\u0142cenia Przedszkola Miejskiego  nr 7 w Gliwicach w Zespole Szkolno &#8211; Przedszkolnym nr 12 w Gliwicach przy ul. Lipowej 29 poprzez likwidacj\u0119 dodatkowej lokalizacji prowadzenia zaj\u0119\u0107 dydaktycznych, wychowawczych i opieku\u0144czych oraz zmian\u0119 siedziby\" title = \"Informacja w sprawie zamiaru przekszta\u0142cenia Przedszkola Miejskiego  nr 7 w Gliwicach w Zespole Szkolno &#8211; Przedszkolnym nr 12 w Gliwicach przy ul. Lipowej 29 poprzez likwidacj\u0119 dodatkowej lokalizacji prowadzenia zaj\u0119\u0107 dydaktycznych, wychowawczych i opieku\u0144czych oraz zmian\u0119 siedziby\" \/><\/a><a class=\"img-post\" href=\"https:\/\/zsp12.gliwice.pl\/pm7\/blog\/2025\/02\/11\/informacja-w-sprawie-zamiaru-przeksztalcenia-przedszkola-miejskiego-nr-7-w-gliwicach-w-zespole-szkolno-przedszkolnym-nr-12-w-gliwicach-przy-ul-lipowej-29-poprzez-likwidacje-dodatkowej-lokalizacji\/\"><img decoding=\"async\" src=\"https:\/\/zsp12.gliwice.pl\/pm7\/wp-content\/uploads\/sites\/7\/2025\/02\/Projekt-bez-nazwy-150x150.jpg\" alt= \"Informacja w sprawie zamiaru przekszta\u0142cenia Przedszkola Miejskiego  nr 7 w Gliwicach w Zespole Szkolno &#8211; Przedszkolnym nr 12 w Gliwicach przy ul. Lipowej 29 poprzez likwidacj\u0119 dodatkowej lokalizacji prowadzenia zaj\u0119\u0107 dydaktycznych, wychowawczych i opieku\u0144czych oraz zmian\u0119 siedziby\" title = \"Informacja w sprawie zamiaru przekszta\u0142cenia Przedszkola Miejskiego  nr 7 w Gliwicach w Zespole Szkolno &#8211; Przedszkolnym nr 12 w Gliwicach przy ul. Lipowej 29 poprzez likwidacj\u0119 dodatkowej lokalizacji prowadzenia zaj\u0119\u0107 dydaktycznych, wychowawczych i opieku\u0144czych oraz zmian\u0119 siedziby\" \/><\/a><\/div><div class=\"article-title-wrapper\"><h5><a href=\"https:\/\/zsp12.gliwice.pl\/pm7\/blog\/2025\/02\/11\/informacja-w-sprawie-zamiaru-przeksztalcenia-przedszkola-miejskiego-nr-7-w-gliwicach-w-zespole-szkolno-przedszkolnym-nr-12-w-gliwicach-przy-ul-lipowej-29-poprzez-likwidacje-dodatkowej-lokalizacji\/\" class=\"article-title\">Informacja w sprawie zamiaru przekszta\u0142cenia Przedszkola Miejskiego  nr 7 w Gliwicach w Zespole Szkolno &#8211; Przedszkolnym nr 12 w Gliwicach przy ul. Lipowej 29 poprzez likwidacj\u0119 dodatkowej lokalizacji prowadzenia zaj\u0119\u0107 dydaktycznych, wychowawczych i opieku\u0144czych oraz zmian\u0119 siedziby<\/a><\/h5><div class=\"article-meta\"><span class=\"entry-date\">11 lutego 2025<\/span><span class=\"author vcard\">by <a href=\"https:\/\/zsp12.gliwice.pl\/pm7\/blog\/author\/zmatela\/\" rel=\"author\">zmatela<\/a><\/span><\/div><\/div>\t\t\t<\/div>\n\t\t<\/div>\n\t\t\t\t<div class=\"col-md-3 col-sm-3\">\n\t\t\t<div class=\"item-post post-17675 post type-post status-publish format-standard has-post-thumbnail hentry category-informacje\">\n\t\t\t\t<div class=\"article-image\"><a class=\"img-post-mobile\" href=\"https:\/\/zsp12.gliwice.pl\/pm7\/blog\/2025\/02\/07\/rekrutacja-do-przedszkola-na-rok-szkolny-2025-2026\/\"><img decoding=\"async\" src=\"https:\/\/zsp12.gliwice.pl\/pm7\/wp-content\/uploads\/sites\/7\/2025\/02\/1-1024x576.png\" alt= \"Rekrutacja do przedszkola na rok szkolny 2025\/2026\" title = \"Rekrutacja do przedszkola na rok szkolny 2025\/2026\" \/><\/a><a class=\"img-post\" href=\"https:\/\/zsp12.gliwice.pl\/pm7\/blog\/2025\/02\/07\/rekrutacja-do-przedszkola-na-rok-szkolny-2025-2026\/\"><img decoding=\"async\" src=\"https:\/\/zsp12.gliwice.pl\/pm7\/wp-content\/uploads\/sites\/7\/2025\/02\/1-150x150.png\" alt= \"Rekrutacja do przedszkola na rok szkolny 2025\/2026\" title = \"Rekrutacja do przedszkola na rok szkolny 2025\/2026\" \/><\/a><\/div><div class=\"article-title-wrapper\"><h5><a href=\"https:\/\/zsp12.gliwice.pl\/pm7\/blog\/2025\/02\/07\/rekrutacja-do-przedszkola-na-rok-szkolny-2025-2026\/\" class=\"article-title\">Rekrutacja do przedszkola na rok szkolny 2025\/2026<\/a><\/h5><div class=\"article-meta\"><span class=\"entry-date\">7 lutego 2025<\/span><span class=\"author vcard\">by <a href=\"https:\/\/zsp12.gliwice.pl\/pm7\/blog\/author\/kszymanek\/\" rel=\"author\">kszymanek<\/a><\/span><\/div><\/div>\t\t\t<\/div>\n\t\t<\/div>\n\t\t\t\t<div class=\"col-md-3 col-sm-3\">\n\t\t\t<div class=\"item-post post-17664 post type-post status-publish format-standard has-post-thumbnail hentry category-informacje\">\n\t\t\t\t<div class=\"article-image\"><a class=\"img-post-mobile\" href=\"https:\/\/zsp12.gliwice.pl\/pm7\/blog\/2025\/02\/06\/dzien-babci-i-dziadka-w-pm7-2\/\"><img decoding=\"async\" src=\"https:\/\/zsp12.gliwice.pl\/pm7\/wp-content\/uploads\/sites\/7\/2025\/02\/IMG-20250128-WA0010-1024x636.jpg\" alt= \"Dzie\u0144 Babci i Dziadka w PM7\" title = \"Dzie\u0144 Babci i Dziadka w PM7\" \/><\/a><a class=\"img-post\" href=\"https:\/\/zsp12.gliwice.pl\/pm7\/blog\/2025\/02\/06\/dzien-babci-i-dziadka-w-pm7-2\/\"><img decoding=\"async\" src=\"https:\/\/zsp12.gliwice.pl\/pm7\/wp-content\/uploads\/sites\/7\/2025\/02\/IMG-20250128-WA0010-150x150.jpg\" alt= \"Dzie\u0144 Babci i Dziadka w PM7\" title = \"Dzie\u0144 Babci i Dziadka w PM7\" \/><\/a><\/div><div class=\"article-title-wrapper\"><h5><a href=\"https:\/\/zsp12.gliwice.pl\/pm7\/blog\/2025\/02\/06\/dzien-babci-i-dziadka-w-pm7-2\/\" class=\"article-title\">Dzie\u0144 Babci i Dziadka w PM7<\/a><\/h5><div class=\"article-meta\"><span class=\"entry-date\">6 lutego 2025<\/span><span class=\"author vcard\">by <a href=\"https:\/\/zsp12.gliwice.pl\/pm7\/blog\/author\/kszymanek\/\" rel=\"author\">kszymanek<\/a><\/span><\/div><\/div>\t\t\t<\/div>\n\t\t<\/div>\n\t\t\t\t<div class=\"col-md-3 col-sm-3\">\n\t\t\t<div class=\"item-post post-17631 post type-post status-publish format-standard has-post-thumbnail hentry category-informacje\">\n\t\t\t\t<div class=\"article-image\"><a class=\"img-post-mobile\" href=\"https:\/\/zsp12.gliwice.pl\/pm7\/blog\/2024\/12\/20\/rozwiazanie-rodzinnego-konkursu-na-stworzenie-wianka-swiatecznego\/\"><img decoding=\"async\" src=\"https:\/\/zsp12.gliwice.pl\/pm7\/wp-content\/uploads\/sites\/7\/2024\/12\/20241218_113022-1024x738.jpg\" alt= \"Rozwi\u0105zanie rodzinnego konkursu na stworzenie wianka \u015bwi\u0105tecznego\" title = \"Rozwi\u0105zanie rodzinnego konkursu na stworzenie wianka \u015bwi\u0105tecznego\" \/><\/a><a class=\"img-post\" href=\"https:\/\/zsp12.gliwice.pl\/pm7\/blog\/2024\/12\/20\/rozwiazanie-rodzinnego-konkursu-na-stworzenie-wianka-swiatecznego\/\"><img decoding=\"async\" src=\"https:\/\/zsp12.gliwice.pl\/pm7\/wp-content\/uploads\/sites\/7\/2024\/12\/20241218_113022-150x150.jpg\" alt= \"Rozwi\u0105zanie rodzinnego konkursu na stworzenie wianka \u015bwi\u0105tecznego\" title = \"Rozwi\u0105zanie rodzinnego konkursu na stworzenie wianka \u015bwi\u0105tecznego\" \/><\/a><\/div><div class=\"article-title-wrapper\"><h5><a href=\"https:\/\/zsp12.gliwice.pl\/pm7\/blog\/2024\/12\/20\/rozwiazanie-rodzinnego-konkursu-na-stworzenie-wianka-swiatecznego\/\" class=\"article-title\">Rozwi\u0105zanie rodzinnego konkursu na stworzenie wianka \u015bwi\u0105tecznego<\/a><\/h5><div class=\"article-meta\"><span class=\"entry-date\">20 grudnia 2024<\/span><span class=\"author vcard\">by <a href=\"https:\/\/zsp12.gliwice.pl\/pm7\/blog\/author\/kszymanek\/\" rel=\"author\">kszymanek<\/a><\/span><\/div><\/div>\t\t\t<\/div>\n\t\t<\/div>\n\t\t\t\t<div class=\"col-md-3 col-sm-3\">\n\t\t\t<div class=\"item-post post-17450 post type-post status-publish format-standard has-post-thumbnail hentry category-informacje\">\n\t\t\t\t<div class=\"article-image\"><a class=\"img-post-mobile\" href=\"https:\/\/zsp12.gliwice.pl\/pm7\/blog\/2024\/12\/09\/wspomoz-psiaka-lub-kociaka\/\"><img decoding=\"async\" src=\"https:\/\/zsp12.gliwice.pl\/pm7\/wp-content\/uploads\/sites\/7\/2024\/12\/PELNA-MISKA-DLA-ZWIERZAKA-ZE-SCHRONISKA-\u2013-kopia-724x1024.png\" alt= \"WSPOM\u00d3\u017b PSIAKA LUB KOCIAKA\" title = \"WSPOM\u00d3\u017b PSIAKA LUB KOCIAKA\" \/><\/a><a class=\"img-post\" href=\"https:\/\/zsp12.gliwice.pl\/pm7\/blog\/2024\/12\/09\/wspomoz-psiaka-lub-kociaka\/\"><img decoding=\"async\" src=\"https:\/\/zsp12.gliwice.pl\/pm7\/wp-content\/uploads\/sites\/7\/2024\/12\/PELNA-MISKA-DLA-ZWIERZAKA-ZE-SCHRONISKA-\u2013-kopia-150x150.png\" alt= \"WSPOM\u00d3\u017b PSIAKA LUB KOCIAKA\" title = \"WSPOM\u00d3\u017b PSIAKA LUB KOCIAKA\" \/><\/a><\/div><div class=\"article-title-wrapper\"><h5><a href=\"https:\/\/zsp12.gliwice.pl\/pm7\/blog\/2024\/12\/09\/wspomoz-psiaka-lub-kociaka\/\" class=\"article-title\">WSPOM\u00d3\u017b PSIAKA LUB KOCIAKA<\/a><\/h5><div class=\"article-meta\"><span class=\"entry-date\">9 grudnia 2024<\/span><span class=\"author vcard\">by <a href=\"https:\/\/zsp12.gliwice.pl\/pm7\/blog\/author\/kszymanek\/\" rel=\"author\">kszymanek<\/a><\/span><\/div><\/div>\t\t\t<\/div>\n\t\t<\/div>\n\t\t\t\t<div class=\"col-md-3 col-sm-3\">\n\t\t\t<div class=\"item-post post-17417 post type-post status-publish format-standard has-post-thumbnail hentry category-informacje\">\n\t\t\t\t<div class=\"article-image\"><a class=\"img-post-mobile\" href=\"https:\/\/zsp12.gliwice.pl\/pm7\/blog\/2024\/12\/09\/przygotowania-do-swiat-grupy-odkrywcow\/\"><img decoding=\"async\" src=\"https:\/\/zsp12.gliwice.pl\/pm7\/wp-content\/uploads\/sites\/7\/2024\/12\/IMG_2132-768x1024.jpeg\" alt= \"Przygotowania do \u015bwi\u0105t grupy Odkrywc\u00f3w\" title = \"Przygotowania do \u015bwi\u0105t grupy Odkrywc\u00f3w\" \/><\/a><a class=\"img-post\" href=\"https:\/\/zsp12.gliwice.pl\/pm7\/blog\/2024\/12\/09\/przygotowania-do-swiat-grupy-odkrywcow\/\"><img decoding=\"async\" src=\"https:\/\/zsp12.gliwice.pl\/pm7\/wp-content\/uploads\/sites\/7\/2024\/12\/IMG_2132-150x150.jpeg\" alt= \"Przygotowania do \u015bwi\u0105t grupy Odkrywc\u00f3w\" title = \"Przygotowania do \u015bwi\u0105t grupy Odkrywc\u00f3w\" \/><\/a><\/div><div class=\"article-title-wrapper\"><h5><a href=\"https:\/\/zsp12.gliwice.pl\/pm7\/blog\/2024\/12\/09\/przygotowania-do-swiat-grupy-odkrywcow\/\" class=\"article-title\">Przygotowania do \u015bwi\u0105t grupy Odkrywc\u00f3w<\/a><\/h5><div class=\"article-meta\"><span class=\"entry-date\">9 grudnia 2024<\/span><span class=\"author vcard\">by <a href=\"https:\/\/zsp12.gliwice.pl\/pm7\/blog\/author\/kszymanek\/\" rel=\"author\">kszymanek<\/a><\/span><\/div><\/div>\t\t\t<\/div>\n\t\t<\/div>\n\t\t\t\t<div class=\"col-md-3 col-sm-3\">\n\t\t\t<div class=\"item-post post-17407 post type-post status-publish format-standard has-post-thumbnail hentry category-informacje\">\n\t\t\t\t<div class=\"article-image\"><a class=\"img-post-mobile\" href=\"https:\/\/zsp12.gliwice.pl\/pm7\/blog\/2024\/12\/09\/przedszkolaki-w-kinie\/\"><img decoding=\"async\" src=\"https:\/\/zsp12.gliwice.pl\/pm7\/wp-content\/uploads\/sites\/7\/2024\/12\/IMG_2155-768x1024.jpeg\" alt= \"Przedszkolaki w kinie\" title = \"Przedszkolaki w kinie\" \/><\/a><a class=\"img-post\" href=\"https:\/\/zsp12.gliwice.pl\/pm7\/blog\/2024\/12\/09\/przedszkolaki-w-kinie\/\"><img decoding=\"async\" src=\"https:\/\/zsp12.gliwice.pl\/pm7\/wp-content\/uploads\/sites\/7\/2024\/12\/IMG_2155-150x150.jpeg\" alt= \"Przedszkolaki w kinie\" title = \"Przedszkolaki w kinie\" \/><\/a><\/div><div class=\"article-title-wrapper\"><h5><a href=\"https:\/\/zsp12.gliwice.pl\/pm7\/blog\/2024\/12\/09\/przedszkolaki-w-kinie\/\" class=\"article-title\">Przedszkolaki w kinie<\/a><\/h5><div class=\"article-meta\"><span class=\"entry-date\">9 grudnia 2024<\/span><span class=\"author vcard\">by <a href=\"https:\/\/zsp12.gliwice.pl\/pm7\/blog\/author\/kszymanek\/\" rel=\"author\">kszymanek<\/a><\/span><\/div><\/div>\t\t\t<\/div>\n\t\t<\/div>\n\t\t\t\t<div class=\"col-md-3 col-sm-3\">\n\t\t\t<div class=\"item-post post-17083 post type-post status-publish format-standard has-post-thumbnail hentry category-informacje\">\n\t\t\t\t<div class=\"article-image\"><a class=\"img-post-mobile\" href=\"https:\/\/zsp12.gliwice.pl\/pm7\/blog\/2024\/11\/12\/obchody-dnia-niepodleglosci-w-pm7\/\"><img decoding=\"async\" src=\"https:\/\/zsp12.gliwice.pl\/pm7\/wp-content\/uploads\/sites\/7\/2024\/11\/1731388900700-1024x450.jpg\" alt= \"Obchody Dnia Niepodleg\u0142o\u015bci w PM7\" title = \"Obchody Dnia Niepodleg\u0142o\u015bci w PM7\" \/><\/a><a class=\"img-post\" href=\"https:\/\/zsp12.gliwice.pl\/pm7\/blog\/2024\/11\/12\/obchody-dnia-niepodleglosci-w-pm7\/\"><img decoding=\"async\" src=\"https:\/\/zsp12.gliwice.pl\/pm7\/wp-content\/uploads\/sites\/7\/2024\/11\/1731388900700-150x150.jpg\" alt= \"Obchody Dnia Niepodleg\u0142o\u015bci w PM7\" title = \"Obchody Dnia Niepodleg\u0142o\u015bci w PM7\" \/><\/a><\/div><div class=\"article-title-wrapper\"><h5><a href=\"https:\/\/zsp12.gliwice.pl\/pm7\/blog\/2024\/11\/12\/obchody-dnia-niepodleglosci-w-pm7\/\" class=\"article-title\">Obchody Dnia Niepodleg\u0142o\u015bci w PM7<\/a><\/h5><div class=\"article-meta\"><span class=\"entry-date\">12 listopada 2024<\/span><span class=\"author vcard\">by <a href=\"https:\/\/zsp12.gliwice.pl\/pm7\/blog\/author\/kszymanek\/\" rel=\"author\">kszymanek<\/a><\/span><\/div><\/div>\t\t\t<\/div>\n\t\t<\/div>\n\t\t\t\t<div class=\"col-md-3 col-sm-3\">\n\t\t\t<div class=\"item-post post-16948 post type-post status-publish format-standard has-post-thumbnail hentry category-informacje\">\n\t\t\t\t<div class=\"article-image\"><a class=\"img-post-mobile\" href=\"https:\/\/zsp12.gliwice.pl\/pm7\/blog\/2024\/10\/28\/pasowanie-na-przedszkolaka-w-poszukiwaczach\/\"><img decoding=\"async\" src=\"https:\/\/zsp12.gliwice.pl\/pm7\/wp-content\/uploads\/sites\/7\/2024\/10\/Resized_Messenger_creation_17960899-C3FD-48D5-B1D5-AC8CA6B30054_1729870074036.jpeg\" alt= \"Pasowanie na Przedszkolaka w grupie Poszukiwaczy\" title = \"Pasowanie na Przedszkolaka w grupie Poszukiwaczy\" \/><\/a><a class=\"img-post\" href=\"https:\/\/zsp12.gliwice.pl\/pm7\/blog\/2024\/10\/28\/pasowanie-na-przedszkolaka-w-poszukiwaczach\/\"><img decoding=\"async\" src=\"https:\/\/zsp12.gliwice.pl\/pm7\/wp-content\/uploads\/sites\/7\/2024\/10\/Resized_Messenger_creation_17960899-C3FD-48D5-B1D5-AC8CA6B30054_1729870074036-150x150.jpeg\" alt= \"Pasowanie na Przedszkolaka w grupie Poszukiwaczy\" title = \"Pasowanie na Przedszkolaka w grupie Poszukiwaczy\" \/><\/a><\/div><div class=\"article-title-wrapper\"><h5><a href=\"https:\/\/zsp12.gliwice.pl\/pm7\/blog\/2024\/10\/28\/pasowanie-na-przedszkolaka-w-poszukiwaczach\/\" class=\"article-title\">Pasowanie na Przedszkolaka w grupie Poszukiwaczy<\/a><\/h5><div class=\"article-meta\"><span class=\"entry-date\">28 pa\u017adziernika 2024<\/span><span class=\"author vcard\">by <a href=\"https:\/\/zsp12.gliwice.pl\/pm7\/blog\/author\/kszymanek\/\" rel=\"author\">kszymanek<\/a><\/span><\/div><\/div>\t\t\t<\/div>\n\t\t<\/div>\n\t\t\t\t<div class=\"col-md-3 col-sm-3\">\n\t\t\t<div class=\"item-post post-16708 post type-post status-publish format-standard has-post-thumbnail hentry category-informacje\">\n\t\t\t\t<div class=\"article-image\"><a class=\"img-post-mobile\" href=\"https:\/\/zsp12.gliwice.pl\/pm7\/blog\/2024\/10\/11\/dzien-drzewa-w-pm7\/\"><img decoding=\"async\" src=\"https:\/\/zsp12.gliwice.pl\/pm7\/wp-content\/uploads\/sites\/7\/2024\/10\/IMG-20241010-WA0024-1024x576.jpg\" alt= \"Dzie\u0144 Drzewa w PM7\" title = \"Dzie\u0144 Drzewa w PM7\" \/><\/a><a class=\"img-post\" href=\"https:\/\/zsp12.gliwice.pl\/pm7\/blog\/2024\/10\/11\/dzien-drzewa-w-pm7\/\"><img decoding=\"async\" src=\"https:\/\/zsp12.gliwice.pl\/pm7\/wp-content\/uploads\/sites\/7\/2024\/10\/IMG-20241010-WA0024-150x150.jpg\" alt= \"Dzie\u0144 Drzewa w PM7\" title = \"Dzie\u0144 Drzewa w PM7\" \/><\/a><\/div><div class=\"article-title-wrapper\"><h5><a href=\"https:\/\/zsp12.gliwice.pl\/pm7\/blog\/2024\/10\/11\/dzien-drzewa-w-pm7\/\" class=\"article-title\">Dzie\u0144 Drzewa w PM7<\/a><\/h5><div class=\"article-meta\"><span class=\"entry-date\">11 pa\u017adziernika 2024<\/span><span class=\"author vcard\">by <a href=\"https:\/\/zsp12.gliwice.pl\/pm7\/blog\/author\/kszymanek\/\" rel=\"author\">kszymanek<\/a><\/span><\/div><\/div>\t\t\t<\/div>\n\t\t<\/div>\n\t\t\t\t<div class=\"col-md-3 col-sm-3\">\n\t\t\t<div class=\"item-post post-16452 post type-post status-publish format-standard has-post-thumbnail hentry category-informacje\">\n\t\t\t\t<div class=\"article-image\"><a class=\"img-post-mobile\" href=\"https:\/\/zsp12.gliwice.pl\/pm7\/blog\/2024\/06\/18\/pozegnanie-starszakow\/\"><img decoding=\"async\" src=\"https:\/\/zsp12.gliwice.pl\/pm7\/wp-content\/uploads\/sites\/7\/2024\/06\/20240614_172327-1024x768.jpg\" alt= \"Po\u017cegnanie Starszak\u00f3w\" title = \"Po\u017cegnanie Starszak\u00f3w\" \/><\/a><a class=\"img-post\" href=\"https:\/\/zsp12.gliwice.pl\/pm7\/blog\/2024\/06\/18\/pozegnanie-starszakow\/\"><img decoding=\"async\" src=\"https:\/\/zsp12.gliwice.pl\/pm7\/wp-content\/uploads\/sites\/7\/2024\/06\/20240614_172327-150x150.jpg\" alt= \"Po\u017cegnanie Starszak\u00f3w\" title = \"Po\u017cegnanie Starszak\u00f3w\" \/><\/a><\/div><div class=\"article-title-wrapper\"><h5><a href=\"https:\/\/zsp12.gliwice.pl\/pm7\/blog\/2024\/06\/18\/pozegnanie-starszakow\/\" class=\"article-title\">Po\u017cegnanie Starszak\u00f3w<\/a><\/h5><div class=\"article-meta\"><span class=\"entry-date\">18 czerwca 2024<\/span><span class=\"author vcard\">by <a href=\"https:\/\/zsp12.gliwice.pl\/pm7\/blog\/author\/kszymanek\/\" rel=\"author\">kszymanek<\/a><\/span><\/div><\/div>\t\t\t<\/div>\n\t\t<\/div>\n\t\t\t\t<div class=\"col-md-3 col-sm-3\">\n\t\t\t<div class=\"item-post post-16414 post type-post status-publish format-standard has-post-thumbnail hentry category-informacje\">\n\t\t\t\t<div class=\"article-image\"><a class=\"img-post-mobile\" href=\"https:\/\/zsp12.gliwice.pl\/pm7\/blog\/2024\/06\/07\/zebranie-organizacyjne-18-06-2024\/\"><img decoding=\"async\" src=\"https:\/\/zsp12.gliwice.pl\/pm7\/wp-content\/uploads\/sites\/7\/2024\/06\/2-724x1024.jpg\" alt= \"Zebranie organizacyjne na rok szkolny 2024\/2025 &#8211; 18.06.2024\" title = \"Zebranie organizacyjne na rok szkolny 2024\/2025 &#8211; 18.06.2024\" \/><\/a><a class=\"img-post\" href=\"https:\/\/zsp12.gliwice.pl\/pm7\/blog\/2024\/06\/07\/zebranie-organizacyjne-18-06-2024\/\"><img decoding=\"async\" src=\"https:\/\/zsp12.gliwice.pl\/pm7\/wp-content\/uploads\/sites\/7\/2024\/06\/2-150x150.jpg\" alt= \"Zebranie organizacyjne na rok szkolny 2024\/2025 &#8211; 18.06.2024\" title = \"Zebranie organizacyjne na rok szkolny 2024\/2025 &#8211; 18.06.2024\" \/><\/a><\/div><div class=\"article-title-wrapper\"><h5><a href=\"https:\/\/zsp12.gliwice.pl\/pm7\/blog\/2024\/06\/07\/zebranie-organizacyjne-18-06-2024\/\" class=\"article-title\">Zebranie organizacyjne na rok szkolny 2024\/2025 &#8211; 18.06.2024<\/a><\/h5><div class=\"article-meta\"><span class=\"entry-date\">7 czerwca 2024<\/span><span class=\"author vcard\">by <a href=\"https:\/\/zsp12.gliwice.pl\/pm7\/blog\/author\/kszymanek\/\" rel=\"author\">kszymanek<\/a><\/span><\/div><\/div>\t\t\t<\/div>\n\t\t<\/div>\n\t\t\t\t<div class=\"col-md-3 col-sm-3\">\n\t\t\t<div class=\"item-post post-16338 post type-post status-publish format-standard has-post-thumbnail hentry category-informacje\">\n\t\t\t\t<div class=\"article-image\"><a class=\"img-post-mobile\" href=\"https:\/\/zsp12.gliwice.pl\/pm7\/blog\/2024\/06\/03\/najbarwniejsze-przedszkolaki-%f0%9f%8e%a8%f0%9f%96%8c%ef%b8%8f\/\"><img decoding=\"async\" src=\"https:\/\/zsp12.gliwice.pl\/pm7\/wp-content\/uploads\/sites\/7\/2024\/06\/IMG-20240603-WA0004-1024x724.jpg\" alt= \"NAJBARWNIEJSZE PRZEDSZKOLAKI \ud83c\udfa8\ud83d\udd8c\ufe0f\" title = \"NAJBARWNIEJSZE PRZEDSZKOLAKI \ud83c\udfa8\ud83d\udd8c\ufe0f\" \/><\/a><a class=\"img-post\" href=\"https:\/\/zsp12.gliwice.pl\/pm7\/blog\/2024\/06\/03\/najbarwniejsze-przedszkolaki-%f0%9f%8e%a8%f0%9f%96%8c%ef%b8%8f\/\"><img decoding=\"async\" src=\"https:\/\/zsp12.gliwice.pl\/pm7\/wp-content\/uploads\/sites\/7\/2024\/06\/IMG-20240603-WA0004-150x150.jpg\" alt= \"NAJBARWNIEJSZE PRZEDSZKOLAKI \ud83c\udfa8\ud83d\udd8c\ufe0f\" title = \"NAJBARWNIEJSZE PRZEDSZKOLAKI \ud83c\udfa8\ud83d\udd8c\ufe0f\" \/><\/a><\/div><div class=\"article-title-wrapper\"><h5><a href=\"https:\/\/zsp12.gliwice.pl\/pm7\/blog\/2024\/06\/03\/najbarwniejsze-przedszkolaki-%f0%9f%8e%a8%f0%9f%96%8c%ef%b8%8f\/\" class=\"article-title\">NAJBARWNIEJSZE PRZEDSZKOLAKI \ud83c\udfa8\ud83d\udd8c\ufe0f<\/a><\/h5><div class=\"article-meta\"><span class=\"entry-date\">3 czerwca 2024<\/span><span class=\"author vcard\">by <a href=\"https:\/\/zsp12.gliwice.pl\/pm7\/blog\/author\/kszymanek\/\" rel=\"author\">kszymanek<\/a><\/span><\/div><\/div>\t\t\t<\/div>\n\t\t<\/div>\n\t\t\t\t<div class=\"col-md-3 col-sm-3\">\n\t\t\t<div class=\"item-post post-16324 post type-post status-publish format-standard has-post-thumbnail hentry category-informacje\">\n\t\t\t\t<div class=\"article-image\"><a class=\"img-post-mobile\" href=\"https:\/\/zsp12.gliwice.pl\/pm7\/blog\/2024\/06\/03\/bobo-siebenschlafer-%f0%9f%90%b9\/\"><img decoding=\"async\" src=\"https:\/\/zsp12.gliwice.pl\/pm7\/wp-content\/uploads\/sites\/7\/2024\/06\/2_20240602_133613_0001-1024x724.png\" alt= \"BOBO SIEBENSCHL\u00c4FER \ud83d\udc39\" title = \"BOBO SIEBENSCHL\u00c4FER \ud83d\udc39\" \/><\/a><a class=\"img-post\" href=\"https:\/\/zsp12.gliwice.pl\/pm7\/blog\/2024\/06\/03\/bobo-siebenschlafer-%f0%9f%90%b9\/\"><img decoding=\"async\" src=\"https:\/\/zsp12.gliwice.pl\/pm7\/wp-content\/uploads\/sites\/7\/2024\/06\/2_20240602_133613_0001-150x150.png\" alt= \"BOBO SIEBENSCHL\u00c4FER \ud83d\udc39\" title = \"BOBO SIEBENSCHL\u00c4FER \ud83d\udc39\" \/><\/a><\/div><div class=\"article-title-wrapper\"><h5><a href=\"https:\/\/zsp12.gliwice.pl\/pm7\/blog\/2024\/06\/03\/bobo-siebenschlafer-%f0%9f%90%b9\/\" class=\"article-title\">BOBO SIEBENSCHL\u00c4FER \ud83d\udc39<\/a><\/h5><div class=\"article-meta\"><span class=\"entry-date\">3 czerwca 2024<\/span><span class=\"author vcard\">by <a href=\"https:\/\/zsp12.gliwice.pl\/pm7\/blog\/author\/kszymanek\/\" rel=\"author\">kszymanek<\/a><\/span><\/div><\/div>\t\t\t<\/div>\n\t\t<\/div>\n\t\t\t\t<div class=\"col-md-3 col-sm-3\">\n\t\t\t<div class=\"item-post post-16202 post type-post status-publish format-standard has-post-thumbnail hentry category-informacje\">\n\t\t\t\t<div class=\"article-image\"><a class=\"img-post-mobile\" href=\"https:\/\/zsp12.gliwice.pl\/pm7\/blog\/2024\/06\/02\/wycieczka-do-stacyjkowa-grupy-poszukiwaczy-i-tropicieli\/\"><img decoding=\"async\" src=\"https:\/\/zsp12.gliwice.pl\/pm7\/wp-content\/uploads\/sites\/7\/2024\/06\/IMG-20240529-WA0023-Copy-1024x768.jpg\" alt= \"Wycieczka do Stacyjkowa grupy Poszukiwaczy i Tropicieli\" title = \"Wycieczka do Stacyjkowa grupy Poszukiwaczy i Tropicieli\" \/><\/a><a class=\"img-post\" href=\"https:\/\/zsp12.gliwice.pl\/pm7\/blog\/2024\/06\/02\/wycieczka-do-stacyjkowa-grupy-poszukiwaczy-i-tropicieli\/\"><img decoding=\"async\" src=\"https:\/\/zsp12.gliwice.pl\/pm7\/wp-content\/uploads\/sites\/7\/2024\/06\/IMG-20240529-WA0023-Copy-150x150.jpg\" alt= \"Wycieczka do Stacyjkowa grupy Poszukiwaczy i Tropicieli\" title = \"Wycieczka do Stacyjkowa grupy Poszukiwaczy i Tropicieli\" \/><\/a><\/div><div class=\"article-title-wrapper\"><h5><a href=\"https:\/\/zsp12.gliwice.pl\/pm7\/blog\/2024\/06\/02\/wycieczka-do-stacyjkowa-grupy-poszukiwaczy-i-tropicieli\/\" class=\"article-title\">Wycieczka do Stacyjkowa grupy Poszukiwaczy i Tropicieli<\/a><\/h5><div class=\"article-meta\"><span class=\"entry-date\">2 czerwca 2024<\/span><span class=\"author vcard\">by <a href=\"https:\/\/zsp12.gliwice.pl\/pm7\/blog\/author\/kszymanek\/\" rel=\"author\">kszymanek<\/a><\/span><\/div><\/div>\t\t\t<\/div>\n\t\t<\/div>\n\t\t\t\t<div class=\"col-md-3 col-sm-3\">\n\t\t\t<div class=\"item-post post-16033 post type-post status-publish format-standard has-post-thumbnail hentry category-archiwum-pm7 category-informacje\">\n\t\t\t\t<div class=\"article-image\"><a class=\"img-post-mobile\" href=\"https:\/\/zsp12.gliwice.pl\/pm7\/blog\/2024\/05\/14\/der-vatertag-i-der-muttertag\/\"><img decoding=\"async\" src=\"https:\/\/zsp12.gliwice.pl\/pm7\/wp-content\/uploads\/sites\/7\/2024\/05\/4_20240513_185048_0003-1024x1024.png\" alt= \"DER VATERTAG i\u00a0 DER MUTTERTAG\" title = \"DER VATERTAG i\u00a0 DER MUTTERTAG\" \/><\/a><a class=\"img-post\" href=\"https:\/\/zsp12.gliwice.pl\/pm7\/blog\/2024\/05\/14\/der-vatertag-i-der-muttertag\/\"><img decoding=\"async\" src=\"https:\/\/zsp12.gliwice.pl\/pm7\/wp-content\/uploads\/sites\/7\/2024\/05\/4_20240513_185048_0003-150x150.png\" alt= \"DER VATERTAG i\u00a0 DER MUTTERTAG\" title = \"DER VATERTAG i\u00a0 DER MUTTERTAG\" \/><\/a><\/div><div class=\"article-title-wrapper\"><h5><a href=\"https:\/\/zsp12.gliwice.pl\/pm7\/blog\/2024\/05\/14\/der-vatertag-i-der-muttertag\/\" class=\"article-title\">DER VATERTAG i\u00a0 DER MUTTERTAG<\/a><\/h5><div class=\"article-meta\"><span class=\"entry-date\">14 maja 2024<\/span><span class=\"author vcard\">by <a href=\"https:\/\/zsp12.gliwice.pl\/pm7\/blog\/author\/kszymanek\/\" rel=\"author\">kszymanek<\/a><\/span><\/div><\/div>\t\t\t<\/div>\n\t\t<\/div>\n\t\t\t\t<div class=\"col-md-3 col-sm-3\">\n\t\t\t<div class=\"item-post post-16012 post type-post status-publish format-standard has-post-thumbnail hentry category-archiwum-pm7 category-informacje\">\n\t\t\t\t<div class=\"article-image\"><a class=\"img-post-mobile\" href=\"https:\/\/zsp12.gliwice.pl\/pm7\/blog\/2024\/04\/30\/majowe-swieta-w-pm7-4\/\"><img decoding=\"async\" src=\"https:\/\/zsp12.gliwice.pl\/pm7\/wp-content\/uploads\/sites\/7\/2024\/04\/1714294549396-1024x768.jpg\" alt= \"Majowe \u015bwi\u0119ta w PM7\" title = \"Majowe \u015bwi\u0119ta w PM7\" \/><\/a><a class=\"img-post\" href=\"https:\/\/zsp12.gliwice.pl\/pm7\/blog\/2024\/04\/30\/majowe-swieta-w-pm7-4\/\"><img decoding=\"async\" src=\"https:\/\/zsp12.gliwice.pl\/pm7\/wp-content\/uploads\/sites\/7\/2024\/04\/1714294549396-150x150.jpg\" alt= \"Majowe \u015bwi\u0119ta w PM7\" title = \"Majowe \u015bwi\u0119ta w PM7\" \/><\/a><\/div><div class=\"article-title-wrapper\"><h5><a href=\"https:\/\/zsp12.gliwice.pl\/pm7\/blog\/2024\/04\/30\/majowe-swieta-w-pm7-4\/\" class=\"article-title\">Majowe \u015bwi\u0119ta w PM7<\/a><\/h5><div class=\"article-meta\"><span class=\"entry-date\">30 kwietnia 2024<\/span><span class=\"author vcard\">by <a href=\"https:\/\/zsp12.gliwice.pl\/pm7\/blog\/author\/kszymanek\/\" rel=\"author\">kszymanek<\/a><\/span><\/div><\/div>\t\t\t<\/div>\n\t\t<\/div>\n\t\t\t\t<div class=\"col-md-3 col-sm-3\">\n\t\t\t<div class=\"item-post post-15969 post type-post status-publish format-standard has-post-thumbnail hentry category-archiwum-pm7 category-informacje\">\n\t\t\t\t<div class=\"article-image\"><a class=\"img-post-mobile\" href=\"https:\/\/zsp12.gliwice.pl\/pm7\/blog\/2024\/04\/10\/standardy-ochrony-maloletnich\/\"><img decoding=\"async\" src=\"https:\/\/zsp12.gliwice.pl\/pm7\/wp-content\/uploads\/sites\/7\/2024\/04\/Standardy-ochrony-maloletnich-wersja-dla-uczniow-1-2048x1449-1-1024x725.jpg\" alt= \"STANDARDY OCHRONY MA\u0141OLETNICH\" title = \"STANDARDY OCHRONY MA\u0141OLETNICH\" \/><\/a><a class=\"img-post\" href=\"https:\/\/zsp12.gliwice.pl\/pm7\/blog\/2024\/04\/10\/standardy-ochrony-maloletnich\/\"><img decoding=\"async\" src=\"https:\/\/zsp12.gliwice.pl\/pm7\/wp-content\/uploads\/sites\/7\/2024\/04\/Standardy-ochrony-maloletnich-wersja-dla-uczniow-1-2048x1449-1-150x150.jpg\" alt= \"STANDARDY OCHRONY MA\u0141OLETNICH\" title = \"STANDARDY OCHRONY MA\u0141OLETNICH\" \/><\/a><\/div><div class=\"article-title-wrapper\"><h5><a href=\"https:\/\/zsp12.gliwice.pl\/pm7\/blog\/2024\/04\/10\/standardy-ochrony-maloletnich\/\" class=\"article-title\">STANDARDY OCHRONY MA\u0141OLETNICH<\/a><\/h5><div class=\"article-meta\"><span class=\"entry-date\">10 kwietnia 2024<\/span><span class=\"author vcard\">by <a href=\"https:\/\/zsp12.gliwice.pl\/pm7\/blog\/author\/kszymanek\/\" rel=\"author\">kszymanek<\/a><\/span><\/div><\/div>\t\t\t<\/div>\n\t\t<\/div>\n\t\t\t\t<div class=\"col-md-3 col-sm-3\">\n\t\t\t<div class=\"item-post post-15545 post type-post status-publish format-standard has-post-thumbnail hentry category-archiwum-pm7 category-informacje\">\n\t\t\t\t<div class=\"article-image\"><a class=\"img-post-mobile\" href=\"https:\/\/zsp12.gliwice.pl\/pm7\/blog\/2024\/03\/08\/konkurs-wiosenne-przebranie\/\"><img decoding=\"async\" src=\"https:\/\/zsp12.gliwice.pl\/pm7\/wp-content\/uploads\/sites\/7\/2024\/03\/Spring-724x1024.png\" alt= \"Konkurs &#8220;Wiosenne przebranie&#8221;\" title = \"Konkurs &#8220;Wiosenne przebranie&#8221;\" \/><\/a><a class=\"img-post\" href=\"https:\/\/zsp12.gliwice.pl\/pm7\/blog\/2024\/03\/08\/konkurs-wiosenne-przebranie\/\"><img decoding=\"async\" src=\"https:\/\/zsp12.gliwice.pl\/pm7\/wp-content\/uploads\/sites\/7\/2024\/03\/Spring-150x150.png\" alt= \"Konkurs &#8220;Wiosenne przebranie&#8221;\" title = \"Konkurs &#8220;Wiosenne przebranie&#8221;\" \/><\/a><\/div><div class=\"article-title-wrapper\"><h5><a href=\"https:\/\/zsp12.gliwice.pl\/pm7\/blog\/2024\/03\/08\/konkurs-wiosenne-przebranie\/\" class=\"article-title\">Konkurs &#8220;Wiosenne przebranie&#8221;<\/a><\/h5><div class=\"article-meta\"><span class=\"entry-date\">8 marca 2024<\/span><span class=\"author vcard\">by <a href=\"https:\/\/zsp12.gliwice.pl\/pm7\/blog\/author\/kszymanek\/\" rel=\"author\">kszymanek<\/a><\/span><\/div><\/div>\t\t\t<\/div>\n\t\t<\/div>\n\t\t\t\t<div class=\"col-md-3 col-sm-3\">\n\t\t\t<div class=\"item-post post-15393 post type-post status-publish format-standard has-post-thumbnail hentry category-archiwum-pm7 category-informacje\">\n\t\t\t\t<div class=\"article-image\"><a class=\"img-post-mobile\" href=\"https:\/\/zsp12.gliwice.pl\/pm7\/blog\/2024\/02\/26\/dzien-babci-i-dziadka-w-pm7\/\"><img decoding=\"async\" src=\"https:\/\/zsp12.gliwice.pl\/pm7\/wp-content\/uploads\/sites\/7\/2024\/02\/IMG-20240222-WA0009-Copy-1024x765.jpg\" alt= \"Dzie\u0144 Babci i Dziadka w PM7\" title = \"Dzie\u0144 Babci i Dziadka w PM7\" \/><\/a><a class=\"img-post\" href=\"https:\/\/zsp12.gliwice.pl\/pm7\/blog\/2024\/02\/26\/dzien-babci-i-dziadka-w-pm7\/\"><img decoding=\"async\" src=\"https:\/\/zsp12.gliwice.pl\/pm7\/wp-content\/uploads\/sites\/7\/2024\/02\/IMG-20240222-WA0009-Copy-150x150.jpg\" alt= \"Dzie\u0144 Babci i Dziadka w PM7\" title = \"Dzie\u0144 Babci i Dziadka w PM7\" \/><\/a><\/div><div class=\"article-title-wrapper\"><h5><a href=\"https:\/\/zsp12.gliwice.pl\/pm7\/blog\/2024\/02\/26\/dzien-babci-i-dziadka-w-pm7\/\" class=\"article-title\">Dzie\u0144 Babci i Dziadka w PM7<\/a><\/h5><div class=\"article-meta\"><span class=\"entry-date\">26 lutego 2024<\/span><span class=\"author vcard\">by <a href=\"https:\/\/zsp12.gliwice.pl\/pm7\/blog\/author\/kszymanek\/\" rel=\"author\">kszymanek<\/a><\/span><\/div><\/div>\t\t\t<\/div>\n\t\t<\/div>\n\t\t\t\t<div class=\"col-md-3 col-sm-3\">\n\t\t\t<div class=\"item-post post-15315 post type-post status-publish format-standard has-post-thumbnail hentry category-archiwum-pm7 category-informacje\">\n\t\t\t\t<div class=\"article-image\"><a class=\"img-post-mobile\" href=\"https:\/\/zsp12.gliwice.pl\/pm7\/blog\/2024\/02\/16\/informacje-dotyczace-rekrutacji-do-publicznych-przedszkoli-i-oddzialow-przedszkolnych-w-szkolach-podstawowych-na-rok-szkolny-2024-2025\/\"><img decoding=\"async\" src=\"https:\/\/zsp12.gliwice.pl\/pm7\/wp-content\/uploads\/sites\/7\/2024\/02\/2-1024x1024.png\" alt= \"Informacje dotycz\u0105ce rekrutacji do publicznych przedszkoli i oddzia\u0142\u00f3w przedszkolnych w szko\u0142ach podstawowych\u00a0na rok szkolny 2024\/2025\" title = \"Informacje dotycz\u0105ce rekrutacji do publicznych przedszkoli i oddzia\u0142\u00f3w przedszkolnych w szko\u0142ach podstawowych\u00a0na rok szkolny 2024\/2025\" \/><\/a><a class=\"img-post\" href=\"https:\/\/zsp12.gliwice.pl\/pm7\/blog\/2024\/02\/16\/informacje-dotyczace-rekrutacji-do-publicznych-przedszkoli-i-oddzialow-przedszkolnych-w-szkolach-podstawowych-na-rok-szkolny-2024-2025\/\"><img decoding=\"async\" src=\"https:\/\/zsp12.gliwice.pl\/pm7\/wp-content\/uploads\/sites\/7\/2024\/02\/2-150x150.png\" alt= \"Informacje dotycz\u0105ce rekrutacji do publicznych przedszkoli i oddzia\u0142\u00f3w przedszkolnych w szko\u0142ach podstawowych\u00a0na rok szkolny 2024\/2025\" title = \"Informacje dotycz\u0105ce rekrutacji do publicznych przedszkoli i oddzia\u0142\u00f3w przedszkolnych w szko\u0142ach podstawowych\u00a0na rok szkolny 2024\/2025\" \/><\/a><\/div><div class=\"article-title-wrapper\"><h5><a href=\"https:\/\/zsp12.gliwice.pl\/pm7\/blog\/2024\/02\/16\/informacje-dotyczace-rekrutacji-do-publicznych-przedszkoli-i-oddzialow-przedszkolnych-w-szkolach-podstawowych-na-rok-szkolny-2024-2025\/\" class=\"article-title\">Informacje dotycz\u0105ce rekrutacji do publicznych przedszkoli i oddzia\u0142\u00f3w przedszkolnych w szko\u0142ach podstawowych\u00a0na rok szkolny 2024\/2025<\/a><\/h5><div class=\"article-meta\"><span class=\"entry-date\">16 lutego 2024<\/span><span class=\"author vcard\">by <a href=\"https:\/\/zsp12.gliwice.pl\/pm7\/blog\/author\/kszymanek\/\" rel=\"author\">kszymanek<\/a><\/span><\/div><\/div>\t\t\t<\/div>\n\t\t<\/div>\n\t\t\t\t<div class=\"col-md-3 col-sm-3\">\n\t\t\t<div class=\"item-post post-15276 post type-post status-publish format-standard has-post-thumbnail hentry category-archiwum-pm7 category-informacje\">\n\t\t\t\t<div class=\"article-image\"><a class=\"img-post-mobile\" href=\"https:\/\/zsp12.gliwice.pl\/pm7\/blog\/2024\/02\/09\/walentynki-w-pm7\/\"><img decoding=\"async\" src=\"https:\/\/zsp12.gliwice.pl\/pm7\/wp-content\/uploads\/sites\/7\/2024\/02\/POCZTA-WALENTYNKOWA-724x1024.png\" alt= \"Walentynki w PM7\" title = \"Walentynki w PM7\" \/><\/a><a class=\"img-post\" href=\"https:\/\/zsp12.gliwice.pl\/pm7\/blog\/2024\/02\/09\/walentynki-w-pm7\/\"><img decoding=\"async\" src=\"https:\/\/zsp12.gliwice.pl\/pm7\/wp-content\/uploads\/sites\/7\/2024\/02\/POCZTA-WALENTYNKOWA-150x150.png\" alt= \"Walentynki w PM7\" title = \"Walentynki w PM7\" \/><\/a><\/div><div class=\"article-title-wrapper\"><h5><a href=\"https:\/\/zsp12.gliwice.pl\/pm7\/blog\/2024\/02\/09\/walentynki-w-pm7\/\" class=\"article-title\">Walentynki w PM7<\/a><\/h5><div class=\"article-meta\"><span class=\"entry-date\">9 lutego 2024<\/span><span class=\"author vcard\">by <a href=\"https:\/\/zsp12.gliwice.pl\/pm7\/blog\/author\/kszymanek\/\" rel=\"author\">kszymanek<\/a><\/span><\/div><\/div>\t\t\t<\/div>\n\t\t<\/div>\n\t\t\t\t<div class=\"col-md-3 col-sm-3\">\n\t\t\t<div class=\"item-post post-15091 post type-post status-publish format-standard has-post-thumbnail hentry category-archiwum-pm7 category-informacje\">\n\t\t\t\t<div class=\"article-image\"><a class=\"img-post-mobile\" href=\"https:\/\/zsp12.gliwice.pl\/pm7\/blog\/2024\/01\/29\/bal-karnawalowy-w-pm7-3\/\"><img decoding=\"async\" src=\"https:\/\/zsp12.gliwice.pl\/pm7\/wp-content\/uploads\/sites\/7\/2024\/01\/20240129_174816.gif\" alt= \"Bal karnawa\u0142owy w PM7\" title = \"Bal karnawa\u0142owy w PM7\" \/><\/a><a class=\"img-post\" href=\"https:\/\/zsp12.gliwice.pl\/pm7\/blog\/2024\/01\/29\/bal-karnawalowy-w-pm7-3\/\"><img decoding=\"async\" src=\"https:\/\/zsp12.gliwice.pl\/pm7\/wp-content\/uploads\/sites\/7\/2024\/01\/20240129_174816-150x150.gif\" alt= \"Bal karnawa\u0142owy w PM7\" title = \"Bal karnawa\u0142owy w PM7\" \/><\/a><\/div><div class=\"article-title-wrapper\"><h5><a href=\"https:\/\/zsp12.gliwice.pl\/pm7\/blog\/2024\/01\/29\/bal-karnawalowy-w-pm7-3\/\" class=\"article-title\">Bal karnawa\u0142owy w PM7<\/a><\/h5><div class=\"article-meta\"><span class=\"entry-date\">29 stycznia 2024<\/span><span class=\"author vcard\">by <a href=\"https:\/\/zsp12.gliwice.pl\/pm7\/blog\/author\/kszymanek\/\" rel=\"author\">kszymanek<\/a><\/span><\/div><\/div>\t\t\t<\/div>\n\t\t<\/div>\n\t\t\t\t<div class=\"col-md-3 col-sm-3\">\n\t\t\t<div class=\"item-post post-15048 post type-post status-publish format-standard has-post-thumbnail hentry category-archiwum-pm7 category-informacje\">\n\t\t\t\t<div class=\"article-image\"><a class=\"img-post-mobile\" href=\"https:\/\/zsp12.gliwice.pl\/pm7\/blog\/2024\/01\/22\/rekrutacja-do-przedszkoli-na-rok-szkolny-2024-2025\/\"><img decoding=\"async\" src=\"https:\/\/zsp12.gliwice.pl\/pm7\/wp-content\/uploads\/sites\/7\/2024\/01\/rekrutacja-PM7-2024-2025-1024x1024.png\" alt= \"Rekrutacja do przedszkoli na rok szkolny 2024\/2025\" title = \"Rekrutacja do przedszkoli na rok szkolny 2024\/2025\" \/><\/a><a class=\"img-post\" href=\"https:\/\/zsp12.gliwice.pl\/pm7\/blog\/2024\/01\/22\/rekrutacja-do-przedszkoli-na-rok-szkolny-2024-2025\/\"><img decoding=\"async\" src=\"https:\/\/zsp12.gliwice.pl\/pm7\/wp-content\/uploads\/sites\/7\/2024\/01\/rekrutacja-PM7-2024-2025-150x150.png\" alt= \"Rekrutacja do przedszkoli na rok szkolny 2024\/2025\" title = \"Rekrutacja do przedszkoli na rok szkolny 2024\/2025\" \/><\/a><\/div><div class=\"article-title-wrapper\"><h5><a href=\"https:\/\/zsp12.gliwice.pl\/pm7\/blog\/2024\/01\/22\/rekrutacja-do-przedszkoli-na-rok-szkolny-2024-2025\/\" class=\"article-title\">Rekrutacja do przedszkoli na rok szkolny 2024\/2025<\/a><\/h5><div class=\"article-meta\"><span class=\"entry-date\">22 stycznia 2024<\/span><span class=\"author vcard\">by <a href=\"https:\/\/zsp12.gliwice.pl\/pm7\/blog\/author\/kszymanek\/\" rel=\"author\">kszymanek<\/a><\/span><\/div><\/div>\t\t\t<\/div>\n\t\t<\/div>\n\t\t\t\t<div class=\"col-md-3 col-sm-3\">\n\t\t\t<div class=\"item-post post-15035 post type-post status-publish format-standard has-post-thumbnail hentry category-archiwum-pm7 category-informacje\">\n\t\t\t\t<div class=\"article-image\"><a class=\"img-post-mobile\" href=\"https:\/\/zsp12.gliwice.pl\/pm7\/blog\/2024\/01\/21\/wszystkiego-najlepszego-z-okazji-dnia-babci-i-dziadka\/\"><img decoding=\"async\" src=\"https:\/\/zsp12.gliwice.pl\/pm7\/wp-content\/uploads\/sites\/7\/2024\/01\/Pink-and-White-Creative-Illustration-Grandparents-Day-Event-Celebration-Instagram-Post-1024x1024.png\" alt= \"Wszystkiego najlepszego z okazji Dnia Babci i Dziadka!\" title = \"Wszystkiego najlepszego z okazji Dnia Babci i Dziadka!\" \/><\/a><a class=\"img-post\" href=\"https:\/\/zsp12.gliwice.pl\/pm7\/blog\/2024\/01\/21\/wszystkiego-najlepszego-z-okazji-dnia-babci-i-dziadka\/\"><img decoding=\"async\" src=\"https:\/\/zsp12.gliwice.pl\/pm7\/wp-content\/uploads\/sites\/7\/2024\/01\/Pink-and-White-Creative-Illustration-Grandparents-Day-Event-Celebration-Instagram-Post-150x150.png\" alt= \"Wszystkiego najlepszego z okazji Dnia Babci i Dziadka!\" title = \"Wszystkiego najlepszego z okazji Dnia Babci i Dziadka!\" \/><\/a><\/div><div class=\"article-title-wrapper\"><h5><a href=\"https:\/\/zsp12.gliwice.pl\/pm7\/blog\/2024\/01\/21\/wszystkiego-najlepszego-z-okazji-dnia-babci-i-dziadka\/\" class=\"article-title\">Wszystkiego najlepszego z okazji Dnia Babci i Dziadka!<\/a><\/h5><div class=\"article-meta\"><span class=\"entry-date\">21 stycznia 2024<\/span><span class=\"author vcard\">by <a href=\"https:\/\/zsp12.gliwice.pl\/pm7\/blog\/author\/kszymanek\/\" rel=\"author\">kszymanek<\/a><\/span><\/div><\/div>\t\t\t<\/div>\n\t\t<\/div>\n\t\t\t\t<div class=\"col-md-3 col-sm-3\">\n\t\t\t<div class=\"item-post post-15005 post type-post status-publish format-standard has-post-thumbnail hentry category-archiwum-pm7 category-informacje\">\n\t\t\t\t<div class=\"article-image\"><a class=\"img-post-mobile\" href=\"https:\/\/zsp12.gliwice.pl\/pm7\/blog\/2023\/12\/21\/wesolych-swiat-3\/\"><img decoding=\"async\" src=\"https:\/\/zsp12.gliwice.pl\/pm7\/wp-content\/uploads\/sites\/7\/2023\/12\/PM7-w-ZSP12-w-gliwicach-1024x576.png\" alt= \"Weso\u0142ych \u015awi\u0105t\" title = \"Weso\u0142ych \u015awi\u0105t\" \/><\/a><a class=\"img-post\" href=\"https:\/\/zsp12.gliwice.pl\/pm7\/blog\/2023\/12\/21\/wesolych-swiat-3\/\"><img decoding=\"async\" src=\"https:\/\/zsp12.gliwice.pl\/pm7\/wp-content\/uploads\/sites\/7\/2023\/12\/PM7-w-ZSP12-w-gliwicach-150x150.png\" alt= \"Weso\u0142ych \u015awi\u0105t\" title = \"Weso\u0142ych \u015awi\u0105t\" \/><\/a><\/div><div class=\"article-title-wrapper\"><h5><a href=\"https:\/\/zsp12.gliwice.pl\/pm7\/blog\/2023\/12\/21\/wesolych-swiat-3\/\" class=\"article-title\">Weso\u0142ych \u015awi\u0105t<\/a><\/h5><div class=\"article-meta\"><span class=\"entry-date\">21 grudnia 2023<\/span><span class=\"author vcard\">by <a href=\"https:\/\/zsp12.gliwice.pl\/pm7\/blog\/author\/kszymanek\/\" rel=\"author\">kszymanek<\/a><\/span><\/div><\/div>\t\t\t<\/div>\n\t\t<\/div>\n\t\t\t\t<div class=\"col-md-3 col-sm-3\">\n\t\t\t<div class=\"item-post post-14974 post type-post status-publish format-standard has-post-thumbnail hentry category-archiwum-pm7 category-informacje\">\n\t\t\t\t<div class=\"article-image\"><a class=\"img-post-mobile\" href=\"https:\/\/zsp12.gliwice.pl\/pm7\/blog\/2023\/12\/19\/rozstzygniecie-konkursu-rodzinnego-ozdoba-bozonarodzeniowa\/\"><img decoding=\"async\" src=\"https:\/\/zsp12.gliwice.pl\/pm7\/wp-content\/uploads\/sites\/7\/2023\/12\/IMG_20231215_101717-Copy-1024x769.jpg\" alt= \"Rozstzygni\u0119cie konkursu rodzinnego &#8220;Ozdoba bo\u017conarodzeniowa&#8221;\" title = \"Rozstzygni\u0119cie konkursu rodzinnego &#8220;Ozdoba bo\u017conarodzeniowa&#8221;\" \/><\/a><a class=\"img-post\" href=\"https:\/\/zsp12.gliwice.pl\/pm7\/blog\/2023\/12\/19\/rozstzygniecie-konkursu-rodzinnego-ozdoba-bozonarodzeniowa\/\"><img decoding=\"async\" src=\"https:\/\/zsp12.gliwice.pl\/pm7\/wp-content\/uploads\/sites\/7\/2023\/12\/IMG_20231215_101717-Copy-150x150.jpg\" alt= \"Rozstzygni\u0119cie konkursu rodzinnego &#8220;Ozdoba bo\u017conarodzeniowa&#8221;\" title = \"Rozstzygni\u0119cie konkursu rodzinnego &#8220;Ozdoba bo\u017conarodzeniowa&#8221;\" \/><\/a><\/div><div class=\"article-title-wrapper\"><h5><a href=\"https:\/\/zsp12.gliwice.pl\/pm7\/blog\/2023\/12\/19\/rozstzygniecie-konkursu-rodzinnego-ozdoba-bozonarodzeniowa\/\" class=\"article-title\">Rozstzygni\u0119cie konkursu rodzinnego &#8220;Ozdoba bo\u017conarodzeniowa&#8221;<\/a><\/h5><div class=\"article-meta\"><span class=\"entry-date\">19 grudnia 2023<\/span><span class=\"author vcard\">by <a href=\"https:\/\/zsp12.gliwice.pl\/pm7\/blog\/author\/kszymanek\/\" rel=\"author\">kszymanek<\/a><\/span><\/div><\/div>\t\t\t<\/div>\n\t\t<\/div>\n\t\t\t\t<div class=\"col-md-3 col-sm-3\">\n\t\t\t<div class=\"item-post post-14736 post type-post status-publish format-standard has-post-thumbnail hentry category-archiwum-pm7 category-informacje\">\n\t\t\t\t<div class=\"article-image\"><a class=\"img-post-mobile\" href=\"https:\/\/zsp12.gliwice.pl\/pm7\/blog\/2023\/12\/06\/zbiorka-dla-psiaka-i-kociaka-2\/\"><img decoding=\"async\" src=\"https:\/\/zsp12.gliwice.pl\/pm7\/wp-content\/uploads\/sites\/7\/2023\/12\/ZBIORKA-DLA-PSIAKA-I-KOCIAKA-724x1024.png\" alt= \"ZBI\u00d3RKA DLA PSIAKA I KOCIAKA\" title = \"ZBI\u00d3RKA DLA PSIAKA I KOCIAKA\" \/><\/a><a class=\"img-post\" href=\"https:\/\/zsp12.gliwice.pl\/pm7\/blog\/2023\/12\/06\/zbiorka-dla-psiaka-i-kociaka-2\/\"><img decoding=\"async\" src=\"https:\/\/zsp12.gliwice.pl\/pm7\/wp-content\/uploads\/sites\/7\/2023\/12\/ZBIORKA-DLA-PSIAKA-I-KOCIAKA-150x150.png\" alt= \"ZBI\u00d3RKA DLA PSIAKA I KOCIAKA\" title = \"ZBI\u00d3RKA DLA PSIAKA I KOCIAKA\" \/><\/a><\/div><div class=\"article-title-wrapper\"><h5><a href=\"https:\/\/zsp12.gliwice.pl\/pm7\/blog\/2023\/12\/06\/zbiorka-dla-psiaka-i-kociaka-2\/\" class=\"article-title\">ZBI\u00d3RKA DLA PSIAKA I KOCIAKA<\/a><\/h5><div class=\"article-meta\"><span class=\"entry-date\">6 grudnia 2023<\/span><span class=\"author vcard\">by <a href=\"https:\/\/zsp12.gliwice.pl\/pm7\/blog\/author\/kszymanek\/\" rel=\"author\">kszymanek<\/a><\/span><\/div><\/div>\t\t\t<\/div>\n\t\t<\/div>\n\t\t\t\t<div class=\"col-md-3 col-sm-3\">\n\t\t\t<div class=\"item-post post-15012 post type-post status-publish format-standard has-post-thumbnail hentry category-archiwum-pm7 category-informacje\">\n\t\t\t\t<div class=\"article-image\"><a class=\"img-post-mobile\" href=\"https:\/\/zsp12.gliwice.pl\/pm7\/blog\/2023\/12\/01\/przedszkolaki-z-pm-7-w-ramach-projektu-klub-zdrowego-przedszkolaka-modul-1\/\"><img decoding=\"async\" src=\"https:\/\/zsp12.gliwice.pl\/pm7\/wp-content\/uploads\/sites\/7\/2023\/12\/20231121_114514-Copy-1024x768.jpg\" alt= \"Przedszkolaki z PM 7 w ramach projektu \u201eKlub Zdrowego Przedszkolaka\u201d &#8211;  modu\u0142 1\" title = \"Przedszkolaki z PM 7 w ramach projektu \u201eKlub Zdrowego Przedszkolaka\u201d &#8211;  modu\u0142 1\" \/><\/a><a class=\"img-post\" href=\"https:\/\/zsp12.gliwice.pl\/pm7\/blog\/2023\/12\/01\/przedszkolaki-z-pm-7-w-ramach-projektu-klub-zdrowego-przedszkolaka-modul-1\/\"><img decoding=\"async\" src=\"https:\/\/zsp12.gliwice.pl\/pm7\/wp-content\/uploads\/sites\/7\/2023\/12\/20231121_114514-Copy-150x150.jpg\" alt= \"Przedszkolaki z PM 7 w ramach projektu \u201eKlub Zdrowego Przedszkolaka\u201d &#8211;  modu\u0142 1\" title = \"Przedszkolaki z PM 7 w ramach projektu \u201eKlub Zdrowego Przedszkolaka\u201d &#8211;  modu\u0142 1\" \/><\/a><\/div><div class=\"article-title-wrapper\"><h5><a href=\"https:\/\/zsp12.gliwice.pl\/pm7\/blog\/2023\/12\/01\/przedszkolaki-z-pm-7-w-ramach-projektu-klub-zdrowego-przedszkolaka-modul-1\/\" class=\"article-title\">Przedszkolaki z PM 7 w ramach projektu \u201eKlub Zdrowego Przedszkolaka\u201d &#8211;  modu\u0142 1<\/a><\/h5><div class=\"article-meta\"><span class=\"entry-date\">1 grudnia 2023<\/span><span class=\"author vcard\">by <a href=\"https:\/\/zsp12.gliwice.pl\/pm7\/blog\/author\/kszymanek\/\" rel=\"author\">kszymanek<\/a><\/span><\/div><\/div>\t\t\t<\/div>\n\t\t<\/div>\n\t\t\t\t<div class=\"col-md-3 col-sm-3\">\n\t\t\t<div class=\"item-post post-14095 post type-post status-publish format-standard has-post-thumbnail hentry category-archiwum-pm7 category-informacje\">\n\t\t\t\t<div class=\"article-image\"><a class=\"img-post-mobile\" href=\"https:\/\/zsp12.gliwice.pl\/pm7\/blog\/2023\/11\/06\/przedszkole-miejskie-nr-7-dolacza-do-ogolnopolskiego-projektu-edukacyjnego-szlachetnie-i-zdrowo-z-malpka-iwona\/\"><img decoding=\"async\" src=\"https:\/\/zsp12.gliwice.pl\/pm7\/wp-content\/uploads\/sites\/7\/2023\/11\/Przedszkole-bierze-udzial-Projekt-z-malpka-Iwona-1-1024x724.png\" alt= \"Przedszkole Miejskie nr 7 do\u0142\u0105cza do Og\u00f3lnopolskiego Projektu Edukacyjnego &#8220;Szlachetnie i zdrowo z ma\u0142pk\u0105 Iwon\u0105&#8221;\" title = \"Przedszkole Miejskie nr 7 do\u0142\u0105cza do Og\u00f3lnopolskiego Projektu Edukacyjnego &#8220;Szlachetnie i zdrowo z ma\u0142pk\u0105 Iwon\u0105&#8221;\" \/><\/a><a class=\"img-post\" href=\"https:\/\/zsp12.gliwice.pl\/pm7\/blog\/2023\/11\/06\/przedszkole-miejskie-nr-7-dolacza-do-ogolnopolskiego-projektu-edukacyjnego-szlachetnie-i-zdrowo-z-malpka-iwona\/\"><img decoding=\"async\" src=\"https:\/\/zsp12.gliwice.pl\/pm7\/wp-content\/uploads\/sites\/7\/2023\/11\/Przedszkole-bierze-udzial-Projekt-z-malpka-Iwona-1-150x150.png\" alt= \"Przedszkole Miejskie nr 7 do\u0142\u0105cza do Og\u00f3lnopolskiego Projektu Edukacyjnego &#8220;Szlachetnie i zdrowo z ma\u0142pk\u0105 Iwon\u0105&#8221;\" title = \"Przedszkole Miejskie nr 7 do\u0142\u0105cza do Og\u00f3lnopolskiego Projektu Edukacyjnego &#8220;Szlachetnie i zdrowo z ma\u0142pk\u0105 Iwon\u0105&#8221;\" \/><\/a><\/div><div class=\"article-title-wrapper\"><h5><a href=\"https:\/\/zsp12.gliwice.pl\/pm7\/blog\/2023\/11\/06\/przedszkole-miejskie-nr-7-dolacza-do-ogolnopolskiego-projektu-edukacyjnego-szlachetnie-i-zdrowo-z-malpka-iwona\/\" class=\"article-title\">Przedszkole Miejskie nr 7 do\u0142\u0105cza do Og\u00f3lnopolskiego Projektu Edukacyjnego &#8220;Szlachetnie i zdrowo z ma\u0142pk\u0105 Iwon\u0105&#8221;<\/a><\/h5><div class=\"article-meta\"><span class=\"entry-date\">6 listopada 2023<\/span><span class=\"author vcard\">by <a href=\"https:\/\/zsp12.gliwice.pl\/pm7\/blog\/author\/kszymanek\/\" rel=\"author\">kszymanek<\/a><\/span><\/div><\/div>\t\t\t<\/div>\n\t\t<\/div>\n\t\t\t\t<div class=\"col-md-3 col-sm-3\">\n\t\t\t<div class=\"item-post post-13846 post type-post status-publish format-standard has-post-thumbnail hentry category-archiwum-pm7 category-informacje\">\n\t\t\t\t<div class=\"article-image\"><a class=\"img-post-mobile\" href=\"https:\/\/zsp12.gliwice.pl\/pm7\/blog\/2023\/10\/13\/zyczenia-z-okazji-den\/\"><img decoding=\"async\" src=\"https:\/\/zsp12.gliwice.pl\/pm7\/wp-content\/uploads\/sites\/7\/2023\/10\/Projekt-bez-nazwy-1.png\" alt= \"\u017byczenia z okazji DEN\" title = \"\u017byczenia z okazji DEN\" \/><\/a><a class=\"img-post\" href=\"https:\/\/zsp12.gliwice.pl\/pm7\/blog\/2023\/10\/13\/zyczenia-z-okazji-den\/\"><img decoding=\"async\" src=\"https:\/\/zsp12.gliwice.pl\/pm7\/wp-content\/uploads\/sites\/7\/2023\/10\/Projekt-bez-nazwy-1-150x150.png\" alt= \"\u017byczenia z okazji DEN\" title = \"\u017byczenia z okazji DEN\" \/><\/a><\/div><div class=\"article-title-wrapper\"><h5><a href=\"https:\/\/zsp12.gliwice.pl\/pm7\/blog\/2023\/10\/13\/zyczenia-z-okazji-den\/\" class=\"article-title\">\u017byczenia z okazji DEN<\/a><\/h5><div class=\"article-meta\"><span class=\"entry-date\">13 pa\u017adziernika 2023<\/span><span class=\"author vcard\">by <a href=\"https:\/\/zsp12.gliwice.pl\/pm7\/blog\/author\/kszymanek\/\" rel=\"author\">kszymanek<\/a><\/span><\/div><\/div>\t\t\t<\/div>\n\t\t<\/div>\n\t\t\t\t<div class=\"col-md-3 col-sm-3\">\n\t\t\t<div class=\"item-post post-13786 post type-post status-publish format-standard has-post-thumbnail hentry category-archiwum-pm7 category-informacje\">\n\t\t\t\t<div class=\"article-image\"><a class=\"img-post-mobile\" href=\"https:\/\/zsp12.gliwice.pl\/pm7\/blog\/2023\/10\/11\/owocowo-marchewkowo-u-podroznikow\/\"><img decoding=\"async\" src=\"https:\/\/zsp12.gliwice.pl\/pm7\/wp-content\/uploads\/sites\/7\/2023\/10\/1697027116453-Copy-e1697051597924-1024x679.jpg\" alt= \"OWOCOWO &#8211; MARCHEWKOWO U PODR\u00d3\u017bNIK\u00d3W\" title = \"OWOCOWO &#8211; MARCHEWKOWO U PODR\u00d3\u017bNIK\u00d3W\" \/><\/a><a class=\"img-post\" href=\"https:\/\/zsp12.gliwice.pl\/pm7\/blog\/2023\/10\/11\/owocowo-marchewkowo-u-podroznikow\/\"><img decoding=\"async\" src=\"https:\/\/zsp12.gliwice.pl\/pm7\/wp-content\/uploads\/sites\/7\/2023\/10\/1697027116453-Copy-e1697051597924-150x150.jpg\" alt= \"OWOCOWO &#8211; MARCHEWKOWO U PODR\u00d3\u017bNIK\u00d3W\" title = \"OWOCOWO &#8211; MARCHEWKOWO U PODR\u00d3\u017bNIK\u00d3W\" \/><\/a><\/div><div class=\"article-title-wrapper\"><h5><a href=\"https:\/\/zsp12.gliwice.pl\/pm7\/blog\/2023\/10\/11\/owocowo-marchewkowo-u-podroznikow\/\" class=\"article-title\">OWOCOWO &#8211; MARCHEWKOWO U PODR\u00d3\u017bNIK\u00d3W<\/a><\/h5><div class=\"article-meta\"><span class=\"entry-date\">11 pa\u017adziernika 2023<\/span><span class=\"author vcard\">by <a href=\"https:\/\/zsp12.gliwice.pl\/pm7\/blog\/author\/kszymanek\/\" rel=\"author\">kszymanek<\/a><\/span><\/div><\/div>\t\t\t<\/div>\n\t\t<\/div>\n\t\t\t\t<div class=\"col-md-3 col-sm-3\">\n\t\t\t<div class=\"item-post post-13725 post type-post status-publish format-standard has-post-thumbnail hentry category-archiwum-pm7 category-informacje\">\n\t\t\t\t<div class=\"article-image\"><a class=\"img-post-mobile\" href=\"https:\/\/zsp12.gliwice.pl\/pm7\/blog\/2023\/10\/10\/dzien-zieminaka\/\"><img decoding=\"async\" src=\"https:\/\/zsp12.gliwice.pl\/pm7\/wp-content\/uploads\/sites\/7\/2023\/10\/dz_ziem_23-1-Copy-1024x653.jpg\" alt= \"Dzie\u0144 Ziemniaka w ZSP12\" title = \"Dzie\u0144 Ziemniaka w ZSP12\" \/><\/a><a class=\"img-post\" href=\"https:\/\/zsp12.gliwice.pl\/pm7\/blog\/2023\/10\/10\/dzien-zieminaka\/\"><img decoding=\"async\" src=\"https:\/\/zsp12.gliwice.pl\/pm7\/wp-content\/uploads\/sites\/7\/2023\/10\/dz_ziem_23-1-Copy-150x150.jpg\" alt= \"Dzie\u0144 Ziemniaka w ZSP12\" title = \"Dzie\u0144 Ziemniaka w ZSP12\" \/><\/a><\/div><div class=\"article-title-wrapper\"><h5><a href=\"https:\/\/zsp12.gliwice.pl\/pm7\/blog\/2023\/10\/10\/dzien-zieminaka\/\" class=\"article-title\">Dzie\u0144 Ziemniaka w ZSP12<\/a><\/h5><div class=\"article-meta\"><span class=\"entry-date\">10 pa\u017adziernika 2023<\/span><span class=\"author vcard\">by <a href=\"https:\/\/zsp12.gliwice.pl\/pm7\/blog\/author\/kszymanek\/\" rel=\"author\">kszymanek<\/a><\/span><\/div><\/div>\t\t\t<\/div>\n\t\t<\/div>\n\t\t\t\t<div class=\"col-md-3 col-sm-3\">\n\t\t\t<div class=\"item-post post-13653 post type-post status-publish format-standard has-post-thumbnail hentry category-archiwum-pm7 category-informacje category-wydarzenia\">\n\t\t\t\t<div class=\"article-image\"><a class=\"img-post-mobile\" href=\"https:\/\/zsp12.gliwice.pl\/pm7\/blog\/2023\/09\/28\/europejski-dzien-jezykow-w-pm7\/\"><img decoding=\"async\" src=\"https:\/\/zsp12.gliwice.pl\/pm7\/wp-content\/uploads\/sites\/7\/2023\/09\/20230926_114135-Copy-1024x768.jpg\" alt= \"Europejski Dzie\u0144 J\u0119zyk\u00f3w w PM7\" title = \"Europejski Dzie\u0144 J\u0119zyk\u00f3w w PM7\" \/><\/a><a class=\"img-post\" href=\"https:\/\/zsp12.gliwice.pl\/pm7\/blog\/2023\/09\/28\/europejski-dzien-jezykow-w-pm7\/\"><img decoding=\"async\" src=\"https:\/\/zsp12.gliwice.pl\/pm7\/wp-content\/uploads\/sites\/7\/2023\/09\/20230926_114135-Copy-150x150.jpg\" alt= \"Europejski Dzie\u0144 J\u0119zyk\u00f3w w PM7\" title = \"Europejski Dzie\u0144 J\u0119zyk\u00f3w w PM7\" \/><\/a><\/div><div class=\"article-title-wrapper\"><h5><a href=\"https:\/\/zsp12.gliwice.pl\/pm7\/blog\/2023\/09\/28\/europejski-dzien-jezykow-w-pm7\/\" class=\"article-title\">Europejski Dzie\u0144 J\u0119zyk\u00f3w w PM7<\/a><\/h5><div class=\"article-meta\"><span class=\"entry-date\">28 wrze\u015bnia 2023<\/span><span class=\"author vcard\">by <a href=\"https:\/\/zsp12.gliwice.pl\/pm7\/blog\/author\/kszymanek\/\" rel=\"author\">kszymanek<\/a><\/span><\/div><\/div>\t\t\t<\/div>\n\t\t<\/div>\n\t\t\t\t<div class=\"col-md-3 col-sm-3\">\n\t\t\t<div class=\"item-post post-13649 post type-post status-publish format-standard has-post-thumbnail hentry category-archiwum-pm7 category-informacje\">\n\t\t\t\t<div class=\"article-image\"><a class=\"img-post-mobile\" href=\"https:\/\/zsp12.gliwice.pl\/pm7\/blog\/2023\/09\/26\/dzien-pieczonego-ziemniaka-7-10-23\/\"><img decoding=\"async\" src=\"https:\/\/zsp12.gliwice.pl\/pm7\/wp-content\/uploads\/sites\/7\/2023\/09\/Dzien-Ziemniaka-Copy-768x1024.jpg\" alt= \"Dzie\u0144 Pieczonego Ziemniaka \u2013 7.10.23\" title = \"Dzie\u0144 Pieczonego Ziemniaka \u2013 7.10.23\" \/><\/a><a class=\"img-post\" href=\"https:\/\/zsp12.gliwice.pl\/pm7\/blog\/2023\/09\/26\/dzien-pieczonego-ziemniaka-7-10-23\/\"><img decoding=\"async\" src=\"https:\/\/zsp12.gliwice.pl\/pm7\/wp-content\/uploads\/sites\/7\/2023\/09\/Dzien-Ziemniaka-Copy-150x150.jpg\" alt= \"Dzie\u0144 Pieczonego Ziemniaka \u2013 7.10.23\" title = \"Dzie\u0144 Pieczonego Ziemniaka \u2013 7.10.23\" \/><\/a><\/div><div class=\"article-title-wrapper\"><h5><a href=\"https:\/\/zsp12.gliwice.pl\/pm7\/blog\/2023\/09\/26\/dzien-pieczonego-ziemniaka-7-10-23\/\" class=\"article-title\">Dzie\u0144 Pieczonego Ziemniaka \u2013 7.10.23<\/a><\/h5><div class=\"article-meta\"><span class=\"entry-date\">26 wrze\u015bnia 2023<\/span><span class=\"author vcard\">by <a href=\"https:\/\/zsp12.gliwice.pl\/pm7\/blog\/author\/kszymanek\/\" rel=\"author\">kszymanek<\/a><\/span><\/div><\/div>\t\t\t<\/div>\n\t\t<\/div>\n\t\t\t\t<div class=\"col-md-3 col-sm-3\">\n\t\t\t<div class=\"item-post post-13475 post type-post status-publish format-standard has-post-thumbnail hentry category-archiwum-pm7 category-informacje category-wydarzenia\">\n\t\t\t\t<div class=\"article-image\"><a class=\"img-post-mobile\" href=\"https:\/\/zsp12.gliwice.pl\/pm7\/blog\/2023\/09\/18\/dzien-kropki-w-pm7-3\/\"><img decoding=\"async\" src=\"https:\/\/zsp12.gliwice.pl\/pm7\/wp-content\/uploads\/sites\/7\/2023\/09\/20230915_094125-Copy-1024x768.jpg\" alt= \"Dzie\u0144 Kropki w PM7\" title = \"Dzie\u0144 Kropki w PM7\" \/><\/a><a class=\"img-post\" href=\"https:\/\/zsp12.gliwice.pl\/pm7\/blog\/2023\/09\/18\/dzien-kropki-w-pm7-3\/\"><img decoding=\"async\" src=\"https:\/\/zsp12.gliwice.pl\/pm7\/wp-content\/uploads\/sites\/7\/2023\/09\/20230915_094125-Copy-150x150.jpg\" alt= \"Dzie\u0144 Kropki w PM7\" title = \"Dzie\u0144 Kropki w PM7\" \/><\/a><\/div><div class=\"article-title-wrapper\"><h5><a href=\"https:\/\/zsp12.gliwice.pl\/pm7\/blog\/2023\/09\/18\/dzien-kropki-w-pm7-3\/\" class=\"article-title\">Dzie\u0144 Kropki w PM7<\/a><\/h5><div class=\"article-meta\"><span class=\"entry-date\">18 wrze\u015bnia 2023<\/span><span class=\"author vcard\">by <a href=\"https:\/\/zsp12.gliwice.pl\/pm7\/blog\/author\/kszymanek\/\" rel=\"author\">kszymanek<\/a><\/span><\/div><\/div>\t\t\t<\/div>\n\t\t<\/div>\n\t\t\t\t<div class=\"col-md-3 col-sm-3\">\n\t\t\t<div class=\"item-post post-13421 post type-post status-publish format-standard has-post-thumbnail hentry category-archiwum-pm7 category-informacje category-wydarzenia\">\n\t\t\t\t<div class=\"article-image\"><a class=\"img-post-mobile\" href=\"https:\/\/zsp12.gliwice.pl\/pm7\/blog\/2023\/09\/13\/przedszkolaki-na-stadionie\/\"><img decoding=\"async\" src=\"https:\/\/zsp12.gliwice.pl\/pm7\/wp-content\/uploads\/sites\/7\/2023\/09\/1694605243171-Copy-1024x768.jpg\" alt= \"Przedszkolaki na stadionie\" title = \"Przedszkolaki na stadionie\" \/><\/a><a class=\"img-post\" href=\"https:\/\/zsp12.gliwice.pl\/pm7\/blog\/2023\/09\/13\/przedszkolaki-na-stadionie\/\"><img decoding=\"async\" src=\"https:\/\/zsp12.gliwice.pl\/pm7\/wp-content\/uploads\/sites\/7\/2023\/09\/1694605243171-Copy-150x150.jpg\" alt= \"Przedszkolaki na stadionie\" title = \"Przedszkolaki na stadionie\" \/><\/a><\/div><div class=\"article-title-wrapper\"><h5><a href=\"https:\/\/zsp12.gliwice.pl\/pm7\/blog\/2023\/09\/13\/przedszkolaki-na-stadionie\/\" class=\"article-title\">Przedszkolaki na stadionie<\/a><\/h5><div class=\"article-meta\"><span class=\"entry-date\">13 wrze\u015bnia 2023<\/span><span class=\"author vcard\">by <a href=\"https:\/\/zsp12.gliwice.pl\/pm7\/blog\/author\/kszymanek\/\" rel=\"author\">kszymanek<\/a><\/span><\/div><\/div>\t\t\t<\/div>\n\t\t<\/div>\n\t\t\t\t<div class=\"col-md-3 col-sm-3\">\n\t\t\t<div class=\"item-post post-13418 post type-post status-publish format-standard has-post-thumbnail hentry category-archiwum-pm7 category-informacje\">\n\t\t\t\t<div class=\"article-image\"><a class=\"img-post-mobile\" href=\"https:\/\/zsp12.gliwice.pl\/pm7\/blog\/2023\/09\/03\/witamy-w-nowym-roku-szkolnym-2023-24\/\"><img decoding=\"async\" src=\"https:\/\/zsp12.gliwice.pl\/pm7\/wp-content\/uploads\/sites\/7\/2023\/09\/Colorful-Bold-Welcome-new-student-Banner--1024x512.jpg\" alt= \"Witamy w nowym roku szkolnym 2023\/24\" title = \"Witamy w nowym roku szkolnym 2023\/24\" \/><\/a><a class=\"img-post\" href=\"https:\/\/zsp12.gliwice.pl\/pm7\/blog\/2023\/09\/03\/witamy-w-nowym-roku-szkolnym-2023-24\/\"><img decoding=\"async\" src=\"https:\/\/zsp12.gliwice.pl\/pm7\/wp-content\/uploads\/sites\/7\/2023\/09\/Colorful-Bold-Welcome-new-student-Banner--150x150.jpg\" alt= \"Witamy w nowym roku szkolnym 2023\/24\" title = \"Witamy w nowym roku szkolnym 2023\/24\" \/><\/a><\/div><div class=\"article-title-wrapper\"><h5><a href=\"https:\/\/zsp12.gliwice.pl\/pm7\/blog\/2023\/09\/03\/witamy-w-nowym-roku-szkolnym-2023-24\/\" class=\"article-title\">Witamy w nowym roku szkolnym 2023\/24<\/a><\/h5><div class=\"article-meta\"><span class=\"entry-date\">3 wrze\u015bnia 2023<\/span><span class=\"author vcard\">by <a href=\"https:\/\/zsp12.gliwice.pl\/pm7\/blog\/author\/kszymanek\/\" rel=\"author\">kszymanek<\/a><\/span><\/div><\/div>\t\t\t<\/div>\n\t\t<\/div>\n\t\t\t\t<div class=\"col-md-3 col-sm-3\">\n\t\t\t<div class=\"item-post post-13380 post type-post status-publish format-standard has-post-thumbnail hentry category-archiwum-pm7 category-informacje\">\n\t\t\t\t<div class=\"article-image\"><a class=\"img-post-mobile\" href=\"https:\/\/zsp12.gliwice.pl\/pm7\/blog\/2023\/07\/18\/rekrutacja-uzupelniajaca-do-przedszkola\/\"><img decoding=\"async\" src=\"https:\/\/zsp12.gliwice.pl\/pm7\/wp-content\/uploads\/sites\/7\/2023\/05\/Projekt-bez-nazwy-1-1024x726.png\" alt= \"REKRUTACJA UZUPE\u0141NIAJ\u0104CA DO PRZEDSZKOLA\" title = \"REKRUTACJA UZUPE\u0141NIAJ\u0104CA DO PRZEDSZKOLA\" \/><\/a><a class=\"img-post\" href=\"https:\/\/zsp12.gliwice.pl\/pm7\/blog\/2023\/07\/18\/rekrutacja-uzupelniajaca-do-przedszkola\/\"><img decoding=\"async\" src=\"https:\/\/zsp12.gliwice.pl\/pm7\/wp-content\/uploads\/sites\/7\/2023\/05\/Projekt-bez-nazwy-1-150x150.png\" alt= \"REKRUTACJA UZUPE\u0141NIAJ\u0104CA DO PRZEDSZKOLA\" title = \"REKRUTACJA UZUPE\u0141NIAJ\u0104CA DO PRZEDSZKOLA\" \/><\/a><\/div><div class=\"article-title-wrapper\"><h5><a href=\"https:\/\/zsp12.gliwice.pl\/pm7\/blog\/2023\/07\/18\/rekrutacja-uzupelniajaca-do-przedszkola\/\" class=\"article-title\">REKRUTACJA UZUPE\u0141NIAJ\u0104CA DO PRZEDSZKOLA<\/a><\/h5><div class=\"article-meta\"><span class=\"entry-date\">18 lipca 2023<\/span><span class=\"author vcard\">by <a href=\"https:\/\/zsp12.gliwice.pl\/pm7\/blog\/author\/kszymanek\/\" rel=\"author\">kszymanek<\/a><\/span><\/div><\/div>\t\t\t<\/div>\n\t\t<\/div>\n\t\t\t\t<div class=\"col-md-3 col-sm-3\">\n\t\t\t<div class=\"item-post post-13383 post type-post status-publish format-standard has-post-thumbnail hentry category-archiwum-pm7 category-informacje\">\n\t\t\t\t<div class=\"article-image\"><a class=\"img-post-mobile\" href=\"https:\/\/zsp12.gliwice.pl\/pm7\/blog\/2023\/07\/10\/zebranie-organizacyjne-w-pm7\/\"><img decoding=\"async\" src=\"https:\/\/zsp12.gliwice.pl\/pm7\/wp-content\/uploads\/sites\/7\/2023\/07\/Colorful-Kindergarten-School-Presentation-Template-Copy-1024x576.jpg\" alt= \"ZEBRANIE ORGANIZACYJNE W PM7\" title = \"ZEBRANIE ORGANIZACYJNE W PM7\" \/><\/a><a class=\"img-post\" href=\"https:\/\/zsp12.gliwice.pl\/pm7\/blog\/2023\/07\/10\/zebranie-organizacyjne-w-pm7\/\"><img decoding=\"async\" src=\"https:\/\/zsp12.gliwice.pl\/pm7\/wp-content\/uploads\/sites\/7\/2023\/07\/Colorful-Kindergarten-School-Presentation-Template-Copy-150x150.jpg\" alt= \"ZEBRANIE ORGANIZACYJNE W PM7\" title = \"ZEBRANIE ORGANIZACYJNE W PM7\" \/><\/a><\/div><div class=\"article-title-wrapper\"><h5><a href=\"https:\/\/zsp12.gliwice.pl\/pm7\/blog\/2023\/07\/10\/zebranie-organizacyjne-w-pm7\/\" class=\"article-title\">ZEBRANIE ORGANIZACYJNE W PM7<\/a><\/h5><div class=\"article-meta\"><span class=\"entry-date\">10 lipca 2023<\/span><span class=\"author vcard\">by <a href=\"https:\/\/zsp12.gliwice.pl\/pm7\/blog\/author\/kszymanek\/\" rel=\"author\">kszymanek<\/a><\/span><\/div><\/div>\t\t\t<\/div>\n\t\t<\/div>\n\t\t\t\t<div class=\"col-md-3 col-sm-3\">\n\t\t\t<div class=\"item-post post-12869 post type-post status-publish format-standard has-post-thumbnail hentry category-archiwum-pm7 category-informacje\">\n\t\t\t\t<div class=\"article-image\"><a class=\"img-post-mobile\" href=\"https:\/\/zsp12.gliwice.pl\/pm7\/blog\/2023\/06\/21\/bezpieczne-wakacje-mlodych-gliwiczan\/\"><img decoding=\"async\" src=\"https:\/\/zsp12.gliwice.pl\/pm7\/wp-content\/uploads\/sites\/7\/2023\/06\/1687069153458-Copy-1024x461.jpg\" alt= \"BEZPIECZNE WAKACJE M\u0141ODYCH GLIWICZAN\u00a0\" title = \"BEZPIECZNE WAKACJE M\u0141ODYCH GLIWICZAN\u00a0\" \/><\/a><a class=\"img-post\" href=\"https:\/\/zsp12.gliwice.pl\/pm7\/blog\/2023\/06\/21\/bezpieczne-wakacje-mlodych-gliwiczan\/\"><img decoding=\"async\" src=\"https:\/\/zsp12.gliwice.pl\/pm7\/wp-content\/uploads\/sites\/7\/2023\/06\/1687069153458-Copy-150x150.jpg\" alt= \"BEZPIECZNE WAKACJE M\u0141ODYCH GLIWICZAN\u00a0\" title = \"BEZPIECZNE WAKACJE M\u0141ODYCH GLIWICZAN\u00a0\" \/><\/a><\/div><div class=\"article-title-wrapper\"><h5><a href=\"https:\/\/zsp12.gliwice.pl\/pm7\/blog\/2023\/06\/21\/bezpieczne-wakacje-mlodych-gliwiczan\/\" class=\"article-title\">BEZPIECZNE WAKACJE M\u0141ODYCH GLIWICZAN\u00a0<\/a><\/h5><div class=\"article-meta\"><span class=\"entry-date\">21 czerwca 2023<\/span><span class=\"author vcard\">by <a href=\"https:\/\/zsp12.gliwice.pl\/pm7\/blog\/author\/kszymanek\/\" rel=\"author\">kszymanek<\/a><\/span><\/div><\/div>\t\t\t<\/div>\n\t\t<\/div>\n\t\t\t\t<div class=\"col-md-3 col-sm-3\">\n\t\t\t<div class=\"item-post post-12560 post type-post status-publish format-standard has-post-thumbnail hentry category-archiwum-pm7 category-informacje\">\n\t\t\t\t<div class=\"article-image\"><a class=\"img-post-mobile\" href=\"https:\/\/zsp12.gliwice.pl\/pm7\/blog\/2023\/05\/15\/miedzynarodowy-projekt-edukacyjny-z-kultura-mi-do-twarzy-z-wizyta-w-teatrze\/\"><img decoding=\"async\" src=\"https:\/\/zsp12.gliwice.pl\/pm7\/wp-content\/uploads\/sites\/7\/2023\/06\/20230605_093200-Copy-768x1024.jpg\" alt= \"Mi\u0119dzynarodowy Projekt Edukacyjny \u201cZ kultur\u0105 mi do twarzy\u201d \u2013 Z wizyt\u0105 w teatrze\" title = \"Mi\u0119dzynarodowy Projekt Edukacyjny \u201cZ kultur\u0105 mi do twarzy\u201d \u2013 Z wizyt\u0105 w teatrze\" \/><\/a><a class=\"img-post\" href=\"https:\/\/zsp12.gliwice.pl\/pm7\/blog\/2023\/05\/15\/miedzynarodowy-projekt-edukacyjny-z-kultura-mi-do-twarzy-z-wizyta-w-teatrze\/\"><img decoding=\"async\" src=\"https:\/\/zsp12.gliwice.pl\/pm7\/wp-content\/uploads\/sites\/7\/2023\/06\/20230605_093200-Copy-150x150.jpg\" alt= \"Mi\u0119dzynarodowy Projekt Edukacyjny \u201cZ kultur\u0105 mi do twarzy\u201d \u2013 Z wizyt\u0105 w teatrze\" title = \"Mi\u0119dzynarodowy Projekt Edukacyjny \u201cZ kultur\u0105 mi do twarzy\u201d \u2013 Z wizyt\u0105 w teatrze\" \/><\/a><\/div><div class=\"article-title-wrapper\"><h5><a href=\"https:\/\/zsp12.gliwice.pl\/pm7\/blog\/2023\/05\/15\/miedzynarodowy-projekt-edukacyjny-z-kultura-mi-do-twarzy-z-wizyta-w-teatrze\/\" class=\"article-title\">Mi\u0119dzynarodowy Projekt Edukacyjny \u201cZ kultur\u0105 mi do twarzy\u201d \u2013 Z wizyt\u0105 w teatrze<\/a><\/h5><div class=\"article-meta\"><span class=\"entry-date\">15 maja 2023<\/span><span class=\"author vcard\">by <a href=\"https:\/\/zsp12.gliwice.pl\/pm7\/blog\/author\/kszymanek\/\" rel=\"author\">kszymanek<\/a><\/span><\/div><\/div>\t\t\t<\/div>\n\t\t<\/div>\n\t\t\t\t<div class=\"col-md-3 col-sm-3\">\n\t\t\t<div class=\"item-post post-11874 post type-post status-publish format-standard has-post-thumbnail hentry category-archiwum-pm7 category-informacje\">\n\t\t\t\t<div class=\"article-image\"><a class=\"img-post-mobile\" href=\"https:\/\/zsp12.gliwice.pl\/pm7\/blog\/2023\/05\/11\/festyn-rodziny-20-05-2023\/\"><img decoding=\"async\" src=\"https:\/\/zsp12.gliwice.pl\/pm7\/wp-content\/uploads\/sites\/7\/2023\/05\/Festyn-Rodzinny-2023-Copy-724x1024.jpg\" alt= \"Festyn Rodziny &#8211; 20.05.2023\" title = \"Festyn Rodziny &#8211; 20.05.2023\" \/><\/a><a class=\"img-post\" href=\"https:\/\/zsp12.gliwice.pl\/pm7\/blog\/2023\/05\/11\/festyn-rodziny-20-05-2023\/\"><img decoding=\"async\" src=\"https:\/\/zsp12.gliwice.pl\/pm7\/wp-content\/uploads\/sites\/7\/2023\/05\/Festyn-Rodzinny-2023-Copy-150x150.jpg\" alt= \"Festyn Rodziny &#8211; 20.05.2023\" title = \"Festyn Rodziny &#8211; 20.05.2023\" \/><\/a><\/div><div class=\"article-title-wrapper\"><h5><a href=\"https:\/\/zsp12.gliwice.pl\/pm7\/blog\/2023\/05\/11\/festyn-rodziny-20-05-2023\/\" class=\"article-title\">Festyn Rodziny &#8211; 20.05.2023<\/a><\/h5><div class=\"article-meta\"><span class=\"entry-date\">11 maja 2023<\/span><span class=\"author vcard\">by <a href=\"https:\/\/zsp12.gliwice.pl\/pm7\/blog\/author\/kszymanek\/\" rel=\"author\">kszymanek<\/a><\/span><\/div><\/div>\t\t\t<\/div>\n\t\t<\/div>\n\t\t\t\t<div class=\"col-md-3 col-sm-3\">\n\t\t\t<div class=\"item-post post-11820 post type-post status-publish format-standard has-post-thumbnail hentry category-archiwum-pm7 category-informacje\">\n\t\t\t\t<div class=\"article-image\"><a class=\"img-post-mobile\" href=\"https:\/\/zsp12.gliwice.pl\/pm7\/blog\/2023\/05\/10\/przedszkole-zbiorcze-lipiec-2023\/\"><img decoding=\"async\" src=\"https:\/\/zsp12.gliwice.pl\/pm7\/wp-content\/uploads\/sites\/7\/2023\/05\/Projekt-bez-nazwy-1-1024x726.png\" alt= \"Przedszkole zbiorcze &#8211; LIPIEC 2023\" title = \"Przedszkole zbiorcze &#8211; LIPIEC 2023\" \/><\/a><a class=\"img-post\" href=\"https:\/\/zsp12.gliwice.pl\/pm7\/blog\/2023\/05\/10\/przedszkole-zbiorcze-lipiec-2023\/\"><img decoding=\"async\" src=\"https:\/\/zsp12.gliwice.pl\/pm7\/wp-content\/uploads\/sites\/7\/2023\/05\/Projekt-bez-nazwy-1-150x150.png\" alt= \"Przedszkole zbiorcze &#8211; LIPIEC 2023\" title = \"Przedszkole zbiorcze &#8211; LIPIEC 2023\" \/><\/a><\/div><div class=\"article-title-wrapper\"><h5><a href=\"https:\/\/zsp12.gliwice.pl\/pm7\/blog\/2023\/05\/10\/przedszkole-zbiorcze-lipiec-2023\/\" class=\"article-title\">Przedszkole zbiorcze &#8211; LIPIEC 2023<\/a><\/h5><div class=\"article-meta\"><span class=\"entry-date\">10 maja 2023<\/span><span class=\"author vcard\">by <a href=\"https:\/\/zsp12.gliwice.pl\/pm7\/blog\/author\/kszymanek\/\" rel=\"author\">kszymanek<\/a><\/span><\/div><\/div>\t\t\t<\/div>\n\t\t<\/div>\n\t\t\t\t<div class=\"col-md-3 col-sm-3\">\n\t\t\t<div class=\"item-post post-11878 post type-post status-publish format-standard has-post-thumbnail hentry category-archiwum-pm7 category-informacje\">\n\t\t\t\t<div class=\"article-image\"><a class=\"img-post-mobile\" href=\"https:\/\/zsp12.gliwice.pl\/pm7\/blog\/2023\/05\/08\/zapisy-do-klasy-i-na-rok-szkolny-2023-2024\/\"><img decoding=\"async\" src=\"https:\/\/zsp12.gliwice.pl\/pm7\/wp-content\/uploads\/sites\/7\/2023\/05\/rekrutacja-SP15-2023-724x1024.jpg\" alt= \"Zapisy do klasy I na rok szkolny 2023\/2024\" title = \"Zapisy do klasy I na rok szkolny 2023\/2024\" \/><\/a><a class=\"img-post\" href=\"https:\/\/zsp12.gliwice.pl\/pm7\/blog\/2023\/05\/08\/zapisy-do-klasy-i-na-rok-szkolny-2023-2024\/\"><img decoding=\"async\" src=\"https:\/\/zsp12.gliwice.pl\/pm7\/wp-content\/uploads\/sites\/7\/2023\/05\/rekrutacja-SP15-2023-150x150.jpg\" alt= \"Zapisy do klasy I na rok szkolny 2023\/2024\" title = \"Zapisy do klasy I na rok szkolny 2023\/2024\" \/><\/a><\/div><div class=\"article-title-wrapper\"><h5><a href=\"https:\/\/zsp12.gliwice.pl\/pm7\/blog\/2023\/05\/08\/zapisy-do-klasy-i-na-rok-szkolny-2023-2024\/\" class=\"article-title\">Zapisy do klasy I na rok szkolny 2023\/2024<\/a><\/h5><div class=\"article-meta\"><span class=\"entry-date\">8 maja 2023<\/span><span class=\"author vcard\">by <a href=\"https:\/\/zsp12.gliwice.pl\/pm7\/blog\/author\/kszymanek\/\" rel=\"author\">kszymanek<\/a><\/span><\/div><\/div>\t\t\t<\/div>\n\t\t<\/div>\n\t\t\t\t<div class=\"col-md-3 col-sm-3\">\n\t\t\t<div class=\"item-post post-11195 post type-post status-publish format-standard has-post-thumbnail hentry category-archiwum-pm7 category-informacje\">\n\t\t\t\t<div class=\"article-image\"><a class=\"img-post-mobile\" href=\"https:\/\/zsp12.gliwice.pl\/pm7\/blog\/2023\/04\/04\/radosnych-swiat-2\/\"><img decoding=\"async\" src=\"https:\/\/zsp12.gliwice.pl\/pm7\/wp-content\/uploads\/sites\/7\/2023\/03\/Jaj-przepieknie-malowanych-Swiat-slonecznie-rozesmianych-W-poniedzialek-duzo-wody-Zdrowia-szczescia-oraz-zgody-Copy-1024x1024.jpg\" alt= \"Radosnych \u015awi\u0105t!\" title = \"Radosnych \u015awi\u0105t!\" \/><\/a><a class=\"img-post\" href=\"https:\/\/zsp12.gliwice.pl\/pm7\/blog\/2023\/04\/04\/radosnych-swiat-2\/\"><img decoding=\"async\" src=\"https:\/\/zsp12.gliwice.pl\/pm7\/wp-content\/uploads\/sites\/7\/2023\/03\/Jaj-przepieknie-malowanych-Swiat-slonecznie-rozesmianych-W-poniedzialek-duzo-wody-Zdrowia-szczescia-oraz-zgody-Copy-150x150.jpg\" alt= \"Radosnych \u015awi\u0105t!\" title = \"Radosnych \u015awi\u0105t!\" \/><\/a><\/div><div class=\"article-title-wrapper\"><h5><a href=\"https:\/\/zsp12.gliwice.pl\/pm7\/blog\/2023\/04\/04\/radosnych-swiat-2\/\" class=\"article-title\">Radosnych \u015awi\u0105t!<\/a><\/h5><div class=\"article-meta\"><span class=\"entry-date\">4 kwietnia 2023<\/span><span class=\"author vcard\">by <a href=\"https:\/\/zsp12.gliwice.pl\/pm7\/blog\/author\/kszymanek\/\" rel=\"author\">kszymanek<\/a><\/span><\/div><\/div>\t\t\t<\/div>\n\t\t<\/div>\n\t\t\t\t<div class=\"col-md-3 col-sm-3\">\n\t\t\t<div class=\"item-post post-11011 post type-post status-publish format-standard has-post-thumbnail hentry category-archiwum-pm7 category-informacje\">\n\t\t\t\t<div class=\"article-image\"><a class=\"img-post-mobile\" href=\"https:\/\/zsp12.gliwice.pl\/pm7\/blog\/2023\/04\/02\/2-kwietnia-swiatowy-dzien-swiadomosci-autyzmu-dzien-wiedzy-o-autyzmie\/\"><img decoding=\"async\" src=\"https:\/\/zsp12.gliwice.pl\/pm7\/wp-content\/uploads\/sites\/7\/2023\/03\/Projekt-bez-tytulu-24-1024x707.png\" alt= \"2 kwietnia \u2013 \u015aWIATOWY DZIE\u0143 \u015aWIADOMO\u015aCI AUTYZMU \u2013 DZIE\u0143 WIEDZY O AUTYZMIE\" title = \"2 kwietnia \u2013 \u015aWIATOWY DZIE\u0143 \u015aWIADOMO\u015aCI AUTYZMU \u2013 DZIE\u0143 WIEDZY O AUTYZMIE\" \/><\/a><a class=\"img-post\" href=\"https:\/\/zsp12.gliwice.pl\/pm7\/blog\/2023\/04\/02\/2-kwietnia-swiatowy-dzien-swiadomosci-autyzmu-dzien-wiedzy-o-autyzmie\/\"><img decoding=\"async\" src=\"https:\/\/zsp12.gliwice.pl\/pm7\/wp-content\/uploads\/sites\/7\/2023\/03\/Projekt-bez-tytulu-24-150x150.png\" alt= \"2 kwietnia \u2013 \u015aWIATOWY DZIE\u0143 \u015aWIADOMO\u015aCI AUTYZMU \u2013 DZIE\u0143 WIEDZY O AUTYZMIE\" title = \"2 kwietnia \u2013 \u015aWIATOWY DZIE\u0143 \u015aWIADOMO\u015aCI AUTYZMU \u2013 DZIE\u0143 WIEDZY O AUTYZMIE\" \/><\/a><\/div><div class=\"article-title-wrapper\"><h5><a href=\"https:\/\/zsp12.gliwice.pl\/pm7\/blog\/2023\/04\/02\/2-kwietnia-swiatowy-dzien-swiadomosci-autyzmu-dzien-wiedzy-o-autyzmie\/\" class=\"article-title\">2 kwietnia \u2013 \u015aWIATOWY DZIE\u0143 \u015aWIADOMO\u015aCI AUTYZMU \u2013 DZIE\u0143 WIEDZY O AUTYZMIE<\/a><\/h5><div class=\"article-meta\"><span class=\"entry-date\">2 kwietnia 2023<\/span><span class=\"author vcard\">by <a href=\"https:\/\/zsp12.gliwice.pl\/pm7\/blog\/author\/kszymanek\/\" rel=\"author\">kszymanek<\/a><\/span><\/div><\/div>\t\t\t<\/div>\n\t\t<\/div>\n\t\t\t\t<div class=\"col-md-3 col-sm-3\">\n\t\t\t<div class=\"item-post post-11186 post type-post status-publish format-standard has-post-thumbnail hentry category-archiwum-pm7 category-informacje\">\n\t\t\t\t<div class=\"article-image\"><a class=\"img-post-mobile\" href=\"https:\/\/zsp12.gliwice.pl\/pm7\/blog\/2023\/03\/27\/dni-otwarte-w-zsp12\/\"><img decoding=\"async\" src=\"https:\/\/zsp12.gliwice.pl\/pm7\/wp-content\/uploads\/sites\/7\/2023\/03\/20230325_093949-Copy-1024x768.jpg\" alt= \"Dni Otwarte w ZSP12\" title = \"Dni Otwarte w ZSP12\" \/><\/a><a class=\"img-post\" href=\"https:\/\/zsp12.gliwice.pl\/pm7\/blog\/2023\/03\/27\/dni-otwarte-w-zsp12\/\"><img decoding=\"async\" src=\"https:\/\/zsp12.gliwice.pl\/pm7\/wp-content\/uploads\/sites\/7\/2023\/03\/20230325_093949-Copy-150x150.jpg\" alt= \"Dni Otwarte w ZSP12\" title = \"Dni Otwarte w ZSP12\" \/><\/a><\/div><div class=\"article-title-wrapper\"><h5><a href=\"https:\/\/zsp12.gliwice.pl\/pm7\/blog\/2023\/03\/27\/dni-otwarte-w-zsp12\/\" class=\"article-title\">Dni Otwarte w ZSP12<\/a><\/h5><div class=\"article-meta\"><span class=\"entry-date\">27 marca 2023<\/span><span class=\"author vcard\">by <a href=\"https:\/\/zsp12.gliwice.pl\/pm7\/blog\/author\/kszymanek\/\" rel=\"author\">kszymanek<\/a><\/span><\/div><\/div>\t\t\t<\/div>\n\t\t<\/div>\n\t\t\t\t<div class=\"col-md-3 col-sm-3\">\n\t\t\t<div class=\"item-post post-10999 post type-post status-publish format-standard has-post-thumbnail hentry category-archiwum-pm7 category-informacje\">\n\t\t\t\t<div class=\"article-image\"><a class=\"img-post-mobile\" href=\"https:\/\/zsp12.gliwice.pl\/pm7\/blog\/2023\/03\/22\/rozwiazanie-konkursu-wioska-leprikonow\/\"><img decoding=\"async\" src=\"https:\/\/zsp12.gliwice.pl\/pm7\/wp-content\/uploads\/sites\/7\/2023\/03\/20230322_105745-Copy-1024x768.jpg\" alt= \"Rozwi\u0105zanie konkursu &#8220;Wioska Leprikon\u00f3w&#8221;\" title = \"Rozwi\u0105zanie konkursu &#8220;Wioska Leprikon\u00f3w&#8221;\" \/><\/a><a class=\"img-post\" href=\"https:\/\/zsp12.gliwice.pl\/pm7\/blog\/2023\/03\/22\/rozwiazanie-konkursu-wioska-leprikonow\/\"><img decoding=\"async\" src=\"https:\/\/zsp12.gliwice.pl\/pm7\/wp-content\/uploads\/sites\/7\/2023\/03\/20230322_105745-Copy-e1679515125649-150x150.jpg\" alt= \"Rozwi\u0105zanie konkursu &#8220;Wioska Leprikon\u00f3w&#8221;\" title = \"Rozwi\u0105zanie konkursu &#8220;Wioska Leprikon\u00f3w&#8221;\" \/><\/a><\/div><div class=\"article-title-wrapper\"><h5><a href=\"https:\/\/zsp12.gliwice.pl\/pm7\/blog\/2023\/03\/22\/rozwiazanie-konkursu-wioska-leprikonow\/\" class=\"article-title\">Rozwi\u0105zanie konkursu &#8220;Wioska Leprikon\u00f3w&#8221;<\/a><\/h5><div class=\"article-meta\"><span class=\"entry-date\">22 marca 2023<\/span><span class=\"author vcard\">by <a href=\"https:\/\/zsp12.gliwice.pl\/pm7\/blog\/author\/kszymanek\/\" rel=\"author\">kszymanek<\/a><\/span><\/div><\/div>\t\t\t<\/div>\n\t\t<\/div>\n\t\t\t\t<div class=\"col-md-3 col-sm-3\">\n\t\t\t<div class=\"item-post post-10876 post type-post status-publish format-standard has-post-thumbnail hentry category-archiwum-pm7 category-informacje\">\n\t\t\t\t<div class=\"article-image\"><a class=\"img-post-mobile\" href=\"https:\/\/zsp12.gliwice.pl\/pm7\/blog\/2023\/03\/19\/dni-otwarte-25-03\/\"><img decoding=\"async\" src=\"https:\/\/zsp12.gliwice.pl\/pm7\/wp-content\/uploads\/sites\/7\/2023\/03\/Zespol-Szkolno-\u2013-Przedszkolny-nr-12-44-102-Gliwice-ul.-Lipowa-29-NIP-631-\u2013-26-\u2013-72-\u2013-422-REGON-367338230-tel.-32-279-98-55_-fax-32-231-17-45-sekretariat@zsp12.gliwice.eu-1-Copy-724x1024.jpg\" alt= \"DNI OTWARTE &#8211; 25.03\" title = \"DNI OTWARTE &#8211; 25.03\" \/><\/a><a class=\"img-post\" href=\"https:\/\/zsp12.gliwice.pl\/pm7\/blog\/2023\/03\/19\/dni-otwarte-25-03\/\"><img decoding=\"async\" src=\"https:\/\/zsp12.gliwice.pl\/pm7\/wp-content\/uploads\/sites\/7\/2023\/03\/Zespol-Szkolno-\u2013-Przedszkolny-nr-12-44-102-Gliwice-ul.-Lipowa-29-NIP-631-\u2013-26-\u2013-72-\u2013-422-REGON-367338230-tel.-32-279-98-55_-fax-32-231-17-45-sekretariat@zsp12.gliwice.eu-1-Copy-150x150.jpg\" alt= \"DNI OTWARTE &#8211; 25.03\" title = \"DNI OTWARTE &#8211; 25.03\" \/><\/a><\/div><div class=\"article-title-wrapper\"><h5><a href=\"https:\/\/zsp12.gliwice.pl\/pm7\/blog\/2023\/03\/19\/dni-otwarte-25-03\/\" class=\"article-title\">DNI OTWARTE &#8211; 25.03<\/a><\/h5><div class=\"article-meta\"><span class=\"entry-date\">19 marca 2023<\/span><span class=\"author vcard\">by <a href=\"https:\/\/zsp12.gliwice.pl\/pm7\/blog\/author\/kszymanek\/\" rel=\"author\">kszymanek<\/a><\/span><\/div><\/div>\t\t\t<\/div>\n\t\t<\/div>\n\t\t\t\t<div class=\"col-md-3 col-sm-3\">\n\t\t\t<div class=\"item-post post-10780 post type-post status-publish format-standard has-post-thumbnail hentry category-archiwum-pm7 category-informacje\">\n\t\t\t\t<div class=\"article-image\"><a class=\"img-post-mobile\" href=\"https:\/\/zsp12.gliwice.pl\/pm7\/blog\/2023\/03\/10\/rekrutacja-do-pm7\/\"><img decoding=\"async\" src=\"https:\/\/zsp12.gliwice.pl\/pm7\/wp-content\/uploads\/sites\/7\/2023\/03\/1_Easy-Resize.com_-1024x1024.jpg\" alt= \"REKRUTACJA DO PM7\" title = \"REKRUTACJA DO PM7\" \/><\/a><a class=\"img-post\" href=\"https:\/\/zsp12.gliwice.pl\/pm7\/blog\/2023\/03\/10\/rekrutacja-do-pm7\/\"><img decoding=\"async\" src=\"https:\/\/zsp12.gliwice.pl\/pm7\/wp-content\/uploads\/sites\/7\/2023\/03\/1_Easy-Resize.com_-150x150.jpg\" alt= \"REKRUTACJA DO PM7\" title = \"REKRUTACJA DO PM7\" \/><\/a><\/div><div class=\"article-title-wrapper\"><h5><a href=\"https:\/\/zsp12.gliwice.pl\/pm7\/blog\/2023\/03\/10\/rekrutacja-do-pm7\/\" class=\"article-title\">REKRUTACJA DO PM7<\/a><\/h5><div class=\"article-meta\"><span class=\"entry-date\">10 marca 2023<\/span><span class=\"author vcard\">by <a href=\"https:\/\/zsp12.gliwice.pl\/pm7\/blog\/author\/kszymanek\/\" rel=\"author\">kszymanek<\/a><\/span><\/div><\/div>\t\t\t<\/div>\n\t\t<\/div>\n\t\t\t\t<div class=\"col-md-3 col-sm-3\">\n\t\t\t<div class=\"item-post post-10716 post type-post status-publish format-standard has-post-thumbnail hentry category-archiwum-pm7 category-informacje\">\n\t\t\t\t<div class=\"article-image\"><a class=\"img-post-mobile\" href=\"https:\/\/zsp12.gliwice.pl\/pm7\/blog\/2023\/03\/03\/europejski-dzien-logopedy-2\/\"><img decoding=\"async\" src=\"https:\/\/zsp12.gliwice.pl\/pm7\/wp-content\/uploads\/sites\/7\/2023\/03\/Therapy-Instagram-Post-Template-1024x1024.png\" alt= \"Europejski Dzie\u0144 Logopedy\" title = \"Europejski Dzie\u0144 Logopedy\" \/><\/a><a class=\"img-post\" href=\"https:\/\/zsp12.gliwice.pl\/pm7\/blog\/2023\/03\/03\/europejski-dzien-logopedy-2\/\"><img decoding=\"async\" src=\"https:\/\/zsp12.gliwice.pl\/pm7\/wp-content\/uploads\/sites\/7\/2023\/03\/Therapy-Instagram-Post-Template-150x150.png\" alt= \"Europejski Dzie\u0144 Logopedy\" title = \"Europejski Dzie\u0144 Logopedy\" \/><\/a><\/div><div class=\"article-title-wrapper\"><h5><a href=\"https:\/\/zsp12.gliwice.pl\/pm7\/blog\/2023\/03\/03\/europejski-dzien-logopedy-2\/\" class=\"article-title\">Europejski Dzie\u0144 Logopedy<\/a><\/h5><div class=\"article-meta\"><span class=\"entry-date\">3 marca 2023<\/span><span class=\"author vcard\">by <a href=\"https:\/\/zsp12.gliwice.pl\/pm7\/blog\/author\/kszymanek\/\" rel=\"author\">kszymanek<\/a><\/span><\/div><\/div>\t\t\t<\/div>\n\t\t<\/div>\n\t\t\t\t<div class=\"col-md-3 col-sm-3\">\n\t\t\t<div class=\"item-post post-10176 post type-post status-publish format-standard has-post-thumbnail hentry category-archiwum-pm7 category-informacje\">\n\t\t\t\t<div class=\"article-image\"><a class=\"img-post-mobile\" href=\"https:\/\/zsp12.gliwice.pl\/pm7\/blog\/2022\/12\/20\/wesolych-swiat-2\/\"><img decoding=\"async\" src=\"https:\/\/zsp12.gliwice.pl\/pm7\/wp-content\/uploads\/sites\/7\/2022\/12\/wesolych-Swiat-1024x576.jpg\" alt= \"Weso\u0142ych \u015awi\u0105t\" title = \"Weso\u0142ych \u015awi\u0105t\" \/><\/a><a class=\"img-post\" href=\"https:\/\/zsp12.gliwice.pl\/pm7\/blog\/2022\/12\/20\/wesolych-swiat-2\/\"><img decoding=\"async\" src=\"https:\/\/zsp12.gliwice.pl\/pm7\/wp-content\/uploads\/sites\/7\/2022\/12\/wesolych-Swiat-150x150.jpg\" alt= \"Weso\u0142ych \u015awi\u0105t\" title = \"Weso\u0142ych \u015awi\u0105t\" \/><\/a><\/div><div class=\"article-title-wrapper\"><h5><a href=\"https:\/\/zsp12.gliwice.pl\/pm7\/blog\/2022\/12\/20\/wesolych-swiat-2\/\" class=\"article-title\">Weso\u0142ych \u015awi\u0105t<\/a><\/h5><div class=\"article-meta\"><span class=\"entry-date\">20 grudnia 2022<\/span><span class=\"author vcard\">by <a href=\"https:\/\/zsp12.gliwice.pl\/pm7\/blog\/author\/kszymanek\/\" rel=\"author\">kszymanek<\/a><\/span><\/div><\/div>\t\t\t<\/div>\n\t\t<\/div>\n\t\t\t\t<div class=\"col-md-3 col-sm-3\">\n\t\t\t<div class=\"item-post post-10093 post type-post status-publish format-standard has-post-thumbnail hentry category-archiwum-pm7 category-informacje\">\n\t\t\t\t<div class=\"article-image\"><a class=\"img-post-mobile\" href=\"https:\/\/zsp12.gliwice.pl\/pm7\/blog\/2022\/12\/14\/szkola-mycia-rak-elli-i-maxa-projekt-edukacyjny-lekcjahigieny-wirusoochrona\/\"><img decoding=\"async\" src=\"https:\/\/zsp12.gliwice.pl\/pm7\/wp-content\/uploads\/sites\/7\/2022\/12\/20221214_091830-Copy-768x1024.jpg\" alt= \"Szko\u0142a mycia rak Elli i Maxa &#8211; projekt edukacyjny #lekcjaHigieny #Wirusoochrona\" title = \"Szko\u0142a mycia rak Elli i Maxa &#8211; projekt edukacyjny #lekcjaHigieny #Wirusoochrona\" \/><\/a><a class=\"img-post\" href=\"https:\/\/zsp12.gliwice.pl\/pm7\/blog\/2022\/12\/14\/szkola-mycia-rak-elli-i-maxa-projekt-edukacyjny-lekcjahigieny-wirusoochrona\/\"><img decoding=\"async\" src=\"https:\/\/zsp12.gliwice.pl\/pm7\/wp-content\/uploads\/sites\/7\/2022\/12\/20221214_091830-Copy-e1671038669348-150x150.jpg\" alt= \"Szko\u0142a mycia rak Elli i Maxa &#8211; projekt edukacyjny #lekcjaHigieny #Wirusoochrona\" title = \"Szko\u0142a mycia rak Elli i Maxa &#8211; projekt edukacyjny #lekcjaHigieny #Wirusoochrona\" \/><\/a><\/div><div class=\"article-title-wrapper\"><h5><a href=\"https:\/\/zsp12.gliwice.pl\/pm7\/blog\/2022\/12\/14\/szkola-mycia-rak-elli-i-maxa-projekt-edukacyjny-lekcjahigieny-wirusoochrona\/\" class=\"article-title\">Szko\u0142a mycia rak Elli i Maxa &#8211; projekt edukacyjny #lekcjaHigieny #Wirusoochrona<\/a><\/h5><div class=\"article-meta\"><span class=\"entry-date\">14 grudnia 2022<\/span><span class=\"author vcard\">by <a href=\"https:\/\/zsp12.gliwice.pl\/pm7\/blog\/author\/kszymanek\/\" rel=\"author\">kszymanek<\/a><\/span><\/div><\/div>\t\t\t<\/div>\n\t\t<\/div>\n\t\t\t\t<div class=\"col-md-3 col-sm-3\">\n\t\t\t<div class=\"item-post post-9692 post type-post status-publish format-standard has-post-thumbnail hentry category-archiwum-pm7 category-informacje\">\n\t\t\t\t<div class=\"article-image\"><a class=\"img-post-mobile\" href=\"https:\/\/zsp12.gliwice.pl\/pm7\/blog\/2022\/11\/18\/mikolajki-z-robotami-kiermasz-swiateczny\/\"><img decoding=\"async\" src=\"https:\/\/zsp12.gliwice.pl\/pm7\/wp-content\/uploads\/sites\/7\/2022\/11\/mikolajki_plakat_2022_Easy-Resize.com_-723x1024.jpg\" alt= \"Miko\u0142ajki z robotami \u2013 Kiermasz \u015awi\u0105teczny\" title = \"Miko\u0142ajki z robotami \u2013 Kiermasz \u015awi\u0105teczny\" \/><\/a><a class=\"img-post\" href=\"https:\/\/zsp12.gliwice.pl\/pm7\/blog\/2022\/11\/18\/mikolajki-z-robotami-kiermasz-swiateczny\/\"><img decoding=\"async\" src=\"https:\/\/zsp12.gliwice.pl\/pm7\/wp-content\/uploads\/sites\/7\/2022\/11\/mikolajki_plakat_2022_Easy-Resize.com_-150x150.jpg\" alt= \"Miko\u0142ajki z robotami \u2013 Kiermasz \u015awi\u0105teczny\" title = \"Miko\u0142ajki z robotami \u2013 Kiermasz \u015awi\u0105teczny\" \/><\/a><\/div><div class=\"article-title-wrapper\"><h5><a href=\"https:\/\/zsp12.gliwice.pl\/pm7\/blog\/2022\/11\/18\/mikolajki-z-robotami-kiermasz-swiateczny\/\" class=\"article-title\">Miko\u0142ajki z robotami \u2013 Kiermasz \u015awi\u0105teczny<\/a><\/h5><div class=\"article-meta\"><span class=\"entry-date\">18 listopada 2022<\/span><span class=\"author vcard\">by <a href=\"https:\/\/zsp12.gliwice.pl\/pm7\/blog\/author\/kszymanek\/\" rel=\"author\">kszymanek<\/a><\/span><\/div><\/div>\t\t\t<\/div>\n\t\t<\/div>\n\t\t\t\t<div class=\"col-md-3 col-sm-3\">\n\t\t\t<div class=\"item-post post-9689 post type-post status-publish format-standard has-post-thumbnail hentry category-archiwum-pm7 category-informacje\">\n\t\t\t\t<div class=\"article-image\"><a class=\"img-post-mobile\" href=\"https:\/\/zsp12.gliwice.pl\/pm7\/blog\/2022\/11\/15\/podaj-lape-zbiorka-darow-dla-gliwickiego-schroniska-dla-zwierzat\/\"><img decoding=\"async\" src=\"https:\/\/zsp12.gliwice.pl\/pm7\/wp-content\/uploads\/sites\/7\/2022\/11\/Podaj-lape-4-1-724x1024.jpg\" alt= \"Podaj \u0142ap\u0119 &#8211; zbi\u00f3rka dar\u00f3w dla Gliwickiego Schroniska dla Zwierz\u0105t\" title = \"Podaj \u0142ap\u0119 &#8211; zbi\u00f3rka dar\u00f3w dla Gliwickiego Schroniska dla Zwierz\u0105t\" \/><\/a><a class=\"img-post\" href=\"https:\/\/zsp12.gliwice.pl\/pm7\/blog\/2022\/11\/15\/podaj-lape-zbiorka-darow-dla-gliwickiego-schroniska-dla-zwierzat\/\"><img decoding=\"async\" src=\"https:\/\/zsp12.gliwice.pl\/pm7\/wp-content\/uploads\/sites\/7\/2022\/11\/Podaj-lape-4-1-150x150.jpg\" alt= \"Podaj \u0142ap\u0119 &#8211; zbi\u00f3rka dar\u00f3w dla Gliwickiego Schroniska dla Zwierz\u0105t\" title = \"Podaj \u0142ap\u0119 &#8211; zbi\u00f3rka dar\u00f3w dla Gliwickiego Schroniska dla Zwierz\u0105t\" \/><\/a><\/div><div class=\"article-title-wrapper\"><h5><a href=\"https:\/\/zsp12.gliwice.pl\/pm7\/blog\/2022\/11\/15\/podaj-lape-zbiorka-darow-dla-gliwickiego-schroniska-dla-zwierzat\/\" class=\"article-title\">Podaj \u0142ap\u0119 &#8211; zbi\u00f3rka dar\u00f3w dla Gliwickiego Schroniska dla Zwierz\u0105t<\/a><\/h5><div class=\"article-meta\"><span class=\"entry-date\">15 listopada 2022<\/span><span class=\"author vcard\">by <a href=\"https:\/\/zsp12.gliwice.pl\/pm7\/blog\/author\/kszymanek\/\" rel=\"author\">kszymanek<\/a><\/span><\/div><\/div>\t\t\t<\/div>\n\t\t<\/div>\n\t\t\t\t<div class=\"col-md-3 col-sm-3\">\n\t\t\t<div class=\"item-post post-9499 post type-post status-publish format-standard has-post-thumbnail hentry category-archiwum-pm7 category-informacje\">\n\t\t\t\t<div class=\"article-image\"><a class=\"img-post-mobile\" href=\"https:\/\/zsp12.gliwice.pl\/pm7\/blog\/2022\/10\/26\/gliwicki-tygiel-kultur-i-smakow-2022\/\"><img decoding=\"async\" src=\"https:\/\/zsp12.gliwice.pl\/pm7\/wp-content\/uploads\/sites\/7\/2022\/10\/plakat_tygiel_2022_jpg-Copy-724x1024.jpg\" alt= \"Gliwicki Tygiel Kultur i Smak\u00f3w 2022\" title = \"Gliwicki Tygiel Kultur i Smak\u00f3w 2022\" \/><\/a><a class=\"img-post\" href=\"https:\/\/zsp12.gliwice.pl\/pm7\/blog\/2022\/10\/26\/gliwicki-tygiel-kultur-i-smakow-2022\/\"><img decoding=\"async\" src=\"https:\/\/zsp12.gliwice.pl\/pm7\/wp-content\/uploads\/sites\/7\/2022\/10\/plakat_tygiel_2022_jpg-Copy-150x150.jpg\" alt= \"Gliwicki Tygiel Kultur i Smak\u00f3w 2022\" title = \"Gliwicki Tygiel Kultur i Smak\u00f3w 2022\" \/><\/a><\/div><div class=\"article-title-wrapper\"><h5><a href=\"https:\/\/zsp12.gliwice.pl\/pm7\/blog\/2022\/10\/26\/gliwicki-tygiel-kultur-i-smakow-2022\/\" class=\"article-title\">Gliwicki Tygiel Kultur i Smak\u00f3w 2022<\/a><\/h5><div class=\"article-meta\"><span class=\"entry-date\">26 pa\u017adziernika 2022<\/span><span class=\"author vcard\">by <a href=\"https:\/\/zsp12.gliwice.pl\/pm7\/blog\/author\/kszymanek\/\" rel=\"author\">kszymanek<\/a><\/span><\/div><\/div>\t\t\t<\/div>\n\t\t<\/div>\n\t\t\t\t<div class=\"col-md-3 col-sm-3\">\n\t\t\t<div class=\"item-post post-9370 post type-post status-publish format-standard has-post-thumbnail hentry category-archiwum-pm7 category-informacje\">\n\t\t\t\t<div class=\"article-image\"><a class=\"img-post-mobile\" href=\"https:\/\/zsp12.gliwice.pl\/pm7\/blog\/2022\/10\/17\/zdobywcy-przystepuja-do-ogolnopolskiego-projektu-edukacyjnego-zabawa-sztuka\/\"><img decoding=\"async\" src=\"https:\/\/zsp12.gliwice.pl\/pm7\/wp-content\/uploads\/sites\/7\/2022\/10\/rsz_ope_zabawa_sztuka.png\" alt= \"Zdobywcy przyst\u0119puj\u0105 do Og\u00f3lnopolskiego Projektu Edukacyjnego \u201eZabawa sztuk\u0105\u201d\" title = \"Zdobywcy przyst\u0119puj\u0105 do Og\u00f3lnopolskiego Projektu Edukacyjnego \u201eZabawa sztuk\u0105\u201d\" \/><\/a><a class=\"img-post\" href=\"https:\/\/zsp12.gliwice.pl\/pm7\/blog\/2022\/10\/17\/zdobywcy-przystepuja-do-ogolnopolskiego-projektu-edukacyjnego-zabawa-sztuka\/\"><img decoding=\"async\" src=\"https:\/\/zsp12.gliwice.pl\/pm7\/wp-content\/uploads\/sites\/7\/2022\/10\/rsz_ope_zabawa_sztuka-150x150.png\" alt= \"Zdobywcy przyst\u0119puj\u0105 do Og\u00f3lnopolskiego Projektu Edukacyjnego \u201eZabawa sztuk\u0105\u201d\" title = \"Zdobywcy przyst\u0119puj\u0105 do Og\u00f3lnopolskiego Projektu Edukacyjnego \u201eZabawa sztuk\u0105\u201d\" \/><\/a><\/div><div class=\"article-title-wrapper\"><h5><a href=\"https:\/\/zsp12.gliwice.pl\/pm7\/blog\/2022\/10\/17\/zdobywcy-przystepuja-do-ogolnopolskiego-projektu-edukacyjnego-zabawa-sztuka\/\" class=\"article-title\">Zdobywcy przyst\u0119puj\u0105 do Og\u00f3lnopolskiego Projektu Edukacyjnego \u201eZabawa sztuk\u0105\u201d<\/a><\/h5><div class=\"article-meta\"><span class=\"entry-date\">17 pa\u017adziernika 2022<\/span><span class=\"author vcard\">by <a href=\"https:\/\/zsp12.gliwice.pl\/pm7\/blog\/author\/kszymanek\/\" rel=\"author\">kszymanek<\/a><\/span><\/div><\/div>\t\t\t<\/div>\n\t\t<\/div>\n\t\t\t\t<div class=\"col-md-3 col-sm-3\">\n\t\t\t<div class=\"item-post post-9327 post type-post status-publish format-standard has-post-thumbnail hentry category-archiwum-pm7 category-informacje\">\n\t\t\t\t<div class=\"article-image\"><a class=\"img-post-mobile\" href=\"https:\/\/zsp12.gliwice.pl\/pm7\/blog\/2022\/10\/14\/den\/\"><img decoding=\"async\" src=\"https:\/\/zsp12.gliwice.pl\/pm7\/wp-content\/uploads\/sites\/7\/2022\/10\/1-721x1024.jpg\" alt= \"Dzie\u0144 Edukacji Narodowej\" title = \"Dzie\u0144 Edukacji Narodowej\" \/><\/a><a class=\"img-post\" href=\"https:\/\/zsp12.gliwice.pl\/pm7\/blog\/2022\/10\/14\/den\/\"><img decoding=\"async\" src=\"https:\/\/zsp12.gliwice.pl\/pm7\/wp-content\/uploads\/sites\/7\/2022\/10\/1-150x150.jpg\" alt= \"Dzie\u0144 Edukacji Narodowej\" title = \"Dzie\u0144 Edukacji Narodowej\" \/><\/a><\/div><div class=\"article-title-wrapper\"><h5><a href=\"https:\/\/zsp12.gliwice.pl\/pm7\/blog\/2022\/10\/14\/den\/\" class=\"article-title\">Dzie\u0144 Edukacji Narodowej<\/a><\/h5><div class=\"article-meta\"><span class=\"entry-date\">14 pa\u017adziernika 2022<\/span><span class=\"author vcard\">by <a href=\"https:\/\/zsp12.gliwice.pl\/pm7\/blog\/author\/kszymanek\/\" rel=\"author\">kszymanek<\/a><\/span><\/div><\/div>\t\t\t<\/div>\n\t\t<\/div>\n\t\t\t\t<div class=\"col-md-3 col-sm-3\">\n\t\t\t<div class=\"item-post post-8980 post type-post status-publish format-standard has-post-thumbnail hentry category-archiwum-pm7 category-informacje\">\n\t\t\t\t<div class=\"article-image\"><a class=\"img-post-mobile\" href=\"https:\/\/zsp12.gliwice.pl\/pm7\/blog\/2022\/09\/26\/wyniki-konkursu-z-okazji-europejskiego-dnia-jezykow-obcych\/\"><img decoding=\"async\" src=\"https:\/\/zsp12.gliwice.pl\/pm7\/wp-content\/uploads\/sites\/7\/2022\/09\/20220926_091237-Copy-1024x768.jpg\" alt= \"Wyniki konkursu z okazji Europejskiego Dnia J\u0119zyk\u00f3w Obcych\" title = \"Wyniki konkursu z okazji Europejskiego Dnia J\u0119zyk\u00f3w Obcych\" \/><\/a><a class=\"img-post\" href=\"https:\/\/zsp12.gliwice.pl\/pm7\/blog\/2022\/09\/26\/wyniki-konkursu-z-okazji-europejskiego-dnia-jezykow-obcych\/\"><img decoding=\"async\" src=\"https:\/\/zsp12.gliwice.pl\/pm7\/wp-content\/uploads\/sites\/7\/2022\/09\/20220926_091237-Copy-150x150.jpg\" alt= \"Wyniki konkursu z okazji Europejskiego Dnia J\u0119zyk\u00f3w Obcych\" title = \"Wyniki konkursu z okazji Europejskiego Dnia J\u0119zyk\u00f3w Obcych\" \/><\/a><\/div><div class=\"article-title-wrapper\"><h5><a href=\"https:\/\/zsp12.gliwice.pl\/pm7\/blog\/2022\/09\/26\/wyniki-konkursu-z-okazji-europejskiego-dnia-jezykow-obcych\/\" class=\"article-title\">Wyniki konkursu z okazji Europejskiego Dnia J\u0119zyk\u00f3w Obcych<\/a><\/h5><div class=\"article-meta\"><span class=\"entry-date\">26 wrze\u015bnia 2022<\/span><span class=\"author vcard\">by <a href=\"https:\/\/zsp12.gliwice.pl\/pm7\/blog\/author\/kszymanek\/\" rel=\"author\">kszymanek<\/a><\/span><\/div><\/div>\t\t\t<\/div>\n\t\t<\/div>\n\t\t\t\t<div class=\"col-md-3 col-sm-3\">\n\t\t\t<div class=\"item-post post-12114 post type-post status-publish format-standard has-post-thumbnail hentry category-archiwum-pm7 category-informacje\">\n\t\t\t\t<div class=\"article-image\"><a class=\"img-post-mobile\" href=\"https:\/\/zsp12.gliwice.pl\/pm7\/blog\/2022\/09\/19\/zdobywcy-przystepuja-do-miedzynarodowego-projektu-edukacyjnego-z-kultura-mi-do-twarzy\/\"><img decoding=\"async\" src=\"https:\/\/zsp12.gliwice.pl\/pm7\/wp-content\/uploads\/sites\/7\/2023\/05\/ifx2897575b3c605f2f_eduresized_logo-zkmdt-1024x1024-1-e1685474117943.png\" alt= \"Zdobywcy i Odkrywcy przyst\u0119puj\u0105 do Mi\u0119dzynarodowego Projektu Edukacyjnego &#8220;Z kultur\u0105 mi do twarzy&#8221;\" title = \"Zdobywcy i Odkrywcy przyst\u0119puj\u0105 do Mi\u0119dzynarodowego Projektu Edukacyjnego &#8220;Z kultur\u0105 mi do twarzy&#8221;\" \/><\/a><a class=\"img-post\" href=\"https:\/\/zsp12.gliwice.pl\/pm7\/blog\/2022\/09\/19\/zdobywcy-przystepuja-do-miedzynarodowego-projektu-edukacyjnego-z-kultura-mi-do-twarzy\/\"><img decoding=\"async\" src=\"https:\/\/zsp12.gliwice.pl\/pm7\/wp-content\/uploads\/sites\/7\/2023\/05\/ifx2897575b3c605f2f_eduresized_logo-zkmdt-1024x1024-1-e1685474079262-150x150.png\" alt= \"Zdobywcy i Odkrywcy przyst\u0119puj\u0105 do Mi\u0119dzynarodowego Projektu Edukacyjnego &#8220;Z kultur\u0105 mi do twarzy&#8221;\" title = \"Zdobywcy i Odkrywcy przyst\u0119puj\u0105 do Mi\u0119dzynarodowego Projektu Edukacyjnego &#8220;Z kultur\u0105 mi do twarzy&#8221;\" \/><\/a><\/div><div class=\"article-title-wrapper\"><h5><a href=\"https:\/\/zsp12.gliwice.pl\/pm7\/blog\/2022\/09\/19\/zdobywcy-przystepuja-do-miedzynarodowego-projektu-edukacyjnego-z-kultura-mi-do-twarzy\/\" class=\"article-title\">Zdobywcy i Odkrywcy przyst\u0119puj\u0105 do Mi\u0119dzynarodowego Projektu Edukacyjnego &#8220;Z kultur\u0105 mi do twarzy&#8221;<\/a><\/h5><div class=\"article-meta\"><span class=\"entry-date\">19 wrze\u015bnia 2022<\/span><span class=\"author vcard\">by <a href=\"https:\/\/zsp12.gliwice.pl\/pm7\/blog\/author\/kszymanek\/\" rel=\"author\">kszymanek<\/a><\/span><\/div><\/div>\t\t\t<\/div>\n\t\t<\/div>\n\t\t\t\t<div class=\"col-md-3 col-sm-3\">\n\t\t\t<div class=\"item-post post-12108 post type-post status-publish format-standard has-post-thumbnail hentry category-archiwum-pm7 category-informacje\">\n\t\t\t\t<div class=\"article-image\"><a class=\"img-post-mobile\" href=\"https:\/\/zsp12.gliwice.pl\/pm7\/blog\/2022\/09\/19\/miedzynarodowy-projekt-edukacyjny-z-kultura-mi-do-twarzy-kodeks-dobrego-zachowania\/\"><img decoding=\"async\" src=\"https:\/\/zsp12.gliwice.pl\/pm7\/wp-content\/uploads\/sites\/7\/2022\/09\/1-Copy-1024x724.jpg\" alt= \"Mi\u0119dzynarodowy Projekt Edukacyjny &#8220;Z kultur\u0105 mi do twarzy&#8221; &#8211; Kodeks dobrego zachowania\" title = \"Mi\u0119dzynarodowy Projekt Edukacyjny &#8220;Z kultur\u0105 mi do twarzy&#8221; &#8211; Kodeks dobrego zachowania\" \/><\/a><a class=\"img-post\" href=\"https:\/\/zsp12.gliwice.pl\/pm7\/blog\/2022\/09\/19\/miedzynarodowy-projekt-edukacyjny-z-kultura-mi-do-twarzy-kodeks-dobrego-zachowania\/\"><img decoding=\"async\" src=\"https:\/\/zsp12.gliwice.pl\/pm7\/wp-content\/uploads\/sites\/7\/2022\/09\/1-Copy-150x150.jpg\" alt= \"Mi\u0119dzynarodowy Projekt Edukacyjny &#8220;Z kultur\u0105 mi do twarzy&#8221; &#8211; Kodeks dobrego zachowania\" title = \"Mi\u0119dzynarodowy Projekt Edukacyjny &#8220;Z kultur\u0105 mi do twarzy&#8221; &#8211; Kodeks dobrego zachowania\" \/><\/a><\/div><div class=\"article-title-wrapper\"><h5><a href=\"https:\/\/zsp12.gliwice.pl\/pm7\/blog\/2022\/09\/19\/miedzynarodowy-projekt-edukacyjny-z-kultura-mi-do-twarzy-kodeks-dobrego-zachowania\/\" class=\"article-title\">Mi\u0119dzynarodowy Projekt Edukacyjny &#8220;Z kultur\u0105 mi do twarzy&#8221; &#8211; Kodeks dobrego zachowania<\/a><\/h5><div class=\"article-meta\"><span class=\"entry-date\">19 wrze\u015bnia 2022<\/span><span class=\"author vcard\">by <a href=\"https:\/\/zsp12.gliwice.pl\/pm7\/blog\/author\/kszymanek\/\" rel=\"author\">kszymanek<\/a><\/span><\/div><\/div>\t\t\t<\/div>\n\t\t<\/div>\n\t\t\t\t<div class=\"col-md-3 col-sm-3\">\n\t\t\t<div class=\"item-post post-8965 post type-post status-publish format-standard has-post-thumbnail hentry category-archiwum-pm7 category-informacje\">\n\t\t\t\t<div class=\"article-image\"><a class=\"img-post-mobile\" href=\"https:\/\/zsp12.gliwice.pl\/pm7\/blog\/2022\/09\/19\/dzien-ziemniaka-w-zsp-12-8-10-2022\/\"><img decoding=\"async\" src=\"https:\/\/zsp12.gliwice.pl\/pm7\/wp-content\/uploads\/sites\/7\/2022\/09\/Dzien_Ziemniaka_2022_plakat-724x1024.jpg\" alt= \"Dzie\u0144 Ziemniaka w ZSP 12 \u2013 8.10.2022\" title = \"Dzie\u0144 Ziemniaka w ZSP 12 \u2013 8.10.2022\" \/><\/a><a class=\"img-post\" href=\"https:\/\/zsp12.gliwice.pl\/pm7\/blog\/2022\/09\/19\/dzien-ziemniaka-w-zsp-12-8-10-2022\/\"><img decoding=\"async\" src=\"https:\/\/zsp12.gliwice.pl\/pm7\/wp-content\/uploads\/sites\/7\/2022\/09\/Dzien_Ziemniaka_2022_plakat-150x150.jpg\" alt= \"Dzie\u0144 Ziemniaka w ZSP 12 \u2013 8.10.2022\" title = \"Dzie\u0144 Ziemniaka w ZSP 12 \u2013 8.10.2022\" \/><\/a><\/div><div class=\"article-title-wrapper\"><h5><a href=\"https:\/\/zsp12.gliwice.pl\/pm7\/blog\/2022\/09\/19\/dzien-ziemniaka-w-zsp-12-8-10-2022\/\" class=\"article-title\">Dzie\u0144 Ziemniaka w ZSP 12 \u2013 8.10.2022<\/a><\/h5><div class=\"article-meta\"><span class=\"entry-date\">19 wrze\u015bnia 2022<\/span><span class=\"author vcard\">by <a href=\"https:\/\/zsp12.gliwice.pl\/pm7\/blog\/author\/kszymanek\/\" rel=\"author\">kszymanek<\/a><\/span><\/div><\/div>\t\t\t<\/div>\n\t\t<\/div>\n\t\t\t\t<div class=\"col-md-3 col-sm-3\">\n\t\t\t<div class=\"item-post post-8871 post type-post status-publish format-standard has-post-thumbnail hentry category-archiwum-pm7 category-informacje\">\n\t\t\t\t<div class=\"article-image\"><a class=\"img-post-mobile\" href=\"https:\/\/zsp12.gliwice.pl\/pm7\/blog\/2022\/09\/19\/europejski-dzien-jezykow-obcych-konkurs-plastyczny-dla-przedszkolakow-i-rodzicow\/\"><img decoding=\"async\" src=\"https:\/\/zsp12.gliwice.pl\/pm7\/wp-content\/uploads\/sites\/7\/2022\/09\/Colorful-Hand-Drawn-Languages-Flip-Backdrop.png\" alt= \"Europejski Dzie\u0144 J\u0119zyk\u00f3w Obcych  konkurs plastyczny dla przedszkolak\u00f3w i rodzic\u00f3w\" title = \"Europejski Dzie\u0144 J\u0119zyk\u00f3w Obcych  konkurs plastyczny dla przedszkolak\u00f3w i rodzic\u00f3w\" \/><\/a><a class=\"img-post\" href=\"https:\/\/zsp12.gliwice.pl\/pm7\/blog\/2022\/09\/19\/europejski-dzien-jezykow-obcych-konkurs-plastyczny-dla-przedszkolakow-i-rodzicow\/\"><img decoding=\"async\" src=\"https:\/\/zsp12.gliwice.pl\/pm7\/wp-content\/uploads\/sites\/7\/2022\/09\/Colorful-Hand-Drawn-Languages-Flip-Backdrop-150x150.png\" alt= \"Europejski Dzie\u0144 J\u0119zyk\u00f3w Obcych  konkurs plastyczny dla przedszkolak\u00f3w i rodzic\u00f3w\" title = \"Europejski Dzie\u0144 J\u0119zyk\u00f3w Obcych  konkurs plastyczny dla przedszkolak\u00f3w i rodzic\u00f3w\" \/><\/a><\/div><div class=\"article-title-wrapper\"><h5><a href=\"https:\/\/zsp12.gliwice.pl\/pm7\/blog\/2022\/09\/19\/europejski-dzien-jezykow-obcych-konkurs-plastyczny-dla-przedszkolakow-i-rodzicow\/\" class=\"article-title\">Europejski Dzie\u0144 J\u0119zyk\u00f3w Obcych  konkurs plastyczny dla przedszkolak\u00f3w i rodzic\u00f3w<\/a><\/h5><div class=\"article-meta\"><span class=\"entry-date\">19 wrze\u015bnia 2022<\/span><span class=\"author vcard\">by <a href=\"https:\/\/zsp12.gliwice.pl\/pm7\/blog\/author\/kszymanek\/\" rel=\"author\">kszymanek<\/a><\/span><\/div><\/div>\t\t\t<\/div>\n\t\t<\/div>\n\t\t\t\t<div class=\"col-md-3 col-sm-3\">\n\t\t\t<div class=\"item-post post-8836 post type-post status-publish format-standard has-post-thumbnail hentry category-archiwum-pm7 category-informacje\">\n\t\t\t\t<div class=\"article-image\"><a class=\"img-post-mobile\" href=\"https:\/\/zsp12.gliwice.pl\/pm7\/blog\/2022\/09\/01\/witamy-w-naszym-przedszkolu\/\"><img decoding=\"async\" src=\"https:\/\/zsp12.gliwice.pl\/pm7\/wp-content\/uploads\/sites\/7\/2022\/09\/Jasny-i-Sloneczny-Powrot-Do-Szkoly-Klasa-Drzwi-Plakat-1-724x1024.png\" alt= \"Witamy w Naszym PRZEDSZKOLU!\" title = \"Witamy w Naszym PRZEDSZKOLU!\" \/><\/a><a class=\"img-post\" href=\"https:\/\/zsp12.gliwice.pl\/pm7\/blog\/2022\/09\/01\/witamy-w-naszym-przedszkolu\/\"><img decoding=\"async\" src=\"https:\/\/zsp12.gliwice.pl\/pm7\/wp-content\/uploads\/sites\/7\/2022\/09\/Jasny-i-Sloneczny-Powrot-Do-Szkoly-Klasa-Drzwi-Plakat-1-150x150.png\" alt= \"Witamy w Naszym PRZEDSZKOLU!\" title = \"Witamy w Naszym PRZEDSZKOLU!\" \/><\/a><\/div><div class=\"article-title-wrapper\"><h5><a href=\"https:\/\/zsp12.gliwice.pl\/pm7\/blog\/2022\/09\/01\/witamy-w-naszym-przedszkolu\/\" class=\"article-title\">Witamy w Naszym PRZEDSZKOLU!<\/a><\/h5><div class=\"article-meta\"><span class=\"entry-date\">1 wrze\u015bnia 2022<\/span><span class=\"author vcard\">by <a href=\"https:\/\/zsp12.gliwice.pl\/pm7\/blog\/author\/kszymanek\/\" rel=\"author\">kszymanek<\/a><\/span><\/div><\/div>\t\t\t<\/div>\n\t\t<\/div>\n\t\t\t\t<div class=\"col-md-3 col-sm-3\">\n\t\t\t<div class=\"item-post post-8821 post type-post status-publish format-standard has-post-thumbnail hentry category-archiwum-pm7 category-informacje\">\n\t\t\t\t<div class=\"article-image\"><a class=\"img-post-mobile\" href=\"https:\/\/zsp12.gliwice.pl\/pm7\/blog\/2022\/08\/23\/zebranie-dla-rodzicow-dzieci-nowoprzyjetych-lipowa\/\"><img decoding=\"async\" src=\"https:\/\/zsp12.gliwice.pl\/pm7\/wp-content\/uploads\/sites\/7\/2022\/08\/DJI_0882-1024x768.jpg\" alt= \"Zebranie dla rodzic\u00f3w dzieci nowoprzyj\u0119tych do Przedszkola Miejskiego nr 7 w ZSP nr 12 przy ul. Lipowej 29\" title = \"Zebranie dla rodzic\u00f3w dzieci nowoprzyj\u0119tych do Przedszkola Miejskiego nr 7 w ZSP nr 12 przy ul. Lipowej 29\" \/><\/a><a class=\"img-post\" href=\"https:\/\/zsp12.gliwice.pl\/pm7\/blog\/2022\/08\/23\/zebranie-dla-rodzicow-dzieci-nowoprzyjetych-lipowa\/\"><img decoding=\"async\" src=\"https:\/\/zsp12.gliwice.pl\/pm7\/wp-content\/uploads\/sites\/7\/2022\/08\/DJI_0882-150x150.jpg\" alt= \"Zebranie dla rodzic\u00f3w dzieci nowoprzyj\u0119tych do Przedszkola Miejskiego nr 7 w ZSP nr 12 przy ul. Lipowej 29\" title = \"Zebranie dla rodzic\u00f3w dzieci nowoprzyj\u0119tych do Przedszkola Miejskiego nr 7 w ZSP nr 12 przy ul. Lipowej 29\" \/><\/a><\/div><div class=\"article-title-wrapper\"><h5><a href=\"https:\/\/zsp12.gliwice.pl\/pm7\/blog\/2022\/08\/23\/zebranie-dla-rodzicow-dzieci-nowoprzyjetych-lipowa\/\" class=\"article-title\">Zebranie dla rodzic\u00f3w dzieci nowoprzyj\u0119tych do Przedszkola Miejskiego nr 7 w ZSP nr 12 przy ul. Lipowej 29<\/a><\/h5><div class=\"article-meta\"><span class=\"entry-date\">23 sierpnia 2022<\/span><span class=\"author vcard\">by <a href=\"https:\/\/zsp12.gliwice.pl\/pm7\/blog\/author\/kszymanek\/\" rel=\"author\">kszymanek<\/a><\/span><\/div><\/div>\t\t\t<\/div>\n\t\t<\/div>\n\t\t\t\t<div class=\"col-md-3 col-sm-3\">\n\t\t\t<div class=\"item-post post-8822 post type-post status-publish format-standard has-post-thumbnail hentry category-archiwum-pm7 category-informacje\">\n\t\t\t\t<div class=\"article-image\"><a class=\"img-post-mobile\" href=\"https:\/\/zsp12.gliwice.pl\/pm7\/blog\/2022\/08\/23\/zebranie-dla-rodzicow-dzieci-przyjetych-tarnogorska\/\"><img decoding=\"async\" src=\"https:\/\/zsp12.gliwice.pl\/pm7\/wp-content\/uploads\/sites\/7\/2022\/08\/dsc0069.jpg\" alt= \"Zebranie dla rodzic\u00f3w dzieci nowoprzyj\u0119tych do Przedszkola Miejskiego nr 7 w ZSP nr 12 przy ul. Tarnog\u00f3rskiej 107\" title = \"Zebranie dla rodzic\u00f3w dzieci nowoprzyj\u0119tych do Przedszkola Miejskiego nr 7 w ZSP nr 12 przy ul. Tarnog\u00f3rskiej 107\" \/><\/a><a class=\"img-post\" href=\"https:\/\/zsp12.gliwice.pl\/pm7\/blog\/2022\/08\/23\/zebranie-dla-rodzicow-dzieci-przyjetych-tarnogorska\/\"><img decoding=\"async\" src=\"https:\/\/zsp12.gliwice.pl\/pm7\/wp-content\/uploads\/sites\/7\/2022\/08\/dsc0069-150x150.jpg\" alt= \"Zebranie dla rodzic\u00f3w dzieci nowoprzyj\u0119tych do Przedszkola Miejskiego nr 7 w ZSP nr 12 przy ul. Tarnog\u00f3rskiej 107\" title = \"Zebranie dla rodzic\u00f3w dzieci nowoprzyj\u0119tych do Przedszkola Miejskiego nr 7 w ZSP nr 12 przy ul. Tarnog\u00f3rskiej 107\" \/><\/a><\/div><div class=\"article-title-wrapper\"><h5><a href=\"https:\/\/zsp12.gliwice.pl\/pm7\/blog\/2022\/08\/23\/zebranie-dla-rodzicow-dzieci-przyjetych-tarnogorska\/\" class=\"article-title\">Zebranie dla rodzic\u00f3w dzieci nowoprzyj\u0119tych do Przedszkola Miejskiego nr 7 w ZSP nr 12 przy ul. Tarnog\u00f3rskiej 107<\/a><\/h5><div class=\"article-meta\"><span class=\"entry-date\">23 sierpnia 2022<\/span><span class=\"author vcard\">by <a href=\"https:\/\/zsp12.gliwice.pl\/pm7\/blog\/author\/kszymanek\/\" rel=\"author\">kszymanek<\/a><\/span><\/div><\/div>\t\t\t<\/div>\n\t\t<\/div>\n\t\t\t\t<div class=\"col-md-3 col-sm-3\">\n\t\t\t<div class=\"item-post post-8662 post type-post status-publish format-standard has-post-thumbnail hentry category-archiwum-pm7 category-informacje\">\n\t\t\t\t<div class=\"article-image\"><a class=\"img-post-mobile\" href=\"https:\/\/zsp12.gliwice.pl\/pm7\/blog\/2022\/06\/24\/udanych-wakacji-2\/\"><img decoding=\"async\" src=\"https:\/\/zsp12.gliwice.pl\/pm7\/wp-content\/uploads\/sites\/7\/2022\/06\/Plaza-Ilustrowana-Zabawna-Lato-Tapeta-na-Pulpit-1024x576.jpg\" alt= \"Udanych wakacji!\" title = \"Udanych wakacji!\" \/><\/a><a class=\"img-post\" href=\"https:\/\/zsp12.gliwice.pl\/pm7\/blog\/2022\/06\/24\/udanych-wakacji-2\/\"><img decoding=\"async\" src=\"https:\/\/zsp12.gliwice.pl\/pm7\/wp-content\/uploads\/sites\/7\/2022\/06\/Plaza-Ilustrowana-Zabawna-Lato-Tapeta-na-Pulpit-150x150.jpg\" alt= \"Udanych wakacji!\" title = \"Udanych wakacji!\" \/><\/a><\/div><div class=\"article-title-wrapper\"><h5><a href=\"https:\/\/zsp12.gliwice.pl\/pm7\/blog\/2022\/06\/24\/udanych-wakacji-2\/\" class=\"article-title\">Udanych wakacji!<\/a><\/h5><div class=\"article-meta\"><span class=\"entry-date\">24 czerwca 2022<\/span><span class=\"author vcard\">by <a href=\"https:\/\/zsp12.gliwice.pl\/pm7\/blog\/author\/kszymanek\/\" rel=\"author\">kszymanek<\/a><\/span><\/div><\/div>\t\t\t<\/div>\n\t\t<\/div>\n\t\t\t\t<div class=\"col-md-3 col-sm-3\">\n\t\t\t<div class=\"item-post post-8713 post type-post status-publish format-standard has-post-thumbnail hentry category-archiwum-pm7 category-informacje\">\n\t\t\t\t<div class=\"article-image\"><a class=\"img-post-mobile\" href=\"https:\/\/zsp12.gliwice.pl\/pm7\/blog\/2022\/06\/23\/automatycznie-zapisany-szkic\/\"><img decoding=\"async\" src=\"https:\/\/zsp12.gliwice.pl\/pm7\/wp-content\/uploads\/sites\/7\/2022\/07\/Las-Folder-Etykieta-1024x683.jpg\" alt= \"Dzie\u0144 Taty\" title = \"Dzie\u0144 Taty\" \/><\/a><a class=\"img-post\" href=\"https:\/\/zsp12.gliwice.pl\/pm7\/blog\/2022\/06\/23\/automatycznie-zapisany-szkic\/\"><img decoding=\"async\" src=\"https:\/\/zsp12.gliwice.pl\/pm7\/wp-content\/uploads\/sites\/7\/2022\/07\/Las-Folder-Etykieta-150x150.jpg\" alt= \"Dzie\u0144 Taty\" title = \"Dzie\u0144 Taty\" \/><\/a><\/div><div class=\"article-title-wrapper\"><h5><a href=\"https:\/\/zsp12.gliwice.pl\/pm7\/blog\/2022\/06\/23\/automatycznie-zapisany-szkic\/\" class=\"article-title\">Dzie\u0144 Taty<\/a><\/h5><div class=\"article-meta\"><span class=\"entry-date\">23 czerwca 2022<\/span><span class=\"author vcard\">by <a href=\"https:\/\/zsp12.gliwice.pl\/pm7\/blog\/author\/kszymanek\/\" rel=\"author\">kszymanek<\/a><\/span><\/div><\/div>\t\t\t<\/div>\n\t\t<\/div>\n\t\t\t\t<div class=\"col-md-3 col-sm-3\">\n\t\t\t<div class=\"item-post post-8570 post type-post status-publish format-standard has-post-thumbnail hentry category-archiwum-pm7 category-informacje\">\n\t\t\t\t<div class=\"article-image\"><a class=\"img-post-mobile\" href=\"https:\/\/zsp12.gliwice.pl\/pm7\/blog\/2022\/06\/10\/projekt-e-twinning-opowiesci-z-afrykanskiej-sawanny-w-grupie-odkrywcow\/\"><img decoding=\"async\" src=\"https:\/\/zsp12.gliwice.pl\/pm7\/wp-content\/uploads\/sites\/7\/2022\/06\/20220324_102511-Copy-1024x725.jpg\" alt= \"Projekt e-Twinning \u201eOpowie\u015bci z afryka\u0144skiej sawanny\u201d w grupie \u201eOdkrywc\u00f3w\u201d\" title = \"Projekt e-Twinning \u201eOpowie\u015bci z afryka\u0144skiej sawanny\u201d w grupie \u201eOdkrywc\u00f3w\u201d\" \/><\/a><a class=\"img-post\" href=\"https:\/\/zsp12.gliwice.pl\/pm7\/blog\/2022\/06\/10\/projekt-e-twinning-opowiesci-z-afrykanskiej-sawanny-w-grupie-odkrywcow\/\"><img decoding=\"async\" src=\"https:\/\/zsp12.gliwice.pl\/pm7\/wp-content\/uploads\/sites\/7\/2022\/06\/20220324_102511-Copy-150x150.jpg\" alt= \"Projekt e-Twinning \u201eOpowie\u015bci z afryka\u0144skiej sawanny\u201d w grupie \u201eOdkrywc\u00f3w\u201d\" title = \"Projekt e-Twinning \u201eOpowie\u015bci z afryka\u0144skiej sawanny\u201d w grupie \u201eOdkrywc\u00f3w\u201d\" \/><\/a><\/div><div class=\"article-title-wrapper\"><h5><a href=\"https:\/\/zsp12.gliwice.pl\/pm7\/blog\/2022\/06\/10\/projekt-e-twinning-opowiesci-z-afrykanskiej-sawanny-w-grupie-odkrywcow\/\" class=\"article-title\">Projekt e-Twinning \u201eOpowie\u015bci z afryka\u0144skiej sawanny\u201d w grupie \u201eOdkrywc\u00f3w\u201d<\/a><\/h5><div class=\"article-meta\"><span class=\"entry-date\">10 czerwca 2022<\/span><span class=\"author vcard\">by <a href=\"https:\/\/zsp12.gliwice.pl\/pm7\/blog\/author\/kszymanek\/\" rel=\"author\">kszymanek<\/a><\/span><\/div><\/div>\t\t\t<\/div>\n\t\t<\/div>\n\t\t\t\t<div class=\"col-md-3 col-sm-3\">\n\t\t\t<div class=\"item-post post-8706 post type-post status-publish format-standard has-post-thumbnail hentry category-archiwum-pm7 category-informacje\">\n\t\t\t\t<div class=\"article-image\"><a class=\"img-post-mobile\" href=\"https:\/\/zsp12.gliwice.pl\/pm7\/blog\/2022\/06\/01\/projekt-szkola-odpowiedzialna-cyfrowo-samopoczucie-psychiczne-i-fizyczne-relacje-z-innymi\/\"><img decoding=\"async\" src=\"https:\/\/zsp12.gliwice.pl\/pm7\/wp-content\/uploads\/sites\/7\/2023\/06\/admin-ajax.jpg\" alt= \"Projekt \u201eSzko\u0142a odpowiedzialna cyfrowo\u201d- Samopoczucie psychiczne i fizyczne \u2013 relacje z innymi\" title = \"Projekt \u201eSzko\u0142a odpowiedzialna cyfrowo\u201d- Samopoczucie psychiczne i fizyczne \u2013 relacje z innymi\" \/><\/a><a class=\"img-post\" href=\"https:\/\/zsp12.gliwice.pl\/pm7\/blog\/2022\/06\/01\/projekt-szkola-odpowiedzialna-cyfrowo-samopoczucie-psychiczne-i-fizyczne-relacje-z-innymi\/\"><img decoding=\"async\" src=\"https:\/\/zsp12.gliwice.pl\/pm7\/wp-content\/uploads\/sites\/7\/2023\/06\/admin-ajax-150x150.jpg\" alt= \"Projekt \u201eSzko\u0142a odpowiedzialna cyfrowo\u201d- Samopoczucie psychiczne i fizyczne \u2013 relacje z innymi\" title = \"Projekt \u201eSzko\u0142a odpowiedzialna cyfrowo\u201d- Samopoczucie psychiczne i fizyczne \u2013 relacje z innymi\" \/><\/a><\/div><div class=\"article-title-wrapper\"><h5><a href=\"https:\/\/zsp12.gliwice.pl\/pm7\/blog\/2022\/06\/01\/projekt-szkola-odpowiedzialna-cyfrowo-samopoczucie-psychiczne-i-fizyczne-relacje-z-innymi\/\" class=\"article-title\">Projekt \u201eSzko\u0142a odpowiedzialna cyfrowo\u201d- Samopoczucie psychiczne i fizyczne \u2013 relacje z innymi<\/a><\/h5><div class=\"article-meta\"><span class=\"entry-date\">1 czerwca 2022<\/span><span class=\"author vcard\">by <a href=\"https:\/\/zsp12.gliwice.pl\/pm7\/blog\/author\/kszymanek\/\" rel=\"author\">kszymanek<\/a><\/span><\/div><\/div>\t\t\t<\/div>\n\t\t<\/div>\n\t\t\t\t<div class=\"col-md-3 col-sm-3\">\n\t\t\t<div class=\"item-post post-8709 post type-post status-publish format-standard has-post-thumbnail hentry category-archiwum-pm7 category-informacje\">\n\t\t\t\t<div class=\"article-image\"><a class=\"img-post-mobile\" href=\"https:\/\/zsp12.gliwice.pl\/pm7\/blog\/2022\/05\/26\/dzien-mamy\/\"><img decoding=\"async\" src=\"https:\/\/zsp12.gliwice.pl\/pm7\/wp-content\/uploads\/sites\/7\/2022\/07\/Pomaranczowy-Rozowy-i-Czerwony-Akwarela-Rodzina-Dzien-Matki-Plakat-683x1024.jpg\" alt= \"Dzie\u0144 Mamy\" title = \"Dzie\u0144 Mamy\" \/><\/a><a class=\"img-post\" href=\"https:\/\/zsp12.gliwice.pl\/pm7\/blog\/2022\/05\/26\/dzien-mamy\/\"><img decoding=\"async\" src=\"https:\/\/zsp12.gliwice.pl\/pm7\/wp-content\/uploads\/sites\/7\/2022\/07\/Pomaranczowy-Rozowy-i-Czerwony-Akwarela-Rodzina-Dzien-Matki-Plakat-150x150.jpg\" alt= \"Dzie\u0144 Mamy\" title = \"Dzie\u0144 Mamy\" \/><\/a><\/div><div class=\"article-title-wrapper\"><h5><a href=\"https:\/\/zsp12.gliwice.pl\/pm7\/blog\/2022\/05\/26\/dzien-mamy\/\" class=\"article-title\">Dzie\u0144 Mamy<\/a><\/h5><div class=\"article-meta\"><span class=\"entry-date\">26 maja 2022<\/span><span class=\"author vcard\">by <a href=\"https:\/\/zsp12.gliwice.pl\/pm7\/blog\/author\/kszymanek\/\" rel=\"author\">kszymanek<\/a><\/span><\/div><\/div>\t\t\t<\/div>\n\t\t<\/div>\n\t\t\t\t<div class=\"col-md-3 col-sm-3\">\n\t\t\t<div class=\"item-post post-8161 post type-post status-publish format-standard has-post-thumbnail hentry category-archiwum-pm7 category-informacje\">\n\t\t\t\t<div class=\"article-image\"><a class=\"img-post-mobile\" href=\"https:\/\/zsp12.gliwice.pl\/pm7\/blog\/2022\/05\/23\/lista-dzieci-przyjetych-w-wyniku-rekrutacji-do-przedszkola-zbiorczego-w-przedszkolu-miejskim-nr-7\/\"><img decoding=\"async\" src=\"https:\/\/zsp12.gliwice.pl\/pm7\/wp-content\/uploads\/sites\/7\/2023\/06\/admin-ajax.jpg\" alt= \"Lista dzieci przyj\u0119tych w wyniku rekrutacji do przedszkola zbiorczego w Przedszkolu Miejskim nr 7\" title = \"Lista dzieci przyj\u0119tych w wyniku rekrutacji do przedszkola zbiorczego w Przedszkolu Miejskim nr 7\" \/><\/a><a class=\"img-post\" href=\"https:\/\/zsp12.gliwice.pl\/pm7\/blog\/2022\/05\/23\/lista-dzieci-przyjetych-w-wyniku-rekrutacji-do-przedszkola-zbiorczego-w-przedszkolu-miejskim-nr-7\/\"><img decoding=\"async\" src=\"https:\/\/zsp12.gliwice.pl\/pm7\/wp-content\/uploads\/sites\/7\/2023\/06\/admin-ajax-150x150.jpg\" alt= \"Lista dzieci przyj\u0119tych w wyniku rekrutacji do przedszkola zbiorczego w Przedszkolu Miejskim nr 7\" title = \"Lista dzieci przyj\u0119tych w wyniku rekrutacji do przedszkola zbiorczego w Przedszkolu Miejskim nr 7\" \/><\/a><\/div><div class=\"article-title-wrapper\"><h5><a href=\"https:\/\/zsp12.gliwice.pl\/pm7\/blog\/2022\/05\/23\/lista-dzieci-przyjetych-w-wyniku-rekrutacji-do-przedszkola-zbiorczego-w-przedszkolu-miejskim-nr-7\/\" class=\"article-title\">Lista dzieci przyj\u0119tych w wyniku rekrutacji do przedszkola zbiorczego w Przedszkolu Miejskim nr 7<\/a><\/h5><div class=\"article-meta\"><span class=\"entry-date\">23 maja 2022<\/span><span class=\"author vcard\">by <a href=\"https:\/\/zsp12.gliwice.pl\/pm7\/blog\/author\/kszymanek\/\" rel=\"author\">kszymanek<\/a><\/span><\/div><\/div>\t\t\t<\/div>\n\t\t<\/div>\n\t\t\t\t<div class=\"col-md-3 col-sm-3\">\n\t\t\t<div class=\"item-post post-8155 post type-post status-publish format-standard has-post-thumbnail hentry category-archiwum-pm7 category-informacje\">\n\t\t\t\t<div class=\"article-image\"><a class=\"img-post-mobile\" href=\"https:\/\/zsp12.gliwice.pl\/pm7\/blog\/2022\/05\/19\/festyn-rodzinny-28-05\/\"><img decoding=\"async\" src=\"https:\/\/zsp12.gliwice.pl\/pm7\/wp-content\/uploads\/sites\/7\/2022\/05\/Zespol-Szkolno-Przedszkolny-nr-12-serdecznie-zaprasza-na-2-724x1024.jpg\" alt= \"Festyn Rodzinny &#8211; 28.05\" title = \"Festyn Rodzinny &#8211; 28.05\" \/><\/a><a class=\"img-post\" href=\"https:\/\/zsp12.gliwice.pl\/pm7\/blog\/2022\/05\/19\/festyn-rodzinny-28-05\/\"><img decoding=\"async\" src=\"https:\/\/zsp12.gliwice.pl\/pm7\/wp-content\/uploads\/sites\/7\/2022\/05\/Zespol-Szkolno-Przedszkolny-nr-12-serdecznie-zaprasza-na-2-150x150.jpg\" alt= \"Festyn Rodzinny &#8211; 28.05\" title = \"Festyn Rodzinny &#8211; 28.05\" \/><\/a><\/div><div class=\"article-title-wrapper\"><h5><a href=\"https:\/\/zsp12.gliwice.pl\/pm7\/blog\/2022\/05\/19\/festyn-rodzinny-28-05\/\" class=\"article-title\">Festyn Rodzinny &#8211; 28.05<\/a><\/h5><div class=\"article-meta\"><span class=\"entry-date\">19 maja 2022<\/span><span class=\"author vcard\">by <a href=\"https:\/\/zsp12.gliwice.pl\/pm7\/blog\/author\/kszymanek\/\" rel=\"author\">kszymanek<\/a><\/span><\/div><\/div>\t\t\t<\/div>\n\t\t<\/div>\n\t\t\t\t<div class=\"col-md-3 col-sm-3\">\n\t\t\t<div class=\"item-post post-7798 post type-post status-publish format-standard has-post-thumbnail hentry category-archiwum-pm7 category-informacje\">\n\t\t\t\t<div class=\"article-image\"><a class=\"img-post-mobile\" href=\"https:\/\/zsp12.gliwice.pl\/pm7\/blog\/2022\/05\/11\/przedszkole-zbiorcze-sierpien-2022\/\"><img decoding=\"async\" src=\"https:\/\/zsp12.gliwice.pl\/pm7\/wp-content\/uploads\/sites\/7\/2020\/03\/road-sign-663368_640.jpg\" alt= \"Przedszkole zbiorcze &#8211; SIERPIE\u0143 2022\" title = \"Przedszkole zbiorcze &#8211; SIERPIE\u0143 2022\" \/><\/a><a class=\"img-post\" href=\"https:\/\/zsp12.gliwice.pl\/pm7\/blog\/2022\/05\/11\/przedszkole-zbiorcze-sierpien-2022\/\"><img decoding=\"async\" src=\"https:\/\/zsp12.gliwice.pl\/pm7\/wp-content\/uploads\/sites\/7\/2020\/03\/road-sign-663368_640-150x150.jpg\" alt= \"Przedszkole zbiorcze &#8211; SIERPIE\u0143 2022\" title = \"Przedszkole zbiorcze &#8211; SIERPIE\u0143 2022\" \/><\/a><\/div><div class=\"article-title-wrapper\"><h5><a href=\"https:\/\/zsp12.gliwice.pl\/pm7\/blog\/2022\/05\/11\/przedszkole-zbiorcze-sierpien-2022\/\" class=\"article-title\">Przedszkole zbiorcze &#8211; SIERPIE\u0143 2022<\/a><\/h5><div class=\"article-meta\"><span class=\"entry-date\">11 maja 2022<\/span><span class=\"author vcard\">by <a href=\"https:\/\/zsp12.gliwice.pl\/pm7\/blog\/author\/kszymanek\/\" rel=\"author\">kszymanek<\/a><\/span><\/div><\/div>\t\t\t<\/div>\n\t\t<\/div>\n\t\t\t\t<div class=\"col-md-3 col-sm-3\">\n\t\t\t<div class=\"item-post post-7793 post type-post status-publish format-standard has-post-thumbnail hentry category-archiwum-pm7 category-informacje\">\n\t\t\t\t<div class=\"article-image\"><a class=\"img-post-mobile\" href=\"https:\/\/zsp12.gliwice.pl\/pm7\/blog\/2022\/05\/09\/rekrutacja-do-sp15-na-rok-szkolny-2022-2022\/\"><img decoding=\"async\" src=\"https:\/\/zsp12.gliwice.pl\/pm7\/wp-content\/uploads\/sites\/7\/2022\/05\/Rekrutacja_na_rok_szkolny_2022_2023-1-1024x724.jpg\" alt= \"Rekrutacja do SP15 na rok szkolny 2022\/2023\" title = \"Rekrutacja do SP15 na rok szkolny 2022\/2023\" \/><\/a><a class=\"img-post\" href=\"https:\/\/zsp12.gliwice.pl\/pm7\/blog\/2022\/05\/09\/rekrutacja-do-sp15-na-rok-szkolny-2022-2022\/\"><img decoding=\"async\" src=\"https:\/\/zsp12.gliwice.pl\/pm7\/wp-content\/uploads\/sites\/7\/2022\/05\/Rekrutacja_na_rok_szkolny_2022_2023-1-150x150.jpg\" alt= \"Rekrutacja do SP15 na rok szkolny 2022\/2023\" title = \"Rekrutacja do SP15 na rok szkolny 2022\/2023\" \/><\/a><\/div><div class=\"article-title-wrapper\"><h5><a href=\"https:\/\/zsp12.gliwice.pl\/pm7\/blog\/2022\/05\/09\/rekrutacja-do-sp15-na-rok-szkolny-2022-2022\/\" class=\"article-title\">Rekrutacja do SP15 na rok szkolny 2022\/2023<\/a><\/h5><div class=\"article-meta\"><span class=\"entry-date\">9 maja 2022<\/span><span class=\"author vcard\">by <a href=\"https:\/\/zsp12.gliwice.pl\/pm7\/blog\/author\/kszymanek\/\" rel=\"author\">kszymanek<\/a><\/span><\/div><\/div>\t\t\t<\/div>\n\t\t<\/div>\n\t\t\t\t<div class=\"col-md-3 col-sm-3\">\n\t\t\t<div class=\"item-post post-7595 post type-post status-publish format-standard has-post-thumbnail hentry category-archiwum-pm7 category-informacje\">\n\t\t\t\t<div class=\"article-image\"><a class=\"img-post-mobile\" href=\"https:\/\/zsp12.gliwice.pl\/pm7\/blog\/2022\/04\/19\/procedury-postepowania-w-zsp-nr-12-w-gliwicach-po-wprowadzeniu-przez-prezesa-rady-ministrow-stopni-alarmowych-i-stopni-alarmowych-crp\/\"><img decoding=\"async\" src=\"https:\/\/zsp12.gliwice.pl\/pm7\/wp-content\/uploads\/sites\/7\/2023\/06\/admin-ajax.jpg\" alt= \"PROCEDURY POST\u0118POWANIA W ZSP NR 12 W GLIWICACH PO WPROWADZENIU PRZEZ PREZESA RADY MINISTR\u00d3W STOPNI ALARMOWYCH I STOPNI ALARMOWYCH CRP\" title = \"PROCEDURY POST\u0118POWANIA W ZSP NR 12 W GLIWICACH PO WPROWADZENIU PRZEZ PREZESA RADY MINISTR\u00d3W STOPNI ALARMOWYCH I STOPNI ALARMOWYCH CRP\" \/><\/a><a class=\"img-post\" href=\"https:\/\/zsp12.gliwice.pl\/pm7\/blog\/2022\/04\/19\/procedury-postepowania-w-zsp-nr-12-w-gliwicach-po-wprowadzeniu-przez-prezesa-rady-ministrow-stopni-alarmowych-i-stopni-alarmowych-crp\/\"><img decoding=\"async\" src=\"https:\/\/zsp12.gliwice.pl\/pm7\/wp-content\/uploads\/sites\/7\/2023\/06\/admin-ajax-150x150.jpg\" alt= \"PROCEDURY POST\u0118POWANIA W ZSP NR 12 W GLIWICACH PO WPROWADZENIU PRZEZ PREZESA RADY MINISTR\u00d3W STOPNI ALARMOWYCH I STOPNI ALARMOWYCH CRP\" title = \"PROCEDURY POST\u0118POWANIA W ZSP NR 12 W GLIWICACH PO WPROWADZENIU PRZEZ PREZESA RADY MINISTR\u00d3W STOPNI ALARMOWYCH I STOPNI ALARMOWYCH CRP\" \/><\/a><\/div><div class=\"article-title-wrapper\"><h5><a href=\"https:\/\/zsp12.gliwice.pl\/pm7\/blog\/2022\/04\/19\/procedury-postepowania-w-zsp-nr-12-w-gliwicach-po-wprowadzeniu-przez-prezesa-rady-ministrow-stopni-alarmowych-i-stopni-alarmowych-crp\/\" class=\"article-title\">PROCEDURY POST\u0118POWANIA W ZSP NR 12 W GLIWICACH PO WPROWADZENIU PRZEZ PREZESA RADY MINISTR\u00d3W STOPNI ALARMOWYCH I STOPNI ALARMOWYCH CRP<\/a><\/h5><div class=\"article-meta\"><span class=\"entry-date\">19 kwietnia 2022<\/span><span class=\"author vcard\">by <a href=\"https:\/\/zsp12.gliwice.pl\/pm7\/blog\/author\/kszymanek\/\" rel=\"author\">kszymanek<\/a><\/span><\/div><\/div>\t\t\t<\/div>\n\t\t<\/div>\n\t\t\t\t<div class=\"col-md-3 col-sm-3\">\n\t\t\t<div class=\"item-post post-7514 post type-post status-publish format-standard has-post-thumbnail hentry category-archiwum-pm7 category-informacje\">\n\t\t\t\t<div class=\"article-image\"><a class=\"img-post-mobile\" href=\"https:\/\/zsp12.gliwice.pl\/pm7\/blog\/2022\/04\/14\/radosnych-swiat\/\"><img decoding=\"async\" src=\"https:\/\/zsp12.gliwice.pl\/pm7\/wp-content\/uploads\/sites\/7\/2022\/04\/IMG-20220413-WA0016-1-721x1024.jpg\" alt= \"Radosnych \u015awi\u0105t!\" title = \"Radosnych \u015awi\u0105t!\" \/><\/a><a class=\"img-post\" href=\"https:\/\/zsp12.gliwice.pl\/pm7\/blog\/2022\/04\/14\/radosnych-swiat\/\"><img decoding=\"async\" src=\"https:\/\/zsp12.gliwice.pl\/pm7\/wp-content\/uploads\/sites\/7\/2022\/04\/IMG-20220413-WA0016-1-150x150.jpg\" alt= \"Radosnych \u015awi\u0105t!\" title = \"Radosnych \u015awi\u0105t!\" \/><\/a><\/div><div class=\"article-title-wrapper\"><h5><a href=\"https:\/\/zsp12.gliwice.pl\/pm7\/blog\/2022\/04\/14\/radosnych-swiat\/\" class=\"article-title\">Radosnych \u015awi\u0105t!<\/a><\/h5><div class=\"article-meta\"><span class=\"entry-date\">14 kwietnia 2022<\/span><span class=\"author vcard\">by <a href=\"https:\/\/zsp12.gliwice.pl\/pm7\/blog\/author\/kszymanek\/\" rel=\"author\">kszymanek<\/a><\/span><\/div><\/div>\t\t\t<\/div>\n\t\t<\/div>\n\t\t\t\t<div class=\"col-md-3 col-sm-3\">\n\t\t\t<div class=\"item-post post-7431 post type-post status-publish format-standard has-post-thumbnail hentry category-archiwum-pm7 category-informacje\">\n\t\t\t\t<div class=\"article-image\"><a class=\"img-post-mobile\" href=\"https:\/\/zsp12.gliwice.pl\/pm7\/blog\/2022\/04\/07\/akcja-edukacyjna-pod-nazwa-zdroworosna\/\"><img decoding=\"async\" src=\"https:\/\/zsp12.gliwice.pl\/pm7\/wp-content\/uploads\/sites\/7\/2022\/04\/1648736514430-1024x766.jpg\" alt= \"Akcja edukacyjna pod nazw\u0105 #ZDROWOROSNA\" title = \"Akcja edukacyjna pod nazw\u0105 #ZDROWOROSNA\" \/><\/a><a class=\"img-post\" href=\"https:\/\/zsp12.gliwice.pl\/pm7\/blog\/2022\/04\/07\/akcja-edukacyjna-pod-nazwa-zdroworosna\/\"><img decoding=\"async\" src=\"https:\/\/zsp12.gliwice.pl\/pm7\/wp-content\/uploads\/sites\/7\/2022\/04\/1648736514430-150x150.jpg\" alt= \"Akcja edukacyjna pod nazw\u0105 #ZDROWOROSNA\" title = \"Akcja edukacyjna pod nazw\u0105 #ZDROWOROSNA\" \/><\/a><\/div><div class=\"article-title-wrapper\"><h5><a href=\"https:\/\/zsp12.gliwice.pl\/pm7\/blog\/2022\/04\/07\/akcja-edukacyjna-pod-nazwa-zdroworosna\/\" class=\"article-title\">Akcja edukacyjna pod nazw\u0105 #ZDROWOROSNA<\/a><\/h5><div class=\"article-meta\"><span class=\"entry-date\">7 kwietnia 2022<\/span><span class=\"author vcard\">by <a href=\"https:\/\/zsp12.gliwice.pl\/pm7\/blog\/author\/kszymanek\/\" rel=\"author\">kszymanek<\/a><\/span><\/div><\/div>\t\t\t<\/div>\n\t\t<\/div>\n\t\t\t\t<div class=\"col-md-3 col-sm-3\">\n\t\t\t<div class=\"item-post post-7338 post type-post status-publish format-standard has-post-thumbnail hentry category-archiwum-pm7 category-informacje\">\n\t\t\t\t<div class=\"article-image\"><a class=\"img-post-mobile\" href=\"https:\/\/zsp12.gliwice.pl\/pm7\/blog\/2022\/04\/04\/rozstrzygniecie-konkursu-na-najciekawsze-nakrycie-glowy\/\"><img decoding=\"async\" src=\"https:\/\/zsp12.gliwice.pl\/pm7\/wp-content\/uploads\/sites\/7\/2022\/04\/20220401_101022-1024x768.jpg\" alt= \"&#8220;Konkurs na najciekawsze nakrycie g\u0142owy&#8221; &#8211; wyniki\" title = \"&#8220;Konkurs na najciekawsze nakrycie g\u0142owy&#8221; &#8211; wyniki\" \/><\/a><a class=\"img-post\" href=\"https:\/\/zsp12.gliwice.pl\/pm7\/blog\/2022\/04\/04\/rozstrzygniecie-konkursu-na-najciekawsze-nakrycie-glowy\/\"><img decoding=\"async\" src=\"https:\/\/zsp12.gliwice.pl\/pm7\/wp-content\/uploads\/sites\/7\/2022\/04\/20220401_101022-150x150.jpg\" alt= \"&#8220;Konkurs na najciekawsze nakrycie g\u0142owy&#8221; &#8211; wyniki\" title = \"&#8220;Konkurs na najciekawsze nakrycie g\u0142owy&#8221; &#8211; wyniki\" \/><\/a><\/div><div class=\"article-title-wrapper\"><h5><a href=\"https:\/\/zsp12.gliwice.pl\/pm7\/blog\/2022\/04\/04\/rozstrzygniecie-konkursu-na-najciekawsze-nakrycie-glowy\/\" class=\"article-title\">&#8220;Konkurs na najciekawsze nakrycie g\u0142owy&#8221; &#8211; wyniki<\/a><\/h5><div class=\"article-meta\"><span class=\"entry-date\">4 kwietnia 2022<\/span><span class=\"author vcard\">by <a href=\"https:\/\/zsp12.gliwice.pl\/pm7\/blog\/author\/kszymanek\/\" rel=\"author\">kszymanek<\/a><\/span><\/div><\/div>\t\t\t<\/div>\n\t\t<\/div>\n\t\t\t\t<div class=\"col-md-3 col-sm-3\">\n\t\t\t<div class=\"item-post post-6877 post type-post status-publish format-standard has-post-thumbnail hentry category-archiwum-pm7 category-informacje\">\n\t\t\t\t<div class=\"article-image\"><a class=\"img-post-mobile\" href=\"https:\/\/zsp12.gliwice.pl\/pm7\/blog\/2022\/04\/02\/swiatowy-dzien-swiadomosci-autyzmu-2\/\"><img decoding=\"async\" src=\"https:\/\/zsp12.gliwice.pl\/pm7\/wp-content\/uploads\/sites\/7\/2022\/03\/csm_167140440_176837534270337_2976381451114638681_n_3a9c4885f8.jpg\" alt= \"\u015awiatowy Dzie\u0144 \u015awiadomo\u015bci Autyzmu\" title = \"\u015awiatowy Dzie\u0144 \u015awiadomo\u015bci Autyzmu\" \/><\/a><a class=\"img-post\" href=\"https:\/\/zsp12.gliwice.pl\/pm7\/blog\/2022\/04\/02\/swiatowy-dzien-swiadomosci-autyzmu-2\/\"><img decoding=\"async\" src=\"https:\/\/zsp12.gliwice.pl\/pm7\/wp-content\/uploads\/sites\/7\/2022\/03\/csm_167140440_176837534270337_2976381451114638681_n_3a9c4885f8-150x150.jpg\" alt= \"\u015awiatowy Dzie\u0144 \u015awiadomo\u015bci Autyzmu\" title = \"\u015awiatowy Dzie\u0144 \u015awiadomo\u015bci Autyzmu\" \/><\/a><\/div><div class=\"article-title-wrapper\"><h5><a href=\"https:\/\/zsp12.gliwice.pl\/pm7\/blog\/2022\/04\/02\/swiatowy-dzien-swiadomosci-autyzmu-2\/\" class=\"article-title\">\u015awiatowy Dzie\u0144 \u015awiadomo\u015bci Autyzmu<\/a><\/h5><div class=\"article-meta\"><span class=\"entry-date\">2 kwietnia 2022<\/span><span class=\"author vcard\">by <a href=\"https:\/\/zsp12.gliwice.pl\/pm7\/blog\/author\/kszymanek\/\" rel=\"author\">kszymanek<\/a><\/span><\/div><\/div>\t\t\t<\/div>\n\t\t<\/div>\n\t\t\t\t<div class=\"col-md-3 col-sm-3\">\n\t\t\t<div class=\"item-post post-7335 post type-post status-publish format-standard has-post-thumbnail hentry category-archiwum-pm7 category-informacje\">\n\t\t\t\t<div class=\"article-image\"><a class=\"img-post-mobile\" href=\"https:\/\/zsp12.gliwice.pl\/pm7\/blog\/2022\/03\/31\/dni-otwarte-3\/\"><img decoding=\"async\" src=\"https:\/\/zsp12.gliwice.pl\/pm7\/wp-content\/uploads\/sites\/7\/2022\/03\/Dzien_otwarty-724x1024.jpg\" alt= \"Dni Otwarte\" title = \"Dni Otwarte\" \/><\/a><a class=\"img-post\" href=\"https:\/\/zsp12.gliwice.pl\/pm7\/blog\/2022\/03\/31\/dni-otwarte-3\/\"><img decoding=\"async\" src=\"https:\/\/zsp12.gliwice.pl\/pm7\/wp-content\/uploads\/sites\/7\/2022\/03\/Dzien_otwarty-150x150.jpg\" alt= \"Dni Otwarte\" title = \"Dni Otwarte\" \/><\/a><\/div><div class=\"article-title-wrapper\"><h5><a href=\"https:\/\/zsp12.gliwice.pl\/pm7\/blog\/2022\/03\/31\/dni-otwarte-3\/\" class=\"article-title\">Dni Otwarte<\/a><\/h5><div class=\"article-meta\"><span class=\"entry-date\">31 marca 2022<\/span><span class=\"author vcard\">by <a href=\"https:\/\/zsp12.gliwice.pl\/pm7\/blog\/author\/kszymanek\/\" rel=\"author\">kszymanek<\/a><\/span><\/div><\/div>\t\t\t<\/div>\n\t\t<\/div>\n\t\t\t\t<div class=\"col-md-3 col-sm-3\">\n\t\t\t<div class=\"item-post post-7259 post type-post status-publish format-standard has-post-thumbnail hentry category-archiwum-pm7 category-informacje\">\n\t\t\t\t<div class=\"article-image\"><a class=\"img-post-mobile\" href=\"https:\/\/zsp12.gliwice.pl\/pm7\/blog\/2022\/03\/28\/shamrock-trojlistna-koniczynka-wyniki-konkursu\/\"><img decoding=\"async\" src=\"https:\/\/zsp12.gliwice.pl\/pm7\/wp-content\/uploads\/sites\/7\/2022\/03\/20220325_090204-1024x768.jpg\" alt= \"&#8220;Shamrock \u2013 tr\u00f3jlistna koniczynka\u201d &#8211; wyniki konkursu\" title = \"&#8220;Shamrock \u2013 tr\u00f3jlistna koniczynka\u201d &#8211; wyniki konkursu\" \/><\/a><a class=\"img-post\" href=\"https:\/\/zsp12.gliwice.pl\/pm7\/blog\/2022\/03\/28\/shamrock-trojlistna-koniczynka-wyniki-konkursu\/\"><img decoding=\"async\" src=\"https:\/\/zsp12.gliwice.pl\/pm7\/wp-content\/uploads\/sites\/7\/2022\/03\/20220325_090204-150x150.jpg\" alt= \"&#8220;Shamrock \u2013 tr\u00f3jlistna koniczynka\u201d &#8211; wyniki konkursu\" title = \"&#8220;Shamrock \u2013 tr\u00f3jlistna koniczynka\u201d &#8211; wyniki konkursu\" \/><\/a><\/div><div class=\"article-title-wrapper\"><h5><a href=\"https:\/\/zsp12.gliwice.pl\/pm7\/blog\/2022\/03\/28\/shamrock-trojlistna-koniczynka-wyniki-konkursu\/\" class=\"article-title\">&#8220;Shamrock \u2013 tr\u00f3jlistna koniczynka\u201d &#8211; wyniki konkursu<\/a><\/h5><div class=\"article-meta\"><span class=\"entry-date\">28 marca 2022<\/span><span class=\"author vcard\">by <a href=\"https:\/\/zsp12.gliwice.pl\/pm7\/blog\/author\/kszymanek\/\" rel=\"author\">kszymanek<\/a><\/span><\/div><\/div>\t\t\t<\/div>\n\t\t<\/div>\n\t\t\t\t<div class=\"col-md-3 col-sm-3\">\n\t\t\t<div class=\"item-post post-6549 post type-post status-publish format-standard has-post-thumbnail hentry category-archiwum-pm7 category-informacje\">\n\t\t\t\t<div class=\"article-image\"><a class=\"img-post-mobile\" href=\"https:\/\/zsp12.gliwice.pl\/pm7\/blog\/2022\/03\/04\/informacje-dotyczace-rekrutacji-do-publicznych-przedszkoli-i-oddzialow-przedszkolnych-w-szkolach-podstawowych-na-rok-szkolny-2022-2023\/\"><img decoding=\"async\" src=\"https:\/\/zsp12.gliwice.pl\/pm7\/wp-content\/uploads\/sites\/7\/2020\/03\/road-sign-663368_640.jpg\" alt= \"Informacje dotycz\u0105ce rekrutacji do publicznych przedszkoli i oddzia\u0142\u00f3w przedszkolnych w szko\u0142ach podstawowych na rok szkolny 2022\/2023\" title = \"Informacje dotycz\u0105ce rekrutacji do publicznych przedszkoli i oddzia\u0142\u00f3w przedszkolnych w szko\u0142ach podstawowych na rok szkolny 2022\/2023\" \/><\/a><a class=\"img-post\" href=\"https:\/\/zsp12.gliwice.pl\/pm7\/blog\/2022\/03\/04\/informacje-dotyczace-rekrutacji-do-publicznych-przedszkoli-i-oddzialow-przedszkolnych-w-szkolach-podstawowych-na-rok-szkolny-2022-2023\/\"><img decoding=\"async\" src=\"https:\/\/zsp12.gliwice.pl\/pm7\/wp-content\/uploads\/sites\/7\/2020\/03\/road-sign-663368_640-150x150.jpg\" alt= \"Informacje dotycz\u0105ce rekrutacji do publicznych przedszkoli i oddzia\u0142\u00f3w przedszkolnych w szko\u0142ach podstawowych na rok szkolny 2022\/2023\" title = \"Informacje dotycz\u0105ce rekrutacji do publicznych przedszkoli i oddzia\u0142\u00f3w przedszkolnych w szko\u0142ach podstawowych na rok szkolny 2022\/2023\" \/><\/a><\/div><div class=\"article-title-wrapper\"><h5><a href=\"https:\/\/zsp12.gliwice.pl\/pm7\/blog\/2022\/03\/04\/informacje-dotyczace-rekrutacji-do-publicznych-przedszkoli-i-oddzialow-przedszkolnych-w-szkolach-podstawowych-na-rok-szkolny-2022-2023\/\" class=\"article-title\">Informacje dotycz\u0105ce rekrutacji do publicznych przedszkoli i oddzia\u0142\u00f3w przedszkolnych w szko\u0142ach podstawowych na rok szkolny 2022\/2023<\/a><\/h5><div class=\"article-meta\"><span class=\"entry-date\">4 marca 2022<\/span><span class=\"author vcard\">by <a href=\"https:\/\/zsp12.gliwice.pl\/pm7\/blog\/author\/kszymanek\/\" rel=\"author\">kszymanek<\/a><\/span><\/div><\/div>\t\t\t<\/div>\n\t\t<\/div>\n\t\t\t\t<div class=\"col-md-3 col-sm-3\">\n\t\t\t<div class=\"item-post post-6516 post type-post status-publish format-standard has-post-thumbnail hentry category-archiwum-pm7 category-informacje\">\n\t\t\t\t<div class=\"article-image\"><a class=\"img-post-mobile\" href=\"https:\/\/zsp12.gliwice.pl\/pm7\/blog\/2022\/02\/14\/zebranie-w-sprawie-kontynuacji-oraz-wyboru-szkoly-podstawowej-3-marca-2022\/\"><img decoding=\"async\" src=\"https:\/\/zsp12.gliwice.pl\/pm7\/wp-content\/uploads\/sites\/7\/2020\/03\/road-sign-663368_640.jpg\" alt= \"Zebranie w sprawie kontynuacji oraz wyboru szko\u0142y podstawowej &#8211; 3 marca 2022\" title = \"Zebranie w sprawie kontynuacji oraz wyboru szko\u0142y podstawowej &#8211; 3 marca 2022\" \/><\/a><a class=\"img-post\" href=\"https:\/\/zsp12.gliwice.pl\/pm7\/blog\/2022\/02\/14\/zebranie-w-sprawie-kontynuacji-oraz-wyboru-szkoly-podstawowej-3-marca-2022\/\"><img decoding=\"async\" src=\"https:\/\/zsp12.gliwice.pl\/pm7\/wp-content\/uploads\/sites\/7\/2020\/03\/road-sign-663368_640-150x150.jpg\" alt= \"Zebranie w sprawie kontynuacji oraz wyboru szko\u0142y podstawowej &#8211; 3 marca 2022\" title = \"Zebranie w sprawie kontynuacji oraz wyboru szko\u0142y podstawowej &#8211; 3 marca 2022\" \/><\/a><\/div><div class=\"article-title-wrapper\"><h5><a href=\"https:\/\/zsp12.gliwice.pl\/pm7\/blog\/2022\/02\/14\/zebranie-w-sprawie-kontynuacji-oraz-wyboru-szkoly-podstawowej-3-marca-2022\/\" class=\"article-title\">Zebranie w sprawie kontynuacji oraz wyboru szko\u0142y podstawowej &#8211; 3 marca 2022<\/a><\/h5><div class=\"article-meta\"><span class=\"entry-date\">14 lutego 2022<\/span><span class=\"author vcard\">by <a href=\"https:\/\/zsp12.gliwice.pl\/pm7\/blog\/author\/kszymanek\/\" rel=\"author\">kszymanek<\/a><\/span><\/div><\/div>\t\t\t<\/div>\n\t\t<\/div>\n\t\t\t\t<div class=\"col-md-3 col-sm-3\">\n\t\t\t<div class=\"item-post post-6511 post type-post status-publish format-standard has-post-thumbnail hentry category-archiwum-pm7 category-informacje\">\n\t\t\t\t<div class=\"article-image\"><a class=\"img-post-mobile\" href=\"https:\/\/zsp12.gliwice.pl\/pm7\/blog\/2022\/01\/21\/przedszkolaki-skladaja-zyczenia-babciom-i-dziadkom\/\"><img decoding=\"async\" src=\"https:\/\/zsp12.gliwice.pl\/pm7\/wp-content\/uploads\/sites\/7\/2022\/01\/Dok1-1-1024x577.jpg\" alt= \"Przedszkolaki sk\u0142adaj\u0105 \u017cyczenia Babciom i Dziadkom\" title = \"Przedszkolaki sk\u0142adaj\u0105 \u017cyczenia Babciom i Dziadkom\" \/><\/a><a class=\"img-post\" href=\"https:\/\/zsp12.gliwice.pl\/pm7\/blog\/2022\/01\/21\/przedszkolaki-skladaja-zyczenia-babciom-i-dziadkom\/\"><img decoding=\"async\" src=\"https:\/\/zsp12.gliwice.pl\/pm7\/wp-content\/uploads\/sites\/7\/2022\/01\/Dok1-1-150x150.jpg\" alt= \"Przedszkolaki sk\u0142adaj\u0105 \u017cyczenia Babciom i Dziadkom\" title = \"Przedszkolaki sk\u0142adaj\u0105 \u017cyczenia Babciom i Dziadkom\" \/><\/a><\/div><div class=\"article-title-wrapper\"><h5><a href=\"https:\/\/zsp12.gliwice.pl\/pm7\/blog\/2022\/01\/21\/przedszkolaki-skladaja-zyczenia-babciom-i-dziadkom\/\" class=\"article-title\">Przedszkolaki sk\u0142adaj\u0105 \u017cyczenia Babciom i Dziadkom<\/a><\/h5><div class=\"article-meta\"><span class=\"entry-date\">21 stycznia 2022<\/span><span class=\"author vcard\">by <a href=\"https:\/\/zsp12.gliwice.pl\/pm7\/blog\/author\/kszymanek\/\" rel=\"author\">kszymanek<\/a><\/span><\/div><\/div>\t\t\t<\/div>\n\t\t<\/div>\n\t\t\t\t<div class=\"col-md-3 col-sm-3\">\n\t\t\t<div class=\"item-post post-6508 post type-post status-publish format-standard has-post-thumbnail hentry category-archiwum-pm7 category-informacje\">\n\t\t\t\t<div class=\"article-image\"><a class=\"img-post-mobile\" href=\"https:\/\/zsp12.gliwice.pl\/pm7\/blog\/2022\/01\/21\/dzien-babci-i-dziadka-3\/\"><img decoding=\"async\" src=\"https:\/\/zsp12.gliwice.pl\/pm7\/wp-content\/uploads\/sites\/7\/2022\/01\/Dzie\u0144-Babci-i-Dziadka-1024x726.jpg\" alt= \"Dzie\u0144 Babci i Dziadka\" title = \"Dzie\u0144 Babci i Dziadka\" \/><\/a><a class=\"img-post\" href=\"https:\/\/zsp12.gliwice.pl\/pm7\/blog\/2022\/01\/21\/dzien-babci-i-dziadka-3\/\"><img decoding=\"async\" src=\"https:\/\/zsp12.gliwice.pl\/pm7\/wp-content\/uploads\/sites\/7\/2022\/01\/Dzie\u0144-Babci-i-Dziadka-150x150.jpg\" alt= \"Dzie\u0144 Babci i Dziadka\" title = \"Dzie\u0144 Babci i Dziadka\" \/><\/a><\/div><div class=\"article-title-wrapper\"><h5><a href=\"https:\/\/zsp12.gliwice.pl\/pm7\/blog\/2022\/01\/21\/dzien-babci-i-dziadka-3\/\" class=\"article-title\">Dzie\u0144 Babci i Dziadka<\/a><\/h5><div class=\"article-meta\"><span class=\"entry-date\">21 stycznia 2022<\/span><span class=\"author vcard\">by <a href=\"https:\/\/zsp12.gliwice.pl\/pm7\/blog\/author\/kszymanek\/\" rel=\"author\">kszymanek<\/a><\/span><\/div><\/div>\t\t\t<\/div>\n\t\t<\/div>\n\t\t\t\t<div class=\"col-md-3 col-sm-3\">\n\t\t\t<div class=\"item-post post-6457 post type-post status-publish format-standard has-post-thumbnail hentry category-archiwum-pm7 category-informacje\">\n\t\t\t\t<div class=\"article-image\"><a class=\"img-post-mobile\" href=\"https:\/\/zsp12.gliwice.pl\/pm7\/blog\/2021\/12\/22\/przedszkolaki-skladaja-zyczenia\/\"><img decoding=\"async\" src=\"https:\/\/zsp12.gliwice.pl\/pm7\/wp-content\/uploads\/sites\/7\/2021\/12\/prezentacja-1024x576.jpg\" alt= \"Przedszkolaki sk\u0142adaj\u0105 \u017cyczenia!\" title = \"Przedszkolaki sk\u0142adaj\u0105 \u017cyczenia!\" \/><\/a><a class=\"img-post\" href=\"https:\/\/zsp12.gliwice.pl\/pm7\/blog\/2021\/12\/22\/przedszkolaki-skladaja-zyczenia\/\"><img decoding=\"async\" src=\"https:\/\/zsp12.gliwice.pl\/pm7\/wp-content\/uploads\/sites\/7\/2021\/12\/prezentacja-150x150.jpg\" alt= \"Przedszkolaki sk\u0142adaj\u0105 \u017cyczenia!\" title = \"Przedszkolaki sk\u0142adaj\u0105 \u017cyczenia!\" \/><\/a><\/div><div class=\"article-title-wrapper\"><h5><a href=\"https:\/\/zsp12.gliwice.pl\/pm7\/blog\/2021\/12\/22\/przedszkolaki-skladaja-zyczenia\/\" class=\"article-title\">Przedszkolaki sk\u0142adaj\u0105 \u017cyczenia!<\/a><\/h5><div class=\"article-meta\"><span class=\"entry-date\">22 grudnia 2021<\/span><span class=\"author vcard\">by <a href=\"https:\/\/zsp12.gliwice.pl\/pm7\/blog\/author\/kszymanek\/\" rel=\"author\">kszymanek<\/a><\/span><\/div><\/div>\t\t\t<\/div>\n\t\t<\/div>\n\t\t\t\t<div class=\"col-md-3 col-sm-3\">\n\t\t\t<div class=\"item-post post-6452 post type-post status-publish format-standard has-post-thumbnail hentry category-archiwum-pm7 category-informacje\">\n\t\t\t\t<div class=\"article-image\"><a class=\"img-post-mobile\" href=\"https:\/\/zsp12.gliwice.pl\/pm7\/blog\/2021\/12\/22\/zyczenia-swiateczne-od-pracownikow-pm7\/\"><img decoding=\"async\" src=\"https:\/\/zsp12.gliwice.pl\/pm7\/wp-content\/uploads\/sites\/7\/2021\/12\/boze-nardodzenie-2021-1024x726.jpg\" alt= \"\u017byczenia \u015awi\u0105teczne od pracownik\u00f3w PM7\" title = \"\u017byczenia \u015awi\u0105teczne od pracownik\u00f3w PM7\" \/><\/a><a class=\"img-post\" href=\"https:\/\/zsp12.gliwice.pl\/pm7\/blog\/2021\/12\/22\/zyczenia-swiateczne-od-pracownikow-pm7\/\"><img decoding=\"async\" src=\"https:\/\/zsp12.gliwice.pl\/pm7\/wp-content\/uploads\/sites\/7\/2021\/12\/boze-nardodzenie-2021-150x150.jpg\" alt= \"\u017byczenia \u015awi\u0105teczne od pracownik\u00f3w PM7\" title = \"\u017byczenia \u015awi\u0105teczne od pracownik\u00f3w PM7\" \/><\/a><\/div><div class=\"article-title-wrapper\"><h5><a href=\"https:\/\/zsp12.gliwice.pl\/pm7\/blog\/2021\/12\/22\/zyczenia-swiateczne-od-pracownikow-pm7\/\" class=\"article-title\">\u017byczenia \u015awi\u0105teczne od pracownik\u00f3w PM7<\/a><\/h5><div class=\"article-meta\"><span class=\"entry-date\">22 grudnia 2021<\/span><span class=\"author vcard\">by <a href=\"https:\/\/zsp12.gliwice.pl\/pm7\/blog\/author\/kszymanek\/\" rel=\"author\">kszymanek<\/a><\/span><\/div><\/div>\t\t\t<\/div>\n\t\t<\/div>\n\t\t\t\t<div class=\"col-md-3 col-sm-3\">\n\t\t\t<div class=\"item-post post-6054 post type-post status-publish format-standard has-post-thumbnail hentry category-archiwum-pm7 category-informacje\">\n\t\t\t\t<div class=\"article-image\"><a class=\"img-post-mobile\" href=\"https:\/\/zsp12.gliwice.pl\/pm7\/blog\/2021\/11\/30\/zbiorka-swiateczna\/\"><img decoding=\"async\" src=\"https:\/\/zsp12.gliwice.pl\/pm7\/wp-content\/uploads\/sites\/7\/2021\/11\/christmas-decoration-composition-gift-box-pine-cones-spruce-branches-1024x683.jpg\" alt= \"Zbi\u00f3rka \u015bwi\u0105teczna\" title = \"Zbi\u00f3rka \u015bwi\u0105teczna\" \/><\/a><a class=\"img-post\" href=\"https:\/\/zsp12.gliwice.pl\/pm7\/blog\/2021\/11\/30\/zbiorka-swiateczna\/\"><img decoding=\"async\" src=\"https:\/\/zsp12.gliwice.pl\/pm7\/wp-content\/uploads\/sites\/7\/2021\/11\/christmas-decoration-composition-gift-box-pine-cones-spruce-branches-150x150.jpg\" alt= \"Zbi\u00f3rka \u015bwi\u0105teczna\" title = \"Zbi\u00f3rka \u015bwi\u0105teczna\" \/><\/a><\/div><div class=\"article-title-wrapper\"><h5><a href=\"https:\/\/zsp12.gliwice.pl\/pm7\/blog\/2021\/11\/30\/zbiorka-swiateczna\/\" class=\"article-title\">Zbi\u00f3rka \u015bwi\u0105teczna<\/a><\/h5><div class=\"article-meta\"><span class=\"entry-date\">30 listopada 2021<\/span><span class=\"author vcard\">by <a href=\"https:\/\/zsp12.gliwice.pl\/pm7\/blog\/author\/kszymanek\/\" rel=\"author\">kszymanek<\/a><\/span><\/div><\/div>\t\t\t<\/div>\n\t\t<\/div>\n\t\t\t\t<div class=\"col-md-3 col-sm-3\">\n\t\t\t<div class=\"item-post post-5901 post type-post status-publish format-standard has-post-thumbnail hentry category-archiwum-pm7 category-informacje\">\n\t\t\t\t<div class=\"article-image\"><a class=\"img-post-mobile\" href=\"https:\/\/zsp12.gliwice.pl\/pm7\/blog\/2021\/11\/18\/konkurs-projekt-muralu-zsp12\/\"><img decoding=\"async\" src=\"https:\/\/zsp12.gliwice.pl\/pm7\/wp-content\/uploads\/sites\/7\/2021\/11\/DOC408_na_mural.jpg\" alt= \"Konkurs &#8211; Projekt muralu ZSP12\" title = \"Konkurs &#8211; Projekt muralu ZSP12\" \/><\/a><a class=\"img-post\" href=\"https:\/\/zsp12.gliwice.pl\/pm7\/blog\/2021\/11\/18\/konkurs-projekt-muralu-zsp12\/\"><img decoding=\"async\" src=\"https:\/\/zsp12.gliwice.pl\/pm7\/wp-content\/uploads\/sites\/7\/2021\/11\/DOC408_na_mural-150x150.jpg\" alt= \"Konkurs &#8211; Projekt muralu ZSP12\" title = \"Konkurs &#8211; Projekt muralu ZSP12\" \/><\/a><\/div><div class=\"article-title-wrapper\"><h5><a href=\"https:\/\/zsp12.gliwice.pl\/pm7\/blog\/2021\/11\/18\/konkurs-projekt-muralu-zsp12\/\" class=\"article-title\">Konkurs &#8211; Projekt muralu ZSP12<\/a><\/h5><div class=\"article-meta\"><span class=\"entry-date\">18 listopada 2021<\/span><span class=\"author vcard\">by <a href=\"https:\/\/zsp12.gliwice.pl\/pm7\/blog\/author\/kszymanek\/\" rel=\"author\">kszymanek<\/a><\/span><\/div><\/div>\t\t\t<\/div>\n\t\t<\/div>\n\t\t\t\t<div class=\"col-md-3 col-sm-3\">\n\t\t\t<div class=\"item-post post-5864 post type-post status-publish format-standard has-post-thumbnail hentry category-archiwum-pm7 category-informacje\">\n\t\t\t\t<div class=\"article-image\"><a class=\"img-post-mobile\" href=\"https:\/\/zsp12.gliwice.pl\/pm7\/blog\/2021\/10\/25\/zbiorka-dla-psiaka-i-kociaka\/\"><img decoding=\"async\" src=\"https:\/\/zsp12.gliwice.pl\/pm7\/wp-content\/uploads\/sites\/7\/2021\/10\/akcja-wolontariatu-korekta2-1-734x1024.jpg\" alt= \"Zbi\u00f3rka dla psiaka i kociaka\" title = \"Zbi\u00f3rka dla psiaka i kociaka\" \/><\/a><a class=\"img-post\" href=\"https:\/\/zsp12.gliwice.pl\/pm7\/blog\/2021\/10\/25\/zbiorka-dla-psiaka-i-kociaka\/\"><img decoding=\"async\" src=\"https:\/\/zsp12.gliwice.pl\/pm7\/wp-content\/uploads\/sites\/7\/2021\/10\/akcja-wolontariatu-korekta2-1-150x150.jpg\" alt= \"Zbi\u00f3rka dla psiaka i kociaka\" title = \"Zbi\u00f3rka dla psiaka i kociaka\" \/><\/a><\/div><div class=\"article-title-wrapper\"><h5><a href=\"https:\/\/zsp12.gliwice.pl\/pm7\/blog\/2021\/10\/25\/zbiorka-dla-psiaka-i-kociaka\/\" class=\"article-title\">Zbi\u00f3rka dla psiaka i kociaka<\/a><\/h5><div class=\"article-meta\"><span class=\"entry-date\">25 pa\u017adziernika 2021<\/span><span class=\"author vcard\">by <a href=\"https:\/\/zsp12.gliwice.pl\/pm7\/blog\/author\/kszymanek\/\" rel=\"author\">kszymanek<\/a><\/span><\/div><\/div>\t\t\t<\/div>\n\t\t<\/div>\n\t\t\t\t<div class=\"col-md-3 col-sm-3\">\n\t\t\t<div class=\"item-post post-5804 post type-post status-publish format-standard has-post-thumbnail hentry category-archiwum-pm7 category-informacje\">\n\t\t\t\t<div class=\"article-image\"><a class=\"img-post-mobile\" href=\"https:\/\/zsp12.gliwice.pl\/pm7\/blog\/2021\/10\/18\/dzien-ziemniaka-zaproszenie\/\"><img decoding=\"async\" src=\"https:\/\/zsp12.gliwice.pl\/pm7\/wp-content\/uploads\/sites\/7\/2021\/10\/PLAKAT_DZIEN_ZIEMNIAKA-724x1024.jpg\" alt= \"Dzie\u0144 Ziemniaka &#8211; zaproszenie\" title = \"Dzie\u0144 Ziemniaka &#8211; zaproszenie\" \/><\/a><a class=\"img-post\" href=\"https:\/\/zsp12.gliwice.pl\/pm7\/blog\/2021\/10\/18\/dzien-ziemniaka-zaproszenie\/\"><img decoding=\"async\" src=\"https:\/\/zsp12.gliwice.pl\/pm7\/wp-content\/uploads\/sites\/7\/2021\/10\/PLAKAT_DZIEN_ZIEMNIAKA-150x150.jpg\" alt= \"Dzie\u0144 Ziemniaka &#8211; zaproszenie\" title = \"Dzie\u0144 Ziemniaka &#8211; zaproszenie\" \/><\/a><\/div><div class=\"article-title-wrapper\"><h5><a href=\"https:\/\/zsp12.gliwice.pl\/pm7\/blog\/2021\/10\/18\/dzien-ziemniaka-zaproszenie\/\" class=\"article-title\">Dzie\u0144 Ziemniaka &#8211; zaproszenie<\/a><\/h5><div class=\"article-meta\"><span class=\"entry-date\">18 pa\u017adziernika 2021<\/span><span class=\"author vcard\">by <a href=\"https:\/\/zsp12.gliwice.pl\/pm7\/blog\/author\/kszymanek\/\" rel=\"author\">kszymanek<\/a><\/span><\/div><\/div>\t\t\t<\/div>\n\t\t<\/div>\n\t\t\t\t<div class=\"col-md-3 col-sm-3\">\n\t\t\t<div class=\"item-post post-5745 post type-post status-publish format-standard has-post-thumbnail hentry category-archiwum-pm7 category-informacje\">\n\t\t\t\t<div class=\"article-image\"><a class=\"img-post-mobile\" href=\"https:\/\/zsp12.gliwice.pl\/pm7\/blog\/2021\/10\/14\/zyczenia-z-okazji-dnia-edukacji-narodowej\/\"><img decoding=\"async\" src=\"https:\/\/zsp12.gliwice.pl\/pm7\/wp-content\/uploads\/sites\/7\/2021\/10\/Kolorowy-Kwiaty-Uroczy-i-Przyjazny-Og\u00f3lny-\u017byczenia-Dzie\u0144-Matki-Plakat-1-683x1024.jpg\" alt= \"\u017byczenia z okazji Dnia Edukacji Narodowej\" title = \"\u017byczenia z okazji Dnia Edukacji Narodowej\" \/><\/a><a class=\"img-post\" href=\"https:\/\/zsp12.gliwice.pl\/pm7\/blog\/2021\/10\/14\/zyczenia-z-okazji-dnia-edukacji-narodowej\/\"><img decoding=\"async\" src=\"https:\/\/zsp12.gliwice.pl\/pm7\/wp-content\/uploads\/sites\/7\/2021\/10\/Kolorowy-Kwiaty-Uroczy-i-Przyjazny-Og\u00f3lny-\u017byczenia-Dzie\u0144-Matki-Plakat-1-150x150.jpg\" alt= \"\u017byczenia z okazji Dnia Edukacji Narodowej\" title = \"\u017byczenia z okazji Dnia Edukacji Narodowej\" \/><\/a><\/div><div class=\"article-title-wrapper\"><h5><a href=\"https:\/\/zsp12.gliwice.pl\/pm7\/blog\/2021\/10\/14\/zyczenia-z-okazji-dnia-edukacji-narodowej\/\" class=\"article-title\">\u017byczenia z okazji Dnia Edukacji Narodowej<\/a><\/h5><div class=\"article-meta\"><span class=\"entry-date\">14 pa\u017adziernika 2021<\/span><span class=\"author vcard\">by <a href=\"https:\/\/zsp12.gliwice.pl\/pm7\/blog\/author\/kszymanek\/\" rel=\"author\">kszymanek<\/a><\/span><\/div><\/div>\t\t\t<\/div>\n\t\t<\/div>\n\t\t\t\t<div class=\"col-md-3 col-sm-3\">\n\t\t\t<div class=\"item-post post-5554 post type-post status-publish format-standard has-post-thumbnail hentry category-archiwum-pm7 category-informacje\">\n\t\t\t\t<div class=\"article-image\"><a class=\"img-post-mobile\" href=\"https:\/\/zsp12.gliwice.pl\/pm7\/blog\/2021\/09\/08\/zebranie\/\"><img decoding=\"async\" src=\"https:\/\/zsp12.gliwice.pl\/pm7\/wp-content\/uploads\/sites\/7\/2020\/04\/41543-1024x428.jpg\" alt= \"Zebranie\" title = \"Zebranie\" \/><\/a><a class=\"img-post\" href=\"https:\/\/zsp12.gliwice.pl\/pm7\/blog\/2021\/09\/08\/zebranie\/\"><img decoding=\"async\" src=\"https:\/\/zsp12.gliwice.pl\/pm7\/wp-content\/uploads\/sites\/7\/2020\/04\/41543-150x150.jpg\" alt= \"Zebranie\" title = \"Zebranie\" \/><\/a><\/div><div class=\"article-title-wrapper\"><h5><a href=\"https:\/\/zsp12.gliwice.pl\/pm7\/blog\/2021\/09\/08\/zebranie\/\" class=\"article-title\">Zebranie<\/a><\/h5><div class=\"article-meta\"><span class=\"entry-date\">8 wrze\u015bnia 2021<\/span><span class=\"author vcard\">by <a href=\"https:\/\/zsp12.gliwice.pl\/pm7\/blog\/author\/kszymanek\/\" rel=\"author\">kszymanek<\/a><\/span><\/div><\/div>\t\t\t<\/div>\n\t\t<\/div>\n\t\t\t\t<div class=\"col-md-3 col-sm-3\">\n\t\t\t<div class=\"item-post post-5542 post type-post status-publish format-standard has-post-thumbnail hentry category-archiwum-pm7 category-informacje\">\n\t\t\t\t<div class=\"article-image\"><a class=\"img-post-mobile\" href=\"https:\/\/zsp12.gliwice.pl\/pm7\/blog\/2021\/09\/03\/indrustiada-2021\/\"><img decoding=\"async\" src=\"https:\/\/zsp12.gliwice.pl\/pm7\/wp-content\/uploads\/sites\/7\/2021\/09\/industriada-1024x576.jpg\" alt= \"Industriada 2021\" title = \"Industriada 2021\" \/><\/a><a class=\"img-post\" href=\"https:\/\/zsp12.gliwice.pl\/pm7\/blog\/2021\/09\/03\/indrustiada-2021\/\"><img decoding=\"async\" src=\"https:\/\/zsp12.gliwice.pl\/pm7\/wp-content\/uploads\/sites\/7\/2021\/09\/industriada-150x150.jpg\" alt= \"Industriada 2021\" title = \"Industriada 2021\" \/><\/a><\/div><div class=\"article-title-wrapper\"><h5><a href=\"https:\/\/zsp12.gliwice.pl\/pm7\/blog\/2021\/09\/03\/indrustiada-2021\/\" class=\"article-title\">Industriada 2021<\/a><\/h5><div class=\"article-meta\"><span class=\"entry-date\">3 wrze\u015bnia 2021<\/span><span class=\"author vcard\">by <a href=\"https:\/\/zsp12.gliwice.pl\/pm7\/blog\/author\/kszymanek\/\" rel=\"author\">kszymanek<\/a><\/span><\/div><\/div>\t\t\t<\/div>\n\t\t<\/div>\n\t\t\t\t<div class=\"col-md-3 col-sm-3\">\n\t\t\t<div class=\"item-post post-5526 post type-post status-publish format-standard has-post-thumbnail hentry category-archiwum-pm7 category-informacje\">\n\t\t\t\t<div class=\"article-image\"><a class=\"img-post-mobile\" href=\"https:\/\/zsp12.gliwice.pl\/pm7\/blog\/2021\/08\/03\/zebranie-organizacyjne-przedszkole-2021-2022\/\"><img decoding=\"async\" src=\"https:\/\/zsp12.gliwice.pl\/pm7\/wp-content\/uploads\/sites\/7\/2023\/06\/admin-ajax.jpg\" alt= \"Zebranie organizacyjne przedszkole 2021\/2022\" title = \"Zebranie organizacyjne przedszkole 2021\/2022\" \/><\/a><a class=\"img-post\" href=\"https:\/\/zsp12.gliwice.pl\/pm7\/blog\/2021\/08\/03\/zebranie-organizacyjne-przedszkole-2021-2022\/\"><img decoding=\"async\" src=\"https:\/\/zsp12.gliwice.pl\/pm7\/wp-content\/uploads\/sites\/7\/2023\/06\/admin-ajax-150x150.jpg\" alt= \"Zebranie organizacyjne przedszkole 2021\/2022\" title = \"Zebranie organizacyjne przedszkole 2021\/2022\" \/><\/a><\/div><div class=\"article-title-wrapper\"><h5><a href=\"https:\/\/zsp12.gliwice.pl\/pm7\/blog\/2021\/08\/03\/zebranie-organizacyjne-przedszkole-2021-2022\/\" class=\"article-title\">Zebranie organizacyjne przedszkole 2021\/2022<\/a><\/h5><div class=\"article-meta\"><span class=\"entry-date\">3 sierpnia 2021<\/span><span class=\"author vcard\">by <a href=\"https:\/\/zsp12.gliwice.pl\/pm7\/blog\/author\/kszymanek\/\" rel=\"author\">kszymanek<\/a><\/span><\/div><\/div>\t\t\t<\/div>\n\t\t<\/div>\n\t\t\t\t<div class=\"col-md-3 col-sm-3\">\n\t\t\t<div class=\"item-post post-5484 post type-post status-publish format-standard has-post-thumbnail hentry category-archiwum-pm7 category-informacje\">\n\t\t\t\t<div class=\"article-image\"><a class=\"img-post-mobile\" href=\"https:\/\/zsp12.gliwice.pl\/pm7\/blog\/2021\/06\/30\/udanych-wakacji\/\"><img decoding=\"async\" src=\"https:\/\/zsp12.gliwice.pl\/pm7\/wp-content\/uploads\/sites\/7\/2021\/06\/Summer-Fun-Facebook-Cover-1024x577.jpg\" alt= \"Udanych wakacji!!!\" title = \"Udanych wakacji!!!\" \/><\/a><a class=\"img-post\" href=\"https:\/\/zsp12.gliwice.pl\/pm7\/blog\/2021\/06\/30\/udanych-wakacji\/\"><img decoding=\"async\" src=\"https:\/\/zsp12.gliwice.pl\/pm7\/wp-content\/uploads\/sites\/7\/2021\/06\/Summer-Fun-Facebook-Cover-150x150.jpg\" alt= \"Udanych wakacji!!!\" title = \"Udanych wakacji!!!\" \/><\/a><\/div><div class=\"article-title-wrapper\"><h5><a href=\"https:\/\/zsp12.gliwice.pl\/pm7\/blog\/2021\/06\/30\/udanych-wakacji\/\" class=\"article-title\">Udanych wakacji!!!<\/a><\/h5><div class=\"article-meta\"><span class=\"entry-date\">30 czerwca 2021<\/span><span class=\"author vcard\">by <a href=\"https:\/\/zsp12.gliwice.pl\/pm7\/blog\/author\/kszymanek\/\" rel=\"author\">kszymanek<\/a><\/span><\/div><\/div>\t\t\t<\/div>\n\t\t<\/div>\n\t\t\t\t<div class=\"col-md-3 col-sm-3\">\n\t\t\t<div class=\"item-post post-5436 post type-post status-publish format-standard has-post-thumbnail hentry category-archiwum-pm7 category-informacje\">\n\t\t\t\t<div class=\"article-image\"><a class=\"img-post-mobile\" href=\"https:\/\/zsp12.gliwice.pl\/pm7\/blog\/2021\/06\/25\/projekt-owady-w-grupie-poszukiwaczy\/\"><img decoding=\"async\" src=\"https:\/\/zsp12.gliwice.pl\/pm7\/wp-content\/uploads\/sites\/7\/2021\/06\/portfolio-992x1024.jpg\" alt= \"Projekt &#8220;Owady i inni znajomi z majowej \u0142\u0105ki&#8221; w grupie Poszukiwaczy\" title = \"Projekt &#8220;Owady i inni znajomi z majowej \u0142\u0105ki&#8221; w grupie Poszukiwaczy\" \/><\/a><a class=\"img-post\" href=\"https:\/\/zsp12.gliwice.pl\/pm7\/blog\/2021\/06\/25\/projekt-owady-w-grupie-poszukiwaczy\/\"><img decoding=\"async\" src=\"https:\/\/zsp12.gliwice.pl\/pm7\/wp-content\/uploads\/sites\/7\/2021\/06\/portfolio-150x150.jpg\" alt= \"Projekt &#8220;Owady i inni znajomi z majowej \u0142\u0105ki&#8221; w grupie Poszukiwaczy\" title = \"Projekt &#8220;Owady i inni znajomi z majowej \u0142\u0105ki&#8221; w grupie Poszukiwaczy\" \/><\/a><\/div><div class=\"article-title-wrapper\"><h5><a href=\"https:\/\/zsp12.gliwice.pl\/pm7\/blog\/2021\/06\/25\/projekt-owady-w-grupie-poszukiwaczy\/\" class=\"article-title\">Projekt &#8220;Owady i inni znajomi z majowej \u0142\u0105ki&#8221; w grupie Poszukiwaczy<\/a><\/h5><div class=\"article-meta\"><span class=\"entry-date\">25 czerwca 2021<\/span><span class=\"author vcard\">by <a href=\"https:\/\/zsp12.gliwice.pl\/pm7\/blog\/author\/kszymanek\/\" rel=\"author\">kszymanek<\/a><\/span><\/div><\/div>\t\t\t<\/div>\n\t\t<\/div>\n\t\t\t\t<div class=\"col-md-3 col-sm-3\">\n\t\t\t<div class=\"item-post post-5431 post type-post status-publish format-standard has-post-thumbnail hentry category-archiwum-pm7 category-informacje\">\n\t\t\t\t<div class=\"article-image\"><a class=\"img-post-mobile\" href=\"https:\/\/zsp12.gliwice.pl\/pm7\/blog\/2021\/06\/23\/zyczenia-dla-naszych-tatusiow\/\"><img decoding=\"async\" src=\"https:\/\/zsp12.gliwice.pl\/pm7\/wp-content\/uploads\/sites\/7\/2021\/06\/Lizak-Lodowy-Dzie\u0144-Ojca-Kartka-1024x727.jpg\" alt= \"\u017byczenia dla Naszych Tatusi\u00f3w!\" title = \"\u017byczenia dla Naszych Tatusi\u00f3w!\" \/><\/a><a class=\"img-post\" href=\"https:\/\/zsp12.gliwice.pl\/pm7\/blog\/2021\/06\/23\/zyczenia-dla-naszych-tatusiow\/\"><img decoding=\"async\" src=\"https:\/\/zsp12.gliwice.pl\/pm7\/wp-content\/uploads\/sites\/7\/2021\/06\/Lizak-Lodowy-Dzie\u0144-Ojca-Kartka-150x150.jpg\" alt= \"\u017byczenia dla Naszych Tatusi\u00f3w!\" title = \"\u017byczenia dla Naszych Tatusi\u00f3w!\" \/><\/a><\/div><div class=\"article-title-wrapper\"><h5><a href=\"https:\/\/zsp12.gliwice.pl\/pm7\/blog\/2021\/06\/23\/zyczenia-dla-naszych-tatusiow\/\" class=\"article-title\">\u017byczenia dla Naszych Tatusi\u00f3w!<\/a><\/h5><div class=\"article-meta\"><span class=\"entry-date\">23 czerwca 2021<\/span><span class=\"author vcard\">by <a href=\"https:\/\/zsp12.gliwice.pl\/pm7\/blog\/author\/kszymanek\/\" rel=\"author\">kszymanek<\/a><\/span><\/div><\/div>\t\t\t<\/div>\n\t\t<\/div>\n\t\t\t\t<div class=\"col-md-3 col-sm-3\">\n\t\t\t<div class=\"item-post post-5310 post type-post status-publish format-standard has-post-thumbnail hentry category-archiwum-pm7 category-informacje\">\n\t\t\t\t<div class=\"article-image\"><a class=\"img-post-mobile\" href=\"https:\/\/zsp12.gliwice.pl\/pm7\/blog\/2021\/05\/26\/zyczenia-dla-naszych-mam\/\"><img decoding=\"async\" src=\"https:\/\/zsp12.gliwice.pl\/pm7\/wp-content\/uploads\/sites\/7\/2021\/05\/Screenshot_20210525-212026_Samsung-Internet-1024x582.jpg\" alt= \"\u017byczenia dla Naszych Mam!\" title = \"\u017byczenia dla Naszych Mam!\" \/><\/a><a class=\"img-post\" href=\"https:\/\/zsp12.gliwice.pl\/pm7\/blog\/2021\/05\/26\/zyczenia-dla-naszych-mam\/\"><img decoding=\"async\" src=\"https:\/\/zsp12.gliwice.pl\/pm7\/wp-content\/uploads\/sites\/7\/2021\/05\/Screenshot_20210525-212026_Samsung-Internet-150x150.jpg\" alt= \"\u017byczenia dla Naszych Mam!\" title = \"\u017byczenia dla Naszych Mam!\" \/><\/a><\/div><div class=\"article-title-wrapper\"><h5><a href=\"https:\/\/zsp12.gliwice.pl\/pm7\/blog\/2021\/05\/26\/zyczenia-dla-naszych-mam\/\" class=\"article-title\">\u017byczenia dla Naszych Mam!<\/a><\/h5><div class=\"article-meta\"><span class=\"entry-date\">26 maja 2021<\/span><span class=\"author vcard\">by <a href=\"https:\/\/zsp12.gliwice.pl\/pm7\/blog\/author\/kszymanek\/\" rel=\"author\">kszymanek<\/a><\/span><\/div><\/div>\t\t\t<\/div>\n\t\t<\/div>\n\t\t\t\t<div class=\"col-md-3 col-sm-3\">\n\t\t\t<div class=\"item-post post-5307 post type-post status-publish format-standard has-post-thumbnail hentry category-archiwum-pm7 category-informacje\">\n\t\t\t\t<div class=\"article-image\"><a class=\"img-post-mobile\" href=\"https:\/\/zsp12.gliwice.pl\/pm7\/blog\/2021\/05\/25\/prezydent-miasta-gliwice-zaprasza-na-dzien-dziecka\/\"><img decoding=\"async\" src=\"https:\/\/zsp12.gliwice.pl\/pm7\/wp-content\/uploads\/sites\/7\/2021\/05\/Dzien_Dziecka_2021_plakat-711x1024.jpg\" alt= \"Prezydent Miasta Gliwice zaprasza na Dzie\u0144 Dziecka\" title = \"Prezydent Miasta Gliwice zaprasza na Dzie\u0144 Dziecka\" \/><\/a><a class=\"img-post\" href=\"https:\/\/zsp12.gliwice.pl\/pm7\/blog\/2021\/05\/25\/prezydent-miasta-gliwice-zaprasza-na-dzien-dziecka\/\"><img decoding=\"async\" src=\"https:\/\/zsp12.gliwice.pl\/pm7\/wp-content\/uploads\/sites\/7\/2021\/05\/Dzien_Dziecka_2021_plakat-150x150.jpg\" alt= \"Prezydent Miasta Gliwice zaprasza na Dzie\u0144 Dziecka\" title = \"Prezydent Miasta Gliwice zaprasza na Dzie\u0144 Dziecka\" \/><\/a><\/div><div class=\"article-title-wrapper\"><h5><a href=\"https:\/\/zsp12.gliwice.pl\/pm7\/blog\/2021\/05\/25\/prezydent-miasta-gliwice-zaprasza-na-dzien-dziecka\/\" class=\"article-title\">Prezydent Miasta Gliwice zaprasza na Dzie\u0144 Dziecka<\/a><\/h5><div class=\"article-meta\"><span class=\"entry-date\">25 maja 2021<\/span><span class=\"author vcard\">by <a href=\"https:\/\/zsp12.gliwice.pl\/pm7\/blog\/author\/kszymanek\/\" rel=\"author\">kszymanek<\/a><\/span><\/div><\/div>\t\t\t<\/div>\n\t\t<\/div>\n\t\t\t\t<div class=\"col-md-3 col-sm-3\">\n\t\t\t<div class=\"item-post post-5246 post type-post status-publish format-standard has-post-thumbnail hentry category-archiwum-pm7 category-informacje\">\n\t\t\t\t<div class=\"article-image\"><a class=\"img-post-mobile\" href=\"https:\/\/zsp12.gliwice.pl\/pm7\/blog\/2021\/05\/10\/rekrutacja-do-przedszkola-zbiorczego-w-pm7\/\"><img decoding=\"async\" src=\"https:\/\/zsp12.gliwice.pl\/pm7\/wp-content\/uploads\/sites\/7\/2020\/08\/59535-OA827H-246-1024x1024.jpg\" alt= \"Rekrutacja do przedszkola zbiorczego w PM7\" title = \"Rekrutacja do przedszkola zbiorczego w PM7\" \/><\/a><a class=\"img-post\" href=\"https:\/\/zsp12.gliwice.pl\/pm7\/blog\/2021\/05\/10\/rekrutacja-do-przedszkola-zbiorczego-w-pm7\/\"><img decoding=\"async\" src=\"https:\/\/zsp12.gliwice.pl\/pm7\/wp-content\/uploads\/sites\/7\/2020\/08\/59535-OA827H-246-150x150.jpg\" alt= \"Rekrutacja do przedszkola zbiorczego w PM7\" title = \"Rekrutacja do przedszkola zbiorczego w PM7\" \/><\/a><\/div><div class=\"article-title-wrapper\"><h5><a href=\"https:\/\/zsp12.gliwice.pl\/pm7\/blog\/2021\/05\/10\/rekrutacja-do-przedszkola-zbiorczego-w-pm7\/\" class=\"article-title\">Rekrutacja do przedszkola zbiorczego w PM7<\/a><\/h5><div class=\"article-meta\"><span class=\"entry-date\">10 maja 2021<\/span><span class=\"author vcard\">by <a href=\"https:\/\/zsp12.gliwice.pl\/pm7\/blog\/author\/kszymanek\/\" rel=\"author\">kszymanek<\/a><\/span><\/div><\/div>\t\t\t<\/div>\n\t\t<\/div>\n\t\t\t\t<div class=\"col-md-3 col-sm-3\">\n\t\t\t<div class=\"item-post post-5215 post type-post status-publish format-standard has-post-thumbnail hentry category-archiwum-pm7 category-informacje\">\n\t\t\t\t<div class=\"article-image\"><a class=\"img-post-mobile\" href=\"https:\/\/zsp12.gliwice.pl\/pm7\/blog\/2021\/04\/26\/wyniki-rekrutacji-2021-2022\/\"><img decoding=\"async\" src=\"https:\/\/zsp12.gliwice.pl\/pm7\/wp-content\/uploads\/sites\/7\/2020\/03\/road-sign-663368_640.jpg\" alt= \"Wyniki rekrutacji 2021\/2022\" title = \"Wyniki rekrutacji 2021\/2022\" \/><\/a><a class=\"img-post\" href=\"https:\/\/zsp12.gliwice.pl\/pm7\/blog\/2021\/04\/26\/wyniki-rekrutacji-2021-2022\/\"><img decoding=\"async\" src=\"https:\/\/zsp12.gliwice.pl\/pm7\/wp-content\/uploads\/sites\/7\/2020\/03\/road-sign-663368_640-150x150.jpg\" alt= \"Wyniki rekrutacji 2021\/2022\" title = \"Wyniki rekrutacji 2021\/2022\" \/><\/a><\/div><div class=\"article-title-wrapper\"><h5><a href=\"https:\/\/zsp12.gliwice.pl\/pm7\/blog\/2021\/04\/26\/wyniki-rekrutacji-2021-2022\/\" class=\"article-title\">Wyniki rekrutacji 2021\/2022<\/a><\/h5><div class=\"article-meta\"><span class=\"entry-date\">26 kwietnia 2021<\/span><span class=\"author vcard\">by <a href=\"https:\/\/zsp12.gliwice.pl\/pm7\/blog\/author\/kszymanek\/\" rel=\"author\">kszymanek<\/a><\/span><\/div><\/div>\t\t\t<\/div>\n\t\t<\/div>\n\t\t\t\t<div class=\"col-md-3 col-sm-3\">\n\t\t\t<div class=\"item-post post-5195 post type-post status-publish format-standard has-post-thumbnail hentry category-archiwum-pm7 category-informacje\">\n\t\t\t\t<div class=\"article-image\"><a class=\"img-post-mobile\" href=\"https:\/\/zsp12.gliwice.pl\/pm7\/blog\/2021\/04\/13\/wynik-procesu-rekrutacji-na-rok-szkolny-2021-2022\/\"><img decoding=\"async\" src=\"https:\/\/zsp12.gliwice.pl\/pm7\/wp-content\/uploads\/sites\/7\/2020\/03\/road-sign-663368_640.jpg\" alt= \"Wynik procesu rekrutacji na rok szkolny 2021\/2022\" title = \"Wynik procesu rekrutacji na rok szkolny 2021\/2022\" \/><\/a><a class=\"img-post\" href=\"https:\/\/zsp12.gliwice.pl\/pm7\/blog\/2021\/04\/13\/wynik-procesu-rekrutacji-na-rok-szkolny-2021-2022\/\"><img decoding=\"async\" src=\"https:\/\/zsp12.gliwice.pl\/pm7\/wp-content\/uploads\/sites\/7\/2020\/03\/road-sign-663368_640-150x150.jpg\" alt= \"Wynik procesu rekrutacji na rok szkolny 2021\/2022\" title = \"Wynik procesu rekrutacji na rok szkolny 2021\/2022\" \/><\/a><\/div><div class=\"article-title-wrapper\"><h5><a href=\"https:\/\/zsp12.gliwice.pl\/pm7\/blog\/2021\/04\/13\/wynik-procesu-rekrutacji-na-rok-szkolny-2021-2022\/\" class=\"article-title\">Wynik procesu rekrutacji na rok szkolny 2021\/2022<\/a><\/h5><div class=\"article-meta\"><span class=\"entry-date\">13 kwietnia 2021<\/span><span class=\"author vcard\">by <a href=\"https:\/\/zsp12.gliwice.pl\/pm7\/blog\/author\/kszymanek\/\" rel=\"author\">kszymanek<\/a><\/span><\/div><\/div>\t\t\t<\/div>\n\t\t<\/div>\n\t\t\t\t<div class=\"col-md-3 col-sm-3\">\n\t\t\t<div class=\"item-post post-5190 post type-post status-publish format-standard has-post-thumbnail hentry category-archiwum-pm7 category-informacje\">\n\t\t\t\t<div class=\"article-image\"><a class=\"img-post-mobile\" href=\"https:\/\/zsp12.gliwice.pl\/pm7\/blog\/2021\/04\/03\/zyczenia-wielkanocne-od-najmlodszych-przedszkolakow-pm-7-sloneczek\/\"><img decoding=\"async\" src=\"https:\/\/zsp12.gliwice.pl\/pm7\/wp-content\/uploads\/sites\/7\/2023\/06\/admin-ajax.jpg\" alt= \"\u017byczenia wielkanocne od najm\u0142odszych przedszkolak\u00f3w PM 7\" title = \"\u017byczenia wielkanocne od najm\u0142odszych przedszkolak\u00f3w PM 7\" \/><\/a><a class=\"img-post\" href=\"https:\/\/zsp12.gliwice.pl\/pm7\/blog\/2021\/04\/03\/zyczenia-wielkanocne-od-najmlodszych-przedszkolakow-pm-7-sloneczek\/\"><img decoding=\"async\" src=\"https:\/\/zsp12.gliwice.pl\/pm7\/wp-content\/uploads\/sites\/7\/2023\/06\/admin-ajax-150x150.jpg\" alt= \"\u017byczenia wielkanocne od najm\u0142odszych przedszkolak\u00f3w PM 7\" title = \"\u017byczenia wielkanocne od najm\u0142odszych przedszkolak\u00f3w PM 7\" \/><\/a><\/div><div class=\"article-title-wrapper\"><h5><a href=\"https:\/\/zsp12.gliwice.pl\/pm7\/blog\/2021\/04\/03\/zyczenia-wielkanocne-od-najmlodszych-przedszkolakow-pm-7-sloneczek\/\" class=\"article-title\">\u017byczenia wielkanocne od najm\u0142odszych przedszkolak\u00f3w PM 7<\/a><\/h5><div class=\"article-meta\"><span class=\"entry-date\">3 kwietnia 2021<\/span><span class=\"author vcard\">by <a href=\"https:\/\/zsp12.gliwice.pl\/pm7\/blog\/author\/kszymanek\/\" rel=\"author\">kszymanek<\/a><\/span><\/div><\/div>\t\t\t<\/div>\n\t\t<\/div>\n\t\t\t\t<div class=\"col-md-3 col-sm-3\">\n\t\t\t<div class=\"item-post post-5187 post type-post status-publish format-standard has-post-thumbnail hentry category-archiwum-pm7 category-informacje\">\n\t\t\t\t<div class=\"article-image\"><a class=\"img-post-mobile\" href=\"https:\/\/zsp12.gliwice.pl\/pm7\/blog\/2021\/04\/02\/zyczenia-wielkanocne-5\/\"><img decoding=\"async\" src=\"https:\/\/zsp12.gliwice.pl\/pm7\/wp-content\/uploads\/sites\/7\/2021\/04\/zyczenia_1.jpg\" alt= \"\u017byczenia wielkanocne\" title = \"\u017byczenia wielkanocne\" \/><\/a><a class=\"img-post\" href=\"https:\/\/zsp12.gliwice.pl\/pm7\/blog\/2021\/04\/02\/zyczenia-wielkanocne-5\/\"><img decoding=\"async\" src=\"https:\/\/zsp12.gliwice.pl\/pm7\/wp-content\/uploads\/sites\/7\/2021\/04\/zyczenia_1-150x150.jpg\" alt= \"\u017byczenia wielkanocne\" title = \"\u017byczenia wielkanocne\" \/><\/a><\/div><div class=\"article-title-wrapper\"><h5><a href=\"https:\/\/zsp12.gliwice.pl\/pm7\/blog\/2021\/04\/02\/zyczenia-wielkanocne-5\/\" class=\"article-title\">\u017byczenia wielkanocne<\/a><\/h5><div class=\"article-meta\"><span class=\"entry-date\">2 kwietnia 2021<\/span><span class=\"author vcard\">by <a href=\"https:\/\/zsp12.gliwice.pl\/pm7\/blog\/author\/kszymanek\/\" rel=\"author\">kszymanek<\/a><\/span><\/div><\/div>\t\t\t<\/div>\n\t\t<\/div>\n\t\t\t\t<div class=\"col-md-3 col-sm-3\">\n\t\t\t<div class=\"item-post post-5183 post type-post status-publish format-standard has-post-thumbnail hentry category-archiwum-pm7 category-informacje\">\n\t\t\t\t<div class=\"article-image\"><a class=\"img-post-mobile\" href=\"https:\/\/zsp12.gliwice.pl\/pm7\/blog\/2021\/04\/01\/zyczenia-wielkanocne-4\/\"><img decoding=\"async\" src=\"https:\/\/zsp12.gliwice.pl\/pm7\/wp-content\/uploads\/sites\/7\/2021\/04\/\u017cyczenia-wielkanocne-916x1024.jpg\" alt= \"\u017byczenia wielkanocne\" title = \"\u017byczenia wielkanocne\" \/><\/a><a class=\"img-post\" href=\"https:\/\/zsp12.gliwice.pl\/pm7\/blog\/2021\/04\/01\/zyczenia-wielkanocne-4\/\"><img decoding=\"async\" src=\"https:\/\/zsp12.gliwice.pl\/pm7\/wp-content\/uploads\/sites\/7\/2021\/04\/\u017cyczenia-wielkanocne-150x150.jpg\" alt= \"\u017byczenia wielkanocne\" title = \"\u017byczenia wielkanocne\" \/><\/a><\/div><div class=\"article-title-wrapper\"><h5><a href=\"https:\/\/zsp12.gliwice.pl\/pm7\/blog\/2021\/04\/01\/zyczenia-wielkanocne-4\/\" class=\"article-title\">\u017byczenia wielkanocne<\/a><\/h5><div class=\"article-meta\"><span class=\"entry-date\">1 kwietnia 2021<\/span><span class=\"author vcard\">by <a href=\"https:\/\/zsp12.gliwice.pl\/pm7\/blog\/author\/kszymanek\/\" rel=\"author\">kszymanek<\/a><\/span><\/div><\/div>\t\t\t<\/div>\n\t\t<\/div>\n\t\t\t\t<div class=\"col-md-3 col-sm-3\">\n\t\t\t<div class=\"item-post post-5170 post type-post status-publish format-standard has-post-thumbnail hentry category-archiwum-pm7 category-informacje\">\n\t\t\t\t<div class=\"article-image\"><a class=\"img-post-mobile\" href=\"https:\/\/zsp12.gliwice.pl\/pm7\/blog\/2021\/03\/31\/wielkanocne-zyczenia-od-uczniow-i-przedszkolakow-jezyka-mniejszosci-niemieckiej\/\"><img decoding=\"async\" src=\"https:\/\/zsp12.gliwice.pl\/pm7\/wp-content\/uploads\/sites\/7\/2021\/03\/IMG-20210331-WA0004-1024x768.jpg\" alt= \"WIELKANOCNE \u017bYCZENIA OD UCZNI\u00d3W I PRZEDSZKOLAK\u00d3W J\u0118ZYKA MNIEJSZO\u015aCI NIEMIECKIEJ\u00a0\u00a0\" title = \"WIELKANOCNE \u017bYCZENIA OD UCZNI\u00d3W I PRZEDSZKOLAK\u00d3W J\u0118ZYKA MNIEJSZO\u015aCI NIEMIECKIEJ\u00a0\u00a0\" \/><\/a><a class=\"img-post\" href=\"https:\/\/zsp12.gliwice.pl\/pm7\/blog\/2021\/03\/31\/wielkanocne-zyczenia-od-uczniow-i-przedszkolakow-jezyka-mniejszosci-niemieckiej\/\"><img decoding=\"async\" src=\"https:\/\/zsp12.gliwice.pl\/pm7\/wp-content\/uploads\/sites\/7\/2021\/03\/IMG-20210331-WA0004-150x150.jpg\" alt= \"WIELKANOCNE \u017bYCZENIA OD UCZNI\u00d3W I PRZEDSZKOLAK\u00d3W J\u0118ZYKA MNIEJSZO\u015aCI NIEMIECKIEJ\u00a0\u00a0\" title = \"WIELKANOCNE \u017bYCZENIA OD UCZNI\u00d3W I PRZEDSZKOLAK\u00d3W J\u0118ZYKA MNIEJSZO\u015aCI NIEMIECKIEJ\u00a0\u00a0\" \/><\/a><\/div><div class=\"article-title-wrapper\"><h5><a href=\"https:\/\/zsp12.gliwice.pl\/pm7\/blog\/2021\/03\/31\/wielkanocne-zyczenia-od-uczniow-i-przedszkolakow-jezyka-mniejszosci-niemieckiej\/\" class=\"article-title\">WIELKANOCNE \u017bYCZENIA OD UCZNI\u00d3W I PRZEDSZKOLAK\u00d3W J\u0118ZYKA MNIEJSZO\u015aCI NIEMIECKIEJ\u00a0\u00a0<\/a><\/h5><div class=\"article-meta\"><span class=\"entry-date\">31 marca 2021<\/span><span class=\"author vcard\">by <a href=\"https:\/\/zsp12.gliwice.pl\/pm7\/blog\/author\/kszymanek\/\" rel=\"author\">kszymanek<\/a><\/span><\/div><\/div>\t\t\t<\/div>\n\t\t<\/div>\n\t\t\t\t<div class=\"col-md-3 col-sm-3\">\n\t\t\t<div class=\"item-post post-5172 post type-post status-publish format-standard has-post-thumbnail hentry category-archiwum-pm7 category-informacje\">\n\t\t\t\t<div class=\"article-image\"><a class=\"img-post-mobile\" href=\"https:\/\/zsp12.gliwice.pl\/pm7\/blog\/2021\/03\/31\/polska-na-niebiesko-swiatowy-dzien-swiadomosci-autyzmu-2-kwietnia\/\"><img decoding=\"async\" src=\"https:\/\/zsp12.gliwice.pl\/pm7\/wp-content\/uploads\/sites\/7\/2021\/03\/JIM_TOP_1920x590-1-12.jpg\" alt= \"&#8220;Polska na niebiesko&#8221; &#8211; \u015awiatowy Dzie\u0144 \u015awiadomo\u015bci Autyzmu &#8211; 2 kwietnia\" title = \"&#8220;Polska na niebiesko&#8221; &#8211; \u015awiatowy Dzie\u0144 \u015awiadomo\u015bci Autyzmu &#8211; 2 kwietnia\" \/><\/a><a class=\"img-post\" href=\"https:\/\/zsp12.gliwice.pl\/pm7\/blog\/2021\/03\/31\/polska-na-niebiesko-swiatowy-dzien-swiadomosci-autyzmu-2-kwietnia\/\"><img decoding=\"async\" src=\"https:\/\/zsp12.gliwice.pl\/pm7\/wp-content\/uploads\/sites\/7\/2021\/03\/JIM_TOP_1920x590-1-12-150x150.jpg\" alt= \"&#8220;Polska na niebiesko&#8221; &#8211; \u015awiatowy Dzie\u0144 \u015awiadomo\u015bci Autyzmu &#8211; 2 kwietnia\" title = \"&#8220;Polska na niebiesko&#8221; &#8211; \u015awiatowy Dzie\u0144 \u015awiadomo\u015bci Autyzmu &#8211; 2 kwietnia\" \/><\/a><\/div><div class=\"article-title-wrapper\"><h5><a href=\"https:\/\/zsp12.gliwice.pl\/pm7\/blog\/2021\/03\/31\/polska-na-niebiesko-swiatowy-dzien-swiadomosci-autyzmu-2-kwietnia\/\" class=\"article-title\">&#8220;Polska na niebiesko&#8221; &#8211; \u015awiatowy Dzie\u0144 \u015awiadomo\u015bci Autyzmu &#8211; 2 kwietnia<\/a><\/h5><div class=\"article-meta\"><span class=\"entry-date\">31 marca 2021<\/span><span class=\"author vcard\">by <a href=\"https:\/\/zsp12.gliwice.pl\/pm7\/blog\/author\/kszymanek\/\" rel=\"author\">kszymanek<\/a><\/span><\/div><\/div>\t\t\t<\/div>\n\t\t<\/div>\n\t\t\t\t<div class=\"col-md-3 col-sm-3\">\n\t\t\t<div class=\"item-post post-5040 post type-post status-publish format-standard has-post-thumbnail hentry category-archiwum-pm7 category-informacje\">\n\t\t\t\t<div class=\"article-image\"><a class=\"img-post-mobile\" href=\"https:\/\/zsp12.gliwice.pl\/pm7\/blog\/2021\/03\/23\/wyroznienie-dla-koniczynek\/\"><img decoding=\"async\" src=\"https:\/\/zsp12.gliwice.pl\/pm7\/wp-content\/uploads\/sites\/7\/2021\/03\/1616256170113-1024x766.jpg\" alt= \"Wyr\u00f3\u017cnienie dla Koniczynek\" title = \"Wyr\u00f3\u017cnienie dla Koniczynek\" \/><\/a><a class=\"img-post\" href=\"https:\/\/zsp12.gliwice.pl\/pm7\/blog\/2021\/03\/23\/wyroznienie-dla-koniczynek\/\"><img decoding=\"async\" src=\"https:\/\/zsp12.gliwice.pl\/pm7\/wp-content\/uploads\/sites\/7\/2021\/03\/1616256170113-150x150.jpg\" alt= \"Wyr\u00f3\u017cnienie dla Koniczynek\" title = \"Wyr\u00f3\u017cnienie dla Koniczynek\" \/><\/a><\/div><div class=\"article-title-wrapper\"><h5><a href=\"https:\/\/zsp12.gliwice.pl\/pm7\/blog\/2021\/03\/23\/wyroznienie-dla-koniczynek\/\" class=\"article-title\">Wyr\u00f3\u017cnienie dla Koniczynek<\/a><\/h5><div class=\"article-meta\"><span class=\"entry-date\">23 marca 2021<\/span><span class=\"author vcard\">by <a href=\"https:\/\/zsp12.gliwice.pl\/pm7\/blog\/author\/kszymanek\/\" rel=\"author\">kszymanek<\/a><\/span><\/div><\/div>\t\t\t<\/div>\n\t\t<\/div>\n\t\t\t\t<div class=\"col-md-3 col-sm-3\">\n\t\t\t<div class=\"item-post post-5000 post type-post status-publish format-standard has-post-thumbnail hentry category-archiwum-pm7 category-informacje\">\n\t\t\t\t<div class=\"article-image\"><a class=\"img-post-mobile\" href=\"https:\/\/zsp12.gliwice.pl\/pm7\/blog\/2021\/03\/22\/wirusoochrona\/\"><img decoding=\"async\" src=\"https:\/\/zsp12.gliwice.pl\/pm7\/wp-content\/uploads\/sites\/7\/2021\/03\/PLAKAT-WIRUSOOCHRONA-2-1-1024x724.jpg\" alt= \"#wirusoochrona\" title = \"#wirusoochrona\" \/><\/a><a class=\"img-post\" href=\"https:\/\/zsp12.gliwice.pl\/pm7\/blog\/2021\/03\/22\/wirusoochrona\/\"><img decoding=\"async\" src=\"https:\/\/zsp12.gliwice.pl\/pm7\/wp-content\/uploads\/sites\/7\/2021\/03\/PLAKAT-WIRUSOOCHRONA-2-1-150x150.jpg\" alt= \"#wirusoochrona\" title = \"#wirusoochrona\" \/><\/a><\/div><div class=\"article-title-wrapper\"><h5><a href=\"https:\/\/zsp12.gliwice.pl\/pm7\/blog\/2021\/03\/22\/wirusoochrona\/\" class=\"article-title\">#wirusoochrona<\/a><\/h5><div class=\"article-meta\"><span class=\"entry-date\">22 marca 2021<\/span><span class=\"author vcard\">by <a href=\"https:\/\/zsp12.gliwice.pl\/pm7\/blog\/author\/kszymanek\/\" rel=\"author\">kszymanek<\/a><\/span><\/div><\/div>\t\t\t<\/div>\n\t\t<\/div>\n\t\t\t\t<div class=\"col-md-3 col-sm-3\">\n\t\t\t<div class=\"item-post post-4923 post type-post status-publish format-standard has-post-thumbnail hentry category-archiwum-pm7 category-informacje\">\n\t\t\t\t<div class=\"article-image\"><a class=\"img-post-mobile\" href=\"https:\/\/zsp12.gliwice.pl\/pm7\/blog\/2021\/03\/10\/uwaga-rusza-rekrutacja-do-pm7\/\"><img decoding=\"async\" src=\"https:\/\/zsp12.gliwice.pl\/pm7\/wp-content\/uploads\/sites\/7\/2021\/03\/5-1024x727.jpg\" alt= \"UWAGA! Rusza rekrutacja do PM7!\" title = \"UWAGA! Rusza rekrutacja do PM7!\" \/><\/a><a class=\"img-post\" href=\"https:\/\/zsp12.gliwice.pl\/pm7\/blog\/2021\/03\/10\/uwaga-rusza-rekrutacja-do-pm7\/\"><img decoding=\"async\" src=\"https:\/\/zsp12.gliwice.pl\/pm7\/wp-content\/uploads\/sites\/7\/2021\/03\/5-150x150.jpg\" alt= \"UWAGA! Rusza rekrutacja do PM7!\" title = \"UWAGA! Rusza rekrutacja do PM7!\" \/><\/a><\/div><div class=\"article-title-wrapper\"><h5><a href=\"https:\/\/zsp12.gliwice.pl\/pm7\/blog\/2021\/03\/10\/uwaga-rusza-rekrutacja-do-pm7\/\" class=\"article-title\">UWAGA! Rusza rekrutacja do PM7!<\/a><\/h5><div class=\"article-meta\"><span class=\"entry-date\">10 marca 2021<\/span><span class=\"author vcard\">by <a href=\"https:\/\/zsp12.gliwice.pl\/pm7\/blog\/author\/kszymanek\/\" rel=\"author\">kszymanek<\/a><\/span><\/div><\/div>\t\t\t<\/div>\n\t\t<\/div>\n\t\t\t\t<div class=\"col-md-3 col-sm-3\">\n\t\t\t<div class=\"item-post post-4947 post type-post status-publish format-standard has-post-thumbnail hentry category-archiwum-pm7 category-informacje\">\n\t\t\t\t<div class=\"article-image\"><a class=\"img-post-mobile\" href=\"https:\/\/zsp12.gliwice.pl\/pm7\/blog\/2021\/03\/08\/nabor-do-panstwowej-szkoly-muzycznej-i-i-ii-stopnia-im-ludomira-rozyckiego-w-gliwicach\/\"><img decoding=\"async\" src=\"https:\/\/zsp12.gliwice.pl\/pm7\/wp-content\/uploads\/sites\/7\/2021\/03\/1godlo_polski-kopia.png\" alt= \"Nab\u00f3r do Pa\u0144stwowej Szko\u0142y Muzycznej I i II stopnia im. Ludomira R\u00f3\u017cyckiego w Gliwicach\" title = \"Nab\u00f3r do Pa\u0144stwowej Szko\u0142y Muzycznej I i II stopnia im. Ludomira R\u00f3\u017cyckiego w Gliwicach\" \/><\/a><a class=\"img-post\" href=\"https:\/\/zsp12.gliwice.pl\/pm7\/blog\/2021\/03\/08\/nabor-do-panstwowej-szkoly-muzycznej-i-i-ii-stopnia-im-ludomira-rozyckiego-w-gliwicach\/\"><img decoding=\"async\" src=\"https:\/\/zsp12.gliwice.pl\/pm7\/wp-content\/uploads\/sites\/7\/2021\/03\/1godlo_polski-kopia-150x150.png\" alt= \"Nab\u00f3r do Pa\u0144stwowej Szko\u0142y Muzycznej I i II stopnia im. Ludomira R\u00f3\u017cyckiego w Gliwicach\" title = \"Nab\u00f3r do Pa\u0144stwowej Szko\u0142y Muzycznej I i II stopnia im. Ludomira R\u00f3\u017cyckiego w Gliwicach\" \/><\/a><\/div><div class=\"article-title-wrapper\"><h5><a href=\"https:\/\/zsp12.gliwice.pl\/pm7\/blog\/2021\/03\/08\/nabor-do-panstwowej-szkoly-muzycznej-i-i-ii-stopnia-im-ludomira-rozyckiego-w-gliwicach\/\" class=\"article-title\">Nab\u00f3r do Pa\u0144stwowej Szko\u0142y Muzycznej I i II stopnia im. Ludomira R\u00f3\u017cyckiego w Gliwicach<\/a><\/h5><div class=\"article-meta\"><span class=\"entry-date\">8 marca 2021<\/span><span class=\"author vcard\">by <a href=\"https:\/\/zsp12.gliwice.pl\/pm7\/blog\/author\/kszymanek\/\" rel=\"author\">kszymanek<\/a><\/span><\/div><\/div>\t\t\t<\/div>\n\t\t<\/div>\n\t\t\t\t<div class=\"col-md-3 col-sm-3\">\n\t\t\t<div class=\"item-post post-4790 post type-post status-publish format-standard has-post-thumbnail hentry category-archiwum-pm7 category-informacje\">\n\t\t\t\t<div class=\"article-image\"><a class=\"img-post-mobile\" href=\"https:\/\/zsp12.gliwice.pl\/pm7\/blog\/2021\/03\/01\/rekrutacja-2021-2022\/\"><img decoding=\"async\" src=\"https:\/\/zsp12.gliwice.pl\/pm7\/wp-content\/uploads\/sites\/7\/2019\/08\/1926-1024x455.jpg\" alt= \"REKRUTACJA 2021\/2022\" title = \"REKRUTACJA 2021\/2022\" \/><\/a><a class=\"img-post\" href=\"https:\/\/zsp12.gliwice.pl\/pm7\/blog\/2021\/03\/01\/rekrutacja-2021-2022\/\"><img decoding=\"async\" src=\"https:\/\/zsp12.gliwice.pl\/pm7\/wp-content\/uploads\/sites\/7\/2019\/08\/1926-150x150.jpg\" alt= \"REKRUTACJA 2021\/2022\" title = \"REKRUTACJA 2021\/2022\" \/><\/a><\/div><div class=\"article-title-wrapper\"><h5><a href=\"https:\/\/zsp12.gliwice.pl\/pm7\/blog\/2021\/03\/01\/rekrutacja-2021-2022\/\" class=\"article-title\">REKRUTACJA 2021\/2022<\/a><\/h5><div class=\"article-meta\"><span class=\"entry-date\">1 marca 2021<\/span><span class=\"author vcard\">by <a href=\"https:\/\/zsp12.gliwice.pl\/pm7\/blog\/author\/kszymanek\/\" rel=\"author\">kszymanek<\/a><\/span><\/div><\/div>\t\t\t<\/div>\n\t\t<\/div>\n\t\t\t\t<div class=\"col-md-3 col-sm-3\">\n\t\t\t<div class=\"item-post post-4783 post type-post status-publish format-standard has-post-thumbnail hentry category-archiwum-pm7 category-informacje\">\n\t\t\t\t<div class=\"article-image\"><a class=\"img-post-mobile\" href=\"https:\/\/zsp12.gliwice.pl\/pm7\/blog\/2021\/03\/01\/europejski-dzien-logopedy\/\"><img decoding=\"async\" src=\"https:\/\/zsp12.gliwice.pl\/pm7\/wp-content\/uploads\/sites\/7\/2021\/03\/3840-1-1024x724.jpg\" alt= \"Europejski Dzie\u0144 Logopedy\" title = \"Europejski Dzie\u0144 Logopedy\" \/><\/a><a class=\"img-post\" href=\"https:\/\/zsp12.gliwice.pl\/pm7\/blog\/2021\/03\/01\/europejski-dzien-logopedy\/\"><img decoding=\"async\" src=\"https:\/\/zsp12.gliwice.pl\/pm7\/wp-content\/uploads\/sites\/7\/2021\/03\/3840-1-150x150.jpg\" alt= \"Europejski Dzie\u0144 Logopedy\" title = \"Europejski Dzie\u0144 Logopedy\" \/><\/a><\/div><div class=\"article-title-wrapper\"><h5><a href=\"https:\/\/zsp12.gliwice.pl\/pm7\/blog\/2021\/03\/01\/europejski-dzien-logopedy\/\" class=\"article-title\">Europejski Dzie\u0144 Logopedy<\/a><\/h5><div class=\"article-meta\"><span class=\"entry-date\">1 marca 2021<\/span><span class=\"author vcard\">by <a href=\"https:\/\/zsp12.gliwice.pl\/pm7\/blog\/author\/kszymanek\/\" rel=\"author\">kszymanek<\/a><\/span><\/div><\/div>\t\t\t<\/div>\n\t\t<\/div>\n\t\t\t\t<div class=\"col-md-3 col-sm-3\">\n\t\t\t<div class=\"item-post post-4614 post type-post status-publish format-standard has-post-thumbnail hentry category-archiwum-pm7 category-informacje\">\n\t\t\t\t<div class=\"article-image\"><a class=\"img-post-mobile\" href=\"https:\/\/zsp12.gliwice.pl\/pm7\/blog\/2021\/01\/21\/przedszkolaki-skladaja-zyczenia-babci-i-dziadkowi\/\"><img decoding=\"async\" src=\"https:\/\/zsp12.gliwice.pl\/pm7\/wp-content\/uploads\/sites\/7\/2021\/01\/Dok1-1.jpg\" alt= \"Przedszkolaki sk\u0142adaj\u0105 \u017cyczenia Babci i Dziadkowi\" title = \"Przedszkolaki sk\u0142adaj\u0105 \u017cyczenia Babci i Dziadkowi\" \/><\/a><a class=\"img-post\" href=\"https:\/\/zsp12.gliwice.pl\/pm7\/blog\/2021\/01\/21\/przedszkolaki-skladaja-zyczenia-babci-i-dziadkowi\/\"><img decoding=\"async\" src=\"https:\/\/zsp12.gliwice.pl\/pm7\/wp-content\/uploads\/sites\/7\/2021\/01\/Dok1-1-150x150.jpg\" alt= \"Przedszkolaki sk\u0142adaj\u0105 \u017cyczenia Babci i Dziadkowi\" title = \"Przedszkolaki sk\u0142adaj\u0105 \u017cyczenia Babci i Dziadkowi\" \/><\/a><\/div><div class=\"article-title-wrapper\"><h5><a href=\"https:\/\/zsp12.gliwice.pl\/pm7\/blog\/2021\/01\/21\/przedszkolaki-skladaja-zyczenia-babci-i-dziadkowi\/\" class=\"article-title\">Przedszkolaki sk\u0142adaj\u0105 \u017cyczenia Babci i Dziadkowi<\/a><\/h5><div class=\"article-meta\"><span class=\"entry-date\">21 stycznia 2021<\/span><span class=\"author vcard\">by <a href=\"https:\/\/zsp12.gliwice.pl\/pm7\/blog\/author\/kszymanek\/\" rel=\"author\">kszymanek<\/a><\/span><\/div><\/div>\t\t\t<\/div>\n\t\t<\/div>\n\t\t\t\t<div class=\"col-md-3 col-sm-3\">\n\t\t\t<div class=\"item-post post-4609 post type-post status-publish format-standard has-post-thumbnail hentry category-archiwum-pm7 category-informacje\">\n\t\t\t\t<div class=\"article-image\"><a class=\"img-post-mobile\" href=\"https:\/\/zsp12.gliwice.pl\/pm7\/blog\/2021\/01\/21\/dzien-babci-i-dziadka-2\/\"><img decoding=\"async\" src=\"https:\/\/zsp12.gliwice.pl\/pm7\/wp-content\/uploads\/sites\/7\/2021\/01\/Dla-najlepszej-babci-na-\u015bwiecie-1024x727.jpg\" alt= \"Dzie\u0144 Babci i Dziadka\" title = \"Dzie\u0144 Babci i Dziadka\" \/><\/a><a class=\"img-post\" href=\"https:\/\/zsp12.gliwice.pl\/pm7\/blog\/2021\/01\/21\/dzien-babci-i-dziadka-2\/\"><img decoding=\"async\" src=\"https:\/\/zsp12.gliwice.pl\/pm7\/wp-content\/uploads\/sites\/7\/2021\/01\/Dla-najlepszej-babci-na-\u015bwiecie-150x150.jpg\" alt= \"Dzie\u0144 Babci i Dziadka\" title = \"Dzie\u0144 Babci i Dziadka\" \/><\/a><\/div><div class=\"article-title-wrapper\"><h5><a href=\"https:\/\/zsp12.gliwice.pl\/pm7\/blog\/2021\/01\/21\/dzien-babci-i-dziadka-2\/\" class=\"article-title\">Dzie\u0144 Babci i Dziadka<\/a><\/h5><div class=\"article-meta\"><span class=\"entry-date\">21 stycznia 2021<\/span><span class=\"author vcard\">by <a href=\"https:\/\/zsp12.gliwice.pl\/pm7\/blog\/author\/kszymanek\/\" rel=\"author\">kszymanek<\/a><\/span><\/div><\/div>\t\t\t<\/div>\n\t\t<\/div>\n\t\t\t\t<div class=\"col-md-3 col-sm-3\">\n\t\t\t<div class=\"item-post post-4559 post type-post status-publish format-standard has-post-thumbnail hentry category-archiwum-pm7 category-informacje\">\n\t\t\t\t<div class=\"article-image\"><a class=\"img-post-mobile\" href=\"https:\/\/zsp12.gliwice.pl\/pm7\/blog\/2021\/01\/04\/prosto-z-serca\/\"><img decoding=\"async\" src=\"https:\/\/zsp12.gliwice.pl\/pm7\/wp-content\/uploads\/sites\/7\/2021\/01\/134160360_115370410431673_8128969368142822712_o.jpg\" alt= \"Prosto z serca!\" title = \"Prosto z serca!\" \/><\/a><a class=\"img-post\" href=\"https:\/\/zsp12.gliwice.pl\/pm7\/blog\/2021\/01\/04\/prosto-z-serca\/\"><img decoding=\"async\" src=\"https:\/\/zsp12.gliwice.pl\/pm7\/wp-content\/uploads\/sites\/7\/2021\/01\/134160360_115370410431673_8128969368142822712_o-150x150.jpg\" alt= \"Prosto z serca!\" title = \"Prosto z serca!\" \/><\/a><\/div><div class=\"article-title-wrapper\"><h5><a href=\"https:\/\/zsp12.gliwice.pl\/pm7\/blog\/2021\/01\/04\/prosto-z-serca\/\" class=\"article-title\">Prosto z serca!<\/a><\/h5><div class=\"article-meta\"><span class=\"entry-date\">4 stycznia 2021<\/span><span class=\"author vcard\">by <a href=\"https:\/\/zsp12.gliwice.pl\/pm7\/blog\/author\/kszymanek\/\" rel=\"author\">kszymanek<\/a><\/span><\/div><\/div>\t\t\t<\/div>\n\t\t<\/div>\n\t\t\t\t<div class=\"col-md-3 col-sm-3\">\n\t\t\t<div class=\"item-post post-4551 post type-post status-publish format-standard has-post-thumbnail hentry category-archiwum-pm7 category-informacje\">\n\t\t\t\t<div class=\"article-image\"><a class=\"img-post-mobile\" href=\"https:\/\/zsp12.gliwice.pl\/pm7\/blog\/2020\/12\/22\/konkurs-fotograficzno-kulinarny\/\"><img decoding=\"async\" src=\"https:\/\/zsp12.gliwice.pl\/pm7\/wp-content\/uploads\/sites\/7\/2020\/12\/1-724x1024.jpg\" alt= \"Konkurs fotograficzno-kulinarny\" title = \"Konkurs fotograficzno-kulinarny\" \/><\/a><a class=\"img-post\" href=\"https:\/\/zsp12.gliwice.pl\/pm7\/blog\/2020\/12\/22\/konkurs-fotograficzno-kulinarny\/\"><img decoding=\"async\" src=\"https:\/\/zsp12.gliwice.pl\/pm7\/wp-content\/uploads\/sites\/7\/2020\/12\/1-150x150.jpg\" alt= \"Konkurs fotograficzno-kulinarny\" title = \"Konkurs fotograficzno-kulinarny\" \/><\/a><\/div><div class=\"article-title-wrapper\"><h5><a href=\"https:\/\/zsp12.gliwice.pl\/pm7\/blog\/2020\/12\/22\/konkurs-fotograficzno-kulinarny\/\" class=\"article-title\">Konkurs fotograficzno-kulinarny<\/a><\/h5><div class=\"article-meta\"><span class=\"entry-date\">22 grudnia 2020<\/span><span class=\"author vcard\">by <a href=\"https:\/\/zsp12.gliwice.pl\/pm7\/blog\/author\/kszymanek\/\" rel=\"author\">kszymanek<\/a><\/span><\/div><\/div>\t\t\t<\/div>\n\t\t<\/div>\n\t\t\t\t<div class=\"col-md-3 col-sm-3\">\n\t\t\t<div class=\"item-post post-4542 post type-post status-publish format-standard has-post-thumbnail hentry category-archiwum-pm7 category-informacje\">\n\t\t\t\t<div class=\"article-image\"><a class=\"img-post-mobile\" href=\"https:\/\/zsp12.gliwice.pl\/pm7\/blog\/2020\/12\/21\/wesolych-swiat-zycza-przedszkolaki\/\"><img decoding=\"async\" src=\"https:\/\/zsp12.gliwice.pl\/pm7\/wp-content\/uploads\/sites\/7\/2020\/12\/Dok1-1-1024x595.jpg\" alt= \"Weso\u0142ych \u015awi\u0105t \u017cycz\u0105 przedszkolaki!\" title = \"Weso\u0142ych \u015awi\u0105t \u017cycz\u0105 przedszkolaki!\" \/><\/a><a class=\"img-post\" href=\"https:\/\/zsp12.gliwice.pl\/pm7\/blog\/2020\/12\/21\/wesolych-swiat-zycza-przedszkolaki\/\"><img decoding=\"async\" src=\"https:\/\/zsp12.gliwice.pl\/pm7\/wp-content\/uploads\/sites\/7\/2020\/12\/Dok1-1-150x150.jpg\" alt= \"Weso\u0142ych \u015awi\u0105t \u017cycz\u0105 przedszkolaki!\" title = \"Weso\u0142ych \u015awi\u0105t \u017cycz\u0105 przedszkolaki!\" \/><\/a><\/div><div class=\"article-title-wrapper\"><h5><a href=\"https:\/\/zsp12.gliwice.pl\/pm7\/blog\/2020\/12\/21\/wesolych-swiat-zycza-przedszkolaki\/\" class=\"article-title\">Weso\u0142ych \u015awi\u0105t \u017cycz\u0105 przedszkolaki!<\/a><\/h5><div class=\"article-meta\"><span class=\"entry-date\">21 grudnia 2020<\/span><span class=\"author vcard\">by <a href=\"https:\/\/zsp12.gliwice.pl\/pm7\/blog\/author\/kszymanek\/\" rel=\"author\">kszymanek<\/a><\/span><\/div><\/div>\t\t\t<\/div>\n\t\t<\/div>\n\t\t\t\t<div class=\"col-md-3 col-sm-3\">\n\t\t\t<div class=\"item-post post-4539 post type-post status-publish format-standard has-post-thumbnail hentry category-archiwum-pm7 category-informacje\">\n\t\t\t\t<div class=\"article-image\"><a class=\"img-post-mobile\" href=\"https:\/\/zsp12.gliwice.pl\/pm7\/blog\/2020\/12\/21\/wesolych-swiat\/\"><img decoding=\"async\" src=\"https:\/\/zsp12.gliwice.pl\/pm7\/wp-content\/uploads\/sites\/7\/2020\/12\/Jasnoniebieska-Choinki-i-Gwiazdy-Bo\u017ce-Narodzenie-Artystyczna-Kartka-1024x727.jpg\" alt= \"Weso\u0142ych \u015awi\u0105t!\" title = \"Weso\u0142ych \u015awi\u0105t!\" \/><\/a><a class=\"img-post\" href=\"https:\/\/zsp12.gliwice.pl\/pm7\/blog\/2020\/12\/21\/wesolych-swiat\/\"><img decoding=\"async\" src=\"https:\/\/zsp12.gliwice.pl\/pm7\/wp-content\/uploads\/sites\/7\/2020\/12\/Jasnoniebieska-Choinki-i-Gwiazdy-Bo\u017ce-Narodzenie-Artystyczna-Kartka-150x150.jpg\" alt= \"Weso\u0142ych \u015awi\u0105t!\" title = \"Weso\u0142ych \u015awi\u0105t!\" \/><\/a><\/div><div class=\"article-title-wrapper\"><h5><a href=\"https:\/\/zsp12.gliwice.pl\/pm7\/blog\/2020\/12\/21\/wesolych-swiat\/\" class=\"article-title\">Weso\u0142ych \u015awi\u0105t!<\/a><\/h5><div class=\"article-meta\"><span class=\"entry-date\">21 grudnia 2020<\/span><span class=\"author vcard\">by <a href=\"https:\/\/zsp12.gliwice.pl\/pm7\/blog\/author\/kszymanek\/\" rel=\"author\">kszymanek<\/a><\/span><\/div><\/div>\t\t\t<\/div>\n\t\t<\/div>\n\t\t\t\t<div class=\"col-md-3 col-sm-3\">\n\t\t\t<div class=\"item-post post-4354 post type-post status-publish format-standard has-post-thumbnail hentry category-archiwum-pm7 category-informacje\">\n\t\t\t\t<div class=\"article-image\"><a class=\"img-post-mobile\" href=\"https:\/\/zsp12.gliwice.pl\/pm7\/blog\/2020\/12\/11\/rozwiazanie-konkursu-z-okazji-70lecia-pm7\/\"><img decoding=\"async\" src=\"https:\/\/zsp12.gliwice.pl\/pm7\/wp-content\/uploads\/sites\/7\/2020\/12\/20201208_074538-1024x768.jpg\" alt= \"Rozwi\u0105zanie konkursu z okazji 70lecia PM7\" title = \"Rozwi\u0105zanie konkursu z okazji 70lecia PM7\" \/><\/a><a class=\"img-post\" href=\"https:\/\/zsp12.gliwice.pl\/pm7\/blog\/2020\/12\/11\/rozwiazanie-konkursu-z-okazji-70lecia-pm7\/\"><img decoding=\"async\" src=\"https:\/\/zsp12.gliwice.pl\/pm7\/wp-content\/uploads\/sites\/7\/2020\/12\/20201208_074538-150x150.jpg\" alt= \"Rozwi\u0105zanie konkursu z okazji 70lecia PM7\" title = \"Rozwi\u0105zanie konkursu z okazji 70lecia PM7\" \/><\/a><\/div><div class=\"article-title-wrapper\"><h5><a href=\"https:\/\/zsp12.gliwice.pl\/pm7\/blog\/2020\/12\/11\/rozwiazanie-konkursu-z-okazji-70lecia-pm7\/\" class=\"article-title\">Rozwi\u0105zanie konkursu z okazji 70lecia PM7<\/a><\/h5><div class=\"article-meta\"><span class=\"entry-date\">11 grudnia 2020<\/span><span class=\"author vcard\">by <a href=\"https:\/\/zsp12.gliwice.pl\/pm7\/blog\/author\/kszymanek\/\" rel=\"author\">kszymanek<\/a><\/span><\/div><\/div>\t\t\t<\/div>\n\t\t<\/div>\n\t\t\t\t<div class=\"col-md-3 col-sm-3\">\n\t\t\t<div class=\"item-post post-4298 post type-post status-publish format-standard has-post-thumbnail hentry category-archiwum-pm7 category-informacje\">\n\t\t\t\t<div class=\"article-image\"><a class=\"img-post-mobile\" href=\"https:\/\/zsp12.gliwice.pl\/pm7\/blog\/2020\/12\/09\/70lece-przedszkola-miejskiego-nr-7\/\"><img decoding=\"async\" src=\"https:\/\/zsp12.gliwice.pl\/pm7\/wp-content\/uploads\/sites\/7\/2020\/12\/123769-OQ7GDM-681-1024x1024.jpg\" alt= \"70lece Przedszkola Miejskiego nr 7\" title = \"70lece Przedszkola Miejskiego nr 7\" \/><\/a><a class=\"img-post\" href=\"https:\/\/zsp12.gliwice.pl\/pm7\/blog\/2020\/12\/09\/70lece-przedszkola-miejskiego-nr-7\/\"><img decoding=\"async\" src=\"https:\/\/zsp12.gliwice.pl\/pm7\/wp-content\/uploads\/sites\/7\/2020\/12\/123769-OQ7GDM-681-150x150.jpg\" alt= \"70lece Przedszkola Miejskiego nr 7\" title = \"70lece Przedszkola Miejskiego nr 7\" \/><\/a><\/div><div class=\"article-title-wrapper\"><h5><a href=\"https:\/\/zsp12.gliwice.pl\/pm7\/blog\/2020\/12\/09\/70lece-przedszkola-miejskiego-nr-7\/\" class=\"article-title\">70lece Przedszkola Miejskiego nr 7<\/a><\/h5><div class=\"article-meta\"><span class=\"entry-date\">9 grudnia 2020<\/span><span class=\"author vcard\">by <a href=\"https:\/\/zsp12.gliwice.pl\/pm7\/blog\/author\/kszymanek\/\" rel=\"author\">kszymanek<\/a><\/span><\/div><\/div>\t\t\t<\/div>\n\t\t<\/div>\n\t\t\t\t<div class=\"col-md-3 col-sm-3\">\n\t\t\t<div class=\"item-post post-4185 post type-post status-publish format-standard has-post-thumbnail hentry category-archiwum-pm7 category-informacje\">\n\t\t\t\t<div class=\"article-image\"><a class=\"img-post-mobile\" href=\"https:\/\/zsp12.gliwice.pl\/pm7\/blog\/2020\/12\/04\/warsztaty-artystyczne-daj-przyklad-czyli-spotkania-z-teatrem-tancem-i-muzyka\/\"><img decoding=\"async\" src=\"https:\/\/zsp12.gliwice.pl\/pm7\/wp-content\/uploads\/sites\/7\/2020\/12\/hq720_live.jpg\" alt= \"Warsztaty artystyczne &#8220;Daj przyk\u0142ad&#8221; czyli spotkania z teatrem, ta\u0144cem i muzyk\u0105\" title = \"Warsztaty artystyczne &#8220;Daj przyk\u0142ad&#8221; czyli spotkania z teatrem, ta\u0144cem i muzyk\u0105\" \/><\/a><a class=\"img-post\" href=\"https:\/\/zsp12.gliwice.pl\/pm7\/blog\/2020\/12\/04\/warsztaty-artystyczne-daj-przyklad-czyli-spotkania-z-teatrem-tancem-i-muzyka\/\"><img decoding=\"async\" src=\"https:\/\/zsp12.gliwice.pl\/pm7\/wp-content\/uploads\/sites\/7\/2020\/12\/hq720_live-150x150.jpg\" alt= \"Warsztaty artystyczne &#8220;Daj przyk\u0142ad&#8221; czyli spotkania z teatrem, ta\u0144cem i muzyk\u0105\" title = \"Warsztaty artystyczne &#8220;Daj przyk\u0142ad&#8221; czyli spotkania z teatrem, ta\u0144cem i muzyk\u0105\" \/><\/a><\/div><div class=\"article-title-wrapper\"><h5><a href=\"https:\/\/zsp12.gliwice.pl\/pm7\/blog\/2020\/12\/04\/warsztaty-artystyczne-daj-przyklad-czyli-spotkania-z-teatrem-tancem-i-muzyka\/\" class=\"article-title\">Warsztaty artystyczne &#8220;Daj przyk\u0142ad&#8221; czyli spotkania z teatrem, ta\u0144cem i muzyk\u0105<\/a><\/h5><div class=\"article-meta\"><span class=\"entry-date\">4 grudnia 2020<\/span><span class=\"author vcard\">by <a href=\"https:\/\/zsp12.gliwice.pl\/pm7\/blog\/author\/kszymanek\/\" rel=\"author\">kszymanek<\/a><\/span><\/div><\/div>\t\t\t<\/div>\n\t\t<\/div>\n\t\t\t\t<div class=\"col-md-3 col-sm-3\">\n\t\t\t<div class=\"item-post post-4146 post type-post status-publish format-standard has-post-thumbnail hentry category-archiwum-pm7 category-informacje\">\n\t\t\t\t<div class=\"article-image\"><a class=\"img-post-mobile\" href=\"https:\/\/zsp12.gliwice.pl\/pm7\/blog\/2020\/11\/30\/konkurs-plastyczny-z-okazji-obchodow-70lecia-przedszkola-miejskiego-nr-7-w-gliwicach\/\"><img decoding=\"async\" src=\"https:\/\/zsp12.gliwice.pl\/pm7\/wp-content\/uploads\/sites\/7\/2020\/12\/konkurs-plastyczny-70lecie-PM71-1-724x1024.jpg\" alt= \"Konkurs Plastyczny z okazji obchod\u00f3w 70lecia Przedszkola Miejskiego nr 7 w Gliwicach\" title = \"Konkurs Plastyczny z okazji obchod\u00f3w 70lecia Przedszkola Miejskiego nr 7 w Gliwicach\" \/><\/a><a class=\"img-post\" href=\"https:\/\/zsp12.gliwice.pl\/pm7\/blog\/2020\/11\/30\/konkurs-plastyczny-z-okazji-obchodow-70lecia-przedszkola-miejskiego-nr-7-w-gliwicach\/\"><img decoding=\"async\" src=\"https:\/\/zsp12.gliwice.pl\/pm7\/wp-content\/uploads\/sites\/7\/2020\/12\/konkurs-plastyczny-70lecie-PM71-1-150x150.jpg\" alt= \"Konkurs Plastyczny z okazji obchod\u00f3w 70lecia Przedszkola Miejskiego nr 7 w Gliwicach\" title = \"Konkurs Plastyczny z okazji obchod\u00f3w 70lecia Przedszkola Miejskiego nr 7 w Gliwicach\" \/><\/a><\/div><div class=\"article-title-wrapper\"><h5><a href=\"https:\/\/zsp12.gliwice.pl\/pm7\/blog\/2020\/11\/30\/konkurs-plastyczny-z-okazji-obchodow-70lecia-przedszkola-miejskiego-nr-7-w-gliwicach\/\" class=\"article-title\">Konkurs Plastyczny z okazji obchod\u00f3w 70lecia Przedszkola Miejskiego nr 7 w Gliwicach<\/a><\/h5><div class=\"article-meta\"><span class=\"entry-date\">30 listopada 2020<\/span><span class=\"author vcard\">by <a href=\"https:\/\/zsp12.gliwice.pl\/pm7\/blog\/author\/kszymanek\/\" rel=\"author\">kszymanek<\/a><\/span><\/div><\/div>\t\t\t<\/div>\n\t\t<\/div>\n\t\t\t\t<div class=\"col-md-3 col-sm-3\">\n\t\t\t<div class=\"item-post post-4041 post type-post status-publish format-standard has-post-thumbnail hentry category-archiwum-pm7 category-informacje\">\n\t\t\t\t<div class=\"article-image\"><a class=\"img-post-mobile\" href=\"https:\/\/zsp12.gliwice.pl\/pm7\/blog\/2020\/11\/19\/dzien-kultur-w-zsp12\/\"><img decoding=\"async\" src=\"https:\/\/zsp12.gliwice.pl\/pm7\/wp-content\/uploads\/sites\/7\/2020\/11\/20201114_173235-1024x963.jpg\" alt= \"Dzie\u0144 Kultur w ZSP12\" title = \"Dzie\u0144 Kultur w ZSP12\" \/><\/a><a class=\"img-post\" href=\"https:\/\/zsp12.gliwice.pl\/pm7\/blog\/2020\/11\/19\/dzien-kultur-w-zsp12\/\"><img decoding=\"async\" src=\"https:\/\/zsp12.gliwice.pl\/pm7\/wp-content\/uploads\/sites\/7\/2020\/11\/20201114_173235-150x150.jpg\" alt= \"Dzie\u0144 Kultur w ZSP12\" title = \"Dzie\u0144 Kultur w ZSP12\" \/><\/a><\/div><div class=\"article-title-wrapper\"><h5><a href=\"https:\/\/zsp12.gliwice.pl\/pm7\/blog\/2020\/11\/19\/dzien-kultur-w-zsp12\/\" class=\"article-title\">Dzie\u0144 Kultur w ZSP12<\/a><\/h5><div class=\"article-meta\"><span class=\"entry-date\">19 listopada 2020<\/span><span class=\"author vcard\">by <a href=\"https:\/\/zsp12.gliwice.pl\/pm7\/blog\/author\/kszymanek\/\" rel=\"author\">kszymanek<\/a><\/span><\/div><\/div>\t\t\t<\/div>\n\t\t<\/div>\n\t\t\t\t<div class=\"col-md-3 col-sm-3\">\n\t\t\t<div class=\"item-post post-4076 post type-post status-publish format-standard has-post-thumbnail hentry category-archiwum-pm7 category-informacje\">\n\t\t\t\t<div class=\"article-image\"><a class=\"img-post-mobile\" href=\"https:\/\/zsp12.gliwice.pl\/pm7\/blog\/2020\/11\/17\/rozstrzygniecie-v-edycji-wojewodzkiego-konkursu-plastycznego-romskie-bajanie-pod-patronatem-slaskiego-kuratora-oswiaty\/\"><img decoding=\"async\" src=\"https:\/\/zsp12.gliwice.pl\/pm7\/wp-content\/uploads\/sites\/7\/2020\/11\/DOC150-1-663x1024.jpg\" alt= \"ROZSTRZYGNI\u0118CIE V EDYCJI WOJEW\u00d3DZKIEGO KONKURSU PLASTYCZNEGO &#8220;ROMSKIE BAJANIE&#8221; POD PATRONATEM \u015aL\u0104SKIEGO KURATORA O\u015aWIATY\" title = \"ROZSTRZYGNI\u0118CIE V EDYCJI WOJEW\u00d3DZKIEGO KONKURSU PLASTYCZNEGO &#8220;ROMSKIE BAJANIE&#8221; POD PATRONATEM \u015aL\u0104SKIEGO KURATORA O\u015aWIATY\" \/><\/a><a class=\"img-post\" href=\"https:\/\/zsp12.gliwice.pl\/pm7\/blog\/2020\/11\/17\/rozstrzygniecie-v-edycji-wojewodzkiego-konkursu-plastycznego-romskie-bajanie-pod-patronatem-slaskiego-kuratora-oswiaty\/\"><img decoding=\"async\" src=\"https:\/\/zsp12.gliwice.pl\/pm7\/wp-content\/uploads\/sites\/7\/2020\/11\/DOC150-1-150x150.jpg\" alt= \"ROZSTRZYGNI\u0118CIE V EDYCJI WOJEW\u00d3DZKIEGO KONKURSU PLASTYCZNEGO &#8220;ROMSKIE BAJANIE&#8221; POD PATRONATEM \u015aL\u0104SKIEGO KURATORA O\u015aWIATY\" title = \"ROZSTRZYGNI\u0118CIE V EDYCJI WOJEW\u00d3DZKIEGO KONKURSU PLASTYCZNEGO &#8220;ROMSKIE BAJANIE&#8221; POD PATRONATEM \u015aL\u0104SKIEGO KURATORA O\u015aWIATY\" \/><\/a><\/div><div class=\"article-title-wrapper\"><h5><a href=\"https:\/\/zsp12.gliwice.pl\/pm7\/blog\/2020\/11\/17\/rozstrzygniecie-v-edycji-wojewodzkiego-konkursu-plastycznego-romskie-bajanie-pod-patronatem-slaskiego-kuratora-oswiaty\/\" class=\"article-title\">ROZSTRZYGNI\u0118CIE V EDYCJI WOJEW\u00d3DZKIEGO KONKURSU PLASTYCZNEGO &#8220;ROMSKIE BAJANIE&#8221; POD PATRONATEM \u015aL\u0104SKIEGO KURATORA O\u015aWIATY<\/a><\/h5><div class=\"article-meta\"><span class=\"entry-date\">17 listopada 2020<\/span><span class=\"author vcard\">by <a href=\"https:\/\/zsp12.gliwice.pl\/pm7\/blog\/author\/kszymanek\/\" rel=\"author\">kszymanek<\/a><\/span><\/div><\/div>\t\t\t<\/div>\n\t\t<\/div>\n\t\t\t\t<div class=\"col-md-3 col-sm-3\">\n\t\t\t<div class=\"item-post post-4045 post type-post status-publish format-standard has-post-thumbnail hentry category-archiwum-pm7 category-informacje\">\n\t\t\t\t<div class=\"article-image\"><a class=\"img-post-mobile\" href=\"https:\/\/zsp12.gliwice.pl\/pm7\/blog\/2020\/11\/16\/mega-fantastyczna-spolecznosc-zsp-12\/\"><img decoding=\"async\" src=\"https:\/\/zsp12.gliwice.pl\/pm7\/wp-content\/uploads\/sites\/7\/2020\/11\/125308162_3439410806140373_3817779224569510861_n.png\" alt= \"MEGA FANTASTYCZNA SPO\u0141ECZNO\u015a\u0106 ZSP 12!!!\" title = \"MEGA FANTASTYCZNA SPO\u0141ECZNO\u015a\u0106 ZSP 12!!!\" \/><\/a><a class=\"img-post\" href=\"https:\/\/zsp12.gliwice.pl\/pm7\/blog\/2020\/11\/16\/mega-fantastyczna-spolecznosc-zsp-12\/\"><img decoding=\"async\" src=\"https:\/\/zsp12.gliwice.pl\/pm7\/wp-content\/uploads\/sites\/7\/2020\/11\/125308162_3439410806140373_3817779224569510861_n-150x150.png\" alt= \"MEGA FANTASTYCZNA SPO\u0141ECZNO\u015a\u0106 ZSP 12!!!\" title = \"MEGA FANTASTYCZNA SPO\u0141ECZNO\u015a\u0106 ZSP 12!!!\" \/><\/a><\/div><div class=\"article-title-wrapper\"><h5><a href=\"https:\/\/zsp12.gliwice.pl\/pm7\/blog\/2020\/11\/16\/mega-fantastyczna-spolecznosc-zsp-12\/\" class=\"article-title\">MEGA FANTASTYCZNA SPO\u0141ECZNO\u015a\u0106 ZSP 12!!!<\/a><\/h5><div class=\"article-meta\"><span class=\"entry-date\">16 listopada 2020<\/span><span class=\"author vcard\">by <a href=\"https:\/\/zsp12.gliwice.pl\/pm7\/blog\/author\/kszymanek\/\" rel=\"author\">kszymanek<\/a><\/span><\/div><\/div>\t\t\t<\/div>\n\t\t<\/div>\n\t\t\t\t<div class=\"col-md-3 col-sm-3\">\n\t\t\t<div class=\"item-post post-3941 post type-post status-publish format-standard has-post-thumbnail hentry category-archiwum-pm7 category-informacje\">\n\t\t\t\t<div class=\"article-image\"><a class=\"img-post-mobile\" href=\"https:\/\/zsp12.gliwice.pl\/pm7\/blog\/2020\/11\/08\/pomoc-w-zakresie-pracy-z-programem-teams\/\"><img decoding=\"async\" src=\"https:\/\/zsp12.gliwice.pl\/pm7\/wp-content\/uploads\/sites\/7\/2023\/06\/admin-ajax.jpg\" alt= \"pomoc w zakresie pracy z programem TEAMS\" title = \"pomoc w zakresie pracy z programem TEAMS\" \/><\/a><a class=\"img-post\" href=\"https:\/\/zsp12.gliwice.pl\/pm7\/blog\/2020\/11\/08\/pomoc-w-zakresie-pracy-z-programem-teams\/\"><img decoding=\"async\" src=\"https:\/\/zsp12.gliwice.pl\/pm7\/wp-content\/uploads\/sites\/7\/2023\/06\/admin-ajax-150x150.jpg\" alt= \"pomoc w zakresie pracy z programem TEAMS\" title = \"pomoc w zakresie pracy z programem TEAMS\" \/><\/a><\/div><div class=\"article-title-wrapper\"><h5><a href=\"https:\/\/zsp12.gliwice.pl\/pm7\/blog\/2020\/11\/08\/pomoc-w-zakresie-pracy-z-programem-teams\/\" class=\"article-title\">pomoc w zakresie pracy z programem TEAMS<\/a><\/h5><div class=\"article-meta\"><span class=\"entry-date\">8 listopada 2020<\/span><span class=\"author vcard\">by <a href=\"https:\/\/zsp12.gliwice.pl\/pm7\/blog\/author\/kszymanek\/\" rel=\"author\">kszymanek<\/a><\/span><\/div><\/div>\t\t\t<\/div>\n\t\t<\/div>\n\t\t\t\t<div class=\"col-md-3 col-sm-3\">\n\t\t\t<div class=\"item-post post-3936 post type-post status-publish format-standard has-post-thumbnail hentry category-archiwum-pm7 category-informacje\">\n\t\t\t\t<div class=\"article-image\"><a class=\"img-post-mobile\" href=\"https:\/\/zsp12.gliwice.pl\/pm7\/blog\/2020\/11\/02\/100-dla-hospicjum-gliwice-od-12stki\/\"><img decoding=\"async\" src=\"https:\/\/zsp12.gliwice.pl\/pm7\/wp-content\/uploads\/sites\/7\/2020\/11\/kalendarz-768x1024.jpg\" alt= \"100 !!! dla Hospicjum Gliwice od 12stki\" title = \"100 !!! dla Hospicjum Gliwice od 12stki\" \/><\/a><a class=\"img-post\" href=\"https:\/\/zsp12.gliwice.pl\/pm7\/blog\/2020\/11\/02\/100-dla-hospicjum-gliwice-od-12stki\/\"><img decoding=\"async\" src=\"https:\/\/zsp12.gliwice.pl\/pm7\/wp-content\/uploads\/sites\/7\/2020\/11\/kalendarz-150x150.jpg\" alt= \"100 !!! dla Hospicjum Gliwice od 12stki\" title = \"100 !!! dla Hospicjum Gliwice od 12stki\" \/><\/a><\/div><div class=\"article-title-wrapper\"><h5><a href=\"https:\/\/zsp12.gliwice.pl\/pm7\/blog\/2020\/11\/02\/100-dla-hospicjum-gliwice-od-12stki\/\" class=\"article-title\">100 !!! dla Hospicjum Gliwice od 12stki<\/a><\/h5><div class=\"article-meta\"><span class=\"entry-date\">2 listopada 2020<\/span><span class=\"author vcard\">by <a href=\"https:\/\/zsp12.gliwice.pl\/pm7\/blog\/author\/kszymanek\/\" rel=\"author\">kszymanek<\/a><\/span><\/div><\/div>\t\t\t<\/div>\n\t\t<\/div>\n\t\t\t\t<div class=\"col-md-3 col-sm-3\">\n\t\t\t<div class=\"item-post post-3801 post type-post status-publish format-standard has-post-thumbnail hentry category-archiwum-pm7 category-informacje\">\n\t\t\t\t<div class=\"article-image\"><a class=\"img-post-mobile\" href=\"https:\/\/zsp12.gliwice.pl\/pm7\/blog\/2020\/09\/20\/ogolnopolski-dzien-przedszkolaka\/\"><img decoding=\"async\" src=\"https:\/\/zsp12.gliwice.pl\/pm7\/wp-content\/uploads\/sites\/7\/2020\/09\/Niebieski-z-Ziemi\u0105-i-Dzieci-Grafika-Przedszkole-Plakat-1-724x1024.png\" alt= \"Og\u00f3lnopolski Dzie\u0144 Przedszkolaka\" title = \"Og\u00f3lnopolski Dzie\u0144 Przedszkolaka\" \/><\/a><a class=\"img-post\" href=\"https:\/\/zsp12.gliwice.pl\/pm7\/blog\/2020\/09\/20\/ogolnopolski-dzien-przedszkolaka\/\"><img decoding=\"async\" src=\"https:\/\/zsp12.gliwice.pl\/pm7\/wp-content\/uploads\/sites\/7\/2020\/09\/Niebieski-z-Ziemi\u0105-i-Dzieci-Grafika-Przedszkole-Plakat-1-150x150.png\" alt= \"Og\u00f3lnopolski Dzie\u0144 Przedszkolaka\" title = \"Og\u00f3lnopolski Dzie\u0144 Przedszkolaka\" \/><\/a><\/div><div class=\"article-title-wrapper\"><h5><a href=\"https:\/\/zsp12.gliwice.pl\/pm7\/blog\/2020\/09\/20\/ogolnopolski-dzien-przedszkolaka\/\" class=\"article-title\">Og\u00f3lnopolski Dzie\u0144 Przedszkolaka<\/a><\/h5><div class=\"article-meta\"><span class=\"entry-date\">20 wrze\u015bnia 2020<\/span><span class=\"author vcard\">by <a href=\"https:\/\/zsp12.gliwice.pl\/pm7\/blog\/author\/kszymanek\/\" rel=\"author\">kszymanek<\/a><\/span><\/div><\/div>\t\t\t<\/div>\n\t\t<\/div>\n\t\t\t\t<div class=\"col-md-3 col-sm-3\">\n\t\t\t<div class=\"item-post post-3769 post type-post status-publish format-standard has-post-thumbnail hentry category-archiwum-pm7 category-informacje\">\n\t\t\t\t<div class=\"article-image\"><a class=\"img-post-mobile\" href=\"https:\/\/zsp12.gliwice.pl\/pm7\/blog\/2020\/09\/15\/industriada-2020\/\"><img decoding=\"async\" src=\"https:\/\/zsp12.gliwice.pl\/pm7\/wp-content\/uploads\/sites\/7\/2020\/09\/Industriada_2020_Gliwice-712x1024.jpg\" alt= \"INDUSTRIADA 2020\" title = \"INDUSTRIADA 2020\" \/><\/a><a class=\"img-post\" href=\"https:\/\/zsp12.gliwice.pl\/pm7\/blog\/2020\/09\/15\/industriada-2020\/\"><img decoding=\"async\" src=\"https:\/\/zsp12.gliwice.pl\/pm7\/wp-content\/uploads\/sites\/7\/2020\/09\/Industriada_2020_Gliwice-150x150.jpg\" alt= \"INDUSTRIADA 2020\" title = \"INDUSTRIADA 2020\" \/><\/a><\/div><div class=\"article-title-wrapper\"><h5><a href=\"https:\/\/zsp12.gliwice.pl\/pm7\/blog\/2020\/09\/15\/industriada-2020\/\" class=\"article-title\">INDUSTRIADA 2020<\/a><\/h5><div class=\"article-meta\"><span class=\"entry-date\">15 wrze\u015bnia 2020<\/span><span class=\"author vcard\">by <a href=\"https:\/\/zsp12.gliwice.pl\/pm7\/blog\/author\/kszymanek\/\" rel=\"author\">kszymanek<\/a><\/span><\/div><\/div>\t\t\t<\/div>\n\t\t<\/div>\n\t\t\t\t<div class=\"col-md-3 col-sm-3\">\n\t\t\t<div class=\"item-post post-3760 post type-post status-publish format-standard has-post-thumbnail hentry category-archiwum-pm7 category-informacje\">\n\t\t\t\t<div class=\"article-image\"><a class=\"img-post-mobile\" href=\"https:\/\/zsp12.gliwice.pl\/pm7\/blog\/2020\/09\/09\/dziennik-elektroniczny-vulcan\/\"><img decoding=\"async\" src=\"https:\/\/zsp12.gliwice.pl\/pm7\/wp-content\/uploads\/sites\/7\/2023\/06\/admin-ajax.jpg\" alt= \"Dziennik elektroniczny VULCAN\" title = \"Dziennik elektroniczny VULCAN\" \/><\/a><a class=\"img-post\" href=\"https:\/\/zsp12.gliwice.pl\/pm7\/blog\/2020\/09\/09\/dziennik-elektroniczny-vulcan\/\"><img decoding=\"async\" src=\"https:\/\/zsp12.gliwice.pl\/pm7\/wp-content\/uploads\/sites\/7\/2023\/06\/admin-ajax-150x150.jpg\" alt= \"Dziennik elektroniczny VULCAN\" title = \"Dziennik elektroniczny VULCAN\" \/><\/a><\/div><div class=\"article-title-wrapper\"><h5><a href=\"https:\/\/zsp12.gliwice.pl\/pm7\/blog\/2020\/09\/09\/dziennik-elektroniczny-vulcan\/\" class=\"article-title\">Dziennik elektroniczny VULCAN<\/a><\/h5><div class=\"article-meta\"><span class=\"entry-date\">9 wrze\u015bnia 2020<\/span><span class=\"author vcard\">by <a href=\"https:\/\/zsp12.gliwice.pl\/pm7\/blog\/author\/kszymanek\/\" rel=\"author\">kszymanek<\/a><\/span><\/div><\/div>\t\t\t<\/div>\n\t\t<\/div>\n\t\t\t\t<div class=\"col-md-3 col-sm-3\">\n\t\t\t<div class=\"item-post post-3743 post type-post status-publish format-standard has-post-thumbnail hentry category-archiwum-pm7 category-informacje\">\n\t\t\t\t<div class=\"article-image\"><a class=\"img-post-mobile\" href=\"https:\/\/zsp12.gliwice.pl\/pm7\/blog\/2020\/09\/03\/wazne-zebrania\/\"><img decoding=\"async\" src=\"https:\/\/zsp12.gliwice.pl\/pm7\/wp-content\/uploads\/sites\/7\/2020\/08\/59535-OA827H-246-1024x1024.jpg\" alt= \"WA\u017bNE &#8211; zebrania!\" title = \"WA\u017bNE &#8211; zebrania!\" \/><\/a><a class=\"img-post\" href=\"https:\/\/zsp12.gliwice.pl\/pm7\/blog\/2020\/09\/03\/wazne-zebrania\/\"><img decoding=\"async\" src=\"https:\/\/zsp12.gliwice.pl\/pm7\/wp-content\/uploads\/sites\/7\/2020\/08\/59535-OA827H-246-150x150.jpg\" alt= \"WA\u017bNE &#8211; zebrania!\" title = \"WA\u017bNE &#8211; zebrania!\" \/><\/a><\/div><div class=\"article-title-wrapper\"><h5><a href=\"https:\/\/zsp12.gliwice.pl\/pm7\/blog\/2020\/09\/03\/wazne-zebrania\/\" class=\"article-title\">WA\u017bNE &#8211; zebrania!<\/a><\/h5><div class=\"article-meta\"><span class=\"entry-date\">3 wrze\u015bnia 2020<\/span><span class=\"author vcard\">by <a href=\"https:\/\/zsp12.gliwice.pl\/pm7\/blog\/author\/kszymanek\/\" rel=\"author\">kszymanek<\/a><\/span><\/div><\/div>\t\t\t<\/div>\n\t\t<\/div>\n\t\t\t\t<div class=\"col-md-3 col-sm-3\">\n\t\t\t<div class=\"item-post post-3732 post type-post status-publish format-standard has-post-thumbnail hentry category-archiwum-pm7 category-informacje\">\n\t\t\t\t<div class=\"article-image\"><a class=\"img-post-mobile\" href=\"https:\/\/zsp12.gliwice.pl\/pm7\/blog\/2020\/08\/27\/przypominamy-przed-1-wrzesnia\/\"><img decoding=\"async\" src=\"https:\/\/zsp12.gliwice.pl\/pm7\/wp-content\/uploads\/sites\/7\/2020\/08\/6162-1024x683.jpg\" alt= \"Przypominamy przed 1 wrze\u015bnia\" title = \"Przypominamy przed 1 wrze\u015bnia\" \/><\/a><a class=\"img-post\" href=\"https:\/\/zsp12.gliwice.pl\/pm7\/blog\/2020\/08\/27\/przypominamy-przed-1-wrzesnia\/\"><img decoding=\"async\" src=\"https:\/\/zsp12.gliwice.pl\/pm7\/wp-content\/uploads\/sites\/7\/2020\/08\/6162-150x150.jpg\" alt= \"Przypominamy przed 1 wrze\u015bnia\" title = \"Przypominamy przed 1 wrze\u015bnia\" \/><\/a><\/div><div class=\"article-title-wrapper\"><h5><a href=\"https:\/\/zsp12.gliwice.pl\/pm7\/blog\/2020\/08\/27\/przypominamy-przed-1-wrzesnia\/\" class=\"article-title\">Przypominamy przed 1 wrze\u015bnia<\/a><\/h5><div class=\"article-meta\"><span class=\"entry-date\">27 sierpnia 2020<\/span><span class=\"author vcard\">by <a href=\"https:\/\/zsp12.gliwice.pl\/pm7\/blog\/author\/kszymanek\/\" rel=\"author\">kszymanek<\/a><\/span><\/div><\/div>\t\t\t<\/div>\n\t\t<\/div>\n\t\t\t\t<div class=\"col-md-3 col-sm-3\">\n\t\t\t<div class=\"item-post post-3722 post type-post status-publish format-standard has-post-thumbnail hentry category-archiwum-pm7 category-informacje\">\n\t\t\t\t<div class=\"article-image\"><a class=\"img-post-mobile\" href=\"https:\/\/zsp12.gliwice.pl\/pm7\/blog\/2020\/08\/26\/1-wrzesnia-2020\/\"><img decoding=\"async\" src=\"https:\/\/zsp12.gliwice.pl\/pm7\/wp-content\/uploads\/sites\/7\/2020\/08\/2219-1024x623.jpg\" alt= \"Rozpocz\u0119cie roku szkolnego dnia 01 wrze\u015bnia 2020 w ZSP nr 12\" title = \"Rozpocz\u0119cie roku szkolnego dnia 01 wrze\u015bnia 2020 w ZSP nr 12\" \/><\/a><a class=\"img-post\" href=\"https:\/\/zsp12.gliwice.pl\/pm7\/blog\/2020\/08\/26\/1-wrzesnia-2020\/\"><img decoding=\"async\" src=\"https:\/\/zsp12.gliwice.pl\/pm7\/wp-content\/uploads\/sites\/7\/2020\/08\/2219-150x150.jpg\" alt= \"Rozpocz\u0119cie roku szkolnego dnia 01 wrze\u015bnia 2020 w ZSP nr 12\" title = \"Rozpocz\u0119cie roku szkolnego dnia 01 wrze\u015bnia 2020 w ZSP nr 12\" \/><\/a><\/div><div class=\"article-title-wrapper\"><h5><a href=\"https:\/\/zsp12.gliwice.pl\/pm7\/blog\/2020\/08\/26\/1-wrzesnia-2020\/\" class=\"article-title\">Rozpocz\u0119cie roku szkolnego dnia 01 wrze\u015bnia 2020 w ZSP nr 12<\/a><\/h5><div class=\"article-meta\"><span class=\"entry-date\">26 sierpnia 2020<\/span><span class=\"author vcard\">by <a href=\"https:\/\/zsp12.gliwice.pl\/pm7\/blog\/author\/kszymanek\/\" rel=\"author\">kszymanek<\/a><\/span><\/div><\/div>\t\t\t<\/div>\n\t\t<\/div>\n\t\t\t\t<div class=\"col-md-3 col-sm-3\">\n\t\t\t<div class=\"item-post post-3710 post type-post status-publish format-standard has-post-thumbnail hentry category-archiwum-pm7 category-informacje\">\n\t\t\t\t<div class=\"article-image\"><a class=\"img-post-mobile\" href=\"https:\/\/zsp12.gliwice.pl\/pm7\/blog\/2020\/08\/18\/wazny-komunikat-dla-rodzicow-dotyczacy-ubezpieczenia-nnw-szkolne\/\"><img decoding=\"async\" src=\"https:\/\/zsp12.gliwice.pl\/pm7\/wp-content\/uploads\/sites\/7\/2020\/08\/59535-OA827H-246-1024x1024.jpg\" alt= \"Wa\u017cny komunikat dla Rodzic\u00f3w dotycz\u0105cy ubezpieczenia NNW Szkolne\" title = \"Wa\u017cny komunikat dla Rodzic\u00f3w dotycz\u0105cy ubezpieczenia NNW Szkolne\" \/><\/a><a class=\"img-post\" href=\"https:\/\/zsp12.gliwice.pl\/pm7\/blog\/2020\/08\/18\/wazny-komunikat-dla-rodzicow-dotyczacy-ubezpieczenia-nnw-szkolne\/\"><img decoding=\"async\" src=\"https:\/\/zsp12.gliwice.pl\/pm7\/wp-content\/uploads\/sites\/7\/2020\/08\/59535-OA827H-246-150x150.jpg\" alt= \"Wa\u017cny komunikat dla Rodzic\u00f3w dotycz\u0105cy ubezpieczenia NNW Szkolne\" title = \"Wa\u017cny komunikat dla Rodzic\u00f3w dotycz\u0105cy ubezpieczenia NNW Szkolne\" \/><\/a><\/div><div class=\"article-title-wrapper\"><h5><a href=\"https:\/\/zsp12.gliwice.pl\/pm7\/blog\/2020\/08\/18\/wazny-komunikat-dla-rodzicow-dotyczacy-ubezpieczenia-nnw-szkolne\/\" class=\"article-title\">Wa\u017cny komunikat dla Rodzic\u00f3w dotycz\u0105cy ubezpieczenia NNW Szkolne<\/a><\/h5><div class=\"article-meta\"><span class=\"entry-date\">18 sierpnia 2020<\/span><span class=\"author vcard\">by <a href=\"https:\/\/zsp12.gliwice.pl\/pm7\/blog\/author\/kszymanek\/\" rel=\"author\">kszymanek<\/a><\/span><\/div><\/div>\t\t\t<\/div>\n\t\t<\/div>\n\t\t\t\t<div class=\"col-md-3 col-sm-3\">\n\t\t\t<div class=\"item-post post-3693 post type-post status-publish format-standard has-post-thumbnail hentry category-archiwum-pm7 category-informacje\">\n\t\t\t\t<div class=\"article-image\"><a class=\"img-post-mobile\" href=\"https:\/\/zsp12.gliwice.pl\/pm7\/blog\/2020\/08\/12\/spotkanie-z-rodzicami-dzieci-nowo-przyjetych-do-budynku-na-ulicy-lipowej\/\"><img decoding=\"async\" src=\"https:\/\/zsp12.gliwice.pl\/pm7\/wp-content\/uploads\/sites\/7\/2020\/04\/41543-1024x428.jpg\" alt= \"Spotkanie z Rodzicami dzieci  ucz\u0119szczaj\u0105cych do PM7 w budynku na ulicy Lipowej\" title = \"Spotkanie z Rodzicami dzieci  ucz\u0119szczaj\u0105cych do PM7 w budynku na ulicy Lipowej\" \/><\/a><a class=\"img-post\" href=\"https:\/\/zsp12.gliwice.pl\/pm7\/blog\/2020\/08\/12\/spotkanie-z-rodzicami-dzieci-nowo-przyjetych-do-budynku-na-ulicy-lipowej\/\"><img decoding=\"async\" src=\"https:\/\/zsp12.gliwice.pl\/pm7\/wp-content\/uploads\/sites\/7\/2020\/04\/41543-150x150.jpg\" alt= \"Spotkanie z Rodzicami dzieci  ucz\u0119szczaj\u0105cych do PM7 w budynku na ulicy Lipowej\" title = \"Spotkanie z Rodzicami dzieci  ucz\u0119szczaj\u0105cych do PM7 w budynku na ulicy Lipowej\" \/><\/a><\/div><div class=\"article-title-wrapper\"><h5><a href=\"https:\/\/zsp12.gliwice.pl\/pm7\/blog\/2020\/08\/12\/spotkanie-z-rodzicami-dzieci-nowo-przyjetych-do-budynku-na-ulicy-lipowej\/\" class=\"article-title\">Spotkanie z Rodzicami dzieci  ucz\u0119szczaj\u0105cych do PM7 w budynku na ulicy Lipowej<\/a><\/h5><div class=\"article-meta\"><span class=\"entry-date\">12 sierpnia 2020<\/span><span class=\"author vcard\">by <a href=\"https:\/\/zsp12.gliwice.pl\/pm7\/blog\/author\/kszymanek\/\" rel=\"author\">kszymanek<\/a><\/span><\/div><\/div>\t\t\t<\/div>\n\t\t<\/div>\n\t\t\t\t<div class=\"col-md-3 col-sm-3\">\n\t\t\t<div class=\"item-post post-3700 post type-post status-publish format-standard has-post-thumbnail hentry category-archiwum-pm7 category-informacje\">\n\t\t\t\t<div class=\"article-image\"><a class=\"img-post-mobile\" href=\"https:\/\/zsp12.gliwice.pl\/pm7\/blog\/2020\/08\/12\/spotkanie-z-rodzicami-dzieci-uczeszczajacych-do-budynku-na-ulicy-tarnogorskiej\/\"><img decoding=\"async\" src=\"https:\/\/zsp12.gliwice.pl\/pm7\/wp-content\/uploads\/sites\/7\/2020\/04\/41543-1024x428.jpg\" alt= \"Spotkanie z Rodzicami dzieci ucz\u0119szczaj\u0105cych do PM7 w budynku na ulicy Tarnog\u00f3rskiej\" title = \"Spotkanie z Rodzicami dzieci ucz\u0119szczaj\u0105cych do PM7 w budynku na ulicy Tarnog\u00f3rskiej\" \/><\/a><a class=\"img-post\" href=\"https:\/\/zsp12.gliwice.pl\/pm7\/blog\/2020\/08\/12\/spotkanie-z-rodzicami-dzieci-uczeszczajacych-do-budynku-na-ulicy-tarnogorskiej\/\"><img decoding=\"async\" src=\"https:\/\/zsp12.gliwice.pl\/pm7\/wp-content\/uploads\/sites\/7\/2020\/04\/41543-150x150.jpg\" alt= \"Spotkanie z Rodzicami dzieci ucz\u0119szczaj\u0105cych do PM7 w budynku na ulicy Tarnog\u00f3rskiej\" title = \"Spotkanie z Rodzicami dzieci ucz\u0119szczaj\u0105cych do PM7 w budynku na ulicy Tarnog\u00f3rskiej\" \/><\/a><\/div><div class=\"article-title-wrapper\"><h5><a href=\"https:\/\/zsp12.gliwice.pl\/pm7\/blog\/2020\/08\/12\/spotkanie-z-rodzicami-dzieci-uczeszczajacych-do-budynku-na-ulicy-tarnogorskiej\/\" class=\"article-title\">Spotkanie z Rodzicami dzieci ucz\u0119szczaj\u0105cych do PM7 w budynku na ulicy Tarnog\u00f3rskiej<\/a><\/h5><div class=\"article-meta\"><span class=\"entry-date\">12 sierpnia 2020<\/span><span class=\"author vcard\">by <a href=\"https:\/\/zsp12.gliwice.pl\/pm7\/blog\/author\/kszymanek\/\" rel=\"author\">kszymanek<\/a><\/span><\/div><\/div>\t\t\t<\/div>\n\t\t<\/div>\n\t\t\t\t<div class=\"col-md-3 col-sm-3\">\n\t\t\t<div class=\"item-post post-3689 post type-post status-publish format-standard has-post-thumbnail hentry category-archiwum-pm7 category-informacje\">\n\t\t\t\t<div class=\"article-image\"><a class=\"img-post-mobile\" href=\"https:\/\/zsp12.gliwice.pl\/pm7\/blog\/2020\/07\/27\/rekrutacja-uzupelniajaca-do-przedszkoli\/\"><img decoding=\"async\" src=\"https:\/\/zsp12.gliwice.pl\/pm7\/wp-content\/uploads\/sites\/7\/2020\/03\/road-sign-663368_640.jpg\" alt= \"Rekrutacja uzupe\u0142niaj\u0105ca do przedszkoli\" title = \"Rekrutacja uzupe\u0142niaj\u0105ca do przedszkoli\" \/><\/a><a class=\"img-post\" href=\"https:\/\/zsp12.gliwice.pl\/pm7\/blog\/2020\/07\/27\/rekrutacja-uzupelniajaca-do-przedszkoli\/\"><img decoding=\"async\" src=\"https:\/\/zsp12.gliwice.pl\/pm7\/wp-content\/uploads\/sites\/7\/2020\/03\/road-sign-663368_640-150x150.jpg\" alt= \"Rekrutacja uzupe\u0142niaj\u0105ca do przedszkoli\" title = \"Rekrutacja uzupe\u0142niaj\u0105ca do przedszkoli\" \/><\/a><\/div><div class=\"article-title-wrapper\"><h5><a href=\"https:\/\/zsp12.gliwice.pl\/pm7\/blog\/2020\/07\/27\/rekrutacja-uzupelniajaca-do-przedszkoli\/\" class=\"article-title\">Rekrutacja uzupe\u0142niaj\u0105ca do przedszkoli<\/a><\/h5><div class=\"article-meta\"><span class=\"entry-date\">27 lipca 2020<\/span><span class=\"author vcard\">by <a href=\"https:\/\/zsp12.gliwice.pl\/pm7\/blog\/author\/kszymanek\/\" rel=\"author\">kszymanek<\/a><\/span><\/div><\/div>\t\t\t<\/div>\n\t\t<\/div>\n\t\t\t\t<div class=\"col-md-3 col-sm-3\">\n\t\t\t<div class=\"item-post post-3685 post type-post status-publish format-standard has-post-thumbnail hentry category-archiwum-pm7 category-informacje\">\n\t\t\t\t<div class=\"article-image\"><a class=\"img-post-mobile\" href=\"https:\/\/zsp12.gliwice.pl\/pm7\/blog\/2020\/06\/30\/wakacyjne-zyczenia\/\"><img decoding=\"async\" src=\"https:\/\/zsp12.gliwice.pl\/pm7\/wp-content\/uploads\/sites\/7\/2020\/06\/3925216-1024x683.jpg\" alt= \"Wakacyjne \u017cyczenia!\" title = \"Wakacyjne \u017cyczenia!\" \/><\/a><a class=\"img-post\" href=\"https:\/\/zsp12.gliwice.pl\/pm7\/blog\/2020\/06\/30\/wakacyjne-zyczenia\/\"><img decoding=\"async\" src=\"https:\/\/zsp12.gliwice.pl\/pm7\/wp-content\/uploads\/sites\/7\/2020\/06\/3925216-150x150.jpg\" alt= \"Wakacyjne \u017cyczenia!\" title = \"Wakacyjne \u017cyczenia!\" \/><\/a><\/div><div class=\"article-title-wrapper\"><h5><a href=\"https:\/\/zsp12.gliwice.pl\/pm7\/blog\/2020\/06\/30\/wakacyjne-zyczenia\/\" class=\"article-title\">Wakacyjne \u017cyczenia!<\/a><\/h5><div class=\"article-meta\"><span class=\"entry-date\">30 czerwca 2020<\/span><span class=\"author vcard\">by <a href=\"https:\/\/zsp12.gliwice.pl\/pm7\/blog\/author\/kszymanek\/\" rel=\"author\">kszymanek<\/a><\/span><\/div><\/div>\t\t\t<\/div>\n\t\t<\/div>\n\t\t\t\t<div class=\"col-md-3 col-sm-3\">\n\t\t\t<div class=\"item-post post-3584 post type-post status-publish format-standard has-post-thumbnail hentry category-archiwum-pm7 category-informacje\">\n\t\t\t\t<div class=\"article-image\"><a class=\"img-post-mobile\" href=\"https:\/\/zsp12.gliwice.pl\/pm7\/blog\/2020\/06\/10\/przedszkole-zbiorcze-procedura-karta-zapisu\/\"><img decoding=\"async\" src=\"https:\/\/zsp12.gliwice.pl\/pm7\/wp-content\/uploads\/sites\/7\/2020\/03\/road-sign-663368_640.jpg\" alt= \"Przedszkole zbiorcze &#8211; procedura + karta zapisu\" title = \"Przedszkole zbiorcze &#8211; procedura + karta zapisu\" \/><\/a><a class=\"img-post\" href=\"https:\/\/zsp12.gliwice.pl\/pm7\/blog\/2020\/06\/10\/przedszkole-zbiorcze-procedura-karta-zapisu\/\"><img decoding=\"async\" src=\"https:\/\/zsp12.gliwice.pl\/pm7\/wp-content\/uploads\/sites\/7\/2020\/03\/road-sign-663368_640-150x150.jpg\" alt= \"Przedszkole zbiorcze &#8211; procedura + karta zapisu\" title = \"Przedszkole zbiorcze &#8211; procedura + karta zapisu\" \/><\/a><\/div><div class=\"article-title-wrapper\"><h5><a href=\"https:\/\/zsp12.gliwice.pl\/pm7\/blog\/2020\/06\/10\/przedszkole-zbiorcze-procedura-karta-zapisu\/\" class=\"article-title\">Przedszkole zbiorcze &#8211; procedura + karta zapisu<\/a><\/h5><div class=\"article-meta\"><span class=\"entry-date\">10 czerwca 2020<\/span><span class=\"author vcard\">by <a href=\"https:\/\/zsp12.gliwice.pl\/pm7\/blog\/author\/kszymanek\/\" rel=\"author\">kszymanek<\/a><\/span><\/div><\/div>\t\t\t<\/div>\n\t\t<\/div>\n\t\t\t\t<div class=\"col-md-3 col-sm-3\">\n\t\t\t<div class=\"item-post post-3577 post type-post status-publish format-standard has-post-thumbnail hentry category-archiwum-pm7 category-informacje\">\n\t\t\t\t<div class=\"article-image\"><a class=\"img-post-mobile\" href=\"https:\/\/zsp12.gliwice.pl\/pm7\/blog\/2020\/06\/05\/12-publicznych-przedszkoli-i-oddzialow-przedszkolnych-w-gliwicach-pozostaje-na-razie-zamknietych\/\"><img decoding=\"async\" src=\"https:\/\/zsp12.gliwice.pl\/pm7\/wp-content\/uploads\/sites\/7\/2020\/03\/road-sign-663368_640.jpg\" alt= \"12 publicznych przedszkoli i oddzia\u0142\u00f3w przedszkolnych w Gliwicach pozostaje na razie zamkni\u0119tych\" title = \"12 publicznych przedszkoli i oddzia\u0142\u00f3w przedszkolnych w Gliwicach pozostaje na razie zamkni\u0119tych\" \/><\/a><a class=\"img-post\" href=\"https:\/\/zsp12.gliwice.pl\/pm7\/blog\/2020\/06\/05\/12-publicznych-przedszkoli-i-oddzialow-przedszkolnych-w-gliwicach-pozostaje-na-razie-zamknietych\/\"><img decoding=\"async\" src=\"https:\/\/zsp12.gliwice.pl\/pm7\/wp-content\/uploads\/sites\/7\/2020\/03\/road-sign-663368_640-150x150.jpg\" alt= \"12 publicznych przedszkoli i oddzia\u0142\u00f3w przedszkolnych w Gliwicach pozostaje na razie zamkni\u0119tych\" title = \"12 publicznych przedszkoli i oddzia\u0142\u00f3w przedszkolnych w Gliwicach pozostaje na razie zamkni\u0119tych\" \/><\/a><\/div><div class=\"article-title-wrapper\"><h5><a href=\"https:\/\/zsp12.gliwice.pl\/pm7\/blog\/2020\/06\/05\/12-publicznych-przedszkoli-i-oddzialow-przedszkolnych-w-gliwicach-pozostaje-na-razie-zamknietych\/\" class=\"article-title\">12 publicznych przedszkoli i oddzia\u0142\u00f3w przedszkolnych w Gliwicach pozostaje na razie zamkni\u0119tych<\/a><\/h5><div class=\"article-meta\"><span class=\"entry-date\">5 czerwca 2020<\/span><span class=\"author vcard\">by <a href=\"https:\/\/zsp12.gliwice.pl\/pm7\/blog\/author\/kszymanek\/\" rel=\"author\">kszymanek<\/a><\/span><\/div><\/div>\t\t\t<\/div>\n\t\t<\/div>\n\t\t\t\t<div class=\"col-md-3 col-sm-3\">\n\t\t\t<div class=\"item-post post-3571 post type-post status-publish format-standard has-post-thumbnail hentry category-archiwum-pm7 category-informacje\">\n\t\t\t\t<div class=\"article-image\"><a class=\"img-post-mobile\" href=\"https:\/\/zsp12.gliwice.pl\/pm7\/blog\/2020\/06\/05\/przedszkole-zbiorcze\/\"><img decoding=\"async\" src=\"https:\/\/zsp12.gliwice.pl\/pm7\/wp-content\/uploads\/sites\/7\/2023\/06\/admin-ajax.jpg\" alt= \"Przedszkole zbiorcze\" title = \"Przedszkole zbiorcze\" \/><\/a><a class=\"img-post\" href=\"https:\/\/zsp12.gliwice.pl\/pm7\/blog\/2020\/06\/05\/przedszkole-zbiorcze\/\"><img decoding=\"async\" src=\"https:\/\/zsp12.gliwice.pl\/pm7\/wp-content\/uploads\/sites\/7\/2023\/06\/admin-ajax-150x150.jpg\" alt= \"Przedszkole zbiorcze\" title = \"Przedszkole zbiorcze\" \/><\/a><\/div><div class=\"article-title-wrapper\"><h5><a href=\"https:\/\/zsp12.gliwice.pl\/pm7\/blog\/2020\/06\/05\/przedszkole-zbiorcze\/\" class=\"article-title\">Przedszkole zbiorcze<\/a><\/h5><div class=\"article-meta\"><span class=\"entry-date\">5 czerwca 2020<\/span><span class=\"author vcard\">by <a href=\"https:\/\/zsp12.gliwice.pl\/pm7\/blog\/author\/kszymanek\/\" rel=\"author\">kszymanek<\/a><\/span><\/div><\/div>\t\t\t<\/div>\n\t\t<\/div>\n\t\t\t\t<div class=\"col-md-3 col-sm-3\">\n\t\t\t<div class=\"item-post post-3568 post type-post status-publish format-standard has-post-thumbnail hentry category-archiwum-pm7 category-informacje\">\n\t\t\t\t<div class=\"article-image\"><a class=\"img-post-mobile\" href=\"https:\/\/zsp12.gliwice.pl\/pm7\/blog\/2020\/06\/01\/niespodzianka-z-okazji-dnia-dziecka\/\"><img decoding=\"async\" src=\"https:\/\/zsp12.gliwice.pl\/pm7\/wp-content\/uploads\/sites\/7\/2020\/05\/dzien-dziecka-PM7-by-kasia_sz85-on-Genially-Google-Chrome-31.05.2020-14_34_08-2.png\" alt= \"NIESPODZIANKA z okazji Dnia Dziecka\" title = \"NIESPODZIANKA z okazji Dnia Dziecka\" \/><\/a><a class=\"img-post\" href=\"https:\/\/zsp12.gliwice.pl\/pm7\/blog\/2020\/06\/01\/niespodzianka-z-okazji-dnia-dziecka\/\"><img decoding=\"async\" src=\"https:\/\/zsp12.gliwice.pl\/pm7\/wp-content\/uploads\/sites\/7\/2020\/05\/dzien-dziecka-PM7-by-kasia_sz85-on-Genially-Google-Chrome-31.05.2020-14_34_08-2-150x150.png\" alt= \"NIESPODZIANKA z okazji Dnia Dziecka\" title = \"NIESPODZIANKA z okazji Dnia Dziecka\" \/><\/a><\/div><div class=\"article-title-wrapper\"><h5><a href=\"https:\/\/zsp12.gliwice.pl\/pm7\/blog\/2020\/06\/01\/niespodzianka-z-okazji-dnia-dziecka\/\" class=\"article-title\">NIESPODZIANKA z okazji Dnia Dziecka<\/a><\/h5><div class=\"article-meta\"><span class=\"entry-date\">1 czerwca 2020<\/span><span class=\"author vcard\">by <a href=\"https:\/\/zsp12.gliwice.pl\/pm7\/blog\/author\/kszymanek\/\" rel=\"author\">kszymanek<\/a><\/span><\/div><\/div>\t\t\t<\/div>\n\t\t<\/div>\n\t\t\t\t<div class=\"col-md-3 col-sm-3\">\n\t\t\t<div class=\"item-post post-3564 post type-post status-publish format-standard has-post-thumbnail hentry category-archiwum-pm7 category-informacje\">\n\t\t\t\t<div class=\"article-image\"><a class=\"img-post-mobile\" href=\"https:\/\/zsp12.gliwice.pl\/pm7\/blog\/2020\/05\/29\/wazne\/\"><img decoding=\"async\" src=\"https:\/\/zsp12.gliwice.pl\/pm7\/wp-content\/uploads\/sites\/7\/2020\/03\/road-sign-663368_640.jpg\" alt= \"Decyzja o zawieszeniu w okresie od 1 do 5 czerwca 2020 r. zaj\u0119\u0107 w przedszkolach\" title = \"Decyzja o zawieszeniu w okresie od 1 do 5 czerwca 2020 r. zaj\u0119\u0107 w przedszkolach\" \/><\/a><a class=\"img-post\" href=\"https:\/\/zsp12.gliwice.pl\/pm7\/blog\/2020\/05\/29\/wazne\/\"><img decoding=\"async\" src=\"https:\/\/zsp12.gliwice.pl\/pm7\/wp-content\/uploads\/sites\/7\/2020\/03\/road-sign-663368_640-150x150.jpg\" alt= \"Decyzja o zawieszeniu w okresie od 1 do 5 czerwca 2020 r. zaj\u0119\u0107 w przedszkolach\" title = \"Decyzja o zawieszeniu w okresie od 1 do 5 czerwca 2020 r. zaj\u0119\u0107 w przedszkolach\" \/><\/a><\/div><div class=\"article-title-wrapper\"><h5><a href=\"https:\/\/zsp12.gliwice.pl\/pm7\/blog\/2020\/05\/29\/wazne\/\" class=\"article-title\">Decyzja o zawieszeniu w okresie od 1 do 5 czerwca 2020 r. zaj\u0119\u0107 w przedszkolach<\/a><\/h5><div class=\"article-meta\"><span class=\"entry-date\">29 maja 2020<\/span><span class=\"author vcard\">by <a href=\"https:\/\/zsp12.gliwice.pl\/pm7\/blog\/author\/kszymanek\/\" rel=\"author\">kszymanek<\/a><\/span><\/div><\/div>\t\t\t<\/div>\n\t\t<\/div>\n\t\t\t\t<div class=\"col-md-3 col-sm-3\">\n\t\t\t<div class=\"item-post post-3560 post type-post status-publish format-standard has-post-thumbnail hentry category-archiwum-pm7 category-informacje\">\n\t\t\t\t<div class=\"article-image\"><a class=\"img-post-mobile\" href=\"https:\/\/zsp12.gliwice.pl\/pm7\/blog\/2020\/05\/28\/dzien-dziecka-on-line\/\"><img decoding=\"async\" src=\"https:\/\/zsp12.gliwice.pl\/pm7\/wp-content\/uploads\/sites\/7\/2020\/05\/Dzien_Dziecka_plakat-690x1024.jpg\" alt= \"Dzie\u0144 Dziecka on-line\" title = \"Dzie\u0144 Dziecka on-line\" \/><\/a><a class=\"img-post\" href=\"https:\/\/zsp12.gliwice.pl\/pm7\/blog\/2020\/05\/28\/dzien-dziecka-on-line\/\"><img decoding=\"async\" src=\"https:\/\/zsp12.gliwice.pl\/pm7\/wp-content\/uploads\/sites\/7\/2020\/05\/Dzien_Dziecka_plakat-150x150.jpg\" alt= \"Dzie\u0144 Dziecka on-line\" title = \"Dzie\u0144 Dziecka on-line\" \/><\/a><\/div><div class=\"article-title-wrapper\"><h5><a href=\"https:\/\/zsp12.gliwice.pl\/pm7\/blog\/2020\/05\/28\/dzien-dziecka-on-line\/\" class=\"article-title\">Dzie\u0144 Dziecka on-line<\/a><\/h5><div class=\"article-meta\"><span class=\"entry-date\">28 maja 2020<\/span><span class=\"author vcard\">by <a href=\"https:\/\/zsp12.gliwice.pl\/pm7\/blog\/author\/kszymanek\/\" rel=\"author\">kszymanek<\/a><\/span><\/div><\/div>\t\t\t<\/div>\n\t\t<\/div>\n\t\t\t\t<div class=\"col-md-3 col-sm-3\">\n\t\t\t<div class=\"item-post post-3552 post type-post status-publish format-standard has-post-thumbnail hentry category-archiwum-pm7 category-informacje\">\n\t\t\t\t<div class=\"article-image\"><a class=\"img-post-mobile\" href=\"https:\/\/zsp12.gliwice.pl\/pm7\/blog\/2020\/05\/27\/27-maja-bedziemy-swietowac\/\"><img decoding=\"async\" src=\"https:\/\/zsp12.gliwice.pl\/pm7\/wp-content\/uploads\/sites\/7\/2020\/05\/30lecie_podst-1024x417.jpg\" alt= \"27 maja b\u0119dziemy \u015bwi\u0119towa\u0107!\" title = \"27 maja b\u0119dziemy \u015bwi\u0119towa\u0107!\" \/><\/a><a class=\"img-post\" href=\"https:\/\/zsp12.gliwice.pl\/pm7\/blog\/2020\/05\/27\/27-maja-bedziemy-swietowac\/\"><img decoding=\"async\" src=\"https:\/\/zsp12.gliwice.pl\/pm7\/wp-content\/uploads\/sites\/7\/2020\/05\/30lecie_podst-150x150.jpg\" alt= \"27 maja b\u0119dziemy \u015bwi\u0119towa\u0107!\" title = \"27 maja b\u0119dziemy \u015bwi\u0119towa\u0107!\" \/><\/a><\/div><div class=\"article-title-wrapper\"><h5><a href=\"https:\/\/zsp12.gliwice.pl\/pm7\/blog\/2020\/05\/27\/27-maja-bedziemy-swietowac\/\" class=\"article-title\">27 maja b\u0119dziemy \u015bwi\u0119towa\u0107!<\/a><\/h5><div class=\"article-meta\"><span class=\"entry-date\">27 maja 2020<\/span><span class=\"author vcard\">by <a href=\"https:\/\/zsp12.gliwice.pl\/pm7\/blog\/author\/kszymanek\/\" rel=\"author\">kszymanek<\/a><\/span><\/div><\/div>\t\t\t<\/div>\n\t\t<\/div>\n\t\t\t\t<div class=\"col-md-3 col-sm-3\">\n\t\t\t<div class=\"item-post post-3548 post type-post status-publish format-standard has-post-thumbnail hentry category-archiwum-pm7 category-informacje\">\n\t\t\t\t<div class=\"article-image\"><a class=\"img-post-mobile\" href=\"https:\/\/zsp12.gliwice.pl\/pm7\/blog\/2020\/05\/21\/przesuniecie-otwarcia-zlobkow-przedszkoli-i-opieki-w-szkolach-podstawowych\/\"><img decoding=\"async\" src=\"https:\/\/zsp12.gliwice.pl\/pm7\/wp-content\/uploads\/sites\/7\/2020\/03\/road-sign-663368_640.jpg\" alt= \"Przesuni\u0119cie otwarcia \u017c\u0142obk\u00f3w, przedszkoli i opieki w szko\u0142ach podstawowych\" title = \"Przesuni\u0119cie otwarcia \u017c\u0142obk\u00f3w, przedszkoli i opieki w szko\u0142ach podstawowych\" \/><\/a><a class=\"img-post\" href=\"https:\/\/zsp12.gliwice.pl\/pm7\/blog\/2020\/05\/21\/przesuniecie-otwarcia-zlobkow-przedszkoli-i-opieki-w-szkolach-podstawowych\/\"><img decoding=\"async\" src=\"https:\/\/zsp12.gliwice.pl\/pm7\/wp-content\/uploads\/sites\/7\/2020\/03\/road-sign-663368_640-150x150.jpg\" alt= \"Przesuni\u0119cie otwarcia \u017c\u0142obk\u00f3w, przedszkoli i opieki w szko\u0142ach podstawowych\" title = \"Przesuni\u0119cie otwarcia \u017c\u0142obk\u00f3w, przedszkoli i opieki w szko\u0142ach podstawowych\" \/><\/a><\/div><div class=\"article-title-wrapper\"><h5><a href=\"https:\/\/zsp12.gliwice.pl\/pm7\/blog\/2020\/05\/21\/przesuniecie-otwarcia-zlobkow-przedszkoli-i-opieki-w-szkolach-podstawowych\/\" class=\"article-title\">Przesuni\u0119cie otwarcia \u017c\u0142obk\u00f3w, przedszkoli i opieki w szko\u0142ach podstawowych<\/a><\/h5><div class=\"article-meta\"><span class=\"entry-date\">21 maja 2020<\/span><span class=\"author vcard\">by <a href=\"https:\/\/zsp12.gliwice.pl\/pm7\/blog\/author\/kszymanek\/\" rel=\"author\">kszymanek<\/a><\/span><\/div><\/div>\t\t\t<\/div>\n\t\t<\/div>\n\t\t\t\t<div class=\"col-md-3 col-sm-3\">\n\t\t\t<div class=\"item-post post-3541 post type-post status-publish format-standard has-post-thumbnail hentry category-archiwum-pm7 category-informacje\">\n\t\t\t\t<div class=\"article-image\"><a class=\"img-post-mobile\" href=\"https:\/\/zsp12.gliwice.pl\/pm7\/blog\/2020\/05\/13\/gliwickie-zlobki-i-przedszkola-zamkniete-do-25-maja\/\"><img decoding=\"async\" src=\"https:\/\/zsp12.gliwice.pl\/pm7\/wp-content\/uploads\/sites\/7\/2020\/03\/road-sign-663368_640.jpg\" alt= \"Gliwickie \u017c\u0142obki i przedszkola zamkni\u0119te do 24 maja\" title = \"Gliwickie \u017c\u0142obki i przedszkola zamkni\u0119te do 24 maja\" \/><\/a><a class=\"img-post\" href=\"https:\/\/zsp12.gliwice.pl\/pm7\/blog\/2020\/05\/13\/gliwickie-zlobki-i-przedszkola-zamkniete-do-25-maja\/\"><img decoding=\"async\" src=\"https:\/\/zsp12.gliwice.pl\/pm7\/wp-content\/uploads\/sites\/7\/2020\/03\/road-sign-663368_640-150x150.jpg\" alt= \"Gliwickie \u017c\u0142obki i przedszkola zamkni\u0119te do 24 maja\" title = \"Gliwickie \u017c\u0142obki i przedszkola zamkni\u0119te do 24 maja\" \/><\/a><\/div><div class=\"article-title-wrapper\"><h5><a href=\"https:\/\/zsp12.gliwice.pl\/pm7\/blog\/2020\/05\/13\/gliwickie-zlobki-i-przedszkola-zamkniete-do-25-maja\/\" class=\"article-title\">Gliwickie \u017c\u0142obki i przedszkola zamkni\u0119te do 24 maja<\/a><\/h5><div class=\"article-meta\"><span class=\"entry-date\">13 maja 2020<\/span><span class=\"author vcard\">by <a href=\"https:\/\/zsp12.gliwice.pl\/pm7\/blog\/author\/kszymanek\/\" rel=\"author\">kszymanek<\/a><\/span><\/div><\/div>\t\t\t<\/div>\n\t\t<\/div>\n\t\t\t\t<div class=\"col-md-3 col-sm-3\">\n\t\t\t<div class=\"item-post post-3535 post type-post status-publish format-standard has-post-thumbnail hentry category-archiwum-pm7 category-informacje\">\n\t\t\t\t<div class=\"article-image\"><a class=\"img-post-mobile\" href=\"https:\/\/zsp12.gliwice.pl\/pm7\/blog\/2020\/05\/08\/zajecia-opiekuncze-w-pm7\/\"><img decoding=\"async\" src=\"https:\/\/zsp12.gliwice.pl\/pm7\/wp-content\/uploads\/sites\/7\/2020\/03\/road-sign-663368_640.jpg\" alt= \"Zaj\u0119cia opieku\u0144cze w PM7\" title = \"Zaj\u0119cia opieku\u0144cze w PM7\" \/><\/a><a class=\"img-post\" href=\"https:\/\/zsp12.gliwice.pl\/pm7\/blog\/2020\/05\/08\/zajecia-opiekuncze-w-pm7\/\"><img decoding=\"async\" src=\"https:\/\/zsp12.gliwice.pl\/pm7\/wp-content\/uploads\/sites\/7\/2020\/03\/road-sign-663368_640-150x150.jpg\" alt= \"Zaj\u0119cia opieku\u0144cze w PM7\" title = \"Zaj\u0119cia opieku\u0144cze w PM7\" \/><\/a><\/div><div class=\"article-title-wrapper\"><h5><a href=\"https:\/\/zsp12.gliwice.pl\/pm7\/blog\/2020\/05\/08\/zajecia-opiekuncze-w-pm7\/\" class=\"article-title\">Zaj\u0119cia opieku\u0144cze w PM7<\/a><\/h5><div class=\"article-meta\"><span class=\"entry-date\">8 maja 2020<\/span><span class=\"author vcard\">by <a href=\"https:\/\/zsp12.gliwice.pl\/pm7\/blog\/author\/kszymanek\/\" rel=\"author\">kszymanek<\/a><\/span><\/div><\/div>\t\t\t<\/div>\n\t\t<\/div>\n\t\t\t\t<div class=\"col-md-3 col-sm-3\">\n\t\t\t<div class=\"item-post post-3531 post type-post status-publish format-standard has-post-thumbnail hentry category-archiwum-pm7 category-informacje\">\n\t\t\t\t<div class=\"article-image\"><a class=\"img-post-mobile\" href=\"https:\/\/zsp12.gliwice.pl\/pm7\/blog\/2020\/05\/06\/3531\/\"><img decoding=\"async\" src=\"https:\/\/zsp12.gliwice.pl\/pm7\/wp-content\/uploads\/sites\/7\/2020\/05\/Na-wniosek-dyrektora-Zespo\u0142u-Szkolno-1-1024x386.jpg\" alt= \"\" title = \"\" \/><\/a><a class=\"img-post\" href=\"https:\/\/zsp12.gliwice.pl\/pm7\/blog\/2020\/05\/06\/3531\/\"><img decoding=\"async\" src=\"https:\/\/zsp12.gliwice.pl\/pm7\/wp-content\/uploads\/sites\/7\/2020\/05\/Na-wniosek-dyrektora-Zespo\u0142u-Szkolno-1-150x150.jpg\" alt= \"\" title = \"\" \/><\/a><\/div><div class=\"article-title-wrapper\"><h5><a href=\"https:\/\/zsp12.gliwice.pl\/pm7\/blog\/2020\/05\/06\/3531\/\" class=\"article-title\"><\/a><\/h5><div class=\"article-meta\"><span class=\"entry-date\">6 maja 2020<\/span><span class=\"author vcard\">by <a href=\"https:\/\/zsp12.gliwice.pl\/pm7\/blog\/author\/kszymanek\/\" rel=\"author\">kszymanek<\/a><\/span><\/div><\/div>\t\t\t<\/div>\n\t\t<\/div>\n\t\t\t\t<div class=\"col-md-3 col-sm-3\">\n\t\t\t<div class=\"item-post post-3528 post type-post status-publish format-standard has-post-thumbnail hentry category-archiwum-pm7 category-informacje\">\n\t\t\t\t<div class=\"article-image\"><a class=\"img-post-mobile\" href=\"https:\/\/zsp12.gliwice.pl\/pm7\/blog\/2020\/04\/28\/lista-osob-przyjetych-i-nieprzyjetych-do-pm7-w-zsp12-w-wyniku-procesu-rekrutacji-na-rok-szkolny-2020-2021\/\"><img decoding=\"async\" src=\"https:\/\/zsp12.gliwice.pl\/pm7\/wp-content\/uploads\/sites\/7\/2020\/04\/41543-1024x428.jpg\" alt= \"Lista os\u00f3b przyj\u0119tych i nieprzyj\u0119tych do PM7 w ZSP12 w wyniku procesu rekrutacji na rok szkolny 2020\/2021\" title = \"Lista os\u00f3b przyj\u0119tych i nieprzyj\u0119tych do PM7 w ZSP12 w wyniku procesu rekrutacji na rok szkolny 2020\/2021\" \/><\/a><a class=\"img-post\" href=\"https:\/\/zsp12.gliwice.pl\/pm7\/blog\/2020\/04\/28\/lista-osob-przyjetych-i-nieprzyjetych-do-pm7-w-zsp12-w-wyniku-procesu-rekrutacji-na-rok-szkolny-2020-2021\/\"><img decoding=\"async\" src=\"https:\/\/zsp12.gliwice.pl\/pm7\/wp-content\/uploads\/sites\/7\/2020\/04\/41543-150x150.jpg\" alt= \"Lista os\u00f3b przyj\u0119tych i nieprzyj\u0119tych do PM7 w ZSP12 w wyniku procesu rekrutacji na rok szkolny 2020\/2021\" title = \"Lista os\u00f3b przyj\u0119tych i nieprzyj\u0119tych do PM7 w ZSP12 w wyniku procesu rekrutacji na rok szkolny 2020\/2021\" \/><\/a><\/div><div class=\"article-title-wrapper\"><h5><a href=\"https:\/\/zsp12.gliwice.pl\/pm7\/blog\/2020\/04\/28\/lista-osob-przyjetych-i-nieprzyjetych-do-pm7-w-zsp12-w-wyniku-procesu-rekrutacji-na-rok-szkolny-2020-2021\/\" class=\"article-title\">Lista os\u00f3b przyj\u0119tych i nieprzyj\u0119tych do PM7 w ZSP12 w wyniku procesu rekrutacji na rok szkolny 2020\/2021<\/a><\/h5><div class=\"article-meta\"><span class=\"entry-date\">28 kwietnia 2020<\/span><span class=\"author vcard\">by <a href=\"https:\/\/zsp12.gliwice.pl\/pm7\/blog\/author\/kszymanek\/\" rel=\"author\">kszymanek<\/a><\/span><\/div><\/div>\t\t\t<\/div>\n\t\t<\/div>\n\t\t\t\t<div class=\"col-md-3 col-sm-3\">\n\t\t\t<div class=\"item-post post-3525 post type-post status-publish format-standard has-post-thumbnail hentry category-archiwum-pm7 category-informacje\">\n\t\t\t\t<div class=\"article-image\"><a class=\"img-post-mobile\" href=\"https:\/\/zsp12.gliwice.pl\/pm7\/blog\/2020\/04\/23\/rekrutacja-do-klasy-i-w-roku-szkolnym-2020-2021\/\"><img decoding=\"async\" src=\"https:\/\/zsp12.gliwice.pl\/pm7\/wp-content\/uploads\/sites\/7\/2023\/06\/admin-ajax.jpg\" alt= \"Rekrutacja do klasy I w roku szkolnym 2020\/2021\" title = \"Rekrutacja do klasy I w roku szkolnym 2020\/2021\" \/><\/a><a class=\"img-post\" href=\"https:\/\/zsp12.gliwice.pl\/pm7\/blog\/2020\/04\/23\/rekrutacja-do-klasy-i-w-roku-szkolnym-2020-2021\/\"><img decoding=\"async\" src=\"https:\/\/zsp12.gliwice.pl\/pm7\/wp-content\/uploads\/sites\/7\/2023\/06\/admin-ajax-150x150.jpg\" alt= \"Rekrutacja do klasy I w roku szkolnym 2020\/2021\" title = \"Rekrutacja do klasy I w roku szkolnym 2020\/2021\" \/><\/a><\/div><div class=\"article-title-wrapper\"><h5><a href=\"https:\/\/zsp12.gliwice.pl\/pm7\/blog\/2020\/04\/23\/rekrutacja-do-klasy-i-w-roku-szkolnym-2020-2021\/\" class=\"article-title\">Rekrutacja do klasy I w roku szkolnym 2020\/2021<\/a><\/h5><div class=\"article-meta\"><span class=\"entry-date\">23 kwietnia 2020<\/span><span class=\"author vcard\">by <a href=\"https:\/\/zsp12.gliwice.pl\/pm7\/blog\/author\/kszymanek\/\" rel=\"author\">kszymanek<\/a><\/span><\/div><\/div>\t\t\t<\/div>\n\t\t<\/div>\n\t\t\t\t<div class=\"col-md-3 col-sm-3\">\n\t\t\t<div class=\"item-post post-3521 post type-post status-publish format-standard has-post-thumbnail hentry category-archiwum-pm7 category-informacje\">\n\t\t\t\t<div class=\"article-image\"><a class=\"img-post-mobile\" href=\"https:\/\/zsp12.gliwice.pl\/pm7\/blog\/2020\/04\/23\/zapisy-do-klas-szkoly-podstawowej-nr-15-w-zsp-nr-12\/\"><img decoding=\"async\" src=\"https:\/\/zsp12.gliwice.pl\/pm7\/wp-content\/uploads\/sites\/7\/2020\/04\/Rekrutacja_na_rok_szkolny_2020-1024x724.jpg\" alt= \"Zapisy do klas Szko\u0142y Podstawowej nr 15 w ZSP nr 12\" title = \"Zapisy do klas Szko\u0142y Podstawowej nr 15 w ZSP nr 12\" \/><\/a><a class=\"img-post\" href=\"https:\/\/zsp12.gliwice.pl\/pm7\/blog\/2020\/04\/23\/zapisy-do-klas-szkoly-podstawowej-nr-15-w-zsp-nr-12\/\"><img decoding=\"async\" src=\"https:\/\/zsp12.gliwice.pl\/pm7\/wp-content\/uploads\/sites\/7\/2020\/04\/Rekrutacja_na_rok_szkolny_2020-150x150.jpg\" alt= \"Zapisy do klas Szko\u0142y Podstawowej nr 15 w ZSP nr 12\" title = \"Zapisy do klas Szko\u0142y Podstawowej nr 15 w ZSP nr 12\" \/><\/a><\/div><div class=\"article-title-wrapper\"><h5><a href=\"https:\/\/zsp12.gliwice.pl\/pm7\/blog\/2020\/04\/23\/zapisy-do-klas-szkoly-podstawowej-nr-15-w-zsp-nr-12\/\" class=\"article-title\">Zapisy do klas Szko\u0142y Podstawowej nr 15 w ZSP nr 12<\/a><\/h5><div class=\"article-meta\"><span class=\"entry-date\">23 kwietnia 2020<\/span><span class=\"author vcard\">by <a href=\"https:\/\/zsp12.gliwice.pl\/pm7\/blog\/author\/kszymanek\/\" rel=\"author\">kszymanek<\/a><\/span><\/div><\/div>\t\t\t<\/div>\n\t\t<\/div>\n\t\t\t\t<div class=\"col-md-3 col-sm-3\">\n\t\t\t<div class=\"item-post post-3518 post type-post status-publish format-standard has-post-thumbnail hentry category-archiwum-pm7 category-informacje\">\n\t\t\t\t<div class=\"article-image\"><a class=\"img-post-mobile\" href=\"https:\/\/zsp12.gliwice.pl\/pm7\/blog\/2020\/04\/23\/opinie-rodzicow-o-pm-7\/\"><img decoding=\"async\" src=\"https:\/\/zsp12.gliwice.pl\/pm7\/wp-content\/uploads\/sites\/7\/2023\/06\/admin-ajax.jpg\" alt= \"Opinie Rodzic\u00f3w o PM 7\" title = \"Opinie Rodzic\u00f3w o PM 7\" \/><\/a><a class=\"img-post\" href=\"https:\/\/zsp12.gliwice.pl\/pm7\/blog\/2020\/04\/23\/opinie-rodzicow-o-pm-7\/\"><img decoding=\"async\" src=\"https:\/\/zsp12.gliwice.pl\/pm7\/wp-content\/uploads\/sites\/7\/2023\/06\/admin-ajax-150x150.jpg\" alt= \"Opinie Rodzic\u00f3w o PM 7\" title = \"Opinie Rodzic\u00f3w o PM 7\" \/><\/a><\/div><div class=\"article-title-wrapper\"><h5><a href=\"https:\/\/zsp12.gliwice.pl\/pm7\/blog\/2020\/04\/23\/opinie-rodzicow-o-pm-7\/\" class=\"article-title\">Opinie Rodzic\u00f3w o PM 7<\/a><\/h5><div class=\"article-meta\"><span class=\"entry-date\">23 kwietnia 2020<\/span><span class=\"author vcard\">by <a href=\"https:\/\/zsp12.gliwice.pl\/pm7\/blog\/author\/kszymanek\/\" rel=\"author\">kszymanek<\/a><\/span><\/div><\/div>\t\t\t<\/div>\n\t\t<\/div>\n\t\t\t\t<div class=\"col-md-3 col-sm-3\">\n\t\t\t<div class=\"item-post post-3513 post type-post status-publish format-standard has-post-thumbnail hentry category-archiwum-pm7 category-informacje\">\n\t\t\t\t<div class=\"article-image\"><a class=\"img-post-mobile\" href=\"https:\/\/zsp12.gliwice.pl\/pm7\/blog\/2020\/04\/22\/rekrutacja-do-panstwowej-szkoly-muzycznej-i-i-ii-st-w-gliwicach\/\"><img decoding=\"async\" src=\"https:\/\/zsp12.gliwice.pl\/pm7\/wp-content\/uploads\/sites\/7\/2020\/04\/plakat_rekrutacja_2020_2021_PSM_IIst-1-724x1024.jpg\" alt= \"Rekrutacja do PA\u0143STWOWEJ SZKO\u0141Y MUZYCZNEJ I i II st. W GLIWICACH\" title = \"Rekrutacja do PA\u0143STWOWEJ SZKO\u0141Y MUZYCZNEJ I i II st. W GLIWICACH\" \/><\/a><a class=\"img-post\" href=\"https:\/\/zsp12.gliwice.pl\/pm7\/blog\/2020\/04\/22\/rekrutacja-do-panstwowej-szkoly-muzycznej-i-i-ii-st-w-gliwicach\/\"><img decoding=\"async\" src=\"https:\/\/zsp12.gliwice.pl\/pm7\/wp-content\/uploads\/sites\/7\/2020\/04\/plakat_rekrutacja_2020_2021_PSM_IIst-1-150x150.jpg\" alt= \"Rekrutacja do PA\u0143STWOWEJ SZKO\u0141Y MUZYCZNEJ I i II st. W GLIWICACH\" title = \"Rekrutacja do PA\u0143STWOWEJ SZKO\u0141Y MUZYCZNEJ I i II st. W GLIWICACH\" \/><\/a><\/div><div class=\"article-title-wrapper\"><h5><a href=\"https:\/\/zsp12.gliwice.pl\/pm7\/blog\/2020\/04\/22\/rekrutacja-do-panstwowej-szkoly-muzycznej-i-i-ii-st-w-gliwicach\/\" class=\"article-title\">Rekrutacja do PA\u0143STWOWEJ SZKO\u0141Y MUZYCZNEJ I i II st. W GLIWICACH<\/a><\/h5><div class=\"article-meta\"><span class=\"entry-date\">22 kwietnia 2020<\/span><span class=\"author vcard\">by <a href=\"https:\/\/zsp12.gliwice.pl\/pm7\/blog\/author\/kszymanek\/\" rel=\"author\">kszymanek<\/a><\/span><\/div><\/div>\t\t\t<\/div>\n\t\t<\/div>\n\t\t\t\t<div class=\"col-md-3 col-sm-3\">\n\t\t\t<div class=\"item-post post-3509 post type-post status-publish format-standard has-post-thumbnail hentry category-archiwum-pm7 category-informacje\">\n\t\t\t\t<div class=\"article-image\"><a class=\"img-post-mobile\" href=\"https:\/\/zsp12.gliwice.pl\/pm7\/blog\/2020\/04\/16\/lista-osob-zakwalifikowanych-i-niezakwalifikowanych-do-przedszkola-miejskiego-nr-7-w-zsp-nr-12\/\"><img decoding=\"async\" src=\"https:\/\/zsp12.gliwice.pl\/pm7\/wp-content\/uploads\/sites\/7\/2020\/04\/41543-1024x428.jpg\" alt= \"Lista os\u00f3b zakwalifikowanych i niezakwalifikowanych do Przedszkola Miejskiego nr 7 w ZSP nr 12\" title = \"Lista os\u00f3b zakwalifikowanych i niezakwalifikowanych do Przedszkola Miejskiego nr 7 w ZSP nr 12\" \/><\/a><a class=\"img-post\" href=\"https:\/\/zsp12.gliwice.pl\/pm7\/blog\/2020\/04\/16\/lista-osob-zakwalifikowanych-i-niezakwalifikowanych-do-przedszkola-miejskiego-nr-7-w-zsp-nr-12\/\"><img decoding=\"async\" src=\"https:\/\/zsp12.gliwice.pl\/pm7\/wp-content\/uploads\/sites\/7\/2020\/04\/41543-150x150.jpg\" alt= \"Lista os\u00f3b zakwalifikowanych i niezakwalifikowanych do Przedszkola Miejskiego nr 7 w ZSP nr 12\" title = \"Lista os\u00f3b zakwalifikowanych i niezakwalifikowanych do Przedszkola Miejskiego nr 7 w ZSP nr 12\" \/><\/a><\/div><div class=\"article-title-wrapper\"><h5><a href=\"https:\/\/zsp12.gliwice.pl\/pm7\/blog\/2020\/04\/16\/lista-osob-zakwalifikowanych-i-niezakwalifikowanych-do-przedszkola-miejskiego-nr-7-w-zsp-nr-12\/\" class=\"article-title\">Lista os\u00f3b zakwalifikowanych i niezakwalifikowanych do Przedszkola Miejskiego nr 7 w ZSP nr 12<\/a><\/h5><div class=\"article-meta\"><span class=\"entry-date\">16 kwietnia 2020<\/span><span class=\"author vcard\">by <a href=\"https:\/\/zsp12.gliwice.pl\/pm7\/blog\/author\/kszymanek\/\" rel=\"author\">kszymanek<\/a><\/span><\/div><\/div>\t\t\t<\/div>\n\t\t<\/div>\n\t\t\t\t<div class=\"col-md-3 col-sm-3\">\n\t\t\t<div class=\"item-post post-3505 post type-post status-publish format-standard has-post-thumbnail hentry category-archiwum-pm7 category-informacje\">\n\t\t\t\t<div class=\"article-image\"><a class=\"img-post-mobile\" href=\"https:\/\/zsp12.gliwice.pl\/pm7\/blog\/2020\/04\/09\/zyczenia-wielkanocne-3\/\"><img decoding=\"async\" src=\"https:\/\/zsp12.gliwice.pl\/pm7\/wp-content\/uploads\/sites\/7\/2020\/03\/3565434-1024x683.jpg\" alt= \"\u017byczenia Wielkanocne\" title = \"\u017byczenia Wielkanocne\" \/><\/a><a class=\"img-post\" href=\"https:\/\/zsp12.gliwice.pl\/pm7\/blog\/2020\/04\/09\/zyczenia-wielkanocne-3\/\"><img decoding=\"async\" src=\"https:\/\/zsp12.gliwice.pl\/pm7\/wp-content\/uploads\/sites\/7\/2020\/03\/3565434-150x150.jpg\" alt= \"\u017byczenia Wielkanocne\" title = \"\u017byczenia Wielkanocne\" \/><\/a><\/div><div class=\"article-title-wrapper\"><h5><a href=\"https:\/\/zsp12.gliwice.pl\/pm7\/blog\/2020\/04\/09\/zyczenia-wielkanocne-3\/\" class=\"article-title\">\u017byczenia Wielkanocne<\/a><\/h5><div class=\"article-meta\"><span class=\"entry-date\">9 kwietnia 2020<\/span><span class=\"author vcard\">by <a href=\"https:\/\/zsp12.gliwice.pl\/pm7\/blog\/author\/kszymanek\/\" rel=\"author\">kszymanek<\/a><\/span><\/div><\/div>\t\t\t<\/div>\n\t\t<\/div>\n\t\t\t\t<div class=\"col-md-3 col-sm-3\">\n\t\t\t<div class=\"item-post post-3501 post type-post status-publish format-standard has-post-thumbnail hentry category-archiwum-pm7 category-informacje\">\n\t\t\t\t<div class=\"article-image\"><a class=\"img-post-mobile\" href=\"https:\/\/zsp12.gliwice.pl\/pm7\/blog\/2020\/04\/09\/zarzadzenie-w-sprawie-okreslenia-sposobu-i-terminu-wnoszenia-przez-rodzicow-i-opiekunow-prawnych-oplat-za-korzystanie-z-wychowania-przedszkolnego\/\"><img decoding=\"async\" src=\"https:\/\/zsp12.gliwice.pl\/pm7\/wp-content\/uploads\/sites\/7\/2023\/06\/admin-ajax.jpg\" alt= \"Zarz\u0105dzenie w sprawie okre\u015blenia sposobu i terminu wnoszenia przez rodzic\u00f3w i opiekun\u00f3w prawnych op\u0142at za korzystanie z wychowania przedszkolnego\" title = \"Zarz\u0105dzenie w sprawie okre\u015blenia sposobu i terminu wnoszenia przez rodzic\u00f3w i opiekun\u00f3w prawnych op\u0142at za korzystanie z wychowania przedszkolnego\" \/><\/a><a class=\"img-post\" href=\"https:\/\/zsp12.gliwice.pl\/pm7\/blog\/2020\/04\/09\/zarzadzenie-w-sprawie-okreslenia-sposobu-i-terminu-wnoszenia-przez-rodzicow-i-opiekunow-prawnych-oplat-za-korzystanie-z-wychowania-przedszkolnego\/\"><img decoding=\"async\" src=\"https:\/\/zsp12.gliwice.pl\/pm7\/wp-content\/uploads\/sites\/7\/2023\/06\/admin-ajax-150x150.jpg\" alt= \"Zarz\u0105dzenie w sprawie okre\u015blenia sposobu i terminu wnoszenia przez rodzic\u00f3w i opiekun\u00f3w prawnych op\u0142at za korzystanie z wychowania przedszkolnego\" title = \"Zarz\u0105dzenie w sprawie okre\u015blenia sposobu i terminu wnoszenia przez rodzic\u00f3w i opiekun\u00f3w prawnych op\u0142at za korzystanie z wychowania przedszkolnego\" \/><\/a><\/div><div class=\"article-title-wrapper\"><h5><a href=\"https:\/\/zsp12.gliwice.pl\/pm7\/blog\/2020\/04\/09\/zarzadzenie-w-sprawie-okreslenia-sposobu-i-terminu-wnoszenia-przez-rodzicow-i-opiekunow-prawnych-oplat-za-korzystanie-z-wychowania-przedszkolnego\/\" class=\"article-title\">Zarz\u0105dzenie w sprawie okre\u015blenia sposobu i terminu wnoszenia przez rodzic\u00f3w i opiekun\u00f3w prawnych op\u0142at za korzystanie z wychowania przedszkolnego<\/a><\/h5><div class=\"article-meta\"><span class=\"entry-date\">9 kwietnia 2020<\/span><span class=\"author vcard\">by <a href=\"https:\/\/zsp12.gliwice.pl\/pm7\/blog\/author\/kszymanek\/\" rel=\"author\">kszymanek<\/a><\/span><\/div><\/div>\t\t\t<\/div>\n\t\t<\/div>\n\t\t\t\t<div class=\"col-md-3 col-sm-3\">\n\t\t\t<div class=\"item-post post-3498 post type-post status-publish format-standard has-post-thumbnail hentry category-archiwum-pm7 category-informacje\">\n\t\t\t\t<div class=\"article-image\"><a class=\"img-post-mobile\" href=\"https:\/\/zsp12.gliwice.pl\/pm7\/blog\/2020\/04\/07\/apel-polskiego-towarzystwa-psychiatrycznego-konsultanta-krajowego-w-dziedzinie-psychiatrii\/\"><img decoding=\"async\" src=\"https:\/\/zsp12.gliwice.pl\/pm7\/wp-content\/uploads\/sites\/7\/2023\/06\/admin-ajax.jpg\" alt= \"APEL  Polskiego Towarzystwa Psychiatrycznego  Konsultanta Krajowego w dziedzinie psychiatrii\" title = \"APEL  Polskiego Towarzystwa Psychiatrycznego  Konsultanta Krajowego w dziedzinie psychiatrii\" \/><\/a><a class=\"img-post\" href=\"https:\/\/zsp12.gliwice.pl\/pm7\/blog\/2020\/04\/07\/apel-polskiego-towarzystwa-psychiatrycznego-konsultanta-krajowego-w-dziedzinie-psychiatrii\/\"><img decoding=\"async\" src=\"https:\/\/zsp12.gliwice.pl\/pm7\/wp-content\/uploads\/sites\/7\/2023\/06\/admin-ajax-150x150.jpg\" alt= \"APEL  Polskiego Towarzystwa Psychiatrycznego  Konsultanta Krajowego w dziedzinie psychiatrii\" title = \"APEL  Polskiego Towarzystwa Psychiatrycznego  Konsultanta Krajowego w dziedzinie psychiatrii\" \/><\/a><\/div><div class=\"article-title-wrapper\"><h5><a href=\"https:\/\/zsp12.gliwice.pl\/pm7\/blog\/2020\/04\/07\/apel-polskiego-towarzystwa-psychiatrycznego-konsultanta-krajowego-w-dziedzinie-psychiatrii\/\" class=\"article-title\">APEL  Polskiego Towarzystwa Psychiatrycznego  Konsultanta Krajowego w dziedzinie psychiatrii<\/a><\/h5><div class=\"article-meta\"><span class=\"entry-date\">7 kwietnia 2020<\/span><span class=\"author vcard\">by <a href=\"https:\/\/zsp12.gliwice.pl\/pm7\/blog\/author\/kszymanek\/\" rel=\"author\">kszymanek<\/a><\/span><\/div><\/div>\t\t\t<\/div>\n\t\t<\/div>\n\t\t\t\t<div class=\"col-md-3 col-sm-3\">\n\t\t\t<div class=\"item-post post-3490 post type-post status-publish format-standard has-post-thumbnail hentry category-archiwum-pm7 category-informacje\">\n\t\t\t\t<div class=\"article-image\"><a class=\"img-post-mobile\" href=\"https:\/\/zsp12.gliwice.pl\/pm7\/blog\/2020\/04\/06\/bezplatna-profesjonalna-pomoc-psychologiczna-dla-kazdego\/\"><img decoding=\"async\" src=\"https:\/\/zsp12.gliwice.pl\/pm7\/wp-content\/uploads\/sites\/7\/2023\/06\/admin-ajax.jpg\" alt= \"Bezp\u0142atna, profesjonalna pomoc psychologiczna dla ka\u017cdego\" title = \"Bezp\u0142atna, profesjonalna pomoc psychologiczna dla ka\u017cdego\" \/><\/a><a class=\"img-post\" href=\"https:\/\/zsp12.gliwice.pl\/pm7\/blog\/2020\/04\/06\/bezplatna-profesjonalna-pomoc-psychologiczna-dla-kazdego\/\"><img decoding=\"async\" src=\"https:\/\/zsp12.gliwice.pl\/pm7\/wp-content\/uploads\/sites\/7\/2023\/06\/admin-ajax-150x150.jpg\" alt= \"Bezp\u0142atna, profesjonalna pomoc psychologiczna dla ka\u017cdego\" title = \"Bezp\u0142atna, profesjonalna pomoc psychologiczna dla ka\u017cdego\" \/><\/a><\/div><div class=\"article-title-wrapper\"><h5><a href=\"https:\/\/zsp12.gliwice.pl\/pm7\/blog\/2020\/04\/06\/bezplatna-profesjonalna-pomoc-psychologiczna-dla-kazdego\/\" class=\"article-title\">Bezp\u0142atna, profesjonalna pomoc psychologiczna dla ka\u017cdego<\/a><\/h5><div class=\"article-meta\"><span class=\"entry-date\">6 kwietnia 2020<\/span><span class=\"author vcard\">by <a href=\"https:\/\/zsp12.gliwice.pl\/pm7\/blog\/author\/kszymanek\/\" rel=\"author\">kszymanek<\/a><\/span><\/div><\/div>\t\t\t<\/div>\n\t\t<\/div>\n\t\t\t\t<div class=\"col-md-3 col-sm-3\">\n\t\t\t<div class=\"item-post post-3487 post type-post status-publish format-standard has-post-thumbnail hentry category-archiwum-pm7 category-informacje\">\n\t\t\t\t<div class=\"article-image\"><a class=\"img-post-mobile\" href=\"https:\/\/zsp12.gliwice.pl\/pm7\/blog\/2020\/04\/01\/jak-byc-w-tym-razem-i-nie-zwariowac\/\"><img decoding=\"async\" src=\"https:\/\/zsp12.gliwice.pl\/pm7\/wp-content\/uploads\/sites\/7\/2020\/04\/91704948_648102882693374_5363401124537696256_n.jpg\" alt= \"Jak by\u0107 w tym razem i nie zwariowa\u0107\" title = \"Jak by\u0107 w tym razem i nie zwariowa\u0107\" \/><\/a><a class=\"img-post\" href=\"https:\/\/zsp12.gliwice.pl\/pm7\/blog\/2020\/04\/01\/jak-byc-w-tym-razem-i-nie-zwariowac\/\"><img decoding=\"async\" src=\"https:\/\/zsp12.gliwice.pl\/pm7\/wp-content\/uploads\/sites\/7\/2020\/04\/91704948_648102882693374_5363401124537696256_n-150x150.jpg\" alt= \"Jak by\u0107 w tym razem i nie zwariowa\u0107\" title = \"Jak by\u0107 w tym razem i nie zwariowa\u0107\" \/><\/a><\/div><div class=\"article-title-wrapper\"><h5><a href=\"https:\/\/zsp12.gliwice.pl\/pm7\/blog\/2020\/04\/01\/jak-byc-w-tym-razem-i-nie-zwariowac\/\" class=\"article-title\">Jak by\u0107 w tym razem i nie zwariowa\u0107<\/a><\/h5><div class=\"article-meta\"><span class=\"entry-date\">1 kwietnia 2020<\/span><span class=\"author vcard\">by <a href=\"https:\/\/zsp12.gliwice.pl\/pm7\/blog\/author\/kszymanek\/\" rel=\"author\">kszymanek<\/a><\/span><\/div><\/div>\t\t\t<\/div>\n\t\t<\/div>\n\t\t\t\t<div class=\"col-md-3 col-sm-3\">\n\t\t\t<div class=\"item-post post-3484 post type-post status-publish format-standard has-post-thumbnail hentry category-archiwum-pm7 category-informacje\">\n\t\t\t\t<div class=\"article-image\"><a class=\"img-post-mobile\" href=\"https:\/\/zsp12.gliwice.pl\/pm7\/blog\/2020\/04\/01\/ogarniamy-komputery\/\"><img decoding=\"async\" src=\"https:\/\/zsp12.gliwice.pl\/pm7\/wp-content\/uploads\/sites\/7\/2020\/04\/Akcja_komputery_logo.png\" alt= \"Ogarniamy Komputery\" title = \"Ogarniamy Komputery\" \/><\/a><a class=\"img-post\" href=\"https:\/\/zsp12.gliwice.pl\/pm7\/blog\/2020\/04\/01\/ogarniamy-komputery\/\"><img decoding=\"async\" src=\"https:\/\/zsp12.gliwice.pl\/pm7\/wp-content\/uploads\/sites\/7\/2020\/04\/Akcja_komputery_logo-150x150.png\" alt= \"Ogarniamy Komputery\" title = \"Ogarniamy Komputery\" \/><\/a><\/div><div class=\"article-title-wrapper\"><h5><a href=\"https:\/\/zsp12.gliwice.pl\/pm7\/blog\/2020\/04\/01\/ogarniamy-komputery\/\" class=\"article-title\">Ogarniamy Komputery<\/a><\/h5><div class=\"article-meta\"><span class=\"entry-date\">1 kwietnia 2020<\/span><span class=\"author vcard\">by <a href=\"https:\/\/zsp12.gliwice.pl\/pm7\/blog\/author\/kszymanek\/\" rel=\"author\">kszymanek<\/a><\/span><\/div><\/div>\t\t\t<\/div>\n\t\t<\/div>\n\t\t\t\t<div class=\"col-md-3 col-sm-3\">\n\t\t\t<div class=\"item-post post-3481 post type-post status-publish format-standard has-post-thumbnail hentry category-archiwum-pm7 category-informacje\">\n\t\t\t\t<div class=\"article-image\"><a class=\"img-post-mobile\" href=\"https:\/\/zsp12.gliwice.pl\/pm7\/blog\/2020\/03\/31\/zyczenia-wielkanocne-2\/\"><img decoding=\"async\" src=\"https:\/\/zsp12.gliwice.pl\/pm7\/wp-content\/uploads\/sites\/7\/2020\/03\/3565434-1024x683.jpg\" alt= \"\u017byczenia Wielkanocne\" title = \"\u017byczenia Wielkanocne\" \/><\/a><a class=\"img-post\" href=\"https:\/\/zsp12.gliwice.pl\/pm7\/blog\/2020\/03\/31\/zyczenia-wielkanocne-2\/\"><img decoding=\"async\" src=\"https:\/\/zsp12.gliwice.pl\/pm7\/wp-content\/uploads\/sites\/7\/2020\/03\/3565434-150x150.jpg\" alt= \"\u017byczenia Wielkanocne\" title = \"\u017byczenia Wielkanocne\" \/><\/a><\/div><div class=\"article-title-wrapper\"><h5><a href=\"https:\/\/zsp12.gliwice.pl\/pm7\/blog\/2020\/03\/31\/zyczenia-wielkanocne-2\/\" class=\"article-title\">\u017byczenia Wielkanocne<\/a><\/h5><div class=\"article-meta\"><span class=\"entry-date\">31 marca 2020<\/span><span class=\"author vcard\">by <a href=\"https:\/\/zsp12.gliwice.pl\/pm7\/blog\/author\/kszymanek\/\" rel=\"author\">kszymanek<\/a><\/span><\/div><\/div>\t\t\t<\/div>\n\t\t<\/div>\n\t\t\t\t<div class=\"col-md-3 col-sm-3\">\n\t\t\t<div class=\"item-post post-3475 post type-post status-publish format-standard has-post-thumbnail hentry category-archiwum-pm7 category-informacje\">\n\t\t\t\t<div class=\"article-image\"><a class=\"img-post-mobile\" href=\"https:\/\/zsp12.gliwice.pl\/pm7\/blog\/2020\/03\/26\/godziny-pracy-specjalistow-realizowane-sa-w-formie-konsultacji-i-porad-dla-uczniow-i-rodzicow\/\"><img decoding=\"async\" src=\"https:\/\/zsp12.gliwice.pl\/pm7\/wp-content\/uploads\/sites\/7\/2023\/06\/admin-ajax.jpg\" alt= \"Godziny pracy specjalist\u00f3w\u00a0\" title = \"Godziny pracy specjalist\u00f3w\u00a0\" \/><\/a><a class=\"img-post\" href=\"https:\/\/zsp12.gliwice.pl\/pm7\/blog\/2020\/03\/26\/godziny-pracy-specjalistow-realizowane-sa-w-formie-konsultacji-i-porad-dla-uczniow-i-rodzicow\/\"><img decoding=\"async\" src=\"https:\/\/zsp12.gliwice.pl\/pm7\/wp-content\/uploads\/sites\/7\/2023\/06\/admin-ajax-150x150.jpg\" alt= \"Godziny pracy specjalist\u00f3w\u00a0\" title = \"Godziny pracy specjalist\u00f3w\u00a0\" \/><\/a><\/div><div class=\"article-title-wrapper\"><h5><a href=\"https:\/\/zsp12.gliwice.pl\/pm7\/blog\/2020\/03\/26\/godziny-pracy-specjalistow-realizowane-sa-w-formie-konsultacji-i-porad-dla-uczniow-i-rodzicow\/\" class=\"article-title\">Godziny pracy specjalist\u00f3w\u00a0<\/a><\/h5><div class=\"article-meta\"><span class=\"entry-date\">26 marca 2020<\/span><span class=\"author vcard\">by <a href=\"https:\/\/zsp12.gliwice.pl\/pm7\/blog\/author\/kszymanek\/\" rel=\"author\">kszymanek<\/a><\/span><\/div><\/div>\t\t\t<\/div>\n\t\t<\/div>\n\t\t\t\t<div class=\"col-md-3 col-sm-3\">\n\t\t\t<div class=\"item-post post-3464 post type-post status-publish format-standard has-post-thumbnail hentry category-archiwum-pm7 category-informacje\">\n\t\t\t\t<div class=\"article-image\"><a class=\"img-post-mobile\" href=\"https:\/\/zsp12.gliwice.pl\/pm7\/blog\/2020\/03\/25\/wazne-rekrutacja-do-przedszkola\/\"><img decoding=\"async\" src=\"https:\/\/zsp12.gliwice.pl\/pm7\/wp-content\/uploads\/sites\/7\/2020\/03\/road-sign-663368_640.jpg\" alt= \"WA\u017bNE! &#8211; REKRUTACJA DO PRZEDSZKOLA!\" title = \"WA\u017bNE! &#8211; REKRUTACJA DO PRZEDSZKOLA!\" \/><\/a><a class=\"img-post\" href=\"https:\/\/zsp12.gliwice.pl\/pm7\/blog\/2020\/03\/25\/wazne-rekrutacja-do-przedszkola\/\"><img decoding=\"async\" src=\"https:\/\/zsp12.gliwice.pl\/pm7\/wp-content\/uploads\/sites\/7\/2020\/03\/road-sign-663368_640-150x150.jpg\" alt= \"WA\u017bNE! &#8211; REKRUTACJA DO PRZEDSZKOLA!\" title = \"WA\u017bNE! &#8211; REKRUTACJA DO PRZEDSZKOLA!\" \/><\/a><\/div><div class=\"article-title-wrapper\"><h5><a href=\"https:\/\/zsp12.gliwice.pl\/pm7\/blog\/2020\/03\/25\/wazne-rekrutacja-do-przedszkola\/\" class=\"article-title\">WA\u017bNE! &#8211; REKRUTACJA DO PRZEDSZKOLA!<\/a><\/h5><div class=\"article-meta\"><span class=\"entry-date\">25 marca 2020<\/span><span class=\"author vcard\">by <a href=\"https:\/\/zsp12.gliwice.pl\/pm7\/blog\/author\/kszymanek\/\" rel=\"author\">kszymanek<\/a><\/span><\/div><\/div>\t\t\t<\/div>\n\t\t<\/div>\n\t\t\t\t<div class=\"col-md-3 col-sm-3\">\n\t\t\t<div class=\"item-post post-3456 post type-post status-publish format-standard has-post-thumbnail hentry category-archiwum-pm7 category-informacje\">\n\t\t\t\t<div class=\"article-image\"><a class=\"img-post-mobile\" href=\"https:\/\/zsp12.gliwice.pl\/pm7\/blog\/2020\/03\/19\/3456\/\"><img decoding=\"async\" src=\"https:\/\/zsp12.gliwice.pl\/pm7\/wp-content\/uploads\/sites\/7\/2020\/03\/Szanowni_Panstwo-724x1024.jpg\" alt= \"\" title = \"\" \/><\/a><a class=\"img-post\" href=\"https:\/\/zsp12.gliwice.pl\/pm7\/blog\/2020\/03\/19\/3456\/\"><img decoding=\"async\" src=\"https:\/\/zsp12.gliwice.pl\/pm7\/wp-content\/uploads\/sites\/7\/2020\/03\/Szanowni_Panstwo-150x150.jpg\" alt= \"\" title = \"\" \/><\/a><\/div><div class=\"article-title-wrapper\"><h5><a href=\"https:\/\/zsp12.gliwice.pl\/pm7\/blog\/2020\/03\/19\/3456\/\" class=\"article-title\"><\/a><\/h5><div class=\"article-meta\"><span class=\"entry-date\">19 marca 2020<\/span><span class=\"author vcard\">by <a href=\"https:\/\/zsp12.gliwice.pl\/pm7\/blog\/author\/kszymanek\/\" rel=\"author\">kszymanek<\/a><\/span><\/div><\/div>\t\t\t<\/div>\n\t\t<\/div>\n\t\t\t\t<div class=\"col-md-3 col-sm-3\">\n\t\t\t<div class=\"item-post post-3446 post type-post status-publish format-standard has-post-thumbnail hentry category-archiwum-pm7 category-informacje\">\n\t\t\t\t<div class=\"article-image\"><a class=\"img-post-mobile\" href=\"https:\/\/zsp12.gliwice.pl\/pm7\/blog\/2020\/03\/16\/organizacja-pracy-w-zsp12-w-zwiazku-z-ogloszeniem-stanu-epidemicznego-w-kraju\/\"><img decoding=\"async\" src=\"https:\/\/zsp12.gliwice.pl\/pm7\/wp-content\/uploads\/sites\/7\/2020\/03\/Organizacja_pracy_ZSP_12_w_Gliwicach_w_zwiazku_z_ogloszniem_stanu_epidemicznego_w_kraju-1024x724.jpg\" alt= \"Organizacja pracy w ZSP12 w zwi\u0105zku z og\u0142oszeniem stanu epidemicznego w kraju\" title = \"Organizacja pracy w ZSP12 w zwi\u0105zku z og\u0142oszeniem stanu epidemicznego w kraju\" \/><\/a><a class=\"img-post\" href=\"https:\/\/zsp12.gliwice.pl\/pm7\/blog\/2020\/03\/16\/organizacja-pracy-w-zsp12-w-zwiazku-z-ogloszeniem-stanu-epidemicznego-w-kraju\/\"><img decoding=\"async\" src=\"https:\/\/zsp12.gliwice.pl\/pm7\/wp-content\/uploads\/sites\/7\/2020\/03\/Organizacja_pracy_ZSP_12_w_Gliwicach_w_zwiazku_z_ogloszniem_stanu_epidemicznego_w_kraju-150x150.jpg\" alt= \"Organizacja pracy w ZSP12 w zwi\u0105zku z og\u0142oszeniem stanu epidemicznego w kraju\" title = \"Organizacja pracy w ZSP12 w zwi\u0105zku z og\u0142oszeniem stanu epidemicznego w kraju\" \/><\/a><\/div><div class=\"article-title-wrapper\"><h5><a href=\"https:\/\/zsp12.gliwice.pl\/pm7\/blog\/2020\/03\/16\/organizacja-pracy-w-zsp12-w-zwiazku-z-ogloszeniem-stanu-epidemicznego-w-kraju\/\" class=\"article-title\">Organizacja pracy w ZSP12 w zwi\u0105zku z og\u0142oszeniem stanu epidemicznego w kraju<\/a><\/h5><div class=\"article-meta\"><span class=\"entry-date\">16 marca 2020<\/span><span class=\"author vcard\">by <a href=\"https:\/\/zsp12.gliwice.pl\/pm7\/blog\/author\/kszymanek\/\" rel=\"author\">kszymanek<\/a><\/span><\/div><\/div>\t\t\t<\/div>\n\t\t<\/div>\n\t\t\t\t<div class=\"col-md-3 col-sm-3\">\n\t\t\t<div class=\"item-post post-3437 post type-post status-publish format-standard has-post-thumbnail hentry category-archiwum-pm7 category-informacje\">\n\t\t\t\t<div class=\"article-image\"><a class=\"img-post-mobile\" href=\"https:\/\/zsp12.gliwice.pl\/pm7\/blog\/2020\/03\/15\/ograniczenie-kontaktu-bezposredniego\/\"><img decoding=\"async\" src=\"https:\/\/zsp12.gliwice.pl\/pm7\/wp-content\/uploads\/sites\/7\/2020\/03\/attention-303861_640.png\" alt= \"Ograniczenie kontaktu bezpo\u015bredniego!!!\" title = \"Ograniczenie kontaktu bezpo\u015bredniego!!!\" \/><\/a><a class=\"img-post\" href=\"https:\/\/zsp12.gliwice.pl\/pm7\/blog\/2020\/03\/15\/ograniczenie-kontaktu-bezposredniego\/\"><img decoding=\"async\" src=\"https:\/\/zsp12.gliwice.pl\/pm7\/wp-content\/uploads\/sites\/7\/2020\/03\/attention-303861_640-150x150.png\" alt= \"Ograniczenie kontaktu bezpo\u015bredniego!!!\" title = \"Ograniczenie kontaktu bezpo\u015bredniego!!!\" \/><\/a><\/div><div class=\"article-title-wrapper\"><h5><a href=\"https:\/\/zsp12.gliwice.pl\/pm7\/blog\/2020\/03\/15\/ograniczenie-kontaktu-bezposredniego\/\" class=\"article-title\">Ograniczenie kontaktu bezpo\u015bredniego!!!<\/a><\/h5><div class=\"article-meta\"><span class=\"entry-date\">15 marca 2020<\/span><span class=\"author vcard\">by <a href=\"https:\/\/zsp12.gliwice.pl\/pm7\/blog\/author\/kszymanek\/\" rel=\"author\">kszymanek<\/a><\/span><\/div><\/div>\t\t\t<\/div>\n\t\t<\/div>\n\t\t\t\t<div class=\"col-md-3 col-sm-3\">\n\t\t\t<div class=\"item-post post-3434 post type-post status-publish format-standard has-post-thumbnail hentry category-archiwum-pm7 category-informacje\">\n\t\t\t\t<div class=\"article-image\"><a class=\"img-post-mobile\" href=\"https:\/\/zsp12.gliwice.pl\/pm7\/blog\/2020\/03\/13\/rekrutacja-do-przedszkoli-i-oddzialow-przedszkolnych\/\"><img decoding=\"async\" src=\"https:\/\/zsp12.gliwice.pl\/pm7\/wp-content\/uploads\/sites\/7\/2023\/06\/admin-ajax.jpg\" alt= \"Rekrutacja do przedszkoli i oddzia\u0142\u00f3w przedszkolnych\" title = \"Rekrutacja do przedszkoli i oddzia\u0142\u00f3w przedszkolnych\" \/><\/a><a class=\"img-post\" href=\"https:\/\/zsp12.gliwice.pl\/pm7\/blog\/2020\/03\/13\/rekrutacja-do-przedszkoli-i-oddzialow-przedszkolnych\/\"><img decoding=\"async\" src=\"https:\/\/zsp12.gliwice.pl\/pm7\/wp-content\/uploads\/sites\/7\/2023\/06\/admin-ajax-150x150.jpg\" alt= \"Rekrutacja do przedszkoli i oddzia\u0142\u00f3w przedszkolnych\" title = \"Rekrutacja do przedszkoli i oddzia\u0142\u00f3w przedszkolnych\" \/><\/a><\/div><div class=\"article-title-wrapper\"><h5><a href=\"https:\/\/zsp12.gliwice.pl\/pm7\/blog\/2020\/03\/13\/rekrutacja-do-przedszkoli-i-oddzialow-przedszkolnych\/\" class=\"article-title\">Rekrutacja do przedszkoli i oddzia\u0142\u00f3w przedszkolnych<\/a><\/h5><div class=\"article-meta\"><span class=\"entry-date\">13 marca 2020<\/span><span class=\"author vcard\">by <a href=\"https:\/\/zsp12.gliwice.pl\/pm7\/blog\/author\/kszymanek\/\" rel=\"author\">kszymanek<\/a><\/span><\/div><\/div>\t\t\t<\/div>\n\t\t<\/div>\n\t\t\t\t<div class=\"col-md-3 col-sm-3\">\n\t\t\t<div class=\"item-post post-3430 post type-post status-publish format-standard has-post-thumbnail hentry category-archiwum-pm7 category-informacje\">\n\t\t\t\t<div class=\"article-image\"><a class=\"img-post-mobile\" href=\"https:\/\/zsp12.gliwice.pl\/pm7\/blog\/2020\/03\/13\/3430\/\"><img decoding=\"async\" src=\"https:\/\/zsp12.gliwice.pl\/pm7\/wp-content\/uploads\/sites\/7\/2020\/03\/W-ZWI\u0104ZKU-Z-ZALECENIEM-MINISTRA-ZDROWIA-1-1024x724.jpg\" alt= \"\" title = \"\" \/><\/a><a class=\"img-post\" href=\"https:\/\/zsp12.gliwice.pl\/pm7\/blog\/2020\/03\/13\/3430\/\"><img decoding=\"async\" src=\"https:\/\/zsp12.gliwice.pl\/pm7\/wp-content\/uploads\/sites\/7\/2020\/03\/W-ZWI\u0104ZKU-Z-ZALECENIEM-MINISTRA-ZDROWIA-1-150x150.jpg\" alt= \"\" title = \"\" \/><\/a><\/div><div class=\"article-title-wrapper\"><h5><a href=\"https:\/\/zsp12.gliwice.pl\/pm7\/blog\/2020\/03\/13\/3430\/\" class=\"article-title\"><\/a><\/h5><div class=\"article-meta\"><span class=\"entry-date\">13 marca 2020<\/span><span class=\"author vcard\">by <a href=\"https:\/\/zsp12.gliwice.pl\/pm7\/blog\/author\/kszymanek\/\" rel=\"author\">kszymanek<\/a><\/span><\/div><\/div>\t\t\t<\/div>\n\t\t<\/div>\n\t\t\t\t<div class=\"col-md-3 col-sm-3\">\n\t\t\t<div class=\"item-post post-3422 post type-post status-publish format-standard has-post-thumbnail hentry category-archiwum-pm7 category-informacje\">\n\t\t\t\t<div class=\"article-image\"><a class=\"img-post-mobile\" href=\"https:\/\/zsp12.gliwice.pl\/pm7\/blog\/2020\/03\/11\/swiatowy-dzien-swiadomosci-autyzmu\/\"><img decoding=\"async\" src=\"https:\/\/zsp12.gliwice.pl\/pm7\/wp-content\/uploads\/sites\/7\/2020\/03\/Plakat-PNN-2020-723x1024.jpg\" alt= \"\u015awiatowy dzie\u0144 \u015bwiadomo\u015bci autyzmu\" title = \"\u015awiatowy dzie\u0144 \u015bwiadomo\u015bci autyzmu\" \/><\/a><a class=\"img-post\" href=\"https:\/\/zsp12.gliwice.pl\/pm7\/blog\/2020\/03\/11\/swiatowy-dzien-swiadomosci-autyzmu\/\"><img decoding=\"async\" src=\"https:\/\/zsp12.gliwice.pl\/pm7\/wp-content\/uploads\/sites\/7\/2020\/03\/Plakat-PNN-2020-150x150.jpg\" alt= \"\u015awiatowy dzie\u0144 \u015bwiadomo\u015bci autyzmu\" title = \"\u015awiatowy dzie\u0144 \u015bwiadomo\u015bci autyzmu\" \/><\/a><\/div><div class=\"article-title-wrapper\"><h5><a href=\"https:\/\/zsp12.gliwice.pl\/pm7\/blog\/2020\/03\/11\/swiatowy-dzien-swiadomosci-autyzmu\/\" class=\"article-title\">\u015awiatowy dzie\u0144 \u015bwiadomo\u015bci autyzmu<\/a><\/h5><div class=\"article-meta\"><span class=\"entry-date\">11 marca 2020<\/span><span class=\"author vcard\">by <a href=\"https:\/\/zsp12.gliwice.pl\/pm7\/blog\/author\/kszymanek\/\" rel=\"author\">kszymanek<\/a><\/span><\/div><\/div>\t\t\t<\/div>\n\t\t<\/div>\n\t\t\t\t<div class=\"col-md-3 col-sm-3\">\n\t\t\t<div class=\"item-post post-3452 post type-post status-publish format-standard has-post-thumbnail hentry category-archiwum-pm7 category-informacje\">\n\t\t\t\t<div class=\"article-image\"><a class=\"img-post-mobile\" href=\"https:\/\/zsp12.gliwice.pl\/pm7\/blog\/2020\/03\/10\/koronawirus-krok-po-kroku\/\"><img decoding=\"async\" src=\"https:\/\/zsp12.gliwice.pl\/pm7\/wp-content\/uploads\/sites\/7\/2020\/03\/153_2_plakat_KV_dla_dzieci_-724x1024.jpg\" alt= \"KORONAWIRUS &#8211; KROK PO KROKU\" title = \"KORONAWIRUS &#8211; KROK PO KROKU\" \/><\/a><a class=\"img-post\" href=\"https:\/\/zsp12.gliwice.pl\/pm7\/blog\/2020\/03\/10\/koronawirus-krok-po-kroku\/\"><img decoding=\"async\" src=\"https:\/\/zsp12.gliwice.pl\/pm7\/wp-content\/uploads\/sites\/7\/2020\/03\/153_2_plakat_KV_dla_dzieci_-150x150.jpg\" alt= \"KORONAWIRUS &#8211; KROK PO KROKU\" title = \"KORONAWIRUS &#8211; KROK PO KROKU\" \/><\/a><\/div><div class=\"article-title-wrapper\"><h5><a href=\"https:\/\/zsp12.gliwice.pl\/pm7\/blog\/2020\/03\/10\/koronawirus-krok-po-kroku\/\" class=\"article-title\">KORONAWIRUS &#8211; KROK PO KROKU<\/a><\/h5><div class=\"article-meta\"><span class=\"entry-date\">10 marca 2020<\/span><span class=\"author vcard\">by <a href=\"https:\/\/zsp12.gliwice.pl\/pm7\/blog\/author\/kszymanek\/\" rel=\"author\">kszymanek<\/a><\/span><\/div><\/div>\t\t\t<\/div>\n\t\t<\/div>\n\t\t\t\t<div class=\"col-md-3 col-sm-3\">\n\t\t\t<div class=\"item-post post-3417 post type-post status-publish format-standard has-post-thumbnail hentry category-archiwum-pm7 category-informacje\">\n\t\t\t\t<div class=\"article-image\"><a class=\"img-post-mobile\" href=\"https:\/\/zsp12.gliwice.pl\/pm7\/blog\/2020\/03\/09\/koronawirus\/\"><img decoding=\"async\" src=\"https:\/\/zsp12.gliwice.pl\/pm7\/wp-content\/uploads\/sites\/7\/2020\/03\/PLAKAT_OGOLNY-1-735x1024.jpg\" alt= \"KORONAWIRUS\" title = \"KORONAWIRUS\" \/><\/a><a class=\"img-post\" href=\"https:\/\/zsp12.gliwice.pl\/pm7\/blog\/2020\/03\/09\/koronawirus\/\"><img decoding=\"async\" src=\"https:\/\/zsp12.gliwice.pl\/pm7\/wp-content\/uploads\/sites\/7\/2020\/03\/PLAKAT_OGOLNY-1-150x150.jpg\" alt= \"KORONAWIRUS\" title = \"KORONAWIRUS\" \/><\/a><\/div><div class=\"article-title-wrapper\"><h5><a href=\"https:\/\/zsp12.gliwice.pl\/pm7\/blog\/2020\/03\/09\/koronawirus\/\" class=\"article-title\">KORONAWIRUS<\/a><\/h5><div class=\"article-meta\"><span class=\"entry-date\">9 marca 2020<\/span><span class=\"author vcard\">by <a href=\"https:\/\/zsp12.gliwice.pl\/pm7\/blog\/author\/kszymanek\/\" rel=\"author\">kszymanek<\/a><\/span><\/div><\/div>\t\t\t<\/div>\n\t\t<\/div>\n\t\t\t\t<div class=\"col-md-3 col-sm-3\">\n\t\t\t<div class=\"item-post post-3367 post type-post status-publish format-standard has-post-thumbnail hentry category-archiwum-pm7 category-informacje\">\n\t\t\t\t<div class=\"article-image\"><a class=\"img-post-mobile\" href=\"https:\/\/zsp12.gliwice.pl\/pm7\/blog\/2020\/03\/01\/zamiast-do-szkoly-czy-przedszkola-zabierz-mnie-do-doktora\/\"><img decoding=\"async\" src=\"https:\/\/zsp12.gliwice.pl\/pm7\/wp-content\/uploads\/sites\/7\/2020\/03\/facebook_1582872620123.jpg\" alt= \"Zamiast do szko\u0142y, czy przedszkola zabierz mnie do doktora\" title = \"Zamiast do szko\u0142y, czy przedszkola zabierz mnie do doktora\" \/><\/a><a class=\"img-post\" href=\"https:\/\/zsp12.gliwice.pl\/pm7\/blog\/2020\/03\/01\/zamiast-do-szkoly-czy-przedszkola-zabierz-mnie-do-doktora\/\"><img decoding=\"async\" src=\"https:\/\/zsp12.gliwice.pl\/pm7\/wp-content\/uploads\/sites\/7\/2020\/03\/facebook_1582872620123-150x150.jpg\" alt= \"Zamiast do szko\u0142y, czy przedszkola zabierz mnie do doktora\" title = \"Zamiast do szko\u0142y, czy przedszkola zabierz mnie do doktora\" \/><\/a><\/div><div class=\"article-title-wrapper\"><h5><a href=\"https:\/\/zsp12.gliwice.pl\/pm7\/blog\/2020\/03\/01\/zamiast-do-szkoly-czy-przedszkola-zabierz-mnie-do-doktora\/\" class=\"article-title\">Zamiast do szko\u0142y, czy przedszkola zabierz mnie do doktora<\/a><\/h5><div class=\"article-meta\"><span class=\"entry-date\">1 marca 2020<\/span><span class=\"author vcard\">by <a href=\"https:\/\/zsp12.gliwice.pl\/pm7\/blog\/author\/kszymanek\/\" rel=\"author\">kszymanek<\/a><\/span><\/div><\/div>\t\t\t<\/div>\n\t\t<\/div>\n\t\t\t\t<div class=\"col-md-3 col-sm-3\">\n\t\t\t<div class=\"item-post post-3290 post type-post status-publish format-standard has-post-thumbnail hentry category-archiwum-pm7 category-informacje\">\n\t\t\t\t<div class=\"article-image\"><a class=\"img-post-mobile\" href=\"https:\/\/zsp12.gliwice.pl\/pm7\/blog\/2020\/02\/23\/twoj-1-ma-znaczenie-zostaw-go-w-gliwicach\/\"><img decoding=\"async\" src=\"https:\/\/zsp12.gliwice.pl\/pm7\/wp-content\/uploads\/sites\/7\/2020\/02\/Schnappschuss-2018-02-16-10.05.47.png\" alt= \"Tw\u00f3j 1% ma znaczenie \u2013 zostaw go w Gliwicach\" title = \"Tw\u00f3j 1% ma znaczenie \u2013 zostaw go w Gliwicach\" \/><\/a><a class=\"img-post\" href=\"https:\/\/zsp12.gliwice.pl\/pm7\/blog\/2020\/02\/23\/twoj-1-ma-znaczenie-zostaw-go-w-gliwicach\/\"><img decoding=\"async\" src=\"https:\/\/zsp12.gliwice.pl\/pm7\/wp-content\/uploads\/sites\/7\/2020\/02\/Schnappschuss-2018-02-16-10.05.47-150x150.png\" alt= \"Tw\u00f3j 1% ma znaczenie \u2013 zostaw go w Gliwicach\" title = \"Tw\u00f3j 1% ma znaczenie \u2013 zostaw go w Gliwicach\" \/><\/a><\/div><div class=\"article-title-wrapper\"><h5><a href=\"https:\/\/zsp12.gliwice.pl\/pm7\/blog\/2020\/02\/23\/twoj-1-ma-znaczenie-zostaw-go-w-gliwicach\/\" class=\"article-title\">Tw\u00f3j 1% ma znaczenie \u2013 zostaw go w Gliwicach<\/a><\/h5><div class=\"article-meta\"><span class=\"entry-date\">23 lutego 2020<\/span><span class=\"author vcard\">by <a href=\"https:\/\/zsp12.gliwice.pl\/pm7\/blog\/author\/kszymanek\/\" rel=\"author\">kszymanek<\/a><\/span><\/div><\/div>\t\t\t<\/div>\n\t\t<\/div>\n\t\t\t\t<div class=\"col-md-3 col-sm-3\">\n\t\t\t<div class=\"item-post post-3207 post type-post status-publish format-standard has-post-thumbnail hentry category-archiwum-pm7 category-informacje\">\n\t\t\t\t<div class=\"article-image\"><a class=\"img-post-mobile\" href=\"https:\/\/zsp12.gliwice.pl\/pm7\/blog\/2020\/02\/18\/3207\/\"><img decoding=\"async\" src=\"https:\/\/zsp12.gliwice.pl\/pm7\/wp-content\/uploads\/sites\/7\/2020\/02\/plakat-1-1024x724.jpg\" alt= \"Europejski Dzie\u0144 Logopedy\" title = \"Europejski Dzie\u0144 Logopedy\" \/><\/a><a class=\"img-post\" href=\"https:\/\/zsp12.gliwice.pl\/pm7\/blog\/2020\/02\/18\/3207\/\"><img decoding=\"async\" src=\"https:\/\/zsp12.gliwice.pl\/pm7\/wp-content\/uploads\/sites\/7\/2020\/02\/plakat-1-150x150.jpg\" alt= \"Europejski Dzie\u0144 Logopedy\" title = \"Europejski Dzie\u0144 Logopedy\" \/><\/a><\/div><div class=\"article-title-wrapper\"><h5><a href=\"https:\/\/zsp12.gliwice.pl\/pm7\/blog\/2020\/02\/18\/3207\/\" class=\"article-title\">Europejski Dzie\u0144 Logopedy<\/a><\/h5><div class=\"article-meta\"><span class=\"entry-date\">18 lutego 2020<\/span><span class=\"author vcard\">by <a href=\"https:\/\/zsp12.gliwice.pl\/pm7\/blog\/author\/kszymanek\/\" rel=\"author\">kszymanek<\/a><\/span><\/div><\/div>\t\t\t<\/div>\n\t\t<\/div>\n\t\t\t\t<div class=\"col-md-3 col-sm-3\">\n\t\t\t<div class=\"item-post post-3173 post type-post status-publish format-standard has-post-thumbnail hentry category-archiwum-pm7 category-informacje\">\n\t\t\t\t<div class=\"article-image\"><a class=\"img-post-mobile\" href=\"https:\/\/zsp12.gliwice.pl\/pm7\/blog\/2020\/02\/16\/rekrutacja-do-przedszkoli-i-oddzialow-przedszkolnych-2020-2021\/\"><img decoding=\"async\" src=\"https:\/\/zsp12.gliwice.pl\/pm7\/wp-content\/uploads\/sites\/7\/2020\/02\/pexels-photo-316465_kredka-1024x576.jpg\" alt= \"Rekrutacja do przedszkoli i oddzia\u0142\u00f3w przedszkolnych 2020\/2021\" title = \"Rekrutacja do przedszkoli i oddzia\u0142\u00f3w przedszkolnych 2020\/2021\" \/><\/a><a class=\"img-post\" href=\"https:\/\/zsp12.gliwice.pl\/pm7\/blog\/2020\/02\/16\/rekrutacja-do-przedszkoli-i-oddzialow-przedszkolnych-2020-2021\/\"><img decoding=\"async\" src=\"https:\/\/zsp12.gliwice.pl\/pm7\/wp-content\/uploads\/sites\/7\/2020\/02\/pexels-photo-316465_kredka-150x150.jpg\" alt= \"Rekrutacja do przedszkoli i oddzia\u0142\u00f3w przedszkolnych 2020\/2021\" title = \"Rekrutacja do przedszkoli i oddzia\u0142\u00f3w przedszkolnych 2020\/2021\" \/><\/a><\/div><div class=\"article-title-wrapper\"><h5><a href=\"https:\/\/zsp12.gliwice.pl\/pm7\/blog\/2020\/02\/16\/rekrutacja-do-przedszkoli-i-oddzialow-przedszkolnych-2020-2021\/\" class=\"article-title\">Rekrutacja do przedszkoli i oddzia\u0142\u00f3w przedszkolnych 2020\/2021<\/a><\/h5><div class=\"article-meta\"><span class=\"entry-date\">16 lutego 2020<\/span><span class=\"author vcard\">by <a href=\"https:\/\/zsp12.gliwice.pl\/pm7\/blog\/author\/kszymanek\/\" rel=\"author\">kszymanek<\/a><\/span><\/div><\/div>\t\t\t<\/div>\n\t\t<\/div>\n\t\t\t\t<div class=\"col-md-3 col-sm-3\">\n\t\t\t<div class=\"item-post post-3164 post type-post status-publish format-standard has-post-thumbnail hentry category-archiwum-pm7 category-informacje\">\n\t\t\t\t<div class=\"article-image\"><a class=\"img-post-mobile\" href=\"https:\/\/zsp12.gliwice.pl\/pm7\/blog\/2020\/02\/13\/dni-otwarte-2\/\"><img decoding=\"async\" src=\"https:\/\/zsp12.gliwice.pl\/pm7\/wp-content\/uploads\/sites\/7\/2020\/02\/dni_otwarte_ZSP_12-1024x724.jpg\" alt= \"Dni Otwarte\" title = \"Dni Otwarte\" \/><\/a><a class=\"img-post\" href=\"https:\/\/zsp12.gliwice.pl\/pm7\/blog\/2020\/02\/13\/dni-otwarte-2\/\"><img decoding=\"async\" src=\"https:\/\/zsp12.gliwice.pl\/pm7\/wp-content\/uploads\/sites\/7\/2020\/02\/dni_otwarte_ZSP_12-150x150.jpg\" alt= \"Dni Otwarte\" title = \"Dni Otwarte\" \/><\/a><\/div><div class=\"article-title-wrapper\"><h5><a href=\"https:\/\/zsp12.gliwice.pl\/pm7\/blog\/2020\/02\/13\/dni-otwarte-2\/\" class=\"article-title\">Dni Otwarte<\/a><\/h5><div class=\"article-meta\"><span class=\"entry-date\">13 lutego 2020<\/span><span class=\"author vcard\">by <a href=\"https:\/\/zsp12.gliwice.pl\/pm7\/blog\/author\/kszymanek\/\" rel=\"author\">kszymanek<\/a><\/span><\/div><\/div>\t\t\t<\/div>\n\t\t<\/div>\n\t\t\t\t<div class=\"col-md-3 col-sm-3\">\n\t\t\t<div class=\"item-post post-3159 post type-post status-publish format-standard has-post-thumbnail hentry category-archiwum-pm7 category-informacje\">\n\t\t\t\t<div class=\"article-image\"><a class=\"img-post-mobile\" href=\"https:\/\/zsp12.gliwice.pl\/pm7\/blog\/2020\/02\/05\/budzet-obywatelski-2020-aktywne-zatorze\/\"><img decoding=\"async\" src=\"https:\/\/zsp12.gliwice.pl\/pm7\/wp-content\/uploads\/sites\/7\/2020\/02\/plakat-Budzetphp-724x1024.jpg\" alt= \"BUD\u017bET OBYWATELSKI 2020 \t\u201eAKTYWNE ZATORZE\u201d\" title = \"BUD\u017bET OBYWATELSKI 2020 \t\u201eAKTYWNE ZATORZE\u201d\" \/><\/a><a class=\"img-post\" href=\"https:\/\/zsp12.gliwice.pl\/pm7\/blog\/2020\/02\/05\/budzet-obywatelski-2020-aktywne-zatorze\/\"><img decoding=\"async\" src=\"https:\/\/zsp12.gliwice.pl\/pm7\/wp-content\/uploads\/sites\/7\/2020\/02\/plakat-Budzetphp-150x150.jpg\" alt= \"BUD\u017bET OBYWATELSKI 2020 \t\u201eAKTYWNE ZATORZE\u201d\" title = \"BUD\u017bET OBYWATELSKI 2020 \t\u201eAKTYWNE ZATORZE\u201d\" \/><\/a><\/div><div class=\"article-title-wrapper\"><h5><a href=\"https:\/\/zsp12.gliwice.pl\/pm7\/blog\/2020\/02\/05\/budzet-obywatelski-2020-aktywne-zatorze\/\" class=\"article-title\">BUD\u017bET OBYWATELSKI 2020 \t\u201eAKTYWNE ZATORZE\u201d<\/a><\/h5><div class=\"article-meta\"><span class=\"entry-date\">5 lutego 2020<\/span><span class=\"author vcard\">by <a href=\"https:\/\/zsp12.gliwice.pl\/pm7\/blog\/author\/kszymanek\/\" rel=\"author\">kszymanek<\/a><\/span><\/div><\/div>\t\t\t<\/div>\n\t\t<\/div>\n\t\t\t\t<div class=\"col-md-3 col-sm-3\">\n\t\t\t<div class=\"item-post post-3036 post type-post status-publish format-standard has-post-thumbnail hentry category-archiwum-pm7 category-informacje\">\n\t\t\t\t<div class=\"article-image\"><a class=\"img-post-mobile\" href=\"https:\/\/zsp12.gliwice.pl\/pm7\/blog\/2019\/12\/15\/zyczenia-swiateczne\/\"><img decoding=\"async\" src=\"https:\/\/zsp12.gliwice.pl\/pm7\/wp-content\/uploads\/sites\/7\/2019\/12\/zyczenia_od_ZSP_12-1024x576.jpg\" alt= \"\u017byczenia \u015awi\u0105teczne\" title = \"\u017byczenia \u015awi\u0105teczne\" \/><\/a><a class=\"img-post\" href=\"https:\/\/zsp12.gliwice.pl\/pm7\/blog\/2019\/12\/15\/zyczenia-swiateczne\/\"><img decoding=\"async\" src=\"https:\/\/zsp12.gliwice.pl\/pm7\/wp-content\/uploads\/sites\/7\/2019\/12\/zyczenia_od_ZSP_12-150x150.jpg\" alt= \"\u017byczenia \u015awi\u0105teczne\" title = \"\u017byczenia \u015awi\u0105teczne\" \/><\/a><\/div><div class=\"article-title-wrapper\"><h5><a href=\"https:\/\/zsp12.gliwice.pl\/pm7\/blog\/2019\/12\/15\/zyczenia-swiateczne\/\" class=\"article-title\">\u017byczenia \u015awi\u0105teczne<\/a><\/h5><div class=\"article-meta\"><span class=\"entry-date\">15 grudnia 2019<\/span><span class=\"author vcard\">by <a href=\"https:\/\/zsp12.gliwice.pl\/pm7\/blog\/author\/kszymanek\/\" rel=\"author\">kszymanek<\/a><\/span><\/div><\/div>\t\t\t<\/div>\n\t\t<\/div>\n\t\t\t\t<div class=\"col-md-3 col-sm-3\">\n\t\t\t<div class=\"item-post post-2922 post type-post status-publish format-standard has-post-thumbnail hentry category-archiwum-pm7 category-informacje\">\n\t\t\t\t<div class=\"article-image\"><a class=\"img-post-mobile\" href=\"https:\/\/zsp12.gliwice.pl\/pm7\/blog\/2019\/12\/05\/wigilia-w-zsp-nr-12\/\"><img decoding=\"async\" src=\"https:\/\/zsp12.gliwice.pl\/pm7\/wp-content\/uploads\/sites\/7\/2019\/12\/Wigilia_plakat-724x1024.jpg\" alt= \"Wigilia w ZSP nr 12\" title = \"Wigilia w ZSP nr 12\" \/><\/a><a class=\"img-post\" href=\"https:\/\/zsp12.gliwice.pl\/pm7\/blog\/2019\/12\/05\/wigilia-w-zsp-nr-12\/\"><img decoding=\"async\" src=\"https:\/\/zsp12.gliwice.pl\/pm7\/wp-content\/uploads\/sites\/7\/2019\/12\/Wigilia_plakat-150x150.jpg\" alt= \"Wigilia w ZSP nr 12\" title = \"Wigilia w ZSP nr 12\" \/><\/a><\/div><div class=\"article-title-wrapper\"><h5><a href=\"https:\/\/zsp12.gliwice.pl\/pm7\/blog\/2019\/12\/05\/wigilia-w-zsp-nr-12\/\" class=\"article-title\">Wigilia w ZSP nr 12<\/a><\/h5><div class=\"article-meta\"><span class=\"entry-date\">5 grudnia 2019<\/span><span class=\"author vcard\">by <a href=\"https:\/\/zsp12.gliwice.pl\/pm7\/blog\/author\/kszymanek\/\" rel=\"author\">kszymanek<\/a><\/span><\/div><\/div>\t\t\t<\/div>\n\t\t<\/div>\n\t\t\t\t<div class=\"col-md-3 col-sm-3\">\n\t\t\t<div class=\"item-post post-2910 post type-post status-publish format-standard has-post-thumbnail hentry category-archiwum-pm7 category-informacje\">\n\t\t\t\t<div class=\"article-image\"><a class=\"img-post-mobile\" href=\"https:\/\/zsp12.gliwice.pl\/pm7\/blog\/2019\/12\/03\/jarmark-swiateczny-12-12-2019\/\"><img decoding=\"async\" src=\"https:\/\/zsp12.gliwice.pl\/pm7\/wp-content\/uploads\/sites\/7\/2019\/12\/PLAKAT_01_-1-730x1024.jpg\" alt= \"Jarmark \u015awi\u0105teczny &#8211; 13.12.2019\" title = \"Jarmark \u015awi\u0105teczny &#8211; 13.12.2019\" \/><\/a><a class=\"img-post\" href=\"https:\/\/zsp12.gliwice.pl\/pm7\/blog\/2019\/12\/03\/jarmark-swiateczny-12-12-2019\/\"><img decoding=\"async\" src=\"https:\/\/zsp12.gliwice.pl\/pm7\/wp-content\/uploads\/sites\/7\/2019\/12\/PLAKAT_01_-1-150x150.jpg\" alt= \"Jarmark \u015awi\u0105teczny &#8211; 13.12.2019\" title = \"Jarmark \u015awi\u0105teczny &#8211; 13.12.2019\" \/><\/a><\/div><div class=\"article-title-wrapper\"><h5><a href=\"https:\/\/zsp12.gliwice.pl\/pm7\/blog\/2019\/12\/03\/jarmark-swiateczny-12-12-2019\/\" class=\"article-title\">Jarmark \u015awi\u0105teczny &#8211; 13.12.2019<\/a><\/h5><div class=\"article-meta\"><span class=\"entry-date\">3 grudnia 2019<\/span><span class=\"author vcard\">by <a href=\"https:\/\/zsp12.gliwice.pl\/pm7\/blog\/author\/kszymanek\/\" rel=\"author\">kszymanek<\/a><\/span><\/div><\/div>\t\t\t<\/div>\n\t\t<\/div>\n\t\t\t\t<div class=\"col-md-3 col-sm-3\">\n\t\t\t<div class=\"item-post post-2916 post type-post status-publish format-standard has-post-thumbnail hentry category-archiwum-pm7 category-informacje\">\n\t\t\t\t<div class=\"article-image\"><a class=\"img-post-mobile\" href=\"https:\/\/zsp12.gliwice.pl\/pm7\/blog\/2019\/12\/02\/mikolajki-z-robotami\/\"><img decoding=\"async\" src=\"https:\/\/zsp12.gliwice.pl\/pm7\/wp-content\/uploads\/sites\/7\/2019\/12\/Miko\u0142ajk2019-724x1024.jpg\" alt= \"Miko\u0142ajki z robotami\" title = \"Miko\u0142ajki z robotami\" \/><\/a><a class=\"img-post\" href=\"https:\/\/zsp12.gliwice.pl\/pm7\/blog\/2019\/12\/02\/mikolajki-z-robotami\/\"><img decoding=\"async\" src=\"https:\/\/zsp12.gliwice.pl\/pm7\/wp-content\/uploads\/sites\/7\/2019\/12\/Miko\u0142ajk2019-150x150.jpg\" alt= \"Miko\u0142ajki z robotami\" title = \"Miko\u0142ajki z robotami\" \/><\/a><\/div><div class=\"article-title-wrapper\"><h5><a href=\"https:\/\/zsp12.gliwice.pl\/pm7\/blog\/2019\/12\/02\/mikolajki-z-robotami\/\" class=\"article-title\">Miko\u0142ajki z robotami<\/a><\/h5><div class=\"article-meta\"><span class=\"entry-date\">2 grudnia 2019<\/span><span class=\"author vcard\">by <a href=\"https:\/\/zsp12.gliwice.pl\/pm7\/blog\/author\/kszymanek\/\" rel=\"author\">kszymanek<\/a><\/span><\/div><\/div>\t\t\t<\/div>\n\t\t<\/div>\n\t\t\t\t<div class=\"col-md-3 col-sm-3\">\n\t\t\t<div class=\"item-post post-2926 post type-post status-publish format-standard has-post-thumbnail hentry category-archiwum-pm7 category-informacje\">\n\t\t\t\t<div class=\"article-image\"><a class=\"img-post-mobile\" href=\"https:\/\/zsp12.gliwice.pl\/pm7\/blog\/2019\/12\/02\/wsparcie-dla-martyny-czernel-z-sp9-w-gliwicach\/\"><img decoding=\"async\" src=\"https:\/\/zsp12.gliwice.pl\/pm7\/wp-content\/uploads\/sites\/7\/2019\/12\/Martyna_sp9-1024x463.png\" alt= \"Wsparcie dla Martyny Czernel z SP9 w Gliwicach\" title = \"Wsparcie dla Martyny Czernel z SP9 w Gliwicach\" \/><\/a><a class=\"img-post\" href=\"https:\/\/zsp12.gliwice.pl\/pm7\/blog\/2019\/12\/02\/wsparcie-dla-martyny-czernel-z-sp9-w-gliwicach\/\"><img decoding=\"async\" src=\"https:\/\/zsp12.gliwice.pl\/pm7\/wp-content\/uploads\/sites\/7\/2019\/12\/Martyna_sp9-150x150.png\" alt= \"Wsparcie dla Martyny Czernel z SP9 w Gliwicach\" title = \"Wsparcie dla Martyny Czernel z SP9 w Gliwicach\" \/><\/a><\/div><div class=\"article-title-wrapper\"><h5><a href=\"https:\/\/zsp12.gliwice.pl\/pm7\/blog\/2019\/12\/02\/wsparcie-dla-martyny-czernel-z-sp9-w-gliwicach\/\" class=\"article-title\">Wsparcie dla Martyny Czernel z SP9 w Gliwicach<\/a><\/h5><div class=\"article-meta\"><span class=\"entry-date\">2 grudnia 2019<\/span><span class=\"author vcard\">by <a href=\"https:\/\/zsp12.gliwice.pl\/pm7\/blog\/author\/kszymanek\/\" rel=\"author\">kszymanek<\/a><\/span><\/div><\/div>\t\t\t<\/div>\n\t\t<\/div>\n\t\t\t\t<div class=\"col-md-3 col-sm-3\">\n\t\t\t<div class=\"item-post post-2874 post type-post status-publish format-standard has-post-thumbnail hentry category-archiwum-pm7 category-informacje\">\n\t\t\t\t<div class=\"article-image\"><a class=\"img-post-mobile\" href=\"https:\/\/zsp12.gliwice.pl\/pm7\/blog\/2019\/11\/28\/uroczyste-rozstrzygniecie-iv-edycji-wojewodzkiego-konkursu-plastycznego-romskie-bajanie-objetego-patronatem-slaskiego-kuratora-oswiaty\/\"><img decoding=\"async\" src=\"https:\/\/zsp12.gliwice.pl\/pm7\/wp-content\/uploads\/sites\/7\/2019\/11\/I-miejsce-1-791x1024.jpg\" alt= \"ROZSTRZYGNI\u0118CIE IV EDYCJI WOJEW\u00d3DZKIEGO KONKURSU PLASTYCZNEGO \u201eROMSKIE BAJANIE\u201d\" title = \"ROZSTRZYGNI\u0118CIE IV EDYCJI WOJEW\u00d3DZKIEGO KONKURSU PLASTYCZNEGO \u201eROMSKIE BAJANIE\u201d\" \/><\/a><a class=\"img-post\" href=\"https:\/\/zsp12.gliwice.pl\/pm7\/blog\/2019\/11\/28\/uroczyste-rozstrzygniecie-iv-edycji-wojewodzkiego-konkursu-plastycznego-romskie-bajanie-objetego-patronatem-slaskiego-kuratora-oswiaty\/\"><img decoding=\"async\" src=\"https:\/\/zsp12.gliwice.pl\/pm7\/wp-content\/uploads\/sites\/7\/2019\/11\/I-miejsce-1-150x150.jpg\" alt= \"ROZSTRZYGNI\u0118CIE IV EDYCJI WOJEW\u00d3DZKIEGO KONKURSU PLASTYCZNEGO \u201eROMSKIE BAJANIE\u201d\" title = \"ROZSTRZYGNI\u0118CIE IV EDYCJI WOJEW\u00d3DZKIEGO KONKURSU PLASTYCZNEGO \u201eROMSKIE BAJANIE\u201d\" \/><\/a><\/div><div class=\"article-title-wrapper\"><h5><a href=\"https:\/\/zsp12.gliwice.pl\/pm7\/blog\/2019\/11\/28\/uroczyste-rozstrzygniecie-iv-edycji-wojewodzkiego-konkursu-plastycznego-romskie-bajanie-objetego-patronatem-slaskiego-kuratora-oswiaty\/\" class=\"article-title\">ROZSTRZYGNI\u0118CIE IV EDYCJI WOJEW\u00d3DZKIEGO KONKURSU PLASTYCZNEGO \u201eROMSKIE BAJANIE\u201d<\/a><\/h5><div class=\"article-meta\"><span class=\"entry-date\">28 listopada 2019<\/span><span class=\"author vcard\">by <a href=\"https:\/\/zsp12.gliwice.pl\/pm7\/blog\/author\/kszymanek\/\" rel=\"author\">kszymanek<\/a><\/span><\/div><\/div>\t\t\t<\/div>\n\t\t<\/div>\n\t\t\t\t<div class=\"col-md-3 col-sm-3\">\n\t\t\t<div class=\"item-post post-2608 post type-post status-publish format-standard has-post-thumbnail hentry category-archiwum-pm7 category-informacje\">\n\t\t\t\t<div class=\"article-image\"><a class=\"img-post-mobile\" href=\"https:\/\/zsp12.gliwice.pl\/pm7\/blog\/2019\/10\/24\/jesienna-zbiorka-dla-zwierzat\/\"><img decoding=\"async\" src=\"https:\/\/zsp12.gliwice.pl\/pm7\/wp-content\/uploads\/sites\/7\/2019\/10\/pomagam-1-724x1024.jpg\" alt= \"Jesienna zbi\u00f3rka dla zwierz\u0105t\" title = \"Jesienna zbi\u00f3rka dla zwierz\u0105t\" \/><\/a><a class=\"img-post\" href=\"https:\/\/zsp12.gliwice.pl\/pm7\/blog\/2019\/10\/24\/jesienna-zbiorka-dla-zwierzat\/\"><img decoding=\"async\" src=\"https:\/\/zsp12.gliwice.pl\/pm7\/wp-content\/uploads\/sites\/7\/2019\/10\/pomagam-1-150x150.jpg\" alt= \"Jesienna zbi\u00f3rka dla zwierz\u0105t\" title = \"Jesienna zbi\u00f3rka dla zwierz\u0105t\" \/><\/a><\/div><div class=\"article-title-wrapper\"><h5><a href=\"https:\/\/zsp12.gliwice.pl\/pm7\/blog\/2019\/10\/24\/jesienna-zbiorka-dla-zwierzat\/\" class=\"article-title\">Jesienna zbi\u00f3rka dla zwierz\u0105t<\/a><\/h5><div class=\"article-meta\"><span class=\"entry-date\">24 pa\u017adziernika 2019<\/span><span class=\"author vcard\">by <a href=\"https:\/\/zsp12.gliwice.pl\/pm7\/blog\/author\/kszymanek\/\" rel=\"author\">kszymanek<\/a><\/span><\/div><\/div>\t\t\t<\/div>\n\t\t<\/div>\n\t\t\t\t<div class=\"col-md-3 col-sm-3\">\n\t\t\t<div class=\"item-post post-2595 post type-post status-publish format-standard has-post-thumbnail hentry category-archiwum-pm7 category-informacje category-projekty\">\n\t\t\t\t<div class=\"article-image\"><a class=\"img-post-mobile\" href=\"https:\/\/zsp12.gliwice.pl\/pm7\/blog\/2019\/10\/19\/projekt-tropiciele-slaskich-tradycji\/\"><img decoding=\"async\" src=\"https:\/\/zsp12.gliwice.pl\/pm7\/wp-content\/uploads\/sites\/7\/2019\/10\/girlanda-tropiciele-\u015bl\u0105skich-tradycji-NAPIS-1-1024x557.jpg\" alt= \"PROJEKT  \u201eTropiciele \u015bl\u0105skich tradycji\u201d\" title = \"PROJEKT  \u201eTropiciele \u015bl\u0105skich tradycji\u201d\" \/><\/a><a class=\"img-post\" href=\"https:\/\/zsp12.gliwice.pl\/pm7\/blog\/2019\/10\/19\/projekt-tropiciele-slaskich-tradycji\/\"><img decoding=\"async\" src=\"https:\/\/zsp12.gliwice.pl\/pm7\/wp-content\/uploads\/sites\/7\/2019\/10\/girlanda-tropiciele-\u015bl\u0105skich-tradycji-NAPIS-1-150x150.jpg\" alt= \"PROJEKT  \u201eTropiciele \u015bl\u0105skich tradycji\u201d\" title = \"PROJEKT  \u201eTropiciele \u015bl\u0105skich tradycji\u201d\" \/><\/a><\/div><div class=\"article-title-wrapper\"><h5><a href=\"https:\/\/zsp12.gliwice.pl\/pm7\/blog\/2019\/10\/19\/projekt-tropiciele-slaskich-tradycji\/\" class=\"article-title\">PROJEKT  \u201eTropiciele \u015bl\u0105skich tradycji\u201d<\/a><\/h5><div class=\"article-meta\"><span class=\"entry-date\">19 pa\u017adziernika 2019<\/span><span class=\"author vcard\">by <a href=\"https:\/\/zsp12.gliwice.pl\/pm7\/blog\/author\/kszymanek\/\" rel=\"author\">kszymanek<\/a><\/span><\/div><\/div>\t\t\t<\/div>\n\t\t<\/div>\n\t\t\t\t<div class=\"col-md-3 col-sm-3\">\n\t\t\t<div class=\"item-post post-2601 post type-post status-publish format-standard has-post-thumbnail hentry category-archiwum-pm7 category-informacje\">\n\t\t\t\t<div class=\"article-image\"><a class=\"img-post-mobile\" href=\"https:\/\/zsp12.gliwice.pl\/pm7\/blog\/2019\/10\/14\/pasowanie-na-przedszkolaka-2\/\"><img decoding=\"async\" src=\"https:\/\/zsp12.gliwice.pl\/pm7\/wp-content\/uploads\/sites\/7\/2019\/10\/pasowanie-zaproszenie-dyrekcja-701x1024.jpeg\" alt= \"Pasowanie na Przedszkolaka\" title = \"Pasowanie na Przedszkolaka\" \/><\/a><a class=\"img-post\" href=\"https:\/\/zsp12.gliwice.pl\/pm7\/blog\/2019\/10\/14\/pasowanie-na-przedszkolaka-2\/\"><img decoding=\"async\" src=\"https:\/\/zsp12.gliwice.pl\/pm7\/wp-content\/uploads\/sites\/7\/2019\/10\/pasowanie-zaproszenie-dyrekcja-150x150.jpeg\" alt= \"Pasowanie na Przedszkolaka\" title = \"Pasowanie na Przedszkolaka\" \/><\/a><\/div><div class=\"article-title-wrapper\"><h5><a href=\"https:\/\/zsp12.gliwice.pl\/pm7\/blog\/2019\/10\/14\/pasowanie-na-przedszkolaka-2\/\" class=\"article-title\">Pasowanie na Przedszkolaka<\/a><\/h5><div class=\"article-meta\"><span class=\"entry-date\">14 pa\u017adziernika 2019<\/span><span class=\"author vcard\">by <a href=\"https:\/\/zsp12.gliwice.pl\/pm7\/blog\/author\/kszymanek\/\" rel=\"author\">kszymanek<\/a><\/span><\/div><\/div>\t\t\t<\/div>\n\t\t<\/div>\n\t\t\t\t<div class=\"col-md-3 col-sm-3\">\n\t\t\t<div class=\"item-post post-2561 post type-post status-publish format-standard has-post-thumbnail hentry category-archiwum-pm7 category-informacje\">\n\t\t\t\t<div class=\"article-image\"><a class=\"img-post-mobile\" href=\"https:\/\/zsp12.gliwice.pl\/pm7\/blog\/2019\/10\/10\/nauczyciel-przedszkola-2019\/\"><img decoding=\"async\" src=\"https:\/\/zsp12.gliwice.pl\/pm7\/wp-content\/uploads\/sites\/7\/2019\/10\/Product-36-726x1024.jpeg\" alt= \"Nauczyciel Przedszkola 2019\" title = \"Nauczyciel Przedszkola 2019\" \/><\/a><a class=\"img-post\" href=\"https:\/\/zsp12.gliwice.pl\/pm7\/blog\/2019\/10\/10\/nauczyciel-przedszkola-2019\/\"><img decoding=\"async\" src=\"https:\/\/zsp12.gliwice.pl\/pm7\/wp-content\/uploads\/sites\/7\/2019\/10\/Product-36-150x150.jpeg\" alt= \"Nauczyciel Przedszkola 2019\" title = \"Nauczyciel Przedszkola 2019\" \/><\/a><\/div><div class=\"article-title-wrapper\"><h5><a href=\"https:\/\/zsp12.gliwice.pl\/pm7\/blog\/2019\/10\/10\/nauczyciel-przedszkola-2019\/\" class=\"article-title\">Nauczyciel Przedszkola 2019<\/a><\/h5><div class=\"article-meta\"><span class=\"entry-date\">10 pa\u017adziernika 2019<\/span><span class=\"author vcard\">by <a href=\"https:\/\/zsp12.gliwice.pl\/pm7\/blog\/author\/kszymanek\/\" rel=\"author\">kszymanek<\/a><\/span><\/div><\/div>\t\t\t<\/div>\n\t\t<\/div>\n\t\t\t\t<div class=\"col-md-3 col-sm-3\">\n\t\t\t<div class=\"item-post post-2554 post type-post status-publish format-standard has-post-thumbnail hentry category-archiwum-pm7 category-informacje\">\n\t\t\t\t<div class=\"article-image\"><a class=\"img-post-mobile\" href=\"https:\/\/zsp12.gliwice.pl\/pm7\/blog\/2019\/10\/09\/akcja-jasiek-dla-hospicjum\/\"><img decoding=\"async\" src=\"https:\/\/zsp12.gliwice.pl\/pm7\/wp-content\/uploads\/sites\/7\/2019\/10\/plakat-1-1024x724.jpg\" alt= \"Akcja &#8220;Jasiek dla Hospicjum&#8221;\" title = \"Akcja &#8220;Jasiek dla Hospicjum&#8221;\" \/><\/a><a class=\"img-post\" href=\"https:\/\/zsp12.gliwice.pl\/pm7\/blog\/2019\/10\/09\/akcja-jasiek-dla-hospicjum\/\"><img decoding=\"async\" src=\"https:\/\/zsp12.gliwice.pl\/pm7\/wp-content\/uploads\/sites\/7\/2019\/10\/plakat-1-150x150.jpg\" alt= \"Akcja &#8220;Jasiek dla Hospicjum&#8221;\" title = \"Akcja &#8220;Jasiek dla Hospicjum&#8221;\" \/><\/a><\/div><div class=\"article-title-wrapper\"><h5><a href=\"https:\/\/zsp12.gliwice.pl\/pm7\/blog\/2019\/10\/09\/akcja-jasiek-dla-hospicjum\/\" class=\"article-title\">Akcja &#8220;Jasiek dla Hospicjum&#8221;<\/a><\/h5><div class=\"article-meta\"><span class=\"entry-date\">9 pa\u017adziernika 2019<\/span><span class=\"author vcard\">by <a href=\"https:\/\/zsp12.gliwice.pl\/pm7\/blog\/author\/kszymanek\/\" rel=\"author\">kszymanek<\/a><\/span><\/div><\/div>\t\t\t<\/div>\n\t\t<\/div>\n\t\t\t\t<div class=\"col-md-3 col-sm-3\">\n\t\t\t<div class=\"item-post post-2546 post type-post status-publish format-standard has-post-thumbnail hentry category-archiwum-pm7 category-informacje\">\n\t\t\t\t<div class=\"article-image\"><a class=\"img-post-mobile\" href=\"https:\/\/zsp12.gliwice.pl\/pm7\/blog\/2019\/10\/07\/vi-spartakiada-przedszkolakow\/\"><img decoding=\"async\" src=\"https:\/\/zsp12.gliwice.pl\/pm7\/wp-content\/uploads\/sites\/7\/2019\/10\/520x480-spartakiada.jpg\" alt= \"VI SPARTAKIADA PRZEDSZKOLNA\" title = \"VI SPARTAKIADA PRZEDSZKOLNA\" \/><\/a><a class=\"img-post\" href=\"https:\/\/zsp12.gliwice.pl\/pm7\/blog\/2019\/10\/07\/vi-spartakiada-przedszkolakow\/\"><img decoding=\"async\" src=\"https:\/\/zsp12.gliwice.pl\/pm7\/wp-content\/uploads\/sites\/7\/2019\/10\/520x480-spartakiada-150x150.jpg\" alt= \"VI SPARTAKIADA PRZEDSZKOLNA\" title = \"VI SPARTAKIADA PRZEDSZKOLNA\" \/><\/a><\/div><div class=\"article-title-wrapper\"><h5><a href=\"https:\/\/zsp12.gliwice.pl\/pm7\/blog\/2019\/10\/07\/vi-spartakiada-przedszkolakow\/\" class=\"article-title\">VI SPARTAKIADA PRZEDSZKOLNA<\/a><\/h5><div class=\"article-meta\"><span class=\"entry-date\">7 pa\u017adziernika 2019<\/span><span class=\"author vcard\">by <a href=\"https:\/\/zsp12.gliwice.pl\/pm7\/blog\/author\/kszymanek\/\" rel=\"author\">kszymanek<\/a><\/span><\/div><\/div>\t\t\t<\/div>\n\t\t<\/div>\n\t\t\t\t<div class=\"col-md-3 col-sm-3\">\n\t\t\t<div class=\"item-post post-2511 post type-post status-publish format-standard has-post-thumbnail hentry category-archiwum-pm7 category-informacje\">\n\t\t\t\t<div class=\"article-image\"><a class=\"img-post-mobile\" href=\"https:\/\/zsp12.gliwice.pl\/pm7\/blog\/2019\/09\/30\/obchody-swiatowego-dnia-turystyki-w-gliwicach\/\"><img decoding=\"async\" src=\"https:\/\/zsp12.gliwice.pl\/pm7\/wp-content\/uploads\/sites\/7\/2019\/09\/PLAKAT_2019_-712x1024.jpg\" alt= \"Obchody \u015awiatowego Dnia Turystyki w Gliwicach\" title = \"Obchody \u015awiatowego Dnia Turystyki w Gliwicach\" \/><\/a><a class=\"img-post\" href=\"https:\/\/zsp12.gliwice.pl\/pm7\/blog\/2019\/09\/30\/obchody-swiatowego-dnia-turystyki-w-gliwicach\/\"><img decoding=\"async\" src=\"https:\/\/zsp12.gliwice.pl\/pm7\/wp-content\/uploads\/sites\/7\/2019\/09\/PLAKAT_2019_-150x150.jpg\" alt= \"Obchody \u015awiatowego Dnia Turystyki w Gliwicach\" title = \"Obchody \u015awiatowego Dnia Turystyki w Gliwicach\" \/><\/a><\/div><div class=\"article-title-wrapper\"><h5><a href=\"https:\/\/zsp12.gliwice.pl\/pm7\/blog\/2019\/09\/30\/obchody-swiatowego-dnia-turystyki-w-gliwicach\/\" class=\"article-title\">Obchody \u015awiatowego Dnia Turystyki w Gliwicach<\/a><\/h5><div class=\"article-meta\"><span class=\"entry-date\">30 wrze\u015bnia 2019<\/span><span class=\"author vcard\">by <a href=\"https:\/\/zsp12.gliwice.pl\/pm7\/blog\/author\/kszymanek\/\" rel=\"author\">kszymanek<\/a><\/span><\/div><\/div>\t\t\t<\/div>\n\t\t<\/div>\n\t\t\t\t<div class=\"col-md-3 col-sm-3\">\n\t\t\t<div class=\"item-post post-2465 post type-post status-publish format-standard has-post-thumbnail hentry category-archiwum-pm7 category-informacje\">\n\t\t\t\t<div class=\"article-image\"><a class=\"img-post-mobile\" href=\"https:\/\/zsp12.gliwice.pl\/pm7\/blog\/2019\/09\/11\/%d0%be%d0%b1%d1%94%d0%b4%d0%bd%d0%b0%d0%bd%d0%bd%d1%8f-%d1%88%d0%ba%d1%96%d0%bb%d1%8c%d0%bd%d0%be-%d0%b4%d0%be%d1%88%d0%ba%d1%96%d0%bb%d1%8c%d0%bd%d0%b5-%d0%bd%d1%80-12\/\"><img decoding=\"async\" src=\"https:\/\/zsp12.gliwice.pl\/pm7\/wp-content\/uploads\/sites\/7\/2019\/08\/ZSP_12_wsparcie_ucznow_z_zagranicy_ros-1.gif\" alt= \"\u041e\u0431\u2019\u0454\u0434\u043d\u0430\u043d\u043d\u044f \u0448\u043a\u0456\u043b\u044c\u043d\u043e-\u0434\u043e\u0448\u043a\u0456\u043b\u044c\u043d\u0435 \u043d\u0440.12\" title = \"\u041e\u0431\u2019\u0454\u0434\u043d\u0430\u043d\u043d\u044f \u0448\u043a\u0456\u043b\u044c\u043d\u043e-\u0434\u043e\u0448\u043a\u0456\u043b\u044c\u043d\u0435 \u043d\u0440.12\" \/><\/a><a class=\"img-post\" href=\"https:\/\/zsp12.gliwice.pl\/pm7\/blog\/2019\/09\/11\/%d0%be%d0%b1%d1%94%d0%b4%d0%bd%d0%b0%d0%bd%d0%bd%d1%8f-%d1%88%d0%ba%d1%96%d0%bb%d1%8c%d0%bd%d0%be-%d0%b4%d0%be%d1%88%d0%ba%d1%96%d0%bb%d1%8c%d0%bd%d0%b5-%d0%bd%d1%80-12\/\"><img decoding=\"async\" src=\"https:\/\/zsp12.gliwice.pl\/pm7\/wp-content\/uploads\/sites\/7\/2019\/08\/ZSP_12_wsparcie_ucznow_z_zagranicy_ros-1-150x150.gif\" alt= \"\u041e\u0431\u2019\u0454\u0434\u043d\u0430\u043d\u043d\u044f \u0448\u043a\u0456\u043b\u044c\u043d\u043e-\u0434\u043e\u0448\u043a\u0456\u043b\u044c\u043d\u0435 \u043d\u0440.12\" title = \"\u041e\u0431\u2019\u0454\u0434\u043d\u0430\u043d\u043d\u044f \u0448\u043a\u0456\u043b\u044c\u043d\u043e-\u0434\u043e\u0448\u043a\u0456\u043b\u044c\u043d\u0435 \u043d\u0440.12\" \/><\/a><\/div><div class=\"article-title-wrapper\"><h5><a href=\"https:\/\/zsp12.gliwice.pl\/pm7\/blog\/2019\/09\/11\/%d0%be%d0%b1%d1%94%d0%b4%d0%bd%d0%b0%d0%bd%d0%bd%d1%8f-%d1%88%d0%ba%d1%96%d0%bb%d1%8c%d0%bd%d0%be-%d0%b4%d0%be%d1%88%d0%ba%d1%96%d0%bb%d1%8c%d0%bd%d0%b5-%d0%bd%d1%80-12\/\" class=\"article-title\">\u041e\u0431\u2019\u0454\u0434\u043d\u0430\u043d\u043d\u044f \u0448\u043a\u0456\u043b\u044c\u043d\u043e-\u0434\u043e\u0448\u043a\u0456\u043b\u044c\u043d\u0435 \u043d\u0440.12<\/a><\/h5><div class=\"article-meta\"><span class=\"entry-date\">11 wrze\u015bnia 2019<\/span><span class=\"author vcard\">by <a href=\"https:\/\/zsp12.gliwice.pl\/pm7\/blog\/author\/kszymanek\/\" rel=\"author\">kszymanek<\/a><\/span><\/div><\/div>\t\t\t<\/div>\n\t\t<\/div>\n\t\t\t\t<div class=\"col-md-3 col-sm-3\">\n\t\t\t<div class=\"item-post post-2459 post type-post status-publish format-standard has-post-thumbnail hentry category-archiwum-pm7 category-informacje\">\n\t\t\t\t<div class=\"article-image\"><a class=\"img-post-mobile\" href=\"https:\/\/zsp12.gliwice.pl\/pm7\/blog\/2019\/09\/04\/festiwal-miasta-gliwice\/\"><img decoding=\"async\" src=\"https:\/\/zsp12.gliwice.pl\/pm7\/wp-content\/uploads\/sites\/7\/2019\/09\/thumb_435385_600x350_0_0_crop.jpg\" alt= \"Festiwal Miasta Gliwice\" title = \"Festiwal Miasta Gliwice\" \/><\/a><a class=\"img-post\" href=\"https:\/\/zsp12.gliwice.pl\/pm7\/blog\/2019\/09\/04\/festiwal-miasta-gliwice\/\"><img decoding=\"async\" src=\"https:\/\/zsp12.gliwice.pl\/pm7\/wp-content\/uploads\/sites\/7\/2019\/09\/thumb_435385_600x350_0_0_crop-150x150.jpg\" alt= \"Festiwal Miasta Gliwice\" title = \"Festiwal Miasta Gliwice\" \/><\/a><\/div><div class=\"article-title-wrapper\"><h5><a href=\"https:\/\/zsp12.gliwice.pl\/pm7\/blog\/2019\/09\/04\/festiwal-miasta-gliwice\/\" class=\"article-title\">Festiwal Miasta Gliwice<\/a><\/h5><div class=\"article-meta\"><span class=\"entry-date\">4 wrze\u015bnia 2019<\/span><span class=\"author vcard\">by <a href=\"https:\/\/zsp12.gliwice.pl\/pm7\/blog\/author\/kszymanek\/\" rel=\"author\">kszymanek<\/a><\/span><\/div><\/div>\t\t\t<\/div>\n\t\t<\/div>\n\t\t\t\t<div class=\"col-md-3 col-sm-3\">\n\t\t\t<div class=\"item-post post-2451 post type-post status-publish format-standard has-post-thumbnail hentry category-archiwum-pm7 category-informacje\">\n\t\t\t\t<div class=\"article-image\"><a class=\"img-post-mobile\" href=\"https:\/\/zsp12.gliwice.pl\/pm7\/blog\/2019\/08\/26\/organizacja-roku-szkolnego-2019-2020\/\"><img decoding=\"async\" src=\"https:\/\/zsp12.gliwice.pl\/pm7\/wp-content\/uploads\/sites\/7\/2019\/08\/1926-1024x455.jpg\" alt= \"Organizacja Roku Szkolnego 2019\/2020\" title = \"Organizacja Roku Szkolnego 2019\/2020\" \/><\/a><a class=\"img-post\" href=\"https:\/\/zsp12.gliwice.pl\/pm7\/blog\/2019\/08\/26\/organizacja-roku-szkolnego-2019-2020\/\"><img decoding=\"async\" src=\"https:\/\/zsp12.gliwice.pl\/pm7\/wp-content\/uploads\/sites\/7\/2019\/08\/1926-150x150.jpg\" alt= \"Organizacja Roku Szkolnego 2019\/2020\" title = \"Organizacja Roku Szkolnego 2019\/2020\" \/><\/a><\/div><div class=\"article-title-wrapper\"><h5><a href=\"https:\/\/zsp12.gliwice.pl\/pm7\/blog\/2019\/08\/26\/organizacja-roku-szkolnego-2019-2020\/\" class=\"article-title\">Organizacja Roku Szkolnego 2019\/2020<\/a><\/h5><div class=\"article-meta\"><span class=\"entry-date\">26 sierpnia 2019<\/span><span class=\"author vcard\">by <a href=\"https:\/\/zsp12.gliwice.pl\/pm7\/blog\/author\/kszymanek\/\" rel=\"author\">kszymanek<\/a><\/span><\/div><\/div>\t\t\t<\/div>\n\t\t<\/div>\n\t\t\t\t<div class=\"col-md-3 col-sm-3\">\n\t\t\t<div class=\"item-post post-2440 post type-post status-publish format-standard has-post-thumbnail hentry category-archiwum-pm7 category-informacje\">\n\t\t\t\t<div class=\"article-image\"><a class=\"img-post-mobile\" href=\"https:\/\/zsp12.gliwice.pl\/pm7\/blog\/2019\/08\/26\/zebranie-z-rodzicami\/\"><img decoding=\"async\" src=\"https:\/\/zsp12.gliwice.pl\/pm7\/wp-content\/uploads\/sites\/7\/2019\/08\/65449-1024x700.jpg\" alt= \"ZEBRANIE Z RODZICAMI\" title = \"ZEBRANIE Z RODZICAMI\" \/><\/a><a class=\"img-post\" href=\"https:\/\/zsp12.gliwice.pl\/pm7\/blog\/2019\/08\/26\/zebranie-z-rodzicami\/\"><img decoding=\"async\" src=\"https:\/\/zsp12.gliwice.pl\/pm7\/wp-content\/uploads\/sites\/7\/2019\/08\/65449-150x150.jpg\" alt= \"ZEBRANIE Z RODZICAMI\" title = \"ZEBRANIE Z RODZICAMI\" \/><\/a><\/div><div class=\"article-title-wrapper\"><h5><a href=\"https:\/\/zsp12.gliwice.pl\/pm7\/blog\/2019\/08\/26\/zebranie-z-rodzicami\/\" class=\"article-title\">ZEBRANIE Z RODZICAMI<\/a><\/h5><div class=\"article-meta\"><span class=\"entry-date\">26 sierpnia 2019<\/span><span class=\"author vcard\">by <a href=\"https:\/\/zsp12.gliwice.pl\/pm7\/blog\/author\/kszymanek\/\" rel=\"author\">kszymanek<\/a><\/span><\/div><\/div>\t\t\t<\/div>\n\t\t<\/div>\n\t\t\t\t<div class=\"col-md-3 col-sm-3\">\n\t\t\t<div class=\"item-post post-2432 post type-post status-publish format-standard has-post-thumbnail hentry category-archiwum-pm7 category-informacje\">\n\t\t\t\t<div class=\"article-image\"><a class=\"img-post-mobile\" href=\"https:\/\/zsp12.gliwice.pl\/pm7\/blog\/2019\/07\/31\/wsparcie-uczniow-przybywajacych-z-zagranicy-w-zsp-nr-12\/\"><img decoding=\"async\" src=\"https:\/\/zsp12.gliwice.pl\/pm7\/wp-content\/uploads\/sites\/7\/2019\/08\/ZSP_12_wsparcie_ucznow_z_zagranicy_ros-1.gif\" alt= \"Wsparcie uczni\u00f3w przybywaj\u0105cych z zagranicy w ZSP nr 12\" title = \"Wsparcie uczni\u00f3w przybywaj\u0105cych z zagranicy w ZSP nr 12\" \/><\/a><a class=\"img-post\" href=\"https:\/\/zsp12.gliwice.pl\/pm7\/blog\/2019\/07\/31\/wsparcie-uczniow-przybywajacych-z-zagranicy-w-zsp-nr-12\/\"><img decoding=\"async\" src=\"https:\/\/zsp12.gliwice.pl\/pm7\/wp-content\/uploads\/sites\/7\/2019\/08\/ZSP_12_wsparcie_ucznow_z_zagranicy_ros-1-150x150.gif\" alt= \"Wsparcie uczni\u00f3w przybywaj\u0105cych z zagranicy w ZSP nr 12\" title = \"Wsparcie uczni\u00f3w przybywaj\u0105cych z zagranicy w ZSP nr 12\" \/><\/a><\/div><div class=\"article-title-wrapper\"><h5><a href=\"https:\/\/zsp12.gliwice.pl\/pm7\/blog\/2019\/07\/31\/wsparcie-uczniow-przybywajacych-z-zagranicy-w-zsp-nr-12\/\" class=\"article-title\">Wsparcie uczni\u00f3w przybywaj\u0105cych z zagranicy w ZSP nr 12<\/a><\/h5><div class=\"article-meta\"><span class=\"entry-date\">31 lipca 2019<\/span><span class=\"author vcard\">by <a href=\"https:\/\/zsp12.gliwice.pl\/pm7\/blog\/author\/kszymanek\/\" rel=\"author\">kszymanek<\/a><\/span><\/div><\/div>\t\t\t<\/div>\n\t\t<\/div>\n\t\t\t\t<div class=\"col-md-3 col-sm-3\">\n\t\t\t<div class=\"item-post post-2347 post type-post status-publish format-standard has-post-thumbnail hentry category-archiwum-pm7 category-informacje\">\n\t\t\t\t<div class=\"article-image\"><a class=\"img-post-mobile\" href=\"https:\/\/zsp12.gliwice.pl\/pm7\/blog\/2019\/05\/27\/swieto-wolnosci-i-solidarnosci\/\"><img decoding=\"async\" src=\"https:\/\/zsp12.gliwice.pl\/pm7\/wp-content\/uploads\/sites\/7\/2019\/05\/Imprezy_czerwiec_internet-723x1024.png\" alt= \"Dzie\u0144 Dziecka w Gliwicach &#8211; \u015awi\u0119to Wolno\u015bci i Solidarno\u015bci\" title = \"Dzie\u0144 Dziecka w Gliwicach &#8211; \u015awi\u0119to Wolno\u015bci i Solidarno\u015bci\" \/><\/a><a class=\"img-post\" href=\"https:\/\/zsp12.gliwice.pl\/pm7\/blog\/2019\/05\/27\/swieto-wolnosci-i-solidarnosci\/\"><img decoding=\"async\" src=\"https:\/\/zsp12.gliwice.pl\/pm7\/wp-content\/uploads\/sites\/7\/2019\/05\/Imprezy_czerwiec_internet-150x150.png\" alt= \"Dzie\u0144 Dziecka w Gliwicach &#8211; \u015awi\u0119to Wolno\u015bci i Solidarno\u015bci\" title = \"Dzie\u0144 Dziecka w Gliwicach &#8211; \u015awi\u0119to Wolno\u015bci i Solidarno\u015bci\" \/><\/a><\/div><div class=\"article-title-wrapper\"><h5><a href=\"https:\/\/zsp12.gliwice.pl\/pm7\/blog\/2019\/05\/27\/swieto-wolnosci-i-solidarnosci\/\" class=\"article-title\">Dzie\u0144 Dziecka w Gliwicach &#8211; \u015awi\u0119to Wolno\u015bci i Solidarno\u015bci<\/a><\/h5><div class=\"article-meta\"><span class=\"entry-date\">27 maja 2019<\/span><span class=\"author vcard\">by <a href=\"https:\/\/zsp12.gliwice.pl\/pm7\/blog\/author\/kszymanek\/\" rel=\"author\">kszymanek<\/a><\/span><\/div><\/div>\t\t\t<\/div>\n\t\t<\/div>\n\t\t\t\t<div class=\"col-md-3 col-sm-3\">\n\t\t\t<div class=\"item-post post-2342 post type-post status-publish format-standard has-post-thumbnail hentry category-archiwum-pm7 category-informacje\">\n\t\t\t\t<div class=\"article-image\"><a class=\"img-post-mobile\" href=\"https:\/\/zsp12.gliwice.pl\/pm7\/blog\/2019\/05\/13\/przedszkole-zbiorcze-lipiec-2019\/\"><img decoding=\"async\" src=\"https:\/\/zsp12.gliwice.pl\/pm7\/wp-content\/uploads\/sites\/7\/2023\/06\/admin-ajax.jpg\" alt= \"Przedszkole zbiorcze &#8211; lipiec 2019\" title = \"Przedszkole zbiorcze &#8211; lipiec 2019\" \/><\/a><a class=\"img-post\" href=\"https:\/\/zsp12.gliwice.pl\/pm7\/blog\/2019\/05\/13\/przedszkole-zbiorcze-lipiec-2019\/\"><img decoding=\"async\" src=\"https:\/\/zsp12.gliwice.pl\/pm7\/wp-content\/uploads\/sites\/7\/2023\/06\/admin-ajax-150x150.jpg\" alt= \"Przedszkole zbiorcze &#8211; lipiec 2019\" title = \"Przedszkole zbiorcze &#8211; lipiec 2019\" \/><\/a><\/div><div class=\"article-title-wrapper\"><h5><a href=\"https:\/\/zsp12.gliwice.pl\/pm7\/blog\/2019\/05\/13\/przedszkole-zbiorcze-lipiec-2019\/\" class=\"article-title\">Przedszkole zbiorcze &#8211; lipiec 2019<\/a><\/h5><div class=\"article-meta\"><span class=\"entry-date\">13 maja 2019<\/span><span class=\"author vcard\">by <a href=\"https:\/\/zsp12.gliwice.pl\/pm7\/blog\/author\/kszymanek\/\" rel=\"author\">kszymanek<\/a><\/span><\/div><\/div>\t\t\t<\/div>\n\t\t<\/div>\n\t\t\t\t<div class=\"col-md-3 col-sm-3\">\n\t\t\t<div class=\"item-post post-2336 post type-post status-publish format-standard has-post-thumbnail hentry category-archiwum-pm7 category-informacje\">\n\t\t\t\t<div class=\"article-image\"><a class=\"img-post-mobile\" href=\"https:\/\/zsp12.gliwice.pl\/pm7\/blog\/2019\/04\/19\/zyczenia-wielkanocne\/\"><img decoding=\"async\" src=\"https:\/\/zsp12.gliwice.pl\/pm7\/wp-content\/uploads\/sites\/7\/2019\/04\/\u017cyczenia-7-1-724x1024.jpg\" alt= \"\u017byczenia wielkanocne\" title = \"\u017byczenia wielkanocne\" \/><\/a><a class=\"img-post\" href=\"https:\/\/zsp12.gliwice.pl\/pm7\/blog\/2019\/04\/19\/zyczenia-wielkanocne\/\"><img decoding=\"async\" src=\"https:\/\/zsp12.gliwice.pl\/pm7\/wp-content\/uploads\/sites\/7\/2019\/04\/\u017cyczenia-7-1-150x150.jpg\" alt= \"\u017byczenia wielkanocne\" title = \"\u017byczenia wielkanocne\" \/><\/a><\/div><div class=\"article-title-wrapper\"><h5><a href=\"https:\/\/zsp12.gliwice.pl\/pm7\/blog\/2019\/04\/19\/zyczenia-wielkanocne\/\" class=\"article-title\">\u017byczenia wielkanocne<\/a><\/h5><div class=\"article-meta\"><span class=\"entry-date\">19 kwietnia 2019<\/span><span class=\"author vcard\">by <a href=\"https:\/\/zsp12.gliwice.pl\/pm7\/blog\/author\/kszymanek\/\" rel=\"author\">kszymanek<\/a><\/span><\/div><\/div>\t\t\t<\/div>\n\t\t<\/div>\n\t\t\t\t<div class=\"col-md-3 col-sm-3\">\n\t\t\t<div class=\"item-post post-2331 post type-post status-publish format-standard has-post-thumbnail hentry category-archiwum-pm7 category-informacje\">\n\t\t\t\t<div class=\"article-image\"><a class=\"img-post-mobile\" href=\"https:\/\/zsp12.gliwice.pl\/pm7\/blog\/2019\/04\/05\/pilne-strajk-nauczycieli\/\"><img decoding=\"async\" src=\"https:\/\/zsp12.gliwice.pl\/pm7\/wp-content\/uploads\/sites\/7\/2023\/06\/admin-ajax.jpg\" alt= \"PILNE &#8211; STRAJK NAUCZYCIELI\" title = \"PILNE &#8211; STRAJK NAUCZYCIELI\" \/><\/a><a class=\"img-post\" href=\"https:\/\/zsp12.gliwice.pl\/pm7\/blog\/2019\/04\/05\/pilne-strajk-nauczycieli\/\"><img decoding=\"async\" src=\"https:\/\/zsp12.gliwice.pl\/pm7\/wp-content\/uploads\/sites\/7\/2023\/06\/admin-ajax-150x150.jpg\" alt= \"PILNE &#8211; STRAJK NAUCZYCIELI\" title = \"PILNE &#8211; STRAJK NAUCZYCIELI\" \/><\/a><\/div><div class=\"article-title-wrapper\"><h5><a href=\"https:\/\/zsp12.gliwice.pl\/pm7\/blog\/2019\/04\/05\/pilne-strajk-nauczycieli\/\" class=\"article-title\">PILNE &#8211; STRAJK NAUCZYCIELI<\/a><\/h5><div class=\"article-meta\"><span class=\"entry-date\">5 kwietnia 2019<\/span><span class=\"author vcard\">by <a href=\"https:\/\/zsp12.gliwice.pl\/pm7\/blog\/author\/kszymanek\/\" rel=\"author\">kszymanek<\/a><\/span><\/div><\/div>\t\t\t<\/div>\n\t\t<\/div>\n\t\t\t\t<div class=\"col-md-3 col-sm-3\">\n\t\t\t<div class=\"item-post post-2213 post type-post status-publish format-standard has-post-thumbnail hentry category-archiwum-pm7 category-informacje\">\n\t\t\t\t<div class=\"article-image\"><a class=\"img-post-mobile\" href=\"https:\/\/zsp12.gliwice.pl\/pm7\/blog\/2019\/03\/19\/x-gliwicki-rajd-przygodowy-360\/\"><img decoding=\"async\" src=\"https:\/\/zsp12.gliwice.pl\/pm7\/wp-content\/uploads\/sites\/7\/2019\/03\/plakat-712x1024.jpg\" alt= \"X Gliwicki Rajd Przygodowy 360\" title = \"X Gliwicki Rajd Przygodowy 360\" \/><\/a><a class=\"img-post\" href=\"https:\/\/zsp12.gliwice.pl\/pm7\/blog\/2019\/03\/19\/x-gliwicki-rajd-przygodowy-360\/\"><img decoding=\"async\" src=\"https:\/\/zsp12.gliwice.pl\/pm7\/wp-content\/uploads\/sites\/7\/2019\/03\/plakat-150x150.jpg\" alt= \"X Gliwicki Rajd Przygodowy 360\" title = \"X Gliwicki Rajd Przygodowy 360\" \/><\/a><\/div><div class=\"article-title-wrapper\"><h5><a href=\"https:\/\/zsp12.gliwice.pl\/pm7\/blog\/2019\/03\/19\/x-gliwicki-rajd-przygodowy-360\/\" class=\"article-title\">X Gliwicki Rajd Przygodowy 360<\/a><\/h5><div class=\"article-meta\"><span class=\"entry-date\">19 marca 2019<\/span><span class=\"author vcard\">by <a href=\"https:\/\/zsp12.gliwice.pl\/pm7\/blog\/author\/kszymanek\/\" rel=\"author\">kszymanek<\/a><\/span><\/div><\/div>\t\t\t<\/div>\n\t\t<\/div>\n\t\t\t\t<div class=\"col-md-3 col-sm-3\">\n\t\t\t<div class=\"item-post post-2158 post type-post status-publish format-standard has-post-thumbnail hentry category-archiwum-pm7 category-informacje\">\n\t\t\t\t<div class=\"article-image\"><a class=\"img-post-mobile\" href=\"https:\/\/zsp12.gliwice.pl\/pm7\/blog\/2019\/03\/04\/dni-otwarte\/\"><img decoding=\"async\" src=\"https:\/\/zsp12.gliwice.pl\/pm7\/wp-content\/uploads\/sites\/7\/2019\/03\/plakat_SP_15-724x1024.gif\" alt= \"Dni Otwarte\" title = \"Dni Otwarte\" \/><\/a><a class=\"img-post\" href=\"https:\/\/zsp12.gliwice.pl\/pm7\/blog\/2019\/03\/04\/dni-otwarte\/\"><img decoding=\"async\" src=\"https:\/\/zsp12.gliwice.pl\/pm7\/wp-content\/uploads\/sites\/7\/2019\/03\/plakat_SP_15-150x150.gif\" alt= \"Dni Otwarte\" title = \"Dni Otwarte\" \/><\/a><\/div><div class=\"article-title-wrapper\"><h5><a href=\"https:\/\/zsp12.gliwice.pl\/pm7\/blog\/2019\/03\/04\/dni-otwarte\/\" class=\"article-title\">Dni Otwarte<\/a><\/h5><div class=\"article-meta\"><span class=\"entry-date\">4 marca 2019<\/span><span class=\"author vcard\">by <a href=\"https:\/\/zsp12.gliwice.pl\/pm7\/blog\/author\/kszymanek\/\" rel=\"author\">kszymanek<\/a><\/span><\/div><\/div>\t\t\t<\/div>\n\t\t<\/div>\n\t\t\t\t<div class=\"col-md-3 col-sm-3\">\n\t\t\t<div class=\"item-post post-2030 post type-post status-publish format-standard has-post-thumbnail hentry category-archiwum-pm7 category-informacje\">\n\t\t\t\t<div class=\"article-image\"><a class=\"img-post-mobile\" href=\"https:\/\/zsp12.gliwice.pl\/pm7\/blog\/2019\/02\/26\/2030\/\"><img decoding=\"async\" src=\"https:\/\/zsp12.gliwice.pl\/pm7\/wp-content\/uploads\/sites\/7\/2023\/06\/admin-ajax.jpg\" alt= \"\u00a0\u201e Kropki czar \u2013 odkryte i\u00a0nieodkryte\u00a0talenty mojego\u00a0dziecka&#8221;\" title = \"\u00a0\u201e Kropki czar \u2013 odkryte i\u00a0nieodkryte\u00a0talenty mojego\u00a0dziecka&#8221;\" \/><\/a><a class=\"img-post\" href=\"https:\/\/zsp12.gliwice.pl\/pm7\/blog\/2019\/02\/26\/2030\/\"><img decoding=\"async\" src=\"https:\/\/zsp12.gliwice.pl\/pm7\/wp-content\/uploads\/sites\/7\/2023\/06\/admin-ajax-150x150.jpg\" alt= \"\u00a0\u201e Kropki czar \u2013 odkryte i\u00a0nieodkryte\u00a0talenty mojego\u00a0dziecka&#8221;\" title = \"\u00a0\u201e Kropki czar \u2013 odkryte i\u00a0nieodkryte\u00a0talenty mojego\u00a0dziecka&#8221;\" \/><\/a><\/div><div class=\"article-title-wrapper\"><h5><a href=\"https:\/\/zsp12.gliwice.pl\/pm7\/blog\/2019\/02\/26\/2030\/\" class=\"article-title\">\u00a0\u201e Kropki czar \u2013 odkryte i\u00a0nieodkryte\u00a0talenty mojego\u00a0dziecka&#8221;<\/a><\/h5><div class=\"article-meta\"><span class=\"entry-date\">26 lutego 2019<\/span><span class=\"author vcard\">by <a href=\"https:\/\/zsp12.gliwice.pl\/pm7\/blog\/author\/kszymanek\/\" rel=\"author\">kszymanek<\/a><\/span><\/div><\/div>\t\t\t<\/div>\n\t\t<\/div>\n\t\t\t\t<div class=\"col-md-3 col-sm-3\">\n\t\t\t<div class=\"item-post post-2021 post type-post status-publish format-standard has-post-thumbnail hentry category-archiwum-pm7 category-informacje\">\n\t\t\t\t<div class=\"article-image\"><a class=\"img-post-mobile\" href=\"https:\/\/zsp12.gliwice.pl\/pm7\/blog\/2019\/02\/15\/zasady-rekrutacji-do-przedszkola-miejskiego-nr-7-z-oddzialami-zamiejscowymi-w-zespole-szkolno-przedszkolnym-nr-12-w-gliwicach-na-rok-szkolny-2019-2020\/\"><img decoding=\"async\" src=\"https:\/\/zsp12.gliwice.pl\/pm7\/wp-content\/uploads\/sites\/7\/2023\/06\/admin-ajax.jpg\" alt= \"Zasady rekrutacji do Przedszkola Miejskiego nr 7 z oddzia\u0142ami zamiejscowymi, w Zespole Szkolno \u2013 Przedszkolnym nr 12 w Gliwicach na rok szkolny 2019\/2020\" title = \"Zasady rekrutacji do Przedszkola Miejskiego nr 7 z oddzia\u0142ami zamiejscowymi, w Zespole Szkolno \u2013 Przedszkolnym nr 12 w Gliwicach na rok szkolny 2019\/2020\" \/><\/a><a class=\"img-post\" href=\"https:\/\/zsp12.gliwice.pl\/pm7\/blog\/2019\/02\/15\/zasady-rekrutacji-do-przedszkola-miejskiego-nr-7-z-oddzialami-zamiejscowymi-w-zespole-szkolno-przedszkolnym-nr-12-w-gliwicach-na-rok-szkolny-2019-2020\/\"><img decoding=\"async\" src=\"https:\/\/zsp12.gliwice.pl\/pm7\/wp-content\/uploads\/sites\/7\/2023\/06\/admin-ajax-150x150.jpg\" alt= \"Zasady rekrutacji do Przedszkola Miejskiego nr 7 z oddzia\u0142ami zamiejscowymi, w Zespole Szkolno \u2013 Przedszkolnym nr 12 w Gliwicach na rok szkolny 2019\/2020\" title = \"Zasady rekrutacji do Przedszkola Miejskiego nr 7 z oddzia\u0142ami zamiejscowymi, w Zespole Szkolno \u2013 Przedszkolnym nr 12 w Gliwicach na rok szkolny 2019\/2020\" \/><\/a><\/div><div class=\"article-title-wrapper\"><h5><a href=\"https:\/\/zsp12.gliwice.pl\/pm7\/blog\/2019\/02\/15\/zasady-rekrutacji-do-przedszkola-miejskiego-nr-7-z-oddzialami-zamiejscowymi-w-zespole-szkolno-przedszkolnym-nr-12-w-gliwicach-na-rok-szkolny-2019-2020\/\" class=\"article-title\">Zasady rekrutacji do Przedszkola Miejskiego nr 7 z oddzia\u0142ami zamiejscowymi, w Zespole Szkolno \u2013 Przedszkolnym nr 12 w Gliwicach na rok szkolny 2019\/2020<\/a><\/h5><div class=\"article-meta\"><span class=\"entry-date\">15 lutego 2019<\/span><span class=\"author vcard\">by <a href=\"https:\/\/zsp12.gliwice.pl\/pm7\/blog\/author\/kszymanek\/\" rel=\"author\">kszymanek<\/a><\/span><\/div><\/div>\t\t\t<\/div>\n\t\t<\/div>\n\t\t\t\t<div class=\"col-md-3 col-sm-3\">\n\t\t\t<div class=\"item-post post-2011 post type-post status-publish format-standard has-post-thumbnail hentry category-archiwum-pm7 category-informacje\">\n\t\t\t\t<div class=\"article-image\"><a class=\"img-post-mobile\" href=\"https:\/\/zsp12.gliwice.pl\/pm7\/blog\/2019\/01\/29\/detektyw-zatorek-na-tropie\/\"><img decoding=\"async\" src=\"https:\/\/zsp12.gliwice.pl\/pm7\/wp-content\/uploads\/sites\/7\/2019\/01\/Zatorek_plakat-724x1024.jpg\" alt= \"Detektyw ZATOREK na tropie\" title = \"Detektyw ZATOREK na tropie\" \/><\/a><a class=\"img-post\" href=\"https:\/\/zsp12.gliwice.pl\/pm7\/blog\/2019\/01\/29\/detektyw-zatorek-na-tropie\/\"><img decoding=\"async\" src=\"https:\/\/zsp12.gliwice.pl\/pm7\/wp-content\/uploads\/sites\/7\/2019\/01\/Zatorek_plakat-150x150.jpg\" alt= \"Detektyw ZATOREK na tropie\" title = \"Detektyw ZATOREK na tropie\" \/><\/a><\/div><div class=\"article-title-wrapper\"><h5><a href=\"https:\/\/zsp12.gliwice.pl\/pm7\/blog\/2019\/01\/29\/detektyw-zatorek-na-tropie\/\" class=\"article-title\">Detektyw ZATOREK na tropie<\/a><\/h5><div class=\"article-meta\"><span class=\"entry-date\">29 stycznia 2019<\/span><span class=\"author vcard\">by <a href=\"https:\/\/zsp12.gliwice.pl\/pm7\/blog\/author\/kszymanek\/\" rel=\"author\">kszymanek<\/a><\/span><\/div><\/div>\t\t\t<\/div>\n\t\t<\/div>\n\t\t\t\t<div class=\"col-md-3 col-sm-3\">\n\t\t\t<div class=\"item-post post-1983 post type-post status-publish format-standard has-post-thumbnail hentry category-archiwum-pm7 category-informacje\">\n\t\t\t\t<div class=\"article-image\"><a class=\"img-post-mobile\" href=\"https:\/\/zsp12.gliwice.pl\/pm7\/blog\/2019\/01\/28\/kolej-na-ferie\/\"><img decoding=\"async\" src=\"https:\/\/zsp12.gliwice.pl\/pm7\/wp-content\/uploads\/sites\/7\/2019\/01\/Plakat-1-724x1024.jpg\" alt= \"Kolej na FERIE\" title = \"Kolej na FERIE\" \/><\/a><a class=\"img-post\" href=\"https:\/\/zsp12.gliwice.pl\/pm7\/blog\/2019\/01\/28\/kolej-na-ferie\/\"><img decoding=\"async\" src=\"https:\/\/zsp12.gliwice.pl\/pm7\/wp-content\/uploads\/sites\/7\/2019\/01\/Plakat-1-150x150.jpg\" alt= \"Kolej na FERIE\" title = \"Kolej na FERIE\" \/><\/a><\/div><div class=\"article-title-wrapper\"><h5><a href=\"https:\/\/zsp12.gliwice.pl\/pm7\/blog\/2019\/01\/28\/kolej-na-ferie\/\" class=\"article-title\">Kolej na FERIE<\/a><\/h5><div class=\"article-meta\"><span class=\"entry-date\">28 stycznia 2019<\/span><span class=\"author vcard\">by <a href=\"https:\/\/zsp12.gliwice.pl\/pm7\/blog\/author\/kszymanek\/\" rel=\"author\">kszymanek<\/a><\/span><\/div><\/div>\t\t\t<\/div>\n\t\t<\/div>\n\t\t\t\t<div class=\"col-md-3 col-sm-3\">\n\t\t\t<div class=\"item-post post-1970 post type-post status-publish format-standard has-post-thumbnail hentry category-archiwum-pm7 category-catering category-informacje\">\n\t\t\t\t<div class=\"article-image\"><a class=\"img-post-mobile\" href=\"https:\/\/zsp12.gliwice.pl\/pm7\/blog\/2019\/01\/27\/1970\/\"><img decoding=\"async\" src=\"https:\/\/zsp12.gliwice.pl\/pm7\/wp-content\/uploads\/sites\/7\/2019\/01\/PM7_info-warsztaty-1-724x1024.jpg\" alt= \"Warsztaty kulinarne\" title = \"Warsztaty kulinarne\" \/><\/a><a class=\"img-post\" href=\"https:\/\/zsp12.gliwice.pl\/pm7\/blog\/2019\/01\/27\/1970\/\"><img decoding=\"async\" src=\"https:\/\/zsp12.gliwice.pl\/pm7\/wp-content\/uploads\/sites\/7\/2019\/01\/PM7_info-warsztaty-1-150x150.jpg\" alt= \"Warsztaty kulinarne\" title = \"Warsztaty kulinarne\" \/><\/a><\/div><div class=\"article-title-wrapper\"><h5><a href=\"https:\/\/zsp12.gliwice.pl\/pm7\/blog\/2019\/01\/27\/1970\/\" class=\"article-title\">Warsztaty kulinarne<\/a><\/h5><div class=\"article-meta\"><span class=\"entry-date\">27 stycznia 2019<\/span><span class=\"author vcard\">by <a href=\"https:\/\/zsp12.gliwice.pl\/pm7\/blog\/author\/kszymanek\/\" rel=\"author\">kszymanek<\/a><\/span><\/div><\/div>\t\t\t<\/div>\n\t\t<\/div>\n\t\t\t\t<div class=\"col-md-3 col-sm-3\">\n\t\t\t<div class=\"item-post post-1959 post type-post status-publish format-standard has-post-thumbnail hentry category-archiwum-pm7 category-informacje\">\n\t\t\t\t<div class=\"article-image\"><a class=\"img-post-mobile\" href=\"https:\/\/zsp12.gliwice.pl\/pm7\/blog\/2019\/01\/11\/1959\/\"><img decoding=\"async\" src=\"https:\/\/zsp12.gliwice.pl\/pm7\/wp-content\/uploads\/sites\/7\/2019\/01\/Laleczki-002-1024x724.jpg\" alt= \"Rodzinne warsztaty\" title = \"Rodzinne warsztaty\" \/><\/a><a class=\"img-post\" href=\"https:\/\/zsp12.gliwice.pl\/pm7\/blog\/2019\/01\/11\/1959\/\"><img decoding=\"async\" src=\"https:\/\/zsp12.gliwice.pl\/pm7\/wp-content\/uploads\/sites\/7\/2019\/01\/Laleczki-002-150x150.jpg\" alt= \"Rodzinne warsztaty\" title = \"Rodzinne warsztaty\" \/><\/a><\/div><div class=\"article-title-wrapper\"><h5><a href=\"https:\/\/zsp12.gliwice.pl\/pm7\/blog\/2019\/01\/11\/1959\/\" class=\"article-title\">Rodzinne warsztaty<\/a><\/h5><div class=\"article-meta\"><span class=\"entry-date\">11 stycznia 2019<\/span><span class=\"author vcard\">by <a href=\"https:\/\/zsp12.gliwice.pl\/pm7\/blog\/author\/kszymanek\/\" rel=\"author\">kszymanek<\/a><\/span><\/div><\/div>\t\t\t<\/div>\n\t\t<\/div>\n\t\t\t\t<div class=\"col-md-3 col-sm-3\">\n\t\t\t<div class=\"item-post post-1876 post type-post status-publish format-standard has-post-thumbnail hentry category-archiwum-pm7 category-informacje\">\n\t\t\t\t<div class=\"article-image\"><a class=\"img-post-mobile\" href=\"https:\/\/zsp12.gliwice.pl\/pm7\/blog\/2018\/12\/19\/wszystkiego-dobrego-na-ten-swiateczny-czas\/\"><img decoding=\"async\" src=\"https:\/\/zsp12.gliwice.pl\/pm7\/wp-content\/uploads\/sites\/7\/2018\/12\/IMG-20181219-WA0002-1024x749.jpg\" alt= \"Wszystkiego dobrego na ten \u015bwi\u0105teczny czas\" title = \"Wszystkiego dobrego na ten \u015bwi\u0105teczny czas\" \/><\/a><a class=\"img-post\" href=\"https:\/\/zsp12.gliwice.pl\/pm7\/blog\/2018\/12\/19\/wszystkiego-dobrego-na-ten-swiateczny-czas\/\"><img decoding=\"async\" src=\"https:\/\/zsp12.gliwice.pl\/pm7\/wp-content\/uploads\/sites\/7\/2018\/12\/IMG-20181219-WA0002-150x150.jpg\" alt= \"Wszystkiego dobrego na ten \u015bwi\u0105teczny czas\" title = \"Wszystkiego dobrego na ten \u015bwi\u0105teczny czas\" \/><\/a><\/div><div class=\"article-title-wrapper\"><h5><a href=\"https:\/\/zsp12.gliwice.pl\/pm7\/blog\/2018\/12\/19\/wszystkiego-dobrego-na-ten-swiateczny-czas\/\" class=\"article-title\">Wszystkiego dobrego na ten \u015bwi\u0105teczny czas<\/a><\/h5><div class=\"article-meta\"><span class=\"entry-date\">19 grudnia 2018<\/span><span class=\"author vcard\">by <a href=\"https:\/\/zsp12.gliwice.pl\/pm7\/blog\/author\/kszymanek\/\" rel=\"author\">kszymanek<\/a><\/span><\/div><\/div>\t\t\t<\/div>\n\t\t<\/div>\n\t\t\t\t<div class=\"col-md-3 col-sm-3\">\n\t\t\t<div class=\"item-post post-1885 post type-post status-publish format-standard has-post-thumbnail hentry category-archiwum-pm7 category-informacje\">\n\t\t\t\t<div class=\"article-image\"><a class=\"img-post-mobile\" href=\"https:\/\/zsp12.gliwice.pl\/pm7\/blog\/2018\/12\/12\/podsumowanie-zbiorki-bilonu-w-ramach-akcji-ile-wazy-sw-mikolaj\/\"><img decoding=\"async\" src=\"https:\/\/zsp12.gliwice.pl\/pm7\/wp-content\/uploads\/sites\/7\/2018\/12\/CCI19122018-730x1024.jpg\" alt= \"PODSUMOWANIE ZBI\u00d3RKI BILONU W RAMACH AKCJI \u201eILE WA\u017bY \u015aW. MIKO\u0141AJ\u201d\" title = \"PODSUMOWANIE ZBI\u00d3RKI BILONU W RAMACH AKCJI \u201eILE WA\u017bY \u015aW. MIKO\u0141AJ\u201d\" \/><\/a><a class=\"img-post\" href=\"https:\/\/zsp12.gliwice.pl\/pm7\/blog\/2018\/12\/12\/podsumowanie-zbiorki-bilonu-w-ramach-akcji-ile-wazy-sw-mikolaj\/\"><img decoding=\"async\" src=\"https:\/\/zsp12.gliwice.pl\/pm7\/wp-content\/uploads\/sites\/7\/2018\/12\/CCI19122018-150x150.jpg\" alt= \"PODSUMOWANIE ZBI\u00d3RKI BILONU W RAMACH AKCJI \u201eILE WA\u017bY \u015aW. MIKO\u0141AJ\u201d\" title = \"PODSUMOWANIE ZBI\u00d3RKI BILONU W RAMACH AKCJI \u201eILE WA\u017bY \u015aW. MIKO\u0141AJ\u201d\" \/><\/a><\/div><div class=\"article-title-wrapper\"><h5><a href=\"https:\/\/zsp12.gliwice.pl\/pm7\/blog\/2018\/12\/12\/podsumowanie-zbiorki-bilonu-w-ramach-akcji-ile-wazy-sw-mikolaj\/\" class=\"article-title\">PODSUMOWANIE ZBI\u00d3RKI BILONU W RAMACH AKCJI \u201eILE WA\u017bY \u015aW. MIKO\u0141AJ\u201d<\/a><\/h5><div class=\"article-meta\"><span class=\"entry-date\">12 grudnia 2018<\/span><span class=\"author vcard\">by <a href=\"https:\/\/zsp12.gliwice.pl\/pm7\/blog\/author\/kszymanek\/\" rel=\"author\">kszymanek<\/a><\/span><\/div><\/div>\t\t\t<\/div>\n\t\t<\/div>\n\t\t\t\t<div class=\"col-md-3 col-sm-3\">\n\t\t\t<div class=\"item-post post-1822 post type-post status-publish format-standard has-post-thumbnail hentry category-archiwum-pm7 category-informacje\">\n\t\t\t\t<div class=\"article-image\"><a class=\"img-post-mobile\" href=\"https:\/\/zsp12.gliwice.pl\/pm7\/blog\/2018\/12\/05\/bohater-tygodnia-w-biedronkach\/\"><img decoding=\"async\" src=\"https:\/\/zsp12.gliwice.pl\/pm7\/wp-content\/uploads\/sites\/7\/2018\/12\/IMG_20181115_093421-768x1024.jpg\" alt= \"Bohater tygodnia w Biedronkach\" title = \"Bohater tygodnia w Biedronkach\" \/><\/a><a class=\"img-post\" href=\"https:\/\/zsp12.gliwice.pl\/pm7\/blog\/2018\/12\/05\/bohater-tygodnia-w-biedronkach\/\"><img decoding=\"async\" src=\"https:\/\/zsp12.gliwice.pl\/pm7\/wp-content\/uploads\/sites\/7\/2018\/12\/IMG_20181115_093421-150x150.jpg\" alt= \"Bohater tygodnia w Biedronkach\" title = \"Bohater tygodnia w Biedronkach\" \/><\/a><\/div><div class=\"article-title-wrapper\"><h5><a href=\"https:\/\/zsp12.gliwice.pl\/pm7\/blog\/2018\/12\/05\/bohater-tygodnia-w-biedronkach\/\" class=\"article-title\">Bohater tygodnia w Biedronkach<\/a><\/h5><div class=\"article-meta\"><span class=\"entry-date\">5 grudnia 2018<\/span><span class=\"author vcard\">by <a href=\"https:\/\/zsp12.gliwice.pl\/pm7\/blog\/author\/kszymanek\/\" rel=\"author\">kszymanek<\/a><\/span><\/div><\/div>\t\t\t<\/div>\n\t\t<\/div>\n\t\t\t\t<div class=\"col-md-3 col-sm-3\">\n\t\t\t<div class=\"item-post post-1736 post type-post status-publish format-standard has-post-thumbnail hentry category-archiwum-pm7 category-informacje\">\n\t\t\t\t<div class=\"article-image\"><a class=\"img-post-mobile\" href=\"https:\/\/zsp12.gliwice.pl\/pm7\/blog\/2018\/11\/28\/nowy-catering\/\"><img decoding=\"async\" src=\"https:\/\/zsp12.gliwice.pl\/pm7\/wp-content\/uploads\/sites\/7\/2018\/11\/PM7_GLW_plakat-1-724x1024.jpg\" alt= \"Nowy catering\" title = \"Nowy catering\" \/><\/a><a class=\"img-post\" href=\"https:\/\/zsp12.gliwice.pl\/pm7\/blog\/2018\/11\/28\/nowy-catering\/\"><img decoding=\"async\" src=\"https:\/\/zsp12.gliwice.pl\/pm7\/wp-content\/uploads\/sites\/7\/2018\/11\/PM7_GLW_plakat-1-150x150.jpg\" alt= \"Nowy catering\" title = \"Nowy catering\" \/><\/a><\/div><div class=\"article-title-wrapper\"><h5><a href=\"https:\/\/zsp12.gliwice.pl\/pm7\/blog\/2018\/11\/28\/nowy-catering\/\" class=\"article-title\">Nowy catering<\/a><\/h5><div class=\"article-meta\"><span class=\"entry-date\">28 listopada 2018<\/span><span class=\"author vcard\">by <a href=\"https:\/\/zsp12.gliwice.pl\/pm7\/blog\/author\/kszymanek\/\" rel=\"author\">kszymanek<\/a><\/span><\/div><\/div>\t\t\t<\/div>\n\t\t<\/div>\n\t\t\t\t<div class=\"col-md-3 col-sm-3\">\n\t\t\t<div class=\"item-post post-1732 post type-post status-publish format-standard has-post-thumbnail hentry category-archiwum-pm7 category-informacje\">\n\t\t\t\t<div class=\"article-image\"><a class=\"img-post-mobile\" href=\"https:\/\/zsp12.gliwice.pl\/pm7\/blog\/2018\/11\/25\/wigilia-i-zbiorka-dla-ubogich-i-bezdomnych\/\"><img decoding=\"async\" src=\"https:\/\/zsp12.gliwice.pl\/pm7\/wp-content\/uploads\/sites\/7\/2018\/11\/wigilia_w_ZSP_12jpg.jpg\" alt= \"Wigilia i zbi\u00f3rka dla ubogich i bezdomnych\" title = \"Wigilia i zbi\u00f3rka dla ubogich i bezdomnych\" \/><\/a><a class=\"img-post\" href=\"https:\/\/zsp12.gliwice.pl\/pm7\/blog\/2018\/11\/25\/wigilia-i-zbiorka-dla-ubogich-i-bezdomnych\/\"><img decoding=\"async\" src=\"https:\/\/zsp12.gliwice.pl\/pm7\/wp-content\/uploads\/sites\/7\/2018\/11\/wigilia_w_ZSP_12jpg-150x150.jpg\" alt= \"Wigilia i zbi\u00f3rka dla ubogich i bezdomnych\" title = \"Wigilia i zbi\u00f3rka dla ubogich i bezdomnych\" \/><\/a><\/div><div class=\"article-title-wrapper\"><h5><a href=\"https:\/\/zsp12.gliwice.pl\/pm7\/blog\/2018\/11\/25\/wigilia-i-zbiorka-dla-ubogich-i-bezdomnych\/\" class=\"article-title\">Wigilia i zbi\u00f3rka dla ubogich i bezdomnych<\/a><\/h5><div class=\"article-meta\"><span class=\"entry-date\">25 listopada 2018<\/span><span class=\"author vcard\">by <a href=\"https:\/\/zsp12.gliwice.pl\/pm7\/blog\/author\/kszymanek\/\" rel=\"author\">kszymanek<\/a><\/span><\/div><\/div>\t\t\t<\/div>\n\t\t<\/div>\n\t\t\t\t<div class=\"col-md-3 col-sm-3\">\n\t\t\t<div class=\"item-post post-1729 post type-post status-publish format-standard has-post-thumbnail hentry category-archiwum-pm7 category-informacje\">\n\t\t\t\t<div class=\"article-image\"><a class=\"img-post-mobile\" href=\"https:\/\/zsp12.gliwice.pl\/pm7\/blog\/2018\/11\/25\/gliwicki-jarmark-bozonarodzeniowy\/\"><img decoding=\"async\" src=\"https:\/\/zsp12.gliwice.pl\/pm7\/wp-content\/uploads\/sites\/7\/2018\/11\/Jarmark_2018-725x1024.jpg\" alt= \"Gliwicki Jarmark Bo\u017conarodzeniowy\" title = \"Gliwicki Jarmark Bo\u017conarodzeniowy\" \/><\/a><a class=\"img-post\" href=\"https:\/\/zsp12.gliwice.pl\/pm7\/blog\/2018\/11\/25\/gliwicki-jarmark-bozonarodzeniowy\/\"><img decoding=\"async\" src=\"https:\/\/zsp12.gliwice.pl\/pm7\/wp-content\/uploads\/sites\/7\/2018\/11\/Jarmark_2018-150x150.jpg\" alt= \"Gliwicki Jarmark Bo\u017conarodzeniowy\" title = \"Gliwicki Jarmark Bo\u017conarodzeniowy\" \/><\/a><\/div><div class=\"article-title-wrapper\"><h5><a href=\"https:\/\/zsp12.gliwice.pl\/pm7\/blog\/2018\/11\/25\/gliwicki-jarmark-bozonarodzeniowy\/\" class=\"article-title\">Gliwicki Jarmark Bo\u017conarodzeniowy<\/a><\/h5><div class=\"article-meta\"><span class=\"entry-date\">25 listopada 2018<\/span><span class=\"author vcard\">by <a href=\"https:\/\/zsp12.gliwice.pl\/pm7\/blog\/author\/kszymanek\/\" rel=\"author\">kszymanek<\/a><\/span><\/div><\/div>\t\t\t<\/div>\n\t\t<\/div>\n\t\t\t\t<div class=\"col-md-3 col-sm-3\">\n\t\t\t<div class=\"item-post post-1725 post type-post status-publish format-standard has-post-thumbnail hentry category-archiwum-pm7 category-informacje\">\n\t\t\t\t<div class=\"article-image\"><a class=\"img-post-mobile\" href=\"https:\/\/zsp12.gliwice.pl\/pm7\/blog\/2018\/11\/21\/zapraszamy-na-dzien-pluszowego-misia\/\"><img decoding=\"async\" src=\"https:\/\/zsp12.gliwice.pl\/pm7\/wp-content\/uploads\/sites\/7\/2018\/11\/plakat-jpg-1-1024x725.jpg\" alt= \"Zapraszamy na Dzie\u0144 Pluszowego Misia\" title = \"Zapraszamy na Dzie\u0144 Pluszowego Misia\" \/><\/a><a class=\"img-post\" href=\"https:\/\/zsp12.gliwice.pl\/pm7\/blog\/2018\/11\/21\/zapraszamy-na-dzien-pluszowego-misia\/\"><img decoding=\"async\" src=\"https:\/\/zsp12.gliwice.pl\/pm7\/wp-content\/uploads\/sites\/7\/2018\/11\/plakat-jpg-1-150x150.jpg\" alt= \"Zapraszamy na Dzie\u0144 Pluszowego Misia\" title = \"Zapraszamy na Dzie\u0144 Pluszowego Misia\" \/><\/a><\/div><div class=\"article-title-wrapper\"><h5><a href=\"https:\/\/zsp12.gliwice.pl\/pm7\/blog\/2018\/11\/21\/zapraszamy-na-dzien-pluszowego-misia\/\" class=\"article-title\">Zapraszamy na Dzie\u0144 Pluszowego Misia<\/a><\/h5><div class=\"article-meta\"><span class=\"entry-date\">21 listopada 2018<\/span><span class=\"author vcard\">by <a href=\"https:\/\/zsp12.gliwice.pl\/pm7\/blog\/author\/kszymanek\/\" rel=\"author\">kszymanek<\/a><\/span><\/div><\/div>\t\t\t<\/div>\n\t\t<\/div>\n\t\t\t\t<div class=\"col-md-3 col-sm-3\">\n\t\t\t<div class=\"item-post post-1704 post type-post status-publish format-standard has-post-thumbnail hentry category-archiwum-pm7 category-informacje\">\n\t\t\t\t<div class=\"article-image\"><a class=\"img-post-mobile\" href=\"https:\/\/zsp12.gliwice.pl\/pm7\/blog\/2018\/11\/19\/ile-wazy-swiety-mikolaj-zbiorka-bilonu\/\"><img decoding=\"async\" src=\"https:\/\/zsp12.gliwice.pl\/pm7\/wp-content\/uploads\/sites\/7\/2018\/11\/plakat_ile_wazy_mikolaj_pazdziernik_2018_druk-PM7-1-724x1024.jpg\" alt= \"Ile wa\u017cy \u015awi\u0119ty Miko\u0142aj \u2013 zbi\u00f3rka bilonu\" title = \"Ile wa\u017cy \u015awi\u0119ty Miko\u0142aj \u2013 zbi\u00f3rka bilonu\" \/><\/a><a class=\"img-post\" href=\"https:\/\/zsp12.gliwice.pl\/pm7\/blog\/2018\/11\/19\/ile-wazy-swiety-mikolaj-zbiorka-bilonu\/\"><img decoding=\"async\" src=\"https:\/\/zsp12.gliwice.pl\/pm7\/wp-content\/uploads\/sites\/7\/2018\/11\/plakat_ile_wazy_mikolaj_pazdziernik_2018_druk-PM7-1-150x150.jpg\" alt= \"Ile wa\u017cy \u015awi\u0119ty Miko\u0142aj \u2013 zbi\u00f3rka bilonu\" title = \"Ile wa\u017cy \u015awi\u0119ty Miko\u0142aj \u2013 zbi\u00f3rka bilonu\" \/><\/a><\/div><div class=\"article-title-wrapper\"><h5><a href=\"https:\/\/zsp12.gliwice.pl\/pm7\/blog\/2018\/11\/19\/ile-wazy-swiety-mikolaj-zbiorka-bilonu\/\" class=\"article-title\">Ile wa\u017cy \u015awi\u0119ty Miko\u0142aj \u2013 zbi\u00f3rka bilonu<\/a><\/h5><div class=\"article-meta\"><span class=\"entry-date\">19 listopada 2018<\/span><span class=\"author vcard\">by <a href=\"https:\/\/zsp12.gliwice.pl\/pm7\/blog\/author\/kszymanek\/\" rel=\"author\">kszymanek<\/a><\/span><\/div><\/div>\t\t\t<\/div>\n\t\t<\/div>\n\t\t\t\t<div class=\"col-md-3 col-sm-3\">\n\t\t\t<div class=\"item-post post-1694 post type-post status-publish format-standard has-post-thumbnail hentry category-archiwum-pm7 category-informacje\">\n\t\t\t\t<div class=\"article-image\"><a class=\"img-post-mobile\" href=\"https:\/\/zsp12.gliwice.pl\/pm7\/blog\/2018\/11\/16\/gliwicki-tygiel-kultur-i-smakow\/\"><img decoding=\"async\" src=\"https:\/\/zsp12.gliwice.pl\/pm7\/wp-content\/uploads\/sites\/7\/2018\/11\/plakat_Tygiel-724x1024.jpg\" alt= \"Gliwicki Tygiel kultur i smak\u00f3w\" title = \"Gliwicki Tygiel kultur i smak\u00f3w\" \/><\/a><a class=\"img-post\" href=\"https:\/\/zsp12.gliwice.pl\/pm7\/blog\/2018\/11\/16\/gliwicki-tygiel-kultur-i-smakow\/\"><img decoding=\"async\" src=\"https:\/\/zsp12.gliwice.pl\/pm7\/wp-content\/uploads\/sites\/7\/2018\/11\/plakat_Tygiel-150x150.jpg\" alt= \"Gliwicki Tygiel kultur i smak\u00f3w\" title = \"Gliwicki Tygiel kultur i smak\u00f3w\" \/><\/a><\/div><div class=\"article-title-wrapper\"><h5><a href=\"https:\/\/zsp12.gliwice.pl\/pm7\/blog\/2018\/11\/16\/gliwicki-tygiel-kultur-i-smakow\/\" class=\"article-title\">Gliwicki Tygiel kultur i smak\u00f3w<\/a><\/h5><div class=\"article-meta\"><span class=\"entry-date\">16 listopada 2018<\/span><span class=\"author vcard\">by <a href=\"https:\/\/zsp12.gliwice.pl\/pm7\/blog\/author\/kszymanek\/\" rel=\"author\">kszymanek<\/a><\/span><\/div><\/div>\t\t\t<\/div>\n\t\t<\/div>\n\t\t\t\t<div class=\"col-md-3 col-sm-3\">\n\t\t\t<div class=\"item-post post-1627 post type-post status-publish format-standard has-post-thumbnail hentry category-archiwum-pm7 category-informacje\">\n\t\t\t\t<div class=\"article-image\"><a class=\"img-post-mobile\" href=\"https:\/\/zsp12.gliwice.pl\/pm7\/blog\/2018\/11\/14\/zapytanie-ofertowe\/\"><img decoding=\"async\" src=\"https:\/\/zsp12.gliwice.pl\/pm7\/wp-content\/uploads\/sites\/7\/2018\/11\/00000001-716x1024.jpg\" alt= \"Zapytanie ofertowe &#8211; CATERING\" title = \"Zapytanie ofertowe &#8211; CATERING\" \/><\/a><a class=\"img-post\" href=\"https:\/\/zsp12.gliwice.pl\/pm7\/blog\/2018\/11\/14\/zapytanie-ofertowe\/\"><img decoding=\"async\" src=\"https:\/\/zsp12.gliwice.pl\/pm7\/wp-content\/uploads\/sites\/7\/2018\/11\/00000001-150x150.jpg\" alt= \"Zapytanie ofertowe &#8211; CATERING\" title = \"Zapytanie ofertowe &#8211; CATERING\" \/><\/a><\/div><div class=\"article-title-wrapper\"><h5><a href=\"https:\/\/zsp12.gliwice.pl\/pm7\/blog\/2018\/11\/14\/zapytanie-ofertowe\/\" class=\"article-title\">Zapytanie ofertowe &#8211; CATERING<\/a><\/h5><div class=\"article-meta\"><span class=\"entry-date\">14 listopada 2018<\/span><span class=\"author vcard\">by <a href=\"https:\/\/zsp12.gliwice.pl\/pm7\/blog\/author\/kszymanek\/\" rel=\"author\">kszymanek<\/a><\/span><\/div><\/div>\t\t\t<\/div>\n\t\t<\/div>\n\t\t\t\t<div class=\"col-md-3 col-sm-3\">\n\t\t\t<div class=\"item-post post-1537 post type-post status-publish format-standard has-post-thumbnail hentry category-archiwum-pm7 category-informacje\">\n\t\t\t\t<div class=\"article-image\"><a class=\"img-post-mobile\" href=\"https:\/\/zsp12.gliwice.pl\/pm7\/blog\/2018\/11\/02\/projekt-edukacyjny-bohater-tygodnia-w-grupie-biedronki\/\"><img decoding=\"async\" src=\"https:\/\/zsp12.gliwice.pl\/pm7\/wp-content\/uploads\/sites\/7\/2023\/06\/admin-ajax.jpg\" alt= \"PROJEKT EDUKACYJNY \u201eBOHATER TYGODNIA\u201d W GRUPIE \u201eBIEDRONKI\u201d\" title = \"PROJEKT EDUKACYJNY \u201eBOHATER TYGODNIA\u201d W GRUPIE \u201eBIEDRONKI\u201d\" \/><\/a><a class=\"img-post\" href=\"https:\/\/zsp12.gliwice.pl\/pm7\/blog\/2018\/11\/02\/projekt-edukacyjny-bohater-tygodnia-w-grupie-biedronki\/\"><img decoding=\"async\" src=\"https:\/\/zsp12.gliwice.pl\/pm7\/wp-content\/uploads\/sites\/7\/2023\/06\/admin-ajax-150x150.jpg\" alt= \"PROJEKT EDUKACYJNY \u201eBOHATER TYGODNIA\u201d W GRUPIE \u201eBIEDRONKI\u201d\" title = \"PROJEKT EDUKACYJNY \u201eBOHATER TYGODNIA\u201d W GRUPIE \u201eBIEDRONKI\u201d\" \/><\/a><\/div><div class=\"article-title-wrapper\"><h5><a href=\"https:\/\/zsp12.gliwice.pl\/pm7\/blog\/2018\/11\/02\/projekt-edukacyjny-bohater-tygodnia-w-grupie-biedronki\/\" class=\"article-title\">PROJEKT EDUKACYJNY \u201eBOHATER TYGODNIA\u201d W GRUPIE \u201eBIEDRONKI\u201d<\/a><\/h5><div class=\"article-meta\"><span class=\"entry-date\">2 listopada 2018<\/span><span class=\"author vcard\">by <a href=\"https:\/\/zsp12.gliwice.pl\/pm7\/blog\/author\/kszymanek\/\" rel=\"author\">kszymanek<\/a><\/span><\/div><\/div>\t\t\t<\/div>\n\t\t<\/div>\n\t\t\t\t<div class=\"col-md-3 col-sm-3\">\n\t\t\t<div class=\"item-post post-1524 post type-post status-publish format-standard has-post-thumbnail hentry category-archiwum-pm7 category-informacje\">\n\t\t\t\t<div class=\"article-image\"><a class=\"img-post-mobile\" href=\"https:\/\/zsp12.gliwice.pl\/pm7\/blog\/2018\/10\/30\/im-proud-to-be-polish-100-kartek-na-100-lecie-odzyskania-niepodleglosci\/\"><img decoding=\"async\" src=\"https:\/\/zsp12.gliwice.pl\/pm7\/wp-content\/uploads\/sites\/7\/2018\/10\/Xerox-Scan_23102018140611-1-Copy-1024x723.jpg\" alt= \"\u2018I\u2019M PROUD TO BE POLISH\u2019 100 KARTEK NA 100-LECIE ODZYSKANIA NIEPODLEG\u0141O\u015aCI\" title = \"\u2018I\u2019M PROUD TO BE POLISH\u2019 100 KARTEK NA 100-LECIE ODZYSKANIA NIEPODLEG\u0141O\u015aCI\" \/><\/a><a class=\"img-post\" href=\"https:\/\/zsp12.gliwice.pl\/pm7\/blog\/2018\/10\/30\/im-proud-to-be-polish-100-kartek-na-100-lecie-odzyskania-niepodleglosci\/\"><img decoding=\"async\" src=\"https:\/\/zsp12.gliwice.pl\/pm7\/wp-content\/uploads\/sites\/7\/2018\/10\/Xerox-Scan_23102018140611-1-Copy-150x150.jpg\" alt= \"\u2018I\u2019M PROUD TO BE POLISH\u2019 100 KARTEK NA 100-LECIE ODZYSKANIA NIEPODLEG\u0141O\u015aCI\" title = \"\u2018I\u2019M PROUD TO BE POLISH\u2019 100 KARTEK NA 100-LECIE ODZYSKANIA NIEPODLEG\u0141O\u015aCI\" \/><\/a><\/div><div class=\"article-title-wrapper\"><h5><a href=\"https:\/\/zsp12.gliwice.pl\/pm7\/blog\/2018\/10\/30\/im-proud-to-be-polish-100-kartek-na-100-lecie-odzyskania-niepodleglosci\/\" class=\"article-title\">\u2018I\u2019M PROUD TO BE POLISH\u2019 100 KARTEK NA 100-LECIE ODZYSKANIA NIEPODLEG\u0141O\u015aCI<\/a><\/h5><div class=\"article-meta\"><span class=\"entry-date\">30 pa\u017adziernika 2018<\/span><span class=\"author vcard\">by <a href=\"https:\/\/zsp12.gliwice.pl\/pm7\/blog\/author\/kszymanek\/\" rel=\"author\">kszymanek<\/a><\/span><\/div><\/div>\t\t\t<\/div>\n\t\t<\/div>\n\t\t\t\t<div class=\"col-md-3 col-sm-3\">\n\t\t\t<div class=\"item-post post-1521 post type-post status-publish format-standard has-post-thumbnail hentry category-archiwum-pm7 category-informacje\">\n\t\t\t\t<div class=\"article-image\"><a class=\"img-post-mobile\" href=\"https:\/\/zsp12.gliwice.pl\/pm7\/blog\/2018\/10\/25\/rekord-dla-niepodleglej-w-zsp-nr-12\/\"><img decoding=\"async\" src=\"https:\/\/zsp12.gliwice.pl\/pm7\/wp-content\/uploads\/sites\/7\/2018\/10\/44686437_597892767280430_4049133315121217536_n-1024x576.jpg\" alt= \"Rekord dla Niepodleg\u0142ej w ZSP nr 12\" title = \"Rekord dla Niepodleg\u0142ej w ZSP nr 12\" \/><\/a><a class=\"img-post\" href=\"https:\/\/zsp12.gliwice.pl\/pm7\/blog\/2018\/10\/25\/rekord-dla-niepodleglej-w-zsp-nr-12\/\"><img decoding=\"async\" src=\"https:\/\/zsp12.gliwice.pl\/pm7\/wp-content\/uploads\/sites\/7\/2018\/10\/44686437_597892767280430_4049133315121217536_n-150x150.jpg\" alt= \"Rekord dla Niepodleg\u0142ej w ZSP nr 12\" title = \"Rekord dla Niepodleg\u0142ej w ZSP nr 12\" \/><\/a><\/div><div class=\"article-title-wrapper\"><h5><a href=\"https:\/\/zsp12.gliwice.pl\/pm7\/blog\/2018\/10\/25\/rekord-dla-niepodleglej-w-zsp-nr-12\/\" class=\"article-title\">Rekord dla Niepodleg\u0142ej w ZSP nr 12<\/a><\/h5><div class=\"article-meta\"><span class=\"entry-date\">25 pa\u017adziernika 2018<\/span><span class=\"author vcard\">by <a href=\"https:\/\/zsp12.gliwice.pl\/pm7\/blog\/author\/kszymanek\/\" rel=\"author\">kszymanek<\/a><\/span><\/div><\/div>\t\t\t<\/div>\n\t\t<\/div>\n\t\t\t\t<div class=\"col-md-3 col-sm-3\">\n\t\t\t<div class=\"item-post post-1467 post type-post status-publish format-standard has-post-thumbnail hentry category-archiwum-pm7 category-informacje\">\n\t\t\t\t<div class=\"article-image\"><a class=\"img-post-mobile\" href=\"https:\/\/zsp12.gliwice.pl\/pm7\/blog\/2018\/10\/23\/grzybobranie-informacja\/\"><img decoding=\"async\" src=\"https:\/\/zsp12.gliwice.pl\/pm7\/wp-content\/uploads\/sites\/7\/2018\/10\/GRZYBY_broszura_A5_24_09-1-722x1024.jpg\" alt= \"Grzybobranie &#8211; informacja\" title = \"Grzybobranie &#8211; informacja\" \/><\/a><a class=\"img-post\" href=\"https:\/\/zsp12.gliwice.pl\/pm7\/blog\/2018\/10\/23\/grzybobranie-informacja\/\"><img decoding=\"async\" src=\"https:\/\/zsp12.gliwice.pl\/pm7\/wp-content\/uploads\/sites\/7\/2018\/10\/GRZYBY_broszura_A5_24_09-1-150x150.jpg\" alt= \"Grzybobranie &#8211; informacja\" title = \"Grzybobranie &#8211; informacja\" \/><\/a><\/div><div class=\"article-title-wrapper\"><h5><a href=\"https:\/\/zsp12.gliwice.pl\/pm7\/blog\/2018\/10\/23\/grzybobranie-informacja\/\" class=\"article-title\">Grzybobranie &#8211; informacja<\/a><\/h5><div class=\"article-meta\"><span class=\"entry-date\">23 pa\u017adziernika 2018<\/span><span class=\"author vcard\">by <a href=\"https:\/\/zsp12.gliwice.pl\/pm7\/blog\/author\/kszymanek\/\" rel=\"author\">kszymanek<\/a><\/span><\/div><\/div>\t\t\t<\/div>\n\t\t<\/div>\n\t\t\t\t<div class=\"col-md-3 col-sm-3\">\n\t\t\t<div class=\"item-post post-1455 post type-post status-publish format-standard has-post-thumbnail hentry category-archiwum-pm7 category-informacje\">\n\t\t\t\t<div class=\"article-image\"><a class=\"img-post-mobile\" href=\"https:\/\/zsp12.gliwice.pl\/pm7\/blog\/2018\/10\/23\/informacje-o-wszawicy\/\"><img decoding=\"async\" src=\"https:\/\/zsp12.gliwice.pl\/pm7\/wp-content\/uploads\/sites\/7\/2018\/10\/wszawica_BROSZURA_A5-1-722x1024.jpg\" alt= \"Wszawica &#8211; informacje\" title = \"Wszawica &#8211; informacje\" \/><\/a><a class=\"img-post\" href=\"https:\/\/zsp12.gliwice.pl\/pm7\/blog\/2018\/10\/23\/informacje-o-wszawicy\/\"><img decoding=\"async\" src=\"https:\/\/zsp12.gliwice.pl\/pm7\/wp-content\/uploads\/sites\/7\/2018\/10\/wszawica_BROSZURA_A5-1-150x150.jpg\" alt= \"Wszawica &#8211; informacje\" title = \"Wszawica &#8211; informacje\" \/><\/a><\/div><div class=\"article-title-wrapper\"><h5><a href=\"https:\/\/zsp12.gliwice.pl\/pm7\/blog\/2018\/10\/23\/informacje-o-wszawicy\/\" class=\"article-title\">Wszawica &#8211; informacje<\/a><\/h5><div class=\"article-meta\"><span class=\"entry-date\">23 pa\u017adziernika 2018<\/span><span class=\"author vcard\">by <a href=\"https:\/\/zsp12.gliwice.pl\/pm7\/blog\/author\/kszymanek\/\" rel=\"author\">kszymanek<\/a><\/span><\/div><\/div>\t\t\t<\/div>\n\t\t<\/div>\n\t\t\t\t<div class=\"col-md-3 col-sm-3\">\n\t\t\t<div class=\"item-post post-1414 post type-post status-publish format-standard has-post-thumbnail hentry category-archiwum-pm7 category-informacje\">\n\t\t\t\t<div class=\"article-image\"><a class=\"img-post-mobile\" href=\"https:\/\/zsp12.gliwice.pl\/pm7\/blog\/2018\/09\/15\/vi-oddzial-pm7-odkrywycy\/\"><img decoding=\"async\" src=\"https:\/\/zsp12.gliwice.pl\/pm7\/wp-content\/uploads\/sites\/7\/2018\/09\/received_1849032181810885-1024x768.jpeg\" alt= \"VI Oddzia\u0142 PM7 &#8220;Odkrywycy&#8221;\" title = \"VI Oddzia\u0142 PM7 &#8220;Odkrywycy&#8221;\" \/><\/a><a class=\"img-post\" href=\"https:\/\/zsp12.gliwice.pl\/pm7\/blog\/2018\/09\/15\/vi-oddzial-pm7-odkrywycy\/\"><img decoding=\"async\" src=\"https:\/\/zsp12.gliwice.pl\/pm7\/wp-content\/uploads\/sites\/7\/2018\/09\/received_1849032181810885-150x150.jpeg\" alt= \"VI Oddzia\u0142 PM7 &#8220;Odkrywycy&#8221;\" title = \"VI Oddzia\u0142 PM7 &#8220;Odkrywycy&#8221;\" \/><\/a><\/div><div class=\"article-title-wrapper\"><h5><a href=\"https:\/\/zsp12.gliwice.pl\/pm7\/blog\/2018\/09\/15\/vi-oddzial-pm7-odkrywycy\/\" class=\"article-title\">VI Oddzia\u0142 PM7 &#8220;Odkrywycy&#8221;<\/a><\/h5><div class=\"article-meta\"><span class=\"entry-date\">15 wrze\u015bnia 2018<\/span><span class=\"author vcard\">by <a href=\"https:\/\/zsp12.gliwice.pl\/pm7\/blog\/author\/kszymanek\/\" rel=\"author\">kszymanek<\/a><\/span><\/div><\/div>\t\t\t<\/div>\n\t\t<\/div>\n\t\t\t\t<div class=\"col-md-3 col-sm-3\">\n\t\t\t<div class=\"item-post post-1405 post type-post status-publish format-standard has-post-thumbnail hentry category-archiwum-pm7 category-informacje\">\n\t\t\t\t<div class=\"article-image\"><a class=\"img-post-mobile\" href=\"https:\/\/zsp12.gliwice.pl\/pm7\/blog\/2018\/08\/31\/nowy-rok-szkolny-przed-nami\/\"><img decoding=\"async\" src=\"https:\/\/zsp12.gliwice.pl\/pm7\/wp-content\/uploads\/sites\/7\/2023\/06\/admin-ajax.jpg\" alt= \"Nowy rok szkolny przed nami &#8230;\" title = \"Nowy rok szkolny przed nami &#8230;\" \/><\/a><a class=\"img-post\" href=\"https:\/\/zsp12.gliwice.pl\/pm7\/blog\/2018\/08\/31\/nowy-rok-szkolny-przed-nami\/\"><img decoding=\"async\" src=\"https:\/\/zsp12.gliwice.pl\/pm7\/wp-content\/uploads\/sites\/7\/2023\/06\/admin-ajax-150x150.jpg\" alt= \"Nowy rok szkolny przed nami &#8230;\" title = \"Nowy rok szkolny przed nami &#8230;\" \/><\/a><\/div><div class=\"article-title-wrapper\"><h5><a href=\"https:\/\/zsp12.gliwice.pl\/pm7\/blog\/2018\/08\/31\/nowy-rok-szkolny-przed-nami\/\" class=\"article-title\">Nowy rok szkolny przed nami &#8230;<\/a><\/h5><div class=\"article-meta\"><span class=\"entry-date\">31 sierpnia 2018<\/span><span class=\"author vcard\">by <a href=\"https:\/\/zsp12.gliwice.pl\/pm7\/blog\/author\/kszymanek\/\" rel=\"author\">kszymanek<\/a><\/span><\/div><\/div>\t\t\t<\/div>\n\t\t<\/div>\n\t\t\t\t<div class=\"col-md-3 col-sm-3\">\n\t\t\t<div class=\"item-post post-1377 post type-post status-publish format-standard has-post-thumbnail hentry category-archiwum-pm7 category-informacje\">\n\t\t\t\t<div class=\"article-image\"><a class=\"img-post-mobile\" href=\"https:\/\/zsp12.gliwice.pl\/pm7\/blog\/2018\/08\/08\/zarzadzenie-prezydenta-miasta-gliwice\/\"><img decoding=\"async\" src=\"https:\/\/zsp12.gliwice.pl\/pm7\/wp-content\/uploads\/sites\/7\/2023\/06\/admin-ajax.jpg\" alt= \"Zarz\u0105dzenie Prezydenta Miasta Gliwice\" title = \"Zarz\u0105dzenie Prezydenta Miasta Gliwice\" \/><\/a><a class=\"img-post\" href=\"https:\/\/zsp12.gliwice.pl\/pm7\/blog\/2018\/08\/08\/zarzadzenie-prezydenta-miasta-gliwice\/\"><img decoding=\"async\" src=\"https:\/\/zsp12.gliwice.pl\/pm7\/wp-content\/uploads\/sites\/7\/2023\/06\/admin-ajax-150x150.jpg\" alt= \"Zarz\u0105dzenie Prezydenta Miasta Gliwice\" title = \"Zarz\u0105dzenie Prezydenta Miasta Gliwice\" \/><\/a><\/div><div class=\"article-title-wrapper\"><h5><a href=\"https:\/\/zsp12.gliwice.pl\/pm7\/blog\/2018\/08\/08\/zarzadzenie-prezydenta-miasta-gliwice\/\" class=\"article-title\">Zarz\u0105dzenie Prezydenta Miasta Gliwice<\/a><\/h5><div class=\"article-meta\"><span class=\"entry-date\">8 sierpnia 2018<\/span><span class=\"author vcard\">by <a href=\"https:\/\/zsp12.gliwice.pl\/pm7\/blog\/author\/kszymanek\/\" rel=\"author\">kszymanek<\/a><\/span><\/div><\/div>\t\t\t<\/div>\n\t\t<\/div>\n\t\t\t\t<div class=\"col-md-3 col-sm-3\">\n\t\t\t<div class=\"item-post post-1282 post type-post status-publish format-standard has-post-thumbnail hentry category-archiwum-pm7 category-informacje\">\n\t\t\t\t<div class=\"article-image\"><a class=\"img-post-mobile\" href=\"https:\/\/zsp12.gliwice.pl\/pm7\/blog\/2018\/05\/15\/siedmiomilowa-podroz-pm7\/\"><img decoding=\"async\" src=\"https:\/\/zsp12.gliwice.pl\/pm7\/wp-content\/uploads\/sites\/7\/2018\/05\/32393514_10211435789719794_8464805311151079424_n.jpg\" alt= \"Siedmiomilowa podr\u00f3\u017c PM7\" title = \"Siedmiomilowa podr\u00f3\u017c PM7\" \/><\/a><a class=\"img-post\" href=\"https:\/\/zsp12.gliwice.pl\/pm7\/blog\/2018\/05\/15\/siedmiomilowa-podroz-pm7\/\"><img decoding=\"async\" src=\"https:\/\/zsp12.gliwice.pl\/pm7\/wp-content\/uploads\/sites\/7\/2018\/05\/32393514_10211435789719794_8464805311151079424_n-150x150.jpg\" alt= \"Siedmiomilowa podr\u00f3\u017c PM7\" title = \"Siedmiomilowa podr\u00f3\u017c PM7\" \/><\/a><\/div><div class=\"article-title-wrapper\"><h5><a href=\"https:\/\/zsp12.gliwice.pl\/pm7\/blog\/2018\/05\/15\/siedmiomilowa-podroz-pm7\/\" class=\"article-title\">Siedmiomilowa podr\u00f3\u017c PM7<\/a><\/h5><div class=\"article-meta\"><span class=\"entry-date\">15 maja 2018<\/span><span class=\"author vcard\">by <a href=\"https:\/\/zsp12.gliwice.pl\/pm7\/blog\/author\/kszymanek\/\" rel=\"author\">kszymanek<\/a><\/span><\/div><\/div>\t\t\t<\/div>\n\t\t<\/div>\n\t\t\t\t<div class=\"col-md-3 col-sm-3\">\n\t\t\t<div class=\"item-post post-1275 post type-post status-publish format-standard has-post-thumbnail hentry category-archiwum-pm7 category-informacje\">\n\t\t\t\t<div class=\"article-image\"><a class=\"img-post-mobile\" href=\"https:\/\/zsp12.gliwice.pl\/pm7\/blog\/2018\/05\/08\/gliwice-moje-cudowne-miasto-moje-miejsce-na-ziemi-konkurs\/\"><img decoding=\"async\" src=\"https:\/\/zsp12.gliwice.pl\/pm7\/wp-content\/uploads\/sites\/7\/2018\/05\/DSC_0814-Copy-1024x681.jpg\" alt= \"\u201eGliwice &#8211; moje cudowne miasto, moje miejsce na Ziemi\u201d &#8211; konkurs\" title = \"\u201eGliwice &#8211; moje cudowne miasto, moje miejsce na Ziemi\u201d &#8211; konkurs\" \/><\/a><a class=\"img-post\" href=\"https:\/\/zsp12.gliwice.pl\/pm7\/blog\/2018\/05\/08\/gliwice-moje-cudowne-miasto-moje-miejsce-na-ziemi-konkurs\/\"><img decoding=\"async\" src=\"https:\/\/zsp12.gliwice.pl\/pm7\/wp-content\/uploads\/sites\/7\/2018\/05\/DSC_0814-Copy-150x150.jpg\" alt= \"\u201eGliwice &#8211; moje cudowne miasto, moje miejsce na Ziemi\u201d &#8211; konkurs\" title = \"\u201eGliwice &#8211; moje cudowne miasto, moje miejsce na Ziemi\u201d &#8211; konkurs\" \/><\/a><\/div><div class=\"article-title-wrapper\"><h5><a href=\"https:\/\/zsp12.gliwice.pl\/pm7\/blog\/2018\/05\/08\/gliwice-moje-cudowne-miasto-moje-miejsce-na-ziemi-konkurs\/\" class=\"article-title\">\u201eGliwice &#8211; moje cudowne miasto, moje miejsce na Ziemi\u201d &#8211; konkurs<\/a><\/h5><div class=\"article-meta\"><span class=\"entry-date\">8 maja 2018<\/span><span class=\"author vcard\">by <a href=\"https:\/\/zsp12.gliwice.pl\/pm7\/blog\/author\/kszymanek\/\" rel=\"author\">kszymanek<\/a><\/span><\/div><\/div>\t\t\t<\/div>\n\t\t<\/div>\n\t\t\t\t<div class=\"col-md-3 col-sm-3\">\n\t\t\t<div class=\"item-post post-1141 post type-post status-publish format-standard has-post-thumbnail hentry category-archiwum-pm7 category-informacje\">\n\t\t\t\t<div class=\"article-image\"><a class=\"img-post-mobile\" href=\"https:\/\/zsp12.gliwice.pl\/pm7\/blog\/2018\/03\/27\/radosnych-swiat-wielkanocnych\/\"><img decoding=\"async\" src=\"https:\/\/zsp12.gliwice.pl\/pm7\/wp-content\/uploads\/sites\/7\/2018\/03\/7631-Copy.jpg\" alt= \"Radosnych \u015awi\u0105t Wielkanocnych\" title = \"Radosnych \u015awi\u0105t Wielkanocnych\" \/><\/a><a class=\"img-post\" href=\"https:\/\/zsp12.gliwice.pl\/pm7\/blog\/2018\/03\/27\/radosnych-swiat-wielkanocnych\/\"><img decoding=\"async\" src=\"https:\/\/zsp12.gliwice.pl\/pm7\/wp-content\/uploads\/sites\/7\/2018\/03\/7631-Copy-150x150.jpg\" alt= \"Radosnych \u015awi\u0105t Wielkanocnych\" title = \"Radosnych \u015awi\u0105t Wielkanocnych\" \/><\/a><\/div><div class=\"article-title-wrapper\"><h5><a href=\"https:\/\/zsp12.gliwice.pl\/pm7\/blog\/2018\/03\/27\/radosnych-swiat-wielkanocnych\/\" class=\"article-title\">Radosnych \u015awi\u0105t Wielkanocnych<\/a><\/h5><div class=\"article-meta\"><span class=\"entry-date\">27 marca 2018<\/span><span class=\"author vcard\">by <a href=\"https:\/\/zsp12.gliwice.pl\/pm7\/blog\/author\/kszymanek\/\" rel=\"author\">kszymanek<\/a><\/span><\/div><\/div>\t\t\t<\/div>\n\t\t<\/div>\n\t\t\t\t<div class=\"col-md-3 col-sm-3\">\n\t\t\t<div class=\"item-post post-1073 post type-post status-publish format-standard has-post-thumbnail hentry category-archiwum-pm7 category-informacje\">\n\t\t\t\t<div class=\"article-image\"><a class=\"img-post-mobile\" href=\"https:\/\/zsp12.gliwice.pl\/pm7\/blog\/2018\/03\/21\/drzwi-otwarte-zapraszamy\/\"><img decoding=\"async\" src=\"https:\/\/zsp12.gliwice.pl\/pm7\/wp-content\/uploads\/sites\/7\/2018\/03\/dzieci.jpg\" alt= \"Drzwi otwarte &#8211; zapraszamy!\" title = \"Drzwi otwarte &#8211; zapraszamy!\" \/><\/a><a class=\"img-post\" href=\"https:\/\/zsp12.gliwice.pl\/pm7\/blog\/2018\/03\/21\/drzwi-otwarte-zapraszamy\/\"><img decoding=\"async\" src=\"https:\/\/zsp12.gliwice.pl\/pm7\/wp-content\/uploads\/sites\/7\/2018\/03\/dzieci-150x150.jpg\" alt= \"Drzwi otwarte &#8211; zapraszamy!\" title = \"Drzwi otwarte &#8211; zapraszamy!\" \/><\/a><\/div><div class=\"article-title-wrapper\"><h5><a href=\"https:\/\/zsp12.gliwice.pl\/pm7\/blog\/2018\/03\/21\/drzwi-otwarte-zapraszamy\/\" class=\"article-title\">Drzwi otwarte &#8211; zapraszamy!<\/a><\/h5><div class=\"article-meta\"><span class=\"entry-date\">21 marca 2018<\/span><span class=\"author vcard\">by <a href=\"https:\/\/zsp12.gliwice.pl\/pm7\/blog\/author\/kszymanek\/\" rel=\"author\">kszymanek<\/a><\/span><\/div><\/div>\t\t\t<\/div>\n\t\t<\/div>\n\t\t\t\t<div class=\"col-md-3 col-sm-3\">\n\t\t\t<div class=\"item-post post-791 post type-post status-publish format-standard has-post-thumbnail hentry category-archiwum-pm7 category-informacje\">\n\t\t\t\t<div class=\"article-image\"><a class=\"img-post-mobile\" href=\"https:\/\/zsp12.gliwice.pl\/pm7\/blog\/2018\/02\/10\/zebranie-i-konsultacje\/\"><img decoding=\"async\" src=\"https:\/\/zsp12.gliwice.pl\/pm7\/wp-content\/uploads\/sites\/7\/2023\/06\/admin-ajax.jpg\" alt= \"Zebranie i indywidualne spotkania z rodzicami\" title = \"Zebranie i indywidualne spotkania z rodzicami\" \/><\/a><a class=\"img-post\" href=\"https:\/\/zsp12.gliwice.pl\/pm7\/blog\/2018\/02\/10\/zebranie-i-konsultacje\/\"><img decoding=\"async\" src=\"https:\/\/zsp12.gliwice.pl\/pm7\/wp-content\/uploads\/sites\/7\/2023\/06\/admin-ajax-150x150.jpg\" alt= \"Zebranie i indywidualne spotkania z rodzicami\" title = \"Zebranie i indywidualne spotkania z rodzicami\" \/><\/a><\/div><div class=\"article-title-wrapper\"><h5><a href=\"https:\/\/zsp12.gliwice.pl\/pm7\/blog\/2018\/02\/10\/zebranie-i-konsultacje\/\" class=\"article-title\">Zebranie i indywidualne spotkania z rodzicami<\/a><\/h5><div class=\"article-meta\"><span class=\"entry-date\">10 lutego 2018<\/span><span class=\"author vcard\">by <a href=\"https:\/\/zsp12.gliwice.pl\/pm7\/blog\/author\/admin\/\" rel=\"author\">admin<\/a><\/span><\/div><\/div>\t\t\t<\/div>\n\t\t<\/div>\n\t\t\t\t<div class=\"col-md-3 col-sm-3\">\n\t\t\t<div class=\"item-post post-913 post type-post status-publish format-standard has-post-thumbnail hentry category-archiwum-pm7 category-informacje\">\n\t\t\t\t<div class=\"article-image\"><a class=\"img-post-mobile\" href=\"https:\/\/zsp12.gliwice.pl\/pm7\/blog\/2017\/11\/26\/konkurs-rodzinny-moj-przyjaciel-mis-rozstrzygniety\/\"><img decoding=\"async\" src=\"https:\/\/zsp12.gliwice.pl\/pm7\/wp-content\/uploads\/sites\/7\/2018\/03\/Mi\u015b-7.jpg\" alt= \"Konkurs rodzinny M\u00f3j przyjaciel Mi\u015b  rozstrzygni\u0119ty!\" title = \"Konkurs rodzinny M\u00f3j przyjaciel Mi\u015b  rozstrzygni\u0119ty!\" \/><\/a><a class=\"img-post\" href=\"https:\/\/zsp12.gliwice.pl\/pm7\/blog\/2017\/11\/26\/konkurs-rodzinny-moj-przyjaciel-mis-rozstrzygniety\/\"><img decoding=\"async\" src=\"https:\/\/zsp12.gliwice.pl\/pm7\/wp-content\/uploads\/sites\/7\/2018\/03\/Mi\u015b-7-150x150.jpg\" alt= \"Konkurs rodzinny M\u00f3j przyjaciel Mi\u015b  rozstrzygni\u0119ty!\" title = \"Konkurs rodzinny M\u00f3j przyjaciel Mi\u015b  rozstrzygni\u0119ty!\" \/><\/a><\/div><div class=\"article-title-wrapper\"><h5><a href=\"https:\/\/zsp12.gliwice.pl\/pm7\/blog\/2017\/11\/26\/konkurs-rodzinny-moj-przyjaciel-mis-rozstrzygniety\/\" class=\"article-title\">Konkurs rodzinny M\u00f3j przyjaciel Mi\u015b  rozstrzygni\u0119ty!<\/a><\/h5><div class=\"article-meta\"><span class=\"entry-date\">26 listopada 2017<\/span><span class=\"author vcard\">by <a href=\"https:\/\/zsp12.gliwice.pl\/pm7\/blog\/author\/kszymanek\/\" rel=\"author\">kszymanek<\/a><\/span><\/div><\/div>\t\t\t<\/div>\n\t\t<\/div>\n\t\t\t\t<div class=\"col-md-3 col-sm-3\">\n\t\t\t<div class=\"item-post post-857 post type-post status-publish format-standard has-post-thumbnail hentry category-archiwum-pm7 category-informacje\">\n\t\t\t\t<div class=\"article-image\"><a class=\"img-post-mobile\" href=\"https:\/\/zsp12.gliwice.pl\/pm7\/blog\/2017\/10\/01\/dziecko-w-przedszkolu-czyli-co-robia-dzieci-jak-nie-ma-rodzicow\/\"><img decoding=\"async\" src=\"https:\/\/zsp12.gliwice.pl\/pm7\/wp-content\/uploads\/sites\/7\/2023\/06\/admin-ajax.jpg\" alt= \"Dziecko w przedszkolu &#8211; czyli co robi\u0105 dzieci jak nie ma rodzic\u00f3w.\" title = \"Dziecko w przedszkolu &#8211; czyli co robi\u0105 dzieci jak nie ma rodzic\u00f3w.\" \/><\/a><a class=\"img-post\" href=\"https:\/\/zsp12.gliwice.pl\/pm7\/blog\/2017\/10\/01\/dziecko-w-przedszkolu-czyli-co-robia-dzieci-jak-nie-ma-rodzicow\/\"><img decoding=\"async\" src=\"https:\/\/zsp12.gliwice.pl\/pm7\/wp-content\/uploads\/sites\/7\/2023\/06\/admin-ajax-150x150.jpg\" alt= \"Dziecko w przedszkolu &#8211; czyli co robi\u0105 dzieci jak nie ma rodzic\u00f3w.\" title = \"Dziecko w przedszkolu &#8211; czyli co robi\u0105 dzieci jak nie ma rodzic\u00f3w.\" \/><\/a><\/div><div class=\"article-title-wrapper\"><h5><a href=\"https:\/\/zsp12.gliwice.pl\/pm7\/blog\/2017\/10\/01\/dziecko-w-przedszkolu-czyli-co-robia-dzieci-jak-nie-ma-rodzicow\/\" class=\"article-title\">Dziecko w przedszkolu &#8211; czyli co robi\u0105 dzieci jak nie ma rodzic\u00f3w.<\/a><\/h5><div class=\"article-meta\"><span class=\"entry-date\">1 pa\u017adziernika 2017<\/span><span class=\"author vcard\">by <a href=\"https:\/\/zsp12.gliwice.pl\/pm7\/blog\/author\/kszymanek\/\" rel=\"author\">kszymanek<\/a><\/span><\/div><\/div>\t\t\t<\/div>\n\t\t<\/div>\n\t\t<\/div><\/div><\/div><\/div><\/div><\/div><\/div>","protected":false},"excerpt":{"rendered":"","protected":false},"author":1,"featured_media":12152,"parent":0,"menu_order":0,"comment_status":"closed","ping_status":"closed","template":"","meta":{"inline_featured_image":false,"ngg_post_thumbnail":0,"footnotes":""},"class_list":["post-1752","page","type-page","status-publish","has-post-thumbnail","hentry"],"_links":{"self":[{"href":"https:\/\/zsp12.gliwice.pl\/pm7\/wp-json\/wp\/v2\/pages\/1752"}],"collection":[{"href":"https:\/\/zsp12.gliwice.pl\/pm7\/wp-json\/wp\/v2\/pages"}],"about":[{"href":"https:\/\/zsp12.gliwice.pl\/pm7\/wp-json\/wp\/v2\/types\/page"}],"author":[{"embeddable":true,"href":"https:\/\/zsp12.gliwice.pl\/pm7\/wp-json\/wp\/v2\/users\/1"}],"replies":[{"embeddable":true,"href":"https:\/\/zsp12.gliwice.pl\/pm7\/wp-json\/wp\/v2\/comments?post=1752"}],"version-history":[{"count":2,"href":"https:\/\/zsp12.gliwice.pl\/pm7\/wp-json\/wp\/v2\/pages\/1752\/revisions"}],"predecessor-version":[{"id":1754,"href":"https:\/\/zsp12.gliwice.pl\/pm7\/wp-json\/wp\/v2\/pages\/1752\/revisions\/1754"}],"wp:featuredmedia":[{"embeddable":true,"href":"https:\/\/zsp12.gliwice.pl\/pm7\/wp-json\/wp\/v2\/media\/12152"}],"wp:attachment":[{"href":"https:\/\/zsp12.gliwice.pl\/pm7\/wp-json\/wp\/v2\/media?parent=1752"}],"curies":[{"name":"wp","href":"https:\/\/api.w.org\/{rel}","templated":true}]}}