{"id":12753,"date":"2023-06-13T14:21:18","date_gmt":"2023-06-13T12:21:18","guid":{"rendered":"https:\/\/zsp12.gliwice.pl\/pm7\/?page_id=12753"},"modified":"2023-06-13T14:21:18","modified_gmt":"2023-06-13T12:21:18","slug":"archiwum","status":"publish","type":"page","link":"https:\/\/zsp12.gliwice.pl\/pm7\/archiwum\/","title":{"rendered":"Archiwum"},"content":{"rendered":"<div id=\"pl-12753\"  class=\"panel-layout\" ><div id=\"pg-12753-0\"  class=\"panel-grid panel-no-style\" ><div id=\"pgc-12753-0-0\"  class=\"panel-grid-cell\" >\t\t<div class=\"thim-heading heading-left\">\n\t\t\t<h3 class=\"title\">Archiwum<\/h3>\n\t\t\t<p class=\"subtitle\"><\/p>\n\t\t<\/div>\n\t\t<div id=\"panel-12753-0-0-1\" class=\"so-panel widget widget_list-post panel-last-child\" data-index=\"1\" ><div\n\t\t\t\n\t\t\tclass=\"so-widget-list-post so-widget-list-post-default-d75171398898-12753\"\n\t\t\t\n\t\t><div class=\"thim-list-posts style-2\"><div class=\"row\">\t\t<div class=\"col-md-4 col-sm-4\">\n\t\t\t<div class=\"item-post post-793 post type-post status-publish format-standard has-post-thumbnail hentry category-archiwum-pm7 category-wydarzenia\">\n\t\t\t\t<div class=\"article-image\"><a class=\"img-post-mobile\" href=\"https:\/\/zsp12.gliwice.pl\/pm7\/blog\/2018\/01\/21\/bal-przebierancow\/\"><img decoding=\"async\" src=\"https:\/\/zsp12.gliwice.pl\/pm7\/wp-content\/uploads\/sites\/7\/2023\/06\/admin-ajax.jpg\" alt= \"Bal przebiera\u0144c\u00f3w\" title = \"Bal przebiera\u0144c\u00f3w\" \/><\/a><a class=\"img-post\" href=\"https:\/\/zsp12.gliwice.pl\/pm7\/blog\/2018\/01\/21\/bal-przebierancow\/\"><img decoding=\"async\" src=\"https:\/\/zsp12.gliwice.pl\/pm7\/wp-content\/uploads\/sites\/7\/2023\/06\/admin-ajax.jpg\" alt= \"Bal przebiera\u0144c\u00f3w\" title = \"Bal przebiera\u0144c\u00f3w\" \/><\/a><\/div><div class=\"article-title-wrapper\"><h5><a href=\"https:\/\/zsp12.gliwice.pl\/pm7\/blog\/2018\/01\/21\/bal-przebierancow\/\" class=\"article-title\">Bal przebiera\u0144c\u00f3w<\/a><\/h5><\/div>\t\t\t<\/div>\n\t\t<\/div>\n\t\t\t\t<div class=\"col-md-4 col-sm-4\">\n\t\t\t<div class=\"item-post post-1267 post type-post status-publish format-standard has-post-thumbnail hentry category-archiwum-pm7 category-wydarzenia\">\n\t\t\t\t<div class=\"article-image\"><a class=\"img-post-mobile\" href=\"https:\/\/zsp12.gliwice.pl\/pm7\/blog\/2018\/05\/08\/ciekawe-doswiadczenia-chemiczne\/\"><img decoding=\"async\" src=\"https:\/\/zsp12.gliwice.pl\/pm7\/wp-content\/uploads\/sites\/7\/2018\/05\/IMG_6046-Copy-1024x768.jpg\" alt= \"Ciekawe do\u015bwiadczenia chemiczne\" title = \"Ciekawe do\u015bwiadczenia chemiczne\" \/><\/a><a class=\"img-post\" href=\"https:\/\/zsp12.gliwice.pl\/pm7\/blog\/2018\/05\/08\/ciekawe-doswiadczenia-chemiczne\/\"><img decoding=\"async\" src=\"https:\/\/zsp12.gliwice.pl\/pm7\/wp-content\/uploads\/sites\/7\/2018\/05\/IMG_6046-Copy-1024x768.jpg\" alt= \"Ciekawe do\u015bwiadczenia chemiczne\" title = \"Ciekawe do\u015bwiadczenia chemiczne\" \/><\/a><\/div><div class=\"article-title-wrapper\"><h5><a href=\"https:\/\/zsp12.gliwice.pl\/pm7\/blog\/2018\/05\/08\/ciekawe-doswiadczenia-chemiczne\/\" class=\"article-title\">Ciekawe do\u015bwiadczenia chemiczne<\/a><\/h5><\/div>\t\t\t<\/div>\n\t\t<\/div>\n\t\t\t\t<div class=\"col-md-4 col-sm-4\">\n\t\t\t<div class=\"item-post post-1603 post type-post status-publish format-standard has-post-thumbnail hentry category-archiwum-pm7 category-wydarzenia\">\n\t\t\t\t<div class=\"article-image\"><a class=\"img-post-mobile\" href=\"https:\/\/zsp12.gliwice.pl\/pm7\/blog\/2018\/11\/14\/koniczynki-odwiedzily-komisariat\/\"><img decoding=\"async\" src=\"https:\/\/zsp12.gliwice.pl\/pm7\/wp-content\/uploads\/sites\/7\/2018\/11\/20181109_114948-1024x576.jpg\" alt= \"Koniczynki odwiedzi\u0142y komisariat\" title = \"Koniczynki odwiedzi\u0142y komisariat\" \/><\/a><a class=\"img-post\" href=\"https:\/\/zsp12.gliwice.pl\/pm7\/blog\/2018\/11\/14\/koniczynki-odwiedzily-komisariat\/\"><img decoding=\"async\" src=\"https:\/\/zsp12.gliwice.pl\/pm7\/wp-content\/uploads\/sites\/7\/2018\/11\/20181109_114948-1024x576.jpg\" alt= \"Koniczynki odwiedzi\u0142y komisariat\" title = \"Koniczynki odwiedzi\u0142y komisariat\" \/><\/a><\/div><div class=\"article-title-wrapper\"><h5><a href=\"https:\/\/zsp12.gliwice.pl\/pm7\/blog\/2018\/11\/14\/koniczynki-odwiedzily-komisariat\/\" class=\"article-title\">Koniczynki odwiedzi\u0142y komisariat<\/a><\/h5><\/div>\t\t\t<\/div>\n\t\t<\/div>\n\t\t\t\t<div class=\"col-md-4 col-sm-4\">\n\t\t\t<div class=\"item-post post-2030 post type-post status-publish format-standard has-post-thumbnail hentry category-archiwum-pm7 category-informacje\">\n\t\t\t\t<div class=\"article-image\"><a class=\"img-post-mobile\" href=\"https:\/\/zsp12.gliwice.pl\/pm7\/blog\/2019\/02\/26\/2030\/\"><img decoding=\"async\" src=\"https:\/\/zsp12.gliwice.pl\/pm7\/wp-content\/uploads\/sites\/7\/2023\/06\/admin-ajax.jpg\" alt= \"\u00a0\u201e Kropki czar \u2013 odkryte i\u00a0nieodkryte\u00a0talenty mojego\u00a0dziecka&#8221;\" title = \"\u00a0\u201e Kropki czar \u2013 odkryte i\u00a0nieodkryte\u00a0talenty mojego\u00a0dziecka&#8221;\" \/><\/a><a class=\"img-post\" href=\"https:\/\/zsp12.gliwice.pl\/pm7\/blog\/2019\/02\/26\/2030\/\"><img decoding=\"async\" src=\"https:\/\/zsp12.gliwice.pl\/pm7\/wp-content\/uploads\/sites\/7\/2023\/06\/admin-ajax.jpg\" alt= \"\u00a0\u201e Kropki czar \u2013 odkryte i\u00a0nieodkryte\u00a0talenty mojego\u00a0dziecka&#8221;\" title = \"\u00a0\u201e Kropki czar \u2013 odkryte i\u00a0nieodkryte\u00a0talenty mojego\u00a0dziecka&#8221;\" \/><\/a><\/div><div class=\"article-title-wrapper\"><h5><a href=\"https:\/\/zsp12.gliwice.pl\/pm7\/blog\/2019\/02\/26\/2030\/\" class=\"article-title\">\u00a0\u201e Kropki czar \u2013 odkryte i\u00a0nieodkryte\u00a0talenty mojego\u00a0dziecka&#8221;<\/a><\/h5><\/div>\t\t\t<\/div>\n\t\t<\/div>\n\t\t\t\t<div class=\"col-md-4 col-sm-4\">\n\t\t\t<div class=\"item-post post-2511 post type-post status-publish format-standard has-post-thumbnail hentry category-archiwum-pm7 category-informacje\">\n\t\t\t\t<div class=\"article-image\"><a class=\"img-post-mobile\" href=\"https:\/\/zsp12.gliwice.pl\/pm7\/blog\/2019\/09\/30\/obchody-swiatowego-dnia-turystyki-w-gliwicach\/\"><img decoding=\"async\" src=\"https:\/\/zsp12.gliwice.pl\/pm7\/wp-content\/uploads\/sites\/7\/2019\/09\/PLAKAT_2019_-712x1024.jpg\" alt= \"Obchody \u015awiatowego Dnia Turystyki w Gliwicach\" title = \"Obchody \u015awiatowego Dnia Turystyki w Gliwicach\" \/><\/a><a class=\"img-post\" href=\"https:\/\/zsp12.gliwice.pl\/pm7\/blog\/2019\/09\/30\/obchody-swiatowego-dnia-turystyki-w-gliwicach\/\"><img decoding=\"async\" src=\"https:\/\/zsp12.gliwice.pl\/pm7\/wp-content\/uploads\/sites\/7\/2019\/09\/PLAKAT_2019_-712x1024.jpg\" alt= \"Obchody \u015awiatowego Dnia Turystyki w Gliwicach\" title = \"Obchody \u015awiatowego Dnia Turystyki w Gliwicach\" \/><\/a><\/div><div class=\"article-title-wrapper\"><h5><a href=\"https:\/\/zsp12.gliwice.pl\/pm7\/blog\/2019\/09\/30\/obchody-swiatowego-dnia-turystyki-w-gliwicach\/\" class=\"article-title\">Obchody \u015awiatowego Dnia Turystyki w Gliwicach<\/a><\/h5><\/div>\t\t\t<\/div>\n\t\t<\/div>\n\t\t\t\t<div class=\"col-md-4 col-sm-4\">\n\t\t\t<div class=\"item-post post-3207 post type-post status-publish format-standard has-post-thumbnail hentry category-archiwum-pm7 category-informacje\">\n\t\t\t\t<div class=\"article-image\"><a class=\"img-post-mobile\" href=\"https:\/\/zsp12.gliwice.pl\/pm7\/blog\/2020\/02\/18\/3207\/\"><img decoding=\"async\" src=\"https:\/\/zsp12.gliwice.pl\/pm7\/wp-content\/uploads\/sites\/7\/2020\/02\/plakat-1-1024x724.jpg\" alt= \"Europejski Dzie\u0144 Logopedy\" title = \"Europejski Dzie\u0144 Logopedy\" \/><\/a><a class=\"img-post\" href=\"https:\/\/zsp12.gliwice.pl\/pm7\/blog\/2020\/02\/18\/3207\/\"><img decoding=\"async\" src=\"https:\/\/zsp12.gliwice.pl\/pm7\/wp-content\/uploads\/sites\/7\/2020\/02\/plakat-1-1024x724.jpg\" alt= \"Europejski Dzie\u0144 Logopedy\" title = \"Europejski Dzie\u0144 Logopedy\" \/><\/a><\/div><div class=\"article-title-wrapper\"><h5><a href=\"https:\/\/zsp12.gliwice.pl\/pm7\/blog\/2020\/02\/18\/3207\/\" class=\"article-title\">Europejski Dzie\u0144 Logopedy<\/a><\/h5><\/div>\t\t\t<\/div>\n\t\t<\/div>\n\t\t\t\t<div class=\"col-md-4 col-sm-4\">\n\t\t\t<div class=\"item-post post-3531 post type-post status-publish format-standard has-post-thumbnail hentry category-archiwum-pm7 category-informacje\">\n\t\t\t\t<div class=\"article-image\"><a class=\"img-post-mobile\" href=\"https:\/\/zsp12.gliwice.pl\/pm7\/blog\/2020\/05\/06\/3531\/\"><img decoding=\"async\" src=\"https:\/\/zsp12.gliwice.pl\/pm7\/wp-content\/uploads\/sites\/7\/2020\/05\/Na-wniosek-dyrektora-Zespo\u0142u-Szkolno-1-1024x386.jpg\" alt= \"\" title = \"\" \/><\/a><a class=\"img-post\" href=\"https:\/\/zsp12.gliwice.pl\/pm7\/blog\/2020\/05\/06\/3531\/\"><img decoding=\"async\" src=\"https:\/\/zsp12.gliwice.pl\/pm7\/wp-content\/uploads\/sites\/7\/2020\/05\/Na-wniosek-dyrektora-Zespo\u0142u-Szkolno-1-1024x386.jpg\" alt= \"\" title = \"\" \/><\/a><\/div><div class=\"article-title-wrapper\"><h5><a href=\"https:\/\/zsp12.gliwice.pl\/pm7\/blog\/2020\/05\/06\/3531\/\" class=\"article-title\"><\/a><\/h5><\/div>\t\t\t<\/div>\n\t\t<\/div>\n\t\t\t\t<div class=\"col-md-4 col-sm-4\">\n\t\t\t<div class=\"item-post post-4010 post type-post status-publish format-standard has-post-thumbnail hentry category-archiwum-pm7 category-wydarzenia\">\n\t\t\t\t<div class=\"article-image\"><a class=\"img-post-mobile\" href=\"https:\/\/zsp12.gliwice.pl\/pm7\/blog\/2020\/11\/13\/miedzynarodowy-dzien-postaci-z-bajek\/\"><img decoding=\"async\" src=\"https:\/\/zsp12.gliwice.pl\/pm7\/wp-content\/uploads\/sites\/7\/2020\/11\/855E26A8-A5E5-45D1-9AD2-80C5BF9C8298-1024x768.jpeg\" alt= \"Mi\u0119dzynarodowy Dzie\u0144 Postaci z Bajek\" title = \"Mi\u0119dzynarodowy Dzie\u0144 Postaci z Bajek\" \/><\/a><a class=\"img-post\" href=\"https:\/\/zsp12.gliwice.pl\/pm7\/blog\/2020\/11\/13\/miedzynarodowy-dzien-postaci-z-bajek\/\"><img decoding=\"async\" src=\"https:\/\/zsp12.gliwice.pl\/pm7\/wp-content\/uploads\/sites\/7\/2020\/11\/855E26A8-A5E5-45D1-9AD2-80C5BF9C8298-1024x768.jpeg\" alt= \"Mi\u0119dzynarodowy Dzie\u0144 Postaci z Bajek\" title = \"Mi\u0119dzynarodowy Dzie\u0144 Postaci z Bajek\" \/><\/a><\/div><div class=\"article-title-wrapper\"><h5><a href=\"https:\/\/zsp12.gliwice.pl\/pm7\/blog\/2020\/11\/13\/miedzynarodowy-dzien-postaci-z-bajek\/\" class=\"article-title\">Mi\u0119dzynarodowy Dzie\u0144 Postaci z Bajek<\/a><\/h5><\/div>\t\t\t<\/div>\n\t\t<\/div>\n\t\t\t\t<div class=\"col-md-4 col-sm-4\">\n\t\t\t<div class=\"item-post post-5040 post type-post status-publish format-standard has-post-thumbnail hentry category-archiwum-pm7 category-informacje\">\n\t\t\t\t<div class=\"article-image\"><a class=\"img-post-mobile\" href=\"https:\/\/zsp12.gliwice.pl\/pm7\/blog\/2021\/03\/23\/wyroznienie-dla-koniczynek\/\"><img decoding=\"async\" src=\"https:\/\/zsp12.gliwice.pl\/pm7\/wp-content\/uploads\/sites\/7\/2021\/03\/1616256170113-1024x766.jpg\" alt= \"Wyr\u00f3\u017cnienie dla Koniczynek\" title = \"Wyr\u00f3\u017cnienie dla Koniczynek\" \/><\/a><a class=\"img-post\" href=\"https:\/\/zsp12.gliwice.pl\/pm7\/blog\/2021\/03\/23\/wyroznienie-dla-koniczynek\/\"><img decoding=\"async\" src=\"https:\/\/zsp12.gliwice.pl\/pm7\/wp-content\/uploads\/sites\/7\/2021\/03\/1616256170113-1024x766.jpg\" alt= \"Wyr\u00f3\u017cnienie dla Koniczynek\" title = \"Wyr\u00f3\u017cnienie dla Koniczynek\" \/><\/a><\/div><div class=\"article-title-wrapper\"><h5><a href=\"https:\/\/zsp12.gliwice.pl\/pm7\/blog\/2021\/03\/23\/wyroznienie-dla-koniczynek\/\" class=\"article-title\">Wyr\u00f3\u017cnienie dla Koniczynek<\/a><\/h5><\/div>\t\t\t<\/div>\n\t\t<\/div>\n\t\t\t\t<div class=\"col-md-4 col-sm-4\">\n\t\t\t<div class=\"item-post post-5745 post type-post status-publish format-standard has-post-thumbnail hentry category-archiwum-pm7 category-informacje\">\n\t\t\t\t<div class=\"article-image\"><a class=\"img-post-mobile\" href=\"https:\/\/zsp12.gliwice.pl\/pm7\/blog\/2021\/10\/14\/zyczenia-z-okazji-dnia-edukacji-narodowej\/\"><img decoding=\"async\" src=\"https:\/\/zsp12.gliwice.pl\/pm7\/wp-content\/uploads\/sites\/7\/2021\/10\/Kolorowy-Kwiaty-Uroczy-i-Przyjazny-Og\u00f3lny-\u017byczenia-Dzie\u0144-Matki-Plakat-1-683x1024.jpg\" alt= \"\u017byczenia z okazji Dnia Edukacji Narodowej\" title = \"\u017byczenia z okazji Dnia Edukacji Narodowej\" \/><\/a><a class=\"img-post\" href=\"https:\/\/zsp12.gliwice.pl\/pm7\/blog\/2021\/10\/14\/zyczenia-z-okazji-dnia-edukacji-narodowej\/\"><img decoding=\"async\" src=\"https:\/\/zsp12.gliwice.pl\/pm7\/wp-content\/uploads\/sites\/7\/2021\/10\/Kolorowy-Kwiaty-Uroczy-i-Przyjazny-Og\u00f3lny-\u017byczenia-Dzie\u0144-Matki-Plakat-1-683x1024.jpg\" alt= \"\u017byczenia z okazji Dnia Edukacji Narodowej\" title = \"\u017byczenia z okazji Dnia Edukacji Narodowej\" \/><\/a><\/div><div class=\"article-title-wrapper\"><h5><a href=\"https:\/\/zsp12.gliwice.pl\/pm7\/blog\/2021\/10\/14\/zyczenia-z-okazji-dnia-edukacji-narodowej\/\" class=\"article-title\">\u017byczenia z okazji Dnia Edukacji Narodowej<\/a><\/h5><\/div>\t\t\t<\/div>\n\t\t<\/div>\n\t\t\t\t<div class=\"col-md-4 col-sm-4\">\n\t\t\t<div class=\"item-post post-7019 post type-post status-publish format-standard has-post-thumbnail hentry category-archiwum-pm7 category-wydarzenia\">\n\t\t\t\t<div class=\"article-image\"><a class=\"img-post-mobile\" href=\"https:\/\/zsp12.gliwice.pl\/pm7\/blog\/2022\/03\/21\/wiosna-w-pm7-2\/\"><img decoding=\"async\" src=\"https:\/\/zsp12.gliwice.pl\/pm7\/wp-content\/uploads\/sites\/7\/2022\/03\/IMG-20220321-WA0024-769x1024.jpg\" alt= \"Wiosna w PM7\" title = \"Wiosna w PM7\" \/><\/a><a class=\"img-post\" href=\"https:\/\/zsp12.gliwice.pl\/pm7\/blog\/2022\/03\/21\/wiosna-w-pm7-2\/\"><img decoding=\"async\" src=\"https:\/\/zsp12.gliwice.pl\/pm7\/wp-content\/uploads\/sites\/7\/2022\/03\/IMG-20220321-WA0024-769x1024.jpg\" alt= \"Wiosna w PM7\" title = \"Wiosna w PM7\" \/><\/a><\/div><div class=\"article-title-wrapper\"><h5><a href=\"https:\/\/zsp12.gliwice.pl\/pm7\/blog\/2022\/03\/21\/wiosna-w-pm7-2\/\" class=\"article-title\">Wiosna w PM7<\/a><\/h5><\/div>\t\t\t<\/div>\n\t\t<\/div>\n\t\t\t\t<div class=\"col-md-4 col-sm-4\">\n\t\t\t<div class=\"item-post post-8822 post type-post status-publish format-standard has-post-thumbnail hentry category-archiwum-pm7 category-informacje\">\n\t\t\t\t<div class=\"article-image\"><a class=\"img-post-mobile\" href=\"https:\/\/zsp12.gliwice.pl\/pm7\/blog\/2022\/08\/23\/zebranie-dla-rodzicow-dzieci-przyjetych-tarnogorska\/\"><img decoding=\"async\" src=\"https:\/\/zsp12.gliwice.pl\/pm7\/wp-content\/uploads\/sites\/7\/2022\/08\/dsc0069.jpg\" alt= \"Zebranie dla rodzic\u00f3w dzieci nowoprzyj\u0119tych do Przedszkola Miejskiego nr 7 w ZSP nr 12 przy ul. Tarnog\u00f3rskiej 107\" title = \"Zebranie dla rodzic\u00f3w dzieci nowoprzyj\u0119tych do Przedszkola Miejskiego nr 7 w ZSP nr 12 przy ul. Tarnog\u00f3rskiej 107\" \/><\/a><a class=\"img-post\" href=\"https:\/\/zsp12.gliwice.pl\/pm7\/blog\/2022\/08\/23\/zebranie-dla-rodzicow-dzieci-przyjetych-tarnogorska\/\"><img decoding=\"async\" src=\"https:\/\/zsp12.gliwice.pl\/pm7\/wp-content\/uploads\/sites\/7\/2022\/08\/dsc0069.jpg\" alt= \"Zebranie dla rodzic\u00f3w dzieci nowoprzyj\u0119tych do Przedszkola Miejskiego nr 7 w ZSP nr 12 przy ul. Tarnog\u00f3rskiej 107\" title = \"Zebranie dla rodzic\u00f3w dzieci nowoprzyj\u0119tych do Przedszkola Miejskiego nr 7 w ZSP nr 12 przy ul. Tarnog\u00f3rskiej 107\" \/><\/a><\/div><div class=\"article-title-wrapper\"><h5><a href=\"https:\/\/zsp12.gliwice.pl\/pm7\/blog\/2022\/08\/23\/zebranie-dla-rodzicow-dzieci-przyjetych-tarnogorska\/\" class=\"article-title\">Zebranie dla rodzic\u00f3w dzieci nowoprzyj\u0119tych do Przedszkola Miejskiego nr 7 w ZSP nr 12 przy ul. Tarnog\u00f3rskiej 107<\/a><\/h5><\/div>\t\t\t<\/div>\n\t\t<\/div>\n\t\t\t\t<div class=\"col-md-4 col-sm-4\">\n\t\t\t<div class=\"item-post post-9837 post type-post status-publish format-standard has-post-thumbnail hentry category-archiwum-pm7 category-wydarzenia\">\n\t\t\t\t<div class=\"article-image\"><a class=\"img-post-mobile\" href=\"https:\/\/zsp12.gliwice.pl\/pm7\/blog\/2022\/11\/29\/teatr-improwizacji-w-pm7\/\"><img decoding=\"async\" src=\"https:\/\/zsp12.gliwice.pl\/pm7\/wp-content\/uploads\/sites\/7\/2022\/11\/20221123_093732-Copy-768x1024.jpg\" alt= \"Teatr improwizacji w PM7\" title = \"Teatr improwizacji w PM7\" \/><\/a><a class=\"img-post\" href=\"https:\/\/zsp12.gliwice.pl\/pm7\/blog\/2022\/11\/29\/teatr-improwizacji-w-pm7\/\"><img decoding=\"async\" src=\"https:\/\/zsp12.gliwice.pl\/pm7\/wp-content\/uploads\/sites\/7\/2022\/11\/20221123_093732-Copy-768x1024.jpg\" alt= \"Teatr improwizacji w PM7\" title = \"Teatr improwizacji w PM7\" \/><\/a><\/div><div class=\"article-title-wrapper\"><h5><a href=\"https:\/\/zsp12.gliwice.pl\/pm7\/blog\/2022\/11\/29\/teatr-improwizacji-w-pm7\/\" class=\"article-title\">Teatr improwizacji w PM7<\/a><\/h5><\/div>\t\t\t<\/div>\n\t\t<\/div>\n\t\t\t\t<div class=\"col-md-4 col-sm-4\">\n\t\t\t<div class=\"item-post post-11298 post type-post status-publish format-standard has-post-thumbnail hentry category-archiwum-pm7 category-wydarzenia\">\n\t\t\t\t<div class=\"article-image\"><a class=\"img-post-mobile\" href=\"https:\/\/zsp12.gliwice.pl\/pm7\/blog\/2023\/04\/04\/szukanie-jajek-w-pm7\/\"><img decoding=\"async\" src=\"https:\/\/zsp12.gliwice.pl\/pm7\/wp-content\/uploads\/sites\/7\/2023\/04\/20230404_104157-Copy-1024x768.jpg\" alt= \"Szukanie jajek w PM7\" title = \"Szukanie jajek w PM7\" \/><\/a><a class=\"img-post\" href=\"https:\/\/zsp12.gliwice.pl\/pm7\/blog\/2023\/04\/04\/szukanie-jajek-w-pm7\/\"><img decoding=\"async\" src=\"https:\/\/zsp12.gliwice.pl\/pm7\/wp-content\/uploads\/sites\/7\/2023\/04\/20230404_104157-Copy-1024x768.jpg\" alt= \"Szukanie jajek w PM7\" title = \"Szukanie jajek w PM7\" \/><\/a><\/div><div class=\"article-title-wrapper\"><h5><a href=\"https:\/\/zsp12.gliwice.pl\/pm7\/blog\/2023\/04\/04\/szukanie-jajek-w-pm7\/\" class=\"article-title\">Szukanie jajek w PM7<\/a><\/h5><\/div>\t\t\t<\/div>\n\t\t<\/div>\n\t\t\t\t<div class=\"col-md-4 col-sm-4\">\n\t\t\t<div class=\"item-post post-12646 post type-post status-publish format-standard has-post-thumbnail hentry category-archiwum-pm7 category-wydarzenia\">\n\t\t\t\t<div class=\"article-image\"><a class=\"img-post-mobile\" href=\"https:\/\/zsp12.gliwice.pl\/pm7\/blog\/2023\/06\/07\/projekt-klub-zdrowego-przedszkolaka\/\"><img decoding=\"async\" src=\"https:\/\/zsp12.gliwice.pl\/pm7\/wp-content\/uploads\/sites\/7\/2023\/06\/Zal.1_Modul-I_Prezentacja_Wirusoochrona-1-01-Copy-1024x576.jpg\" alt= \"Projekt &#8220;Klub Zdrowego Przedszkolaka&#8221;\" title = \"Projekt &#8220;Klub Zdrowego Przedszkolaka&#8221;\" \/><\/a><a class=\"img-post\" href=\"https:\/\/zsp12.gliwice.pl\/pm7\/blog\/2023\/06\/07\/projekt-klub-zdrowego-przedszkolaka\/\"><img decoding=\"async\" src=\"https:\/\/zsp12.gliwice.pl\/pm7\/wp-content\/uploads\/sites\/7\/2023\/06\/Zal.1_Modul-I_Prezentacja_Wirusoochrona-1-01-Copy-1024x576.jpg\" alt= \"Projekt &#8220;Klub Zdrowego Przedszkolaka&#8221;\" title = \"Projekt &#8220;Klub Zdrowego Przedszkolaka&#8221;\" \/><\/a><\/div><div class=\"article-title-wrapper\"><h5><a href=\"https:\/\/zsp12.gliwice.pl\/pm7\/blog\/2023\/06\/07\/projekt-klub-zdrowego-przedszkolaka\/\" class=\"article-title\">Projekt &#8220;Klub Zdrowego Przedszkolaka&#8221;<\/a><\/h5><\/div>\t\t\t<\/div>\n\t\t<\/div>\n\t\t\t\t<div class=\"col-md-4 col-sm-4\">\n\t\t\t<div class=\"item-post post-14208 post type-post status-publish format-standard has-post-thumbnail hentry category-archiwum-pm7 category-wydarzenia\">\n\t\t\t\t<div class=\"article-image\"><a class=\"img-post-mobile\" href=\"https:\/\/zsp12.gliwice.pl\/pm7\/blog\/2023\/11\/13\/dzien-niespodleglosci-w-pm7\/\"><img decoding=\"async\" src=\"https:\/\/zsp12.gliwice.pl\/pm7\/wp-content\/uploads\/sites\/7\/2023\/11\/1699739602624-Copy-1024x450.jpg\" alt= \"Dzie\u0144 Niepodleg\u0142o\u015bci w PM7\" title = \"Dzie\u0144 Niepodleg\u0142o\u015bci w PM7\" \/><\/a><a class=\"img-post\" href=\"https:\/\/zsp12.gliwice.pl\/pm7\/blog\/2023\/11\/13\/dzien-niespodleglosci-w-pm7\/\"><img decoding=\"async\" src=\"https:\/\/zsp12.gliwice.pl\/pm7\/wp-content\/uploads\/sites\/7\/2023\/11\/1699739602624-Copy-1024x450.jpg\" alt= \"Dzie\u0144 Niepodleg\u0142o\u015bci w PM7\" title = \"Dzie\u0144 Niepodleg\u0142o\u015bci w PM7\" \/><\/a><\/div><div class=\"article-title-wrapper\"><h5><a href=\"https:\/\/zsp12.gliwice.pl\/pm7\/blog\/2023\/11\/13\/dzien-niespodleglosci-w-pm7\/\" class=\"article-title\">Dzie\u0144 Niepodleg\u0142o\u015bci w PM7<\/a><\/h5><\/div>\t\t\t<\/div>\n\t\t<\/div>\n\t\t\t\t<div class=\"col-md-4 col-sm-4\">\n\t\t\t<div class=\"item-post post-15393 post type-post status-publish format-standard has-post-thumbnail hentry category-archiwum-pm7 category-informacje\">\n\t\t\t\t<div class=\"article-image\"><a class=\"img-post-mobile\" href=\"https:\/\/zsp12.gliwice.pl\/pm7\/blog\/2024\/02\/26\/dzien-babci-i-dziadka-w-pm7\/\"><img decoding=\"async\" src=\"https:\/\/zsp12.gliwice.pl\/pm7\/wp-content\/uploads\/sites\/7\/2024\/02\/IMG-20240222-WA0009-Copy-1024x765.jpg\" alt= \"Dzie\u0144 Babci i Dziadka w PM7\" title = \"Dzie\u0144 Babci i Dziadka w PM7\" \/><\/a><a class=\"img-post\" href=\"https:\/\/zsp12.gliwice.pl\/pm7\/blog\/2024\/02\/26\/dzien-babci-i-dziadka-w-pm7\/\"><img decoding=\"async\" src=\"https:\/\/zsp12.gliwice.pl\/pm7\/wp-content\/uploads\/sites\/7\/2024\/02\/IMG-20240222-WA0009-Copy-1024x765.jpg\" alt= \"Dzie\u0144 Babci i Dziadka w PM7\" title = \"Dzie\u0144 Babci i Dziadka w PM7\" \/><\/a><\/div><div class=\"article-title-wrapper\"><h5><a href=\"https:\/\/zsp12.gliwice.pl\/pm7\/blog\/2024\/02\/26\/dzien-babci-i-dziadka-w-pm7\/\" class=\"article-title\">Dzie\u0144 Babci i Dziadka w PM7<\/a><\/h5><\/div>\t\t\t<\/div>\n\t\t<\/div>\n\t\t\t\t<div class=\"col-md-4 col-sm-4\">\n\t\t\t<div class=\"item-post post-899 post type-post status-publish format-standard has-post-thumbnail hentry category-archiwum-pm7 category-wydarzenia\">\n\t\t\t\t<div class=\"article-image\"><a class=\"img-post-mobile\" href=\"https:\/\/zsp12.gliwice.pl\/pm7\/blog\/2017\/10\/26\/park-sensoryczny-dotknij-dzwieku\/\"><img decoding=\"async\" src=\"https:\/\/zsp12.gliwice.pl\/pm7\/wp-content\/uploads\/sites\/7\/2018\/03\/Park_PM7.jpg\" alt= \"PARK SENSORYCZNY- DOTKNIJ D\u0179WI\u0118KU !!!\" title = \"PARK SENSORYCZNY- DOTKNIJ D\u0179WI\u0118KU !!!\" \/><\/a><a class=\"img-post\" href=\"https:\/\/zsp12.gliwice.pl\/pm7\/blog\/2017\/10\/26\/park-sensoryczny-dotknij-dzwieku\/\"><img decoding=\"async\" src=\"https:\/\/zsp12.gliwice.pl\/pm7\/wp-content\/uploads\/sites\/7\/2018\/03\/Park_PM7.jpg\" alt= \"PARK SENSORYCZNY- DOTKNIJ D\u0179WI\u0118KU !!!\" title = \"PARK SENSORYCZNY- DOTKNIJ D\u0179WI\u0118KU !!!\" \/><\/a><\/div><div class=\"article-title-wrapper\"><h5><a href=\"https:\/\/zsp12.gliwice.pl\/pm7\/blog\/2017\/10\/26\/park-sensoryczny-dotknij-dzwieku\/\" class=\"article-title\">PARK SENSORYCZNY- DOTKNIJ D\u0179WI\u0118KU !!!<\/a><\/h5><\/div>\t\t\t<\/div>\n\t\t<\/div>\n\t\t\t\t<div class=\"col-md-4 col-sm-4\">\n\t\t\t<div class=\"item-post post-1348 post type-post status-publish format-standard has-post-thumbnail hentry category-archiwum-pm7 category-wydarzenia\">\n\t\t\t\t<div class=\"article-image\"><a class=\"img-post-mobile\" href=\"https:\/\/zsp12.gliwice.pl\/pm7\/blog\/2018\/05\/30\/v-wojewodzki-festiwal-tancow-europy\/\"><img decoding=\"async\" src=\"https:\/\/zsp12.gliwice.pl\/pm7\/wp-content\/uploads\/sites\/7\/2018\/05\/640x480_crop_thumb_6062582301527695850.jpg\" alt= \"V WOJEW\u00d3DZKI FESTIWAL TA\u0143C\u00d3W EUROPY\" title = \"V WOJEW\u00d3DZKI FESTIWAL TA\u0143C\u00d3W EUROPY\" \/><\/a><a class=\"img-post\" href=\"https:\/\/zsp12.gliwice.pl\/pm7\/blog\/2018\/05\/30\/v-wojewodzki-festiwal-tancow-europy\/\"><img decoding=\"async\" src=\"https:\/\/zsp12.gliwice.pl\/pm7\/wp-content\/uploads\/sites\/7\/2018\/05\/640x480_crop_thumb_6062582301527695850.jpg\" alt= \"V WOJEW\u00d3DZKI FESTIWAL TA\u0143C\u00d3W EUROPY\" title = \"V WOJEW\u00d3DZKI FESTIWAL TA\u0143C\u00d3W EUROPY\" \/><\/a><\/div><div class=\"article-title-wrapper\"><h5><a href=\"https:\/\/zsp12.gliwice.pl\/pm7\/blog\/2018\/05\/30\/v-wojewodzki-festiwal-tancow-europy\/\" class=\"article-title\">V WOJEW\u00d3DZKI FESTIWAL TA\u0143C\u00d3W EUROPY<\/a><\/h5><\/div>\t\t\t<\/div>\n\t\t<\/div>\n\t\t\t\t<div class=\"col-md-4 col-sm-4\">\n\t\t\t<div class=\"item-post post-1736 post type-post status-publish format-standard has-post-thumbnail hentry category-archiwum-pm7 category-informacje\">\n\t\t\t\t<div class=\"article-image\"><a class=\"img-post-mobile\" href=\"https:\/\/zsp12.gliwice.pl\/pm7\/blog\/2018\/11\/28\/nowy-catering\/\"><img decoding=\"async\" src=\"https:\/\/zsp12.gliwice.pl\/pm7\/wp-content\/uploads\/sites\/7\/2018\/11\/PM7_GLW_plakat-1-724x1024.jpg\" alt= \"Nowy catering\" title = \"Nowy catering\" \/><\/a><a class=\"img-post\" href=\"https:\/\/zsp12.gliwice.pl\/pm7\/blog\/2018\/11\/28\/nowy-catering\/\"><img decoding=\"async\" src=\"https:\/\/zsp12.gliwice.pl\/pm7\/wp-content\/uploads\/sites\/7\/2018\/11\/PM7_GLW_plakat-1-724x1024.jpg\" alt= \"Nowy catering\" title = \"Nowy catering\" \/><\/a><\/div><div class=\"article-title-wrapper\"><h5><a href=\"https:\/\/zsp12.gliwice.pl\/pm7\/blog\/2018\/11\/28\/nowy-catering\/\" class=\"article-title\">Nowy catering<\/a><\/h5><\/div>\t\t\t<\/div>\n\t\t<\/div>\n\t\t\t\t<div class=\"col-md-4 col-sm-4\">\n\t\t\t<div class=\"item-post post-2347 post type-post status-publish format-standard has-post-thumbnail hentry category-archiwum-pm7 category-informacje\">\n\t\t\t\t<div class=\"article-image\"><a class=\"img-post-mobile\" href=\"https:\/\/zsp12.gliwice.pl\/pm7\/blog\/2019\/05\/27\/swieto-wolnosci-i-solidarnosci\/\"><img decoding=\"async\" src=\"https:\/\/zsp12.gliwice.pl\/pm7\/wp-content\/uploads\/sites\/7\/2019\/05\/Imprezy_czerwiec_internet-723x1024.png\" alt= \"Dzie\u0144 Dziecka w Gliwicach &#8211; \u015awi\u0119to Wolno\u015bci i Solidarno\u015bci\" title = \"Dzie\u0144 Dziecka w Gliwicach &#8211; \u015awi\u0119to Wolno\u015bci i Solidarno\u015bci\" \/><\/a><a class=\"img-post\" href=\"https:\/\/zsp12.gliwice.pl\/pm7\/blog\/2019\/05\/27\/swieto-wolnosci-i-solidarnosci\/\"><img decoding=\"async\" src=\"https:\/\/zsp12.gliwice.pl\/pm7\/wp-content\/uploads\/sites\/7\/2019\/05\/Imprezy_czerwiec_internet-723x1024.png\" alt= \"Dzie\u0144 Dziecka w Gliwicach &#8211; \u015awi\u0119to Wolno\u015bci i Solidarno\u015bci\" title = \"Dzie\u0144 Dziecka w Gliwicach &#8211; \u015awi\u0119to Wolno\u015bci i Solidarno\u015bci\" \/><\/a><\/div><div class=\"article-title-wrapper\"><h5><a href=\"https:\/\/zsp12.gliwice.pl\/pm7\/blog\/2019\/05\/27\/swieto-wolnosci-i-solidarnosci\/\" class=\"article-title\">Dzie\u0144 Dziecka w Gliwicach &#8211; \u015awi\u0119to Wolno\u015bci i Solidarno\u015bci<\/a><\/h5><\/div>\t\t\t<\/div>\n\t\t<\/div>\n\t\t\t\t<div class=\"col-md-4 col-sm-4\">\n\t\t\t<div class=\"item-post post-2790 post type-post status-publish format-standard has-post-thumbnail hentry category-archiwum-pm7 category-wydarzenia\">\n\t\t\t\t<div class=\"article-image\"><a class=\"img-post-mobile\" href=\"https:\/\/zsp12.gliwice.pl\/pm7\/blog\/2019\/10\/28\/gala-podsumowujaca-projekt-tropiciele-slaskich-tradycji\/\"><img decoding=\"async\" src=\"https:\/\/zsp12.gliwice.pl\/pm7\/wp-content\/uploads\/sites\/7\/2019\/11\/IMG_20191026_110355-1024x768.jpg\" alt= \"Gala podsumowuj\u0105ca projekt \u201cTropiciele \u015al\u0105skich Tradycji\u201d\" title = \"Gala podsumowuj\u0105ca projekt \u201cTropiciele \u015al\u0105skich Tradycji\u201d\" \/><\/a><a class=\"img-post\" href=\"https:\/\/zsp12.gliwice.pl\/pm7\/blog\/2019\/10\/28\/gala-podsumowujaca-projekt-tropiciele-slaskich-tradycji\/\"><img decoding=\"async\" src=\"https:\/\/zsp12.gliwice.pl\/pm7\/wp-content\/uploads\/sites\/7\/2019\/11\/IMG_20191026_110355-1024x768.jpg\" alt= \"Gala podsumowuj\u0105ca projekt \u201cTropiciele \u015al\u0105skich Tradycji\u201d\" title = \"Gala podsumowuj\u0105ca projekt \u201cTropiciele \u015al\u0105skich Tradycji\u201d\" \/><\/a><\/div><div class=\"article-title-wrapper\"><h5><a href=\"https:\/\/zsp12.gliwice.pl\/pm7\/blog\/2019\/10\/28\/gala-podsumowujaca-projekt-tropiciele-slaskich-tradycji\/\" class=\"article-title\">Gala podsumowuj\u0105ca projekt \u201cTropiciele \u015al\u0105skich Tradycji\u201d<\/a><\/h5><\/div>\t\t\t<\/div>\n\t\t<\/div>\n\t\t\t\t<div class=\"col-md-4 col-sm-4\">\n\t\t\t<div class=\"item-post post-3430 post type-post status-publish format-standard has-post-thumbnail hentry category-archiwum-pm7 category-informacje\">\n\t\t\t\t<div class=\"article-image\"><a class=\"img-post-mobile\" href=\"https:\/\/zsp12.gliwice.pl\/pm7\/blog\/2020\/03\/13\/3430\/\"><img decoding=\"async\" src=\"https:\/\/zsp12.gliwice.pl\/pm7\/wp-content\/uploads\/sites\/7\/2020\/03\/W-ZWI\u0104ZKU-Z-ZALECENIEM-MINISTRA-ZDROWIA-1-1024x724.jpg\" alt= \"\" title = \"\" \/><\/a><a class=\"img-post\" href=\"https:\/\/zsp12.gliwice.pl\/pm7\/blog\/2020\/03\/13\/3430\/\"><img decoding=\"async\" src=\"https:\/\/zsp12.gliwice.pl\/pm7\/wp-content\/uploads\/sites\/7\/2020\/03\/W-ZWI\u0104ZKU-Z-ZALECENIEM-MINISTRA-ZDROWIA-1-1024x724.jpg\" alt= \"\" title = \"\" \/><\/a><\/div><div class=\"article-title-wrapper\"><h5><a href=\"https:\/\/zsp12.gliwice.pl\/pm7\/blog\/2020\/03\/13\/3430\/\" class=\"article-title\"><\/a><\/h5><\/div>\t\t\t<\/div>\n\t\t<\/div>\n\t\t\t\t<div class=\"col-md-4 col-sm-4\">\n\t\t\t<div class=\"item-post post-3589 post type-post status-publish format-standard has-post-thumbnail hentry category-archiwum-pm7 category-wydarzenia\">\n\t\t\t\t<div class=\"article-image\"><a class=\"img-post-mobile\" href=\"https:\/\/zsp12.gliwice.pl\/pm7\/blog\/2020\/06\/29\/zajecia-opiekuncze-w-budynku-szkoly-dla-przedszkolakow\/\"><img decoding=\"async\" src=\"https:\/\/zsp12.gliwice.pl\/pm7\/wp-content\/uploads\/sites\/7\/2020\/06\/IMG_20200616_110349-1024x768.jpg\" alt= \"Zaj\u0119cia opieku\u0144cze w budynku szko\u0142y dla przedszkolak\u00f3w\" title = \"Zaj\u0119cia opieku\u0144cze w budynku szko\u0142y dla przedszkolak\u00f3w\" \/><\/a><a class=\"img-post\" href=\"https:\/\/zsp12.gliwice.pl\/pm7\/blog\/2020\/06\/29\/zajecia-opiekuncze-w-budynku-szkoly-dla-przedszkolakow\/\"><img decoding=\"async\" src=\"https:\/\/zsp12.gliwice.pl\/pm7\/wp-content\/uploads\/sites\/7\/2020\/06\/IMG_20200616_110349-1024x768.jpg\" alt= \"Zaj\u0119cia opieku\u0144cze w budynku szko\u0142y dla przedszkolak\u00f3w\" title = \"Zaj\u0119cia opieku\u0144cze w budynku szko\u0142y dla przedszkolak\u00f3w\" \/><\/a><\/div><div class=\"article-title-wrapper\"><h5><a href=\"https:\/\/zsp12.gliwice.pl\/pm7\/blog\/2020\/06\/29\/zajecia-opiekuncze-w-budynku-szkoly-dla-przedszkolakow\/\" class=\"article-title\">Zaj\u0119cia opieku\u0144cze w budynku szko\u0142y dla przedszkolak\u00f3w<\/a><\/h5><\/div>\t\t\t<\/div>\n\t\t<\/div>\n\t\t\t\t<div class=\"col-md-4 col-sm-4\">\n\t\t\t<div class=\"item-post post-4298 post type-post status-publish format-standard has-post-thumbnail hentry category-archiwum-pm7 category-informacje\">\n\t\t\t\t<div class=\"article-image\"><a class=\"img-post-mobile\" href=\"https:\/\/zsp12.gliwice.pl\/pm7\/blog\/2020\/12\/09\/70lece-przedszkola-miejskiego-nr-7\/\"><img decoding=\"async\" src=\"https:\/\/zsp12.gliwice.pl\/pm7\/wp-content\/uploads\/sites\/7\/2020\/12\/123769-OQ7GDM-681-1024x1024.jpg\" alt= \"70lece Przedszkola Miejskiego nr 7\" title = \"70lece Przedszkola Miejskiego nr 7\" \/><\/a><a class=\"img-post\" href=\"https:\/\/zsp12.gliwice.pl\/pm7\/blog\/2020\/12\/09\/70lece-przedszkola-miejskiego-nr-7\/\"><img decoding=\"async\" src=\"https:\/\/zsp12.gliwice.pl\/pm7\/wp-content\/uploads\/sites\/7\/2020\/12\/123769-OQ7GDM-681-1024x1024.jpg\" alt= \"70lece Przedszkola Miejskiego nr 7\" title = \"70lece Przedszkola Miejskiego nr 7\" \/><\/a><\/div><div class=\"article-title-wrapper\"><h5><a href=\"https:\/\/zsp12.gliwice.pl\/pm7\/blog\/2020\/12\/09\/70lece-przedszkola-miejskiego-nr-7\/\" class=\"article-title\">70lece Przedszkola Miejskiego nr 7<\/a><\/h5><\/div>\t\t\t<\/div>\n\t\t<\/div>\n\t\t\t\t<div class=\"col-md-4 col-sm-4\">\n\t\t\t<div class=\"item-post post-5215 post type-post status-publish format-standard has-post-thumbnail hentry category-archiwum-pm7 category-informacje\">\n\t\t\t\t<div class=\"article-image\"><a class=\"img-post-mobile\" href=\"https:\/\/zsp12.gliwice.pl\/pm7\/blog\/2021\/04\/26\/wyniki-rekrutacji-2021-2022\/\"><img decoding=\"async\" src=\"https:\/\/zsp12.gliwice.pl\/pm7\/wp-content\/uploads\/sites\/7\/2020\/03\/road-sign-663368_640.jpg\" alt= \"Wyniki rekrutacji 2021\/2022\" title = \"Wyniki rekrutacji 2021\/2022\" \/><\/a><a class=\"img-post\" href=\"https:\/\/zsp12.gliwice.pl\/pm7\/blog\/2021\/04\/26\/wyniki-rekrutacji-2021-2022\/\"><img decoding=\"async\" src=\"https:\/\/zsp12.gliwice.pl\/pm7\/wp-content\/uploads\/sites\/7\/2020\/03\/road-sign-663368_640.jpg\" alt= \"Wyniki rekrutacji 2021\/2022\" title = \"Wyniki rekrutacji 2021\/2022\" \/><\/a><\/div><div class=\"article-title-wrapper\"><h5><a href=\"https:\/\/zsp12.gliwice.pl\/pm7\/blog\/2021\/04\/26\/wyniki-rekrutacji-2021-2022\/\" class=\"article-title\">Wyniki rekrutacji 2021\/2022<\/a><\/h5><\/div>\t\t\t<\/div>\n\t\t<\/div>\n\t\t\t\t<div class=\"col-md-4 col-sm-4\">\n\t\t\t<div class=\"item-post post-5923 post type-post status-publish format-standard has-post-thumbnail hentry category-archiwum-pm7 category-wydarzenia\">\n\t\t\t\t<div class=\"article-image\"><a class=\"img-post-mobile\" href=\"https:\/\/zsp12.gliwice.pl\/pm7\/blog\/2021\/11\/22\/5923\/\"><img decoding=\"async\" src=\"https:\/\/zsp12.gliwice.pl\/pm7\/wp-content\/uploads\/sites\/7\/2021\/11\/IMG-20211122-WA0038-1024x768.jpg\" alt= \"\u201eDZIECKA PRAWA TO WA\u017bNA SPRAWA, DZIECKA PRAWA TO NIE ZABAWA\u201d\" title = \"\u201eDZIECKA PRAWA TO WA\u017bNA SPRAWA, DZIECKA PRAWA TO NIE ZABAWA\u201d\" \/><\/a><a class=\"img-post\" href=\"https:\/\/zsp12.gliwice.pl\/pm7\/blog\/2021\/11\/22\/5923\/\"><img decoding=\"async\" src=\"https:\/\/zsp12.gliwice.pl\/pm7\/wp-content\/uploads\/sites\/7\/2021\/11\/IMG-20211122-WA0038-1024x768.jpg\" alt= \"\u201eDZIECKA PRAWA TO WA\u017bNA SPRAWA, DZIECKA PRAWA TO NIE ZABAWA\u201d\" title = \"\u201eDZIECKA PRAWA TO WA\u017bNA SPRAWA, DZIECKA PRAWA TO NIE ZABAWA\u201d\" \/><\/a><\/div><div class=\"article-title-wrapper\"><h5><a href=\"https:\/\/zsp12.gliwice.pl\/pm7\/blog\/2021\/11\/22\/5923\/\" class=\"article-title\">\u201eDZIECKA PRAWA TO WA\u017bNA SPRAWA, DZIECKA PRAWA TO NIE ZABAWA\u201d<\/a><\/h5><\/div>\t\t\t<\/div>\n\t\t<\/div>\n\t\t\t\t<div class=\"col-md-4 col-sm-4\">\n\t\t\t<div class=\"item-post post-7595 post type-post status-publish format-standard has-post-thumbnail hentry category-archiwum-pm7 category-informacje\">\n\t\t\t\t<div class=\"article-image\"><a class=\"img-post-mobile\" href=\"https:\/\/zsp12.gliwice.pl\/pm7\/blog\/2022\/04\/19\/procedury-postepowania-w-zsp-nr-12-w-gliwicach-po-wprowadzeniu-przez-prezesa-rady-ministrow-stopni-alarmowych-i-stopni-alarmowych-crp\/\"><img decoding=\"async\" src=\"https:\/\/zsp12.gliwice.pl\/pm7\/wp-content\/uploads\/sites\/7\/2023\/06\/admin-ajax.jpg\" alt= \"PROCEDURY POST\u0118POWANIA W ZSP NR 12 W GLIWICACH PO WPROWADZENIU PRZEZ PREZESA RADY MINISTR\u00d3W STOPNI ALARMOWYCH I STOPNI ALARMOWYCH CRP\" title = \"PROCEDURY POST\u0118POWANIA W ZSP NR 12 W GLIWICACH PO WPROWADZENIU PRZEZ PREZESA RADY MINISTR\u00d3W STOPNI ALARMOWYCH I STOPNI ALARMOWYCH CRP\" \/><\/a><a class=\"img-post\" href=\"https:\/\/zsp12.gliwice.pl\/pm7\/blog\/2022\/04\/19\/procedury-postepowania-w-zsp-nr-12-w-gliwicach-po-wprowadzeniu-przez-prezesa-rady-ministrow-stopni-alarmowych-i-stopni-alarmowych-crp\/\"><img decoding=\"async\" src=\"https:\/\/zsp12.gliwice.pl\/pm7\/wp-content\/uploads\/sites\/7\/2023\/06\/admin-ajax.jpg\" alt= \"PROCEDURY POST\u0118POWANIA W ZSP NR 12 W GLIWICACH PO WPROWADZENIU PRZEZ PREZESA RADY MINISTR\u00d3W STOPNI ALARMOWYCH I STOPNI ALARMOWYCH CRP\" title = \"PROCEDURY POST\u0118POWANIA W ZSP NR 12 W GLIWICACH PO WPROWADZENIU PRZEZ PREZESA RADY MINISTR\u00d3W STOPNI ALARMOWYCH I STOPNI ALARMOWYCH CRP\" \/><\/a><\/div><div class=\"article-title-wrapper\"><h5><a href=\"https:\/\/zsp12.gliwice.pl\/pm7\/blog\/2022\/04\/19\/procedury-postepowania-w-zsp-nr-12-w-gliwicach-po-wprowadzeniu-przez-prezesa-rady-ministrow-stopni-alarmowych-i-stopni-alarmowych-crp\/\" class=\"article-title\">PROCEDURY POST\u0118POWANIA W ZSP NR 12 W GLIWICACH PO WPROWADZENIU PRZEZ PREZESA RADY MINISTR\u00d3W STOPNI ALARMOWYCH I STOPNI ALARMOWYCH CRP<\/a><\/h5><\/div>\t\t\t<\/div>\n\t\t<\/div>\n\t\t\t\t<div class=\"col-md-4 col-sm-4\">\n\t\t\t<div class=\"item-post post-9235 post type-post status-publish format-standard has-post-thumbnail hentry category-archiwum-pm7 category-wydarzenia\">\n\t\t\t\t<div class=\"article-image\"><a class=\"img-post-mobile\" href=\"https:\/\/zsp12.gliwice.pl\/pm7\/blog\/2022\/10\/10\/owocowy-zawrot-glowy-podroznikow\/\"><img decoding=\"async\" src=\"https:\/\/zsp12.gliwice.pl\/pm7\/wp-content\/uploads\/sites\/7\/2022\/10\/1665062021819-Copy-1024x766.jpg\" alt= \"OWOCOWY ZAWR\u00d3T G\u0141OWY\u00a0PODR\u00d3\u017bNIK\u00d3W\" title = \"OWOCOWY ZAWR\u00d3T G\u0141OWY\u00a0PODR\u00d3\u017bNIK\u00d3W\" \/><\/a><a class=\"img-post\" href=\"https:\/\/zsp12.gliwice.pl\/pm7\/blog\/2022\/10\/10\/owocowy-zawrot-glowy-podroznikow\/\"><img decoding=\"async\" src=\"https:\/\/zsp12.gliwice.pl\/pm7\/wp-content\/uploads\/sites\/7\/2022\/10\/1665062021819-Copy-1024x766.jpg\" alt= \"OWOCOWY ZAWR\u00d3T G\u0141OWY\u00a0PODR\u00d3\u017bNIK\u00d3W\" title = \"OWOCOWY ZAWR\u00d3T G\u0141OWY\u00a0PODR\u00d3\u017bNIK\u00d3W\" \/><\/a><\/div><div class=\"article-title-wrapper\"><h5><a href=\"https:\/\/zsp12.gliwice.pl\/pm7\/blog\/2022\/10\/10\/owocowy-zawrot-glowy-podroznikow\/\" class=\"article-title\">OWOCOWY ZAWR\u00d3T G\u0141OWY\u00a0PODR\u00d3\u017bNIK\u00d3W<\/a><\/h5><\/div>\t\t\t<\/div>\n\t\t<\/div>\n\t\t\t\t<div class=\"col-md-4 col-sm-4\">\n\t\t\t<div class=\"item-post post-10597 post type-post status-publish format-standard has-post-thumbnail hentry category-archiwum-pm7 category-wydarzenia\">\n\t\t\t\t<div class=\"article-image\"><a class=\"img-post-mobile\" href=\"https:\/\/zsp12.gliwice.pl\/pm7\/blog\/2023\/02\/19\/walentynki-w-grupie-podroznikow-i-bystrzakow\/\"><img decoding=\"async\" src=\"https:\/\/zsp12.gliwice.pl\/pm7\/wp-content\/uploads\/sites\/7\/2023\/02\/1676794685541_Easy-Resize.com_-1024x766.jpg\" alt= \"Walentynki w grupie Podr\u00f3\u017cnik\u00f3w i Bystrzak\u00f3w\" title = \"Walentynki w grupie Podr\u00f3\u017cnik\u00f3w i Bystrzak\u00f3w\" \/><\/a><a class=\"img-post\" href=\"https:\/\/zsp12.gliwice.pl\/pm7\/blog\/2023\/02\/19\/walentynki-w-grupie-podroznikow-i-bystrzakow\/\"><img decoding=\"async\" src=\"https:\/\/zsp12.gliwice.pl\/pm7\/wp-content\/uploads\/sites\/7\/2023\/02\/1676794685541_Easy-Resize.com_-1024x766.jpg\" alt= \"Walentynki w grupie Podr\u00f3\u017cnik\u00f3w i Bystrzak\u00f3w\" title = \"Walentynki w grupie Podr\u00f3\u017cnik\u00f3w i Bystrzak\u00f3w\" \/><\/a><\/div><div class=\"article-title-wrapper\"><h5><a href=\"https:\/\/zsp12.gliwice.pl\/pm7\/blog\/2023\/02\/19\/walentynki-w-grupie-podroznikow-i-bystrzakow\/\" class=\"article-title\">Walentynki w grupie Podr\u00f3\u017cnik\u00f3w i Bystrzak\u00f3w<\/a><\/h5><\/div>\t\t\t<\/div>\n\t\t<\/div>\n\t\t\t\t<div class=\"col-md-4 col-sm-4\">\n\t\t\t<div class=\"item-post post-11797 post type-post status-publish format-standard has-post-thumbnail hentry category-archiwum-pm7 category-wydarzenia\">\n\t\t\t\t<div class=\"article-image\"><a class=\"img-post-mobile\" href=\"https:\/\/zsp12.gliwice.pl\/pm7\/blog\/2023\/03\/17\/ogolnopolski-projekt-edukacyjny-zabawa-sztuka-kartonowa-pomoc\/\"><img decoding=\"async\" src=\"https:\/\/zsp12.gliwice.pl\/pm7\/wp-content\/uploads\/sites\/7\/2023\/05\/20230317_110309-Copy-1024x768.jpg\" alt= \"Og\u00f3lnopolski Projekt Edukacyjny \u201cZabawa Sztuk\u0105\u201d \u2013 Kartonowa pomoc\" title = \"Og\u00f3lnopolski Projekt Edukacyjny \u201cZabawa Sztuk\u0105\u201d \u2013 Kartonowa pomoc\" \/><\/a><a class=\"img-post\" href=\"https:\/\/zsp12.gliwice.pl\/pm7\/blog\/2023\/03\/17\/ogolnopolski-projekt-edukacyjny-zabawa-sztuka-kartonowa-pomoc\/\"><img decoding=\"async\" src=\"https:\/\/zsp12.gliwice.pl\/pm7\/wp-content\/uploads\/sites\/7\/2023\/05\/20230317_110309-Copy-1024x768.jpg\" alt= \"Og\u00f3lnopolski Projekt Edukacyjny \u201cZabawa Sztuk\u0105\u201d \u2013 Kartonowa pomoc\" title = \"Og\u00f3lnopolski Projekt Edukacyjny \u201cZabawa Sztuk\u0105\u201d \u2013 Kartonowa pomoc\" \/><\/a><\/div><div class=\"article-title-wrapper\"><h5><a href=\"https:\/\/zsp12.gliwice.pl\/pm7\/blog\/2023\/03\/17\/ogolnopolski-projekt-edukacyjny-zabawa-sztuka-kartonowa-pomoc\/\" class=\"article-title\">Og\u00f3lnopolski Projekt Edukacyjny \u201cZabawa Sztuk\u0105\u201d \u2013 Kartonowa pomoc<\/a><\/h5><\/div>\t\t\t<\/div>\n\t\t<\/div>\n\t\t\t\t<div class=\"col-md-4 col-sm-4\">\n\t\t\t<div class=\"item-post post-13421 post type-post status-publish format-standard has-post-thumbnail hentry category-archiwum-pm7 category-informacje category-wydarzenia\">\n\t\t\t\t<div class=\"article-image\"><a class=\"img-post-mobile\" href=\"https:\/\/zsp12.gliwice.pl\/pm7\/blog\/2023\/09\/13\/przedszkolaki-na-stadionie\/\"><img decoding=\"async\" src=\"https:\/\/zsp12.gliwice.pl\/pm7\/wp-content\/uploads\/sites\/7\/2023\/09\/1694605243171-Copy-1024x768.jpg\" alt= \"Przedszkolaki na stadionie\" title = \"Przedszkolaki na stadionie\" \/><\/a><a class=\"img-post\" href=\"https:\/\/zsp12.gliwice.pl\/pm7\/blog\/2023\/09\/13\/przedszkolaki-na-stadionie\/\"><img decoding=\"async\" src=\"https:\/\/zsp12.gliwice.pl\/pm7\/wp-content\/uploads\/sites\/7\/2023\/09\/1694605243171-Copy-1024x768.jpg\" alt= \"Przedszkolaki na stadionie\" title = \"Przedszkolaki na stadionie\" \/><\/a><\/div><div class=\"article-title-wrapper\"><h5><a href=\"https:\/\/zsp12.gliwice.pl\/pm7\/blog\/2023\/09\/13\/przedszkolaki-na-stadionie\/\" class=\"article-title\">Przedszkolaki na stadionie<\/a><\/h5><\/div>\t\t\t<\/div>\n\t\t<\/div>\n\t\t\t\t<div class=\"col-md-4 col-sm-4\">\n\t\t\t<div class=\"item-post post-14715 post type-post status-publish format-standard has-post-thumbnail hentry category-archiwum-pm7 category-wydarzenia\">\n\t\t\t\t<div class=\"article-image\"><a class=\"img-post-mobile\" href=\"https:\/\/zsp12.gliwice.pl\/pm7\/blog\/2023\/12\/06\/odwiedziny-sztolni-luizy-w-zabrzu\/\"><img decoding=\"async\" src=\"https:\/\/zsp12.gliwice.pl\/pm7\/wp-content\/uploads\/sites\/7\/2023\/12\/20231205_104435-Copy-1024x768.jpg\" alt= \"Odwiedziny Sztolni Luizy w Zabrzu\" title = \"Odwiedziny Sztolni Luizy w Zabrzu\" \/><\/a><a class=\"img-post\" href=\"https:\/\/zsp12.gliwice.pl\/pm7\/blog\/2023\/12\/06\/odwiedziny-sztolni-luizy-w-zabrzu\/\"><img decoding=\"async\" src=\"https:\/\/zsp12.gliwice.pl\/pm7\/wp-content\/uploads\/sites\/7\/2023\/12\/20231205_104435-Copy-1024x768.jpg\" alt= \"Odwiedziny Sztolni Luizy w Zabrzu\" title = \"Odwiedziny Sztolni Luizy w Zabrzu\" \/><\/a><\/div><div class=\"article-title-wrapper\"><h5><a href=\"https:\/\/zsp12.gliwice.pl\/pm7\/blog\/2023\/12\/06\/odwiedziny-sztolni-luizy-w-zabrzu\/\" class=\"article-title\">Odwiedziny Sztolni Luizy w Zabrzu<\/a><\/h5><\/div>\t\t\t<\/div>\n\t\t<\/div>\n\t\t\t\t<div class=\"col-md-4 col-sm-4\">\n\t\t\t<div class=\"item-post post-15741 post type-post status-publish format-standard has-post-thumbnail hentry category-archiwum-pm7 category-wydarzenia\">\n\t\t\t\t<div class=\"article-image\"><a class=\"img-post-mobile\" href=\"https:\/\/zsp12.gliwice.pl\/pm7\/blog\/2024\/03\/25\/15741\/\"><img decoding=\"async\" src=\"https:\/\/zsp12.gliwice.pl\/pm7\/wp-content\/uploads\/sites\/7\/2024\/03\/IMG20240323145827-Copy-1024x768.jpg\" alt= \"Odkrywcy i Gliwicka Akademia Zdrowia Dzieci\" title = \"Odkrywcy i Gliwicka Akademia Zdrowia Dzieci\" \/><\/a><a class=\"img-post\" href=\"https:\/\/zsp12.gliwice.pl\/pm7\/blog\/2024\/03\/25\/15741\/\"><img decoding=\"async\" src=\"https:\/\/zsp12.gliwice.pl\/pm7\/wp-content\/uploads\/sites\/7\/2024\/03\/IMG20240323145827-Copy-1024x768.jpg\" alt= \"Odkrywcy i Gliwicka Akademia Zdrowia Dzieci\" title = \"Odkrywcy i Gliwicka Akademia Zdrowia Dzieci\" \/><\/a><\/div><div class=\"article-title-wrapper\"><h5><a href=\"https:\/\/zsp12.gliwice.pl\/pm7\/blog\/2024\/03\/25\/15741\/\" class=\"article-title\">Odkrywcy i Gliwicka Akademia Zdrowia Dzieci<\/a><\/h5><\/div>\t\t\t<\/div>\n\t\t<\/div>\n\t\t\t\t<div class=\"col-md-4 col-sm-4\">\n\t\t\t<div class=\"item-post post-1185 post type-post status-publish format-standard has-post-thumbnail hentry category-archiwum-pm7 category-wydarzenia\">\n\t\t\t\t<div class=\"article-image\"><a class=\"img-post-mobile\" href=\"https:\/\/zsp12.gliwice.pl\/pm7\/blog\/2018\/03\/03\/zajecia-teatralne\/\"><img decoding=\"async\" src=\"https:\/\/zsp12.gliwice.pl\/pm7\/wp-content\/uploads\/sites\/7\/2018\/04\/3-1024x768.jpg\" alt= \"Zaj\u0119cia teatralne\" title = \"Zaj\u0119cia teatralne\" \/><\/a><a class=\"img-post\" href=\"https:\/\/zsp12.gliwice.pl\/pm7\/blog\/2018\/03\/03\/zajecia-teatralne\/\"><img decoding=\"async\" src=\"https:\/\/zsp12.gliwice.pl\/pm7\/wp-content\/uploads\/sites\/7\/2018\/04\/3-1024x768.jpg\" alt= \"Zaj\u0119cia teatralne\" title = \"Zaj\u0119cia teatralne\" \/><\/a><\/div><div class=\"article-title-wrapper\"><h5><a href=\"https:\/\/zsp12.gliwice.pl\/pm7\/blog\/2018\/03\/03\/zajecia-teatralne\/\" class=\"article-title\">Zaj\u0119cia teatralne<\/a><\/h5><\/div>\t\t\t<\/div>\n\t\t<\/div>\n\t\t\t\t<div class=\"col-md-4 col-sm-4\">\n\t\t\t<div class=\"item-post post-1467 post type-post status-publish format-standard has-post-thumbnail hentry category-archiwum-pm7 category-informacje\">\n\t\t\t\t<div class=\"article-image\"><a class=\"img-post-mobile\" href=\"https:\/\/zsp12.gliwice.pl\/pm7\/blog\/2018\/10\/23\/grzybobranie-informacja\/\"><img decoding=\"async\" src=\"https:\/\/zsp12.gliwice.pl\/pm7\/wp-content\/uploads\/sites\/7\/2018\/10\/GRZYBY_broszura_A5_24_09-1-722x1024.jpg\" alt= \"Grzybobranie &#8211; informacja\" title = \"Grzybobranie &#8211; informacja\" \/><\/a><a class=\"img-post\" href=\"https:\/\/zsp12.gliwice.pl\/pm7\/blog\/2018\/10\/23\/grzybobranie-informacja\/\"><img decoding=\"async\" src=\"https:\/\/zsp12.gliwice.pl\/pm7\/wp-content\/uploads\/sites\/7\/2018\/10\/GRZYBY_broszura_A5_24_09-1-722x1024.jpg\" alt= \"Grzybobranie &#8211; informacja\" title = \"Grzybobranie &#8211; informacja\" \/><\/a><\/div><div class=\"article-title-wrapper\"><h5><a href=\"https:\/\/zsp12.gliwice.pl\/pm7\/blog\/2018\/10\/23\/grzybobranie-informacja\/\" class=\"article-title\">Grzybobranie &#8211; informacja<\/a><\/h5><\/div>\t\t\t<\/div>\n\t\t<\/div>\n\t\t\t\t<div class=\"col-md-4 col-sm-4\">\n\t\t\t<div class=\"item-post post-1885 post type-post status-publish format-standard has-post-thumbnail hentry category-archiwum-pm7 category-informacje\">\n\t\t\t\t<div class=\"article-image\"><a class=\"img-post-mobile\" href=\"https:\/\/zsp12.gliwice.pl\/pm7\/blog\/2018\/12\/12\/podsumowanie-zbiorki-bilonu-w-ramach-akcji-ile-wazy-sw-mikolaj\/\"><img decoding=\"async\" src=\"https:\/\/zsp12.gliwice.pl\/pm7\/wp-content\/uploads\/sites\/7\/2018\/12\/CCI19122018-730x1024.jpg\" alt= \"PODSUMOWANIE ZBI\u00d3RKI BILONU W RAMACH AKCJI \u201eILE WA\u017bY \u015aW. MIKO\u0141AJ\u201d\" title = \"PODSUMOWANIE ZBI\u00d3RKI BILONU W RAMACH AKCJI \u201eILE WA\u017bY \u015aW. MIKO\u0141AJ\u201d\" \/><\/a><a class=\"img-post\" href=\"https:\/\/zsp12.gliwice.pl\/pm7\/blog\/2018\/12\/12\/podsumowanie-zbiorki-bilonu-w-ramach-akcji-ile-wazy-sw-mikolaj\/\"><img decoding=\"async\" src=\"https:\/\/zsp12.gliwice.pl\/pm7\/wp-content\/uploads\/sites\/7\/2018\/12\/CCI19122018-730x1024.jpg\" alt= \"PODSUMOWANIE ZBI\u00d3RKI BILONU W RAMACH AKCJI \u201eILE WA\u017bY \u015aW. MIKO\u0141AJ\u201d\" title = \"PODSUMOWANIE ZBI\u00d3RKI BILONU W RAMACH AKCJI \u201eILE WA\u017bY \u015aW. MIKO\u0141AJ\u201d\" \/><\/a><\/div><div class=\"article-title-wrapper\"><h5><a href=\"https:\/\/zsp12.gliwice.pl\/pm7\/blog\/2018\/12\/12\/podsumowanie-zbiorki-bilonu-w-ramach-akcji-ile-wazy-sw-mikolaj\/\" class=\"article-title\">PODSUMOWANIE ZBI\u00d3RKI BILONU W RAMACH AKCJI \u201eILE WA\u017bY \u015aW. MIKO\u0141AJ\u201d<\/a><\/h5><\/div>\t\t\t<\/div>\n\t\t<\/div>\n\t\t\t\t<div class=\"col-md-4 col-sm-4\">\n\t\t\t<div class=\"item-post post-2420 post type-post status-publish format-standard has-post-thumbnail hentry category-archiwum-pm7 category-wydarzenia\">\n\t\t\t\t<div class=\"article-image\"><a class=\"img-post-mobile\" href=\"https:\/\/zsp12.gliwice.pl\/pm7\/blog\/2019\/06\/18\/odkrywcy-a-v-spartakiada-przedszkolaka\/\"><img decoding=\"async\" src=\"https:\/\/zsp12.gliwice.pl\/pm7\/wp-content\/uploads\/sites\/7\/2019\/06\/IMG-20190615-WA0001-1024x768.jpg\" alt= \"Odkrywcy a V Spartakiada Przedszkolaka\" title = \"Odkrywcy a V Spartakiada Przedszkolaka\" \/><\/a><a class=\"img-post\" href=\"https:\/\/zsp12.gliwice.pl\/pm7\/blog\/2019\/06\/18\/odkrywcy-a-v-spartakiada-przedszkolaka\/\"><img decoding=\"async\" src=\"https:\/\/zsp12.gliwice.pl\/pm7\/wp-content\/uploads\/sites\/7\/2019\/06\/IMG-20190615-WA0001-1024x768.jpg\" alt= \"Odkrywcy a V Spartakiada Przedszkolaka\" title = \"Odkrywcy a V Spartakiada Przedszkolaka\" \/><\/a><\/div><div class=\"article-title-wrapper\"><h5><a href=\"https:\/\/zsp12.gliwice.pl\/pm7\/blog\/2019\/06\/18\/odkrywcy-a-v-spartakiada-przedszkolaka\/\" class=\"article-title\">Odkrywcy a V Spartakiada Przedszkolaka<\/a><\/h5><\/div>\t\t\t<\/div>\n\t\t<\/div>\n\t\t\t\t<div class=\"col-md-4 col-sm-4\">\n\t\t\t<div class=\"item-post post-2937 post type-post status-publish format-standard has-post-thumbnail hentry category-archiwum-pm7 category-wydarzenia\">\n\t\t\t\t<div class=\"article-image\"><a class=\"img-post-mobile\" href=\"https:\/\/zsp12.gliwice.pl\/pm7\/blog\/2019\/12\/10\/wycieczka-do-muzeum-ognia-w-zorach\/\"><img decoding=\"async\" src=\"https:\/\/zsp12.gliwice.pl\/pm7\/wp-content\/uploads\/sites\/7\/2019\/12\/IMG-20191215-WA0005-1024x768.jpg\" alt= \"Wycieczka do Muzeum Ognia w \u017borach\" title = \"Wycieczka do Muzeum Ognia w \u017borach\" \/><\/a><a class=\"img-post\" href=\"https:\/\/zsp12.gliwice.pl\/pm7\/blog\/2019\/12\/10\/wycieczka-do-muzeum-ognia-w-zorach\/\"><img decoding=\"async\" src=\"https:\/\/zsp12.gliwice.pl\/pm7\/wp-content\/uploads\/sites\/7\/2019\/12\/IMG-20191215-WA0005-1024x768.jpg\" alt= \"Wycieczka do Muzeum Ognia w \u017borach\" title = \"Wycieczka do Muzeum Ognia w \u017borach\" \/><\/a><\/div><div class=\"article-title-wrapper\"><h5><a href=\"https:\/\/zsp12.gliwice.pl\/pm7\/blog\/2019\/12\/10\/wycieczka-do-muzeum-ognia-w-zorach\/\" class=\"article-title\">Wycieczka do Muzeum Ognia w \u017borach<\/a><\/h5><\/div>\t\t\t<\/div>\n\t\t<\/div>\n\t\t\t\t<div class=\"col-md-4 col-sm-4\">\n\t\t\t<div class=\"item-post post-3490 post type-post status-publish format-standard has-post-thumbnail hentry category-archiwum-pm7 category-informacje\">\n\t\t\t\t<div class=\"article-image\"><a class=\"img-post-mobile\" href=\"https:\/\/zsp12.gliwice.pl\/pm7\/blog\/2020\/04\/06\/bezplatna-profesjonalna-pomoc-psychologiczna-dla-kazdego\/\"><img decoding=\"async\" src=\"https:\/\/zsp12.gliwice.pl\/pm7\/wp-content\/uploads\/sites\/7\/2023\/06\/admin-ajax.jpg\" alt= \"Bezp\u0142atna, profesjonalna pomoc psychologiczna dla ka\u017cdego\" title = \"Bezp\u0142atna, profesjonalna pomoc psychologiczna dla ka\u017cdego\" \/><\/a><a class=\"img-post\" href=\"https:\/\/zsp12.gliwice.pl\/pm7\/blog\/2020\/04\/06\/bezplatna-profesjonalna-pomoc-psychologiczna-dla-kazdego\/\"><img decoding=\"async\" src=\"https:\/\/zsp12.gliwice.pl\/pm7\/wp-content\/uploads\/sites\/7\/2023\/06\/admin-ajax.jpg\" alt= \"Bezp\u0142atna, profesjonalna pomoc psychologiczna dla ka\u017cdego\" title = \"Bezp\u0142atna, profesjonalna pomoc psychologiczna dla ka\u017cdego\" \/><\/a><\/div><div class=\"article-title-wrapper\"><h5><a href=\"https:\/\/zsp12.gliwice.pl\/pm7\/blog\/2020\/04\/06\/bezplatna-profesjonalna-pomoc-psychologiczna-dla-kazdego\/\" class=\"article-title\">Bezp\u0142atna, profesjonalna pomoc psychologiczna dla ka\u017cdego<\/a><\/h5><\/div>\t\t\t<\/div>\n\t\t<\/div>\n\t\t\t\t<div class=\"col-md-4 col-sm-4\">\n\t\t\t<div class=\"item-post post-3769 post type-post status-publish format-standard has-post-thumbnail hentry category-archiwum-pm7 category-informacje\">\n\t\t\t\t<div class=\"article-image\"><a class=\"img-post-mobile\" href=\"https:\/\/zsp12.gliwice.pl\/pm7\/blog\/2020\/09\/15\/industriada-2020\/\"><img decoding=\"async\" src=\"https:\/\/zsp12.gliwice.pl\/pm7\/wp-content\/uploads\/sites\/7\/2020\/09\/Industriada_2020_Gliwice-712x1024.jpg\" alt= \"INDUSTRIADA 2020\" title = \"INDUSTRIADA 2020\" \/><\/a><a class=\"img-post\" href=\"https:\/\/zsp12.gliwice.pl\/pm7\/blog\/2020\/09\/15\/industriada-2020\/\"><img decoding=\"async\" src=\"https:\/\/zsp12.gliwice.pl\/pm7\/wp-content\/uploads\/sites\/7\/2020\/09\/Industriada_2020_Gliwice-712x1024.jpg\" alt= \"INDUSTRIADA 2020\" title = \"INDUSTRIADA 2020\" \/><\/a><\/div><div class=\"article-title-wrapper\"><h5><a href=\"https:\/\/zsp12.gliwice.pl\/pm7\/blog\/2020\/09\/15\/industriada-2020\/\" class=\"article-title\">INDUSTRIADA 2020<\/a><\/h5><\/div>\t\t\t<\/div>\n\t\t<\/div>\n\t\t\t\t<div class=\"col-md-4 col-sm-4\">\n\t\t\t<div class=\"item-post post-4783 post type-post status-publish format-standard has-post-thumbnail hentry category-archiwum-pm7 category-informacje\">\n\t\t\t\t<div class=\"article-image\"><a class=\"img-post-mobile\" href=\"https:\/\/zsp12.gliwice.pl\/pm7\/blog\/2021\/03\/01\/europejski-dzien-logopedy\/\"><img decoding=\"async\" src=\"https:\/\/zsp12.gliwice.pl\/pm7\/wp-content\/uploads\/sites\/7\/2021\/03\/3840-1-1024x724.jpg\" alt= \"Europejski Dzie\u0144 Logopedy\" title = \"Europejski Dzie\u0144 Logopedy\" \/><\/a><a class=\"img-post\" href=\"https:\/\/zsp12.gliwice.pl\/pm7\/blog\/2021\/03\/01\/europejski-dzien-logopedy\/\"><img decoding=\"async\" src=\"https:\/\/zsp12.gliwice.pl\/pm7\/wp-content\/uploads\/sites\/7\/2021\/03\/3840-1-1024x724.jpg\" alt= \"Europejski Dzie\u0144 Logopedy\" title = \"Europejski Dzie\u0144 Logopedy\" \/><\/a><\/div><div class=\"article-title-wrapper\"><h5><a href=\"https:\/\/zsp12.gliwice.pl\/pm7\/blog\/2021\/03\/01\/europejski-dzien-logopedy\/\" class=\"article-title\">Europejski Dzie\u0144 Logopedy<\/a><\/h5><\/div>\t\t\t<\/div>\n\t\t<\/div>\n\t\t\t\t<div class=\"col-md-4 col-sm-4\">\n\t\t\t<div class=\"item-post post-5489 post type-post status-publish format-standard has-post-thumbnail hentry category-archiwum-pm7 category-wydarzenia\">\n\t\t\t\t<div class=\"article-image\"><a class=\"img-post-mobile\" href=\"https:\/\/zsp12.gliwice.pl\/pm7\/blog\/2021\/07\/01\/pozegnanie-przedszkola-w-grupie-koniczynek\/\"><img decoding=\"async\" src=\"https:\/\/zsp12.gliwice.pl\/pm7\/wp-content\/uploads\/sites\/7\/2021\/07\/3-1024x707.jpg\" alt= \"PO\u017bEGNANIE PRZEDSZKOLA W GRUPIE \u201eKONICZYNEK\u201d\" title = \"PO\u017bEGNANIE PRZEDSZKOLA W GRUPIE \u201eKONICZYNEK\u201d\" \/><\/a><a class=\"img-post\" href=\"https:\/\/zsp12.gliwice.pl\/pm7\/blog\/2021\/07\/01\/pozegnanie-przedszkola-w-grupie-koniczynek\/\"><img decoding=\"async\" src=\"https:\/\/zsp12.gliwice.pl\/pm7\/wp-content\/uploads\/sites\/7\/2021\/07\/3-1024x707.jpg\" alt= \"PO\u017bEGNANIE PRZEDSZKOLA W GRUPIE \u201eKONICZYNEK\u201d\" title = \"PO\u017bEGNANIE PRZEDSZKOLA W GRUPIE \u201eKONICZYNEK\u201d\" \/><\/a><\/div><div class=\"article-title-wrapper\"><h5><a href=\"https:\/\/zsp12.gliwice.pl\/pm7\/blog\/2021\/07\/01\/pozegnanie-przedszkola-w-grupie-koniczynek\/\" class=\"article-title\">PO\u017bEGNANIE PRZEDSZKOLA W GRUPIE \u201eKONICZYNEK\u201d<\/a><\/h5><\/div>\t\t\t<\/div>\n\t\t<\/div>\n\t\t\t\t<div class=\"col-md-4 col-sm-4\">\n\t\t\t<div class=\"item-post post-6508 post type-post status-publish format-standard has-post-thumbnail hentry category-archiwum-pm7 category-informacje\">\n\t\t\t\t<div class=\"article-image\"><a class=\"img-post-mobile\" href=\"https:\/\/zsp12.gliwice.pl\/pm7\/blog\/2022\/01\/21\/dzien-babci-i-dziadka-3\/\"><img decoding=\"async\" src=\"https:\/\/zsp12.gliwice.pl\/pm7\/wp-content\/uploads\/sites\/7\/2022\/01\/Dzie\u0144-Babci-i-Dziadka-1024x726.jpg\" alt= \"Dzie\u0144 Babci i Dziadka\" title = \"Dzie\u0144 Babci i Dziadka\" \/><\/a><a class=\"img-post\" href=\"https:\/\/zsp12.gliwice.pl\/pm7\/blog\/2022\/01\/21\/dzien-babci-i-dziadka-3\/\"><img decoding=\"async\" src=\"https:\/\/zsp12.gliwice.pl\/pm7\/wp-content\/uploads\/sites\/7\/2022\/01\/Dzie\u0144-Babci-i-Dziadka-1024x726.jpg\" alt= \"Dzie\u0144 Babci i Dziadka\" title = \"Dzie\u0144 Babci i Dziadka\" \/><\/a><\/div><div class=\"article-title-wrapper\"><h5><a href=\"https:\/\/zsp12.gliwice.pl\/pm7\/blog\/2022\/01\/21\/dzien-babci-i-dziadka-3\/\" class=\"article-title\">Dzie\u0144 Babci i Dziadka<\/a><\/h5><\/div>\t\t\t<\/div>\n\t\t<\/div>\n\t\t\t\t<div class=\"col-md-4 col-sm-4\">\n\t\t\t<div class=\"item-post post-8178 post type-post status-publish format-standard has-post-thumbnail hentry category-archiwum-pm7 category-wydarzenia\">\n\t\t\t\t<div class=\"article-image\"><a class=\"img-post-mobile\" href=\"https:\/\/zsp12.gliwice.pl\/pm7\/blog\/2022\/06\/07\/dzien-dziecka-w-pm7-2\/\"><img decoding=\"async\" src=\"https:\/\/zsp12.gliwice.pl\/pm7\/wp-content\/uploads\/sites\/7\/2022\/06\/20220531_105725-1024x768.jpg\" alt= \"Dzie\u0144 Dziecka w PM7\" title = \"Dzie\u0144 Dziecka w PM7\" \/><\/a><a class=\"img-post\" href=\"https:\/\/zsp12.gliwice.pl\/pm7\/blog\/2022\/06\/07\/dzien-dziecka-w-pm7-2\/\"><img decoding=\"async\" src=\"https:\/\/zsp12.gliwice.pl\/pm7\/wp-content\/uploads\/sites\/7\/2022\/06\/20220531_105725-1024x768.jpg\" alt= \"Dzie\u0144 Dziecka w PM7\" title = \"Dzie\u0144 Dziecka w PM7\" \/><\/a><\/div><div class=\"article-title-wrapper\"><h5><a href=\"https:\/\/zsp12.gliwice.pl\/pm7\/blog\/2022\/06\/07\/dzien-dziecka-w-pm7-2\/\" class=\"article-title\">Dzie\u0144 Dziecka w PM7<\/a><\/h5><\/div>\t\t\t<\/div>\n\t\t<\/div>\n\t\t\t\t<div class=\"col-md-4 col-sm-4\">\n\t\t\t<div class=\"item-post post-9512 post type-post status-publish format-standard has-post-thumbnail hentry category-archiwum-pm7 category-wydarzenia\">\n\t\t\t\t<div class=\"article-image\"><a class=\"img-post-mobile\" href=\"https:\/\/zsp12.gliwice.pl\/pm7\/blog\/2022\/11\/10\/dzien-postaci-z-bajek-w-pm7\/\"><img decoding=\"async\" src=\"https:\/\/zsp12.gliwice.pl\/pm7\/wp-content\/uploads\/sites\/7\/2022\/11\/20221104_095056-Copy-1024x768.jpg\" alt= \"Dzie\u0144 Postaci z Bajek w PM7\" title = \"Dzie\u0144 Postaci z Bajek w PM7\" \/><\/a><a class=\"img-post\" href=\"https:\/\/zsp12.gliwice.pl\/pm7\/blog\/2022\/11\/10\/dzien-postaci-z-bajek-w-pm7\/\"><img decoding=\"async\" src=\"https:\/\/zsp12.gliwice.pl\/pm7\/wp-content\/uploads\/sites\/7\/2022\/11\/20221104_095056-Copy-1024x768.jpg\" alt= \"Dzie\u0144 Postaci z Bajek w PM7\" title = \"Dzie\u0144 Postaci z Bajek w PM7\" \/><\/a><\/div><div class=\"article-title-wrapper\"><h5><a href=\"https:\/\/zsp12.gliwice.pl\/pm7\/blog\/2022\/11\/10\/dzien-postaci-z-bajek-w-pm7\/\" class=\"article-title\">Dzie\u0144 Postaci z Bajek w PM7<\/a><\/h5><\/div>\t\t\t<\/div>\n\t\t<\/div>\n\t\t\t\t<div class=\"col-md-4 col-sm-4\">\n\t\t\t<div class=\"item-post post-11011 post type-post status-publish format-standard has-post-thumbnail hentry category-archiwum-pm7 category-informacje\">\n\t\t\t\t<div class=\"article-image\"><a class=\"img-post-mobile\" href=\"https:\/\/zsp12.gliwice.pl\/pm7\/blog\/2023\/04\/02\/2-kwietnia-swiatowy-dzien-swiadomosci-autyzmu-dzien-wiedzy-o-autyzmie\/\"><img decoding=\"async\" src=\"https:\/\/zsp12.gliwice.pl\/pm7\/wp-content\/uploads\/sites\/7\/2023\/03\/Projekt-bez-tytulu-24-1024x707.png\" alt= \"2 kwietnia \u2013 \u015aWIATOWY DZIE\u0143 \u015aWIADOMO\u015aCI AUTYZMU \u2013 DZIE\u0143 WIEDZY O AUTYZMIE\" title = \"2 kwietnia \u2013 \u015aWIATOWY DZIE\u0143 \u015aWIADOMO\u015aCI AUTYZMU \u2013 DZIE\u0143 WIEDZY O AUTYZMIE\" \/><\/a><a class=\"img-post\" href=\"https:\/\/zsp12.gliwice.pl\/pm7\/blog\/2023\/04\/02\/2-kwietnia-swiatowy-dzien-swiadomosci-autyzmu-dzien-wiedzy-o-autyzmie\/\"><img decoding=\"async\" src=\"https:\/\/zsp12.gliwice.pl\/pm7\/wp-content\/uploads\/sites\/7\/2023\/03\/Projekt-bez-tytulu-24-1024x707.png\" alt= \"2 kwietnia \u2013 \u015aWIATOWY DZIE\u0143 \u015aWIADOMO\u015aCI AUTYZMU \u2013 DZIE\u0143 WIEDZY O AUTYZMIE\" title = \"2 kwietnia \u2013 \u015aWIATOWY DZIE\u0143 \u015aWIADOMO\u015aCI AUTYZMU \u2013 DZIE\u0143 WIEDZY O AUTYZMIE\" \/><\/a><\/div><div class=\"article-title-wrapper\"><h5><a href=\"https:\/\/zsp12.gliwice.pl\/pm7\/blog\/2023\/04\/02\/2-kwietnia-swiatowy-dzien-swiadomosci-autyzmu-dzien-wiedzy-o-autyzmie\/\" class=\"article-title\">2 kwietnia \u2013 \u015aWIATOWY DZIE\u0143 \u015aWIADOMO\u015aCI AUTYZMU \u2013 DZIE\u0143 WIEDZY O AUTYZMIE<\/a><\/h5><\/div>\t\t\t<\/div>\n\t\t<\/div>\n\t\t\t\t<div class=\"col-md-4 col-sm-4\">\n\t\t\t<div class=\"item-post post-12107 post type-post status-publish format-standard has-post-thumbnail hentry category-archiwum-pm7 category-wydarzenia\">\n\t\t\t\t<div class=\"article-image\"><a class=\"img-post-mobile\" href=\"https:\/\/zsp12.gliwice.pl\/pm7\/blog\/2023\/05\/26\/miedzynarodowy-projekt-edukacyjny-z-kultura-mi-do-twarzy-w-magicznym-swiecie-dzwiekow\/\"><img decoding=\"async\" src=\"https:\/\/zsp12.gliwice.pl\/pm7\/wp-content\/uploads\/sites\/7\/2023\/05\/DSC02161-Copy-1024x683.jpg\" alt= \"Mi\u0119dzynarodowy Projekt Edukacyjny &#8220;Z kultur\u0105 mi do twarzy&#8221; &#8211; W magicznym \u015bwiecie d\u017awi\u0119k\u00f3w\" title = \"Mi\u0119dzynarodowy Projekt Edukacyjny &#8220;Z kultur\u0105 mi do twarzy&#8221; &#8211; W magicznym \u015bwiecie d\u017awi\u0119k\u00f3w\" \/><\/a><a class=\"img-post\" href=\"https:\/\/zsp12.gliwice.pl\/pm7\/blog\/2023\/05\/26\/miedzynarodowy-projekt-edukacyjny-z-kultura-mi-do-twarzy-w-magicznym-swiecie-dzwiekow\/\"><img decoding=\"async\" src=\"https:\/\/zsp12.gliwice.pl\/pm7\/wp-content\/uploads\/sites\/7\/2023\/05\/DSC02161-Copy-1024x683.jpg\" alt= \"Mi\u0119dzynarodowy Projekt Edukacyjny &#8220;Z kultur\u0105 mi do twarzy&#8221; &#8211; W magicznym \u015bwiecie d\u017awi\u0119k\u00f3w\" title = \"Mi\u0119dzynarodowy Projekt Edukacyjny &#8220;Z kultur\u0105 mi do twarzy&#8221; &#8211; W magicznym \u015bwiecie d\u017awi\u0119k\u00f3w\" \/><\/a><\/div><div class=\"article-title-wrapper\"><h5><a href=\"https:\/\/zsp12.gliwice.pl\/pm7\/blog\/2023\/05\/26\/miedzynarodowy-projekt-edukacyjny-z-kultura-mi-do-twarzy-w-magicznym-swiecie-dzwiekow\/\" class=\"article-title\">Mi\u0119dzynarodowy Projekt Edukacyjny &#8220;Z kultur\u0105 mi do twarzy&#8221; &#8211; W magicznym \u015bwiecie d\u017awi\u0119k\u00f3w<\/a><\/h5><\/div>\t\t\t<\/div>\n\t\t<\/div>\n\t\t\t\t<div class=\"col-md-4 col-sm-4\">\n\t\t\t<div class=\"item-post post-13846 post type-post status-publish format-standard has-post-thumbnail hentry category-archiwum-pm7 category-informacje\">\n\t\t\t\t<div class=\"article-image\"><a class=\"img-post-mobile\" href=\"https:\/\/zsp12.gliwice.pl\/pm7\/blog\/2023\/10\/13\/zyczenia-z-okazji-den\/\"><img decoding=\"async\" src=\"https:\/\/zsp12.gliwice.pl\/pm7\/wp-content\/uploads\/sites\/7\/2023\/10\/Projekt-bez-nazwy-1.png\" alt= \"\u017byczenia z okazji DEN\" title = \"\u017byczenia z okazji DEN\" \/><\/a><a class=\"img-post\" href=\"https:\/\/zsp12.gliwice.pl\/pm7\/blog\/2023\/10\/13\/zyczenia-z-okazji-den\/\"><img decoding=\"async\" src=\"https:\/\/zsp12.gliwice.pl\/pm7\/wp-content\/uploads\/sites\/7\/2023\/10\/Projekt-bez-nazwy-1.png\" alt= \"\u017byczenia z okazji DEN\" title = \"\u017byczenia z okazji DEN\" \/><\/a><\/div><div class=\"article-title-wrapper\"><h5><a href=\"https:\/\/zsp12.gliwice.pl\/pm7\/blog\/2023\/10\/13\/zyczenia-z-okazji-den\/\" class=\"article-title\">\u017byczenia z okazji DEN<\/a><\/h5><\/div>\t\t\t<\/div>\n\t\t<\/div>\n\t\t\t\t<div class=\"col-md-4 col-sm-4\">\n\t\t\t<div class=\"item-post post-15048 post type-post status-publish format-standard has-post-thumbnail hentry category-archiwum-pm7 category-informacje\">\n\t\t\t\t<div class=\"article-image\"><a class=\"img-post-mobile\" href=\"https:\/\/zsp12.gliwice.pl\/pm7\/blog\/2024\/01\/22\/rekrutacja-do-przedszkoli-na-rok-szkolny-2024-2025\/\"><img decoding=\"async\" src=\"https:\/\/zsp12.gliwice.pl\/pm7\/wp-content\/uploads\/sites\/7\/2024\/01\/rekrutacja-PM7-2024-2025-1024x1024.png\" alt= \"Rekrutacja do przedszkoli na rok szkolny 2024\/2025\" title = \"Rekrutacja do przedszkoli na rok szkolny 2024\/2025\" \/><\/a><a class=\"img-post\" href=\"https:\/\/zsp12.gliwice.pl\/pm7\/blog\/2024\/01\/22\/rekrutacja-do-przedszkoli-na-rok-szkolny-2024-2025\/\"><img decoding=\"async\" src=\"https:\/\/zsp12.gliwice.pl\/pm7\/wp-content\/uploads\/sites\/7\/2024\/01\/rekrutacja-PM7-2024-2025-1024x1024.png\" alt= \"Rekrutacja do przedszkoli na rok szkolny 2024\/2025\" title = \"Rekrutacja do przedszkoli na rok szkolny 2024\/2025\" \/><\/a><\/div><div class=\"article-title-wrapper\"><h5><a href=\"https:\/\/zsp12.gliwice.pl\/pm7\/blog\/2024\/01\/22\/rekrutacja-do-przedszkoli-na-rok-szkolny-2024-2025\/\" class=\"article-title\">Rekrutacja do przedszkoli na rok szkolny 2024\/2025<\/a><\/h5><\/div>\t\t\t<\/div>\n\t\t<\/div>\n\t\t\t\t<div class=\"col-md-4 col-sm-4\">\n\t\t\t<div class=\"item-post post-795 post type-post status-publish format-standard has-post-thumbnail hentry category-archiwum-pm7 category-wydarzenia\">\n\t\t\t\t<div class=\"article-image\"><a class=\"img-post-mobile\" href=\"https:\/\/zsp12.gliwice.pl\/pm7\/blog\/2018\/01\/25\/spotkanie-noworoczne-noworoczna-gratka-dla-babci-i-dziadka\/\"><img decoding=\"async\" src=\"https:\/\/zsp12.gliwice.pl\/pm7\/wp-content\/uploads\/sites\/7\/2023\/06\/admin-ajax.jpg\" alt= \"Spotkanie noworoczne \u2013 Noworoczna gratka dla Babci i Dziadka\" title = \"Spotkanie noworoczne \u2013 Noworoczna gratka dla Babci i Dziadka\" \/><\/a><a class=\"img-post\" href=\"https:\/\/zsp12.gliwice.pl\/pm7\/blog\/2018\/01\/25\/spotkanie-noworoczne-noworoczna-gratka-dla-babci-i-dziadka\/\"><img decoding=\"async\" src=\"https:\/\/zsp12.gliwice.pl\/pm7\/wp-content\/uploads\/sites\/7\/2023\/06\/admin-ajax.jpg\" alt= \"Spotkanie noworoczne \u2013 Noworoczna gratka dla Babci i Dziadka\" title = \"Spotkanie noworoczne \u2013 Noworoczna gratka dla Babci i Dziadka\" \/><\/a><\/div><div class=\"article-title-wrapper\"><h5><a href=\"https:\/\/zsp12.gliwice.pl\/pm7\/blog\/2018\/01\/25\/spotkanie-noworoczne-noworoczna-gratka-dla-babci-i-dziadka\/\" class=\"article-title\">Spotkanie noworoczne \u2013 Noworoczna gratka dla Babci i Dziadka<\/a><\/h5><\/div>\t\t\t<\/div>\n\t\t<\/div>\n\t\t\t\t<div class=\"col-md-4 col-sm-4\">\n\t\t\t<div class=\"item-post post-1275 post type-post status-publish format-standard has-post-thumbnail hentry category-archiwum-pm7 category-informacje\">\n\t\t\t\t<div class=\"article-image\"><a class=\"img-post-mobile\" href=\"https:\/\/zsp12.gliwice.pl\/pm7\/blog\/2018\/05\/08\/gliwice-moje-cudowne-miasto-moje-miejsce-na-ziemi-konkurs\/\"><img decoding=\"async\" src=\"https:\/\/zsp12.gliwice.pl\/pm7\/wp-content\/uploads\/sites\/7\/2018\/05\/DSC_0814-Copy-1024x681.jpg\" alt= \"\u201eGliwice &#8211; moje cudowne miasto, moje miejsce na Ziemi\u201d &#8211; konkurs\" title = \"\u201eGliwice &#8211; moje cudowne miasto, moje miejsce na Ziemi\u201d &#8211; konkurs\" \/><\/a><a class=\"img-post\" href=\"https:\/\/zsp12.gliwice.pl\/pm7\/blog\/2018\/05\/08\/gliwice-moje-cudowne-miasto-moje-miejsce-na-ziemi-konkurs\/\"><img decoding=\"async\" src=\"https:\/\/zsp12.gliwice.pl\/pm7\/wp-content\/uploads\/sites\/7\/2018\/05\/DSC_0814-Copy-1024x681.jpg\" alt= \"\u201eGliwice &#8211; moje cudowne miasto, moje miejsce na Ziemi\u201d &#8211; konkurs\" title = \"\u201eGliwice &#8211; moje cudowne miasto, moje miejsce na Ziemi\u201d &#8211; konkurs\" \/><\/a><\/div><div class=\"article-title-wrapper\"><h5><a href=\"https:\/\/zsp12.gliwice.pl\/pm7\/blog\/2018\/05\/08\/gliwice-moje-cudowne-miasto-moje-miejsce-na-ziemi-konkurs\/\" class=\"article-title\">\u201eGliwice &#8211; moje cudowne miasto, moje miejsce na Ziemi\u201d &#8211; konkurs<\/a><\/h5><\/div>\t\t\t<\/div>\n\t\t<\/div>\n\t\t\t\t<div class=\"col-md-4 col-sm-4\">\n\t\t\t<div class=\"item-post post-1610 post type-post status-publish format-standard has-post-thumbnail hentry category-archiwum-pm7 category-wydarzenia\">\n\t\t\t\t<div class=\"article-image\"><a class=\"img-post-mobile\" href=\"https:\/\/zsp12.gliwice.pl\/pm7\/blog\/2018\/11\/13\/pszczola-flora-odwiedzila-grupe-biedroniki\/\"><img decoding=\"async\" src=\"https:\/\/zsp12.gliwice.pl\/pm7\/wp-content\/uploads\/sites\/7\/2018\/11\/46053416_2201662763226353_8901605778666815488_n-1024x768.jpg\" alt= \"Pszczo\u0142a Flora odwiedzi\u0142a grup\u0119 Biedroniki\" title = \"Pszczo\u0142a Flora odwiedzi\u0142a grup\u0119 Biedroniki\" \/><\/a><a class=\"img-post\" href=\"https:\/\/zsp12.gliwice.pl\/pm7\/blog\/2018\/11\/13\/pszczola-flora-odwiedzila-grupe-biedroniki\/\"><img decoding=\"async\" src=\"https:\/\/zsp12.gliwice.pl\/pm7\/wp-content\/uploads\/sites\/7\/2018\/11\/46053416_2201662763226353_8901605778666815488_n-1024x768.jpg\" alt= \"Pszczo\u0142a Flora odwiedzi\u0142a grup\u0119 Biedroniki\" title = \"Pszczo\u0142a Flora odwiedzi\u0142a grup\u0119 Biedroniki\" \/><\/a><\/div><div class=\"article-title-wrapper\"><h5><a href=\"https:\/\/zsp12.gliwice.pl\/pm7\/blog\/2018\/11\/13\/pszczola-flora-odwiedzila-grupe-biedroniki\/\" class=\"article-title\">Pszczo\u0142a Flora odwiedzi\u0142a grup\u0119 Biedroniki<\/a><\/h5><\/div>\t\t\t<\/div>\n\t\t<\/div>\n\t\t\t\t<div class=\"col-md-4 col-sm-4\">\n\t\t\t<div class=\"item-post post-2047 post type-post status-publish format-standard has-post-thumbnail hentry category-archiwum-pm7 category-wydarzenia\">\n\t\t\t\t<div class=\"article-image\"><a class=\"img-post-mobile\" href=\"https:\/\/zsp12.gliwice.pl\/pm7\/blog\/2019\/03\/03\/warsztaty-kreatywne-odkrywcow-nauka-kontra-magia\/\"><img decoding=\"async\" src=\"https:\/\/zsp12.gliwice.pl\/pm7\/wp-content\/uploads\/sites\/7\/2019\/03\/20190208_111343-Copy-1024x768.jpg\" alt= \"Warsztaty Kreatywne Odkrywc\u00f3w &#8211; nauka kontra magia\" title = \"Warsztaty Kreatywne Odkrywc\u00f3w &#8211; nauka kontra magia\" \/><\/a><a class=\"img-post\" href=\"https:\/\/zsp12.gliwice.pl\/pm7\/blog\/2019\/03\/03\/warsztaty-kreatywne-odkrywcow-nauka-kontra-magia\/\"><img decoding=\"async\" src=\"https:\/\/zsp12.gliwice.pl\/pm7\/wp-content\/uploads\/sites\/7\/2019\/03\/20190208_111343-Copy-1024x768.jpg\" alt= \"Warsztaty Kreatywne Odkrywc\u00f3w &#8211; nauka kontra magia\" title = \"Warsztaty Kreatywne Odkrywc\u00f3w &#8211; nauka kontra magia\" \/><\/a><\/div><div class=\"article-title-wrapper\"><h5><a href=\"https:\/\/zsp12.gliwice.pl\/pm7\/blog\/2019\/03\/03\/warsztaty-kreatywne-odkrywcow-nauka-kontra-magia\/\" class=\"article-title\">Warsztaty Kreatywne Odkrywc\u00f3w &#8211; nauka kontra magia<\/a><\/h5><\/div>\t\t\t<\/div>\n\t\t<\/div>\n\t\t\t\t<div class=\"col-md-4 col-sm-4\">\n\t\t\t<div class=\"item-post post-2546 post type-post status-publish format-standard has-post-thumbnail hentry category-archiwum-pm7 category-informacje\">\n\t\t\t\t<div class=\"article-image\"><a class=\"img-post-mobile\" href=\"https:\/\/zsp12.gliwice.pl\/pm7\/blog\/2019\/10\/07\/vi-spartakiada-przedszkolakow\/\"><img decoding=\"async\" src=\"https:\/\/zsp12.gliwice.pl\/pm7\/wp-content\/uploads\/sites\/7\/2019\/10\/520x480-spartakiada.jpg\" alt= \"VI SPARTAKIADA PRZEDSZKOLNA\" title = \"VI SPARTAKIADA PRZEDSZKOLNA\" \/><\/a><a class=\"img-post\" href=\"https:\/\/zsp12.gliwice.pl\/pm7\/blog\/2019\/10\/07\/vi-spartakiada-przedszkolakow\/\"><img decoding=\"async\" src=\"https:\/\/zsp12.gliwice.pl\/pm7\/wp-content\/uploads\/sites\/7\/2019\/10\/520x480-spartakiada.jpg\" alt= \"VI SPARTAKIADA PRZEDSZKOLNA\" title = \"VI SPARTAKIADA PRZEDSZKOLNA\" \/><\/a><\/div><div class=\"article-title-wrapper\"><h5><a href=\"https:\/\/zsp12.gliwice.pl\/pm7\/blog\/2019\/10\/07\/vi-spartakiada-przedszkolakow\/\" class=\"article-title\">VI SPARTAKIADA PRZEDSZKOLNA<\/a><\/h5><\/div>\t\t\t<\/div>\n\t\t<\/div>\n\t\t\t\t<div class=\"col-md-4 col-sm-4\">\n\t\t\t<div class=\"item-post post-3212 post type-post status-publish format-standard has-post-thumbnail hentry category-archiwum-pm7 category-wydarzenia\">\n\t\t\t\t<div class=\"article-image\"><a class=\"img-post-mobile\" href=\"https:\/\/zsp12.gliwice.pl\/pm7\/blog\/2020\/02\/20\/bal-karnawalowy\/\"><img decoding=\"async\" src=\"https:\/\/zsp12.gliwice.pl\/pm7\/wp-content\/uploads\/sites\/7\/2020\/02\/IMG-20200219-WA0004-1024x768.jpg\" alt= \"Bal karnawa\u0142owy\" title = \"Bal karnawa\u0142owy\" \/><\/a><a class=\"img-post\" href=\"https:\/\/zsp12.gliwice.pl\/pm7\/blog\/2020\/02\/20\/bal-karnawalowy\/\"><img decoding=\"async\" src=\"https:\/\/zsp12.gliwice.pl\/pm7\/wp-content\/uploads\/sites\/7\/2020\/02\/IMG-20200219-WA0004-1024x768.jpg\" alt= \"Bal karnawa\u0142owy\" title = \"Bal karnawa\u0142owy\" \/><\/a><\/div><div class=\"article-title-wrapper\"><h5><a href=\"https:\/\/zsp12.gliwice.pl\/pm7\/blog\/2020\/02\/20\/bal-karnawalowy\/\" class=\"article-title\">Bal karnawa\u0142owy<\/a><\/h5><\/div>\t\t\t<\/div>\n\t\t<\/div>\n\t\t\t\t<div class=\"col-md-4 col-sm-4\">\n\t\t\t<div class=\"item-post post-3535 post type-post status-publish format-standard has-post-thumbnail hentry category-archiwum-pm7 category-informacje\">\n\t\t\t\t<div class=\"article-image\"><a class=\"img-post-mobile\" href=\"https:\/\/zsp12.gliwice.pl\/pm7\/blog\/2020\/05\/08\/zajecia-opiekuncze-w-pm7\/\"><img decoding=\"async\" src=\"https:\/\/zsp12.gliwice.pl\/pm7\/wp-content\/uploads\/sites\/7\/2020\/03\/road-sign-663368_640.jpg\" alt= \"Zaj\u0119cia opieku\u0144cze w PM7\" title = \"Zaj\u0119cia opieku\u0144cze w PM7\" \/><\/a><a class=\"img-post\" href=\"https:\/\/zsp12.gliwice.pl\/pm7\/blog\/2020\/05\/08\/zajecia-opiekuncze-w-pm7\/\"><img decoding=\"async\" src=\"https:\/\/zsp12.gliwice.pl\/pm7\/wp-content\/uploads\/sites\/7\/2020\/03\/road-sign-663368_640.jpg\" alt= \"Zaj\u0119cia opieku\u0144cze w PM7\" title = \"Zaj\u0119cia opieku\u0144cze w PM7\" \/><\/a><\/div><div class=\"article-title-wrapper\"><h5><a href=\"https:\/\/zsp12.gliwice.pl\/pm7\/blog\/2020\/05\/08\/zajecia-opiekuncze-w-pm7\/\" class=\"article-title\">Zaj\u0119cia opieku\u0144cze w PM7<\/a><\/h5><\/div>\t\t\t<\/div>\n\t\t<\/div>\n\t\t\t\t<div class=\"col-md-4 col-sm-4\">\n\t\t\t<div class=\"item-post post-4021 post type-post status-publish format-standard has-post-thumbnail hentry category-archiwum-pm7 category-wydarzenia\">\n\t\t\t\t<div class=\"article-image\"><a class=\"img-post-mobile\" href=\"https:\/\/zsp12.gliwice.pl\/pm7\/blog\/2020\/11\/16\/dzien-niepodleglosci-polski-w-pm7\/\"><img decoding=\"async\" src=\"https:\/\/zsp12.gliwice.pl\/pm7\/wp-content\/uploads\/sites\/7\/2020\/11\/img_20201110_104511-1024x768.jpg\" alt= \"Dzie\u0144 Niepodleg\u0142o\u015bci Polski w PM7\" title = \"Dzie\u0144 Niepodleg\u0142o\u015bci Polski w PM7\" \/><\/a><a class=\"img-post\" href=\"https:\/\/zsp12.gliwice.pl\/pm7\/blog\/2020\/11\/16\/dzien-niepodleglosci-polski-w-pm7\/\"><img decoding=\"async\" src=\"https:\/\/zsp12.gliwice.pl\/pm7\/wp-content\/uploads\/sites\/7\/2020\/11\/img_20201110_104511-1024x768.jpg\" alt= \"Dzie\u0144 Niepodleg\u0142o\u015bci Polski w PM7\" title = \"Dzie\u0144 Niepodleg\u0142o\u015bci Polski w PM7\" \/><\/a><\/div><div class=\"article-title-wrapper\"><h5><a href=\"https:\/\/zsp12.gliwice.pl\/pm7\/blog\/2020\/11\/16\/dzien-niepodleglosci-polski-w-pm7\/\" class=\"article-title\">Dzie\u0144 Niepodleg\u0142o\u015bci Polski w PM7<\/a><\/h5><\/div>\t\t\t<\/div>\n\t\t<\/div>\n\t\t\t\t<div class=\"col-md-4 col-sm-4\">\n\t\t\t<div class=\"item-post post-5046 post type-post status-publish format-standard has-post-thumbnail hentry category-archiwum-pm7 category-wydarzenia\">\n\t\t\t\t<div class=\"article-image\"><a class=\"img-post-mobile\" href=\"https:\/\/zsp12.gliwice.pl\/pm7\/blog\/2021\/03\/24\/swiatowy-dzien-zespolu-downa\/\"><img decoding=\"async\" src=\"https:\/\/zsp12.gliwice.pl\/pm7\/wp-content\/uploads\/sites\/7\/2021\/03\/image1-1024x854.jpeg\" alt= \"\u015awiatowy Dzie\u0144 Zespo\u0142u Downa\" title = \"\u015awiatowy Dzie\u0144 Zespo\u0142u Downa\" \/><\/a><a class=\"img-post\" href=\"https:\/\/zsp12.gliwice.pl\/pm7\/blog\/2021\/03\/24\/swiatowy-dzien-zespolu-downa\/\"><img decoding=\"async\" src=\"https:\/\/zsp12.gliwice.pl\/pm7\/wp-content\/uploads\/sites\/7\/2021\/03\/image1-1024x854.jpeg\" alt= \"\u015awiatowy Dzie\u0144 Zespo\u0142u Downa\" title = \"\u015awiatowy Dzie\u0144 Zespo\u0142u Downa\" \/><\/a><\/div><div class=\"article-title-wrapper\"><h5><a href=\"https:\/\/zsp12.gliwice.pl\/pm7\/blog\/2021\/03\/24\/swiatowy-dzien-zespolu-downa\/\" class=\"article-title\">\u015awiatowy Dzie\u0144 Zespo\u0142u Downa<\/a><\/h5><\/div>\t\t\t<\/div>\n\t\t<\/div>\n\t\t\t\t<div class=\"col-md-4 col-sm-4\">\n\t\t\t<div class=\"item-post post-5749 post type-post status-publish format-standard has-post-thumbnail hentry category-archiwum-pm7 category-wydarzenia\">\n\t\t\t\t<div class=\"article-image\"><a class=\"img-post-mobile\" href=\"https:\/\/zsp12.gliwice.pl\/pm7\/blog\/2021\/10\/13\/swieto-drzewa\/\"><img decoding=\"async\" src=\"https:\/\/zsp12.gliwice.pl\/pm7\/wp-content\/uploads\/sites\/7\/2021\/10\/IMG-20211011-WA0033-1024x768.jpg\" alt= \"\u015awi\u0119to Drzewa\" title = \"\u015awi\u0119to Drzewa\" \/><\/a><a class=\"img-post\" href=\"https:\/\/zsp12.gliwice.pl\/pm7\/blog\/2021\/10\/13\/swieto-drzewa\/\"><img decoding=\"async\" src=\"https:\/\/zsp12.gliwice.pl\/pm7\/wp-content\/uploads\/sites\/7\/2021\/10\/IMG-20211011-WA0033-1024x768.jpg\" alt= \"\u015awi\u0119to Drzewa\" title = \"\u015awi\u0119to Drzewa\" \/><\/a><\/div><div class=\"article-title-wrapper\"><h5><a href=\"https:\/\/zsp12.gliwice.pl\/pm7\/blog\/2021\/10\/13\/swieto-drzewa\/\" class=\"article-title\">\u015awi\u0119to Drzewa<\/a><\/h5><\/div>\t\t\t<\/div>\n\t\t<\/div>\n\t\t\t\t<div class=\"col-md-4 col-sm-4\">\n\t\t\t<div class=\"item-post post-7100 post type-post status-publish format-standard has-post-thumbnail hentry category-archiwum-pm7 category-wydarzenia\">\n\t\t\t\t<div class=\"article-image\"><a class=\"img-post-mobile\" href=\"https:\/\/zsp12.gliwice.pl\/pm7\/blog\/2022\/03\/22\/swiatowy-dzien-zespolu-downa-w-pm7\/\"><img decoding=\"async\" src=\"https:\/\/zsp12.gliwice.pl\/pm7\/wp-content\/uploads\/sites\/7\/2022\/03\/20220322_091448-1024x768.jpg\" alt= \"\u015awiatowy Dzie\u0144 Zespo\u0142u Downa w PM7\" title = \"\u015awiatowy Dzie\u0144 Zespo\u0142u Downa w PM7\" \/><\/a><a class=\"img-post\" href=\"https:\/\/zsp12.gliwice.pl\/pm7\/blog\/2022\/03\/22\/swiatowy-dzien-zespolu-downa-w-pm7\/\"><img decoding=\"async\" src=\"https:\/\/zsp12.gliwice.pl\/pm7\/wp-content\/uploads\/sites\/7\/2022\/03\/20220322_091448-1024x768.jpg\" alt= \"\u015awiatowy Dzie\u0144 Zespo\u0142u Downa w PM7\" title = \"\u015awiatowy Dzie\u0144 Zespo\u0142u Downa w PM7\" \/><\/a><\/div><div class=\"article-title-wrapper\"><h5><a href=\"https:\/\/zsp12.gliwice.pl\/pm7\/blog\/2022\/03\/22\/swiatowy-dzien-zespolu-downa-w-pm7\/\" class=\"article-title\">\u015awiatowy Dzie\u0144 Zespo\u0142u Downa w PM7<\/a><\/h5><\/div>\t\t\t<\/div>\n\t\t<\/div>\n\t\t\t\t<div class=\"col-md-4 col-sm-4\">\n\t\t\t<div class=\"item-post post-8836 post type-post status-publish format-standard has-post-thumbnail hentry category-archiwum-pm7 category-informacje\">\n\t\t\t\t<div class=\"article-image\"><a class=\"img-post-mobile\" href=\"https:\/\/zsp12.gliwice.pl\/pm7\/blog\/2022\/09\/01\/witamy-w-naszym-przedszkolu\/\"><img decoding=\"async\" src=\"https:\/\/zsp12.gliwice.pl\/pm7\/wp-content\/uploads\/sites\/7\/2022\/09\/Jasny-i-Sloneczny-Powrot-Do-Szkoly-Klasa-Drzwi-Plakat-1-724x1024.png\" alt= \"Witamy w Naszym PRZEDSZKOLU!\" title = \"Witamy w Naszym PRZEDSZKOLU!\" \/><\/a><a class=\"img-post\" href=\"https:\/\/zsp12.gliwice.pl\/pm7\/blog\/2022\/09\/01\/witamy-w-naszym-przedszkolu\/\"><img decoding=\"async\" src=\"https:\/\/zsp12.gliwice.pl\/pm7\/wp-content\/uploads\/sites\/7\/2022\/09\/Jasny-i-Sloneczny-Powrot-Do-Szkoly-Klasa-Drzwi-Plakat-1-724x1024.png\" alt= \"Witamy w Naszym PRZEDSZKOLU!\" title = \"Witamy w Naszym PRZEDSZKOLU!\" \/><\/a><\/div><div class=\"article-title-wrapper\"><h5><a href=\"https:\/\/zsp12.gliwice.pl\/pm7\/blog\/2022\/09\/01\/witamy-w-naszym-przedszkolu\/\" class=\"article-title\">Witamy w Naszym PRZEDSZKOLU!<\/a><\/h5><\/div>\t\t\t<\/div>\n\t\t<\/div>\n\t\t\t\t<div class=\"col-md-4 col-sm-4\">\n\t\t\t<div class=\"item-post post-9922 post type-post status-publish format-standard has-post-thumbnail hentry category-archiwum-pm7 category-wydarzenia\">\n\t\t\t\t<div class=\"article-image\"><a class=\"img-post-mobile\" href=\"https:\/\/zsp12.gliwice.pl\/pm7\/blog\/2022\/11\/29\/pasowanie-na-przedszkolaka-w-pm7\/\"><img decoding=\"async\" src=\"https:\/\/zsp12.gliwice.pl\/pm7\/wp-content\/uploads\/sites\/7\/2022\/11\/1669462648142-Copy-2-1024x461.jpg\" alt= \"Pasowanie na Przedszkolaka w PM7\" title = \"Pasowanie na Przedszkolaka w PM7\" \/><\/a><a class=\"img-post\" href=\"https:\/\/zsp12.gliwice.pl\/pm7\/blog\/2022\/11\/29\/pasowanie-na-przedszkolaka-w-pm7\/\"><img decoding=\"async\" src=\"https:\/\/zsp12.gliwice.pl\/pm7\/wp-content\/uploads\/sites\/7\/2022\/11\/1669462648142-Copy-2-1024x461.jpg\" alt= \"Pasowanie na Przedszkolaka w PM7\" title = \"Pasowanie na Przedszkolaka w PM7\" \/><\/a><\/div><div class=\"article-title-wrapper\"><h5><a href=\"https:\/\/zsp12.gliwice.pl\/pm7\/blog\/2022\/11\/29\/pasowanie-na-przedszkolaka-w-pm7\/\" class=\"article-title\">Pasowanie na Przedszkolaka w PM7<\/a><\/h5><\/div>\t\t\t<\/div>\n\t\t<\/div>\n\t\t\t\t<div class=\"col-md-4 col-sm-4\">\n\t\t\t<div class=\"item-post post-11399 post type-post status-publish format-standard has-post-thumbnail hentry category-archiwum-pm7 category-wydarzenia\">\n\t\t\t\t<div class=\"article-image\"><a class=\"img-post-mobile\" href=\"https:\/\/zsp12.gliwice.pl\/pm7\/blog\/2023\/04\/05\/ponowne-odwiedziny-zajaczka-w-pm7\/\"><img decoding=\"async\" src=\"https:\/\/zsp12.gliwice.pl\/pm7\/wp-content\/uploads\/sites\/7\/2023\/04\/IMG-20230405-WA0008-Copy-1024x766.jpg\" alt= \"Ponowne odwiedziny Zaj\u0105czka w PM7\" title = \"Ponowne odwiedziny Zaj\u0105czka w PM7\" \/><\/a><a class=\"img-post\" href=\"https:\/\/zsp12.gliwice.pl\/pm7\/blog\/2023\/04\/05\/ponowne-odwiedziny-zajaczka-w-pm7\/\"><img decoding=\"async\" src=\"https:\/\/zsp12.gliwice.pl\/pm7\/wp-content\/uploads\/sites\/7\/2023\/04\/IMG-20230405-WA0008-Copy-1024x766.jpg\" alt= \"Ponowne odwiedziny Zaj\u0105czka w PM7\" title = \"Ponowne odwiedziny Zaj\u0105czka w PM7\" \/><\/a><\/div><div class=\"article-title-wrapper\"><h5><a href=\"https:\/\/zsp12.gliwice.pl\/pm7\/blog\/2023\/04\/05\/ponowne-odwiedziny-zajaczka-w-pm7\/\" class=\"article-title\">Ponowne odwiedziny Zaj\u0105czka w PM7<\/a><\/h5><\/div>\t\t\t<\/div>\n\t\t<\/div>\n\t\t\t\t<div class=\"col-md-4 col-sm-4\">\n\t\t\t<div class=\"item-post post-12760 post type-post status-publish format-standard has-post-thumbnail hentry category-archiwum-pm7 category-wydarzenia\">\n\t\t\t\t<div class=\"article-image\"><a class=\"img-post-mobile\" href=\"https:\/\/zsp12.gliwice.pl\/pm7\/blog\/2023\/06\/15\/zdobywcy-odwiedzili-iii-komisariat-policji-w-gliwicach\/\"><img decoding=\"async\" src=\"https:\/\/zsp12.gliwice.pl\/pm7\/wp-content\/uploads\/sites\/7\/2023\/06\/20230615_091524-Copy-1024x768.jpg\" alt= \"Zdobywcy odwiedzili III Komisariat Policji w Gliwicach\" title = \"Zdobywcy odwiedzili III Komisariat Policji w Gliwicach\" \/><\/a><a class=\"img-post\" href=\"https:\/\/zsp12.gliwice.pl\/pm7\/blog\/2023\/06\/15\/zdobywcy-odwiedzili-iii-komisariat-policji-w-gliwicach\/\"><img decoding=\"async\" src=\"https:\/\/zsp12.gliwice.pl\/pm7\/wp-content\/uploads\/sites\/7\/2023\/06\/20230615_091524-Copy-1024x768.jpg\" alt= \"Zdobywcy odwiedzili III Komisariat Policji w Gliwicach\" title = \"Zdobywcy odwiedzili III Komisariat Policji w Gliwicach\" \/><\/a><\/div><div class=\"article-title-wrapper\"><h5><a href=\"https:\/\/zsp12.gliwice.pl\/pm7\/blog\/2023\/06\/15\/zdobywcy-odwiedzili-iii-komisariat-policji-w-gliwicach\/\" class=\"article-title\">Zdobywcy odwiedzili III Komisariat Policji w Gliwicach<\/a><\/h5><\/div>\t\t\t<\/div>\n\t\t<\/div>\n\t\t\t\t<div class=\"col-md-4 col-sm-4\">\n\t\t\t<div class=\"item-post post-14322 post type-post status-publish format-standard has-post-thumbnail hentry category-archiwum-pm7 category-wydarzenia\">\n\t\t\t\t<div class=\"article-image\"><a class=\"img-post-mobile\" href=\"https:\/\/zsp12.gliwice.pl\/pm7\/blog\/2023\/11\/10\/pasowanie-na-przedszkolaka-4\/\"><img decoding=\"async\" src=\"https:\/\/zsp12.gliwice.pl\/pm7\/wp-content\/uploads\/sites\/7\/2023\/11\/IMG-20231108-WA0009-Copy-1024x768.jpg\" alt= \"Pasowanie na Przedszkolaka\" title = \"Pasowanie na Przedszkolaka\" \/><\/a><a class=\"img-post\" href=\"https:\/\/zsp12.gliwice.pl\/pm7\/blog\/2023\/11\/10\/pasowanie-na-przedszkolaka-4\/\"><img decoding=\"async\" src=\"https:\/\/zsp12.gliwice.pl\/pm7\/wp-content\/uploads\/sites\/7\/2023\/11\/IMG-20231108-WA0009-Copy-1024x768.jpg\" alt= \"Pasowanie na Przedszkolaka\" title = \"Pasowanie na Przedszkolaka\" \/><\/a><\/div><div class=\"article-title-wrapper\"><h5><a href=\"https:\/\/zsp12.gliwice.pl\/pm7\/blog\/2023\/11\/10\/pasowanie-na-przedszkolaka-4\/\" class=\"article-title\">Pasowanie na Przedszkolaka<\/a><\/h5><\/div>\t\t\t<\/div>\n\t\t<\/div>\n\t\t\t\t<div class=\"col-md-4 col-sm-4\">\n\t\t\t<div class=\"item-post post-15430 post type-post status-publish format-standard has-post-thumbnail hentry category-archiwum-pm7 category-wydarzenia\">\n\t\t\t\t<div class=\"article-image\"><a class=\"img-post-mobile\" href=\"https:\/\/zsp12.gliwice.pl\/pm7\/blog\/2024\/02\/27\/dzien-dinozaura-w-pm7-3\/\"><img decoding=\"async\" src=\"https:\/\/zsp12.gliwice.pl\/pm7\/wp-content\/uploads\/sites\/7\/2024\/02\/1708954973606-Copy-1024x450.jpg\" alt= \"Dzie\u0144 Dinozaura w PM7\" title = \"Dzie\u0144 Dinozaura w PM7\" \/><\/a><a class=\"img-post\" href=\"https:\/\/zsp12.gliwice.pl\/pm7\/blog\/2024\/02\/27\/dzien-dinozaura-w-pm7-3\/\"><img decoding=\"async\" src=\"https:\/\/zsp12.gliwice.pl\/pm7\/wp-content\/uploads\/sites\/7\/2024\/02\/1708954973606-Copy-1024x450.jpg\" alt= \"Dzie\u0144 Dinozaura w PM7\" title = \"Dzie\u0144 Dinozaura w PM7\" \/><\/a><\/div><div class=\"article-title-wrapper\"><h5><a href=\"https:\/\/zsp12.gliwice.pl\/pm7\/blog\/2024\/02\/27\/dzien-dinozaura-w-pm7-3\/\" class=\"article-title\">Dzie\u0144 Dinozaura w PM7<\/a><\/h5><\/div>\t\t\t<\/div>\n\t\t<\/div>\n\t\t\t\t<div class=\"col-md-4 col-sm-4\">\n\t\t\t<div class=\"item-post post-907 post type-post status-publish format-standard has-post-thumbnail hentry category-archiwum-pm7 category-wydarzenia\">\n\t\t\t\t<div class=\"article-image\"><a class=\"img-post-mobile\" href=\"https:\/\/zsp12.gliwice.pl\/pm7\/blog\/2017\/12\/01\/akcja-szkoly-na-stadionie-pm7-wygrywa-po-raz-4\/\"><img decoding=\"async\" src=\"https:\/\/zsp12.gliwice.pl\/pm7\/wp-content\/uploads\/sites\/7\/2018\/03\/Piast-2.jpg\" alt= \"Akcja szko\u0142y na stadionie PM7 wygrywa po raz 4!!!\" title = \"Akcja szko\u0142y na stadionie PM7 wygrywa po raz 4!!!\" \/><\/a><a class=\"img-post\" href=\"https:\/\/zsp12.gliwice.pl\/pm7\/blog\/2017\/12\/01\/akcja-szkoly-na-stadionie-pm7-wygrywa-po-raz-4\/\"><img decoding=\"async\" src=\"https:\/\/zsp12.gliwice.pl\/pm7\/wp-content\/uploads\/sites\/7\/2018\/03\/Piast-2.jpg\" alt= \"Akcja szko\u0142y na stadionie PM7 wygrywa po raz 4!!!\" title = \"Akcja szko\u0142y na stadionie PM7 wygrywa po raz 4!!!\" \/><\/a><\/div><div class=\"article-title-wrapper\"><h5><a href=\"https:\/\/zsp12.gliwice.pl\/pm7\/blog\/2017\/12\/01\/akcja-szkoly-na-stadionie-pm7-wygrywa-po-raz-4\/\" class=\"article-title\">Akcja szko\u0142y na stadionie PM7 wygrywa po raz 4!!!<\/a><\/h5><\/div>\t\t\t<\/div>\n\t\t<\/div>\n\t\t\t\t<div class=\"col-md-4 col-sm-4\">\n\t\t\t<div class=\"item-post post-1356 post type-post status-publish format-standard has-post-thumbnail hentry category-archiwum-pm7 category-wydarzenia\">\n\t\t\t\t<div class=\"article-image\"><a class=\"img-post-mobile\" href=\"https:\/\/zsp12.gliwice.pl\/pm7\/blog\/2018\/06\/03\/dzien-dziecka-z-piastem\/\"><img decoding=\"async\" src=\"https:\/\/zsp12.gliwice.pl\/pm7\/wp-content\/uploads\/sites\/7\/2018\/06\/10534.jpg\" alt= \"Dzie\u0144 Dziecka z PIASTEM\" title = \"Dzie\u0144 Dziecka z PIASTEM\" \/><\/a><a class=\"img-post\" href=\"https:\/\/zsp12.gliwice.pl\/pm7\/blog\/2018\/06\/03\/dzien-dziecka-z-piastem\/\"><img decoding=\"async\" src=\"https:\/\/zsp12.gliwice.pl\/pm7\/wp-content\/uploads\/sites\/7\/2018\/06\/10534.jpg\" alt= \"Dzie\u0144 Dziecka z PIASTEM\" title = \"Dzie\u0144 Dziecka z PIASTEM\" \/><\/a><\/div><div class=\"article-title-wrapper\"><h5><a href=\"https:\/\/zsp12.gliwice.pl\/pm7\/blog\/2018\/06\/03\/dzien-dziecka-z-piastem\/\" class=\"article-title\">Dzie\u0144 Dziecka z PIASTEM<\/a><\/h5><\/div>\t\t\t<\/div>\n\t\t<\/div>\n\t\t\t\t<div class=\"col-md-4 col-sm-4\">\n\t\t\t<div class=\"item-post post-1768 post type-post status-publish format-standard has-post-thumbnail hentry category-archiwum-pm7 category-wydarzenia\">\n\t\t\t\t<div class=\"article-image\"><a class=\"img-post-mobile\" href=\"https:\/\/zsp12.gliwice.pl\/pm7\/blog\/2018\/11\/26\/dzien-pluszowego-misia\/\"><img decoding=\"async\" src=\"https:\/\/zsp12.gliwice.pl\/pm7\/wp-content\/uploads\/sites\/7\/2018\/12\/20181123_090952-1024x576.jpg\" alt= \"Dzie\u0144 Pluszowego Misia\" title = \"Dzie\u0144 Pluszowego Misia\" \/><\/a><a class=\"img-post\" href=\"https:\/\/zsp12.gliwice.pl\/pm7\/blog\/2018\/11\/26\/dzien-pluszowego-misia\/\"><img decoding=\"async\" src=\"https:\/\/zsp12.gliwice.pl\/pm7\/wp-content\/uploads\/sites\/7\/2018\/12\/20181123_090952-1024x576.jpg\" alt= \"Dzie\u0144 Pluszowego Misia\" title = \"Dzie\u0144 Pluszowego Misia\" \/><\/a><\/div><div class=\"article-title-wrapper\"><h5><a href=\"https:\/\/zsp12.gliwice.pl\/pm7\/blog\/2018\/11\/26\/dzien-pluszowego-misia\/\" class=\"article-title\">Dzie\u0144 Pluszowego Misia<\/a><\/h5><\/div>\t\t\t<\/div>\n\t\t<\/div>\n\t\t\t\t<div class=\"col-md-4 col-sm-4\">\n\t\t\t<div class=\"item-post post-2357 post type-post status-publish format-standard has-post-thumbnail hentry category-archiwum-pm7 category-wydarzenia\">\n\t\t\t\t<div class=\"article-image\"><a class=\"img-post-mobile\" href=\"https:\/\/zsp12.gliwice.pl\/pm7\/blog\/2019\/05\/30\/odkrywcy-i-ich-sukcesy\/\"><img decoding=\"async\" src=\"https:\/\/zsp12.gliwice.pl\/pm7\/wp-content\/uploads\/sites\/7\/2019\/06\/20190513_105518-e1559460744965-768x1024.jpg\" alt= \"Odkrywcy i ich sukcesy!\" title = \"Odkrywcy i ich sukcesy!\" \/><\/a><a class=\"img-post\" href=\"https:\/\/zsp12.gliwice.pl\/pm7\/blog\/2019\/05\/30\/odkrywcy-i-ich-sukcesy\/\"><img decoding=\"async\" src=\"https:\/\/zsp12.gliwice.pl\/pm7\/wp-content\/uploads\/sites\/7\/2019\/06\/20190513_105518-e1559460744965-768x1024.jpg\" alt= \"Odkrywcy i ich sukcesy!\" title = \"Odkrywcy i ich sukcesy!\" \/><\/a><\/div><div class=\"article-title-wrapper\"><h5><a href=\"https:\/\/zsp12.gliwice.pl\/pm7\/blog\/2019\/05\/30\/odkrywcy-i-ich-sukcesy\/\" class=\"article-title\">Odkrywcy i ich sukcesy!<\/a><\/h5><\/div>\t\t\t<\/div>\n\t\t<\/div>\n\t\t\t\t<div class=\"col-md-4 col-sm-4\">\n\t\t\t<div class=\"item-post post-2798 post type-post status-publish format-standard has-post-thumbnail hentry category-archiwum-pm7 category-wydarzenia\">\n\t\t\t\t<div class=\"article-image\"><a class=\"img-post-mobile\" href=\"https:\/\/zsp12.gliwice.pl\/pm7\/blog\/2019\/11\/19\/przekaz-milosci\/\"><img decoding=\"async\" src=\"https:\/\/zsp12.gliwice.pl\/pm7\/wp-content\/uploads\/sites\/7\/2019\/11\/78191101_2546498115471198_4229610778656768_n-1024x768.jpg\" alt= \"Przekaz mi\u0142o\u015bci\" title = \"Przekaz mi\u0142o\u015bci\" \/><\/a><a class=\"img-post\" href=\"https:\/\/zsp12.gliwice.pl\/pm7\/blog\/2019\/11\/19\/przekaz-milosci\/\"><img decoding=\"async\" src=\"https:\/\/zsp12.gliwice.pl\/pm7\/wp-content\/uploads\/sites\/7\/2019\/11\/78191101_2546498115471198_4229610778656768_n-1024x768.jpg\" alt= \"Przekaz mi\u0142o\u015bci\" title = \"Przekaz mi\u0142o\u015bci\" \/><\/a><\/div><div class=\"article-title-wrapper\"><h5><a href=\"https:\/\/zsp12.gliwice.pl\/pm7\/blog\/2019\/11\/19\/przekaz-milosci\/\" class=\"article-title\">Przekaz mi\u0142o\u015bci<\/a><\/h5><\/div>\t\t\t<\/div>\n\t\t<\/div>\n\t\t\t\t<div class=\"col-md-4 col-sm-4\">\n\t\t\t<div class=\"item-post post-3434 post type-post status-publish format-standard has-post-thumbnail hentry category-archiwum-pm7 category-informacje\">\n\t\t\t\t<div class=\"article-image\"><a class=\"img-post-mobile\" href=\"https:\/\/zsp12.gliwice.pl\/pm7\/blog\/2020\/03\/13\/rekrutacja-do-przedszkoli-i-oddzialow-przedszkolnych\/\"><img decoding=\"async\" src=\"https:\/\/zsp12.gliwice.pl\/pm7\/wp-content\/uploads\/sites\/7\/2023\/06\/admin-ajax.jpg\" alt= \"Rekrutacja do przedszkoli i oddzia\u0142\u00f3w przedszkolnych\" title = \"Rekrutacja do przedszkoli i oddzia\u0142\u00f3w przedszkolnych\" \/><\/a><a class=\"img-post\" href=\"https:\/\/zsp12.gliwice.pl\/pm7\/blog\/2020\/03\/13\/rekrutacja-do-przedszkoli-i-oddzialow-przedszkolnych\/\"><img decoding=\"async\" src=\"https:\/\/zsp12.gliwice.pl\/pm7\/wp-content\/uploads\/sites\/7\/2023\/06\/admin-ajax.jpg\" alt= \"Rekrutacja do przedszkoli i oddzia\u0142\u00f3w przedszkolnych\" title = \"Rekrutacja do przedszkoli i oddzia\u0142\u00f3w przedszkolnych\" \/><\/a><\/div><div class=\"article-title-wrapper\"><h5><a href=\"https:\/\/zsp12.gliwice.pl\/pm7\/blog\/2020\/03\/13\/rekrutacja-do-przedszkoli-i-oddzialow-przedszkolnych\/\" class=\"article-title\">Rekrutacja do przedszkoli i oddzia\u0142\u00f3w przedszkolnych<\/a><\/h5><\/div>\t\t\t<\/div>\n\t\t<\/div>\n\t\t\t\t<div class=\"col-md-4 col-sm-4\">\n\t\t\t<div class=\"item-post post-3598 post type-post status-publish format-standard has-post-thumbnail hentry category-archiwum-pm7 category-wydarzenia\">\n\t\t\t\t<div class=\"article-image\"><a class=\"img-post-mobile\" href=\"https:\/\/zsp12.gliwice.pl\/pm7\/blog\/2020\/06\/29\/zakonczenie-roku-przedszkolnego-oraz-pozegnanie-starszakow\/\"><img decoding=\"async\" src=\"https:\/\/zsp12.gliwice.pl\/pm7\/wp-content\/uploads\/sites\/7\/2020\/06\/20200626_153745-1024x768.jpg\" alt= \"Zako\u0144czenie roku przedszkolnego oraz \u201ePo\u017cegnanie Starszak\u00f3w\u201d\" title = \"Zako\u0144czenie roku przedszkolnego oraz \u201ePo\u017cegnanie Starszak\u00f3w\u201d\" \/><\/a><a class=\"img-post\" href=\"https:\/\/zsp12.gliwice.pl\/pm7\/blog\/2020\/06\/29\/zakonczenie-roku-przedszkolnego-oraz-pozegnanie-starszakow\/\"><img decoding=\"async\" src=\"https:\/\/zsp12.gliwice.pl\/pm7\/wp-content\/uploads\/sites\/7\/2020\/06\/20200626_153745-1024x768.jpg\" alt= \"Zako\u0144czenie roku przedszkolnego oraz \u201ePo\u017cegnanie Starszak\u00f3w\u201d\" title = \"Zako\u0144czenie roku przedszkolnego oraz \u201ePo\u017cegnanie Starszak\u00f3w\u201d\" \/><\/a><\/div><div class=\"article-title-wrapper\"><h5><a href=\"https:\/\/zsp12.gliwice.pl\/pm7\/blog\/2020\/06\/29\/zakonczenie-roku-przedszkolnego-oraz-pozegnanie-starszakow\/\" class=\"article-title\">Zako\u0144czenie roku przedszkolnego oraz \u201ePo\u017cegnanie Starszak\u00f3w\u201d<\/a><\/h5><\/div>\t\t\t<\/div>\n\t\t<\/div>\n\t\t\t\t<div class=\"col-md-4 col-sm-4\">\n\t\t\t<div class=\"item-post post-4354 post type-post status-publish format-standard has-post-thumbnail hentry category-archiwum-pm7 category-informacje\">\n\t\t\t\t<div class=\"article-image\"><a class=\"img-post-mobile\" href=\"https:\/\/zsp12.gliwice.pl\/pm7\/blog\/2020\/12\/11\/rozwiazanie-konkursu-z-okazji-70lecia-pm7\/\"><img decoding=\"async\" src=\"https:\/\/zsp12.gliwice.pl\/pm7\/wp-content\/uploads\/sites\/7\/2020\/12\/20201208_074538-1024x768.jpg\" alt= \"Rozwi\u0105zanie konkursu z okazji 70lecia PM7\" title = \"Rozwi\u0105zanie konkursu z okazji 70lecia PM7\" \/><\/a><a class=\"img-post\" href=\"https:\/\/zsp12.gliwice.pl\/pm7\/blog\/2020\/12\/11\/rozwiazanie-konkursu-z-okazji-70lecia-pm7\/\"><img decoding=\"async\" src=\"https:\/\/zsp12.gliwice.pl\/pm7\/wp-content\/uploads\/sites\/7\/2020\/12\/20201208_074538-1024x768.jpg\" alt= \"Rozwi\u0105zanie konkursu z okazji 70lecia PM7\" title = \"Rozwi\u0105zanie konkursu z okazji 70lecia PM7\" \/><\/a><\/div><div class=\"article-title-wrapper\"><h5><a href=\"https:\/\/zsp12.gliwice.pl\/pm7\/blog\/2020\/12\/11\/rozwiazanie-konkursu-z-okazji-70lecia-pm7\/\" class=\"article-title\">Rozwi\u0105zanie konkursu z okazji 70lecia PM7<\/a><\/h5><\/div>\t\t\t<\/div>\n\t\t<\/div>\n\t\t\t\t<div class=\"col-md-4 col-sm-4\">\n\t\t\t<div class=\"item-post post-5219 post type-post status-publish format-standard has-post-thumbnail hentry category-archiwum-pm7 category-wydarzenia\">\n\t\t\t\t<div class=\"article-image\"><a class=\"img-post-mobile\" href=\"https:\/\/zsp12.gliwice.pl\/pm7\/blog\/2021\/05\/06\/majowe-swieta-w-pm7\/\"><img decoding=\"async\" src=\"https:\/\/zsp12.gliwice.pl\/pm7\/wp-content\/uploads\/sites\/7\/2021\/05\/20210430_093252-1024x768.jpg\" alt= \"Majowe \u015bwi\u0119ta w PM7\" title = \"Majowe \u015bwi\u0119ta w PM7\" \/><\/a><a class=\"img-post\" href=\"https:\/\/zsp12.gliwice.pl\/pm7\/blog\/2021\/05\/06\/majowe-swieta-w-pm7\/\"><img decoding=\"async\" src=\"https:\/\/zsp12.gliwice.pl\/pm7\/wp-content\/uploads\/sites\/7\/2021\/05\/20210430_093252-1024x768.jpg\" alt= \"Majowe \u015bwi\u0119ta w PM7\" title = \"Majowe \u015bwi\u0119ta w PM7\" \/><\/a><\/div><div class=\"article-title-wrapper\"><h5><a href=\"https:\/\/zsp12.gliwice.pl\/pm7\/blog\/2021\/05\/06\/majowe-swieta-w-pm7\/\" class=\"article-title\">Majowe \u015bwi\u0119ta w PM7<\/a><\/h5><\/div>\t\t\t<\/div>\n\t\t<\/div>\n\t\t\t\t<div class=\"col-md-4 col-sm-4\">\n\t\t\t<div class=\"item-post post-5950 post type-post status-publish format-standard has-post-thumbnail hentry category-archiwum-pm7 category-wydarzenia\">\n\t\t\t\t<div class=\"article-image\"><a class=\"img-post-mobile\" href=\"https:\/\/zsp12.gliwice.pl\/pm7\/blog\/2021\/11\/27\/dzien-pluszowego-misia-2\/\"><img decoding=\"async\" src=\"https:\/\/zsp12.gliwice.pl\/pm7\/wp-content\/uploads\/sites\/7\/2021\/11\/20211123_103339-1024x481.jpg\" alt= \"Dzie\u0144 Pluszowego Misia\" title = \"Dzie\u0144 Pluszowego Misia\" \/><\/a><a class=\"img-post\" href=\"https:\/\/zsp12.gliwice.pl\/pm7\/blog\/2021\/11\/27\/dzien-pluszowego-misia-2\/\"><img decoding=\"async\" src=\"https:\/\/zsp12.gliwice.pl\/pm7\/wp-content\/uploads\/sites\/7\/2021\/11\/20211123_103339-1024x481.jpg\" alt= \"Dzie\u0144 Pluszowego Misia\" title = \"Dzie\u0144 Pluszowego Misia\" \/><\/a><\/div><div class=\"article-title-wrapper\"><h5><a href=\"https:\/\/zsp12.gliwice.pl\/pm7\/blog\/2021\/11\/27\/dzien-pluszowego-misia-2\/\" class=\"article-title\">Dzie\u0144 Pluszowego Misia<\/a><\/h5><\/div>\t\t\t<\/div>\n\t\t<\/div>\n\t\t\t\t<div class=\"col-md-4 col-sm-4\">\n\t\t\t<div class=\"item-post post-7601 post type-post status-publish format-standard has-post-thumbnail hentry category-archiwum-pm7 category-wydarzenia\">\n\t\t\t\t<div class=\"article-image\"><a class=\"img-post-mobile\" href=\"https:\/\/zsp12.gliwice.pl\/pm7\/blog\/2022\/04\/29\/dzien-ziemi-w-pm7\/\"><img decoding=\"async\" src=\"https:\/\/zsp12.gliwice.pl\/pm7\/wp-content\/uploads\/sites\/7\/2022\/04\/1650642380998-1024x766.jpg\" alt= \"Dzie\u0144 Ziemi w PM7\" title = \"Dzie\u0144 Ziemi w PM7\" \/><\/a><a class=\"img-post\" href=\"https:\/\/zsp12.gliwice.pl\/pm7\/blog\/2022\/04\/29\/dzien-ziemi-w-pm7\/\"><img decoding=\"async\" src=\"https:\/\/zsp12.gliwice.pl\/pm7\/wp-content\/uploads\/sites\/7\/2022\/04\/1650642380998-1024x766.jpg\" alt= \"Dzie\u0144 Ziemi w PM7\" title = \"Dzie\u0144 Ziemi w PM7\" \/><\/a><\/div><div class=\"article-title-wrapper\"><h5><a href=\"https:\/\/zsp12.gliwice.pl\/pm7\/blog\/2022\/04\/29\/dzien-ziemi-w-pm7\/\" class=\"article-title\">Dzie\u0144 Ziemi w PM7<\/a><\/h5><\/div>\t\t\t<\/div>\n\t\t<\/div>\n\t\t\t\t<div class=\"col-md-4 col-sm-4\">\n\t\t\t<div class=\"item-post post-9286 post type-post status-publish format-standard has-post-thumbnail hentry category-archiwum-pm7 category-wydarzenia\">\n\t\t\t\t<div class=\"article-image\"><a class=\"img-post-mobile\" href=\"https:\/\/zsp12.gliwice.pl\/pm7\/blog\/2022\/10\/12\/dzien-usmiechu-w-pm7\/\"><img decoding=\"async\" src=\"https:\/\/zsp12.gliwice.pl\/pm7\/wp-content\/uploads\/sites\/7\/2022\/10\/1665299850554-Copy-1024x766.jpg\" alt= \"Dzie\u0144 U\u015bmiechu w PM7\" title = \"Dzie\u0144 U\u015bmiechu w PM7\" \/><\/a><a class=\"img-post\" href=\"https:\/\/zsp12.gliwice.pl\/pm7\/blog\/2022\/10\/12\/dzien-usmiechu-w-pm7\/\"><img decoding=\"async\" src=\"https:\/\/zsp12.gliwice.pl\/pm7\/wp-content\/uploads\/sites\/7\/2022\/10\/1665299850554-Copy-1024x766.jpg\" alt= \"Dzie\u0144 U\u015bmiechu w PM7\" title = \"Dzie\u0144 U\u015bmiechu w PM7\" \/><\/a><\/div><div class=\"article-title-wrapper\"><h5><a href=\"https:\/\/zsp12.gliwice.pl\/pm7\/blog\/2022\/10\/12\/dzien-usmiechu-w-pm7\/\" class=\"article-title\">Dzie\u0144 U\u015bmiechu w PM7<\/a><\/h5><\/div>\t\t\t<\/div>\n\t\t<\/div>\n\t\t\t\t<div class=\"col-md-4 col-sm-4\">\n\t\t\t<div class=\"item-post post-10626 post type-post status-publish format-standard has-post-thumbnail hentry category-archiwum-pm7 category-wydarzenia\">\n\t\t\t\t<div class=\"article-image\"><a class=\"img-post-mobile\" href=\"https:\/\/zsp12.gliwice.pl\/pm7\/blog\/2023\/02\/28\/sluzba-wiezienna-u-przedszkolakow\/\"><img decoding=\"async\" src=\"https:\/\/zsp12.gliwice.pl\/pm7\/wp-content\/uploads\/sites\/7\/2023\/03\/1677511149811-Copy-1024x766.jpg\" alt= \"S\u0142u\u017cba Wi\u0119zienna u przedszkolak\u00f3w\" title = \"S\u0142u\u017cba Wi\u0119zienna u przedszkolak\u00f3w\" \/><\/a><a class=\"img-post\" href=\"https:\/\/zsp12.gliwice.pl\/pm7\/blog\/2023\/02\/28\/sluzba-wiezienna-u-przedszkolakow\/\"><img decoding=\"async\" src=\"https:\/\/zsp12.gliwice.pl\/pm7\/wp-content\/uploads\/sites\/7\/2023\/03\/1677511149811-Copy-1024x766.jpg\" alt= \"S\u0142u\u017cba Wi\u0119zienna u przedszkolak\u00f3w\" title = \"S\u0142u\u017cba Wi\u0119zienna u przedszkolak\u00f3w\" \/><\/a><\/div><div class=\"article-title-wrapper\"><h5><a href=\"https:\/\/zsp12.gliwice.pl\/pm7\/blog\/2023\/02\/28\/sluzba-wiezienna-u-przedszkolakow\/\" class=\"article-title\">S\u0142u\u017cba Wi\u0119zienna u przedszkolak\u00f3w<\/a><\/h5><\/div>\t\t\t<\/div>\n\t\t<\/div>\n\t\t\t\t<div class=\"col-md-4 col-sm-4\">\n\t\t\t<div class=\"item-post post-11799 post type-post status-publish format-standard has-post-thumbnail hentry category-archiwum-pm7 category-wydarzenia\">\n\t\t\t\t<div class=\"article-image\"><a class=\"img-post-mobile\" href=\"https:\/\/zsp12.gliwice.pl\/pm7\/blog\/2023\/01\/13\/ogolnopolski-projekt-edukacyjny-zabawa-sztuka-przepis-na-farbe\/\"><img decoding=\"async\" src=\"https:\/\/zsp12.gliwice.pl\/pm7\/wp-content\/uploads\/sites\/7\/2023\/05\/20230202_131134-Copy-1024x768.jpg\" alt= \"Og\u00f3lnopolski Projekt Edukacyjny &#8220;Zabawa Sztuk\u0105&#8221; &#8211; Przepis na farb\u0119\" title = \"Og\u00f3lnopolski Projekt Edukacyjny &#8220;Zabawa Sztuk\u0105&#8221; &#8211; Przepis na farb\u0119\" \/><\/a><a class=\"img-post\" href=\"https:\/\/zsp12.gliwice.pl\/pm7\/blog\/2023\/01\/13\/ogolnopolski-projekt-edukacyjny-zabawa-sztuka-przepis-na-farbe\/\"><img decoding=\"async\" src=\"https:\/\/zsp12.gliwice.pl\/pm7\/wp-content\/uploads\/sites\/7\/2023\/05\/20230202_131134-Copy-1024x768.jpg\" alt= \"Og\u00f3lnopolski Projekt Edukacyjny &#8220;Zabawa Sztuk\u0105&#8221; &#8211; Przepis na farb\u0119\" title = \"Og\u00f3lnopolski Projekt Edukacyjny &#8220;Zabawa Sztuk\u0105&#8221; &#8211; Przepis na farb\u0119\" \/><\/a><\/div><div class=\"article-title-wrapper\"><h5><a href=\"https:\/\/zsp12.gliwice.pl\/pm7\/blog\/2023\/01\/13\/ogolnopolski-projekt-edukacyjny-zabawa-sztuka-przepis-na-farbe\/\" class=\"article-title\">Og\u00f3lnopolski Projekt Edukacyjny &#8220;Zabawa Sztuk\u0105&#8221; &#8211; Przepis na farb\u0119<\/a><\/h5><\/div>\t\t\t<\/div>\n\t\t<\/div>\n\t\t\t\t<div class=\"col-md-4 col-sm-4\">\n\t\t\t<div class=\"item-post post-13475 post type-post status-publish format-standard has-post-thumbnail hentry category-archiwum-pm7 category-informacje category-wydarzenia\">\n\t\t\t\t<div class=\"article-image\"><a class=\"img-post-mobile\" href=\"https:\/\/zsp12.gliwice.pl\/pm7\/blog\/2023\/09\/18\/dzien-kropki-w-pm7-3\/\"><img decoding=\"async\" src=\"https:\/\/zsp12.gliwice.pl\/pm7\/wp-content\/uploads\/sites\/7\/2023\/09\/20230915_094125-Copy-1024x768.jpg\" alt= \"Dzie\u0144 Kropki w PM7\" title = \"Dzie\u0144 Kropki w PM7\" \/><\/a><a class=\"img-post\" href=\"https:\/\/zsp12.gliwice.pl\/pm7\/blog\/2023\/09\/18\/dzien-kropki-w-pm7-3\/\"><img decoding=\"async\" src=\"https:\/\/zsp12.gliwice.pl\/pm7\/wp-content\/uploads\/sites\/7\/2023\/09\/20230915_094125-Copy-1024x768.jpg\" alt= \"Dzie\u0144 Kropki w PM7\" title = \"Dzie\u0144 Kropki w PM7\" \/><\/a><\/div><div class=\"article-title-wrapper\"><h5><a href=\"https:\/\/zsp12.gliwice.pl\/pm7\/blog\/2023\/09\/18\/dzien-kropki-w-pm7-3\/\" class=\"article-title\">Dzie\u0144 Kropki w PM7<\/a><\/h5><\/div>\t\t\t<\/div>\n\t\t<\/div>\n\t\t\t\t<div class=\"col-md-4 col-sm-4\">\n\t\t\t<div class=\"item-post post-14736 post type-post status-publish format-standard has-post-thumbnail hentry category-archiwum-pm7 category-informacje\">\n\t\t\t\t<div class=\"article-image\"><a class=\"img-post-mobile\" href=\"https:\/\/zsp12.gliwice.pl\/pm7\/blog\/2023\/12\/06\/zbiorka-dla-psiaka-i-kociaka-2\/\"><img decoding=\"async\" src=\"https:\/\/zsp12.gliwice.pl\/pm7\/wp-content\/uploads\/sites\/7\/2023\/12\/ZBIORKA-DLA-PSIAKA-I-KOCIAKA-724x1024.png\" alt= \"ZBI\u00d3RKA DLA PSIAKA I KOCIAKA\" title = \"ZBI\u00d3RKA DLA PSIAKA I KOCIAKA\" \/><\/a><a class=\"img-post\" href=\"https:\/\/zsp12.gliwice.pl\/pm7\/blog\/2023\/12\/06\/zbiorka-dla-psiaka-i-kociaka-2\/\"><img decoding=\"async\" src=\"https:\/\/zsp12.gliwice.pl\/pm7\/wp-content\/uploads\/sites\/7\/2023\/12\/ZBIORKA-DLA-PSIAKA-I-KOCIAKA-724x1024.png\" alt= \"ZBI\u00d3RKA DLA PSIAKA I KOCIAKA\" title = \"ZBI\u00d3RKA DLA PSIAKA I KOCIAKA\" \/><\/a><\/div><div class=\"article-title-wrapper\"><h5><a href=\"https:\/\/zsp12.gliwice.pl\/pm7\/blog\/2023\/12\/06\/zbiorka-dla-psiaka-i-kociaka-2\/\" class=\"article-title\">ZBI\u00d3RKA DLA PSIAKA I KOCIAKA<\/a><\/h5><\/div>\t\t\t<\/div>\n\t\t<\/div>\n\t\t\t\t<div class=\"col-md-4 col-sm-4\">\n\t\t\t<div class=\"item-post post-15757 post type-post status-publish format-standard has-post-thumbnail hentry category-archiwum-pm7 category-wydarzenia\">\n\t\t\t\t<div class=\"article-image\"><a class=\"img-post-mobile\" href=\"https:\/\/zsp12.gliwice.pl\/pm7\/blog\/2024\/03\/27\/konkurs-na-wiosenne-przebranie-z-okazji-pierwszego-dnia-wiosny\/\"><img decoding=\"async\" src=\"https:\/\/zsp12.gliwice.pl\/pm7\/wp-content\/uploads\/sites\/7\/2024\/03\/e303cede-c9de-47dc-884b-c4146832441b-Copy-576x1024.jpg\" alt= \"Konkurs na wiosenne przebranie z okazji pierwszego dnia wiosny\" title = \"Konkurs na wiosenne przebranie z okazji pierwszego dnia wiosny\" \/><\/a><a class=\"img-post\" href=\"https:\/\/zsp12.gliwice.pl\/pm7\/blog\/2024\/03\/27\/konkurs-na-wiosenne-przebranie-z-okazji-pierwszego-dnia-wiosny\/\"><img decoding=\"async\" src=\"https:\/\/zsp12.gliwice.pl\/pm7\/wp-content\/uploads\/sites\/7\/2024\/03\/e303cede-c9de-47dc-884b-c4146832441b-Copy-576x1024.jpg\" alt= \"Konkurs na wiosenne przebranie z okazji pierwszego dnia wiosny\" title = \"Konkurs na wiosenne przebranie z okazji pierwszego dnia wiosny\" \/><\/a><\/div><div class=\"article-title-wrapper\"><h5><a href=\"https:\/\/zsp12.gliwice.pl\/pm7\/blog\/2024\/03\/27\/konkurs-na-wiosenne-przebranie-z-okazji-pierwszego-dnia-wiosny\/\" class=\"article-title\">Konkurs na wiosenne przebranie z okazji pierwszego dnia wiosny<\/a><\/h5><\/div>\t\t\t<\/div>\n\t\t<\/div>\n\t\t\t\t<div class=\"col-md-4 col-sm-4\">\n\t\t\t<div class=\"item-post post-1187 post type-post status-publish format-standard has-post-thumbnail hentry category-archiwum-pm7 category-wydarzenia\">\n\t\t\t\t<div class=\"article-image\"><a class=\"img-post-mobile\" href=\"https:\/\/zsp12.gliwice.pl\/pm7\/blog\/2018\/03\/22\/zwiedzanie-teatru-miejskiego-w-gliwicach\/\"><img decoding=\"async\" src=\"https:\/\/zsp12.gliwice.pl\/pm7\/wp-content\/uploads\/sites\/7\/2018\/04\/5.jpg\" alt= \"Zwiedzanie Teatru Miejskiego w Gliwicach\" title = \"Zwiedzanie Teatru Miejskiego w Gliwicach\" \/><\/a><a class=\"img-post\" href=\"https:\/\/zsp12.gliwice.pl\/pm7\/blog\/2018\/03\/22\/zwiedzanie-teatru-miejskiego-w-gliwicach\/\"><img decoding=\"async\" src=\"https:\/\/zsp12.gliwice.pl\/pm7\/wp-content\/uploads\/sites\/7\/2018\/04\/5.jpg\" alt= \"Zwiedzanie Teatru Miejskiego w Gliwicach\" title = \"Zwiedzanie Teatru Miejskiego w Gliwicach\" \/><\/a><\/div><div class=\"article-title-wrapper\"><h5><a href=\"https:\/\/zsp12.gliwice.pl\/pm7\/blog\/2018\/03\/22\/zwiedzanie-teatru-miejskiego-w-gliwicach\/\" class=\"article-title\">Zwiedzanie Teatru Miejskiego w Gliwicach<\/a><\/h5><\/div>\t\t\t<\/div>\n\t\t<\/div>\n\t\t\t\t<div class=\"col-md-4 col-sm-4\">\n\t\t\t<div class=\"item-post post-1477 post type-post status-publish format-standard has-post-thumbnail hentry category-archiwum-pm7 category-wydarzenia\">\n\t\t\t\t<div class=\"article-image\"><a class=\"img-post-mobile\" href=\"https:\/\/zsp12.gliwice.pl\/pm7\/blog\/2018\/10\/24\/pasowanie-na-przedszkolaka-dzien-ziemniaka\/\"><img decoding=\"async\" src=\"https:\/\/zsp12.gliwice.pl\/pm7\/wp-content\/uploads\/sites\/7\/2018\/10\/IMG_6608-Copy-1024x682.jpg\" alt= \"Pasowanie na Przedszkolaka \u2013 Dzie\u0144 Ziemniaka\" title = \"Pasowanie na Przedszkolaka \u2013 Dzie\u0144 Ziemniaka\" \/><\/a><a class=\"img-post\" href=\"https:\/\/zsp12.gliwice.pl\/pm7\/blog\/2018\/10\/24\/pasowanie-na-przedszkolaka-dzien-ziemniaka\/\"><img decoding=\"async\" src=\"https:\/\/zsp12.gliwice.pl\/pm7\/wp-content\/uploads\/sites\/7\/2018\/10\/IMG_6608-Copy-1024x682.jpg\" alt= \"Pasowanie na Przedszkolaka \u2013 Dzie\u0144 Ziemniaka\" title = \"Pasowanie na Przedszkolaka \u2013 Dzie\u0144 Ziemniaka\" \/><\/a><\/div><div class=\"article-title-wrapper\"><h5><a href=\"https:\/\/zsp12.gliwice.pl\/pm7\/blog\/2018\/10\/24\/pasowanie-na-przedszkolaka-dzien-ziemniaka\/\" class=\"article-title\">Pasowanie na Przedszkolaka \u2013 Dzie\u0144 Ziemniaka<\/a><\/h5><\/div>\t\t\t<\/div>\n\t\t<\/div>\n\t\t\t\t<div class=\"col-md-4 col-sm-4\">\n\t\t\t<div class=\"item-post post-1900 post type-post status-publish format-standard has-post-thumbnail hentry category-archiwum-pm7 category-wydarzenia\">\n\t\t\t\t<div class=\"article-image\"><a class=\"img-post-mobile\" href=\"https:\/\/zsp12.gliwice.pl\/pm7\/blog\/2019\/01\/07\/projekt-edukacyjny-bohater-tygodnia\/\"><img decoding=\"async\" src=\"https:\/\/zsp12.gliwice.pl\/pm7\/wp-content\/uploads\/sites\/7\/2019\/01\/IMG_20181214_102344-768x1024.jpg\" alt= \"Projekt edukacyjny &#8220;Bohater tygodnia&#8221;\" title = \"Projekt edukacyjny &#8220;Bohater tygodnia&#8221;\" \/><\/a><a class=\"img-post\" href=\"https:\/\/zsp12.gliwice.pl\/pm7\/blog\/2019\/01\/07\/projekt-edukacyjny-bohater-tygodnia\/\"><img decoding=\"async\" src=\"https:\/\/zsp12.gliwice.pl\/pm7\/wp-content\/uploads\/sites\/7\/2019\/01\/IMG_20181214_102344-768x1024.jpg\" alt= \"Projekt edukacyjny &#8220;Bohater tygodnia&#8221;\" title = \"Projekt edukacyjny &#8220;Bohater tygodnia&#8221;\" \/><\/a><\/div><div class=\"article-title-wrapper\"><h5><a href=\"https:\/\/zsp12.gliwice.pl\/pm7\/blog\/2019\/01\/07\/projekt-edukacyjny-bohater-tygodnia\/\" class=\"article-title\">Projekt edukacyjny &#8220;Bohater tygodnia&#8221;<\/a><\/h5><\/div>\t\t\t<\/div>\n\t\t<\/div>\n\t\t\t\t<div class=\"col-md-4 col-sm-4\">\n\t\t\t<div class=\"item-post post-2423 post type-post status-publish format-standard has-post-thumbnail hentry category-archiwum-pm7 category-wydarzenia\">\n\t\t\t\t<div class=\"article-image\"><a class=\"img-post-mobile\" href=\"https:\/\/zsp12.gliwice.pl\/pm7\/blog\/2019\/06\/18\/warsztaty-kreatywne-odkrywcow-kuchenne-laboratorium\/\"><img decoding=\"async\" src=\"https:\/\/zsp12.gliwice.pl\/pm7\/wp-content\/uploads\/sites\/7\/2019\/06\/20190614_112407-e1561322553828-768x1024.jpg\" alt= \"Warsztaty Kreatywne Odkrywc\u00f3w \u2013 kuchenne laboratorium\" title = \"Warsztaty Kreatywne Odkrywc\u00f3w \u2013 kuchenne laboratorium\" \/><\/a><a class=\"img-post\" href=\"https:\/\/zsp12.gliwice.pl\/pm7\/blog\/2019\/06\/18\/warsztaty-kreatywne-odkrywcow-kuchenne-laboratorium\/\"><img decoding=\"async\" src=\"https:\/\/zsp12.gliwice.pl\/pm7\/wp-content\/uploads\/sites\/7\/2019\/06\/20190614_112407-e1561322553828-768x1024.jpg\" alt= \"Warsztaty Kreatywne Odkrywc\u00f3w \u2013 kuchenne laboratorium\" title = \"Warsztaty Kreatywne Odkrywc\u00f3w \u2013 kuchenne laboratorium\" \/><\/a><\/div><div class=\"article-title-wrapper\"><h5><a href=\"https:\/\/zsp12.gliwice.pl\/pm7\/blog\/2019\/06\/18\/warsztaty-kreatywne-odkrywcow-kuchenne-laboratorium\/\" class=\"article-title\">Warsztaty Kreatywne Odkrywc\u00f3w \u2013 kuchenne laboratorium<\/a><\/h5><\/div>\t\t\t<\/div>\n\t\t<\/div>\n\t\t\t\t<div class=\"col-md-4 col-sm-4\">\n\t\t\t<div class=\"item-post post-3010 post type-post status-publish format-standard has-post-thumbnail hentry category-archiwum-pm7 category-wydarzenia\">\n\t\t\t\t<div class=\"article-image\"><a class=\"img-post-mobile\" href=\"https:\/\/zsp12.gliwice.pl\/pm7\/blog\/2019\/12\/11\/mikolaj-w-pm-7\/\"><img decoding=\"async\" src=\"https:\/\/zsp12.gliwice.pl\/pm7\/wp-content\/uploads\/sites\/7\/2019\/12\/IMG-20191215-WA0039-1024x768.jpg\" alt= \"Miko\u0142aj w PM 7\" title = \"Miko\u0142aj w PM 7\" \/><\/a><a class=\"img-post\" href=\"https:\/\/zsp12.gliwice.pl\/pm7\/blog\/2019\/12\/11\/mikolaj-w-pm-7\/\"><img decoding=\"async\" src=\"https:\/\/zsp12.gliwice.pl\/pm7\/wp-content\/uploads\/sites\/7\/2019\/12\/IMG-20191215-WA0039-1024x768.jpg\" alt= \"Miko\u0142aj w PM 7\" title = \"Miko\u0142aj w PM 7\" \/><\/a><\/div><div class=\"article-title-wrapper\"><h5><a href=\"https:\/\/zsp12.gliwice.pl\/pm7\/blog\/2019\/12\/11\/mikolaj-w-pm-7\/\" class=\"article-title\">Miko\u0142aj w PM 7<\/a><\/h5><\/div>\t\t\t<\/div>\n\t\t<\/div>\n\t\t\t\t<div class=\"col-md-4 col-sm-4\">\n\t\t\t<div class=\"item-post post-3498 post type-post status-publish format-standard has-post-thumbnail hentry category-archiwum-pm7 category-informacje\">\n\t\t\t\t<div class=\"article-image\"><a class=\"img-post-mobile\" href=\"https:\/\/zsp12.gliwice.pl\/pm7\/blog\/2020\/04\/07\/apel-polskiego-towarzystwa-psychiatrycznego-konsultanta-krajowego-w-dziedzinie-psychiatrii\/\"><img decoding=\"async\" src=\"https:\/\/zsp12.gliwice.pl\/pm7\/wp-content\/uploads\/sites\/7\/2023\/06\/admin-ajax.jpg\" alt= \"APEL  Polskiego Towarzystwa Psychiatrycznego  Konsultanta Krajowego w dziedzinie psychiatrii\" title = \"APEL  Polskiego Towarzystwa Psychiatrycznego  Konsultanta Krajowego w dziedzinie psychiatrii\" \/><\/a><a class=\"img-post\" href=\"https:\/\/zsp12.gliwice.pl\/pm7\/blog\/2020\/04\/07\/apel-polskiego-towarzystwa-psychiatrycznego-konsultanta-krajowego-w-dziedzinie-psychiatrii\/\"><img decoding=\"async\" src=\"https:\/\/zsp12.gliwice.pl\/pm7\/wp-content\/uploads\/sites\/7\/2023\/06\/admin-ajax.jpg\" alt= \"APEL  Polskiego Towarzystwa Psychiatrycznego  Konsultanta Krajowego w dziedzinie psychiatrii\" title = \"APEL  Polskiego Towarzystwa Psychiatrycznego  Konsultanta Krajowego w dziedzinie psychiatrii\" \/><\/a><\/div><div class=\"article-title-wrapper\"><h5><a href=\"https:\/\/zsp12.gliwice.pl\/pm7\/blog\/2020\/04\/07\/apel-polskiego-towarzystwa-psychiatrycznego-konsultanta-krajowego-w-dziedzinie-psychiatrii\/\" class=\"article-title\">APEL  Polskiego Towarzystwa Psychiatrycznego  Konsultanta Krajowego w dziedzinie psychiatrii<\/a><\/h5><\/div>\t\t\t<\/div>\n\t\t<\/div>\n\t\t\t\t<div class=\"col-md-4 col-sm-4\">\n\t\t\t<div class=\"item-post post-3772 post type-post status-publish format-standard has-post-thumbnail hentry category-archiwum-pm7 category-wydarzenia\">\n\t\t\t\t<div class=\"article-image\"><a class=\"img-post-mobile\" href=\"https:\/\/zsp12.gliwice.pl\/pm7\/blog\/2020\/09\/16\/dzien-kropki-15-09\/\"><img decoding=\"async\" src=\"https:\/\/zsp12.gliwice.pl\/pm7\/wp-content\/uploads\/sites\/7\/2020\/09\/20200915_114641-1024x768.jpg\" alt= \"Dzie\u0144 Kropki &#8211; 15.09\" title = \"Dzie\u0144 Kropki &#8211; 15.09\" \/><\/a><a class=\"img-post\" href=\"https:\/\/zsp12.gliwice.pl\/pm7\/blog\/2020\/09\/16\/dzien-kropki-15-09\/\"><img decoding=\"async\" src=\"https:\/\/zsp12.gliwice.pl\/pm7\/wp-content\/uploads\/sites\/7\/2020\/09\/20200915_114641-1024x768.jpg\" alt= \"Dzie\u0144 Kropki &#8211; 15.09\" title = \"Dzie\u0144 Kropki &#8211; 15.09\" \/><\/a><\/div><div class=\"article-title-wrapper\"><h5><a href=\"https:\/\/zsp12.gliwice.pl\/pm7\/blog\/2020\/09\/16\/dzien-kropki-15-09\/\" class=\"article-title\">Dzie\u0144 Kropki &#8211; 15.09<\/a><\/h5><\/div>\t\t\t<\/div>\n\t\t<\/div>\n\t\t\t\t<div class=\"col-md-4 col-sm-4\">\n\t\t\t<div class=\"item-post post-4790 post type-post status-publish format-standard has-post-thumbnail hentry category-archiwum-pm7 category-informacje\">\n\t\t\t\t<div class=\"article-image\"><a class=\"img-post-mobile\" href=\"https:\/\/zsp12.gliwice.pl\/pm7\/blog\/2021\/03\/01\/rekrutacja-2021-2022\/\"><img decoding=\"async\" src=\"https:\/\/zsp12.gliwice.pl\/pm7\/wp-content\/uploads\/sites\/7\/2019\/08\/1926-1024x455.jpg\" alt= \"REKRUTACJA 2021\/2022\" title = \"REKRUTACJA 2021\/2022\" \/><\/a><a class=\"img-post\" href=\"https:\/\/zsp12.gliwice.pl\/pm7\/blog\/2021\/03\/01\/rekrutacja-2021-2022\/\"><img decoding=\"async\" src=\"https:\/\/zsp12.gliwice.pl\/pm7\/wp-content\/uploads\/sites\/7\/2019\/08\/1926-1024x455.jpg\" alt= \"REKRUTACJA 2021\/2022\" title = \"REKRUTACJA 2021\/2022\" \/><\/a><\/div><div class=\"article-title-wrapper\"><h5><a href=\"https:\/\/zsp12.gliwice.pl\/pm7\/blog\/2021\/03\/01\/rekrutacja-2021-2022\/\" class=\"article-title\">REKRUTACJA 2021\/2022<\/a><\/h5><\/div>\t\t\t<\/div>\n\t\t<\/div>\n\t\t\t\t<div class=\"col-md-4 col-sm-4\">\n\t\t\t<div class=\"item-post post-5526 post type-post status-publish format-standard has-post-thumbnail hentry category-archiwum-pm7 category-informacje\">\n\t\t\t\t<div class=\"article-image\"><a class=\"img-post-mobile\" href=\"https:\/\/zsp12.gliwice.pl\/pm7\/blog\/2021\/08\/03\/zebranie-organizacyjne-przedszkole-2021-2022\/\"><img decoding=\"async\" src=\"https:\/\/zsp12.gliwice.pl\/pm7\/wp-content\/uploads\/sites\/7\/2023\/06\/admin-ajax.jpg\" alt= \"Zebranie organizacyjne przedszkole 2021\/2022\" title = \"Zebranie organizacyjne przedszkole 2021\/2022\" \/><\/a><a class=\"img-post\" href=\"https:\/\/zsp12.gliwice.pl\/pm7\/blog\/2021\/08\/03\/zebranie-organizacyjne-przedszkole-2021-2022\/\"><img decoding=\"async\" src=\"https:\/\/zsp12.gliwice.pl\/pm7\/wp-content\/uploads\/sites\/7\/2023\/06\/admin-ajax.jpg\" alt= \"Zebranie organizacyjne przedszkole 2021\/2022\" title = \"Zebranie organizacyjne przedszkole 2021\/2022\" \/><\/a><\/div><div class=\"article-title-wrapper\"><h5><a href=\"https:\/\/zsp12.gliwice.pl\/pm7\/blog\/2021\/08\/03\/zebranie-organizacyjne-przedszkole-2021-2022\/\" class=\"article-title\">Zebranie organizacyjne przedszkole 2021\/2022<\/a><\/h5><\/div>\t\t\t<\/div>\n\t\t<\/div>\n\t\t\t\t<div class=\"col-md-4 col-sm-4\">\n\t\t\t<div class=\"item-post post-6511 post type-post status-publish format-standard has-post-thumbnail hentry category-archiwum-pm7 category-informacje\">\n\t\t\t\t<div class=\"article-image\"><a class=\"img-post-mobile\" href=\"https:\/\/zsp12.gliwice.pl\/pm7\/blog\/2022\/01\/21\/przedszkolaki-skladaja-zyczenia-babciom-i-dziadkom\/\"><img decoding=\"async\" src=\"https:\/\/zsp12.gliwice.pl\/pm7\/wp-content\/uploads\/sites\/7\/2022\/01\/Dok1-1-1024x577.jpg\" alt= \"Przedszkolaki sk\u0142adaj\u0105 \u017cyczenia Babciom i Dziadkom\" title = \"Przedszkolaki sk\u0142adaj\u0105 \u017cyczenia Babciom i Dziadkom\" \/><\/a><a class=\"img-post\" href=\"https:\/\/zsp12.gliwice.pl\/pm7\/blog\/2022\/01\/21\/przedszkolaki-skladaja-zyczenia-babciom-i-dziadkom\/\"><img decoding=\"async\" src=\"https:\/\/zsp12.gliwice.pl\/pm7\/wp-content\/uploads\/sites\/7\/2022\/01\/Dok1-1-1024x577.jpg\" alt= \"Przedszkolaki sk\u0142adaj\u0105 \u017cyczenia Babciom i Dziadkom\" title = \"Przedszkolaki sk\u0142adaj\u0105 \u017cyczenia Babciom i Dziadkom\" \/><\/a><\/div><div class=\"article-title-wrapper\"><h5><a href=\"https:\/\/zsp12.gliwice.pl\/pm7\/blog\/2022\/01\/21\/przedszkolaki-skladaja-zyczenia-babciom-i-dziadkom\/\" class=\"article-title\">Przedszkolaki sk\u0142adaj\u0105 \u017cyczenia Babciom i Dziadkom<\/a><\/h5><\/div>\t\t\t<\/div>\n\t\t<\/div>\n\t\t\t\t<div class=\"col-md-4 col-sm-4\">\n\t\t\t<div class=\"item-post post-8559 post type-post status-publish format-standard has-post-thumbnail hentry category-archiwum-pm7 category-wydarzenia\">\n\t\t\t\t<div class=\"article-image\"><a class=\"img-post-mobile\" href=\"https:\/\/zsp12.gliwice.pl\/pm7\/blog\/2022\/06\/07\/cala-polska-czyta-dzieciom\/\"><img decoding=\"async\" src=\"https:\/\/zsp12.gliwice.pl\/pm7\/wp-content\/uploads\/sites\/7\/2022\/06\/IMG-20220604-WA0001-768x1024.jpg\" alt= \"Ca\u0142a Polska czyta Dzieciom\" title = \"Ca\u0142a Polska czyta Dzieciom\" \/><\/a><a class=\"img-post\" href=\"https:\/\/zsp12.gliwice.pl\/pm7\/blog\/2022\/06\/07\/cala-polska-czyta-dzieciom\/\"><img decoding=\"async\" src=\"https:\/\/zsp12.gliwice.pl\/pm7\/wp-content\/uploads\/sites\/7\/2022\/06\/IMG-20220604-WA0001-768x1024.jpg\" alt= \"Ca\u0142a Polska czyta Dzieciom\" title = \"Ca\u0142a Polska czyta Dzieciom\" \/><\/a><\/div><div class=\"article-title-wrapper\"><h5><a href=\"https:\/\/zsp12.gliwice.pl\/pm7\/blog\/2022\/06\/07\/cala-polska-czyta-dzieciom\/\" class=\"article-title\">Ca\u0142a Polska czyta Dzieciom<\/a><\/h5><\/div>\t\t\t<\/div>\n\t\t<\/div>\n\t\t\t\t<div class=\"col-md-4 col-sm-4\">\n\t\t\t<div class=\"item-post post-9566 post type-post status-publish format-standard has-post-thumbnail hentry category-archiwum-pm7 category-wydarzenia\">\n\t\t\t\t<div class=\"article-image\"><a class=\"img-post-mobile\" href=\"https:\/\/zsp12.gliwice.pl\/pm7\/blog\/2022\/11\/10\/dzien-dyni-w-pm7\/\"><img decoding=\"async\" src=\"https:\/\/zsp12.gliwice.pl\/pm7\/wp-content\/uploads\/sites\/7\/2022\/11\/img_20221102_115447755-animation-1.gif\" alt= \"Dzie\u0144 Dyni w PM7\" title = \"Dzie\u0144 Dyni w PM7\" \/><\/a><a class=\"img-post\" href=\"https:\/\/zsp12.gliwice.pl\/pm7\/blog\/2022\/11\/10\/dzien-dyni-w-pm7\/\"><img decoding=\"async\" src=\"https:\/\/zsp12.gliwice.pl\/pm7\/wp-content\/uploads\/sites\/7\/2022\/11\/img_20221102_115447755-animation-1.gif\" alt= \"Dzie\u0144 Dyni w PM7\" title = \"Dzie\u0144 Dyni w PM7\" \/><\/a><\/div><div class=\"article-title-wrapper\"><h5><a href=\"https:\/\/zsp12.gliwice.pl\/pm7\/blog\/2022\/11\/10\/dzien-dyni-w-pm7\/\" class=\"article-title\">Dzie\u0144 Dyni w PM7<\/a><\/h5><\/div>\t\t\t<\/div>\n\t\t<\/div>\n\t\t\t\t<div class=\"col-md-4 col-sm-4\">\n\t\t\t<div class=\"item-post post-11017 post type-post status-publish format-standard has-post-thumbnail hentry category-archiwum-pm7 category-wydarzenia\">\n\t\t\t\t<div class=\"article-image\"><a class=\"img-post-mobile\" href=\"https:\/\/zsp12.gliwice.pl\/pm7\/blog\/2023\/03\/21\/pierwszy-dzien-wiosny-u-podroznikow\/\"><img decoding=\"async\" src=\"https:\/\/zsp12.gliwice.pl\/pm7\/wp-content\/uploads\/sites\/7\/2023\/03\/1679401369953-Copy-768x1024.jpg\" alt= \"Pierwszy Dzie\u0144 Wiosny u Podr\u00f3\u017cnik\u00f3w\" title = \"Pierwszy Dzie\u0144 Wiosny u Podr\u00f3\u017cnik\u00f3w\" \/><\/a><a class=\"img-post\" href=\"https:\/\/zsp12.gliwice.pl\/pm7\/blog\/2023\/03\/21\/pierwszy-dzien-wiosny-u-podroznikow\/\"><img decoding=\"async\" src=\"https:\/\/zsp12.gliwice.pl\/pm7\/wp-content\/uploads\/sites\/7\/2023\/03\/1679401369953-Copy-768x1024.jpg\" alt= \"Pierwszy Dzie\u0144 Wiosny u Podr\u00f3\u017cnik\u00f3w\" title = \"Pierwszy Dzie\u0144 Wiosny u Podr\u00f3\u017cnik\u00f3w\" \/><\/a><\/div><div class=\"article-title-wrapper\"><h5><a href=\"https:\/\/zsp12.gliwice.pl\/pm7\/blog\/2023\/03\/21\/pierwszy-dzien-wiosny-u-podroznikow\/\" class=\"article-title\">Pierwszy Dzie\u0144 Wiosny u Podr\u00f3\u017cnik\u00f3w<\/a><\/h5><\/div>\t\t\t<\/div>\n\t\t<\/div>\n\t\t\t\t<div class=\"col-md-4 col-sm-4\">\n\t\t\t<div class=\"item-post post-12108 post type-post status-publish format-standard has-post-thumbnail hentry category-archiwum-pm7 category-informacje\">\n\t\t\t\t<div class=\"article-image\"><a class=\"img-post-mobile\" href=\"https:\/\/zsp12.gliwice.pl\/pm7\/blog\/2022\/09\/19\/miedzynarodowy-projekt-edukacyjny-z-kultura-mi-do-twarzy-kodeks-dobrego-zachowania\/\"><img decoding=\"async\" src=\"https:\/\/zsp12.gliwice.pl\/pm7\/wp-content\/uploads\/sites\/7\/2022\/09\/1-Copy-1024x724.jpg\" alt= \"Mi\u0119dzynarodowy Projekt Edukacyjny &#8220;Z kultur\u0105 mi do twarzy&#8221; &#8211; Kodeks dobrego zachowania\" title = \"Mi\u0119dzynarodowy Projekt Edukacyjny &#8220;Z kultur\u0105 mi do twarzy&#8221; &#8211; Kodeks dobrego zachowania\" \/><\/a><a class=\"img-post\" href=\"https:\/\/zsp12.gliwice.pl\/pm7\/blog\/2022\/09\/19\/miedzynarodowy-projekt-edukacyjny-z-kultura-mi-do-twarzy-kodeks-dobrego-zachowania\/\"><img decoding=\"async\" src=\"https:\/\/zsp12.gliwice.pl\/pm7\/wp-content\/uploads\/sites\/7\/2022\/09\/1-Copy-1024x724.jpg\" alt= \"Mi\u0119dzynarodowy Projekt Edukacyjny &#8220;Z kultur\u0105 mi do twarzy&#8221; &#8211; Kodeks dobrego zachowania\" title = \"Mi\u0119dzynarodowy Projekt Edukacyjny &#8220;Z kultur\u0105 mi do twarzy&#8221; &#8211; Kodeks dobrego zachowania\" \/><\/a><\/div><div class=\"article-title-wrapper\"><h5><a href=\"https:\/\/zsp12.gliwice.pl\/pm7\/blog\/2022\/09\/19\/miedzynarodowy-projekt-edukacyjny-z-kultura-mi-do-twarzy-kodeks-dobrego-zachowania\/\" class=\"article-title\">Mi\u0119dzynarodowy Projekt Edukacyjny &#8220;Z kultur\u0105 mi do twarzy&#8221; &#8211; Kodeks dobrego zachowania<\/a><\/h5><\/div>\t\t\t<\/div>\n\t\t<\/div>\n\t\t\t\t<div class=\"col-md-4 col-sm-4\">\n\t\t\t<div class=\"item-post post-13850 post type-post status-publish format-standard has-post-thumbnail hentry category-archiwum-pm7 category-wydarzenia\">\n\t\t\t\t<div class=\"article-image\"><a class=\"img-post-mobile\" href=\"https:\/\/zsp12.gliwice.pl\/pm7\/blog\/2023\/10\/16\/swiatowy-dzien-drzewa-w-pm7\/\"><img decoding=\"async\" src=\"https:\/\/zsp12.gliwice.pl\/pm7\/wp-content\/uploads\/sites\/7\/2023\/10\/IMG_20231010_090727-Copy-1024x769.jpg\" alt= \"\u015awiatowy Dzie\u0144 Drzewa w PM7\" title = \"\u015awiatowy Dzie\u0144 Drzewa w PM7\" \/><\/a><a class=\"img-post\" href=\"https:\/\/zsp12.gliwice.pl\/pm7\/blog\/2023\/10\/16\/swiatowy-dzien-drzewa-w-pm7\/\"><img decoding=\"async\" src=\"https:\/\/zsp12.gliwice.pl\/pm7\/wp-content\/uploads\/sites\/7\/2023\/10\/IMG_20231010_090727-Copy-1024x769.jpg\" alt= \"\u015awiatowy Dzie\u0144 Drzewa w PM7\" title = \"\u015awiatowy Dzie\u0144 Drzewa w PM7\" \/><\/a><\/div><div class=\"article-title-wrapper\"><h5><a href=\"https:\/\/zsp12.gliwice.pl\/pm7\/blog\/2023\/10\/16\/swiatowy-dzien-drzewa-w-pm7\/\" class=\"article-title\">\u015awiatowy Dzie\u0144 Drzewa w PM7<\/a><\/h5><\/div>\t\t\t<\/div>\n\t\t<\/div>\n\t\t\t\t<div class=\"col-md-4 col-sm-4\">\n\t\t\t<div class=\"item-post post-15071 post type-post status-publish format-standard has-post-thumbnail hentry category-archiwum-pm7 category-wydarzenia\">\n\t\t\t\t<div class=\"article-image\"><a class=\"img-post-mobile\" href=\"https:\/\/zsp12.gliwice.pl\/pm7\/blog\/2023\/12\/20\/przedszkolaki-z-pm-7-w-ramach-projektu-klub-zdrowego-przedszkolaka-modul-2\/\"><img decoding=\"async\" src=\"https:\/\/zsp12.gliwice.pl\/pm7\/wp-content\/uploads\/sites\/7\/2023\/12\/20240108_104144-Copy-768x1024.jpg\" alt= \"Przedszkolaki z PM 7 w ramach projektu \u201eKlub Zdrowego Przedszkolaka\u201d \u2013 modu\u0142 2\" title = \"Przedszkolaki z PM 7 w ramach projektu \u201eKlub Zdrowego Przedszkolaka\u201d \u2013 modu\u0142 2\" \/><\/a><a class=\"img-post\" href=\"https:\/\/zsp12.gliwice.pl\/pm7\/blog\/2023\/12\/20\/przedszkolaki-z-pm-7-w-ramach-projektu-klub-zdrowego-przedszkolaka-modul-2\/\"><img decoding=\"async\" src=\"https:\/\/zsp12.gliwice.pl\/pm7\/wp-content\/uploads\/sites\/7\/2023\/12\/20240108_104144-Copy-768x1024.jpg\" alt= \"Przedszkolaki z PM 7 w ramach projektu \u201eKlub Zdrowego Przedszkolaka\u201d \u2013 modu\u0142 2\" title = \"Przedszkolaki z PM 7 w ramach projektu \u201eKlub Zdrowego Przedszkolaka\u201d \u2013 modu\u0142 2\" \/><\/a><\/div><div class=\"article-title-wrapper\"><h5><a href=\"https:\/\/zsp12.gliwice.pl\/pm7\/blog\/2023\/12\/20\/przedszkolaki-z-pm-7-w-ramach-projektu-klub-zdrowego-przedszkolaka-modul-2\/\" class=\"article-title\">Przedszkolaki z PM 7 w ramach projektu \u201eKlub Zdrowego Przedszkolaka\u201d \u2013 modu\u0142 2<\/a><\/h5><\/div>\t\t\t<\/div>\n\t\t<\/div>\n\t\t<\/div><\/div><\/div><\/div><\/div><\/div><\/div>","protected":false},"excerpt":{"rendered":"","protected":false},"author":1,"featured_media":12152,"parent":0,"menu_order":0,"comment_status":"closed","ping_status":"closed","template":"","meta":{"inline_featured_image":false,"ngg_post_thumbnail":0,"footnotes":""},"class_list":["post-12753","page","type-page","status-publish","has-post-thumbnail","hentry"],"_links":{"self":[{"href":"https:\/\/zsp12.gliwice.pl\/pm7\/wp-json\/wp\/v2\/pages\/12753"}],"collection":[{"href":"https:\/\/zsp12.gliwice.pl\/pm7\/wp-json\/wp\/v2\/pages"}],"about":[{"href":"https:\/\/zsp12.gliwice.pl\/pm7\/wp-json\/wp\/v2\/types\/page"}],"author":[{"embeddable":true,"href":"https:\/\/zsp12.gliwice.pl\/pm7\/wp-json\/wp\/v2\/users\/1"}],"replies":[{"embeddable":true,"href":"https:\/\/zsp12.gliwice.pl\/pm7\/wp-json\/wp\/v2\/comments?post=12753"}],"version-history":[{"count":4,"href":"https:\/\/zsp12.gliwice.pl\/pm7\/wp-json\/wp\/v2\/pages\/12753\/revisions"}],"predecessor-version":[{"id":12757,"href":"https:\/\/zsp12.gliwice.pl\/pm7\/wp-json\/wp\/v2\/pages\/12753\/revisions\/12757"}],"wp:featuredmedia":[{"embeddable":true,"href":"https:\/\/zsp12.gliwice.pl\/pm7\/wp-json\/wp\/v2\/media\/12152"}],"wp:attachment":[{"href":"https:\/\/zsp12.gliwice.pl\/pm7\/wp-json\/wp\/v2\/media?parent=12753"}],"curies":[{"name":"wp","href":"https:\/\/api.w.org\/{rel}","templated":true}]}}